{"id":5732,"date":"2025-02-07T01:33:41","date_gmt":"2025-02-07T00:33:41","guid":{"rendered":"https:\/\/pluskata.pl\/www\/?page_id=5732"},"modified":"2026-01-05T19:02:01","modified_gmt":"2026-01-05T18:02:01","slug":"rejsy-2025","status":"publish","type":"page","link":"https:\/\/pluskata.pl\/www\/pl\/rejsy-2025\/","title":{"rendered":"Rejsy 2025"},"content":{"rendered":"<p><a href=\"https:\/\/pluskata.pl\/www\/wp-content\/uploads\/2026\/01\/Trasa-2025_10.png\"><img loading=\"lazy\" decoding=\"async\" class=\"alignnone wp-image-6388 size-large\" src=\"https:\/\/pluskata.pl\/www\/wp-content\/uploads\/2026\/01\/Trasa-2025_10-1024x529.png\" alt=\"Trasa 2025\" width=\"1024\" height=\"529\" srcset=\"https:\/\/pluskata.pl\/www\/wp-content\/uploads\/2026\/01\/Trasa-2025_10-1024x529.png 1024w, https:\/\/pluskata.pl\/www\/wp-content\/uploads\/2026\/01\/Trasa-2025_10-300x155.png 300w, https:\/\/pluskata.pl\/www\/wp-content\/uploads\/2026\/01\/Trasa-2025_10-768x397.png 768w, https:\/\/pluskata.pl\/www\/wp-content\/uploads\/2026\/01\/Trasa-2025_10-1536x793.png 1536w, https:\/\/pluskata.pl\/www\/wp-content\/uploads\/2026\/01\/Trasa-2025_10-150x77.png 150w, https:\/\/pluskata.pl\/www\/wp-content\/uploads\/2026\/01\/Trasa-2025_10.png 1671w\" sizes=\"auto, (max-width: 1024px) 100vw, 1024px\" \/><\/a><\/p>\n<div id=\"ccchildpages-1\" class=\"ccchildpages ccflex onecol simple ccclearfix\"><div class=\"ccchildpage  ccodd ccpage-count-1 ccpage-id-6383 ccpage-przejscie-kanalu-panamskiego ccpage-has-parent ccpage-pid-5732 ccpage-parent-rejsy-2025\"><h3 class=\"ccpage_title ccpage_linked_title\" title=\"Przej\u015bcie Kana\u0142u Panamskiego\"><a class=\"ccpage_title_link\" href=\"https:\/\/pluskata.pl\/www\/pl\/rejsy-2025\/przejscie-kanalu-panamskiego\/\" title=\"Przej\u015bcie Kana\u0142u Panamskiego\">Przej\u015bcie Kana\u0142u Panamskiego<\/a><\/h3><a class=\"ccpage_linked_thumb\" href=\"https:\/\/pluskata.pl\/www\/pl\/rejsy-2025\/przejscie-kanalu-panamskiego\/\" title=\"Przej\u015bcie Kana\u0142u Panamskiego\"><a href=\"https:\/\/pluskata.pl\/www\/pl\/rejsy-2025\/przejscie-kanalu-panamskiego\/\" title=\"Przej\u015bcie Kana\u0142u Panamskiego\"><img loading=\"lazy\" decoding=\"async\" width=\"288\" height=\"300\" src=\"https:\/\/pluskata.pl\/www\/wp-content\/uploads\/2026\/01\/Kanal-Panamski-288x300.jpg\" class=\"cc-child-pages-thumb wp-post-image\" alt=\"Przej\u015bcie Kana\u0142u Panamskiego\" title=\"Przej\u015bcie Kana\u0142u Panamskiego\" srcset=\"https:\/\/pluskata.pl\/www\/wp-content\/uploads\/2026\/01\/Kanal-Panamski-288x300.jpg 288w, https:\/\/pluskata.pl\/www\/wp-content\/uploads\/2026\/01\/Kanal-Panamski-144x150.jpg 144w, https:\/\/pluskata.pl\/www\/wp-content\/uploads\/2026\/01\/Kanal-Panamski.jpg 714w\" sizes=\"auto, (max-width: 288px) 100vw, 288px\" \/><\/a><\/a><div class=\"ccpages_excerpt\">Data: 17-24.12.2025 Trasa: Colon-Kana\u0142 Panamski-Panama City Mile\/godziny: 49Mm\/15h Kana\u0142 Panamski \u2013 formalno\u015bci Najpierw musimy podj\u0105\u0107 decyzj\u0119 czy chcemy skorzysta\u0107 z us\u0142ug agenta czy nie. Je\u017celi tak, to wybieramy odpowiedniego agenta p\u0142acimy mu,...<\/div><p class=\"ccpages_more\"><a href=\"https:\/\/pluskata.pl\/www\/pl\/rejsy-2025\/przejscie-kanalu-panamskiego\/\"  title=\"Wi\u0119cej...\">Wi\u0119cej...<\/a><\/p><\/div><div class=\"ccchildpage  cceven ccpage-count-2 ccpage-id-6193 ccpage-kolumbia-panama ccpage-has-parent ccpage-pid-5732 ccpage-parent-rejsy-2025\"><h3 class=\"ccpage_title ccpage_linked_title\" title=\"Kolumbia-Panama\"><a class=\"ccpage_title_link\" href=\"https:\/\/pluskata.pl\/www\/pl\/rejsy-2025\/kolumbia-panama\/\" title=\"Kolumbia-Panama\">Kolumbia-Panama<\/a><\/h3><a class=\"ccpage_linked_thumb\" href=\"https:\/\/pluskata.pl\/www\/pl\/rejsy-2025\/kolumbia-panama\/\" title=\"Kolumbia-Panama\"><a href=\"https:\/\/pluskata.pl\/www\/pl\/rejsy-2025\/kolumbia-panama\/\" title=\"Kolumbia-Panama\"><img loading=\"lazy\" decoding=\"async\" width=\"300\" height=\"139\" src=\"https:\/\/pluskata.pl\/www\/wp-content\/uploads\/2025\/08\/Kartagena-Panama-300x139.jpg\" class=\"cc-child-pages-thumb wp-post-image\" alt=\"Kolumbia-Panama\" title=\"Kolumbia-Panama\" srcset=\"https:\/\/pluskata.pl\/www\/wp-content\/uploads\/2025\/08\/Kartagena-Panama-300x139.jpg 300w, https:\/\/pluskata.pl\/www\/wp-content\/uploads\/2025\/08\/Kartagena-Panama-1024x474.jpg 1024w, https:\/\/pluskata.pl\/www\/wp-content\/uploads\/2025\/08\/Kartagena-Panama-768x356.jpg 768w, https:\/\/pluskata.pl\/www\/wp-content\/uploads\/2025\/08\/Kartagena-Panama-1536x711.jpg 1536w, https:\/\/pluskata.pl\/www\/wp-content\/uploads\/2025\/08\/Kartagena-Panama-150x69.jpg 150w, https:\/\/pluskata.pl\/www\/wp-content\/uploads\/2025\/08\/Kartagena-Panama.jpg 1920w\" sizes=\"auto, (max-width: 300px) 100vw, 300px\" \/><\/a><\/a><div class=\"ccpages_excerpt\">Data: 10.07-6.08.2025 Trasa: Cartagena-Puerto Obaldia-Puerto Escoces-Isla Pinos-Mamitupu-Snug Harbour-Coco Banderas-Benedup-Pugsu-Acuadup-Wailidup-Palmira-Portobelo-Colon Mile\/godziny: 473Mm\/109h Kolumbia Kartagena Mercado Bazurto Ogromny bazar, gdzie mo\u017cna kupi\u0107 wszystko: ubrania, buty, sprz\u0119t elektroniczny, sprz\u0119t AGD, \u015bwie\u017ce owoce i warzywa, a...<\/div><p class=\"ccpages_more\"><a href=\"https:\/\/pluskata.pl\/www\/pl\/rejsy-2025\/kolumbia-panama\/\"  title=\"Wi\u0119cej...\">Wi\u0119cej...<\/a><\/p><\/div><div class=\"ccchildpage  ccodd ccpage-count-3 ccpage-id-6175 ccpage-aruba-kartagena-kolumbia ccpage-has-parent ccpage-pid-5732 ccpage-parent-rejsy-2025\"><h3 class=\"ccpage_title ccpage_linked_title\" title=\"Aruba-Kartagena (Kolumbia)\"><a class=\"ccpage_title_link\" href=\"https:\/\/pluskata.pl\/www\/pl\/rejsy-2025\/aruba-kartagena-kolumbia\/\" title=\"Aruba-Kartagena (Kolumbia)\">Aruba-Kartagena (Kolumbia)<\/a><\/h3><a class=\"ccpage_linked_thumb\" href=\"https:\/\/pluskata.pl\/www\/pl\/rejsy-2025\/aruba-kartagena-kolumbia\/\" title=\"Aruba-Kartagena (Kolumbia)\"><a href=\"https:\/\/pluskata.pl\/www\/pl\/rejsy-2025\/aruba-kartagena-kolumbia\/\" title=\"Aruba-Kartagena (Kolumbia)\"><img loading=\"lazy\" decoding=\"async\" width=\"300\" height=\"168\" src=\"https:\/\/pluskata.pl\/www\/wp-content\/uploads\/2025\/06\/7_2025-300x168.jpg\" class=\"cc-child-pages-thumb wp-post-image\" alt=\"Aruba-Kartagena (Kolumbia)\" title=\"Aruba-Kartagena (Kolumbia)\" srcset=\"https:\/\/pluskata.pl\/www\/wp-content\/uploads\/2025\/06\/7_2025-300x168.jpg 300w, https:\/\/pluskata.pl\/www\/wp-content\/uploads\/2025\/06\/7_2025-1024x572.jpg 1024w, https:\/\/pluskata.pl\/www\/wp-content\/uploads\/2025\/06\/7_2025-768x429.jpg 768w, https:\/\/pluskata.pl\/www\/wp-content\/uploads\/2025\/06\/7_2025-150x84.jpg 150w, https:\/\/pluskata.pl\/www\/wp-content\/uploads\/2025\/06\/7_2025.jpg 1077w\" sizes=\"auto, (max-width: 300px) 100vw, 300px\" \/><\/a><\/a><div class=\"ccpages_excerpt\">Data: 02-19.05.2025 Trasa: Oranjestad - Barcadero - Santa Marta - Cartagena Mile\/godziny: 497Mm\/108h Aruba Odprawa wyj\u015bciowa Trzeba podp\u0142yn\u0105\u0107 jachtem do Barcadera. Odprawa wyj\u015bciowa jest prosta, w Imigration pani dok\u0142ada na li\u015bcie wej\u015bciowej...<\/div><p class=\"ccpages_more\"><a href=\"https:\/\/pluskata.pl\/www\/pl\/rejsy-2025\/aruba-kartagena-kolumbia\/\"  title=\"Wi\u0119cej...\">Wi\u0119cej...<\/a><\/p><\/div><div class=\"ccchildpage  cceven ccpage-count-4 ccpage-id-6079 ccpage-curacao-aruba ccpage-has-parent ccpage-pid-5732 ccpage-parent-rejsy-2025\"><h3 class=\"ccpage_title ccpage_linked_title\" title=\"Curacao-Aruba\"><a class=\"ccpage_title_link\" href=\"https:\/\/pluskata.pl\/www\/pl\/rejsy-2025\/curacao-aruba\/\" title=\"Curacao-Aruba\">Curacao-Aruba<\/a><\/h3><a class=\"ccpage_linked_thumb\" href=\"https:\/\/pluskata.pl\/www\/pl\/rejsy-2025\/curacao-aruba\/\" title=\"Curacao-Aruba\"><a href=\"https:\/\/pluskata.pl\/www\/pl\/rejsy-2025\/curacao-aruba\/\" title=\"Curacao-Aruba\"><img loading=\"lazy\" decoding=\"async\" width=\"300\" height=\"187\" src=\"https:\/\/pluskata.pl\/www\/wp-content\/uploads\/2025\/05\/6_2025-300x187.jpg\" class=\"cc-child-pages-thumb wp-post-image\" alt=\"Curacao-Aruba\" title=\"Curacao-Aruba\" srcset=\"https:\/\/pluskata.pl\/www\/wp-content\/uploads\/2025\/05\/6_2025-300x187.jpg 300w, https:\/\/pluskata.pl\/www\/wp-content\/uploads\/2025\/05\/6_2025-1024x637.jpg 1024w, https:\/\/pluskata.pl\/www\/wp-content\/uploads\/2025\/05\/6_2025-768x478.jpg 768w, https:\/\/pluskata.pl\/www\/wp-content\/uploads\/2025\/05\/6_2025-1536x955.jpg 1536w, https:\/\/pluskata.pl\/www\/wp-content\/uploads\/2025\/05\/6_2025-2048x1274.jpg 2048w, https:\/\/pluskata.pl\/www\/wp-content\/uploads\/2025\/05\/6_2025-150x93.jpg 150w\" sizes=\"auto, (max-width: 300px) 100vw, 300px\" \/><\/a><\/a><div class=\"ccpages_excerpt\">Data: 25-30.04.2025 Trasa: Willemstadt-Barcadera-Oranjestad Mile\/godziny: 74Mm\/23h Curacao Farma Aloesu (Aloe Vera Farm) Zwiedzanie 10$ od osoby. Pani opowiada o hodowli aloesu, potem o produkcji. Najpierw demonstruje na li\u015bciu jak to si\u0119 robi,...<\/div><p class=\"ccpages_more\"><a href=\"https:\/\/pluskata.pl\/www\/pl\/rejsy-2025\/curacao-aruba\/\"  title=\"Wi\u0119cej...\">Wi\u0119cej...<\/a><\/p><\/div><div class=\"ccchildpage  ccodd ccpage-count-5 ccpage-id-6022 ccpage-gwadelupa-curacao ccpage-has-parent ccpage-pid-5732 ccpage-parent-rejsy-2025\"><h3 class=\"ccpage_title ccpage_linked_title\" title=\"Gwadelupa-Curacao\"><a class=\"ccpage_title_link\" href=\"https:\/\/pluskata.pl\/www\/pl\/rejsy-2025\/gwadelupa-curacao\/\" title=\"Gwadelupa-Curacao\">Gwadelupa-Curacao<\/a><\/h3><a class=\"ccpage_linked_thumb\" href=\"https:\/\/pluskata.pl\/www\/pl\/rejsy-2025\/gwadelupa-curacao\/\" title=\"Gwadelupa-Curacao\"><a href=\"https:\/\/pluskata.pl\/www\/pl\/rejsy-2025\/gwadelupa-curacao\/\" title=\"Gwadelupa-Curacao\"><img loading=\"lazy\" decoding=\"async\" width=\"300\" height=\"171\" src=\"https:\/\/pluskata.pl\/www\/wp-content\/uploads\/2025\/04\/Guadelupa-Curacao-300x171.jpg\" class=\"cc-child-pages-thumb wp-post-image\" alt=\"Gwadelupa-Curacao\" title=\"Gwadelupa-Curacao\" srcset=\"https:\/\/pluskata.pl\/www\/wp-content\/uploads\/2025\/04\/Guadelupa-Curacao-300x171.jpg 300w, https:\/\/pluskata.pl\/www\/wp-content\/uploads\/2025\/04\/Guadelupa-Curacao-1024x585.jpg 1024w, https:\/\/pluskata.pl\/www\/wp-content\/uploads\/2025\/04\/Guadelupa-Curacao-768x439.jpg 768w, https:\/\/pluskata.pl\/www\/wp-content\/uploads\/2025\/04\/Guadelupa-Curacao-1536x877.jpg 1536w, https:\/\/pluskata.pl\/www\/wp-content\/uploads\/2025\/04\/Guadelupa-Curacao-2048x1170.jpg 2048w, https:\/\/pluskata.pl\/www\/wp-content\/uploads\/2025\/04\/Guadelupa-Curacao-150x86.jpg 150w\" sizes=\"auto, (max-width: 300px) 100vw, 300px\" \/><\/a><\/a><div class=\"ccpages_excerpt\">Data: 31.03-10.04.2025 Trasa: Pointe a Pitre-Willemstadt Mile\/godziny: 619Mm\/109h Guadelupa Plantacja Gran Cafe Plantacja Gran Cafe jest w rzeczywisto\u015bci plantacj\u0105 banan\u00f3w. Powsta\u0142a w XVIII wieku jako plantacja kawy, kakao i wanilii. Opr\u00f3cz tego...<\/div><p class=\"ccpages_more\"><a href=\"https:\/\/pluskata.pl\/www\/pl\/rejsy-2025\/gwadelupa-curacao\/\"  title=\"Wi\u0119cej...\">Wi\u0119cej...<\/a><\/p><\/div><div class=\"ccchildpage  cceven ccpage-count-6 ccpage-id-5992 ccpage-st-kitts-gwadelupa ccpage-has-parent ccpage-pid-5732 ccpage-parent-rejsy-2025\"><h3 class=\"ccpage_title ccpage_linked_title\" title=\"St. Kitts-Gwadelupa\"><a class=\"ccpage_title_link\" href=\"https:\/\/pluskata.pl\/www\/pl\/rejsy-2025\/st-kitts-gwadelupa\/\" title=\"St. Kitts-Gwadelupa\">St. Kitts-Gwadelupa<\/a><\/h3><a class=\"ccpage_linked_thumb\" href=\"https:\/\/pluskata.pl\/www\/pl\/rejsy-2025\/st-kitts-gwadelupa\/\" title=\"St. Kitts-Gwadelupa\"><a href=\"https:\/\/pluskata.pl\/www\/pl\/rejsy-2025\/st-kitts-gwadelupa\/\" title=\"St. Kitts-Gwadelupa\"><img loading=\"lazy\" decoding=\"async\" width=\"300\" height=\"282\" src=\"https:\/\/pluskata.pl\/www\/wp-content\/uploads\/2025\/03\/4_2025-300x282.jpg\" class=\"cc-child-pages-thumb wp-post-image\" alt=\"St. Kitts-Gwadelupa\" title=\"St. Kitts-Gwadelupa\" srcset=\"https:\/\/pluskata.pl\/www\/wp-content\/uploads\/2025\/03\/4_2025-300x282.jpg 300w, https:\/\/pluskata.pl\/www\/wp-content\/uploads\/2025\/03\/4_2025-1024x962.jpg 1024w, https:\/\/pluskata.pl\/www\/wp-content\/uploads\/2025\/03\/4_2025-768x722.jpg 768w, https:\/\/pluskata.pl\/www\/wp-content\/uploads\/2025\/03\/4_2025-1536x1444.jpg 1536w, https:\/\/pluskata.pl\/www\/wp-content\/uploads\/2025\/03\/4_2025-2048x1925.jpg 2048w, https:\/\/pluskata.pl\/www\/wp-content\/uploads\/2025\/03\/4_2025-150x141.jpg 150w\" sizes=\"auto, (max-width: 300px) 100vw, 300px\" \/><\/a><\/a><div class=\"ccpages_excerpt\">Data: 06-21.03.2025 Trasa: Basseterre-Charlstown-Montserrat-Deshaies-Terre de Bas-Rerre de Haut-Pointe a Pitre Mile\/godziny: 148Mm\/40h St. Kitts Komunikacja autobusowa Po wyspie je\u017cd\u017c\u0105 busiki (ok 15 os\u00f3b) s\u0105 2 linie \u2013 wschodnia i zachodnia (odje\u017cd\u017caj\u0105 z...<\/div><p class=\"ccpages_more\"><a href=\"https:\/\/pluskata.pl\/www\/pl\/rejsy-2025\/st-kitts-gwadelupa\/\"  title=\"Wi\u0119cej...\">Wi\u0119cej...<\/a><\/p><\/div><div class=\"ccchildpage  ccodd ccpage-count-7 ccpage-id-5863 ccpage-guadelupa-st-kitts ccpage-has-parent ccpage-pid-5732 ccpage-parent-rejsy-2025\"><h3 class=\"ccpage_title ccpage_linked_title\" title=\"Guadelupa-St.Kitts\"><a class=\"ccpage_title_link\" href=\"https:\/\/pluskata.pl\/www\/pl\/rejsy-2025\/guadelupa-st-kitts\/\" title=\"Guadelupa-St.Kitts\">Guadelupa-St.Kitts<\/a><\/h3><a class=\"ccpage_linked_thumb\" href=\"https:\/\/pluskata.pl\/www\/pl\/rejsy-2025\/guadelupa-st-kitts\/\" title=\"Guadelupa-St.Kitts\"><a href=\"https:\/\/pluskata.pl\/www\/pl\/rejsy-2025\/guadelupa-st-kitts\/\" title=\"Guadelupa-St.Kitts\"><img loading=\"lazy\" decoding=\"async\" width=\"300\" height=\"265\" src=\"https:\/\/pluskata.pl\/www\/wp-content\/uploads\/2025\/03\/3_2025-300x265.jpg\" class=\"cc-child-pages-thumb wp-post-image\" alt=\"Guadelupa-St.Kitts\" title=\"Guadelupa-St.Kitts\" srcset=\"https:\/\/pluskata.pl\/www\/wp-content\/uploads\/2025\/03\/3_2025-300x265.jpg 300w, https:\/\/pluskata.pl\/www\/wp-content\/uploads\/2025\/03\/3_2025-1024x904.jpg 1024w, https:\/\/pluskata.pl\/www\/wp-content\/uploads\/2025\/03\/3_2025-768x678.jpg 768w, https:\/\/pluskata.pl\/www\/wp-content\/uploads\/2025\/03\/3_2025-1536x1356.jpg 1536w, https:\/\/pluskata.pl\/www\/wp-content\/uploads\/2025\/03\/3_2025-2048x1808.jpg 2048w, https:\/\/pluskata.pl\/www\/wp-content\/uploads\/2025\/03\/3_2025-150x132.jpg 150w\" sizes=\"auto, (max-width: 300px) 100vw, 300px\" \/><\/a><\/a><div class=\"ccpages_excerpt\">Data: 14-28.02.2025 Trasa: Pointe a Pitre-Rivere Sans-Malendure-Deshaies-Falmouth-Barbuda-Fourche-Oraniestadt-Basseterre Mile\/godziny: 255Mm\/63h Guadelupa Nurkowanie w rezerwacie Jacques Cousteau Stajemy jachtem w zatoce Malendure i pontonem podp\u0142ywamy na brzeg. Uwaga \u2013 mo\u017cna kotwiczy\u0107 za lini\u0105 \u017c\u00f3\u0142tych...<\/div><p class=\"ccpages_more\"><a href=\"https:\/\/pluskata.pl\/www\/pl\/rejsy-2025\/guadelupa-st-kitts\/\"  title=\"Wi\u0119cej...\">Wi\u0119cej...<\/a><\/p><\/div><div class=\"ccchildpage  cceven ccpage-count-8 ccpage-id-5794 ccpage-martynika-guadelupa ccpage-has-parent ccpage-pid-5732 ccpage-parent-rejsy-2025\"><h3 class=\"ccpage_title ccpage_linked_title\" title=\"Martynika-Guadelupa\"><a class=\"ccpage_title_link\" href=\"https:\/\/pluskata.pl\/www\/pl\/rejsy-2025\/martynika-guadelupa\/\" title=\"Martynika-Guadelupa\">Martynika-Guadelupa<\/a><\/h3><a class=\"ccpage_linked_thumb\" href=\"https:\/\/pluskata.pl\/www\/pl\/rejsy-2025\/martynika-guadelupa\/\" title=\"Martynika-Guadelupa\"><a href=\"https:\/\/pluskata.pl\/www\/pl\/rejsy-2025\/martynika-guadelupa\/\" title=\"Martynika-Guadelupa\"><img loading=\"lazy\" decoding=\"async\" width=\"249\" height=\"300\" src=\"https:\/\/pluskata.pl\/www\/wp-content\/uploads\/2025\/02\/2_2025-249x300.jpg\" class=\"cc-child-pages-thumb wp-post-image\" alt=\"Martynika-Guadelupa\" title=\"Martynika-Guadelupa\" srcset=\"https:\/\/pluskata.pl\/www\/wp-content\/uploads\/2025\/02\/2_2025-249x300.jpg 249w, https:\/\/pluskata.pl\/www\/wp-content\/uploads\/2025\/02\/2_2025-850x1024.jpg 850w, https:\/\/pluskata.pl\/www\/wp-content\/uploads\/2025\/02\/2_2025-768x925.jpg 768w, https:\/\/pluskata.pl\/www\/wp-content\/uploads\/2025\/02\/2_2025-1275x1536.jpg 1275w, https:\/\/pluskata.pl\/www\/wp-content\/uploads\/2025\/02\/2_2025-1700x2048.jpg 1700w, https:\/\/pluskata.pl\/www\/wp-content\/uploads\/2025\/02\/2_2025-125x150.jpg 125w\" sizes=\"auto, (max-width: 249px) 100vw, 249px\" \/><\/a><\/a><div class=\"ccpages_excerpt\">Data: 26.01.2025-3.02.2025 Trasa: Fort de France \u2013 Portsmouth \u2013 Saint Louis- Pointe a Pitre Mile\/godziny: 118Mm\/29h Martynika Fort Saint Louis Czynny fort marynarki wojennej. Zwiedzanie odbywa si\u0119 z przewodnikiem. Bilet kosztuje 10\u20ac...<\/div><p class=\"ccpages_more\"><a href=\"https:\/\/pluskata.pl\/www\/pl\/rejsy-2025\/martynika-guadelupa\/\"  title=\"Wi\u0119cej...\">Wi\u0119cej...<\/a><\/p><\/div><div class=\"ccchildpage  ccodd ccpage-count-9 ccpage-id-5740 ccpage-grenada-martynika ccpage-has-parent ccpage-pid-5732 ccpage-parent-rejsy-2025\"><h3 class=\"ccpage_title ccpage_linked_title\" title=\"Grenada-Martynika\"><a class=\"ccpage_title_link\" href=\"https:\/\/pluskata.pl\/www\/pl\/rejsy-2025\/grenada-martynika\/\" title=\"Grenada-Martynika\">Grenada-Martynika<\/a><\/h3><a class=\"ccpage_linked_thumb\" href=\"https:\/\/pluskata.pl\/www\/pl\/rejsy-2025\/grenada-martynika\/\" title=\"Grenada-Martynika\"><a href=\"https:\/\/pluskata.pl\/www\/pl\/rejsy-2025\/grenada-martynika\/\" title=\"Grenada-Martynika\"><img loading=\"lazy\" decoding=\"async\" width=\"300\" height=\"280\" src=\"https:\/\/pluskata.pl\/www\/wp-content\/uploads\/2025\/02\/1_2025-300x280.jpg\" class=\"cc-child-pages-thumb wp-post-image\" alt=\"Grenada-Martynika\" title=\"Grenada-Martynika\" srcset=\"https:\/\/pluskata.pl\/www\/wp-content\/uploads\/2025\/02\/1_2025-300x280.jpg 300w, https:\/\/pluskata.pl\/www\/wp-content\/uploads\/2025\/02\/1_2025-1024x955.jpg 1024w, https:\/\/pluskata.pl\/www\/wp-content\/uploads\/2025\/02\/1_2025-768x717.jpg 768w, https:\/\/pluskata.pl\/www\/wp-content\/uploads\/2025\/02\/1_2025-1536x1433.jpg 1536w, https:\/\/pluskata.pl\/www\/wp-content\/uploads\/2025\/02\/1_2025-2048x1911.jpg 2048w, https:\/\/pluskata.pl\/www\/wp-content\/uploads\/2025\/02\/1_2025-150x140.jpg 150w\" sizes=\"auto, (max-width: 300px) 100vw, 300px\" \/><\/a><\/a><div class=\"ccpages_excerpt\">Data: 30.12.2024-19.01.2025 Trasa: Grenada- Ronde Island, Cariacou, Clifton, Salt Whistle Bay, Tobago Cays, Port Elizabeth, Wallilabou Bay, Rodney Bay, Grande Ase, Fort de France Mile\/godziny: 196Mm\/53h Grenada Komunikacja Po wyspie je\u017cd\u017c\u0105 busiki....<\/div><p class=\"ccpages_more\"><a href=\"https:\/\/pluskata.pl\/www\/pl\/rejsy-2025\/grenada-martynika\/\"  title=\"Wi\u0119cej...\">Wi\u0119cej...<\/a><\/p><\/div><\/div>\n","protected":false},"excerpt":{"rendered":"<p class=\"continue-reading-button\"> <a class=\"continue-reading-link\" href=\"https:\/\/pluskata.pl\/www\/pl\/rejsy-2025\/grenada-martynika\/\">Czytaj dalej\/Continue reading<i class=\"crycon-right-dir\"><\/i><\/a><\/p>\n","protected":false},"author":1,"featured_media":0,"parent":0,"menu_order":0,"comment_status":"closed","ping_status":"closed","template":"","meta":{"footnotes":""},"class_list":["post-5732","page","type-page","status-publish","hentry"],"yoast_head":"<!-- This site is optimized with the Yoast SEO plugin v27.5 - https:\/\/yoast.com\/product\/yoast-seo-wordpress\/ -->\n<title>Rejsy 2025 - Podr\u00f3\u017ce jachtem po \u015bwiecie<\/title>\n<meta name=\"robots\" content=\"index, follow, max-snippet:-1, max-image-preview:large, max-video-preview:-1\" \/>\n<link rel=\"canonical\" href=\"https:\/\/pluskata.pl\/www\/pl\/rejsy-2025\/\" \/>\n<meta property=\"og:locale\" content=\"pl_PL\" \/>\n<meta property=\"og:type\" content=\"article\" \/>\n<meta property=\"og:title\" content=\"Rejsy 2025 - Podr\u00f3\u017ce jachtem po \u015bwiecie\" \/>\n<meta property=\"og:description\" content=\"Czytaj dalej\/Continue reading\" \/>\n<meta property=\"og:url\" content=\"https:\/\/pluskata.pl\/www\/pl\/rejsy-2025\/\" \/>\n<meta property=\"og:site_name\" content=\"Podr\u00f3\u017ce jachtem po \u015bwiecie\" \/>\n<meta property=\"article:publisher\" content=\"https:\/\/www.facebook.com\/pluskata\" \/>\n<meta property=\"article:modified_time\" content=\"2026-01-05T18:02:01+00:00\" \/>\n<meta property=\"og:image\" content=\"https:\/\/pluskata.pl\/www\/wp-content\/uploads\/2026\/01\/Trasa-2025_10.png\" \/>\n\t<meta property=\"og:image:width\" content=\"1671\" \/>\n\t<meta property=\"og:image:height\" content=\"863\" \/>\n\t<meta property=\"og:image:type\" content=\"image\/png\" \/>\n<meta name=\"twitter:card\" content=\"summary_large_image\" \/>\n<script type=\"application\/ld+json\" class=\"yoast-schema-graph\">{\"@context\":\"https:\\\/\\\/schema.org\",\"@graph\":[{\"@type\":\"WebPage\",\"@id\":\"https:\\\/\\\/pluskata.pl\\\/www\\\/pl\\\/rejsy-2025\\\/\",\"url\":\"https:\\\/\\\/pluskata.pl\\\/www\\\/pl\\\/rejsy-2025\\\/\",\"name\":\"Rejsy 2025 - Podr\u00f3\u017ce jachtem po \u015bwiecie\",\"isPartOf\":{\"@id\":\"https:\\\/\\\/pluskata.pl\\\/www\\\/#website\"},\"primaryImageOfPage\":{\"@id\":\"https:\\\/\\\/pluskata.pl\\\/www\\\/pl\\\/rejsy-2025\\\/#primaryimage\"},\"image\":{\"@id\":\"https:\\\/\\\/pluskata.pl\\\/www\\\/pl\\\/rejsy-2025\\\/#primaryimage\"},\"thumbnailUrl\":\"https:\\\/\\\/pluskata.pl\\\/www\\\/wp-content\\\/uploads\\\/2026\\\/01\\\/Trasa-2025_10-1024x529.png\",\"datePublished\":\"2025-02-07T00:33:41+00:00\",\"dateModified\":\"2026-01-05T18:02:01+00:00\",\"breadcrumb\":{\"@id\":\"https:\\\/\\\/pluskata.pl\\\/www\\\/pl\\\/rejsy-2025\\\/#breadcrumb\"},\"inLanguage\":\"pl-PL\",\"potentialAction\":[{\"@type\":\"ReadAction\",\"target\":[\"https:\\\/\\\/pluskata.pl\\\/www\\\/pl\\\/rejsy-2025\\\/\"]}]},{\"@type\":\"ImageObject\",\"inLanguage\":\"pl-PL\",\"@id\":\"https:\\\/\\\/pluskata.pl\\\/www\\\/pl\\\/rejsy-2025\\\/#primaryimage\",\"url\":\"https:\\\/\\\/pluskata.pl\\\/www\\\/wp-content\\\/uploads\\\/2026\\\/01\\\/Trasa-2025_10.png\",\"contentUrl\":\"https:\\\/\\\/pluskata.pl\\\/www\\\/wp-content\\\/uploads\\\/2026\\\/01\\\/Trasa-2025_10.png\",\"width\":1671,\"height\":863,\"caption\":\"Trasa 2025\"},{\"@type\":\"BreadcrumbList\",\"@id\":\"https:\\\/\\\/pluskata.pl\\\/www\\\/pl\\\/rejsy-2025\\\/#breadcrumb\",\"itemListElement\":[{\"@type\":\"ListItem\",\"position\":1,\"name\":\"Strona g\u0142\u00f3wna\",\"item\":\"https:\\\/\\\/pluskata.pl\\\/www\\\/pl\\\/aktualnosci\\\/\"},{\"@type\":\"ListItem\",\"position\":2,\"name\":\"Rejsy 2025\"}]},{\"@type\":\"WebSite\",\"@id\":\"https:\\\/\\\/pluskata.pl\\\/www\\\/#website\",\"url\":\"https:\\\/\\\/pluskata.pl\\\/www\\\/\",\"name\":\"Podr\u00f3\u017ce jachtem po \u015bwiecie\",\"description\":\"Zapraszamy do wsp\u00f3lnego \u017ceglowania\",\"publisher\":{\"@id\":\"https:\\\/\\\/pluskata.pl\\\/www\\\/#\\\/schema\\\/person\\\/15daea66397efafeded8883b67482cc0\"},\"potentialAction\":[{\"@type\":\"SearchAction\",\"target\":{\"@type\":\"EntryPoint\",\"urlTemplate\":\"https:\\\/\\\/pluskata.pl\\\/www\\\/?s={search_term_string}\"},\"query-input\":{\"@type\":\"PropertyValueSpecification\",\"valueRequired\":true,\"valueName\":\"search_term_string\"}}],\"inLanguage\":\"pl-PL\"},{\"@type\":[\"Person\",\"Organization\"],\"@id\":\"https:\\\/\\\/pluskata.pl\\\/www\\\/#\\\/schema\\\/person\\\/15daea66397efafeded8883b67482cc0\",\"name\":\"Pluskata\",\"image\":{\"@type\":\"ImageObject\",\"inLanguage\":\"pl-PL\",\"@id\":\"https:\\\/\\\/pluskata.pl\\\/www\\\/wp-content\\\/uploads\\\/2020\\\/12\\\/cropped-Logo-Pluskata_512.png\",\"url\":\"https:\\\/\\\/pluskata.pl\\\/www\\\/wp-content\\\/uploads\\\/2020\\\/12\\\/cropped-Logo-Pluskata_512.png\",\"contentUrl\":\"https:\\\/\\\/pluskata.pl\\\/www\\\/wp-content\\\/uploads\\\/2020\\\/12\\\/cropped-Logo-Pluskata_512.png\",\"width\":512,\"height\":512,\"caption\":\"Pluskata\"},\"logo\":{\"@id\":\"https:\\\/\\\/pluskata.pl\\\/www\\\/wp-content\\\/uploads\\\/2020\\\/12\\\/cropped-Logo-Pluskata_512.png\"},\"sameAs\":[\"http:\\\/\\\/www.pluskata.pl\",\"https:\\\/\\\/www.facebook.com\\\/pluskata\"]}]}<\/script>\n<!-- \/ Yoast SEO plugin. -->","yoast_head_json":{"title":"Rejsy 2025 - Podr\u00f3\u017ce jachtem po \u015bwiecie","robots":{"index":"index","follow":"follow","max-snippet":"max-snippet:-1","max-image-preview":"max-image-preview:large","max-video-preview":"max-video-preview:-1"},"canonical":"https:\/\/pluskata.pl\/www\/pl\/rejsy-2025\/","og_locale":"pl_PL","og_type":"article","og_title":"Rejsy 2025 - Podr\u00f3\u017ce jachtem po \u015bwiecie","og_description":"Czytaj dalej\/Continue reading","og_url":"https:\/\/pluskata.pl\/www\/pl\/rejsy-2025\/","og_site_name":"Podr\u00f3\u017ce jachtem po \u015bwiecie","article_publisher":"https:\/\/www.facebook.com\/pluskata","article_modified_time":"2026-01-05T18:02:01+00:00","og_image":[{"width":1671,"height":863,"url":"https:\/\/pluskata.pl\/www\/wp-content\/uploads\/2026\/01\/Trasa-2025_10.png","type":"image\/png"}],"twitter_card":"summary_large_image","schema":{"@context":"https:\/\/schema.org","@graph":[{"@type":"WebPage","@id":"https:\/\/pluskata.pl\/www\/pl\/rejsy-2025\/","url":"https:\/\/pluskata.pl\/www\/pl\/rejsy-2025\/","name":"Rejsy 2025 - Podr\u00f3\u017ce jachtem po \u015bwiecie","isPartOf":{"@id":"https:\/\/pluskata.pl\/www\/#website"},"primaryImageOfPage":{"@id":"https:\/\/pluskata.pl\/www\/pl\/rejsy-2025\/#primaryimage"},"image":{"@id":"https:\/\/pluskata.pl\/www\/pl\/rejsy-2025\/#primaryimage"},"thumbnailUrl":"https:\/\/pluskata.pl\/www\/wp-content\/uploads\/2026\/01\/Trasa-2025_10-1024x529.png","datePublished":"2025-02-07T00:33:41+00:00","dateModified":"2026-01-05T18:02:01+00:00","breadcrumb":{"@id":"https:\/\/pluskata.pl\/www\/pl\/rejsy-2025\/#breadcrumb"},"inLanguage":"pl-PL","potentialAction":[{"@type":"ReadAction","target":["https:\/\/pluskata.pl\/www\/pl\/rejsy-2025\/"]}]},{"@type":"ImageObject","inLanguage":"pl-PL","@id":"https:\/\/pluskata.pl\/www\/pl\/rejsy-2025\/#primaryimage","url":"https:\/\/pluskata.pl\/www\/wp-content\/uploads\/2026\/01\/Trasa-2025_10.png","contentUrl":"https:\/\/pluskata.pl\/www\/wp-content\/uploads\/2026\/01\/Trasa-2025_10.png","width":1671,"height":863,"caption":"Trasa 2025"},{"@type":"BreadcrumbList","@id":"https:\/\/pluskata.pl\/www\/pl\/rejsy-2025\/#breadcrumb","itemListElement":[{"@type":"ListItem","position":1,"name":"Strona g\u0142\u00f3wna","item":"https:\/\/pluskata.pl\/www\/pl\/aktualnosci\/"},{"@type":"ListItem","position":2,"name":"Rejsy 2025"}]},{"@type":"WebSite","@id":"https:\/\/pluskata.pl\/www\/#website","url":"https:\/\/pluskata.pl\/www\/","name":"Podr\u00f3\u017ce jachtem po \u015bwiecie","description":"Zapraszamy do wsp\u00f3lnego \u017ceglowania","publisher":{"@id":"https:\/\/pluskata.pl\/www\/#\/schema\/person\/15daea66397efafeded8883b67482cc0"},"potentialAction":[{"@type":"SearchAction","target":{"@type":"EntryPoint","urlTemplate":"https:\/\/pluskata.pl\/www\/?s={search_term_string}"},"query-input":{"@type":"PropertyValueSpecification","valueRequired":true,"valueName":"search_term_string"}}],"inLanguage":"pl-PL"},{"@type":["Person","Organization"],"@id":"https:\/\/pluskata.pl\/www\/#\/schema\/person\/15daea66397efafeded8883b67482cc0","name":"Pluskata","image":{"@type":"ImageObject","inLanguage":"pl-PL","@id":"https:\/\/pluskata.pl\/www\/wp-content\/uploads\/2020\/12\/cropped-Logo-Pluskata_512.png","url":"https:\/\/pluskata.pl\/www\/wp-content\/uploads\/2020\/12\/cropped-Logo-Pluskata_512.png","contentUrl":"https:\/\/pluskata.pl\/www\/wp-content\/uploads\/2020\/12\/cropped-Logo-Pluskata_512.png","width":512,"height":512,"caption":"Pluskata"},"logo":{"@id":"https:\/\/pluskata.pl\/www\/wp-content\/uploads\/2020\/12\/cropped-Logo-Pluskata_512.png"},"sameAs":["http:\/\/www.pluskata.pl","https:\/\/www.facebook.com\/pluskata"]}]}},"_links":{"self":[{"href":"https:\/\/pluskata.pl\/www\/wp-json\/wp\/v2\/pages\/5732","targetHints":{"allow":["GET"]}}],"collection":[{"href":"https:\/\/pluskata.pl\/www\/wp-json\/wp\/v2\/pages"}],"about":[{"href":"https:\/\/pluskata.pl\/www\/wp-json\/wp\/v2\/types\/page"}],"author":[{"embeddable":true,"href":"https:\/\/pluskata.pl\/www\/wp-json\/wp\/v2\/users\/1"}],"replies":[{"embeddable":true,"href":"https:\/\/pluskata.pl\/www\/wp-json\/wp\/v2\/comments?post=5732"}],"version-history":[{"count":5,"href":"https:\/\/pluskata.pl\/www\/wp-json\/wp\/v2\/pages\/5732\/revisions"}],"predecessor-version":[{"id":6390,"href":"https:\/\/pluskata.pl\/www\/wp-json\/wp\/v2\/pages\/5732\/revisions\/6390"}],"wp:attachment":[{"href":"https:\/\/pluskata.pl\/www\/wp-json\/wp\/v2\/media?parent=5732"}],"curies":[{"name":"wp","href":"https:\/\/api.w.org\/{rel}","templated":true}]}}