{"id":4098,"date":"2023-06-24T12:54:54","date_gmt":"2023-06-24T10:54:54","guid":{"rendered":"https:\/\/pluskata.pl\/www\/?page_id=4098"},"modified":"2023-06-24T12:56:23","modified_gmt":"2023-06-24T10:56:23","slug":"gran-canaria-la-gomera-10-21-06-2023","status":"publish","type":"page","link":"https:\/\/pluskata.pl\/www\/pl\/rejsy-2023\/gran-canaria-la-gomera-10-21-06-2023\/","title":{"rendered":"Gran Canaria &#8211; La Gomera 10-21.06.2023"},"content":{"rendered":"<h2><a href=\"https:\/\/pluskata.pl\/www\/wp-content\/uploads\/2023\/06\/Trasa-Gran-Canaria-La-Gomera-scaled.jpg\"><img loading=\"lazy\" decoding=\"async\" class=\"alignnone wp-image-4107 size-medium\" src=\"https:\/\/pluskata.pl\/www\/wp-content\/uploads\/2023\/06\/Trasa-Gran-Canaria-La-Gomera-300x144.jpg\" alt=\"Gran Canaria - La Gomera\" width=\"300\" height=\"144\" srcset=\"https:\/\/pluskata.pl\/www\/wp-content\/uploads\/2023\/06\/Trasa-Gran-Canaria-La-Gomera-300x144.jpg 300w, https:\/\/pluskata.pl\/www\/wp-content\/uploads\/2023\/06\/Trasa-Gran-Canaria-La-Gomera-1024x491.jpg 1024w, https:\/\/pluskata.pl\/www\/wp-content\/uploads\/2023\/06\/Trasa-Gran-Canaria-La-Gomera-768x368.jpg 768w, https:\/\/pluskata.pl\/www\/wp-content\/uploads\/2023\/06\/Trasa-Gran-Canaria-La-Gomera-1536x737.jpg 1536w, https:\/\/pluskata.pl\/www\/wp-content\/uploads\/2023\/06\/Trasa-Gran-Canaria-La-Gomera-2048x982.jpg 2048w, https:\/\/pluskata.pl\/www\/wp-content\/uploads\/2023\/06\/Trasa-Gran-Canaria-La-Gomera-150x72.jpg 150w\" sizes=\"auto, (max-width: 300px) 100vw, 300px\" \/><\/a><\/h2>\n<h2><b>Las Palmas<\/b><\/h2>\n<p>Stolica Gran Canarii. Najwi\u0119ksze miasto na Wyspach Kanaryjskich \u2013 prawie 400000 mieszka\u0144c\u00f3w.<br \/>\nPrzy marinie jest 5 sklep\u00f3w \u017ceglarskich, kilka nurkowych, nie brakuje fachowc\u00f3w od wszystkiego.<br \/>\nNa Islecie jest dzielnica przemys\u0142owa z dobrym sklepem ze stal\u0105 nierdzewn\u0105.<br \/>\nDo starego miasta mo\u017cna z mariny doj\u015b\u0107 na piechot\u0119 (ok 30 minut) albo podjecha\u0107 2 przystanki miejskim autobusem. Warto zwiedzi\u0107 dom Kolumba, Katedr\u0119, przej\u015b\u0107 si\u0119 uliczkami starego miasta, a wracaj\u0105c wst\u0105pi\u0107 na lody do jednej z wielu lodziarni.<br \/>\nKolejnym miejscem wartym odwiedzenia w Las Palmas jest pla\u017ca Las Canteras. Z \u017c\u00f3\u0142tym piaskiem, ci\u0105gnie si\u0119 przez prawie dwa kilometry. Przy pla\u017cy deptak, du\u017co kafejek i restauracyjek, w kt\u00f3rych mo\u017cna zje\u015b\u0107 mniej lub bardziej smaczne dania.<br \/>\n<strong>Park Santa Catalina<\/strong> \u2013 centralny park w mie\u015bcie, znajduje si\u0119 tu du\u017ce centrum handlowe, wzd\u0142u\u017c parku jest pe\u0142no knajpek, na placu informacja turystyczna i p\u0119tla autobusowa. Jest te\u017c punkt sprzeda\u017cy bilet\u00f3w miejskich (guagua ) &#8211; dzia\u0142a na \u017c\u00f3\u0142te autobusy, a w styczniu i w lutym tego toku mo\u017cna by\u0142o je\u017adzi\u0107 za darmo (pod warunkiem, \u017ce na karcie by\u0142o wi\u0119cej ni\u017c 0\u20ac). Na placu w parku odbywa si\u0119 sporo imprez kulturalnych. Obok jest wypo\u017cyczalnia samochod\u00f3w Cicar.<\/p>\n<h2><b>Playa El Puertillo<\/b><\/h2>\n<p>Pla\u017ca ok 10km od Las Palmas, mo\u017cna dojecha\u0107 autobusem. Na \u015brodku jest ciemny piasek, a po bokach ska\u0142y z naturalnymi basenami lawowymi. W weekendy do 18 jest ratownik, ale w \u0142adn\u0105 pogod\u0119 s\u0105 tam t\u0142umy.<\/p>\n<h2><b>Santa Cruz<\/b><\/h2>\n<h3>Marina Santa Cruz<\/h3>\n<p>Marina w centrum miasta ma ok 300 miejsc postojowych dla jacht\u00f3w od 9 do 60m. Staje si\u0119 w Y-bomach, a jak marina jest pe\u0142na to jest jeszcze keja z pomostem p\u0142ywaj\u0105cym od strony przystani promowej\u2013 staje si\u0119 wtedy ruf\u0105 do kei a dziobem na mooringach. Marin\u0119 trzeba rezerwowa\u0107, ale poza sezonem wystarczy zadzwoni\u0107 dzie\u0144 wcze\u015bniej. W sezonie chc\u0105 (listopad- stycze\u0144) wcze\u015bniejszej rezerwacji i czasami zaliczki. Wej\u015bcie na pomosty i do toalet wymaga karty (kaucja 10\u20ac) Biuro mariny jest czynne od 9 do 15:30, a obs\u0142uga marinero jest 24h.<\/p>\n<p>Przed wej\u015bciem do portu nale\u017cy zg\u0142osi\u0107 si\u0119 do Port Control na kanale 12VHF a przed wej\u015bciem do mariny do marinero na kanale 9VHF. Podadz\u0105 numer pomostu i marinaeo (a czasami dw\u00f3ch) przyjdzie pokaza\u0107 miejsce, odebra\u0107 cumy i pom\u00f3c w cumowaniu. Przy wychodzeniu poza godzinami czynno\u015bci biura kart\u0119 oddaje si\u0119 u marinero i mo\u017cna poprosi\u0107 o pomoc przy odej\u015bciu (sam to proponuje). Koniecznie przed wyj\u015bciem trzeba zg\u0142osi\u0107 si\u0119 na kanale 12VHF do Port Control i zapyta\u0107 czy mo\u017cna przep\u0142yn\u0105\u0107 przez teren portu.<\/p>\n<p>W budynku biura s\u0105 toalety, prysznice (czyste i z ciep\u0142\u0105 wod\u0105), pralnia samoobs\u0142ugowa (dodatkowo p\u0142atna), a na pi\u0119trze jest pok\u00f3j marinero, gdzie po zacumowaniu mo\u017cna zg\u0142osi\u0107 si\u0119 po kart\u0119 (jak biuro mariny jest nie czynne). Dostaje si\u0119 kart\u0119 uniwersaln\u0105, kt\u00f3r\u0105 trzeba wymieni\u0107 w biurze mariny na kart\u0119 do pomostu, na kt\u00f3rym si\u0119 stoi. W marinie nie ma stacji benzynowej, chocia\u017c mo\u017cna zam\u00f3wi\u0107 tanker. Przy ka\u017cdym stanowisku jest s\u0142upek z wod\u0105 i pr\u0105dem. W s\u0105siedniej marinie (ok 2Mm na p\u00f3\u0142noc) jest Travel Lift, warsztaty i sklepy z cz\u0119\u015bciami do silnik\u00f3w, drewniane, metalowe.<\/p>\n<h3>Miasto<\/h3>\n<p>Santa Cruz to drugie (po Las Palmas) co do wielko\u015bci miasto na Wyspach Kanaryjskich. Liczy ok 220000 mieszka\u0144c\u00f3w. Jest stolic\u0105 prowincji obejmuj\u0105cej zachodnie wyspy (La Gomera, El Hiero i La Palma). Ma dwie linie tramwajowe, autobusy miejskie, sporo sklep\u00f3w (w mie\u015bcie s\u0105 4 sklepy \u017ceglarskie). Najbli\u017cszy portu sklep spo\u017cywczy to Spar, ale dosy\u0107 ma\u0142y i drogi, chocia\u017c czynny r\u00f3wnie\u017c w niedziele. Troch\u0119 dalej jest Hiper Dino, a jeden przystanek tramwajowy od mariny jest du\u017ce centrum handlowe. W mie\u015bcie jest du\u017co knajpek, warto odwiedzi\u0107 kt\u00f3r\u0105\u015b wieczorem. Na placu przy fontannie jest informacja turystyczna. W mie\u015bcie warto zwiedzi\u0107 palmiaruium \u2013 rosn\u0105 tam palmy z ca\u0142ego \u015bwiata, a w kasie mo\u017cna dosta\u0107 ulotk\u0119 po polsku (wst\u0119p 6\u20ac). Kolejny punkt to market, g\u0142\u00f3wnie kwiatowy, ale w bardzo zabytkowym budynku. Poza tym malutkie stare miasto i \u015bliczne uliczki.<\/p>\n<h2><b>Parque del Drago<\/b><\/h2>\n<p>W miejscowo\u015bci Icod de los Vinos na p\u00f3\u0142nocy wyspy znajduje si\u0119 Parque del Drago \u2013 ok 3 hektarowy park botaniczny (wst\u0119p 5\u20ac) W parku ro\u015bnie najstarsze na Wyspach Kanaryjskich drzewo \u2013 dracena smocza. Ma ok 20m wysoko\u015bci i 10m obwodu. Robi wra\u017cenie. W parku jest jeszcze \u201eprzedszkole dracen\u201d z m\u0142odymi dracenami, troch\u0119 innych drzew, ogr\u00f3dek z ro\u015blinami leczniczymi i przyprawami i jaskinia z tunelami wulkanicznymi, do kt\u00f3rych mo\u017cna wej\u015b\u0107. Przed ogrodem jest p\u0142atny parking (pierwsza godzina 1,8\u20ac), a obok parku ogr\u00f3d z motylami. Poi wyj\u015bciu z parku warto przej\u015b\u0107 si\u0119 ulicami miasta i wst\u0105pi\u0107 na kaw\u0119 do jednaj z wielu kawiarni.<\/p>\n<h2><b>Garachcio<\/b><\/h2>\n<p>Garachico by\u0142o jednym z pierwszych port\u00f3w na Teneryfie. Teraz jest tam ma\u0142a marina, ale mo\u017cna wej\u015b\u0107 do niej jedynie na spokojnej wysokiej wodzie. Warto przej\u015b\u0107 si\u0119 zabytkowymi uliczkami miasteczka i odwiedzi\u0107 naturalne baseny lawowe (maj\u0105 drabinki i schodki do wchodzenia, a woda jest w nich krystalicznie czysta). W\u015br\u00f3d tych basen\u00f3w prowadz\u0105 \u0142adne \u015bcie\u017cki, kt\u00f3rych kraw\u0119dzie s\u0105 pomalowane na bia\u0142o.<\/p>\n<h2><strong>Masca<\/strong><\/h2>\n<p>Przepi\u0119kna miejscowo\u015b\u0107 w kt\u00f3rej zaczyna si\u0119 w\u0105w\u00f3z o tej samej nazwie. Do miejscowo\u015bci prowadzi kr\u0119ta g\u00f3rska droga (asfaltowa) z mijankami dla wi\u0119kszych samochod\u00f3w. Widoki s\u0105 ob\u0142\u0119dne, to Los Gigantes od strony l\u0105du. Po drodze jest kilka oznaczonych punkt\u00f3w widokowych, na kt\u00f3rych warto si\u0119 zatrzyma\u0107, \u017ce by podziwi\u0107 widoki i zrobi\u0107 kilka zdj\u0119\u0107. Przy wiosce jest parking ograniczony czasowo (do 2 godzin)<\/p>\n<h2><b>Puerto de la Cruz<\/b><\/h2>\n<p>Jedna z najbardziej znanych miejscowo\u015bci wypoczynkowych na Teneryfie. Znajduje si\u0119 tu Loro Park (ogr\u00f3d botaniczny i zoo z pokazami tresury m.in. orek). Samo miasteczko jest bardzo turystyczne, z mas\u0105 sklepik\u00f3w i kawiarenek, no i oczywi\u015bcie pla\u017c. Na dole jest ogromny bezp\u0142atny parking, gdzie mo\u017cna zostawi\u0107 samoch\u00f3d i przej\u015b\u0107 si\u0119 uliczkami miasta.<\/p>\n<h2><b>Las Galletas<\/b><\/h2>\n<h3>Marina del Sur<\/h3>\n<p>Marina na po\u0142udniu Teneryfy, troch\u0119 dalej ni\u017c Marina San Miguel. Przemi\u0142e panie w biurze mariny, ale na tym koniec zalet tej mariny. Stoi si\u0119 na mooringach ruf\u0105 do kei (marinero odbiera cumy), jest du\u017ce zafalowanie w porcie, pomosty p\u0142ywaj\u0105ce s\u0105 tylko zakotwiczone wi\u0119c te\u017c \u201echodz\u0105\u201d na fali. Toalety nie maj\u0105 zamk\u00f3w, prysznice s\u0105 raczej klaustrofobiczne, a do tego to najdro\u017csza marina na Wyspach Kanaryjskich w kt\u00f3rej byli\u015bmy do tej pory (ponad 46\u20ac za nasz\u0105 \u0142\u00f3dk\u0119) kaucja za kart\u0119 10\u20ac, i tu ciekawostka \u2013 w biurze s\u0105 dwie panie, jedna wypisuje papiery i wystawia faktury, a druga programuje karty i pobiera, a potem oddaje kaucj\u0119 za karty.<\/p>\n<h3>Miasteczko<\/h3>\n<p>Las Galletas to niezbyt du\u017ce miasteczko letniskowe, jest pla\u017ca dla surfer\u00f3w (w\u015br\u00f3d ska\u0142 tworz\u0105 si\u0119 du\u017ce fale), troch\u0119 r\u00f3\u017cnych sklep\u00f3w, knajpki i sklep nurkowy (ca\u0142kiem nie\u017ale zaopatrzony).<\/p>\n<h2><b>San Sebastian de La Gomera<\/b><\/h2>\n<h3>Marina La Gomera<\/h3>\n<p>Jedyna marina na wyspie, do kt\u00f3rej si\u0119 mie\u015bcimy. Trzeba wcze\u015bniej zarezerwowa\u0107, chocia\u017c poza sezonem jest du\u017co wolnych miejsc. Biuro mariny czynne 8:30 do 14:30, ale \u201edoba hotelowa\u201d jest do 12:00 i do tej godziny trzeba opu\u015bci\u0107 marin\u0119. Biuro mariny znajduje si\u0119 na pi\u0119trze w budynku naprzeciwko mariny. Do wej\u015bcia na pomosty i do sanitariat\u00f3w potrzebna jest karta (kaucja 5\u20ac). Sanitariaty znajduj\u0105 si\u0119 na drugim ko\u0144cu mariny (ale marina nie jest bardzo du\u017ca) i s\u0105 ca\u0142kiem sympatyczne. Staje si\u0119 w Y-bomach (podw\u00f3jnych) a do mariny podchodzi si\u0119 torem wyznaczonym przez \u017c\u00f3\u0142te bojki, w ten spos\u00f3b jachty nie koliduj\u0105 z promami.<\/p>\n<h3>Miasto<\/h3>\n<p>Miasteczko, mimo, \u017ce stolica wyspy jest raczej turystyczne ni\u017c miejskie. Do obejrzenia jest ko\u015bci\u00f3\u0142, dom Kolumba, \u0142adne uliczki z balkonami i pla\u017ca. W mie\u015bcie jest Spar (raczej ma\u0142y) i Tu Trebol, spory sklep w centrum handlowym ko\u0142o dworca autobusowego. Jest tam te\u017c troch\u0119 stoisk z warzywami.<\/p>\n<p>&nbsp;<\/p>\n<style type=\"text\/css\">\n#foogallery-gallery-4097 .fg-image { width: 150px; }\n#foogallery-gallery-4097 { --fg-gutter: 10px; }<\/style>\n\t\t\t<div class=\"foogallery foogallery-container foogallery-default foogallery-lightbox-foobox fg-center fg-default fg-ready fg-light fg-border-thin fg-shadow-outline fg-loading-default fg-loaded-fade-in fg-caption-hover fg-hover-fade fg-hover-zoom\" id=\"foogallery-gallery-4097\" data-foogallery=\"{&quot;item&quot;:{&quot;showCaptionTitle&quot;:true,&quot;showCaptionDescription&quot;:true},&quot;lazy&quot;:true}\" style=\"--fg-title-line-clamp: 0; --fg-description-line-clamp: 0;\" >\n\t<div class=\"fg-item fg-type-image fg-idle\"><figure class=\"fg-item-inner\"><a href=\"https:\/\/pluskata.pl\/www\/wp-content\/uploads\/2023\/06\/Las-Palmas-marina.jpg\" data-caption-title=\"Las Palmas marina\" data-attachment-id=\"4095\" data-type=\"image\" class=\"fg-thumb\"><span class=\"fg-image-wrap\"><img decoding=\"async\" alt=\"Las Palmas marina\" width=\"150\" height=\"150\" class=\"skip-lazy fg-image\" data-src-fg=\"https:\/\/pluskata.pl\/www\/wp-content\/uploads\/cache\/2023\/06\/Las-Palmas-marina\/1390265880.jpg\" src=\"data:image\/svg+xml,%3Csvg%20xmlns%3D%22http%3A%2F%2Fwww.w3.org%2F2000%2Fsvg%22%20width%3D%22150%22%20height%3D%22150%22%20viewBox%3D%220%200%20150%20150%22%3E%3C%2Fsvg%3E\" loading=\"eager\"><\/span><span class=\"fg-image-overlay\"><\/span><\/a><figcaption class=\"fg-caption\"><div class=\"fg-caption-inner\"><div class=\"fg-caption-title\">Las Palmas marina<\/div><\/div><\/figcaption><\/figure><div class=\"fg-loader\"><\/div><\/div><div class=\"fg-item fg-type-image fg-idle\"><figure class=\"fg-item-inner\"><a href=\"https:\/\/pluskata.pl\/www\/wp-content\/uploads\/2023\/06\/Las-Palmas-ulica-przy-marinie.jpg\" data-caption-title=\"Las Palmas\" data-attachment-id=\"4094\" data-type=\"image\" class=\"fg-thumb\"><span class=\"fg-image-wrap\"><img decoding=\"async\" alt=\"Las Palmas\" width=\"150\" height=\"150\" class=\"skip-lazy fg-image\" data-src-fg=\"https:\/\/pluskata.pl\/www\/wp-content\/uploads\/cache\/2023\/06\/Las-Palmas-ulica-przy-marinie\/2429624183.jpg\" src=\"data:image\/svg+xml,%3Csvg%20xmlns%3D%22http%3A%2F%2Fwww.w3.org%2F2000%2Fsvg%22%20width%3D%22150%22%20height%3D%22150%22%20viewBox%3D%220%200%20150%20150%22%3E%3C%2Fsvg%3E\" loading=\"eager\"><\/span><span class=\"fg-image-overlay\"><\/span><\/a><figcaption class=\"fg-caption\"><div class=\"fg-caption-inner\"><div class=\"fg-caption-title\">Las Palmas<\/div><\/div><\/figcaption><\/figure><div class=\"fg-loader\"><\/div><\/div><div class=\"fg-item fg-type-image fg-idle\"><figure class=\"fg-item-inner\"><a href=\"https:\/\/pluskata.pl\/www\/wp-content\/uploads\/2023\/06\/Playa-El-Puertillo.jpg\" data-caption-title=\"Playa El Puertillo\" data-attachment-id=\"4096\" data-type=\"image\" class=\"fg-thumb\"><span class=\"fg-image-wrap\"><img decoding=\"async\" alt=\"Playa El Puertillo\" width=\"150\" height=\"150\" class=\"skip-lazy fg-image\" data-src-fg=\"https:\/\/pluskata.pl\/www\/wp-content\/uploads\/cache\/2023\/06\/Playa-El-Puertillo\/2924689844.jpg\" src=\"data:image\/svg+xml,%3Csvg%20xmlns%3D%22http%3A%2F%2Fwww.w3.org%2F2000%2Fsvg%22%20width%3D%22150%22%20height%3D%22150%22%20viewBox%3D%220%200%20150%20150%22%3E%3C%2Fsvg%3E\" loading=\"eager\"><\/span><span class=\"fg-image-overlay\"><\/span><\/a><figcaption class=\"fg-caption\"><div class=\"fg-caption-inner\"><div class=\"fg-caption-title\">Playa El Puertillo<\/div><\/div><\/figcaption><\/figure><div class=\"fg-loader\"><\/div><\/div><div class=\"fg-item fg-type-image fg-idle\"><figure class=\"fg-item-inner\"><a href=\"https:\/\/pluskata.pl\/www\/wp-content\/uploads\/2023\/06\/Las-Palmas-z-morza.jpg\" data-caption-title=\"Las Palmas\" data-attachment-id=\"4093\" data-type=\"image\" class=\"fg-thumb\"><span class=\"fg-image-wrap\"><img decoding=\"async\" alt=\"Las Palmas\" width=\"150\" height=\"150\" class=\"skip-lazy fg-image\" data-src-fg=\"https:\/\/pluskata.pl\/www\/wp-content\/uploads\/cache\/2023\/06\/Las-Palmas-z-morza\/837888421.jpg\" src=\"data:image\/svg+xml,%3Csvg%20xmlns%3D%22http%3A%2F%2Fwww.w3.org%2F2000%2Fsvg%22%20width%3D%22150%22%20height%3D%22150%22%20viewBox%3D%220%200%20150%20150%22%3E%3C%2Fsvg%3E\" loading=\"eager\"><\/span><span class=\"fg-image-overlay\"><\/span><\/a><figcaption class=\"fg-caption\"><div class=\"fg-caption-inner\"><div class=\"fg-caption-title\">Las Palmas<\/div><\/div><\/figcaption><\/figure><div class=\"fg-loader\"><\/div><\/div><div class=\"fg-item fg-type-image fg-idle\"><figure class=\"fg-item-inner\"><a href=\"https:\/\/pluskata.pl\/www\/wp-content\/uploads\/2023\/06\/Jaszczurki.jpg\" data-caption-title=\"Jaszczurki\" data-attachment-id=\"4092\" data-type=\"image\" class=\"fg-thumb\"><span class=\"fg-image-wrap\"><img decoding=\"async\" alt=\"Jaszczurki\" width=\"150\" height=\"150\" class=\"skip-lazy fg-image\" data-src-fg=\"https:\/\/pluskata.pl\/www\/wp-content\/uploads\/cache\/2023\/06\/Jaszczurki\/529263460.jpg\" src=\"data:image\/svg+xml,%3Csvg%20xmlns%3D%22http%3A%2F%2Fwww.w3.org%2F2000%2Fsvg%22%20width%3D%22150%22%20height%3D%22150%22%20viewBox%3D%220%200%20150%20150%22%3E%3C%2Fsvg%3E\" loading=\"eager\"><\/span><span class=\"fg-image-overlay\"><\/span><\/a><figcaption class=\"fg-caption\"><div class=\"fg-caption-inner\"><div class=\"fg-caption-title\">Jaszczurki<\/div><\/div><\/figcaption><\/figure><div class=\"fg-loader\"><\/div><\/div><div class=\"fg-item fg-type-image fg-idle\"><figure class=\"fg-item-inner\"><a href=\"https:\/\/pluskata.pl\/www\/wp-content\/uploads\/2023\/06\/Parque-del-Drago-dracena.jpg\" data-caption-title=\"Parque del Drago\" data-attachment-id=\"4091\" data-type=\"image\" class=\"fg-thumb\"><span class=\"fg-image-wrap\"><img decoding=\"async\" alt=\"Parque del Drago\" width=\"150\" height=\"150\" class=\"skip-lazy fg-image\" data-src-fg=\"https:\/\/pluskata.pl\/www\/wp-content\/uploads\/cache\/2023\/06\/Parque-del-Drago-dracena\/500444402.jpg\" src=\"data:image\/svg+xml,%3Csvg%20xmlns%3D%22http%3A%2F%2Fwww.w3.org%2F2000%2Fsvg%22%20width%3D%22150%22%20height%3D%22150%22%20viewBox%3D%220%200%20150%20150%22%3E%3C%2Fsvg%3E\" loading=\"eager\"><\/span><span class=\"fg-image-overlay\"><\/span><\/a><figcaption class=\"fg-caption\"><div class=\"fg-caption-inner\"><div class=\"fg-caption-title\">Parque del Drago<\/div><\/div><\/figcaption><\/figure><div class=\"fg-loader\"><\/div><\/div><div class=\"fg-item fg-type-image fg-idle\"><figure class=\"fg-item-inner\"><a href=\"https:\/\/pluskata.pl\/www\/wp-content\/uploads\/2023\/06\/Parque-del-Drago-przedszkole-dracen.jpg\" data-caption-title=\"Parque del Drago\" data-attachment-id=\"4090\" data-type=\"image\" class=\"fg-thumb\"><span class=\"fg-image-wrap\"><img decoding=\"async\" alt=\"Parque del Drago\" width=\"150\" height=\"150\" class=\"skip-lazy fg-image\" data-src-fg=\"https:\/\/pluskata.pl\/www\/wp-content\/uploads\/cache\/2023\/06\/Parque-del-Drago-przedszkole-dracen\/99817555.jpg\" src=\"data:image\/svg+xml,%3Csvg%20xmlns%3D%22http%3A%2F%2Fwww.w3.org%2F2000%2Fsvg%22%20width%3D%22150%22%20height%3D%22150%22%20viewBox%3D%220%200%20150%20150%22%3E%3C%2Fsvg%3E\" loading=\"eager\"><\/span><span class=\"fg-image-overlay\"><\/span><\/a><figcaption class=\"fg-caption\"><div class=\"fg-caption-inner\"><div class=\"fg-caption-title\">Parque del Drago<\/div><\/div><\/figcaption><\/figure><div class=\"fg-loader\"><\/div><\/div><div class=\"fg-item fg-type-image fg-idle\"><figure class=\"fg-item-inner\"><a href=\"https:\/\/pluskata.pl\/www\/wp-content\/uploads\/2023\/06\/Parque-del-Drago-oregano.jpg\" data-caption-title=\"Parque del Drago\" data-attachment-id=\"4089\" data-type=\"image\" class=\"fg-thumb\"><span class=\"fg-image-wrap\"><img decoding=\"async\" alt=\"Parque del Drago\" width=\"150\" height=\"150\" class=\"skip-lazy fg-image\" data-src-fg=\"https:\/\/pluskata.pl\/www\/wp-content\/uploads\/cache\/2023\/06\/Parque-del-Drago-oregano\/309301976.jpg\" src=\"data:image\/svg+xml,%3Csvg%20xmlns%3D%22http%3A%2F%2Fwww.w3.org%2F2000%2Fsvg%22%20width%3D%22150%22%20height%3D%22150%22%20viewBox%3D%220%200%20150%20150%22%3E%3C%2Fsvg%3E\" loading=\"eager\"><\/span><span class=\"fg-image-overlay\"><\/span><\/a><figcaption class=\"fg-caption\"><div class=\"fg-caption-inner\"><div class=\"fg-caption-title\">Parque del Drago<\/div><\/div><\/figcaption><\/figure><div class=\"fg-loader\"><\/div><\/div><div class=\"fg-item fg-type-image fg-idle\"><figure class=\"fg-item-inner\"><a href=\"https:\/\/pluskata.pl\/www\/wp-content\/uploads\/2023\/06\/Garachcio-podworko.jpg\" data-caption-title=\"Garachcio\" data-attachment-id=\"4088\" data-type=\"image\" class=\"fg-thumb\"><span class=\"fg-image-wrap\"><img decoding=\"async\" alt=\"Garachcio\" width=\"150\" height=\"150\" class=\"skip-lazy fg-image\" data-src-fg=\"https:\/\/pluskata.pl\/www\/wp-content\/uploads\/cache\/2023\/06\/Garachcio-podworko\/2091534762.jpg\" src=\"data:image\/svg+xml,%3Csvg%20xmlns%3D%22http%3A%2F%2Fwww.w3.org%2F2000%2Fsvg%22%20width%3D%22150%22%20height%3D%22150%22%20viewBox%3D%220%200%20150%20150%22%3E%3C%2Fsvg%3E\" loading=\"eager\"><\/span><span class=\"fg-image-overlay\"><\/span><\/a><figcaption class=\"fg-caption\"><div class=\"fg-caption-inner\"><div class=\"fg-caption-title\">Garachcio<\/div><\/div><\/figcaption><\/figure><div class=\"fg-loader\"><\/div><\/div><div class=\"fg-item fg-type-image fg-idle\"><figure class=\"fg-item-inner\"><a href=\"https:\/\/pluskata.pl\/www\/wp-content\/uploads\/2023\/06\/Garachcio-kwiat.jpg\" data-caption-title=\"Garachcio\" data-attachment-id=\"4087\" data-type=\"image\" class=\"fg-thumb\"><span class=\"fg-image-wrap\"><img decoding=\"async\" alt=\"Garachcio\" width=\"150\" height=\"150\" class=\"skip-lazy fg-image\" data-src-fg=\"https:\/\/pluskata.pl\/www\/wp-content\/uploads\/cache\/2023\/06\/Garachcio-kwiat\/2931940471.jpg\" src=\"data:image\/svg+xml,%3Csvg%20xmlns%3D%22http%3A%2F%2Fwww.w3.org%2F2000%2Fsvg%22%20width%3D%22150%22%20height%3D%22150%22%20viewBox%3D%220%200%20150%20150%22%3E%3C%2Fsvg%3E\" loading=\"eager\"><\/span><span class=\"fg-image-overlay\"><\/span><\/a><figcaption class=\"fg-caption\"><div class=\"fg-caption-inner\"><div class=\"fg-caption-title\">Garachcio<\/div><\/div><\/figcaption><\/figure><div class=\"fg-loader\"><\/div><\/div><div class=\"fg-item fg-type-image fg-idle\"><figure class=\"fg-item-inner\"><a href=\"https:\/\/pluskata.pl\/www\/wp-content\/uploads\/2023\/06\/Garachcio-ulica.jpg\" data-caption-title=\"Garachcio\" data-attachment-id=\"4086\" data-type=\"image\" class=\"fg-thumb\"><span class=\"fg-image-wrap\"><img decoding=\"async\" alt=\"Garachcio\" width=\"150\" height=\"150\" class=\"skip-lazy fg-image\" data-src-fg=\"https:\/\/pluskata.pl\/www\/wp-content\/uploads\/cache\/2023\/06\/Garachcio-ulica\/1617171228.jpg\" src=\"data:image\/svg+xml,%3Csvg%20xmlns%3D%22http%3A%2F%2Fwww.w3.org%2F2000%2Fsvg%22%20width%3D%22150%22%20height%3D%22150%22%20viewBox%3D%220%200%20150%20150%22%3E%3C%2Fsvg%3E\" loading=\"eager\"><\/span><span class=\"fg-image-overlay\"><\/span><\/a><figcaption class=\"fg-caption\"><div class=\"fg-caption-inner\"><div class=\"fg-caption-title\">Garachcio<\/div><\/div><\/figcaption><\/figure><div class=\"fg-loader\"><\/div><\/div><div class=\"fg-item fg-type-image fg-idle\"><figure class=\"fg-item-inner\"><a href=\"https:\/\/pluskata.pl\/www\/wp-content\/uploads\/2023\/06\/Garachcio-twierdza.jpg\" data-caption-title=\"Garachcio\" data-attachment-id=\"4085\" data-type=\"image\" class=\"fg-thumb\"><span class=\"fg-image-wrap\"><img decoding=\"async\" alt=\"Garachcio\" width=\"150\" height=\"150\" class=\"skip-lazy fg-image\" data-src-fg=\"https:\/\/pluskata.pl\/www\/wp-content\/uploads\/cache\/2023\/06\/Garachcio-twierdza\/1729471641.jpg\" src=\"data:image\/svg+xml,%3Csvg%20xmlns%3D%22http%3A%2F%2Fwww.w3.org%2F2000%2Fsvg%22%20width%3D%22150%22%20height%3D%22150%22%20viewBox%3D%220%200%20150%20150%22%3E%3C%2Fsvg%3E\" loading=\"eager\"><\/span><span class=\"fg-image-overlay\"><\/span><\/a><figcaption class=\"fg-caption\"><div class=\"fg-caption-inner\"><div class=\"fg-caption-title\">Garachcio<\/div><\/div><\/figcaption><\/figure><div class=\"fg-loader\"><\/div><\/div><div class=\"fg-item fg-type-image fg-idle\"><figure class=\"fg-item-inner\"><a href=\"https:\/\/pluskata.pl\/www\/wp-content\/uploads\/2023\/06\/Garachcio-armata.jpg\" data-caption-title=\"Garachcio\" data-attachment-id=\"4084\" data-type=\"image\" class=\"fg-thumb\"><span class=\"fg-image-wrap\"><img decoding=\"async\" alt=\"Garachcio\" width=\"150\" height=\"150\" class=\"skip-lazy fg-image\" data-src-fg=\"https:\/\/pluskata.pl\/www\/wp-content\/uploads\/cache\/2023\/06\/Garachcio-armata\/3419864309.jpg\" src=\"data:image\/svg+xml,%3Csvg%20xmlns%3D%22http%3A%2F%2Fwww.w3.org%2F2000%2Fsvg%22%20width%3D%22150%22%20height%3D%22150%22%20viewBox%3D%220%200%20150%20150%22%3E%3C%2Fsvg%3E\" loading=\"eager\"><\/span><span class=\"fg-image-overlay\"><\/span><\/a><figcaption class=\"fg-caption\"><div class=\"fg-caption-inner\"><div class=\"fg-caption-title\">Garachcio<\/div><\/div><\/figcaption><\/figure><div class=\"fg-loader\"><\/div><\/div><div class=\"fg-item fg-type-image fg-idle\"><figure class=\"fg-item-inner\"><a href=\"https:\/\/pluskata.pl\/www\/wp-content\/uploads\/2023\/06\/Los-Gigantes.jpg\" data-caption-title=\"Masca\" data-attachment-id=\"4083\" data-type=\"image\" class=\"fg-thumb\"><span class=\"fg-image-wrap\"><img decoding=\"async\" alt=\"Masca\" width=\"150\" height=\"150\" class=\"skip-lazy fg-image\" data-src-fg=\"https:\/\/pluskata.pl\/www\/wp-content\/uploads\/cache\/2023\/06\/Los-Gigantes\/3297887490.jpg\" src=\"data:image\/svg+xml,%3Csvg%20xmlns%3D%22http%3A%2F%2Fwww.w3.org%2F2000%2Fsvg%22%20width%3D%22150%22%20height%3D%22150%22%20viewBox%3D%220%200%20150%20150%22%3E%3C%2Fsvg%3E\" loading=\"eager\"><\/span><span class=\"fg-image-overlay\"><\/span><\/a><figcaption class=\"fg-caption\"><div class=\"fg-caption-inner\"><div class=\"fg-caption-title\">Masca<\/div><\/div><\/figcaption><\/figure><div class=\"fg-loader\"><\/div><\/div><div class=\"fg-item fg-type-image fg-idle\"><figure class=\"fg-item-inner\"><a href=\"https:\/\/pluskata.pl\/www\/wp-content\/uploads\/2023\/06\/Droga-do-Masci.jpg\" data-caption-title=\"Masca\" data-attachment-id=\"4082\" data-type=\"image\" class=\"fg-thumb\"><span class=\"fg-image-wrap\"><img decoding=\"async\" alt=\"Masca\" width=\"150\" height=\"150\" class=\"skip-lazy fg-image\" data-src-fg=\"https:\/\/pluskata.pl\/www\/wp-content\/uploads\/cache\/2023\/06\/Droga-do-Masci\/2630575812.jpg\" src=\"data:image\/svg+xml,%3Csvg%20xmlns%3D%22http%3A%2F%2Fwww.w3.org%2F2000%2Fsvg%22%20width%3D%22150%22%20height%3D%22150%22%20viewBox%3D%220%200%20150%20150%22%3E%3C%2Fsvg%3E\" loading=\"eager\"><\/span><span class=\"fg-image-overlay\"><\/span><\/a><figcaption class=\"fg-caption\"><div class=\"fg-caption-inner\"><div class=\"fg-caption-title\">Masca<\/div><\/div><\/figcaption><\/figure><div class=\"fg-loader\"><\/div><\/div><div class=\"fg-item fg-type-image fg-idle\"><figure class=\"fg-item-inner\"><a href=\"https:\/\/pluskata.pl\/www\/wp-content\/uploads\/2023\/06\/Masca.jpg\" data-caption-title=\"Masca\" data-attachment-id=\"4081\" data-type=\"image\" class=\"fg-thumb\"><span class=\"fg-image-wrap\"><img decoding=\"async\" alt=\"Masca\" width=\"150\" height=\"150\" class=\"skip-lazy fg-image\" data-src-fg=\"https:\/\/pluskata.pl\/www\/wp-content\/uploads\/cache\/2023\/06\/Masca\/3280085119.jpg\" src=\"data:image\/svg+xml,%3Csvg%20xmlns%3D%22http%3A%2F%2Fwww.w3.org%2F2000%2Fsvg%22%20width%3D%22150%22%20height%3D%22150%22%20viewBox%3D%220%200%20150%20150%22%3E%3C%2Fsvg%3E\" loading=\"eager\"><\/span><span class=\"fg-image-overlay\"><\/span><\/a><figcaption class=\"fg-caption\"><div class=\"fg-caption-inner\"><div class=\"fg-caption-title\">Masca<\/div><\/div><\/figcaption><\/figure><div class=\"fg-loader\"><\/div><\/div><div class=\"fg-item fg-type-image fg-idle\"><figure class=\"fg-item-inner\"><a href=\"https:\/\/pluskata.pl\/www\/wp-content\/uploads\/2023\/06\/El-Teide.jpg\" data-caption-title=\"El Teide\" data-attachment-id=\"4080\" data-type=\"image\" class=\"fg-thumb\"><span class=\"fg-image-wrap\"><img decoding=\"async\" alt=\"El Teide\" width=\"150\" height=\"150\" class=\"skip-lazy fg-image\" data-src-fg=\"https:\/\/pluskata.pl\/www\/wp-content\/uploads\/cache\/2023\/06\/El-Teide\/2092868585.jpg\" src=\"data:image\/svg+xml,%3Csvg%20xmlns%3D%22http%3A%2F%2Fwww.w3.org%2F2000%2Fsvg%22%20width%3D%22150%22%20height%3D%22150%22%20viewBox%3D%220%200%20150%20150%22%3E%3C%2Fsvg%3E\" loading=\"eager\"><\/span><span class=\"fg-image-overlay\"><\/span><\/a><figcaption class=\"fg-caption\"><div class=\"fg-caption-inner\"><div class=\"fg-caption-title\">El Teide<\/div><\/div><\/figcaption><\/figure><div class=\"fg-loader\"><\/div><\/div><div class=\"fg-item fg-type-image fg-idle\"><figure class=\"fg-item-inner\"><a href=\"https:\/\/pluskata.pl\/www\/wp-content\/uploads\/2023\/06\/Puerto-de-la-Cruz-kosciol.jpg\" data-caption-title=\"Puerto de la Cruz\" data-attachment-id=\"4079\" data-type=\"image\" class=\"fg-thumb\"><span class=\"fg-image-wrap\"><img decoding=\"async\" alt=\"Puerto de la Cruz\" width=\"150\" height=\"150\" class=\"skip-lazy fg-image\" data-src-fg=\"https:\/\/pluskata.pl\/www\/wp-content\/uploads\/cache\/2023\/06\/Puerto-de-la-Cruz-kosciol\/1031975414.jpg\" src=\"data:image\/svg+xml,%3Csvg%20xmlns%3D%22http%3A%2F%2Fwww.w3.org%2F2000%2Fsvg%22%20width%3D%22150%22%20height%3D%22150%22%20viewBox%3D%220%200%20150%20150%22%3E%3C%2Fsvg%3E\" loading=\"eager\"><\/span><span class=\"fg-image-overlay\"><\/span><\/a><figcaption class=\"fg-caption\"><div class=\"fg-caption-inner\"><div class=\"fg-caption-title\">Puerto de la Cruz<\/div><\/div><\/figcaption><\/figure><div class=\"fg-loader\"><\/div><\/div><div class=\"fg-item fg-type-image fg-idle\"><figure class=\"fg-item-inner\"><a href=\"https:\/\/pluskata.pl\/www\/wp-content\/uploads\/2023\/06\/Puerto-de-la-Cruz-balkony.jpg\" data-caption-title=\"Puerto de la Cruz\" data-attachment-id=\"4078\" data-type=\"image\" class=\"fg-thumb\"><span class=\"fg-image-wrap\"><img decoding=\"async\" alt=\"Puerto de la Cruz\" width=\"150\" height=\"150\" class=\"skip-lazy fg-image\" data-src-fg=\"https:\/\/pluskata.pl\/www\/wp-content\/uploads\/cache\/2023\/06\/Puerto-de-la-Cruz-balkony\/2048204819.jpg\" src=\"data:image\/svg+xml,%3Csvg%20xmlns%3D%22http%3A%2F%2Fwww.w3.org%2F2000%2Fsvg%22%20width%3D%22150%22%20height%3D%22150%22%20viewBox%3D%220%200%20150%20150%22%3E%3C%2Fsvg%3E\" loading=\"eager\"><\/span><span class=\"fg-image-overlay\"><\/span><\/a><figcaption class=\"fg-caption\"><div class=\"fg-caption-inner\"><div class=\"fg-caption-title\">Puerto de la Cruz<\/div><\/div><\/figcaption><\/figure><div class=\"fg-loader\"><\/div><\/div><div class=\"fg-item fg-type-image fg-idle\"><figure class=\"fg-item-inner\"><a href=\"https:\/\/pluskata.pl\/www\/wp-content\/uploads\/2023\/06\/Puerto-de-la-Cruz-baseny.jpg\" data-caption-title=\"Puerto de la Cruz\" data-attachment-id=\"4077\" data-type=\"image\" class=\"fg-thumb\"><span class=\"fg-image-wrap\"><img decoding=\"async\" alt=\"Puerto de la Cruz\" width=\"150\" height=\"150\" class=\"skip-lazy fg-image\" data-src-fg=\"https:\/\/pluskata.pl\/www\/wp-content\/uploads\/cache\/2023\/06\/Puerto-de-la-Cruz-baseny\/1799423011.jpg\" src=\"data:image\/svg+xml,%3Csvg%20xmlns%3D%22http%3A%2F%2Fwww.w3.org%2F2000%2Fsvg%22%20width%3D%22150%22%20height%3D%22150%22%20viewBox%3D%220%200%20150%20150%22%3E%3C%2Fsvg%3E\" loading=\"eager\"><\/span><span class=\"fg-image-overlay\"><\/span><\/a><figcaption class=\"fg-caption\"><div class=\"fg-caption-inner\"><div class=\"fg-caption-title\">Puerto de la Cruz<\/div><\/div><\/figcaption><\/figure><div class=\"fg-loader\"><\/div><\/div><div class=\"fg-item fg-type-image fg-idle\"><figure class=\"fg-item-inner\"><a href=\"https:\/\/pluskata.pl\/www\/wp-content\/uploads\/2023\/06\/Puerto-de-la-Cruz-ulica.jpg\" data-caption-title=\"Puerto de la Cruz\" data-attachment-id=\"4076\" data-type=\"image\" class=\"fg-thumb\"><span class=\"fg-image-wrap\"><img decoding=\"async\" alt=\"Puerto de la Cruz\" width=\"150\" height=\"150\" class=\"skip-lazy fg-image\" data-src-fg=\"https:\/\/pluskata.pl\/www\/wp-content\/uploads\/cache\/2023\/06\/Puerto-de-la-Cruz-ulica\/3441129626.jpg\" src=\"data:image\/svg+xml,%3Csvg%20xmlns%3D%22http%3A%2F%2Fwww.w3.org%2F2000%2Fsvg%22%20width%3D%22150%22%20height%3D%22150%22%20viewBox%3D%220%200%20150%20150%22%3E%3C%2Fsvg%3E\" loading=\"eager\"><\/span><span class=\"fg-image-overlay\"><\/span><\/a><figcaption class=\"fg-caption\"><div class=\"fg-caption-inner\"><div class=\"fg-caption-title\">Puerto de la Cruz<\/div><\/div><\/figcaption><\/figure><div class=\"fg-loader\"><\/div><\/div><div class=\"fg-item fg-type-image fg-idle\"><figure class=\"fg-item-inner\"><a href=\"https:\/\/pluskata.pl\/www\/wp-content\/uploads\/2023\/06\/Puerto-de-la-Cruz.jpg\" data-caption-title=\"Puerto de la Cruz\" data-attachment-id=\"4075\" data-type=\"image\" class=\"fg-thumb\"><span class=\"fg-image-wrap\"><img decoding=\"async\" alt=\"Puerto de la Cruz\" width=\"150\" height=\"150\" class=\"skip-lazy fg-image\" data-src-fg=\"https:\/\/pluskata.pl\/www\/wp-content\/uploads\/cache\/2023\/06\/Puerto-de-la-Cruz\/334642710.jpg\" src=\"data:image\/svg+xml,%3Csvg%20xmlns%3D%22http%3A%2F%2Fwww.w3.org%2F2000%2Fsvg%22%20width%3D%22150%22%20height%3D%22150%22%20viewBox%3D%220%200%20150%20150%22%3E%3C%2Fsvg%3E\" loading=\"eager\"><\/span><span class=\"fg-image-overlay\"><\/span><\/a><figcaption class=\"fg-caption\"><div class=\"fg-caption-inner\"><div class=\"fg-caption-title\">Puerto de la Cruz<\/div><\/div><\/figcaption><\/figure><div class=\"fg-loader\"><\/div><\/div><div class=\"fg-item fg-type-image fg-idle\"><figure class=\"fg-item-inner\"><a href=\"https:\/\/pluskata.pl\/www\/wp-content\/uploads\/2023\/06\/Genaker-1.jpg\" data-caption-title=\"Genaker\" data-attachment-id=\"4074\" data-type=\"image\" class=\"fg-thumb\"><span class=\"fg-image-wrap\"><img decoding=\"async\" alt=\"Genaker\" width=\"150\" height=\"150\" class=\"skip-lazy fg-image\" data-src-fg=\"https:\/\/pluskata.pl\/www\/wp-content\/uploads\/cache\/2023\/06\/Genaker-1\/2889021485.jpg\" src=\"data:image\/svg+xml,%3Csvg%20xmlns%3D%22http%3A%2F%2Fwww.w3.org%2F2000%2Fsvg%22%20width%3D%22150%22%20height%3D%22150%22%20viewBox%3D%220%200%20150%20150%22%3E%3C%2Fsvg%3E\" loading=\"eager\"><\/span><span class=\"fg-image-overlay\"><\/span><\/a><figcaption class=\"fg-caption\"><div class=\"fg-caption-inner\"><div class=\"fg-caption-title\">Genaker<\/div><\/div><\/figcaption><\/figure><div class=\"fg-loader\"><\/div><\/div><div class=\"fg-item fg-type-image fg-idle\"><figure class=\"fg-item-inner\"><a href=\"https:\/\/pluskata.pl\/www\/wp-content\/uploads\/2023\/06\/La-Galletas-marina.jpg\" data-caption-title=\"La Galletas\" data-attachment-id=\"4073\" data-type=\"image\" class=\"fg-thumb\"><span class=\"fg-image-wrap\"><img decoding=\"async\" alt=\"La Galletas\" width=\"150\" height=\"150\" class=\"skip-lazy fg-image\" data-src-fg=\"https:\/\/pluskata.pl\/www\/wp-content\/uploads\/cache\/2023\/06\/La-Galletas-marina\/2059539441.jpg\" src=\"data:image\/svg+xml,%3Csvg%20xmlns%3D%22http%3A%2F%2Fwww.w3.org%2F2000%2Fsvg%22%20width%3D%22150%22%20height%3D%22150%22%20viewBox%3D%220%200%20150%20150%22%3E%3C%2Fsvg%3E\" loading=\"eager\"><\/span><span class=\"fg-image-overlay\"><\/span><\/a><figcaption class=\"fg-caption\"><div class=\"fg-caption-inner\"><div class=\"fg-caption-title\">La Galletas<\/div><\/div><\/figcaption><\/figure><div class=\"fg-loader\"><\/div><\/div><div class=\"fg-item fg-type-image fg-idle\"><figure class=\"fg-item-inner\"><a href=\"https:\/\/pluskata.pl\/www\/wp-content\/uploads\/2023\/06\/San-Sebastian-Kolumb.jpg\" data-caption-title=\"San Sebastian\" data-attachment-id=\"4072\" data-type=\"image\" class=\"fg-thumb\"><span class=\"fg-image-wrap\"><img decoding=\"async\" alt=\"San Sebastian\" width=\"150\" height=\"150\" class=\"skip-lazy fg-image\" data-src-fg=\"https:\/\/pluskata.pl\/www\/wp-content\/uploads\/cache\/2023\/06\/San-Sebastian-Kolumb\/1530353785.jpg\" src=\"data:image\/svg+xml,%3Csvg%20xmlns%3D%22http%3A%2F%2Fwww.w3.org%2F2000%2Fsvg%22%20width%3D%22150%22%20height%3D%22150%22%20viewBox%3D%220%200%20150%20150%22%3E%3C%2Fsvg%3E\" loading=\"eager\"><\/span><span class=\"fg-image-overlay\"><\/span><\/a><figcaption class=\"fg-caption\"><div class=\"fg-caption-inner\"><div class=\"fg-caption-title\">San Sebastian<\/div><\/div><\/figcaption><\/figure><div class=\"fg-loader\"><\/div><\/div><div class=\"fg-item fg-type-image fg-idle\"><figure class=\"fg-item-inner\"><a href=\"https:\/\/pluskata.pl\/www\/wp-content\/uploads\/2023\/06\/San-Sebastian-ulica.jpg\" data-caption-title=\"San Sebastian\" data-attachment-id=\"4071\" data-type=\"image\" class=\"fg-thumb\"><span class=\"fg-image-wrap\"><img decoding=\"async\" alt=\"San Sebastian\" width=\"150\" height=\"150\" class=\"skip-lazy fg-image\" data-src-fg=\"https:\/\/pluskata.pl\/www\/wp-content\/uploads\/cache\/2023\/06\/San-Sebastian-ulica\/2055895139.jpg\" src=\"data:image\/svg+xml,%3Csvg%20xmlns%3D%22http%3A%2F%2Fwww.w3.org%2F2000%2Fsvg%22%20width%3D%22150%22%20height%3D%22150%22%20viewBox%3D%220%200%20150%20150%22%3E%3C%2Fsvg%3E\" loading=\"eager\"><\/span><span class=\"fg-image-overlay\"><\/span><\/a><figcaption class=\"fg-caption\"><div class=\"fg-caption-inner\"><div class=\"fg-caption-title\">San Sebastian<\/div><\/div><\/figcaption><\/figure><div class=\"fg-loader\"><\/div><\/div><div class=\"fg-item fg-type-image fg-idle\"><figure class=\"fg-item-inner\"><a href=\"https:\/\/pluskata.pl\/www\/wp-content\/uploads\/2023\/06\/San-Sebastian-domy.jpg\" data-caption-title=\"San Sebastian\" data-attachment-id=\"4070\" data-type=\"image\" class=\"fg-thumb\"><span class=\"fg-image-wrap\"><img decoding=\"async\" alt=\"San Sebastian\" width=\"150\" height=\"150\" class=\"skip-lazy fg-image\" data-src-fg=\"https:\/\/pluskata.pl\/www\/wp-content\/uploads\/cache\/2023\/06\/San-Sebastian-domy\/3219425413.jpg\" src=\"data:image\/svg+xml,%3Csvg%20xmlns%3D%22http%3A%2F%2Fwww.w3.org%2F2000%2Fsvg%22%20width%3D%22150%22%20height%3D%22150%22%20viewBox%3D%220%200%20150%20150%22%3E%3C%2Fsvg%3E\" loading=\"eager\"><\/span><span class=\"fg-image-overlay\"><\/span><\/a><figcaption class=\"fg-caption\"><div class=\"fg-caption-inner\"><div class=\"fg-caption-title\">San Sebastian<\/div><\/div><\/figcaption><\/figure><div class=\"fg-loader\"><\/div><\/div><div class=\"fg-item fg-type-image fg-idle\"><figure class=\"fg-item-inner\"><a href=\"https:\/\/pluskata.pl\/www\/wp-content\/uploads\/2023\/06\/San-Sebastian-kosciol.jpg\" data-caption-title=\"San Sebastian\" data-attachment-id=\"4069\" data-type=\"image\" class=\"fg-thumb\"><span class=\"fg-image-wrap\"><img decoding=\"async\" alt=\"San Sebastian\" width=\"150\" height=\"150\" class=\"skip-lazy fg-image\" data-src-fg=\"https:\/\/pluskata.pl\/www\/wp-content\/uploads\/cache\/2023\/06\/San-Sebastian-kosciol\/3793005951.jpg\" src=\"data:image\/svg+xml,%3Csvg%20xmlns%3D%22http%3A%2F%2Fwww.w3.org%2F2000%2Fsvg%22%20width%3D%22150%22%20height%3D%22150%22%20viewBox%3D%220%200%20150%20150%22%3E%3C%2Fsvg%3E\" loading=\"eager\"><\/span><span class=\"fg-image-overlay\"><\/span><\/a><figcaption class=\"fg-caption\"><div class=\"fg-caption-inner\"><div class=\"fg-caption-title\">San Sebastian<\/div><\/div><\/figcaption><\/figure><div class=\"fg-loader\"><\/div><\/div><div class=\"fg-item fg-type-image fg-idle\"><figure class=\"fg-item-inner\"><a href=\"https:\/\/pluskata.pl\/www\/wp-content\/uploads\/2023\/06\/San-Sebastian-uliczka.jpg\" data-caption-title=\"San Sebastian\" data-attachment-id=\"4068\" data-type=\"image\" class=\"fg-thumb\"><span class=\"fg-image-wrap\"><img decoding=\"async\" alt=\"San Sebastian\" width=\"150\" height=\"150\" class=\"skip-lazy fg-image\" data-src-fg=\"https:\/\/pluskata.pl\/www\/wp-content\/uploads\/cache\/2023\/06\/San-Sebastian-uliczka\/697835902.jpg\" src=\"data:image\/svg+xml,%3Csvg%20xmlns%3D%22http%3A%2F%2Fwww.w3.org%2F2000%2Fsvg%22%20width%3D%22150%22%20height%3D%22150%22%20viewBox%3D%220%200%20150%20150%22%3E%3C%2Fsvg%3E\" loading=\"eager\"><\/span><span class=\"fg-image-overlay\"><\/span><\/a><figcaption class=\"fg-caption\"><div class=\"fg-caption-inner\"><div class=\"fg-caption-title\">San Sebastian<\/div><\/div><\/figcaption><\/figure><div class=\"fg-loader\"><\/div><\/div><div class=\"fg-item fg-type-image fg-idle\"><figure class=\"fg-item-inner\"><a href=\"https:\/\/pluskata.pl\/www\/wp-content\/uploads\/2023\/06\/San-Sebastian-marina.jpg\" data-caption-title=\"San Sebastian\" data-attachment-id=\"4067\" data-type=\"image\" class=\"fg-thumb\"><span class=\"fg-image-wrap\"><img decoding=\"async\" alt=\"San Sebastian\" width=\"150\" height=\"150\" class=\"skip-lazy fg-image\" data-src-fg=\"https:\/\/pluskata.pl\/www\/wp-content\/uploads\/cache\/2023\/06\/San-Sebastian-marina\/498323343.jpg\" src=\"data:image\/svg+xml,%3Csvg%20xmlns%3D%22http%3A%2F%2Fwww.w3.org%2F2000%2Fsvg%22%20width%3D%22150%22%20height%3D%22150%22%20viewBox%3D%220%200%20150%20150%22%3E%3C%2Fsvg%3E\" loading=\"eager\"><\/span><span class=\"fg-image-overlay\"><\/span><\/a><figcaption class=\"fg-caption\"><div class=\"fg-caption-inner\"><div class=\"fg-caption-title\">San Sebastian<\/div><\/div><\/figcaption><\/figure><div class=\"fg-loader\"><\/div><\/div><div class=\"fg-item fg-type-image fg-idle\"><figure class=\"fg-item-inner\"><a href=\"https:\/\/pluskata.pl\/www\/wp-content\/uploads\/2023\/06\/San-Sebastian-wieza.jpg\" data-caption-title=\"San Sebastian\" data-attachment-id=\"4066\" data-type=\"image\" class=\"fg-thumb\"><span class=\"fg-image-wrap\"><img decoding=\"async\" alt=\"San Sebastian\" width=\"150\" height=\"150\" class=\"skip-lazy fg-image\" data-src-fg=\"https:\/\/pluskata.pl\/www\/wp-content\/uploads\/cache\/2023\/06\/San-Sebastian-wieza\/2588354917.jpg\" src=\"data:image\/svg+xml,%3Csvg%20xmlns%3D%22http%3A%2F%2Fwww.w3.org%2F2000%2Fsvg%22%20width%3D%22150%22%20height%3D%22150%22%20viewBox%3D%220%200%20150%20150%22%3E%3C%2Fsvg%3E\" loading=\"eager\"><\/span><span class=\"fg-image-overlay\"><\/span><\/a><figcaption class=\"fg-caption\"><div class=\"fg-caption-inner\"><div class=\"fg-caption-title\">San Sebastian<\/div><\/div><\/figcaption><\/figure><div class=\"fg-loader\"><\/div><\/div><div class=\"fg-item fg-type-image fg-idle\"><figure class=\"fg-item-inner\"><a href=\"https:\/\/pluskata.pl\/www\/wp-content\/uploads\/2023\/06\/San-Sebastian-mimozy.jpg\" data-caption-title=\"San Sebastian\" data-attachment-id=\"4065\" data-type=\"image\" class=\"fg-thumb\"><span class=\"fg-image-wrap\"><img decoding=\"async\" alt=\"San Sebastian\" width=\"150\" height=\"150\" class=\"skip-lazy fg-image\" data-src-fg=\"https:\/\/pluskata.pl\/www\/wp-content\/uploads\/cache\/2023\/06\/San-Sebastian-mimozy\/2134783823.jpg\" src=\"data:image\/svg+xml,%3Csvg%20xmlns%3D%22http%3A%2F%2Fwww.w3.org%2F2000%2Fsvg%22%20width%3D%22150%22%20height%3D%22150%22%20viewBox%3D%220%200%20150%20150%22%3E%3C%2Fsvg%3E\" loading=\"eager\"><\/span><span class=\"fg-image-overlay\"><\/span><\/a><figcaption class=\"fg-caption\"><div class=\"fg-caption-inner\"><div class=\"fg-caption-title\">San Sebastian<\/div><\/div><\/figcaption><\/figure><div class=\"fg-loader\"><\/div><\/div><\/div>\n\n","protected":false},"excerpt":{"rendered":"<p>Las Palmas Stolica Gran Canarii. Najwi\u0119ksze miasto na Wyspach Kanaryjskich \u2013 prawie 400000 mieszka\u0144c\u00f3w. Przy marinie jest 5 sklep\u00f3w \u017ceglarskich, kilka nurkowych, nie brakuje fachowc\u00f3w od wszystkiego. Na Islecie jest dzielnica przemys\u0142owa z dobrym sklepem ze stal\u0105 nierdzewn\u0105. Do starego miasta mo\u017cna z mariny doj\u015b\u0107 na piechot\u0119 (ok 30 minut)\u2026<\/p>\n<p class=\"continue-reading-button\"> <a class=\"continue-reading-link\" href=\"https:\/\/pluskata.pl\/www\/pl\/rejsy-2023\/gran-canaria-la-gomera-10-21-06-2023\/\">Czytaj dalej\/Continue reading<i class=\"crycon-right-dir\"><\/i><\/a><\/p>\n","protected":false},"author":1,"featured_media":4107,"parent":3510,"menu_order":14,"comment_status":"closed","ping_status":"closed","template":"","meta":{"footnotes":""},"class_list":["post-4098","page","type-page","status-publish","has-post-thumbnail","hentry"],"yoast_head":"<!-- This site is optimized with the Yoast SEO plugin v27.5 - https:\/\/yoast.com\/product\/yoast-seo-wordpress\/ -->\n<title>Gran Canaria - La Gomera 10-21.06.2023 - Podr\u00f3\u017ce jachtem po \u015bwiecie<\/title>\n<meta name=\"robots\" content=\"index, follow, max-snippet:-1, max-image-preview:large, max-video-preview:-1\" \/>\n<link rel=\"canonical\" href=\"https:\/\/pluskata.pl\/www\/pl\/rejsy-2023\/gran-canaria-la-gomera-10-21-06-2023\/\" \/>\n<meta property=\"og:locale\" content=\"pl_PL\" \/>\n<meta property=\"og:type\" content=\"article\" \/>\n<meta property=\"og:title\" content=\"Gran Canaria - La Gomera 10-21.06.2023 - Podr\u00f3\u017ce jachtem po \u015bwiecie\" \/>\n<meta property=\"og:description\" content=\"Las Palmas Stolica Gran Canarii. Najwi\u0119ksze miasto na Wyspach Kanaryjskich \u2013 prawie 400000 mieszka\u0144c\u00f3w. Przy marinie jest 5 sklep\u00f3w \u017ceglarskich, kilka nurkowych, nie brakuje fachowc\u00f3w od wszystkiego. Na Islecie jest dzielnica przemys\u0142owa z dobrym sklepem ze stal\u0105 nierdzewn\u0105. Do starego miasta mo\u017cna z mariny doj\u015b\u0107 na piechot\u0119 (ok 30 minut)\u2026 Czytaj dalej\/Continue reading\" \/>\n<meta property=\"og:url\" content=\"https:\/\/pluskata.pl\/www\/pl\/rejsy-2023\/gran-canaria-la-gomera-10-21-06-2023\/\" \/>\n<meta property=\"og:site_name\" content=\"Podr\u00f3\u017ce jachtem po \u015bwiecie\" \/>\n<meta property=\"article:publisher\" content=\"https:\/\/www.facebook.com\/pluskata\" \/>\n<meta property=\"article:modified_time\" content=\"2023-06-24T10:56:23+00:00\" \/>\n<meta property=\"og:image\" content=\"https:\/\/pluskata.pl\/www\/wp-content\/uploads\/2023\/06\/Trasa-Gran-Canaria-La-Gomera-scaled.jpg\" \/>\n\t<meta property=\"og:image:width\" content=\"2560\" \/>\n\t<meta property=\"og:image:height\" content=\"1228\" \/>\n\t<meta property=\"og:image:type\" content=\"image\/jpeg\" \/>\n<meta name=\"twitter:card\" content=\"summary_large_image\" \/>\n<meta name=\"twitter:label1\" content=\"Szacowany czas czytania\" \/>\n\t<meta name=\"twitter:data1\" content=\"7 minut\" \/>\n<script type=\"application\/ld+json\" class=\"yoast-schema-graph\">{\"@context\":\"https:\\\/\\\/schema.org\",\"@graph\":[{\"@type\":\"WebPage\",\"@id\":\"https:\\\/\\\/pluskata.pl\\\/www\\\/pl\\\/rejsy-2023\\\/gran-canaria-la-gomera-10-21-06-2023\\\/\",\"url\":\"https:\\\/\\\/pluskata.pl\\\/www\\\/pl\\\/rejsy-2023\\\/gran-canaria-la-gomera-10-21-06-2023\\\/\",\"name\":\"Gran Canaria - La Gomera 10-21.06.2023 - Podr\u00f3\u017ce jachtem po \u015bwiecie\",\"isPartOf\":{\"@id\":\"https:\\\/\\\/pluskata.pl\\\/www\\\/#website\"},\"primaryImageOfPage\":{\"@id\":\"https:\\\/\\\/pluskata.pl\\\/www\\\/pl\\\/rejsy-2023\\\/gran-canaria-la-gomera-10-21-06-2023\\\/#primaryimage\"},\"image\":{\"@id\":\"https:\\\/\\\/pluskata.pl\\\/www\\\/pl\\\/rejsy-2023\\\/gran-canaria-la-gomera-10-21-06-2023\\\/#primaryimage\"},\"thumbnailUrl\":\"https:\\\/\\\/pluskata.pl\\\/www\\\/wp-content\\\/uploads\\\/2023\\\/06\\\/Trasa-Gran-Canaria-La-Gomera-scaled.jpg\",\"datePublished\":\"2023-06-24T10:54:54+00:00\",\"dateModified\":\"2023-06-24T10:56:23+00:00\",\"breadcrumb\":{\"@id\":\"https:\\\/\\\/pluskata.pl\\\/www\\\/pl\\\/rejsy-2023\\\/gran-canaria-la-gomera-10-21-06-2023\\\/#breadcrumb\"},\"inLanguage\":\"pl-PL\",\"potentialAction\":[{\"@type\":\"ReadAction\",\"target\":[\"https:\\\/\\\/pluskata.pl\\\/www\\\/pl\\\/rejsy-2023\\\/gran-canaria-la-gomera-10-21-06-2023\\\/\"]}]},{\"@type\":\"ImageObject\",\"inLanguage\":\"pl-PL\",\"@id\":\"https:\\\/\\\/pluskata.pl\\\/www\\\/pl\\\/rejsy-2023\\\/gran-canaria-la-gomera-10-21-06-2023\\\/#primaryimage\",\"url\":\"https:\\\/\\\/pluskata.pl\\\/www\\\/wp-content\\\/uploads\\\/2023\\\/06\\\/Trasa-Gran-Canaria-La-Gomera-scaled.jpg\",\"contentUrl\":\"https:\\\/\\\/pluskata.pl\\\/www\\\/wp-content\\\/uploads\\\/2023\\\/06\\\/Trasa-Gran-Canaria-La-Gomera-scaled.jpg\",\"width\":2560,\"height\":1228,\"caption\":\"Gran Canaria - La Gomera\"},{\"@type\":\"BreadcrumbList\",\"@id\":\"https:\\\/\\\/pluskata.pl\\\/www\\\/pl\\\/rejsy-2023\\\/gran-canaria-la-gomera-10-21-06-2023\\\/#breadcrumb\",\"itemListElement\":[{\"@type\":\"ListItem\",\"position\":1,\"name\":\"Strona g\u0142\u00f3wna\",\"item\":\"https:\\\/\\\/pluskata.pl\\\/www\\\/pl\\\/aktualnosci\\\/\"},{\"@type\":\"ListItem\",\"position\":2,\"name\":\"Rejsy 2023\",\"item\":\"https:\\\/\\\/pluskata.pl\\\/www\\\/pl\\\/rejsy-2023\\\/\"},{\"@type\":\"ListItem\",\"position\":3,\"name\":\"Gran Canaria &#8211; La Gomera 10-21.06.2023\"}]},{\"@type\":\"WebSite\",\"@id\":\"https:\\\/\\\/pluskata.pl\\\/www\\\/#website\",\"url\":\"https:\\\/\\\/pluskata.pl\\\/www\\\/\",\"name\":\"Podr\u00f3\u017ce jachtem po \u015bwiecie\",\"description\":\"Zapraszamy do wsp\u00f3lnego \u017ceglowania\",\"publisher\":{\"@id\":\"https:\\\/\\\/pluskata.pl\\\/www\\\/#\\\/schema\\\/person\\\/15daea66397efafeded8883b67482cc0\"},\"potentialAction\":[{\"@type\":\"SearchAction\",\"target\":{\"@type\":\"EntryPoint\",\"urlTemplate\":\"https:\\\/\\\/pluskata.pl\\\/www\\\/?s={search_term_string}\"},\"query-input\":{\"@type\":\"PropertyValueSpecification\",\"valueRequired\":true,\"valueName\":\"search_term_string\"}}],\"inLanguage\":\"pl-PL\"},{\"@type\":[\"Person\",\"Organization\"],\"@id\":\"https:\\\/\\\/pluskata.pl\\\/www\\\/#\\\/schema\\\/person\\\/15daea66397efafeded8883b67482cc0\",\"name\":\"Pluskata\",\"image\":{\"@type\":\"ImageObject\",\"inLanguage\":\"pl-PL\",\"@id\":\"https:\\\/\\\/pluskata.pl\\\/www\\\/wp-content\\\/uploads\\\/2020\\\/12\\\/cropped-Logo-Pluskata_512.png\",\"url\":\"https:\\\/\\\/pluskata.pl\\\/www\\\/wp-content\\\/uploads\\\/2020\\\/12\\\/cropped-Logo-Pluskata_512.png\",\"contentUrl\":\"https:\\\/\\\/pluskata.pl\\\/www\\\/wp-content\\\/uploads\\\/2020\\\/12\\\/cropped-Logo-Pluskata_512.png\",\"width\":512,\"height\":512,\"caption\":\"Pluskata\"},\"logo\":{\"@id\":\"https:\\\/\\\/pluskata.pl\\\/www\\\/wp-content\\\/uploads\\\/2020\\\/12\\\/cropped-Logo-Pluskata_512.png\"},\"sameAs\":[\"http:\\\/\\\/www.pluskata.pl\",\"https:\\\/\\\/www.facebook.com\\\/pluskata\"]}]}<\/script>\n<!-- \/ Yoast SEO plugin. -->","yoast_head_json":{"title":"Gran Canaria - La Gomera 10-21.06.2023 - Podr\u00f3\u017ce jachtem po \u015bwiecie","robots":{"index":"index","follow":"follow","max-snippet":"max-snippet:-1","max-image-preview":"max-image-preview:large","max-video-preview":"max-video-preview:-1"},"canonical":"https:\/\/pluskata.pl\/www\/pl\/rejsy-2023\/gran-canaria-la-gomera-10-21-06-2023\/","og_locale":"pl_PL","og_type":"article","og_title":"Gran Canaria - La Gomera 10-21.06.2023 - Podr\u00f3\u017ce jachtem po \u015bwiecie","og_description":"Las Palmas Stolica Gran Canarii. Najwi\u0119ksze miasto na Wyspach Kanaryjskich \u2013 prawie 400000 mieszka\u0144c\u00f3w. Przy marinie jest 5 sklep\u00f3w \u017ceglarskich, kilka nurkowych, nie brakuje fachowc\u00f3w od wszystkiego. Na Islecie jest dzielnica przemys\u0142owa z dobrym sklepem ze stal\u0105 nierdzewn\u0105. Do starego miasta mo\u017cna z mariny doj\u015b\u0107 na piechot\u0119 (ok 30 minut)\u2026 Czytaj dalej\/Continue reading","og_url":"https:\/\/pluskata.pl\/www\/pl\/rejsy-2023\/gran-canaria-la-gomera-10-21-06-2023\/","og_site_name":"Podr\u00f3\u017ce jachtem po \u015bwiecie","article_publisher":"https:\/\/www.facebook.com\/pluskata","article_modified_time":"2023-06-24T10:56:23+00:00","og_image":[{"width":2560,"height":1228,"url":"https:\/\/pluskata.pl\/www\/wp-content\/uploads\/2023\/06\/Trasa-Gran-Canaria-La-Gomera-scaled.jpg","type":"image\/jpeg"}],"twitter_card":"summary_large_image","twitter_misc":{"Szacowany czas czytania":"7 minut"},"schema":{"@context":"https:\/\/schema.org","@graph":[{"@type":"WebPage","@id":"https:\/\/pluskata.pl\/www\/pl\/rejsy-2023\/gran-canaria-la-gomera-10-21-06-2023\/","url":"https:\/\/pluskata.pl\/www\/pl\/rejsy-2023\/gran-canaria-la-gomera-10-21-06-2023\/","name":"Gran Canaria - La Gomera 10-21.06.2023 - Podr\u00f3\u017ce jachtem po \u015bwiecie","isPartOf":{"@id":"https:\/\/pluskata.pl\/www\/#website"},"primaryImageOfPage":{"@id":"https:\/\/pluskata.pl\/www\/pl\/rejsy-2023\/gran-canaria-la-gomera-10-21-06-2023\/#primaryimage"},"image":{"@id":"https:\/\/pluskata.pl\/www\/pl\/rejsy-2023\/gran-canaria-la-gomera-10-21-06-2023\/#primaryimage"},"thumbnailUrl":"https:\/\/pluskata.pl\/www\/wp-content\/uploads\/2023\/06\/Trasa-Gran-Canaria-La-Gomera-scaled.jpg","datePublished":"2023-06-24T10:54:54+00:00","dateModified":"2023-06-24T10:56:23+00:00","breadcrumb":{"@id":"https:\/\/pluskata.pl\/www\/pl\/rejsy-2023\/gran-canaria-la-gomera-10-21-06-2023\/#breadcrumb"},"inLanguage":"pl-PL","potentialAction":[{"@type":"ReadAction","target":["https:\/\/pluskata.pl\/www\/pl\/rejsy-2023\/gran-canaria-la-gomera-10-21-06-2023\/"]}]},{"@type":"ImageObject","inLanguage":"pl-PL","@id":"https:\/\/pluskata.pl\/www\/pl\/rejsy-2023\/gran-canaria-la-gomera-10-21-06-2023\/#primaryimage","url":"https:\/\/pluskata.pl\/www\/wp-content\/uploads\/2023\/06\/Trasa-Gran-Canaria-La-Gomera-scaled.jpg","contentUrl":"https:\/\/pluskata.pl\/www\/wp-content\/uploads\/2023\/06\/Trasa-Gran-Canaria-La-Gomera-scaled.jpg","width":2560,"height":1228,"caption":"Gran Canaria - La Gomera"},{"@type":"BreadcrumbList","@id":"https:\/\/pluskata.pl\/www\/pl\/rejsy-2023\/gran-canaria-la-gomera-10-21-06-2023\/#breadcrumb","itemListElement":[{"@type":"ListItem","position":1,"name":"Strona g\u0142\u00f3wna","item":"https:\/\/pluskata.pl\/www\/pl\/aktualnosci\/"},{"@type":"ListItem","position":2,"name":"Rejsy 2023","item":"https:\/\/pluskata.pl\/www\/pl\/rejsy-2023\/"},{"@type":"ListItem","position":3,"name":"Gran Canaria &#8211; La Gomera 10-21.06.2023"}]},{"@type":"WebSite","@id":"https:\/\/pluskata.pl\/www\/#website","url":"https:\/\/pluskata.pl\/www\/","name":"Podr\u00f3\u017ce jachtem po \u015bwiecie","description":"Zapraszamy do wsp\u00f3lnego \u017ceglowania","publisher":{"@id":"https:\/\/pluskata.pl\/www\/#\/schema\/person\/15daea66397efafeded8883b67482cc0"},"potentialAction":[{"@type":"SearchAction","target":{"@type":"EntryPoint","urlTemplate":"https:\/\/pluskata.pl\/www\/?s={search_term_string}"},"query-input":{"@type":"PropertyValueSpecification","valueRequired":true,"valueName":"search_term_string"}}],"inLanguage":"pl-PL"},{"@type":["Person","Organization"],"@id":"https:\/\/pluskata.pl\/www\/#\/schema\/person\/15daea66397efafeded8883b67482cc0","name":"Pluskata","image":{"@type":"ImageObject","inLanguage":"pl-PL","@id":"https:\/\/pluskata.pl\/www\/wp-content\/uploads\/2020\/12\/cropped-Logo-Pluskata_512.png","url":"https:\/\/pluskata.pl\/www\/wp-content\/uploads\/2020\/12\/cropped-Logo-Pluskata_512.png","contentUrl":"https:\/\/pluskata.pl\/www\/wp-content\/uploads\/2020\/12\/cropped-Logo-Pluskata_512.png","width":512,"height":512,"caption":"Pluskata"},"logo":{"@id":"https:\/\/pluskata.pl\/www\/wp-content\/uploads\/2020\/12\/cropped-Logo-Pluskata_512.png"},"sameAs":["http:\/\/www.pluskata.pl","https:\/\/www.facebook.com\/pluskata"]}]}},"_links":{"self":[{"href":"https:\/\/pluskata.pl\/www\/wp-json\/wp\/v2\/pages\/4098","targetHints":{"allow":["GET"]}}],"collection":[{"href":"https:\/\/pluskata.pl\/www\/wp-json\/wp\/v2\/pages"}],"about":[{"href":"https:\/\/pluskata.pl\/www\/wp-json\/wp\/v2\/types\/page"}],"author":[{"embeddable":true,"href":"https:\/\/pluskata.pl\/www\/wp-json\/wp\/v2\/users\/1"}],"replies":[{"embeddable":true,"href":"https:\/\/pluskata.pl\/www\/wp-json\/wp\/v2\/comments?post=4098"}],"version-history":[{"count":0,"href":"https:\/\/pluskata.pl\/www\/wp-json\/wp\/v2\/pages\/4098\/revisions"}],"up":[{"embeddable":true,"href":"https:\/\/pluskata.pl\/www\/wp-json\/wp\/v2\/pages\/3510"}],"wp:featuredmedia":[{"embeddable":true,"href":"https:\/\/pluskata.pl\/www\/wp-json\/wp\/v2\/media\/4107"}],"wp:attachment":[{"href":"https:\/\/pluskata.pl\/www\/wp-json\/wp\/v2\/media?parent=4098"}],"curies":[{"name":"wp","href":"https:\/\/api.w.org\/{rel}","templated":true}]}}