{"id":3426,"date":"2022-12-14T19:52:58","date_gmt":"2022-12-14T18:52:58","guid":{"rendered":"https:\/\/pluskata.pl\/www\/?page_id=3426"},"modified":"2022-12-21T08:43:56","modified_gmt":"2022-12-21T07:43:56","slug":"z-teneryfy-na-gran-canarie-25-11-4-12-2022","status":"publish","type":"page","link":"https:\/\/pluskata.pl\/www\/pl\/rejsy-2022\/z-teneryfy-na-gran-canarie-25-11-4-12-2022\/","title":{"rendered":"Z Teneryfy na Gran Canari\u0119 25.11 \u2013 4.12.2022"},"content":{"rendered":"<p><img loading=\"lazy\" decoding=\"async\" class=\"alignnone size-medium wp-image-3430\" src=\"https:\/\/pluskata.pl\/www\/wp-content\/uploads\/2022\/12\/Teneryfa-Gran-Canaria-300x166.jpg\" alt=\"Teneryfa-Gran Canaria\" width=\"300\" height=\"166\" srcset=\"https:\/\/pluskata.pl\/www\/wp-content\/uploads\/2022\/12\/Teneryfa-Gran-Canaria-300x166.jpg 300w, https:\/\/pluskata.pl\/www\/wp-content\/uploads\/2022\/12\/Teneryfa-Gran-Canaria-1024x568.jpg 1024w, https:\/\/pluskata.pl\/www\/wp-content\/uploads\/2022\/12\/Teneryfa-Gran-Canaria-768x426.jpg 768w, https:\/\/pluskata.pl\/www\/wp-content\/uploads\/2022\/12\/Teneryfa-Gran-Canaria-1536x852.jpg 1536w, https:\/\/pluskata.pl\/www\/wp-content\/uploads\/2022\/12\/Teneryfa-Gran-Canaria-2048x1136.jpg 2048w, https:\/\/pluskata.pl\/www\/wp-content\/uploads\/2022\/12\/Teneryfa-Gran-Canaria-150x83.jpg 150w\" sizes=\"auto, (max-width: 300px) 100vw, 300px\" \/><\/p>\n<p><strong>Trasa:<\/strong><b>\u00a0<\/b>San Miguel-La Gomera-Santa Cruz de La Palma-Santa Cruz de Tenerife-Las Palmas<br \/>\n<b><strong>Termin: <\/strong><\/b>25.11 \u2013 4.12.2022<b><br \/>\n<strong>Mile\/ godziny:<\/strong>\u00a0<\/b>273Mm\/64h<\/p>\n<p><strong>24-11-2022 czwartek<\/strong><br \/>\nPo po\u0142udniu przyje\u017cd\u017ca cz\u0119\u015b\u0107 za\u0142ogi wypo\u017cyczonym samochodem. Wieczorem jedziemy zrobi\u0107 zakupy do HiperDino. Kupujemy prawie wszystko opr\u00f3cz warzyw i chleba.<\/p>\n<p><strong>25-11-2022 pi\u0105tek<\/strong><br \/>\nRano pr\u00f3bujemy zrobi\u0107 zakupy na targu, ale okazuje si\u0119, ze targ dzia\u0142a tylko w soboty, niedziele i \u015brody. Na pozosta\u0142ych targach rybnych nie ma takich ryb jakby\u015bmy chcieli. Postanowimy kupi\u0107 co\u015b nast\u0119pnego dnia. Robi si\u0119 p\u00f3\u017ano, wi\u0119c postanawiamy pojecha\u0107 prosto na wycieczk\u0119 do Piramid Guimar \u2013 to muzeum etnograficzne z piramidami z dawnych czas\u00f3w. S\u0105 repliki \u0142\u00f3dek Hayerdala (Kontiki, Ra II i Tygrys), okazuje si\u0119, \u017ce piramidy odkry\u0142 w\u0142a\u015bnie Heyerdlal, st\u0105d r\u00f3\u017cne eksponaty z jego wypraw. Wracamy widokow\u0105 star\u0105 drog\u0105 na jacht i przy okazji omijamy korek na autostradzie. Po po\u0142udniu przyje\u017cd\u017ca Piotrek z Jurkiem. Lukasz odbiera ich z lotniska samochodem.<\/p>\n<p><strong>26-11-2022 sobota<\/strong><br \/>\nCz\u0119\u015b\u0107 za\u0142ogi jedzie na wycieczk\u0119 na wulkan wypo\u017cyczonym samochodem, wst\u0119puj\u0105c po drodze na targ, a my zostajemy na jachcie i ko\u0144czymy r\u00f3\u017cne prace.<\/p>\n<p><strong>27-11-2022 niedziela<\/strong><br \/>\nRano wychodzimy i p\u0142yniemy obejrze\u0107 klify Los Gigantes, rzeczywi\u015bcie robi\u0105 wra\u017cenie. Po obejrzeniu klif\u00f3w kierujemy si\u0119 na La Gomer\u0119. Wieje s\u0142abo, wi\u0119c p\u0142yniemy na silniku. Po po\u0142udniu troch\u0119 si\u0119 rozwiewa, wi\u0119c stawiamy grota i foka. Dop\u0142ywamy do mariny San Sebastian na La Gomerze ale przy zg\u0142aszaniu wej\u015bcia okazuje si\u0119, \u017ce nie ma miejsc, wi\u0119c przep\u0142ywamy na pobliskie kotwicowisko. Spotykamy tam inny polski jacht (La Perla Negra) kt\u00f3rym Kasia z Rafa\u0142em p\u0142yn\u0119li na Mader\u0119. Wystawiamy wachty kotwiczne \u2013 i dobrze, bo w nocy si\u0119 rozwiewa, wi\u0119c przestawiamy si\u0119 w g\u0142\u0105b zatoki.<\/p>\n<p><strong>28-11-2022 poniedzia\u0142ek La Gomera<\/strong><br \/>\nNad ranem wychodzimy, widzimy wychodz\u0105ce jachty, wi\u0119c pytamy si\u0119 o miejsca w marinie \u2013 twierdz\u0105, \u017ce nie maj\u0105 miejsc, bo na dzisiaj maj\u0105 bardzo du\u017co rezerwacji. P\u00f3ki jeste\u015bmy w zasi\u0119gu internetu rezerwuj\u0119 miejsce w marinie Santa Cruz de La Palma na 2 noce. Rozwiewa si\u0119 ca\u0142kiem dobrze, p\u0142yniemy p\u00f3\u0142wiatrem na zarefowanym grocie i foku 6-7kn. Do mariny wchodzimy po godzinie 20, jest ju\u017c ciemno. Najpierw zg\u0142aszamy si\u0119 do Port Control na kanale 06, jak oni pozwol\u0105, to po wp\u0142yni\u0119ciu na g\u0142\u00f3wki zg\u0142aszamy si\u0119 do mariny na kanale 09. Jest ca\u0142odobowa obs\u0142uga marinero. Przed wej\u015bciem do mariny jest podnoszona brama, \u017ceby zmniejszy\u0107 falowanie w marinie. Zamkni\u0119cie bramy sygnalizowane jest trzema czerwonymi \u015bwiat\u0142ami. Otwarcie bramy zajmuje ok 5 minut i tyle musimy poczeka\u0107. Po wej\u015bciu do mariny cumujemy przy stacji benzynowej i rejestrujemy si\u0119, a marinero pokazuje nam, gdzie mamy stan\u0105\u0107. Bior\u0119 te\u017c 2 karty do prysznicy (kaucja 10\u20ac\/szt). Za nami wchodzi katamaran, wi\u0119c musimy poczeka\u0107 z przestawieniem si\u0119. Obs\u0142uga ma obowi\u0105zek odbiera\u0107 od nas cumy (taka procedura). Cumujemy ruf\u0105 w Y bomie obok drugiego jachtu. Wieczorem impreza urodzinowa Piotrka.<\/p>\n<p><strong>29-11-2022 wtorek La Palma<\/strong><br \/>\nRano Jurek idzie po \u015bwie\u017ce bu\u0142eczki na \u015bniadanie. Po \u015bniadaniu cz\u0119\u015b\u0107 za\u0142ogi idzie na targ i kupuj\u0105 ryb\u0119 i mi\u0119so, a po ich powrocie idziemy zwiedzi\u0107 miasto. Miasto \u2013 stolica wyspy jest czyste, domy odmalowane, ma par\u0119 zabytk\u00f3w (domy z typowymi balkonami, ko\u015bci\u00f3\u0142, 2 zamki i \u015bliczne uliczki). Ca\u0142e zwiedzanie zajmuje nam ok 2,5 godziny, wracaj\u0105c wst\u0119pujemy na lody. Na obiad kotlety z tu\u0144czyka. Rezerwuj\u0119 miejsce w Santa Cruz na Teneryfie na 1 noc. Wieczorem idziemy na sangri\u0119 \u2013 pyszn\u0105 ze-\u015bwie\u017cymi owocami.<br \/>\nPo powrocie na jacht otwieramy jeszcze butelk\u0119 czerwonego wina ale idziemy wcze\u015bnie spa\u0107.<\/p>\n<p><strong>30-11-2022 \u015broda<\/strong><br \/>\nRano jeszcze zakupy na targu i o godzinie 11 wychodzimy \u2013 w t\u0119 stron\u0119 procedura jest odwrotna \u2013 najpierw zg\u0142oszenie do mariny, \u017ceby otworzyli wrota, a potem do Port Control, czy mo\u017cemy przep\u0142yn\u0105\u0107 przez port. Pogoda jest raczej pochmurna, ale jest w miar\u0119 ciep\u0142o i nie pada.<\/p>\n<p><strong>01-12-2022 czwartek Santa Cruz de Tenerife<\/strong><br \/>\nP\u0142yniemy ca\u0142\u0105 noc. i ok 12 w po\u0142udnie wchodzimy do Santa Cruz de Tenerife. Cumujemy \u0142\u00f3dk\u0119, jemy obiad i idziemy zwiedza\u0107 Palmiarium \u2013 ogr\u00f3d botaniczny z palmami z ca\u0142ego \u015bwiata.<br \/>\nWracaj\u0105c ogl\u0105damy targ (wi\u0119kszo\u015b\u0107 stoisk jest zamkni\u0119ta) i stara miasto. Wst\u0119pujemy do sklepu po mi\u0119so i wracamy na jacht.<\/p>\n<p><strong>02-12-2022 pi\u0105tek<\/strong><br \/>\nWychodzimy rano zaraz po godzinie 7. Jest jeszcze szar\u00f3wka. Pogoda marna, troch\u0119 kropi, ale wiatr ca\u0142kiem niez\u0142y, chocia\u017c bardzo nie r\u00f3wny i to zar\u00f3wno co do si\u0142y jak i kierunku. Cz\u0119sto zmieniamy \u017cagle, a wieczorem wp\u0142ywamy do Las Palmas \u2013 niestety w marinie nie ma miejsc, wi\u0119c stajemy na kotwicy.<\/p>\n<p><strong>03-12-2022 sobota<\/strong><br \/>\nPo \u015bniadaniu za\u0142oga idzie zwiedza\u0107 miasto, a ja id\u0119 do biura mariny za\u0142atwia\u0107 formalno\u015bci. Kolejka ma 3 osoby, ale idzie wolno, w sumie wszystko zajmuje mi ponad 1,5h. Za post\u00f3j na kotwicy si\u0119 p\u0142aci (ok 3\u20ac) do tego trzeba kupi\u0107 kart\u0119 do prysznica (5\u20ac netto) i jeszcze jakie\u015b drobiazgi z obs\u0142ug\u0119.<\/p>\n","protected":false},"excerpt":{"rendered":"<p>Trasa:\u00a0San Miguel-La Gomera-Santa Cruz de La Palma-Santa Cruz de Tenerife-Las Palmas Termin: 25.11 \u2013 4.12.2022 Mile\/ godziny:\u00a0273Mm\/64h 24-11-2022 czwartek Po po\u0142udniu przyje\u017cd\u017ca cz\u0119\u015b\u0107 za\u0142ogi wypo\u017cyczonym samochodem. Wieczorem jedziemy zrobi\u0107 zakupy do HiperDino. Kupujemy prawie wszystko opr\u00f3cz warzyw i chleba. 25-11-2022 pi\u0105tek Rano pr\u00f3bujemy zrobi\u0107 zakupy na targu, ale okazuje si\u0119,\u2026<\/p>\n<p class=\"continue-reading-button\"> <a class=\"continue-reading-link\" href=\"https:\/\/pluskata.pl\/www\/pl\/rejsy-2022\/z-teneryfy-na-gran-canarie-25-11-4-12-2022\/\">Czytaj dalej\/Continue reading<i class=\"crycon-right-dir\"><\/i><\/a><\/p>\n","protected":false},"author":1,"featured_media":3430,"parent":1605,"menu_order":8,"comment_status":"closed","ping_status":"closed","template":"","meta":{"footnotes":""},"class_list":["post-3426","page","type-page","status-publish","has-post-thumbnail","hentry"],"yoast_head":"<!-- This site is optimized with the Yoast SEO plugin v27.5 - https:\/\/yoast.com\/product\/yoast-seo-wordpress\/ -->\n<title>Z Teneryfy na Gran Canari\u0119 25.11 \u2013 4.12.2022 - Podr\u00f3\u017ce jachtem po \u015bwiecie<\/title>\n<meta name=\"robots\" content=\"index, follow, max-snippet:-1, max-image-preview:large, max-video-preview:-1\" \/>\n<link rel=\"canonical\" href=\"https:\/\/pluskata.pl\/www\/pl\/rejsy-2022\/z-teneryfy-na-gran-canarie-25-11-4-12-2022\/\" \/>\n<meta property=\"og:locale\" content=\"pl_PL\" \/>\n<meta property=\"og:type\" content=\"article\" \/>\n<meta property=\"og:title\" content=\"Z Teneryfy na Gran Canari\u0119 25.11 \u2013 4.12.2022 - Podr\u00f3\u017ce jachtem po \u015bwiecie\" \/>\n<meta property=\"og:description\" content=\"Trasa:\u00a0San Miguel-La Gomera-Santa Cruz de La Palma-Santa Cruz de Tenerife-Las Palmas Termin: 25.11 \u2013 4.12.2022 Mile\/ godziny:\u00a0273Mm\/64h 24-11-2022 czwartek Po po\u0142udniu przyje\u017cd\u017ca cz\u0119\u015b\u0107 za\u0142ogi wypo\u017cyczonym samochodem. Wieczorem jedziemy zrobi\u0107 zakupy do HiperDino. Kupujemy prawie wszystko opr\u00f3cz warzyw i chleba. 25-11-2022 pi\u0105tek Rano pr\u00f3bujemy zrobi\u0107 zakupy na targu, ale okazuje si\u0119,\u2026 Czytaj dalej\/Continue reading\" \/>\n<meta property=\"og:url\" content=\"https:\/\/pluskata.pl\/www\/pl\/rejsy-2022\/z-teneryfy-na-gran-canarie-25-11-4-12-2022\/\" \/>\n<meta property=\"og:site_name\" content=\"Podr\u00f3\u017ce jachtem po \u015bwiecie\" \/>\n<meta property=\"article:publisher\" content=\"https:\/\/www.facebook.com\/pluskata\" \/>\n<meta property=\"article:modified_time\" content=\"2022-12-21T07:43:56+00:00\" \/>\n<meta property=\"og:image\" content=\"https:\/\/pluskata.pl\/www\/wp-content\/uploads\/2022\/12\/Teneryfa-Gran-Canaria-scaled.jpg\" \/>\n\t<meta property=\"og:image:width\" content=\"2560\" \/>\n\t<meta property=\"og:image:height\" content=\"1420\" \/>\n\t<meta property=\"og:image:type\" content=\"image\/jpeg\" \/>\n<meta name=\"twitter:card\" content=\"summary_large_image\" \/>\n<meta name=\"twitter:label1\" content=\"Szacowany czas czytania\" \/>\n\t<meta name=\"twitter:data1\" content=\"4 minuty\" \/>\n<script type=\"application\/ld+json\" class=\"yoast-schema-graph\">{\"@context\":\"https:\\\/\\\/schema.org\",\"@graph\":[{\"@type\":\"WebPage\",\"@id\":\"https:\\\/\\\/pluskata.pl\\\/www\\\/pl\\\/rejsy-2022\\\/z-teneryfy-na-gran-canarie-25-11-4-12-2022\\\/\",\"url\":\"https:\\\/\\\/pluskata.pl\\\/www\\\/pl\\\/rejsy-2022\\\/z-teneryfy-na-gran-canarie-25-11-4-12-2022\\\/\",\"name\":\"Z Teneryfy na Gran Canari\u0119 25.11 \u2013 4.12.2022 - Podr\u00f3\u017ce jachtem po \u015bwiecie\",\"isPartOf\":{\"@id\":\"https:\\\/\\\/pluskata.pl\\\/www\\\/#website\"},\"primaryImageOfPage\":{\"@id\":\"https:\\\/\\\/pluskata.pl\\\/www\\\/pl\\\/rejsy-2022\\\/z-teneryfy-na-gran-canarie-25-11-4-12-2022\\\/#primaryimage\"},\"image\":{\"@id\":\"https:\\\/\\\/pluskata.pl\\\/www\\\/pl\\\/rejsy-2022\\\/z-teneryfy-na-gran-canarie-25-11-4-12-2022\\\/#primaryimage\"},\"thumbnailUrl\":\"https:\\\/\\\/pluskata.pl\\\/www\\\/wp-content\\\/uploads\\\/2022\\\/12\\\/Teneryfa-Gran-Canaria-scaled.jpg\",\"datePublished\":\"2022-12-14T18:52:58+00:00\",\"dateModified\":\"2022-12-21T07:43:56+00:00\",\"breadcrumb\":{\"@id\":\"https:\\\/\\\/pluskata.pl\\\/www\\\/pl\\\/rejsy-2022\\\/z-teneryfy-na-gran-canarie-25-11-4-12-2022\\\/#breadcrumb\"},\"inLanguage\":\"pl-PL\",\"potentialAction\":[{\"@type\":\"ReadAction\",\"target\":[\"https:\\\/\\\/pluskata.pl\\\/www\\\/pl\\\/rejsy-2022\\\/z-teneryfy-na-gran-canarie-25-11-4-12-2022\\\/\"]}]},{\"@type\":\"ImageObject\",\"inLanguage\":\"pl-PL\",\"@id\":\"https:\\\/\\\/pluskata.pl\\\/www\\\/pl\\\/rejsy-2022\\\/z-teneryfy-na-gran-canarie-25-11-4-12-2022\\\/#primaryimage\",\"url\":\"https:\\\/\\\/pluskata.pl\\\/www\\\/wp-content\\\/uploads\\\/2022\\\/12\\\/Teneryfa-Gran-Canaria-scaled.jpg\",\"contentUrl\":\"https:\\\/\\\/pluskata.pl\\\/www\\\/wp-content\\\/uploads\\\/2022\\\/12\\\/Teneryfa-Gran-Canaria-scaled.jpg\",\"width\":2560,\"height\":1420,\"caption\":\"Teneryfa-Gran Canaria\"},{\"@type\":\"BreadcrumbList\",\"@id\":\"https:\\\/\\\/pluskata.pl\\\/www\\\/pl\\\/rejsy-2022\\\/z-teneryfy-na-gran-canarie-25-11-4-12-2022\\\/#breadcrumb\",\"itemListElement\":[{\"@type\":\"ListItem\",\"position\":1,\"name\":\"Strona g\u0142\u00f3wna\",\"item\":\"https:\\\/\\\/pluskata.pl\\\/www\\\/pl\\\/aktualnosci\\\/\"},{\"@type\":\"ListItem\",\"position\":2,\"name\":\"Rejsy 2022\",\"item\":\"https:\\\/\\\/pluskata.pl\\\/www\\\/pl\\\/rejsy-2022\\\/\"},{\"@type\":\"ListItem\",\"position\":3,\"name\":\"Z Teneryfy na Gran Canari\u0119 25.11 \u2013 4.12.2022\"}]},{\"@type\":\"WebSite\",\"@id\":\"https:\\\/\\\/pluskata.pl\\\/www\\\/#website\",\"url\":\"https:\\\/\\\/pluskata.pl\\\/www\\\/\",\"name\":\"Podr\u00f3\u017ce jachtem po \u015bwiecie\",\"description\":\"Zapraszamy do wsp\u00f3lnego \u017ceglowania\",\"publisher\":{\"@id\":\"https:\\\/\\\/pluskata.pl\\\/www\\\/#\\\/schema\\\/person\\\/15daea66397efafeded8883b67482cc0\"},\"potentialAction\":[{\"@type\":\"SearchAction\",\"target\":{\"@type\":\"EntryPoint\",\"urlTemplate\":\"https:\\\/\\\/pluskata.pl\\\/www\\\/?s={search_term_string}\"},\"query-input\":{\"@type\":\"PropertyValueSpecification\",\"valueRequired\":true,\"valueName\":\"search_term_string\"}}],\"inLanguage\":\"pl-PL\"},{\"@type\":[\"Person\",\"Organization\"],\"@id\":\"https:\\\/\\\/pluskata.pl\\\/www\\\/#\\\/schema\\\/person\\\/15daea66397efafeded8883b67482cc0\",\"name\":\"Pluskata\",\"image\":{\"@type\":\"ImageObject\",\"inLanguage\":\"pl-PL\",\"@id\":\"https:\\\/\\\/pluskata.pl\\\/www\\\/wp-content\\\/uploads\\\/2020\\\/12\\\/cropped-Logo-Pluskata_512.png\",\"url\":\"https:\\\/\\\/pluskata.pl\\\/www\\\/wp-content\\\/uploads\\\/2020\\\/12\\\/cropped-Logo-Pluskata_512.png\",\"contentUrl\":\"https:\\\/\\\/pluskata.pl\\\/www\\\/wp-content\\\/uploads\\\/2020\\\/12\\\/cropped-Logo-Pluskata_512.png\",\"width\":512,\"height\":512,\"caption\":\"Pluskata\"},\"logo\":{\"@id\":\"https:\\\/\\\/pluskata.pl\\\/www\\\/wp-content\\\/uploads\\\/2020\\\/12\\\/cropped-Logo-Pluskata_512.png\"},\"sameAs\":[\"http:\\\/\\\/www.pluskata.pl\",\"https:\\\/\\\/www.facebook.com\\\/pluskata\"]}]}<\/script>\n<!-- \/ Yoast SEO plugin. -->","yoast_head_json":{"title":"Z Teneryfy na Gran Canari\u0119 25.11 \u2013 4.12.2022 - Podr\u00f3\u017ce jachtem po \u015bwiecie","robots":{"index":"index","follow":"follow","max-snippet":"max-snippet:-1","max-image-preview":"max-image-preview:large","max-video-preview":"max-video-preview:-1"},"canonical":"https:\/\/pluskata.pl\/www\/pl\/rejsy-2022\/z-teneryfy-na-gran-canarie-25-11-4-12-2022\/","og_locale":"pl_PL","og_type":"article","og_title":"Z Teneryfy na Gran Canari\u0119 25.11 \u2013 4.12.2022 - Podr\u00f3\u017ce jachtem po \u015bwiecie","og_description":"Trasa:\u00a0San Miguel-La Gomera-Santa Cruz de La Palma-Santa Cruz de Tenerife-Las Palmas Termin: 25.11 \u2013 4.12.2022 Mile\/ godziny:\u00a0273Mm\/64h 24-11-2022 czwartek Po po\u0142udniu przyje\u017cd\u017ca cz\u0119\u015b\u0107 za\u0142ogi wypo\u017cyczonym samochodem. Wieczorem jedziemy zrobi\u0107 zakupy do HiperDino. Kupujemy prawie wszystko opr\u00f3cz warzyw i chleba. 25-11-2022 pi\u0105tek Rano pr\u00f3bujemy zrobi\u0107 zakupy na targu, ale okazuje si\u0119,\u2026 Czytaj dalej\/Continue reading","og_url":"https:\/\/pluskata.pl\/www\/pl\/rejsy-2022\/z-teneryfy-na-gran-canarie-25-11-4-12-2022\/","og_site_name":"Podr\u00f3\u017ce jachtem po \u015bwiecie","article_publisher":"https:\/\/www.facebook.com\/pluskata","article_modified_time":"2022-12-21T07:43:56+00:00","og_image":[{"width":2560,"height":1420,"url":"https:\/\/pluskata.pl\/www\/wp-content\/uploads\/2022\/12\/Teneryfa-Gran-Canaria-scaled.jpg","type":"image\/jpeg"}],"twitter_card":"summary_large_image","twitter_misc":{"Szacowany czas czytania":"4 minuty"},"schema":{"@context":"https:\/\/schema.org","@graph":[{"@type":"WebPage","@id":"https:\/\/pluskata.pl\/www\/pl\/rejsy-2022\/z-teneryfy-na-gran-canarie-25-11-4-12-2022\/","url":"https:\/\/pluskata.pl\/www\/pl\/rejsy-2022\/z-teneryfy-na-gran-canarie-25-11-4-12-2022\/","name":"Z Teneryfy na Gran Canari\u0119 25.11 \u2013 4.12.2022 - Podr\u00f3\u017ce jachtem po \u015bwiecie","isPartOf":{"@id":"https:\/\/pluskata.pl\/www\/#website"},"primaryImageOfPage":{"@id":"https:\/\/pluskata.pl\/www\/pl\/rejsy-2022\/z-teneryfy-na-gran-canarie-25-11-4-12-2022\/#primaryimage"},"image":{"@id":"https:\/\/pluskata.pl\/www\/pl\/rejsy-2022\/z-teneryfy-na-gran-canarie-25-11-4-12-2022\/#primaryimage"},"thumbnailUrl":"https:\/\/pluskata.pl\/www\/wp-content\/uploads\/2022\/12\/Teneryfa-Gran-Canaria-scaled.jpg","datePublished":"2022-12-14T18:52:58+00:00","dateModified":"2022-12-21T07:43:56+00:00","breadcrumb":{"@id":"https:\/\/pluskata.pl\/www\/pl\/rejsy-2022\/z-teneryfy-na-gran-canarie-25-11-4-12-2022\/#breadcrumb"},"inLanguage":"pl-PL","potentialAction":[{"@type":"ReadAction","target":["https:\/\/pluskata.pl\/www\/pl\/rejsy-2022\/z-teneryfy-na-gran-canarie-25-11-4-12-2022\/"]}]},{"@type":"ImageObject","inLanguage":"pl-PL","@id":"https:\/\/pluskata.pl\/www\/pl\/rejsy-2022\/z-teneryfy-na-gran-canarie-25-11-4-12-2022\/#primaryimage","url":"https:\/\/pluskata.pl\/www\/wp-content\/uploads\/2022\/12\/Teneryfa-Gran-Canaria-scaled.jpg","contentUrl":"https:\/\/pluskata.pl\/www\/wp-content\/uploads\/2022\/12\/Teneryfa-Gran-Canaria-scaled.jpg","width":2560,"height":1420,"caption":"Teneryfa-Gran Canaria"},{"@type":"BreadcrumbList","@id":"https:\/\/pluskata.pl\/www\/pl\/rejsy-2022\/z-teneryfy-na-gran-canarie-25-11-4-12-2022\/#breadcrumb","itemListElement":[{"@type":"ListItem","position":1,"name":"Strona g\u0142\u00f3wna","item":"https:\/\/pluskata.pl\/www\/pl\/aktualnosci\/"},{"@type":"ListItem","position":2,"name":"Rejsy 2022","item":"https:\/\/pluskata.pl\/www\/pl\/rejsy-2022\/"},{"@type":"ListItem","position":3,"name":"Z Teneryfy na Gran Canari\u0119 25.11 \u2013 4.12.2022"}]},{"@type":"WebSite","@id":"https:\/\/pluskata.pl\/www\/#website","url":"https:\/\/pluskata.pl\/www\/","name":"Podr\u00f3\u017ce jachtem po \u015bwiecie","description":"Zapraszamy do wsp\u00f3lnego \u017ceglowania","publisher":{"@id":"https:\/\/pluskata.pl\/www\/#\/schema\/person\/15daea66397efafeded8883b67482cc0"},"potentialAction":[{"@type":"SearchAction","target":{"@type":"EntryPoint","urlTemplate":"https:\/\/pluskata.pl\/www\/?s={search_term_string}"},"query-input":{"@type":"PropertyValueSpecification","valueRequired":true,"valueName":"search_term_string"}}],"inLanguage":"pl-PL"},{"@type":["Person","Organization"],"@id":"https:\/\/pluskata.pl\/www\/#\/schema\/person\/15daea66397efafeded8883b67482cc0","name":"Pluskata","image":{"@type":"ImageObject","inLanguage":"pl-PL","@id":"https:\/\/pluskata.pl\/www\/wp-content\/uploads\/2020\/12\/cropped-Logo-Pluskata_512.png","url":"https:\/\/pluskata.pl\/www\/wp-content\/uploads\/2020\/12\/cropped-Logo-Pluskata_512.png","contentUrl":"https:\/\/pluskata.pl\/www\/wp-content\/uploads\/2020\/12\/cropped-Logo-Pluskata_512.png","width":512,"height":512,"caption":"Pluskata"},"logo":{"@id":"https:\/\/pluskata.pl\/www\/wp-content\/uploads\/2020\/12\/cropped-Logo-Pluskata_512.png"},"sameAs":["http:\/\/www.pluskata.pl","https:\/\/www.facebook.com\/pluskata"]}]}},"_links":{"self":[{"href":"https:\/\/pluskata.pl\/www\/wp-json\/wp\/v2\/pages\/3426","targetHints":{"allow":["GET"]}}],"collection":[{"href":"https:\/\/pluskata.pl\/www\/wp-json\/wp\/v2\/pages"}],"about":[{"href":"https:\/\/pluskata.pl\/www\/wp-json\/wp\/v2\/types\/page"}],"author":[{"embeddable":true,"href":"https:\/\/pluskata.pl\/www\/wp-json\/wp\/v2\/users\/1"}],"replies":[{"embeddable":true,"href":"https:\/\/pluskata.pl\/www\/wp-json\/wp\/v2\/comments?post=3426"}],"version-history":[{"count":0,"href":"https:\/\/pluskata.pl\/www\/wp-json\/wp\/v2\/pages\/3426\/revisions"}],"up":[{"embeddable":true,"href":"https:\/\/pluskata.pl\/www\/wp-json\/wp\/v2\/pages\/1605"}],"wp:featuredmedia":[{"embeddable":true,"href":"https:\/\/pluskata.pl\/www\/wp-json\/wp\/v2\/media\/3430"}],"wp:attachment":[{"href":"https:\/\/pluskata.pl\/www\/wp-json\/wp\/v2\/media?parent=3426"}],"curies":[{"name":"wp","href":"https:\/\/api.w.org\/{rel}","templated":true}]}}