{"id":3324,"date":"2022-11-02T15:42:40","date_gmt":"2022-11-02T14:42:40","guid":{"rendered":"https:\/\/pluskata.pl\/www\/?page_id=3324"},"modified":"2022-12-07T14:13:41","modified_gmt":"2022-12-07T13:13:41","slug":"from-madera-to-tenerife-22-29-10-2022","status":"publish","type":"page","link":"https:\/\/pluskata.pl\/www\/en\/crusies-2022\/from-madera-to-tenerife-22-29-10-2022\/","title":{"rendered":"From Madera to Tenerife 22-29.10.2022"},"content":{"rendered":"<p><a href=\"https:\/\/pluskata.pl\/www\/en\/crusies-2022\/from-madera-to-tenerife-22-29-10-2022\/maderateneryfa-2\/\"><img loading=\"lazy\" decoding=\"async\" class=\"alignnone wp-image-3328 size-medium\" src=\"https:\/\/pluskata.pl\/www\/wp-content\/uploads\/2022\/11\/MaderaTeneryfa-300x206.jpg\" alt=\"Maderira Tenerife\" width=\"300\" height=\"206\" srcset=\"https:\/\/pluskata.pl\/www\/wp-content\/uploads\/2022\/11\/MaderaTeneryfa-300x206.jpg 300w, https:\/\/pluskata.pl\/www\/wp-content\/uploads\/2022\/11\/MaderaTeneryfa-1024x703.jpg 1024w, https:\/\/pluskata.pl\/www\/wp-content\/uploads\/2022\/11\/MaderaTeneryfa-768x528.jpg 768w, https:\/\/pluskata.pl\/www\/wp-content\/uploads\/2022\/11\/MaderaTeneryfa-1536x1055.jpg 1536w, https:\/\/pluskata.pl\/www\/wp-content\/uploads\/2022\/11\/MaderaTeneryfa-2048x1407.jpg 2048w, https:\/\/pluskata.pl\/www\/wp-content\/uploads\/2022\/11\/MaderaTeneryfa-150x103.jpg 150w\" sizes=\"auto, (max-width: 300px) 100vw, 300px\" \/><\/a><\/p>\n<p><b>Route:<\/b> Funchal &#8211; Selvagen Grande, Santa Cruz, Guimar, La Galera &#8211; San Miguel<br \/>\n<b>Dates<\/b><b>:<\/b> 22-29.10.2022<br \/>\n<b>Miles \/ hours:<\/b> 341Nm \/ 82h<\/p>\n<p><b>22-10-2022 Saturday Funchal<\/b><br \/>\nIn the morning, the middle yacht departs from the raft, and we switch to places with the last yacht (they stay longer, then go to the Canaries and across the Atlantic to the Caribbean). Around 10:30 am the rest of the crew arrive. I&#8217;m going to check us in, hand over the toilet card and off we go. It blows about 20-25 kn. We sail to a place where cruise ships come to watch sperm whales. We can&#8217;t see anything, so after reaching the end of the island, we put ourselves on the right course. In the evening the wind weakens, but we do not give up. We sail today 60Nm.<\/p>\n<p><b>23-10-2022 Sunda<\/b>y<br \/>\nYou can see beautiful stars at night. In the distance we see ships and yachts, but far away and not on a converging course. In the morning the moon rises, it is after the new moon (about 8%), but the obwarzanek has from the bottom &#8211; we are much more to the south than Poland. During the day, the wind weakens even more, so at 2 p.m. we turn on the engine. Large turtles pass us by, and a bird similar to a large swallow is circling the yacht.<\/p>\n<p><b>24-10-2022 Monday Salvagem Grande<\/b><\/p>\n<p><a href=\"https:\/\/pluskata.pl\/www\/en\/crusies-2022\/from-madera-to-tenerife-22-29-10-2022\/salvagen-pluskata-i-lodka-2\/\"><img loading=\"lazy\" decoding=\"async\" class=\"alignnone wp-image-3371 size-medium\" src=\"https:\/\/pluskata.pl\/www\/wp-content\/uploads\/2022\/11\/Salvagen-Pluskata-i-lodka-300x225.jpg\" alt=\"Salvagen Pluskata and boat\" width=\"300\" height=\"225\" srcset=\"https:\/\/pluskata.pl\/www\/wp-content\/uploads\/2022\/11\/Salvagen-Pluskata-i-lodka-300x225.jpg 300w, https:\/\/pluskata.pl\/www\/wp-content\/uploads\/2022\/11\/Salvagen-Pluskata-i-lodka-1024x768.jpg 1024w, https:\/\/pluskata.pl\/www\/wp-content\/uploads\/2022\/11\/Salvagen-Pluskata-i-lodka-768x576.jpg 768w, https:\/\/pluskata.pl\/www\/wp-content\/uploads\/2022\/11\/Salvagen-Pluskata-i-lodka-1536x1152.jpg 1536w, https:\/\/pluskata.pl\/www\/wp-content\/uploads\/2022\/11\/Salvagen-Pluskata-i-lodka-2048x1536.jpg 2048w, https:\/\/pluskata.pl\/www\/wp-content\/uploads\/2022\/11\/Salvagen-Pluskata-i-lodka-150x112.jpg 150w\" sizes=\"auto, (max-width: 300px) 100vw, 300px\" \/><\/a> <a href=\"https:\/\/pluskata.pl\/www\/en\/crusies-2022\/from-madera-to-tenerife-22-29-10-2022\/salvagem-przewoznik-2\/\"><img loading=\"lazy\" decoding=\"async\" class=\"alignnone wp-image-3399 size-medium\" src=\"https:\/\/pluskata.pl\/www\/wp-content\/uploads\/2022\/11\/Salvagem-przewoznik-300x200.jpg\" alt=\"Salvagem boatman\" width=\"300\" height=\"200\" srcset=\"https:\/\/pluskata.pl\/www\/wp-content\/uploads\/2022\/11\/Salvagem-przewoznik-300x200.jpg 300w, https:\/\/pluskata.pl\/www\/wp-content\/uploads\/2022\/11\/Salvagem-przewoznik-1024x682.jpg 1024w, https:\/\/pluskata.pl\/www\/wp-content\/uploads\/2022\/11\/Salvagem-przewoznik-768x511.jpg 768w, https:\/\/pluskata.pl\/www\/wp-content\/uploads\/2022\/11\/Salvagem-przewoznik-1536x1023.jpg 1536w, https:\/\/pluskata.pl\/www\/wp-content\/uploads\/2022\/11\/Salvagem-przewoznik-2048x1363.jpg 2048w, https:\/\/pluskata.pl\/www\/wp-content\/uploads\/2022\/11\/Salvagem-przewoznik-150x100.jpg 150w\" sizes=\"auto, (max-width: 300px) 100vw, 300px\" \/><\/a> <a href=\"https:\/\/pluskata.pl\/www\/en\/crusies-2022\/from-madera-to-tenerife-22-29-10-2022\/salvagem-ptak-2\/\"><img loading=\"lazy\" decoding=\"async\" class=\"alignnone wp-image-3400 size-medium\" src=\"https:\/\/pluskata.pl\/www\/wp-content\/uploads\/2022\/11\/Salvagem-ptak-300x200.jpg\" alt=\"Salvagem bird\" width=\"300\" height=\"200\" srcset=\"https:\/\/pluskata.pl\/www\/wp-content\/uploads\/2022\/11\/Salvagem-ptak-300x200.jpg 300w, https:\/\/pluskata.pl\/www\/wp-content\/uploads\/2022\/11\/Salvagem-ptak-1024x683.jpg 1024w, https:\/\/pluskata.pl\/www\/wp-content\/uploads\/2022\/11\/Salvagem-ptak-768x512.jpg 768w, https:\/\/pluskata.pl\/www\/wp-content\/uploads\/2022\/11\/Salvagem-ptak-1536x1024.jpg 1536w\" sizes=\"auto, (max-width: 300px) 100vw, 300px\" \/><\/a> <a href=\"https:\/\/pluskata.pl\/www\/en\/crusies-2022\/from-madera-to-tenerife-22-29-10-2022\/salvagem-gekon-2\/\"><img loading=\"lazy\" decoding=\"async\" class=\"alignnone wp-image-3401 size-medium\" src=\"https:\/\/pluskata.pl\/www\/wp-content\/uploads\/2022\/11\/Salvagem-gekon-300x200.jpg\" alt=\"Salvagem gekon\" width=\"300\" height=\"200\" srcset=\"https:\/\/pluskata.pl\/www\/wp-content\/uploads\/2022\/11\/Salvagem-gekon-300x200.jpg 300w, https:\/\/pluskata.pl\/www\/wp-content\/uploads\/2022\/11\/Salvagem-gekon-1024x683.jpg 1024w, https:\/\/pluskata.pl\/www\/wp-content\/uploads\/2022\/11\/Salvagem-gekon-768x512.jpg 768w, https:\/\/pluskata.pl\/www\/wp-content\/uploads\/2022\/11\/Salvagem-gekon-1536x1024.jpg 1536w, https:\/\/pluskata.pl\/www\/wp-content\/uploads\/2022\/11\/Salvagem-gekon-2048x1365.jpg 2048w, https:\/\/pluskata.pl\/www\/wp-content\/uploads\/2022\/11\/Salvagem-gekon-150x100.jpg 150w\" sizes=\"auto, (max-width: 300px) 100vw, 300px\" \/><\/a><\/p>\n<p>We approach the island before dawn, so we wait 2 hours for it to light up. We report to the protection of the park, enter the bay and moor to the buoys. The buoy has its moorings. We use one of them and additionally install our hook. We assemble the porta-bote boat, put the engine on and go ashore. The policeman fills in the entry notification papers, and we wait for the guide who went to count the birds. Finally, he shows up with another man who tears a huge stone. We arrange a tour at 4:30 PM. It turns out that the island has no cellular network coverage, but there is Wi-Fi. We received e-mails and watch the weather forecast.<br \/>\nWe go back to the yacht for a swim and lunch. After lunch, Tom goes with the first group to the island. Unfortunately, when landing, the engine propeller hit on the rocks and breaks, so the rest of the transport takes place on the oars. We go on a trip &#8211; at the beginning the guide, then the whole team and finally a policeman. On the way, we see birds that have made their nests in the rocks or under the bushes, geckos sit under the stones and lizards run along the paths. There are no trees on the island, but there are some endemic lichens (growing only on this island). The trip takes about an hour. We come to the edge of the cliff from where you can see the bay and our Splash. We take a commemorative photo of the crew, and after going down we make an entry in the memorial book, and in return we get stamps for the yacht log.<\/p>\n<p><a href=\"https:\/\/pluskata.pl\/www\/en\/crusies-2022\/from-madera-to-tenerife-22-29-10-2022\/salvagem-fotele-2\/\"><img loading=\"lazy\" decoding=\"async\" class=\"alignnone wp-image-3402 size-medium\" src=\"https:\/\/pluskata.pl\/www\/wp-content\/uploads\/2022\/11\/Salvagem-fotele-300x208.jpg\" alt=\"Salvagem chairs\" width=\"300\" height=\"208\" srcset=\"https:\/\/pluskata.pl\/www\/wp-content\/uploads\/2022\/11\/Salvagem-fotele-300x208.jpg 300w, https:\/\/pluskata.pl\/www\/wp-content\/uploads\/2022\/11\/Salvagem-fotele-1024x710.jpg 1024w, https:\/\/pluskata.pl\/www\/wp-content\/uploads\/2022\/11\/Salvagem-fotele-768x532.jpg 768w, https:\/\/pluskata.pl\/www\/wp-content\/uploads\/2022\/11\/Salvagem-fotele-1536x1065.jpg 1536w, https:\/\/pluskata.pl\/www\/wp-content\/uploads\/2022\/11\/Salvagem-fotele-2048x1420.jpg 2048w, https:\/\/pluskata.pl\/www\/wp-content\/uploads\/2022\/11\/Salvagem-fotele-150x104.jpg 150w\" sizes=\"auto, (max-width: 300px) 100vw, 300px\" \/><\/a> <a href=\"https:\/\/pluskata.pl\/www\/en\/crusies-2022\/from-madera-to-tenerife-22-29-10-2022\/salvagem-jacht-z-gory-2\/\"><img loading=\"lazy\" decoding=\"async\" class=\"alignnone wp-image-3403 size-medium\" src=\"https:\/\/pluskata.pl\/www\/wp-content\/uploads\/2022\/11\/Salvagem-jacht-z-gory-300x200.jpg\" alt=\"Salvagem boat from top\" width=\"300\" height=\"200\" srcset=\"https:\/\/pluskata.pl\/www\/wp-content\/uploads\/2022\/11\/Salvagem-jacht-z-gory-300x200.jpg 300w, https:\/\/pluskata.pl\/www\/wp-content\/uploads\/2022\/11\/Salvagem-jacht-z-gory-1024x683.jpg 1024w, https:\/\/pluskata.pl\/www\/wp-content\/uploads\/2022\/11\/Salvagem-jacht-z-gory-768x512.jpg 768w, https:\/\/pluskata.pl\/www\/wp-content\/uploads\/2022\/11\/Salvagem-jacht-z-gory-1536x1024.jpg 1536w, https:\/\/pluskata.pl\/www\/wp-content\/uploads\/2022\/11\/Salvagem-jacht-z-gory-2048x1365.jpg 2048w, https:\/\/pluskata.pl\/www\/wp-content\/uploads\/2022\/11\/Salvagem-jacht-z-gory-150x100.jpg 150w\" sizes=\"auto, (max-width: 300px) 100vw, 300px\" \/><\/a> <a href=\"https:\/\/pluskata.pl\/www\/en\/crusies-2022\/from-madera-to-tenerife-22-29-10-2022\/salvagem-bojka-2\/\"><img loading=\"lazy\" decoding=\"async\" class=\"alignnone wp-image-3404 size-medium\" src=\"https:\/\/pluskata.pl\/www\/wp-content\/uploads\/2022\/11\/Salvagem-bojka-300x200.jpg\" alt=\"Salvagem buoy\" width=\"300\" height=\"200\" srcset=\"https:\/\/pluskata.pl\/www\/wp-content\/uploads\/2022\/11\/Salvagem-bojka-300x200.jpg 300w, https:\/\/pluskata.pl\/www\/wp-content\/uploads\/2022\/11\/Salvagem-bojka-1024x683.jpg 1024w, https:\/\/pluskata.pl\/www\/wp-content\/uploads\/2022\/11\/Salvagem-bojka-768x512.jpg 768w\" sizes=\"auto, (max-width: 300px) 100vw, 300px\" \/><\/a><\/p>\n<p>There are 5 people on the island of a &#8222;permanent&#8221; crew, 2 policemen, 2 &#8222;rangers&#8221; and a &#8222;technician&#8221; to repair everything. We sail to the yacht, pull the boat onto the deck and eat dinner. Everyone goes to bed early after dinner.<\/p>\n<p><b>25-10-2022 Tuesday Salvagem Grande<\/b><br \/>\nIn the morning, after breakfast, we assemble the boat, take a bath and after 1pm we go on. The island staff says goodbye to us &#8211; they wave and turn on the sirens. We set the sails and in the wind of 7 kn we sail 4 kn. In front of the Salvagem Pequenio island, we are making a turn. For dinner, pasta with pesto and cheese, and after lunch, coffee with chocolate. Delicious. Around 4pm the wind reaches 3kn so we start the engine.<\/p>\n<p><a href=\"https:\/\/pluskata.pl\/www\/en\/crusies-2022\/from-madera-to-tenerife-22-29-10-2022\/salvagen-grande-2\/\"><img loading=\"lazy\" decoding=\"async\" class=\"alignnone wp-image-3405 size-medium\" src=\"https:\/\/pluskata.pl\/www\/wp-content\/uploads\/2022\/11\/Salvagen-Grande-300x200.jpg\" alt=\"Salvagen Grande\" width=\"300\" height=\"200\" srcset=\"https:\/\/pluskata.pl\/www\/wp-content\/uploads\/2022\/11\/Salvagen-Grande-300x200.jpg 300w, https:\/\/pluskata.pl\/www\/wp-content\/uploads\/2022\/11\/Salvagen-Grande-1024x683.jpg 1024w, https:\/\/pluskata.pl\/www\/wp-content\/uploads\/2022\/11\/Salvagen-Grande-768x512.jpg 768w, https:\/\/pluskata.pl\/www\/wp-content\/uploads\/2022\/11\/Salvagen-Grande-1536x1025.jpg 1536w, https:\/\/pluskata.pl\/www\/wp-content\/uploads\/2022\/11\/Salvagen-Grande-2048x1366.jpg 2048w, https:\/\/pluskata.pl\/www\/wp-content\/uploads\/2022\/11\/Salvagen-Grande-150x100.jpg 150w\" sizes=\"auto, (max-width: 300px) 100vw, 300px\" \/><\/a> <a href=\"https:\/\/pluskata.pl\/www\/en\/crusies-2022\/from-madera-to-tenerife-22-29-10-2022\/salvagem-pequenia-2\/\"><img loading=\"lazy\" decoding=\"async\" class=\"alignnone wp-image-3406 size-medium\" src=\"https:\/\/pluskata.pl\/www\/wp-content\/uploads\/2022\/11\/Salvagem-pequenia-300x200.jpg\" alt=\"Salvagem pequenia\" width=\"300\" height=\"200\" srcset=\"https:\/\/pluskata.pl\/www\/wp-content\/uploads\/2022\/11\/Salvagem-pequenia-300x200.jpg 300w, https:\/\/pluskata.pl\/www\/wp-content\/uploads\/2022\/11\/Salvagem-pequenia-1024x682.jpg 1024w, https:\/\/pluskata.pl\/www\/wp-content\/uploads\/2022\/11\/Salvagem-pequenia-768x512.jpg 768w, https:\/\/pluskata.pl\/www\/wp-content\/uploads\/2022\/11\/Salvagem-pequenia-1536x1023.jpg 1536w, https:\/\/pluskata.pl\/www\/wp-content\/uploads\/2022\/11\/Salvagem-pequenia-2048x1364.jpg 2048w, https:\/\/pluskata.pl\/www\/wp-content\/uploads\/2022\/11\/Salvagem-pequenia-150x100.jpg 150w\" sizes=\"auto, (max-width: 300px) 100vw, 300px\" \/><\/a> <a href=\"https:\/\/pluskata.pl\/www\/en\/crusies-2022\/from-madera-to-tenerife-22-29-10-2022\/zachod-slonca-5-2\/\"><img loading=\"lazy\" decoding=\"async\" class=\"alignnone wp-image-3407 size-medium\" src=\"https:\/\/pluskata.pl\/www\/wp-content\/uploads\/2022\/11\/Zachod-slonca-300x200.jpg\" alt=\"Sunset\" width=\"300\" height=\"200\" srcset=\"https:\/\/pluskata.pl\/www\/wp-content\/uploads\/2022\/11\/Zachod-slonca-300x200.jpg 300w, https:\/\/pluskata.pl\/www\/wp-content\/uploads\/2022\/11\/Zachod-slonca-1024x682.jpg 1024w, https:\/\/pluskata.pl\/www\/wp-content\/uploads\/2022\/11\/Zachod-slonca-768x512.jpg 768w\" sizes=\"auto, (max-width: 300px) 100vw, 300px\" \/><\/a><\/p>\n<p><strong>26-10-2022 Wednesday Santa Cruz<\/strong><br \/>\nIn the morning we enter the Santa Cruz marina in Tenerife. We stand next to Good Fellow &#8211; a yacht met in Funchal. We embrace the yacht, rinse the deck with salt, and after lunch we go to the city in thematic groups.<\/p>\n<p><a href=\"https:\/\/pluskata.pl\/www\/en\/crusies-2022\/from-madera-to-tenerife-22-29-10-2022\/santa-cruz-napis-2\/\"><img loading=\"lazy\" decoding=\"async\" class=\"alignnone wp-image-3408 size-medium\" src=\"https:\/\/pluskata.pl\/www\/wp-content\/uploads\/2022\/11\/Santa-Cruz-napis-300x200.jpg\" alt=\"Santa Cruz sign\" width=\"300\" height=\"200\" srcset=\"https:\/\/pluskata.pl\/www\/wp-content\/uploads\/2022\/11\/Santa-Cruz-napis-300x200.jpg 300w, https:\/\/pluskata.pl\/www\/wp-content\/uploads\/2022\/11\/Santa-Cruz-napis-1024x683.jpg 1024w, https:\/\/pluskata.pl\/www\/wp-content\/uploads\/2022\/11\/Santa-Cruz-napis-768x512.jpg 768w, https:\/\/pluskata.pl\/www\/wp-content\/uploads\/2022\/11\/Santa-Cruz-napis-1536x1024.jpg 1536w, https:\/\/pluskata.pl\/www\/wp-content\/uploads\/2022\/11\/Santa-Cruz-napis-2048x1365.jpg 2048w, https:\/\/pluskata.pl\/www\/wp-content\/uploads\/2022\/11\/Santa-Cruz-napis-150x100.jpg 150w\" sizes=\"auto, (max-width: 300px) 100vw, 300px\" \/><\/a> <a href=\"https:\/\/pluskata.pl\/www\/en\/crusies-2022\/from-madera-to-tenerife-22-29-10-2022\/santa-cruz-rzezba-w-parku-2\/\"><img loading=\"lazy\" decoding=\"async\" class=\"alignnone wp-image-3409 size-medium\" src=\"https:\/\/pluskata.pl\/www\/wp-content\/uploads\/2022\/11\/Santa-Cruz-rzezba-w-parku-300x200.jpg\" alt=\"Santa Cruz sculpture\" width=\"300\" height=\"200\" srcset=\"https:\/\/pluskata.pl\/www\/wp-content\/uploads\/2022\/11\/Santa-Cruz-rzezba-w-parku-300x200.jpg 300w, https:\/\/pluskata.pl\/www\/wp-content\/uploads\/2022\/11\/Santa-Cruz-rzezba-w-parku-1024x682.jpg 1024w, https:\/\/pluskata.pl\/www\/wp-content\/uploads\/2022\/11\/Santa-Cruz-rzezba-w-parku-768x512.jpg 768w, https:\/\/pluskata.pl\/www\/wp-content\/uploads\/2022\/11\/Santa-Cruz-rzezba-w-parku-1536x1023.jpg 1536w, https:\/\/pluskata.pl\/www\/wp-content\/uploads\/2022\/11\/Santa-Cruz-rzezba-w-parku-2048x1364.jpg 2048w, https:\/\/pluskata.pl\/www\/wp-content\/uploads\/2022\/11\/Santa-Cruz-rzezba-w-parku-150x100.jpg 150w\" sizes=\"auto, (max-width: 300px) 100vw, 300px\" \/><\/a> <a href=\"https:\/\/pluskata.pl\/www\/en\/crusies-2022\/from-madera-to-tenerife-22-29-10-2022\/santa-cruz-przed-targiem-2\/\"><img loading=\"lazy\" decoding=\"async\" class=\"alignnone wp-image-3410 size-medium\" src=\"https:\/\/pluskata.pl\/www\/wp-content\/uploads\/2022\/11\/Santa-Cruz-przed-targiem-300x200.jpg\" alt=\"Santa Cruz in front of market\" width=\"300\" height=\"200\" srcset=\"https:\/\/pluskata.pl\/www\/wp-content\/uploads\/2022\/11\/Santa-Cruz-przed-targiem-300x200.jpg 300w, https:\/\/pluskata.pl\/www\/wp-content\/uploads\/2022\/11\/Santa-Cruz-przed-targiem-1024x683.jpg 1024w, https:\/\/pluskata.pl\/www\/wp-content\/uploads\/2022\/11\/Santa-Cruz-przed-targiem-768x512.jpg 768w, https:\/\/pluskata.pl\/www\/wp-content\/uploads\/2022\/11\/Santa-Cruz-przed-targiem-1536x1024.jpg 1536w\" sizes=\"auto, (max-width: 300px) 100vw, 300px\" \/><\/a> <a href=\"https:\/\/pluskata.pl\/www\/en\/crusies-2022\/from-madera-to-tenerife-22-29-10-2022\/santa-cruz-krowa-na-balkonie-2\/\"><img loading=\"lazy\" decoding=\"async\" class=\"alignnone wp-image-3411 size-medium\" src=\"https:\/\/pluskata.pl\/www\/wp-content\/uploads\/2022\/11\/Santa-Cruz-krowa-na-balkonie-300x200.jpg\" alt=\"Santa Cruz cow\" width=\"300\" height=\"200\" srcset=\"https:\/\/pluskata.pl\/www\/wp-content\/uploads\/2022\/11\/Santa-Cruz-krowa-na-balkonie-300x200.jpg 300w, https:\/\/pluskata.pl\/www\/wp-content\/uploads\/2022\/11\/Santa-Cruz-krowa-na-balkonie-1024x683.jpg 1024w, https:\/\/pluskata.pl\/www\/wp-content\/uploads\/2022\/11\/Santa-Cruz-krowa-na-balkonie-768x512.jpg 768w, https:\/\/pluskata.pl\/www\/wp-content\/uploads\/2022\/11\/Santa-Cruz-krowa-na-balkonie-1536x1024.jpg 1536w, https:\/\/pluskata.pl\/www\/wp-content\/uploads\/2022\/11\/Santa-Cruz-krowa-na-balkonie-2048x1365.jpg 2048w, https:\/\/pluskata.pl\/www\/wp-content\/uploads\/2022\/11\/Santa-Cruz-krowa-na-balkonie-150x100.jpg 150w\" sizes=\"auto, (max-width: 300px) 100vw, 300px\" \/><\/a><\/p>\n<p>Tomek and I visit nautical shops in searching of a propeller for the engine, unfortunately without result, but one of the sellers declares that he can ask about it. We leave him the bolt details and contact me.<\/p>\n<p><b>27-10-2022 Thursday<\/b><\/p>\n<p><a href=\"https:\/\/pluskata.pl\/www\/en\/crusies-2022\/from-madera-to-tenerife-22-29-10-2022\/santa-cruz-gory-2\/\"><img loading=\"lazy\" decoding=\"async\" class=\"alignnone wp-image-3412 size-medium\" src=\"https:\/\/pluskata.pl\/www\/wp-content\/uploads\/2022\/11\/Santa-Cruz-gory-300x200.jpg\" alt=\"Santa Cruz mountais\" width=\"300\" height=\"200\" srcset=\"https:\/\/pluskata.pl\/www\/wp-content\/uploads\/2022\/11\/Santa-Cruz-gory-300x200.jpg 300w, https:\/\/pluskata.pl\/www\/wp-content\/uploads\/2022\/11\/Santa-Cruz-gory-1024x683.jpg 1024w, https:\/\/pluskata.pl\/www\/wp-content\/uploads\/2022\/11\/Santa-Cruz-gory-768x512.jpg 768w, https:\/\/pluskata.pl\/www\/wp-content\/uploads\/2022\/11\/Santa-Cruz-gory-1536x1024.jpg 1536w, https:\/\/pluskata.pl\/www\/wp-content\/uploads\/2022\/11\/Santa-Cruz-gory-2048x1366.jpg 2048w, https:\/\/pluskata.pl\/www\/wp-content\/uploads\/2022\/11\/Santa-Cruz-gory-150x100.jpg 150w\" sizes=\"auto, (max-width: 300px) 100vw, 300px\" \/><\/a> <a href=\"https:\/\/pluskata.pl\/www\/en\/crusies-2022\/from-madera-to-tenerife-22-29-10-2022\/santa-cruz-widok-na-miasto-2\/\"><img loading=\"lazy\" decoding=\"async\" class=\"alignnone wp-image-3413 size-medium\" src=\"https:\/\/pluskata.pl\/www\/wp-content\/uploads\/2022\/11\/Santa-Cruz-widok-na-miasto-300x200.jpg\" alt=\"Santa Cruz town\" width=\"300\" height=\"200\" srcset=\"https:\/\/pluskata.pl\/www\/wp-content\/uploads\/2022\/11\/Santa-Cruz-widok-na-miasto-300x200.jpg 300w, https:\/\/pluskata.pl\/www\/wp-content\/uploads\/2022\/11\/Santa-Cruz-widok-na-miasto-1024x683.jpg 1024w, https:\/\/pluskata.pl\/www\/wp-content\/uploads\/2022\/11\/Santa-Cruz-widok-na-miasto-768x512.jpg 768w, https:\/\/pluskata.pl\/www\/wp-content\/uploads\/2022\/11\/Santa-Cruz-widok-na-miasto-1536x1024.jpg 1536w\" sizes=\"auto, (max-width: 300px) 100vw, 300px\" \/><\/a> <a href=\"https:\/\/pluskata.pl\/www\/en\/crusies-2022\/from-madera-to-tenerife-22-29-10-2022\/santa-cruz-platforma-2\/\"><img loading=\"lazy\" decoding=\"async\" class=\"alignnone wp-image-3414 size-medium\" src=\"https:\/\/pluskata.pl\/www\/wp-content\/uploads\/2022\/11\/Santa-Cruz-platforma-300x200.jpg\" alt=\"Santa Cruz platform\" width=\"300\" height=\"200\" srcset=\"https:\/\/pluskata.pl\/www\/wp-content\/uploads\/2022\/11\/Santa-Cruz-platforma-300x200.jpg 300w, https:\/\/pluskata.pl\/www\/wp-content\/uploads\/2022\/11\/Santa-Cruz-platforma-1024x682.jpg 1024w, https:\/\/pluskata.pl\/www\/wp-content\/uploads\/2022\/11\/Santa-Cruz-platforma-768x511.jpg 768w, https:\/\/pluskata.pl\/www\/wp-content\/uploads\/2022\/11\/Santa-Cruz-platforma-1536x1022.jpg 1536w, https:\/\/pluskata.pl\/www\/wp-content\/uploads\/2022\/11\/Santa-Cruz-platforma-2048x1363.jpg 2048w, https:\/\/pluskata.pl\/www\/wp-content\/uploads\/2022\/11\/Santa-Cruz-platforma-150x100.jpg 150w\" sizes=\"auto, (max-width: 300px) 100vw, 300px\" \/><\/a> <a href=\"https:\/\/pluskata.pl\/www\/en\/crusies-2022\/from-madera-to-tenerife-22-29-10-2022\/santa-cruz-sala-koncertowa-2\/\"><img loading=\"lazy\" decoding=\"async\" class=\"alignnone wp-image-3415 size-medium\" src=\"https:\/\/pluskata.pl\/www\/wp-content\/uploads\/2022\/11\/Santa-Cruz-sala-koncertowa-300x200.jpg\" alt=\"Santa Cruz concert hall\" width=\"300\" height=\"200\" srcset=\"https:\/\/pluskata.pl\/www\/wp-content\/uploads\/2022\/11\/Santa-Cruz-sala-koncertowa-300x200.jpg 300w, https:\/\/pluskata.pl\/www\/wp-content\/uploads\/2022\/11\/Santa-Cruz-sala-koncertowa-1024x683.jpg 1024w, https:\/\/pluskata.pl\/www\/wp-content\/uploads\/2022\/11\/Santa-Cruz-sala-koncertowa-768x512.jpg 768w, https:\/\/pluskata.pl\/www\/wp-content\/uploads\/2022\/11\/Santa-Cruz-sala-koncertowa-1536x1024.jpg 1536w, https:\/\/pluskata.pl\/www\/wp-content\/uploads\/2022\/11\/Santa-Cruz-sala-koncertowa-2048x1365.jpg 2048w, https:\/\/pluskata.pl\/www\/wp-content\/uploads\/2022\/11\/Santa-Cruz-sala-koncertowa-150x100.jpg 150w\" sizes=\"auto, (max-width: 300px) 100vw, 300px\" \/><\/a> <a href=\"https:\/\/pluskata.pl\/www\/en\/crusies-2022\/from-madera-to-tenerife-22-29-10-2022\/wulkan-2\/\"><img loading=\"lazy\" decoding=\"async\" class=\"alignnone wp-image-3417 size-medium\" src=\"https:\/\/pluskata.pl\/www\/wp-content\/uploads\/2022\/11\/Wulkan--300x200.jpg\" alt=\"Wulcan\" width=\"300\" height=\"200\" srcset=\"https:\/\/pluskata.pl\/www\/wp-content\/uploads\/2022\/11\/Wulkan--300x200.jpg 300w, https:\/\/pluskata.pl\/www\/wp-content\/uploads\/2022\/11\/Wulkan--1024x683.jpg 1024w, https:\/\/pluskata.pl\/www\/wp-content\/uploads\/2022\/11\/Wulkan--768x512.jpg 768w, https:\/\/pluskata.pl\/www\/wp-content\/uploads\/2022\/11\/Wulkan--1536x1024.jpg 1536w, https:\/\/pluskata.pl\/www\/wp-content\/uploads\/2022\/11\/Wulkan--2048x1365.jpg 2048w, https:\/\/pluskata.pl\/www\/wp-content\/uploads\/2022\/11\/Wulkan--150x100.jpg 150w\" sizes=\"auto, (max-width: 300px) 100vw, 300px\" \/><\/a> <a href=\"https:\/\/pluskata.pl\/www\/en\/crusies-2022\/from-madera-to-tenerife-22-29-10-2022\/teneryfa-z-wody-2\/\"><img loading=\"lazy\" decoding=\"async\" class=\"alignnone wp-image-3416 size-medium\" src=\"https:\/\/pluskata.pl\/www\/wp-content\/uploads\/2022\/11\/Teneryfa-z-wody-300x200.jpg\" alt=\"Teneryfa from water\" width=\"300\" height=\"200\" srcset=\"https:\/\/pluskata.pl\/www\/wp-content\/uploads\/2022\/11\/Teneryfa-z-wody-300x200.jpg 300w, https:\/\/pluskata.pl\/www\/wp-content\/uploads\/2022\/11\/Teneryfa-z-wody-1024x683.jpg 1024w, https:\/\/pluskata.pl\/www\/wp-content\/uploads\/2022\/11\/Teneryfa-z-wody-768x512.jpg 768w, https:\/\/pluskata.pl\/www\/wp-content\/uploads\/2022\/11\/Teneryfa-z-wody-1536x1024.jpg 1536w, https:\/\/pluskata.pl\/www\/wp-content\/uploads\/2022\/11\/Teneryfa-z-wody-2048x1365.jpg 2048w, https:\/\/pluskata.pl\/www\/wp-content\/uploads\/2022\/11\/Teneryfa-z-wody-150x100.jpg 150w\" sizes=\"auto, (max-width: 300px) 100vw, 300px\" \/><\/a> <a href=\"https:\/\/pluskata.pl\/www\/en\/crusies-2022\/from-madera-to-tenerife-22-29-10-2022\/spiewanki-2\/\"><img loading=\"lazy\" decoding=\"async\" class=\"alignnone wp-image-3369 size-medium\" src=\"https:\/\/pluskata.pl\/www\/wp-content\/uploads\/2022\/11\/Spiewanki-300x200.jpg\" alt=\"Songs\" width=\"300\" height=\"200\" \/><\/a><br \/>\nIn the morning we visit one more sailing shop, where we meet a Pole, but they also don&#8217;t have any screws for the engine. Part of the crew goes to the palm garden. At 12:30 pm we go out to sea. First we try to stay in the Guimar marina, but despite the vacancies the staff say the marina is full and we can&#8217;t even stay for 1 night. We go back 4 miles and moored in the La Galera marina. It is also not without its problems, but finally there is a place where we can stay. It&#8217;s a private marina with a swimming pool, tennis courts, gym and gyms. In the evening, some of the crew go sightseeing the city at night.<\/p>\n<p><b>28-10-2022 Friday San Miguel<\/b><\/p>\n<p><a href=\"https:\/\/pluskata.pl\/www\/en\/crusies-2022\/from-madera-to-tenerife-22-29-10-2022\/krab-2\/\"><img loading=\"lazy\" decoding=\"async\" class=\"alignnone wp-image-3418 size-medium\" src=\"https:\/\/pluskata.pl\/www\/wp-content\/uploads\/2022\/11\/Krab-300x200.jpg\" alt=\"crab\" width=\"300\" height=\"200\" srcset=\"https:\/\/pluskata.pl\/www\/wp-content\/uploads\/2022\/11\/Krab-300x200.jpg 300w, https:\/\/pluskata.pl\/www\/wp-content\/uploads\/2022\/11\/Krab-1024x682.jpg 1024w, https:\/\/pluskata.pl\/www\/wp-content\/uploads\/2022\/11\/Krab-768x512.jpg 768w, https:\/\/pluskata.pl\/www\/wp-content\/uploads\/2022\/11\/Krab-1536x1024.jpg 1536w, https:\/\/pluskata.pl\/www\/wp-content\/uploads\/2022\/11\/Krab-2048x1365.jpg 2048w, https:\/\/pluskata.pl\/www\/wp-content\/uploads\/2022\/11\/Krab-150x100.jpg 150w\" sizes=\"auto, (max-width: 300px) 100vw, 300px\" \/><\/a> <a href=\"https:\/\/pluskata.pl\/www\/en\/crusies-2022\/from-madera-to-tenerife-22-29-10-2022\/el-teide-2\/\"><img loading=\"lazy\" decoding=\"async\" class=\"alignnone wp-image-3419 size-medium\" src=\"https:\/\/pluskata.pl\/www\/wp-content\/uploads\/2022\/11\/El-Teide-300x200.jpg\" alt=\"El Teide\" width=\"300\" height=\"200\" srcset=\"https:\/\/pluskata.pl\/www\/wp-content\/uploads\/2022\/11\/El-Teide-300x200.jpg 300w, https:\/\/pluskata.pl\/www\/wp-content\/uploads\/2022\/11\/El-Teide-1024x683.jpg 1024w, https:\/\/pluskata.pl\/www\/wp-content\/uploads\/2022\/11\/El-Teide-768x512.jpg 768w, https:\/\/pluskata.pl\/www\/wp-content\/uploads\/2022\/11\/El-Teide-1536x1024.jpg 1536w, https:\/\/pluskata.pl\/www\/wp-content\/uploads\/2022\/11\/El-Teide-2048x1366.jpg 2048w, https:\/\/pluskata.pl\/www\/wp-content\/uploads\/2022\/11\/El-Teide-150x100.jpg 150w\" sizes=\"auto, (max-width: 300px) 100vw, 300px\" \/><\/a> <a href=\"https:\/\/pluskata.pl\/www\/en\/crusies-2022\/from-madera-to-tenerife-22-29-10-2022\/skaly-w-kraterze-2\/\"><img loading=\"lazy\" decoding=\"async\" class=\"alignnone wp-image-3420 size-medium\" src=\"https:\/\/pluskata.pl\/www\/wp-content\/uploads\/2022\/11\/Skaly-w-kraterze-300x200.jpg\" alt=\"Rocks in crater\" width=\"300\" height=\"200\" srcset=\"https:\/\/pluskata.pl\/www\/wp-content\/uploads\/2022\/11\/Skaly-w-kraterze-300x200.jpg 300w, https:\/\/pluskata.pl\/www\/wp-content\/uploads\/2022\/11\/Skaly-w-kraterze-1024x683.jpg 1024w, https:\/\/pluskata.pl\/www\/wp-content\/uploads\/2022\/11\/Skaly-w-kraterze-768x512.jpg 768w, https:\/\/pluskata.pl\/www\/wp-content\/uploads\/2022\/11\/Skaly-w-kraterze-1536x1024.jpg 1536w, https:\/\/pluskata.pl\/www\/wp-content\/uploads\/2022\/11\/Skaly-w-kraterze-2048x1365.jpg 2048w, https:\/\/pluskata.pl\/www\/wp-content\/uploads\/2022\/11\/Skaly-w-kraterze-150x100.jpg 150w\" sizes=\"auto, (max-width: 300px) 100vw, 300px\" \/><\/a><br \/>\nWe go out in the morning. We have approx 28mm to San Muguel. There is no wind so we ride on the engine. For dinner, fish with spinach and potatoes. We do a maneuver in front of the marina &#8211; draw letters on the water, and then swim into a nearby bay for a swim. We enter the marina at 7 pm. We get a seat at the G pier. We stand stern to the shore and bow on the moorings.<\/p>\n<p><a href=\"https:\/\/pluskata.pl\/www\/en\/crusies-2022\/from-madera-to-tenerife-22-29-10-2022\/roslinka-el-teide-2\/\"><img loading=\"lazy\" decoding=\"async\" class=\"alignnone wp-image-3421 size-medium\" src=\"https:\/\/pluskata.pl\/www\/wp-content\/uploads\/2022\/11\/Roslinka-el-Teide-300x200.jpg\" alt=\"Plant el Teide\" width=\"300\" height=\"200\" srcset=\"https:\/\/pluskata.pl\/www\/wp-content\/uploads\/2022\/11\/Roslinka-el-Teide-300x200.jpg 300w, https:\/\/pluskata.pl\/www\/wp-content\/uploads\/2022\/11\/Roslinka-el-Teide-1024x684.jpg 1024w, https:\/\/pluskata.pl\/www\/wp-content\/uploads\/2022\/11\/Roslinka-el-Teide-768x513.jpg 768w, https:\/\/pluskata.pl\/www\/wp-content\/uploads\/2022\/11\/Roslinka-el-Teide-1536x1026.jpg 1536w, https:\/\/pluskata.pl\/www\/wp-content\/uploads\/2022\/11\/Roslinka-el-Teide-2048x1367.jpg 2048w, https:\/\/pluskata.pl\/www\/wp-content\/uploads\/2022\/11\/Roslinka-el-Teide-150x100.jpg 150w\" sizes=\"auto, (max-width: 300px) 100vw, 300px\" \/><\/a> <a href=\"https:\/\/pluskata.pl\/www\/en\/crusies-2022\/from-madera-to-tenerife-22-29-10-2022\/park-el-teide-2\/\"><img loading=\"lazy\" decoding=\"async\" class=\"alignnone wp-image-3422 size-medium\" src=\"https:\/\/pluskata.pl\/www\/wp-content\/uploads\/2022\/11\/Park-el-Teide-300x200.jpg\" alt=\"Park el Teide\" width=\"300\" height=\"200\" srcset=\"https:\/\/pluskata.pl\/www\/wp-content\/uploads\/2022\/11\/Park-el-Teide-300x200.jpg 300w, https:\/\/pluskata.pl\/www\/wp-content\/uploads\/2022\/11\/Park-el-Teide-1024x683.jpg 1024w, https:\/\/pluskata.pl\/www\/wp-content\/uploads\/2022\/11\/Park-el-Teide-768x512.jpg 768w, https:\/\/pluskata.pl\/www\/wp-content\/uploads\/2022\/11\/Park-el-Teide-1536x1024.jpg 1536w, https:\/\/pluskata.pl\/www\/wp-content\/uploads\/2022\/11\/Park-el-Teide-2048x1365.jpg 2048w, https:\/\/pluskata.pl\/www\/wp-content\/uploads\/2022\/11\/Park-el-Teide-150x100.jpg 150w\" sizes=\"auto, (max-width: 300px) 100vw, 300px\" \/><\/a> <a href=\"https:\/\/pluskata.pl\/www\/en\/crusies-2022\/from-madera-to-tenerife-22-29-10-2022\/el-teide-wieczorem-2\/\"><img loading=\"lazy\" decoding=\"async\" class=\"alignnone wp-image-3423 size-medium\" src=\"https:\/\/pluskata.pl\/www\/wp-content\/uploads\/2022\/11\/El-Teide-wieczorem-300x200.jpg\" alt=\"El Teide evening\" width=\"300\" height=\"200\" srcset=\"https:\/\/pluskata.pl\/www\/wp-content\/uploads\/2022\/11\/El-Teide-wieczorem-300x200.jpg 300w, https:\/\/pluskata.pl\/www\/wp-content\/uploads\/2022\/11\/El-Teide-wieczorem-1024x683.jpg 1024w, https:\/\/pluskata.pl\/www\/wp-content\/uploads\/2022\/11\/El-Teide-wieczorem-768x512.jpg 768w, https:\/\/pluskata.pl\/www\/wp-content\/uploads\/2022\/11\/El-Teide-wieczorem-1536x1024.jpg 1536w, https:\/\/pluskata.pl\/www\/wp-content\/uploads\/2022\/11\/El-Teide-wieczorem-2048x1365.jpg 2048w, https:\/\/pluskata.pl\/www\/wp-content\/uploads\/2022\/11\/El-Teide-wieczorem-150x100.jpg 150w\" sizes=\"auto, (max-width: 300px) 100vw, 300px\" \/><\/a><\/p>\n","protected":false},"excerpt":{"rendered":"<p>Route: Funchal &#8211; Selvagen Grande, Santa Cruz, Guimar, La Galera &#8211; San Miguel Dates: 22-29.10.2022 Miles \/ hours: 341Nm \/ 82h 22-10-2022 Saturday Funchal In the morning, the middle yacht departs from the raft, and we switch to places with the last yacht (they stay longer, then go to the\u2026<\/p>\n<p class=\"continue-reading-button\"> <a class=\"continue-reading-link\" href=\"https:\/\/pluskata.pl\/www\/en\/crusies-2022\/from-madera-to-tenerife-22-29-10-2022\/\">Czytaj dalej\/Continue reading<i class=\"crycon-right-dir\"><\/i><\/a><\/p>\n","protected":false},"author":1,"featured_media":3328,"parent":1609,"menu_order":9,"comment_status":"closed","ping_status":"closed","template":"","meta":{"footnotes":""},"class_list":["post-3324","page","type-page","status-publish","has-post-thumbnail","hentry"],"yoast_head":"<!-- This site is optimized with the Yoast SEO plugin v27.5 - https:\/\/yoast.com\/product\/yoast-seo-wordpress\/ -->\n<title>From Madera to Tenerife 22-29.10.2022 - Podr\u00f3\u017ce jachtem po \u015bwiecie<\/title>\n<meta name=\"robots\" content=\"index, follow, max-snippet:-1, max-image-preview:large, max-video-preview:-1\" \/>\n<link rel=\"canonical\" href=\"https:\/\/pluskata.pl\/www\/en\/crusies-2022\/from-madera-to-tenerife-22-29-10-2022\/\" \/>\n<meta property=\"og:locale\" content=\"pl_PL\" \/>\n<meta property=\"og:type\" content=\"article\" \/>\n<meta property=\"og:title\" content=\"From Madera to Tenerife 22-29.10.2022 - Podr\u00f3\u017ce jachtem po \u015bwiecie\" \/>\n<meta property=\"og:description\" content=\"Route: Funchal &#8211; Selvagen Grande, Santa Cruz, Guimar, La Galera &#8211; San Miguel Dates: 22-29.10.2022 Miles \/ hours: 341Nm \/ 82h 22-10-2022 Saturday Funchal In the morning, the middle yacht departs from the raft, and we switch to places with the last yacht (they stay longer, then go to the\u2026 Czytaj dalej\/Continue reading\" \/>\n<meta property=\"og:url\" content=\"https:\/\/pluskata.pl\/www\/en\/crusies-2022\/from-madera-to-tenerife-22-29-10-2022\/\" \/>\n<meta property=\"og:site_name\" content=\"Podr\u00f3\u017ce jachtem po \u015bwiecie\" \/>\n<meta property=\"article:publisher\" content=\"https:\/\/www.facebook.com\/pluskata\" \/>\n<meta property=\"article:modified_time\" content=\"2022-12-07T13:13:41+00:00\" \/>\n<meta property=\"og:image\" content=\"https:\/\/pluskata.pl\/www\/wp-content\/uploads\/2022\/11\/MaderaTeneryfa.jpg\" \/>\n\t<meta property=\"og:image:width\" content=\"2210\" \/>\n\t<meta property=\"og:image:height\" content=\"1518\" \/>\n\t<meta property=\"og:image:type\" content=\"image\/jpeg\" \/>\n<meta name=\"twitter:card\" content=\"summary_large_image\" \/>\n<meta name=\"twitter:label1\" content=\"Szacowany czas czytania\" \/>\n\t<meta name=\"twitter:data1\" content=\"5 minut\" \/>\n<script type=\"application\/ld+json\" class=\"yoast-schema-graph\">{\"@context\":\"https:\\\/\\\/schema.org\",\"@graph\":[{\"@type\":\"WebPage\",\"@id\":\"https:\\\/\\\/pluskata.pl\\\/www\\\/en\\\/crusies-2022\\\/from-madera-to-tenerife-22-29-10-2022\\\/\",\"url\":\"https:\\\/\\\/pluskata.pl\\\/www\\\/en\\\/crusies-2022\\\/from-madera-to-tenerife-22-29-10-2022\\\/\",\"name\":\"From Madera to Tenerife 22-29.10.2022 - Podr\u00f3\u017ce jachtem po \u015bwiecie\",\"isPartOf\":{\"@id\":\"https:\\\/\\\/pluskata.pl\\\/www\\\/#website\"},\"primaryImageOfPage\":{\"@id\":\"https:\\\/\\\/pluskata.pl\\\/www\\\/en\\\/crusies-2022\\\/from-madera-to-tenerife-22-29-10-2022\\\/#primaryimage\"},\"image\":{\"@id\":\"https:\\\/\\\/pluskata.pl\\\/www\\\/en\\\/crusies-2022\\\/from-madera-to-tenerife-22-29-10-2022\\\/#primaryimage\"},\"thumbnailUrl\":\"https:\\\/\\\/pluskata.pl\\\/www\\\/wp-content\\\/uploads\\\/2022\\\/11\\\/MaderaTeneryfa.jpg\",\"datePublished\":\"2022-11-02T14:42:40+00:00\",\"dateModified\":\"2022-12-07T13:13:41+00:00\",\"breadcrumb\":{\"@id\":\"https:\\\/\\\/pluskata.pl\\\/www\\\/en\\\/crusies-2022\\\/from-madera-to-tenerife-22-29-10-2022\\\/#breadcrumb\"},\"inLanguage\":\"pl-PL\",\"potentialAction\":[{\"@type\":\"ReadAction\",\"target\":[\"https:\\\/\\\/pluskata.pl\\\/www\\\/en\\\/crusies-2022\\\/from-madera-to-tenerife-22-29-10-2022\\\/\"]}]},{\"@type\":\"ImageObject\",\"inLanguage\":\"pl-PL\",\"@id\":\"https:\\\/\\\/pluskata.pl\\\/www\\\/en\\\/crusies-2022\\\/from-madera-to-tenerife-22-29-10-2022\\\/#primaryimage\",\"url\":\"https:\\\/\\\/pluskata.pl\\\/www\\\/wp-content\\\/uploads\\\/2022\\\/11\\\/MaderaTeneryfa.jpg\",\"contentUrl\":\"https:\\\/\\\/pluskata.pl\\\/www\\\/wp-content\\\/uploads\\\/2022\\\/11\\\/MaderaTeneryfa.jpg\",\"width\":2210,\"height\":1518,\"caption\":\"Maderira Tenerife\"},{\"@type\":\"BreadcrumbList\",\"@id\":\"https:\\\/\\\/pluskata.pl\\\/www\\\/en\\\/crusies-2022\\\/from-madera-to-tenerife-22-29-10-2022\\\/#breadcrumb\",\"itemListElement\":[{\"@type\":\"ListItem\",\"position\":1,\"name\":\"Strona g\u0142\u00f3wna\",\"item\":\"https:\\\/\\\/pluskata.pl\\\/www\\\/pl\\\/aktualnosci\\\/\"},{\"@type\":\"ListItem\",\"position\":2,\"name\":\"Crusies 2022\",\"item\":\"https:\\\/\\\/pluskata.pl\\\/www\\\/en\\\/crusies-2022\\\/\"},{\"@type\":\"ListItem\",\"position\":3,\"name\":\"From Madera to Tenerife 22-29.10.2022\"}]},{\"@type\":\"WebSite\",\"@id\":\"https:\\\/\\\/pluskata.pl\\\/www\\\/#website\",\"url\":\"https:\\\/\\\/pluskata.pl\\\/www\\\/\",\"name\":\"Podr\u00f3\u017ce jachtem po \u015bwiecie\",\"description\":\"Zapraszamy do wsp\u00f3lnego \u017ceglowania\",\"publisher\":{\"@id\":\"https:\\\/\\\/pluskata.pl\\\/www\\\/#\\\/schema\\\/person\\\/15daea66397efafeded8883b67482cc0\"},\"potentialAction\":[{\"@type\":\"SearchAction\",\"target\":{\"@type\":\"EntryPoint\",\"urlTemplate\":\"https:\\\/\\\/pluskata.pl\\\/www\\\/?s={search_term_string}\"},\"query-input\":{\"@type\":\"PropertyValueSpecification\",\"valueRequired\":true,\"valueName\":\"search_term_string\"}}],\"inLanguage\":\"pl-PL\"},{\"@type\":[\"Person\",\"Organization\"],\"@id\":\"https:\\\/\\\/pluskata.pl\\\/www\\\/#\\\/schema\\\/person\\\/15daea66397efafeded8883b67482cc0\",\"name\":\"Pluskata\",\"image\":{\"@type\":\"ImageObject\",\"inLanguage\":\"pl-PL\",\"@id\":\"https:\\\/\\\/pluskata.pl\\\/www\\\/wp-content\\\/uploads\\\/2020\\\/12\\\/cropped-Logo-Pluskata_512.png\",\"url\":\"https:\\\/\\\/pluskata.pl\\\/www\\\/wp-content\\\/uploads\\\/2020\\\/12\\\/cropped-Logo-Pluskata_512.png\",\"contentUrl\":\"https:\\\/\\\/pluskata.pl\\\/www\\\/wp-content\\\/uploads\\\/2020\\\/12\\\/cropped-Logo-Pluskata_512.png\",\"width\":512,\"height\":512,\"caption\":\"Pluskata\"},\"logo\":{\"@id\":\"https:\\\/\\\/pluskata.pl\\\/www\\\/wp-content\\\/uploads\\\/2020\\\/12\\\/cropped-Logo-Pluskata_512.png\"},\"sameAs\":[\"http:\\\/\\\/www.pluskata.pl\",\"https:\\\/\\\/www.facebook.com\\\/pluskata\"]}]}<\/script>\n<!-- \/ Yoast SEO plugin. -->","yoast_head_json":{"title":"From Madera to Tenerife 22-29.10.2022 - Podr\u00f3\u017ce jachtem po \u015bwiecie","robots":{"index":"index","follow":"follow","max-snippet":"max-snippet:-1","max-image-preview":"max-image-preview:large","max-video-preview":"max-video-preview:-1"},"canonical":"https:\/\/pluskata.pl\/www\/en\/crusies-2022\/from-madera-to-tenerife-22-29-10-2022\/","og_locale":"pl_PL","og_type":"article","og_title":"From Madera to Tenerife 22-29.10.2022 - Podr\u00f3\u017ce jachtem po \u015bwiecie","og_description":"Route: Funchal &#8211; Selvagen Grande, Santa Cruz, Guimar, La Galera &#8211; San Miguel Dates: 22-29.10.2022 Miles \/ hours: 341Nm \/ 82h 22-10-2022 Saturday Funchal In the morning, the middle yacht departs from the raft, and we switch to places with the last yacht (they stay longer, then go to the\u2026 Czytaj dalej\/Continue reading","og_url":"https:\/\/pluskata.pl\/www\/en\/crusies-2022\/from-madera-to-tenerife-22-29-10-2022\/","og_site_name":"Podr\u00f3\u017ce jachtem po \u015bwiecie","article_publisher":"https:\/\/www.facebook.com\/pluskata","article_modified_time":"2022-12-07T13:13:41+00:00","og_image":[{"width":2210,"height":1518,"url":"https:\/\/pluskata.pl\/www\/wp-content\/uploads\/2022\/11\/MaderaTeneryfa.jpg","type":"image\/jpeg"}],"twitter_card":"summary_large_image","twitter_misc":{"Szacowany czas czytania":"5 minut"},"schema":{"@context":"https:\/\/schema.org","@graph":[{"@type":"WebPage","@id":"https:\/\/pluskata.pl\/www\/en\/crusies-2022\/from-madera-to-tenerife-22-29-10-2022\/","url":"https:\/\/pluskata.pl\/www\/en\/crusies-2022\/from-madera-to-tenerife-22-29-10-2022\/","name":"From Madera to Tenerife 22-29.10.2022 - Podr\u00f3\u017ce jachtem po \u015bwiecie","isPartOf":{"@id":"https:\/\/pluskata.pl\/www\/#website"},"primaryImageOfPage":{"@id":"https:\/\/pluskata.pl\/www\/en\/crusies-2022\/from-madera-to-tenerife-22-29-10-2022\/#primaryimage"},"image":{"@id":"https:\/\/pluskata.pl\/www\/en\/crusies-2022\/from-madera-to-tenerife-22-29-10-2022\/#primaryimage"},"thumbnailUrl":"https:\/\/pluskata.pl\/www\/wp-content\/uploads\/2022\/11\/MaderaTeneryfa.jpg","datePublished":"2022-11-02T14:42:40+00:00","dateModified":"2022-12-07T13:13:41+00:00","breadcrumb":{"@id":"https:\/\/pluskata.pl\/www\/en\/crusies-2022\/from-madera-to-tenerife-22-29-10-2022\/#breadcrumb"},"inLanguage":"pl-PL","potentialAction":[{"@type":"ReadAction","target":["https:\/\/pluskata.pl\/www\/en\/crusies-2022\/from-madera-to-tenerife-22-29-10-2022\/"]}]},{"@type":"ImageObject","inLanguage":"pl-PL","@id":"https:\/\/pluskata.pl\/www\/en\/crusies-2022\/from-madera-to-tenerife-22-29-10-2022\/#primaryimage","url":"https:\/\/pluskata.pl\/www\/wp-content\/uploads\/2022\/11\/MaderaTeneryfa.jpg","contentUrl":"https:\/\/pluskata.pl\/www\/wp-content\/uploads\/2022\/11\/MaderaTeneryfa.jpg","width":2210,"height":1518,"caption":"Maderira Tenerife"},{"@type":"BreadcrumbList","@id":"https:\/\/pluskata.pl\/www\/en\/crusies-2022\/from-madera-to-tenerife-22-29-10-2022\/#breadcrumb","itemListElement":[{"@type":"ListItem","position":1,"name":"Strona g\u0142\u00f3wna","item":"https:\/\/pluskata.pl\/www\/pl\/aktualnosci\/"},{"@type":"ListItem","position":2,"name":"Crusies 2022","item":"https:\/\/pluskata.pl\/www\/en\/crusies-2022\/"},{"@type":"ListItem","position":3,"name":"From Madera to Tenerife 22-29.10.2022"}]},{"@type":"WebSite","@id":"https:\/\/pluskata.pl\/www\/#website","url":"https:\/\/pluskata.pl\/www\/","name":"Podr\u00f3\u017ce jachtem po \u015bwiecie","description":"Zapraszamy do wsp\u00f3lnego \u017ceglowania","publisher":{"@id":"https:\/\/pluskata.pl\/www\/#\/schema\/person\/15daea66397efafeded8883b67482cc0"},"potentialAction":[{"@type":"SearchAction","target":{"@type":"EntryPoint","urlTemplate":"https:\/\/pluskata.pl\/www\/?s={search_term_string}"},"query-input":{"@type":"PropertyValueSpecification","valueRequired":true,"valueName":"search_term_string"}}],"inLanguage":"pl-PL"},{"@type":["Person","Organization"],"@id":"https:\/\/pluskata.pl\/www\/#\/schema\/person\/15daea66397efafeded8883b67482cc0","name":"Pluskata","image":{"@type":"ImageObject","inLanguage":"pl-PL","@id":"https:\/\/pluskata.pl\/www\/wp-content\/uploads\/2020\/12\/cropped-Logo-Pluskata_512.png","url":"https:\/\/pluskata.pl\/www\/wp-content\/uploads\/2020\/12\/cropped-Logo-Pluskata_512.png","contentUrl":"https:\/\/pluskata.pl\/www\/wp-content\/uploads\/2020\/12\/cropped-Logo-Pluskata_512.png","width":512,"height":512,"caption":"Pluskata"},"logo":{"@id":"https:\/\/pluskata.pl\/www\/wp-content\/uploads\/2020\/12\/cropped-Logo-Pluskata_512.png"},"sameAs":["http:\/\/www.pluskata.pl","https:\/\/www.facebook.com\/pluskata"]}]}},"_links":{"self":[{"href":"https:\/\/pluskata.pl\/www\/wp-json\/wp\/v2\/pages\/3324","targetHints":{"allow":["GET"]}}],"collection":[{"href":"https:\/\/pluskata.pl\/www\/wp-json\/wp\/v2\/pages"}],"about":[{"href":"https:\/\/pluskata.pl\/www\/wp-json\/wp\/v2\/types\/page"}],"author":[{"embeddable":true,"href":"https:\/\/pluskata.pl\/www\/wp-json\/wp\/v2\/users\/1"}],"replies":[{"embeddable":true,"href":"https:\/\/pluskata.pl\/www\/wp-json\/wp\/v2\/comments?post=3324"}],"version-history":[{"count":0,"href":"https:\/\/pluskata.pl\/www\/wp-json\/wp\/v2\/pages\/3324\/revisions"}],"up":[{"embeddable":true,"href":"https:\/\/pluskata.pl\/www\/wp-json\/wp\/v2\/pages\/1609"}],"wp:featuredmedia":[{"embeddable":true,"href":"https:\/\/pluskata.pl\/www\/wp-json\/wp\/v2\/media\/3328"}],"wp:attachment":[{"href":"https:\/\/pluskata.pl\/www\/wp-json\/wp\/v2\/media?parent=3324"}],"curies":[{"name":"wp","href":"https:\/\/api.w.org\/{rel}","templated":true}]}}