{"id":3200,"date":"2022-10-14T19:03:09","date_gmt":"2022-10-14T17:03:09","guid":{"rendered":"https:\/\/pluskata.pl\/www\/?page_id=3200"},"modified":"2022-11-02T15:11:53","modified_gmt":"2022-11-02T14:11:53","slug":"z-lizbony-na-madere-30-09-8-10-2022","status":"publish","type":"page","link":"https:\/\/pluskata.pl\/www\/pl\/rejsy-2022\/z-lizbony-na-madere-30-09-8-10-2022\/","title":{"rendered":"Z Lizbony na Mader\u0119 30.09-8.10.2022"},"content":{"rendered":"<p><img loading=\"lazy\" decoding=\"async\" class=\"alignnone size-medium wp-image-3196\" src=\"https:\/\/pluskata.pl\/www\/wp-content\/uploads\/2022\/10\/Cascais-Madera-300x259.jpg\" alt=\"Cascais Madera\" width=\"300\" height=\"259\" srcset=\"https:\/\/pluskata.pl\/www\/wp-content\/uploads\/2022\/10\/Cascais-Madera-300x259.jpg 300w, https:\/\/pluskata.pl\/www\/wp-content\/uploads\/2022\/10\/Cascais-Madera-1024x886.jpg 1024w, https:\/\/pluskata.pl\/www\/wp-content\/uploads\/2022\/10\/Cascais-Madera-768x664.jpg 768w, https:\/\/pluskata.pl\/www\/wp-content\/uploads\/2022\/10\/Cascais-Madera-1536x1328.jpg 1536w, https:\/\/pluskata.pl\/www\/wp-content\/uploads\/2022\/10\/Cascais-Madera-150x130.jpg 150w, https:\/\/pluskata.pl\/www\/wp-content\/uploads\/2022\/10\/Cascais-Madera.jpg 1908w\" sizes=\"auto, (max-width: 300px) 100vw, 300px\" \/><\/p>\n<p><strong>Trasa:<\/strong> Cascais &#8211; Porto Santo &#8211;\u00a0 Funchal<br \/>\n<strong>Termin:<\/strong> 30.09-8.10.2022<br \/>\n<strong>Mile\/ godziny:<\/strong> 529Mm\/115h<\/p>\n<p><strong>12-09-2022 poniedzia\u0142ek A Coruna<\/strong><\/p>\n<p><strong>30-09-2022 pi\u0105tek Cascai<\/strong><br \/>\nRano cz\u0119\u015b\u0107 za\u0142ogi idzie zwiedza\u0107 miasto. Cascais to miasto letniskowe, pe\u0142no w nim bar\u00f3w i sklep\u00f3w z pami\u0105tkami. Po po\u0142udniu robimy zakupy i przywozimy na jacht taks\u00f3wk\u0105. Wychodz\u0105 z tego 2 pe\u0142ne szuflady, lod\u00f3wka i z\u0119zy obok rower\u00f3w (tam w\u0119druje woda). Wieczorem otwieramy wino i snujemy morskie opowie\u015bci.<\/p>\n<p><strong>01-10-2022 sobota<\/strong><br \/>\nRano na \u015bniadanie owoce z musli i z mlekiem. Potem cz\u0119\u015b\u0107 za\u0142ogi idzie jeszcze wyk\u0105pa\u0107 si\u0119 pod prysznic. Potem jeszcze dotankowujemy wod\u0119 a ja id\u0119 odda\u0107 kart\u0119 (wzi\u0119li 25\u20ac kaucji) i zap\u0142aci\u0107 za marin\u0119. To najdro\u017csza jak do tej pory marina, a nie daje nic specjalnego w zamian. Toalety raczej przeci\u0119tne, WiFi marne, w recepcji ca\u0142y czas kolejka. Jedyne to \u0142adny widok na zamek i miasto z mariny. Oddanie karty i zap\u0142acenie zajmuje prawie 30 minut (s\u0105 przede mn\u0105 2 osoby, panie ruszaj\u0105 si\u0119 jak muchy w smole i generuj\u0105 ca\u0142\u0105 stert\u0119 papier\u00f3w. W ko\u0144cu wyp\u0142ywamy. Podp\u0142ywamy do stacji benzynowej i tankujemy jeden zbiornik. Po zatankowaniu wyp\u0142ywamy w morze. Najpierw na silniku wychodzimy z zatoki omijaj\u0105c tyczki od sieci, a jak wiatr rozwiewa si\u0119 do 10kn to stawiamy \u017cagle. W nocy rozwiewa si\u0119 do 28kn. P\u0142yniemy na samej genui.<\/p>\n<p><a href=\"https:\/\/pluskata.pl\/www\/pl\/rejsy-2022\/z-lizbony-na-madere-30-09-8-10-2022\/statek\/\"><img loading=\"lazy\" decoding=\"async\" class=\"alignnone wp-image-3266 size-medium\" src=\"https:\/\/pluskata.pl\/www\/wp-content\/uploads\/2022\/10\/Statek-300x200.jpg\" alt=\"Statek\" width=\"300\" height=\"200\" srcset=\"https:\/\/pluskata.pl\/www\/wp-content\/uploads\/2022\/10\/Statek-300x200.jpg 300w, https:\/\/pluskata.pl\/www\/wp-content\/uploads\/2022\/10\/Statek-1024x682.jpg 1024w, https:\/\/pluskata.pl\/www\/wp-content\/uploads\/2022\/10\/Statek-768x512.jpg 768w, https:\/\/pluskata.pl\/www\/wp-content\/uploads\/2022\/10\/Statek-1536x1023.jpg 1536w, https:\/\/pluskata.pl\/www\/wp-content\/uploads\/2022\/10\/Statek-2048x1364.jpg 2048w, https:\/\/pluskata.pl\/www\/wp-content\/uploads\/2022\/10\/Statek-150x100.jpg 150w\" sizes=\"auto, (max-width: 300px) 100vw, 300px\" \/><\/a> <a href=\"https:\/\/pluskata.pl\/www\/pl\/rejsy-2022\/z-lizbony-na-madere-30-09-8-10-2022\/zachod-slonca-4\/\"><img loading=\"lazy\" decoding=\"async\" class=\"alignnone wp-image-3265 size-medium\" src=\"https:\/\/pluskata.pl\/www\/wp-content\/uploads\/2022\/10\/Zachod-slonca-1-300x200.jpg\" alt=\"Zach\u00f3d s\u0142o\u0144ca\" width=\"300\" height=\"200\" srcset=\"https:\/\/pluskata.pl\/www\/wp-content\/uploads\/2022\/10\/Zachod-slonca-1-300x200.jpg 300w, https:\/\/pluskata.pl\/www\/wp-content\/uploads\/2022\/10\/Zachod-slonca-1-1024x682.jpg 1024w, https:\/\/pluskata.pl\/www\/wp-content\/uploads\/2022\/10\/Zachod-slonca-1-768x512.jpg 768w, https:\/\/pluskata.pl\/www\/wp-content\/uploads\/2022\/10\/Zachod-slonca-1-1536x1024.jpg 1536w, https:\/\/pluskata.pl\/www\/wp-content\/uploads\/2022\/10\/Zachod-slonca-1-2048x1365.jpg 2048w, https:\/\/pluskata.pl\/www\/wp-content\/uploads\/2022\/10\/Zachod-slonca-1-150x100.jpg 150w\" sizes=\"auto, (max-width: 300px) 100vw, 300px\" \/><\/a><\/p>\n<p><strong>02-10-2022 niedziela<\/strong><br \/>\nNad ranem wiatr s\u0142abnie do 15kn i troszeczk\u0119 odkr\u0119ca na wsch\u00f3d. Dostawiamy foka na drugiej burcie. Na \u015bniadanie owoce z p\u0142atkami i jogurtem \u2013 pychota. W ci\u0105gu dnia wiatr s\u0142abnie, ale nie poddajemy si\u0119. Na zrobienie kawy w ekspresie w\u0142\u0105czamy silnik. Na obiad ry\u017c z warzywami a na kolacj\u0119 sa\u0142atka warzywna. Na deser po kolacji czekoladka.<\/p>\n<p><strong>03-10-2022 poniedzia\u0142ek<\/strong><br \/>\nWiatr s\u0142abnie do 4kn, wi\u0119c po \u015bniadaniu w\u0142\u0105czamy silnik. Po po\u0142udniu udaje si\u0119 troch\u0119 pop\u0142yn\u0105\u0107 na \u017caglach, ale potem wiatr znowu s\u0142abnie, wi\u0119c ca\u0142\u0105 noc jedziemy na silniku. Na obiad spaghetti z past\u0105 \u0142ososiow\u0105 a na kolacj\u0119 humus z warzywami.<\/p>\n<p><a href=\"https:\/\/pluskata.pl\/www\/pl\/rejsy-2022\/z-lizbony-na-madere-30-09-8-10-2022\/kolacja-3\/\"><img loading=\"lazy\" decoding=\"async\" class=\"alignnone wp-image-3264 size-medium\" src=\"https:\/\/pluskata.pl\/www\/wp-content\/uploads\/2022\/10\/Kolacja-300x200.jpg\" alt=\"Kolacja\" width=\"300\" height=\"200\" srcset=\"https:\/\/pluskata.pl\/www\/wp-content\/uploads\/2022\/10\/Kolacja-300x200.jpg 300w, https:\/\/pluskata.pl\/www\/wp-content\/uploads\/2022\/10\/Kolacja-1024x683.jpg 1024w, https:\/\/pluskata.pl\/www\/wp-content\/uploads\/2022\/10\/Kolacja-768x512.jpg 768w, https:\/\/pluskata.pl\/www\/wp-content\/uploads\/2022\/10\/Kolacja-1536x1024.jpg 1536w, https:\/\/pluskata.pl\/www\/wp-content\/uploads\/2022\/10\/Kolacja-2048x1366.jpg 2048w, https:\/\/pluskata.pl\/www\/wp-content\/uploads\/2022\/10\/Kolacja-150x100.jpg 150w\" sizes=\"auto, (max-width: 300px) 100vw, 300px\" \/><\/a><\/p>\n<p><strong>04-10-2022 wtorek<\/strong><br \/>\nWiatr ci\u0105gle s\u0142aby temperatura wody i powietrza 24\u00baC, Dorota rozk\u0142ada hamak na dziobie. Na obiad kurczak z ry\u017cem i sa\u0142atk\u0105. Kilka razy podchodzimy do r\u00f3\u017cnych obiekt\u00f3w p\u0142ywaj\u0105cych ale za ka\u017cdym razem okazuje si\u0119, \u017ce to \u015bmieci: zardzewia\u0142a puszka, torba z marketu albo urwana styropianowa bojka.<\/p>\n<p><a href=\"https:\/\/pluskata.pl\/www\/pl\/rejsy-2022\/z-lizbony-na-madere-30-09-8-10-2022\/sjesta\/\"><img loading=\"lazy\" decoding=\"async\" class=\"alignnone wp-image-3263 size-medium\" src=\"https:\/\/pluskata.pl\/www\/wp-content\/uploads\/2022\/10\/Sjesta-300x200.jpg\" alt=\"Sjesta\" width=\"300\" height=\"200\" srcset=\"https:\/\/pluskata.pl\/www\/wp-content\/uploads\/2022\/10\/Sjesta-300x200.jpg 300w, https:\/\/pluskata.pl\/www\/wp-content\/uploads\/2022\/10\/Sjesta-1024x683.jpg 1024w\" sizes=\"auto, (max-width: 300px) 100vw, 300px\" \/><\/a> <a href=\"https:\/\/pluskata.pl\/www\/pl\/rejsy-2022\/z-lizbony-na-madere-30-09-8-10-2022\/hamak\/\"><img loading=\"lazy\" decoding=\"async\" class=\"alignnone wp-image-3262 size-medium\" src=\"https:\/\/pluskata.pl\/www\/wp-content\/uploads\/2022\/10\/Hamak-300x200.jpg\" alt=\"Hamak\" width=\"300\" height=\"200\" srcset=\"https:\/\/pluskata.pl\/www\/wp-content\/uploads\/2022\/10\/Hamak-300x200.jpg 300w, https:\/\/pluskata.pl\/www\/wp-content\/uploads\/2022\/10\/Hamak-1024x683.jpg 1024w, https:\/\/pluskata.pl\/www\/wp-content\/uploads\/2022\/10\/Hamak-768x512.jpg 768w, https:\/\/pluskata.pl\/www\/wp-content\/uploads\/2022\/10\/Hamak-1536x1025.jpg 1536w, https:\/\/pluskata.pl\/www\/wp-content\/uploads\/2022\/10\/Hamak-2048x1366.jpg 2048w, https:\/\/pluskata.pl\/www\/wp-content\/uploads\/2022\/10\/Hamak-150x100.jpg 150w\" sizes=\"auto, (max-width: 300px) 100vw, 300px\" \/><\/a><\/p>\n<p><strong>05-10-2022 \u015broda<\/strong><br \/>\nPo p\u00f3\u0142nocy pojawia si\u0119 wiatr wi\u0119c stawiamy \u017cagle.<\/p>\n<p><a href=\"https:\/\/pluskata.pl\/www\/pl\/rejsy-2022\/z-lizbony-na-madere-30-09-8-10-2022\/porto-santo-z-wody\/\"><img loading=\"lazy\" decoding=\"async\" class=\"alignnone wp-image-3261 size-medium\" src=\"https:\/\/pluskata.pl\/www\/wp-content\/uploads\/2022\/10\/Porto-Santo-z-wody-300x212.jpg\" alt=\"Porto Santo z wody\" width=\"300\" height=\"212\" srcset=\"https:\/\/pluskata.pl\/www\/wp-content\/uploads\/2022\/10\/Porto-Santo-z-wody-300x212.jpg 300w, https:\/\/pluskata.pl\/www\/wp-content\/uploads\/2022\/10\/Porto-Santo-z-wody-1024x724.jpg 1024w, https:\/\/pluskata.pl\/www\/wp-content\/uploads\/2022\/10\/Porto-Santo-z-wody-768x543.jpg 768w, https:\/\/pluskata.pl\/www\/wp-content\/uploads\/2022\/10\/Porto-Santo-z-wody-1536x1087.jpg 1536w, https:\/\/pluskata.pl\/www\/wp-content\/uploads\/2022\/10\/Porto-Santo-z-wody-2048x1449.jpg 2048w, https:\/\/pluskata.pl\/www\/wp-content\/uploads\/2022\/10\/Porto-Santo-z-wody-150x106.jpg 150w\" sizes=\"auto, (max-width: 300px) 100vw, 300px\" \/><\/a> <a href=\"https:\/\/pluskata.pl\/www\/pl\/rejsy-2022\/z-lizbony-na-madere-30-09-8-10-2022\/porto-santo-podejscie\/\"><img loading=\"lazy\" decoding=\"async\" class=\"alignnone wp-image-3260 size-medium\" src=\"https:\/\/pluskata.pl\/www\/wp-content\/uploads\/2022\/10\/Porto-Santo-podejscie-300x200.jpg\" alt=\"Porto Santo podejscie\" width=\"300\" height=\"200\" srcset=\"https:\/\/pluskata.pl\/www\/wp-content\/uploads\/2022\/10\/Porto-Santo-podejscie-300x200.jpg 300w, https:\/\/pluskata.pl\/www\/wp-content\/uploads\/2022\/10\/Porto-Santo-podejscie-1024x682.jpg 1024w, https:\/\/pluskata.pl\/www\/wp-content\/uploads\/2022\/10\/Porto-Santo-podejscie-768x512.jpg 768w, https:\/\/pluskata.pl\/www\/wp-content\/uploads\/2022\/10\/Porto-Santo-podejscie-1536x1023.jpg 1536w, https:\/\/pluskata.pl\/www\/wp-content\/uploads\/2022\/10\/Porto-Santo-podejscie-2048x1364.jpg 2048w, https:\/\/pluskata.pl\/www\/wp-content\/uploads\/2022\/10\/Porto-Santo-podejscie-150x100.jpg 150w\" sizes=\"auto, (max-width: 300px) 100vw, 300px\" \/><\/a> <a href=\"https:\/\/pluskata.pl\/www\/pl\/rejsy-2022\/z-lizbony-na-madere-30-09-8-10-2022\/porto-santo-marina\/\"><img loading=\"lazy\" decoding=\"async\" class=\"alignnone wp-image-3259 size-medium\" src=\"https:\/\/pluskata.pl\/www\/wp-content\/uploads\/2022\/10\/Porto-Santo-marina-300x200.jpg\" alt=\"Porto Santo marina\" width=\"300\" height=\"200\" srcset=\"https:\/\/pluskata.pl\/www\/wp-content\/uploads\/2022\/10\/Porto-Santo-marina-300x200.jpg 300w, https:\/\/pluskata.pl\/www\/wp-content\/uploads\/2022\/10\/Porto-Santo-marina-1024x682.jpg 1024w, https:\/\/pluskata.pl\/www\/wp-content\/uploads\/2022\/10\/Porto-Santo-marina-768x512.jpg 768w\" sizes=\"auto, (max-width: 300px) 100vw, 300px\" \/><\/a> <a href=\"https:\/\/pluskata.pl\/www\/pl\/rejsy-2022\/z-lizbony-na-madere-30-09-8-10-2022\/porto-santo-napisy\/\"><img loading=\"lazy\" decoding=\"async\" class=\"alignnone wp-image-3258 size-medium\" src=\"https:\/\/pluskata.pl\/www\/wp-content\/uploads\/2022\/10\/Porto-Santo-napisy-300x200.jpg\" alt=\"Porto Santo napisy\" width=\"300\" height=\"200\" srcset=\"https:\/\/pluskata.pl\/www\/wp-content\/uploads\/2022\/10\/Porto-Santo-napisy-300x200.jpg 300w, https:\/\/pluskata.pl\/www\/wp-content\/uploads\/2022\/10\/Porto-Santo-napisy-1024x683.jpg 1024w, https:\/\/pluskata.pl\/www\/wp-content\/uploads\/2022\/10\/Porto-Santo-napisy-768x512.jpg 768w, https:\/\/pluskata.pl\/www\/wp-content\/uploads\/2022\/10\/Porto-Santo-napisy-1536x1024.jpg 1536w, https:\/\/pluskata.pl\/www\/wp-content\/uploads\/2022\/10\/Porto-Santo-napisy-2048x1365.jpg 2048w, https:\/\/pluskata.pl\/www\/wp-content\/uploads\/2022\/10\/Porto-Santo-napisy-150x100.jpg 150w\" sizes=\"auto, (max-width: 300px) 100vw, 300px\" \/><\/a><br \/>\nO 13:30 wchodzimy do Porto Santo. Stajemy londside do niemieckiego jachtu, kt\u00f3ry w Porto Santo postanawia sp\u0119dzi\u0107 zim\u0119. W biurze mariny sp\u0119dzam ponad godzin\u0119, najpierw policja, potem Pani w sekretariacie \u2013 \u017cadne z nich nie umie szybko pisa\u0107 na klawiaturze ani nie zna programu do wpisywania danych, a 8 os\u00f3b za\u0142ogi to troch\u0119 za du\u017co dla nich.<br \/>\nPo klarze i drobnym obiedzie (nale\u015bniki ze szpinakiem) idziemy na spacer do miasta. Muzeum Kolumba jest ju\u017c zamkni\u0119te (czynne do 17:30). Kupujemy lody (czarne i czerwone), potem idziemy na molo, a wracaj\u0105c wst\u0119pujemy do portugalskiej biedronki czyli Pingo Doce. Kupujemy mader\u0119, piwo,wino i troch\u0119 szpinaku.<\/p>\n<p><strong>06-10-2022 czwartek Porto Santo<\/strong><\/p>\n<p><a href=\"https:\/\/pluskata.pl\/www\/pl\/rejsy-2022\/z-lizbony-na-madere-30-09-8-10-2022\/porto-santo-drzewo\/\"><img loading=\"lazy\" decoding=\"async\" class=\"alignnone wp-image-3257 size-medium\" src=\"https:\/\/pluskata.pl\/www\/wp-content\/uploads\/2022\/10\/Porto-Santo-drzewo-300x200.jpg\" alt=\"Porto Santo drzewo\" width=\"300\" height=\"200\" srcset=\"https:\/\/pluskata.pl\/www\/wp-content\/uploads\/2022\/10\/Porto-Santo-drzewo-300x200.jpg 300w, https:\/\/pluskata.pl\/www\/wp-content\/uploads\/2022\/10\/Porto-Santo-drzewo-1024x683.jpg 1024w, https:\/\/pluskata.pl\/www\/wp-content\/uploads\/2022\/10\/Porto-Santo-drzewo-768x512.jpg 768w, https:\/\/pluskata.pl\/www\/wp-content\/uploads\/2022\/10\/Porto-Santo-drzewo-1536x1024.jpg 1536w, https:\/\/pluskata.pl\/www\/wp-content\/uploads\/2022\/10\/Porto-Santo-drzewo-2048x1365.jpg 2048w, https:\/\/pluskata.pl\/www\/wp-content\/uploads\/2022\/10\/Porto-Santo-drzewo-150x100.jpg 150w\" sizes=\"auto, (max-width: 300px) 100vw, 300px\" \/><\/a> <a href=\"https:\/\/pluskata.pl\/www\/pl\/rejsy-2022\/z-lizbony-na-madere-30-09-8-10-2022\/porto-santo-muzeum-kolumba\/\"><img loading=\"lazy\" decoding=\"async\" class=\"alignnone wp-image-3256 size-medium\" src=\"https:\/\/pluskata.pl\/www\/wp-content\/uploads\/2022\/10\/Porto-Santo-muzeum-Kolumba-300x200.jpg\" alt=\"Porto Santo muzeum Kolumba\" width=\"300\" height=\"200\" srcset=\"https:\/\/pluskata.pl\/www\/wp-content\/uploads\/2022\/10\/Porto-Santo-muzeum-Kolumba-300x200.jpg 300w, https:\/\/pluskata.pl\/www\/wp-content\/uploads\/2022\/10\/Porto-Santo-muzeum-Kolumba-1024x684.jpg 1024w, https:\/\/pluskata.pl\/www\/wp-content\/uploads\/2022\/10\/Porto-Santo-muzeum-Kolumba-768x513.jpg 768w, https:\/\/pluskata.pl\/www\/wp-content\/uploads\/2022\/10\/Porto-Santo-muzeum-Kolumba-1536x1025.jpg 1536w\" sizes=\"auto, (max-width: 300px) 100vw, 300px\" \/><\/a> <a href=\"https:\/\/pluskata.pl\/www\/pl\/rejsy-2022\/z-lizbony-na-madere-30-09-8-10-2022\/porto-santo-mozaika\/\"><img loading=\"lazy\" decoding=\"async\" class=\"alignnone wp-image-3255 size-medium\" src=\"https:\/\/pluskata.pl\/www\/wp-content\/uploads\/2022\/10\/Porto-Santo-mozaika-300x200.jpg\" alt=\"Porto Santo mozaika\" width=\"300\" height=\"200\" srcset=\"https:\/\/pluskata.pl\/www\/wp-content\/uploads\/2022\/10\/Porto-Santo-mozaika-300x200.jpg 300w, https:\/\/pluskata.pl\/www\/wp-content\/uploads\/2022\/10\/Porto-Santo-mozaika-1024x683.jpg 1024w, https:\/\/pluskata.pl\/www\/wp-content\/uploads\/2022\/10\/Porto-Santo-mozaika-768x513.jpg 768w, https:\/\/pluskata.pl\/www\/wp-content\/uploads\/2022\/10\/Porto-Santo-mozaika-1536x1025.jpg 1536w, https:\/\/pluskata.pl\/www\/wp-content\/uploads\/2022\/10\/Porto-Santo-mozaika-2048x1367.jpg 2048w, https:\/\/pluskata.pl\/www\/wp-content\/uploads\/2022\/10\/Porto-Santo-mozaika-150x100.jpg 150w\" sizes=\"auto, (max-width: 300px) 100vw, 300px\" \/><\/a> <a href=\"https:\/\/pluskata.pl\/www\/pl\/rejsy-2022\/z-lizbony-na-madere-30-09-8-10-2022\/porto-santo-lawka\/\"><img loading=\"lazy\" decoding=\"async\" class=\"alignnone wp-image-3254 size-medium\" src=\"https:\/\/pluskata.pl\/www\/wp-content\/uploads\/2022\/10\/Porto-Santo-lawka-300x200.jpg\" alt=\"Porto Santo \u0142awka\" width=\"300\" height=\"200\" srcset=\"https:\/\/pluskata.pl\/www\/wp-content\/uploads\/2022\/10\/Porto-Santo-lawka-300x200.jpg 300w, https:\/\/pluskata.pl\/www\/wp-content\/uploads\/2022\/10\/Porto-Santo-lawka-1024x683.jpg 1024w, https:\/\/pluskata.pl\/www\/wp-content\/uploads\/2022\/10\/Porto-Santo-lawka-768x512.jpg 768w, https:\/\/pluskata.pl\/www\/wp-content\/uploads\/2022\/10\/Porto-Santo-lawka-1536x1024.jpg 1536w, https:\/\/pluskata.pl\/www\/wp-content\/uploads\/2022\/10\/Porto-Santo-lawka-2048x1365.jpg 2048w, https:\/\/pluskata.pl\/www\/wp-content\/uploads\/2022\/10\/Porto-Santo-lawka-150x100.jpg 150w\" sizes=\"auto, (max-width: 300px) 100vw, 300px\" \/><\/a> <a href=\"https:\/\/pluskata.pl\/www\/pl\/rejsy-2022\/z-lizbony-na-madere-30-09-8-10-2022\/porto-santo-wyspa\/\"><img loading=\"lazy\" decoding=\"async\" class=\"alignnone wp-image-3253 size-medium\" src=\"https:\/\/pluskata.pl\/www\/wp-content\/uploads\/2022\/10\/Porto-Santo-wyspa-300x200.jpg\" alt=\"Porto Santo wyspa\" width=\"300\" height=\"200\" srcset=\"https:\/\/pluskata.pl\/www\/wp-content\/uploads\/2022\/10\/Porto-Santo-wyspa-300x200.jpg 300w, https:\/\/pluskata.pl\/www\/wp-content\/uploads\/2022\/10\/Porto-Santo-wyspa-1024x683.jpg 1024w\" sizes=\"auto, (max-width: 300px) 100vw, 300px\" \/><\/a> <a href=\"https:\/\/pluskata.pl\/www\/pl\/rejsy-2022\/z-lizbony-na-madere-30-09-8-10-2022\/porto-santo-plaza\/\"><img loading=\"lazy\" decoding=\"async\" class=\"alignnone wp-image-3252 size-medium\" src=\"https:\/\/pluskata.pl\/www\/wp-content\/uploads\/2022\/10\/Porto-Santo-plaza-300x200.jpg\" alt=\"Porto Santo plaza\" width=\"300\" height=\"200\" srcset=\"https:\/\/pluskata.pl\/www\/wp-content\/uploads\/2022\/10\/Porto-Santo-plaza-300x200.jpg 300w, https:\/\/pluskata.pl\/www\/wp-content\/uploads\/2022\/10\/Porto-Santo-plaza-1024x683.jpg 1024w, https:\/\/pluskata.pl\/www\/wp-content\/uploads\/2022\/10\/Porto-Santo-plaza-768x512.jpg 768w, https:\/\/pluskata.pl\/www\/wp-content\/uploads\/2022\/10\/Porto-Santo-plaza-1536x1024.jpg 1536w, https:\/\/pluskata.pl\/www\/wp-content\/uploads\/2022\/10\/Porto-Santo-plaza-2048x1365.jpg 2048w, https:\/\/pluskata.pl\/www\/wp-content\/uploads\/2022\/10\/Porto-Santo-plaza-150x100.jpg 150w\" sizes=\"auto, (max-width: 300px) 100vw, 300px\" \/><\/a> <a href=\"https:\/\/pluskata.pl\/www\/pl\/rejsy-2022\/z-lizbony-na-madere-30-09-8-10-2022\/porto-santo-widok-na-wode\/\"><img loading=\"lazy\" decoding=\"async\" class=\"alignnone wp-image-3251 size-medium\" src=\"https:\/\/pluskata.pl\/www\/wp-content\/uploads\/2022\/10\/Porto-Santo-widok-na-wode-300x200.jpg\" alt=\"Porto Santo widok na wode\" width=\"300\" height=\"200\" srcset=\"https:\/\/pluskata.pl\/www\/wp-content\/uploads\/2022\/10\/Porto-Santo-widok-na-wode-300x200.jpg 300w, https:\/\/pluskata.pl\/www\/wp-content\/uploads\/2022\/10\/Porto-Santo-widok-na-wode-1024x683.jpg 1024w, https:\/\/pluskata.pl\/www\/wp-content\/uploads\/2022\/10\/Porto-Santo-widok-na-wode-768x512.jpg 768w, https:\/\/pluskata.pl\/www\/wp-content\/uploads\/2022\/10\/Porto-Santo-widok-na-wode-1536x1024.jpg 1536w, https:\/\/pluskata.pl\/www\/wp-content\/uploads\/2022\/10\/Porto-Santo-widok-na-wode-2048x1365.jpg 2048w, https:\/\/pluskata.pl\/www\/wp-content\/uploads\/2022\/10\/Porto-Santo-widok-na-wode-150x100.jpg 150w\" sizes=\"auto, (max-width: 300px) 100vw, 300px\" \/><\/a> <a href=\"https:\/\/pluskata.pl\/www\/pl\/rejsy-2022\/z-lizbony-na-madere-30-09-8-10-2022\/porto-santo-lotnisko\/\"><img loading=\"lazy\" decoding=\"async\" class=\"alignnone wp-image-3250 size-medium\" src=\"https:\/\/pluskata.pl\/www\/wp-content\/uploads\/2022\/10\/Porto-Santo-lotnisko-300x200.jpg\" alt=\"Porto Santo lotnisko\" width=\"300\" height=\"200\" srcset=\"https:\/\/pluskata.pl\/www\/wp-content\/uploads\/2022\/10\/Porto-Santo-lotnisko-300x200.jpg 300w, https:\/\/pluskata.pl\/www\/wp-content\/uploads\/2022\/10\/Porto-Santo-lotnisko-1024x683.jpg 1024w, https:\/\/pluskata.pl\/www\/wp-content\/uploads\/2022\/10\/Porto-Santo-lotnisko-768x512.jpg 768w, https:\/\/pluskata.pl\/www\/wp-content\/uploads\/2022\/10\/Porto-Santo-lotnisko-1536x1024.jpg 1536w, https:\/\/pluskata.pl\/www\/wp-content\/uploads\/2022\/10\/Porto-Santo-lotnisko-2048x1365.jpg 2048w, https:\/\/pluskata.pl\/www\/wp-content\/uploads\/2022\/10\/Porto-Santo-lotnisko-150x100.jpg 150w\" sizes=\"auto, (max-width: 300px) 100vw, 300px\" \/><\/a> <a href=\"https:\/\/pluskata.pl\/www\/pl\/rejsy-2022\/z-lizbony-na-madere-30-09-8-10-2022\/porto-santo-droga\/\"><img loading=\"lazy\" decoding=\"async\" class=\"alignnone wp-image-3248 size-medium\" src=\"https:\/\/pluskata.pl\/www\/wp-content\/uploads\/2022\/10\/Porto-Santo-droga-300x200.jpg\" alt=\"Porto Santo droga\" width=\"300\" height=\"200\" srcset=\"https:\/\/pluskata.pl\/www\/wp-content\/uploads\/2022\/10\/Porto-Santo-droga-300x200.jpg 300w, https:\/\/pluskata.pl\/www\/wp-content\/uploads\/2022\/10\/Porto-Santo-droga-1024x682.jpg 1024w, https:\/\/pluskata.pl\/www\/wp-content\/uploads\/2022\/10\/Porto-Santo-droga-768x512.jpg 768w, https:\/\/pluskata.pl\/www\/wp-content\/uploads\/2022\/10\/Porto-Santo-droga-1536x1023.jpg 1536w\" sizes=\"auto, (max-width: 300px) 100vw, 300px\" \/><\/a> <a href=\"https:\/\/pluskata.pl\/www\/pl\/rejsy-2022\/z-lizbony-na-madere-30-09-8-10-2022\/porto-santo-szlak\/\"><img loading=\"lazy\" decoding=\"async\" class=\"alignnone wp-image-3246 size-medium\" src=\"https:\/\/pluskata.pl\/www\/wp-content\/uploads\/2022\/10\/Porto-Santo-szlak-300x200.jpg\" alt=\"Porto Santo szlak\" width=\"300\" height=\"200\" srcset=\"https:\/\/pluskata.pl\/www\/wp-content\/uploads\/2022\/10\/Porto-Santo-szlak-300x200.jpg 300w, https:\/\/pluskata.pl\/www\/wp-content\/uploads\/2022\/10\/Porto-Santo-szlak-1024x683.jpg 1024w, https:\/\/pluskata.pl\/www\/wp-content\/uploads\/2022\/10\/Porto-Santo-szlak-768x512.jpg 768w, https:\/\/pluskata.pl\/www\/wp-content\/uploads\/2022\/10\/Porto-Santo-szlak-1536x1024.jpg 1536w, https:\/\/pluskata.pl\/www\/wp-content\/uploads\/2022\/10\/Porto-Santo-szlak-2048x1365.jpg 2048w, https:\/\/pluskata.pl\/www\/wp-content\/uploads\/2022\/10\/Porto-Santo-szlak-150x100.jpg 150w\" sizes=\"auto, (max-width: 300px) 100vw, 300px\" \/><\/a> <a href=\"https:\/\/pluskata.pl\/www\/pl\/rejsy-2022\/z-lizbony-na-madere-30-09-8-10-2022\/porto-santo-widok-z-gory\/\"><img loading=\"lazy\" decoding=\"async\" class=\"alignnone wp-image-3245 size-medium\" src=\"https:\/\/pluskata.pl\/www\/wp-content\/uploads\/2022\/10\/Porto-Santo-widok-z-gory-300x200.jpg\" alt=\"Porto Santo widok z gory\" width=\"300\" height=\"200\" srcset=\"https:\/\/pluskata.pl\/www\/wp-content\/uploads\/2022\/10\/Porto-Santo-widok-z-gory-300x200.jpg 300w, https:\/\/pluskata.pl\/www\/wp-content\/uploads\/2022\/10\/Porto-Santo-widok-z-gory-1024x683.jpg 1024w, https:\/\/pluskata.pl\/www\/wp-content\/uploads\/2022\/10\/Porto-Santo-widok-z-gory-768x512.jpg 768w, https:\/\/pluskata.pl\/www\/wp-content\/uploads\/2022\/10\/Porto-Santo-widok-z-gory-1536x1024.jpg 1536w, https:\/\/pluskata.pl\/www\/wp-content\/uploads\/2022\/10\/Porto-Santo-widok-z-gory-2048x1365.jpg 2048w, https:\/\/pluskata.pl\/www\/wp-content\/uploads\/2022\/10\/Porto-Santo-widok-z-gory-150x100.jpg 150w\" sizes=\"auto, (max-width: 300px) 100vw, 300px\" \/><\/a> <a href=\"https:\/\/pluskata.pl\/www\/pl\/rejsy-2022\/z-lizbony-na-madere-30-09-8-10-2022\/jaszczurki\/\"><img loading=\"lazy\" decoding=\"async\" class=\"alignnone wp-image-3244 size-medium\" src=\"https:\/\/pluskata.pl\/www\/wp-content\/uploads\/2022\/10\/Jaszczurki-300x200.jpg\" alt=\"Jaszczurki\" width=\"300\" height=\"200\" srcset=\"https:\/\/pluskata.pl\/www\/wp-content\/uploads\/2022\/10\/Jaszczurki-300x200.jpg 300w, https:\/\/pluskata.pl\/www\/wp-content\/uploads\/2022\/10\/Jaszczurki-1024x682.jpg 1024w, https:\/\/pluskata.pl\/www\/wp-content\/uploads\/2022\/10\/Jaszczurki-768x512.jpg 768w, https:\/\/pluskata.pl\/www\/wp-content\/uploads\/2022\/10\/Jaszczurki-1536x1024.jpg 1536w, https:\/\/pluskata.pl\/www\/wp-content\/uploads\/2022\/10\/Jaszczurki-2048x1365.jpg 2048w, https:\/\/pluskata.pl\/www\/wp-content\/uploads\/2022\/10\/Jaszczurki-150x100.jpg 150w\" sizes=\"auto, (max-width: 300px) 100vw, 300px\" \/><\/a><br \/>\nOko\u0142o 10 rano idziemy do miasta. \u0141apiemy 8-osobow\u0105 taks\u00f3wk\u0119 i wyznaczamy sobie tras\u0119 zwiedzania. Najpierw punkt widokowy das Flores, stamt\u0105d idziemy na piechot\u0119 do pla\u017cy Zimbralinho, dzwonimy do Pana Taks\u00f3wkarza i przyje\u017cd\u017ca po nas \u2013 nast\u0119pny punkt to wulkan Castelo (437mnpm)\u2013 wchodzimy od strony po\u0142udniowej a schodzimy na stron\u0119 p\u00f3\u0142nocn\u0105, sk\u0105d zabiera nas taks\u00f3wka. Jedziemy do kolejnego wulkanu \u2013 Branco (450mnpm) \u2013 widoki s\u0105 przepi\u0119kne. O 18:30 wracamy taks\u00f3wk\u0105 do mariny. Ca\u0142a wycieczka kosztuje nas 56\u20ac za wszystkich i wszystko.<\/p>\n<p><strong>7-10-2022 pi\u0105tek Porto Santo<\/strong><\/p>\n<p><a href=\"https:\/\/pluskata.pl\/www\/pl\/rejsy-2022\/z-lizbony-na-madere-30-09-8-10-2022\/porto-santo-drogowskazy\/\"><img loading=\"lazy\" decoding=\"async\" class=\"alignnone wp-image-3243 size-medium\" src=\"https:\/\/pluskata.pl\/www\/wp-content\/uploads\/2022\/10\/Porto-Santo-drogowskazy-300x200.jpg\" alt=\"Porto Santo drogowskazy\" width=\"300\" height=\"200\" srcset=\"https:\/\/pluskata.pl\/www\/wp-content\/uploads\/2022\/10\/Porto-Santo-drogowskazy-300x200.jpg 300w, https:\/\/pluskata.pl\/www\/wp-content\/uploads\/2022\/10\/Porto-Santo-drogowskazy-1024x683.jpg 1024w, https:\/\/pluskata.pl\/www\/wp-content\/uploads\/2022\/10\/Porto-Santo-drogowskazy-768x512.jpg 768w, https:\/\/pluskata.pl\/www\/wp-content\/uploads\/2022\/10\/Porto-Santo-drogowskazy-1536x1024.jpg 1536w, https:\/\/pluskata.pl\/www\/wp-content\/uploads\/2022\/10\/Porto-Santo-drogowskazy-2048x1365.jpg 2048w, https:\/\/pluskata.pl\/www\/wp-content\/uploads\/2022\/10\/Porto-Santo-drogowskazy-150x100.jpg 150w\" sizes=\"auto, (max-width: 300px) 100vw, 300px\" \/><\/a> <a href=\"https:\/\/pluskata.pl\/www\/pl\/rejsy-2022\/z-lizbony-na-madere-30-09-8-10-2022\/kolacja1\/\"><img loading=\"lazy\" decoding=\"async\" class=\"alignnone wp-image-3242 size-medium\" src=\"https:\/\/pluskata.pl\/www\/wp-content\/uploads\/2022\/10\/Kolacja1-300x200.jpg\" alt=\"Kolacja\" width=\"300\" height=\"200\" \/><\/a> <a href=\"https:\/\/pluskata.pl\/www\/pl\/rejsy-2022\/z-lizbony-na-madere-30-09-8-10-2022\/porto-santo-malowanie\/\"><img loading=\"lazy\" decoding=\"async\" class=\"alignnone wp-image-3240 size-medium\" src=\"https:\/\/pluskata.pl\/www\/wp-content\/uploads\/2022\/10\/Porto-Santo-malowanie-300x225.jpg\" alt=\"Porto Santo malowanie\" width=\"300\" height=\"225\" srcset=\"https:\/\/pluskata.pl\/www\/wp-content\/uploads\/2022\/10\/Porto-Santo-malowanie-300x225.jpg 300w, https:\/\/pluskata.pl\/www\/wp-content\/uploads\/2022\/10\/Porto-Santo-malowanie-1024x768.jpg 1024w, https:\/\/pluskata.pl\/www\/wp-content\/uploads\/2022\/10\/Porto-Santo-malowanie-768x576.jpg 768w, https:\/\/pluskata.pl\/www\/wp-content\/uploads\/2022\/10\/Porto-Santo-malowanie-1536x1152.jpg 1536w, https:\/\/pluskata.pl\/www\/wp-content\/uploads\/2022\/10\/Porto-Santo-malowanie-2048x1536.jpg 2048w, https:\/\/pluskata.pl\/www\/wp-content\/uploads\/2022\/10\/Porto-Santo-malowanie-150x113.jpg 150w\" sizes=\"auto, (max-width: 300px) 100vw, 300px\" \/><\/a> <a href=\"https:\/\/pluskata.pl\/www\/pl\/rejsy-2022\/z-lizbony-na-madere-30-09-8-10-2022\/porto-santo-zaloga-i-logo\/\"><img loading=\"lazy\" decoding=\"async\" class=\"alignnone wp-image-3239 size-medium\" src=\"https:\/\/pluskata.pl\/www\/wp-content\/uploads\/2022\/10\/Porto-Santo-zaloga-i-logo-300x225.jpg\" alt=\"Porto Santo zaloga i logo\" width=\"300\" height=\"225\" srcset=\"https:\/\/pluskata.pl\/www\/wp-content\/uploads\/2022\/10\/Porto-Santo-zaloga-i-logo-300x225.jpg 300w, https:\/\/pluskata.pl\/www\/wp-content\/uploads\/2022\/10\/Porto-Santo-zaloga-i-logo-1024x768.jpg 1024w, https:\/\/pluskata.pl\/www\/wp-content\/uploads\/2022\/10\/Porto-Santo-zaloga-i-logo-768x576.jpg 768w, https:\/\/pluskata.pl\/www\/wp-content\/uploads\/2022\/10\/Porto-Santo-zaloga-i-logo-1536x1152.jpg 1536w, https:\/\/pluskata.pl\/www\/wp-content\/uploads\/2022\/10\/Porto-Santo-zaloga-i-logo-150x113.jpg 150w, https:\/\/pluskata.pl\/www\/wp-content\/uploads\/2022\/10\/Porto-Santo-zaloga-i-logo.jpg 1864w\" sizes=\"auto, (max-width: 300px) 100vw, 300px\" \/><\/a><br \/>\nPo \u015bniadaniu malujemy logo Pluskatej na murze. Cz\u0119\u015b\u0107 za\u0142ogi idzie wyk\u0105pa\u0107 si\u0119 na pla\u017c\u0119. O 18:30 wychodzimy w morze. Stawiamy tylko foka \u2013 wieje baksztag wi\u0119c p\u0142yniemy 4-5kn.<\/p>\n<p><strong>8-10-2022 sobota Funchal<\/strong><br \/>\nNad ranem chowamy si\u0119 za wysp\u0119 i wiatr s\u0142abnie \u2013 ale takie by\u0142y prognozy. Do Funchal wchodzimy ok godziny 9. Okazuje si\u0119, \u017ce w marinie nie ma miejsca, wi\u0119c stajemy na kotwicy przed marin\u0105. Wodujemy \u0142\u00f3dk\u0119. Tomek robi za wo\u017anic\u0119. Jad\u0119 do mariny pogada\u0107 na temat miejsca, ale nic nie udaje si\u0119 za\u0142atwi\u0107. Cz\u0119\u015b\u0107 za\u0142ogi zostaje na l\u0105dzie a ja wracam na jacht.<\/p>\n<p><a href=\"https:\/\/pluskata.pl\/www\/pl\/rejsy-2022\/z-lizbony-na-madere-30-09-8-10-2022\/funchal-z-wody\/\"><img loading=\"lazy\" decoding=\"async\" class=\"alignnone wp-image-3238 size-medium\" src=\"https:\/\/pluskata.pl\/www\/wp-content\/uploads\/2022\/10\/Funchal-z-wody-300x200.jpg\" alt=\"Funchal z wody\" width=\"300\" height=\"200\" srcset=\"https:\/\/pluskata.pl\/www\/wp-content\/uploads\/2022\/10\/Funchal-z-wody-300x200.jpg 300w, https:\/\/pluskata.pl\/www\/wp-content\/uploads\/2022\/10\/Funchal-z-wody-1024x683.jpg 1024w, https:\/\/pluskata.pl\/www\/wp-content\/uploads\/2022\/10\/Funchal-z-wody-768x512.jpg 768w, https:\/\/pluskata.pl\/www\/wp-content\/uploads\/2022\/10\/Funchal-z-wody-1536x1025.jpg 1536w, https:\/\/pluskata.pl\/www\/wp-content\/uploads\/2022\/10\/Funchal-z-wody-2048x1366.jpg 2048w, https:\/\/pluskata.pl\/www\/wp-content\/uploads\/2022\/10\/Funchal-z-wody-150x100.jpg 150w\" sizes=\"auto, (max-width: 300px) 100vw, 300px\" \/><\/a> <a href=\"https:\/\/pluskata.pl\/www\/pl\/rejsy-2022\/z-lizbony-na-madere-30-09-8-10-2022\/funchal-skala\/\"><img loading=\"lazy\" decoding=\"async\" class=\"alignnone wp-image-3237 size-medium\" src=\"https:\/\/pluskata.pl\/www\/wp-content\/uploads\/2022\/10\/Funchal-skala-300x200.jpg\" alt=\"Funchal skala\" width=\"300\" height=\"200\" srcset=\"https:\/\/pluskata.pl\/www\/wp-content\/uploads\/2022\/10\/Funchal-skala-300x200.jpg 300w, https:\/\/pluskata.pl\/www\/wp-content\/uploads\/2022\/10\/Funchal-skala-1024x683.jpg 1024w, https:\/\/pluskata.pl\/www\/wp-content\/uploads\/2022\/10\/Funchal-skala-768x512.jpg 768w, https:\/\/pluskata.pl\/www\/wp-content\/uploads\/2022\/10\/Funchal-skala-1536x1024.jpg 1536w\" sizes=\"auto, (max-width: 300px) 100vw, 300px\" \/><\/a> <a href=\"https:\/\/pluskata.pl\/www\/pl\/rejsy-2022\/z-lizbony-na-madere-30-09-8-10-2022\/funchal-fontanna\/\"><img loading=\"lazy\" decoding=\"async\" class=\"alignnone wp-image-3236 size-medium\" src=\"https:\/\/pluskata.pl\/www\/wp-content\/uploads\/2022\/10\/Funchal-fontanna-300x200.jpg\" alt=\"Funchal fontanna\" width=\"300\" height=\"200\" srcset=\"https:\/\/pluskata.pl\/www\/wp-content\/uploads\/2022\/10\/Funchal-fontanna-300x200.jpg 300w, https:\/\/pluskata.pl\/www\/wp-content\/uploads\/2022\/10\/Funchal-fontanna-1024x682.jpg 1024w, https:\/\/pluskata.pl\/www\/wp-content\/uploads\/2022\/10\/Funchal-fontanna-768x512.jpg 768w, https:\/\/pluskata.pl\/www\/wp-content\/uploads\/2022\/10\/Funchal-fontanna-1536x1023.jpg 1536w, https:\/\/pluskata.pl\/www\/wp-content\/uploads\/2022\/10\/Funchal-fontanna-2048x1364.jpg 2048w, https:\/\/pluskata.pl\/www\/wp-content\/uploads\/2022\/10\/Funchal-fontanna-150x100.jpg 150w\" sizes=\"auto, (max-width: 300px) 100vw, 300px\" \/><\/a> <a href=\"https:\/\/pluskata.pl\/www\/pl\/rejsy-2022\/z-lizbony-na-madere-30-09-8-10-2022\/funchal-park\/\"><img loading=\"lazy\" decoding=\"async\" class=\"alignnone wp-image-3235 size-medium\" src=\"https:\/\/pluskata.pl\/www\/wp-content\/uploads\/2022\/10\/Funchal-park-300x200.jpg\" alt=\"Funchal park\" width=\"300\" height=\"200\" srcset=\"https:\/\/pluskata.pl\/www\/wp-content\/uploads\/2022\/10\/Funchal-park-300x200.jpg 300w, https:\/\/pluskata.pl\/www\/wp-content\/uploads\/2022\/10\/Funchal-park-1024x683.jpg 1024w, https:\/\/pluskata.pl\/www\/wp-content\/uploads\/2022\/10\/Funchal-park-768x512.jpg 768w, https:\/\/pluskata.pl\/www\/wp-content\/uploads\/2022\/10\/Funchal-park-1536x1024.jpg 1536w, https:\/\/pluskata.pl\/www\/wp-content\/uploads\/2022\/10\/Funchal-park-2048x1365.jpg 2048w, https:\/\/pluskata.pl\/www\/wp-content\/uploads\/2022\/10\/Funchal-park-150x100.jpg 150w\" sizes=\"auto, (max-width: 300px) 100vw, 300px\" \/><\/a> <a href=\"https:\/\/pluskata.pl\/www\/pl\/rejsy-2022\/z-lizbony-na-madere-30-09-8-10-2022\/funchal-palmy\/\"><img loading=\"lazy\" decoding=\"async\" class=\"alignnone wp-image-3234 size-medium\" src=\"https:\/\/pluskata.pl\/www\/wp-content\/uploads\/2022\/10\/Funchal-palmy-300x200.jpg\" alt=\"Funchal palmy\" width=\"300\" height=\"200\" srcset=\"https:\/\/pluskata.pl\/www\/wp-content\/uploads\/2022\/10\/Funchal-palmy-300x200.jpg 300w, https:\/\/pluskata.pl\/www\/wp-content\/uploads\/2022\/10\/Funchal-palmy-1024x683.jpg 1024w, https:\/\/pluskata.pl\/www\/wp-content\/uploads\/2022\/10\/Funchal-palmy-768x512.jpg 768w\" sizes=\"auto, (max-width: 300px) 100vw, 300px\" \/><\/a> <a href=\"https:\/\/pluskata.pl\/www\/pl\/rejsy-2022\/z-lizbony-na-madere-30-09-8-10-2022\/funchal-mozaika\/\"><img loading=\"lazy\" decoding=\"async\" class=\"alignnone wp-image-3233 size-medium\" src=\"https:\/\/pluskata.pl\/www\/wp-content\/uploads\/2022\/10\/Funchal-mozaika-300x200.jpg\" alt=\"Funchal mozaika\" width=\"300\" height=\"200\" srcset=\"https:\/\/pluskata.pl\/www\/wp-content\/uploads\/2022\/10\/Funchal-mozaika-300x200.jpg 300w, https:\/\/pluskata.pl\/www\/wp-content\/uploads\/2022\/10\/Funchal-mozaika-1024x683.jpg 1024w, https:\/\/pluskata.pl\/www\/wp-content\/uploads\/2022\/10\/Funchal-mozaika-768x512.jpg 768w, https:\/\/pluskata.pl\/www\/wp-content\/uploads\/2022\/10\/Funchal-mozaika-1536x1024.jpg 1536w, https:\/\/pluskata.pl\/www\/wp-content\/uploads\/2022\/10\/Funchal-mozaika-2048x1365.jpg 2048w, https:\/\/pluskata.pl\/www\/wp-content\/uploads\/2022\/10\/Funchal-mozaika-150x100.jpg 150w\" sizes=\"auto, (max-width: 300px) 100vw, 300px\" \/><\/a> <a href=\"https:\/\/pluskata.pl\/www\/pl\/rejsy-2022\/z-lizbony-na-madere-30-09-8-10-2022\/funchal-drzewo\/\"><img loading=\"lazy\" decoding=\"async\" class=\"alignnone wp-image-3232 size-medium\" src=\"https:\/\/pluskata.pl\/www\/wp-content\/uploads\/2022\/10\/Funchal-drzewo-300x200.jpg\" alt=\"Funchal drzewo\" width=\"300\" height=\"200\" srcset=\"https:\/\/pluskata.pl\/www\/wp-content\/uploads\/2022\/10\/Funchal-drzewo-300x200.jpg 300w, https:\/\/pluskata.pl\/www\/wp-content\/uploads\/2022\/10\/Funchal-drzewo-1024x683.jpg 1024w, https:\/\/pluskata.pl\/www\/wp-content\/uploads\/2022\/10\/Funchal-drzewo-768x512.jpg 768w, https:\/\/pluskata.pl\/www\/wp-content\/uploads\/2022\/10\/Funchal-drzewo-1536x1024.jpg 1536w, https:\/\/pluskata.pl\/www\/wp-content\/uploads\/2022\/10\/Funchal-drzewo-2048x1365.jpg 2048w, https:\/\/pluskata.pl\/www\/wp-content\/uploads\/2022\/10\/Funchal-drzewo-150x100.jpg 150w\" sizes=\"auto, (max-width: 300px) 100vw, 300px\" \/><\/a> <a href=\"https:\/\/pluskata.pl\/www\/pl\/rejsy-2022\/z-lizbony-na-madere-30-09-8-10-2022\/funchal-zachod-slonca\/\"><img loading=\"lazy\" decoding=\"async\" class=\"alignnone wp-image-3231 size-medium\" src=\"https:\/\/pluskata.pl\/www\/wp-content\/uploads\/2022\/10\/Funchal-zachod-slonca-300x195.jpg\" alt=\"Funchal zach\u00f3d s\u0142o\u0144ca\" width=\"300\" height=\"195\" srcset=\"https:\/\/pluskata.pl\/www\/wp-content\/uploads\/2022\/10\/Funchal-zachod-slonca-300x195.jpg 300w, https:\/\/pluskata.pl\/www\/wp-content\/uploads\/2022\/10\/Funchal-zachod-slonca-1024x666.jpg 1024w, https:\/\/pluskata.pl\/www\/wp-content\/uploads\/2022\/10\/Funchal-zachod-slonca-768x500.jpg 768w, https:\/\/pluskata.pl\/www\/wp-content\/uploads\/2022\/10\/Funchal-zachod-slonca-1536x999.jpg 1536w, https:\/\/pluskata.pl\/www\/wp-content\/uploads\/2022\/10\/Funchal-zachod-slonca-2048x1332.jpg 2048w, https:\/\/pluskata.pl\/www\/wp-content\/uploads\/2022\/10\/Funchal-zachod-slonca-150x98.jpg 150w\" sizes=\"auto, (max-width: 300px) 100vw, 300px\" \/><\/a><\/p>\n<p>Po obiedzie idziemy ogl\u0105da\u0107 pobliskie parki, i szukamy przystanku autobusu na lotnisko. Wracaj\u0105c bior\u0119 2 bilety na jog\u0119 w niedziel\u0119 (z okazji Nature Festival) .<\/p>\n<p><strong>9-10-2022 niedziela Funchal<\/strong><\/p>\n<p>Rano Tomek odwozi cz\u0119\u015b\u0107 za\u0142ogi na wykupion\u0105 jeszcze w Polsce przez nich wycieczk\u0119, a ja z Dorot\u0105 idziemy na jog\u0119 \u2013 mia\u0142o by\u0107 na 10, ale wychodzi 11, sesja o 10 mia\u0142a du\u017co \u0107wicze\u0144, a o 11 to g\u0142\u00f3wnie medytacja. Po jodze jedziemy kolejk\u0105 na g\u00f3r\u0119.<\/p>\n<p><a href=\"https:\/\/pluskata.pl\/www\/pl\/rejsy-2022\/z-lizbony-na-madere-30-09-8-10-2022\/funchal-widok-z-gory\/\"><img loading=\"lazy\" decoding=\"async\" class=\"alignnone wp-image-3229 size-medium\" src=\"https:\/\/pluskata.pl\/www\/wp-content\/uploads\/2022\/10\/Funchal-widok-z-gory-300x200.jpg\" alt=\"Funchal widok z gory\" width=\"300\" height=\"200\" srcset=\"https:\/\/pluskata.pl\/www\/wp-content\/uploads\/2022\/10\/Funchal-widok-z-gory-300x200.jpg 300w, https:\/\/pluskata.pl\/www\/wp-content\/uploads\/2022\/10\/Funchal-widok-z-gory-1024x683.jpg 1024w, https:\/\/pluskata.pl\/www\/wp-content\/uploads\/2022\/10\/Funchal-widok-z-gory-768x512.jpg 768w, https:\/\/pluskata.pl\/www\/wp-content\/uploads\/2022\/10\/Funchal-widok-z-gory-1536x1024.jpg 1536w, https:\/\/pluskata.pl\/www\/wp-content\/uploads\/2022\/10\/Funchal-widok-z-gory-2048x1365.jpg 2048w, https:\/\/pluskata.pl\/www\/wp-content\/uploads\/2022\/10\/Funchal-widok-z-gory-150x100.jpg 150w\" sizes=\"auto, (max-width: 300px) 100vw, 300px\" \/><\/a> <a href=\"https:\/\/pluskata.pl\/www\/pl\/rejsy-2022\/z-lizbony-na-madere-30-09-8-10-2022\/sanie-mozaika\/\"><img loading=\"lazy\" decoding=\"async\" class=\"alignnone wp-image-3228 size-medium\" src=\"https:\/\/pluskata.pl\/www\/wp-content\/uploads\/2022\/10\/Sanie-mozaika-300x200.jpg\" alt=\"Sanie mozaika\" width=\"300\" height=\"200\" srcset=\"https:\/\/pluskata.pl\/www\/wp-content\/uploads\/2022\/10\/Sanie-mozaika-300x200.jpg 300w, https:\/\/pluskata.pl\/www\/wp-content\/uploads\/2022\/10\/Sanie-mozaika-1024x683.jpg 1024w, https:\/\/pluskata.pl\/www\/wp-content\/uploads\/2022\/10\/Sanie-mozaika-768x512.jpg 768w, https:\/\/pluskata.pl\/www\/wp-content\/uploads\/2022\/10\/Sanie-mozaika-1536x1025.jpg 1536w, https:\/\/pluskata.pl\/www\/wp-content\/uploads\/2022\/10\/Sanie-mozaika-2048x1366.jpg 2048w, https:\/\/pluskata.pl\/www\/wp-content\/uploads\/2022\/10\/Sanie-mozaika-150x100.jpg 150w\" sizes=\"auto, (max-width: 300px) 100vw, 300px\" \/><\/a> <a href=\"https:\/\/pluskata.pl\/www\/pl\/rejsy-2022\/z-lizbony-na-madere-30-09-8-10-2022\/sanie-parking\/\"><img loading=\"lazy\" decoding=\"async\" class=\"alignnone wp-image-3227 size-medium\" src=\"https:\/\/pluskata.pl\/www\/wp-content\/uploads\/2022\/10\/Sanie-parking-300x200.jpg\" alt=\"Sanie parking\" width=\"300\" height=\"200\" srcset=\"https:\/\/pluskata.pl\/www\/wp-content\/uploads\/2022\/10\/Sanie-parking-300x200.jpg 300w, https:\/\/pluskata.pl\/www\/wp-content\/uploads\/2022\/10\/Sanie-parking-1024x683.jpg 1024w, https:\/\/pluskata.pl\/www\/wp-content\/uploads\/2022\/10\/Sanie-parking-768x512.jpg 768w, https:\/\/pluskata.pl\/www\/wp-content\/uploads\/2022\/10\/Sanie-parking-1536x1024.jpg 1536w, https:\/\/pluskata.pl\/www\/wp-content\/uploads\/2022\/10\/Sanie-parking-2048x1365.jpg 2048w, https:\/\/pluskata.pl\/www\/wp-content\/uploads\/2022\/10\/Sanie-parking-150x100.jpg 150w\" sizes=\"auto, (max-width: 300px) 100vw, 300px\" \/><\/a> <a href=\"https:\/\/pluskata.pl\/www\/pl\/rejsy-2022\/z-lizbony-na-madere-30-09-8-10-2022\/funchal-zrodelko\/\"><img loading=\"lazy\" decoding=\"async\" class=\"alignnone wp-image-3226 size-medium\" src=\"https:\/\/pluskata.pl\/www\/wp-content\/uploads\/2022\/10\/Funchal-zrodelko-300x200.jpg\" alt=\"Funchal zrodelko\" width=\"300\" height=\"200\" srcset=\"https:\/\/pluskata.pl\/www\/wp-content\/uploads\/2022\/10\/Funchal-zrodelko-300x200.jpg 300w, https:\/\/pluskata.pl\/www\/wp-content\/uploads\/2022\/10\/Funchal-zrodelko-1024x683.jpg 1024w, https:\/\/pluskata.pl\/www\/wp-content\/uploads\/2022\/10\/Funchal-zrodelko-768x513.jpg 768w, https:\/\/pluskata.pl\/www\/wp-content\/uploads\/2022\/10\/Funchal-zrodelko-1536x1025.jpg 1536w, https:\/\/pluskata.pl\/www\/wp-content\/uploads\/2022\/10\/Funchal-zrodelko-2048x1367.jpg 2048w, https:\/\/pluskata.pl\/www\/wp-content\/uploads\/2022\/10\/Funchal-zrodelko-150x100.jpg 150w\" sizes=\"auto, (max-width: 300px) 100vw, 300px\" \/><\/a><\/p>\n<p>Wej\u015bcie do ogrodu tropikalnego kosztuje tyle samo co wjazd kolejk\u0105, wi\u0119c nie wchodzimy. Zwiedzamy za to ogr\u00f3d miejski, podziwiamy widoki i kolejk\u0105 zje\u017cd\u017camy na d\u00f3\u0142. Wracamy na obiad. Dorota robi leczo. Ok 18 wraca reszta za\u0142ogi z wycieczki. Kupuj\u0105 butelk\u0119 \u015bwie\u017cego ponczu.<\/p>\n<p><strong>10-10-2022 poniedzia\u0142ek Funchal<\/strong><\/p>\n<p><a href=\"https:\/\/pluskata.pl\/www\/pl\/rejsy-2022\/z-lizbony-na-madere-30-09-8-10-2022\/funchal-statek\/\"><img loading=\"lazy\" decoding=\"async\" class=\"alignnone wp-image-3230 size-medium\" src=\"https:\/\/pluskata.pl\/www\/wp-content\/uploads\/2022\/10\/Funchal-statek-300x200.jpg\" alt=\"Funchal statek\" width=\"300\" height=\"200\" srcset=\"https:\/\/pluskata.pl\/www\/wp-content\/uploads\/2022\/10\/Funchal-statek-300x200.jpg 300w, https:\/\/pluskata.pl\/www\/wp-content\/uploads\/2022\/10\/Funchal-statek-1024x683.jpg 1024w, https:\/\/pluskata.pl\/www\/wp-content\/uploads\/2022\/10\/Funchal-statek-768x513.jpg 768w, https:\/\/pluskata.pl\/www\/wp-content\/uploads\/2022\/10\/Funchal-statek-1536x1025.jpg 1536w, https:\/\/pluskata.pl\/www\/wp-content\/uploads\/2022\/10\/Funchal-statek-2048x1367.jpg 2048w, https:\/\/pluskata.pl\/www\/wp-content\/uploads\/2022\/10\/Funchal-statek-150x100.jpg 150w\" sizes=\"auto, (max-width: 300px) 100vw, 300px\" \/><\/a> <a href=\"https:\/\/pluskata.pl\/www\/pl\/rejsy-2022\/z-lizbony-na-madere-30-09-8-10-2022\/kotwicowisko-ksiezyc\/\"><img loading=\"lazy\" decoding=\"async\" class=\"alignnone wp-image-3225 size-medium\" src=\"https:\/\/pluskata.pl\/www\/wp-content\/uploads\/2022\/10\/Kotwicowisko-ksiezyc-300x200.jpg\" alt=\"Kotwicowisko ksiezyc\" width=\"300\" height=\"200\" srcset=\"https:\/\/pluskata.pl\/www\/wp-content\/uploads\/2022\/10\/Kotwicowisko-ksiezyc-300x200.jpg 300w, https:\/\/pluskata.pl\/www\/wp-content\/uploads\/2022\/10\/Kotwicowisko-ksiezyc-1024x683.jpg 1024w, https:\/\/pluskata.pl\/www\/wp-content\/uploads\/2022\/10\/Kotwicowisko-ksiezyc-768x512.jpg 768w, https:\/\/pluskata.pl\/www\/wp-content\/uploads\/2022\/10\/Kotwicowisko-ksiezyc-1536x1025.jpg 1536w, https:\/\/pluskata.pl\/www\/wp-content\/uploads\/2022\/10\/Kotwicowisko-ksiezyc-2048x1366.jpg 2048w, https:\/\/pluskata.pl\/www\/wp-content\/uploads\/2022\/10\/Kotwicowisko-ksiezyc-150x100.jpg 150w\" sizes=\"auto, (max-width: 300px) 100vw, 300px\" \/><\/a> <a href=\"https:\/\/pluskata.pl\/www\/pl\/rejsy-2022\/z-lizbony-na-madere-30-09-8-10-2022\/kotwicowisko-zachod\/\"><img loading=\"lazy\" decoding=\"async\" class=\"alignnone wp-image-3224 size-medium\" src=\"https:\/\/pluskata.pl\/www\/wp-content\/uploads\/2022\/10\/Kotwicowisko-zachod-300x200.jpg\" alt=\"Kotwicowisko zachod\" width=\"300\" height=\"200\" srcset=\"https:\/\/pluskata.pl\/www\/wp-content\/uploads\/2022\/10\/Kotwicowisko-zachod-300x200.jpg 300w, https:\/\/pluskata.pl\/www\/wp-content\/uploads\/2022\/10\/Kotwicowisko-zachod-1024x683.jpg 1024w, https:\/\/pluskata.pl\/www\/wp-content\/uploads\/2022\/10\/Kotwicowisko-zachod-768x512.jpg 768w, https:\/\/pluskata.pl\/www\/wp-content\/uploads\/2022\/10\/Kotwicowisko-zachod-1536x1024.jpg 1536w, https:\/\/pluskata.pl\/www\/wp-content\/uploads\/2022\/10\/Kotwicowisko-zachod-2048x1365.jpg 2048w, https:\/\/pluskata.pl\/www\/wp-content\/uploads\/2022\/10\/Kotwicowisko-zachod-150x100.jpg 150w\" sizes=\"auto, (max-width: 300px) 100vw, 300px\" \/><\/a><br \/>\nKolejna osoba wyje\u017cd\u017ca o 3 rano \u0142\u00f3dk\u0105 na brzeg. Po \u015bniadaniu jeszcze raz id\u0119 do mariny dowiedzie\u0107 si\u0119 co z miejscem w marinie \u2013 twierdz\u0105, \u017ce w dalszym ci\u0105gu nie ma. Robi\u0119 pranie i za\u0142atwiam pozwolenie na odwiedzenie wysp Selvagens Islands po drodze na Teneryf\u0119. W po\u0142udnie dostajemy miejsce w marinie longside do innego jachtu.<\/p>\n","protected":false},"excerpt":{"rendered":"<p>Trasa: Cascais &#8211; Porto Santo &#8211;\u00a0 Funchal Termin: 30.09-8.10.2022 Mile\/ godziny: 529Mm\/115h 12-09-2022 poniedzia\u0142ek A Coruna 30-09-2022 pi\u0105tek Cascai Rano cz\u0119\u015b\u0107 za\u0142ogi idzie zwiedza\u0107 miasto. Cascais to miasto letniskowe, pe\u0142no w nim bar\u00f3w i sklep\u00f3w z pami\u0105tkami. Po po\u0142udniu robimy zakupy i przywozimy na jacht taks\u00f3wk\u0105. Wychodz\u0105 z tego 2\u2026<\/p>\n<p class=\"continue-reading-button\"> <a class=\"continue-reading-link\" href=\"https:\/\/pluskata.pl\/www\/pl\/rejsy-2022\/z-lizbony-na-madere-30-09-8-10-2022\/\">Czytaj dalej\/Continue reading<i class=\"crycon-right-dir\"><\/i><\/a><\/p>\n","protected":false},"author":1,"featured_media":3196,"parent":1605,"menu_order":11,"comment_status":"closed","ping_status":"closed","template":"","meta":{"footnotes":""},"class_list":["post-3200","page","type-page","status-publish","has-post-thumbnail","hentry"],"yoast_head":"<!-- This site is optimized with the Yoast SEO plugin v27.5 - https:\/\/yoast.com\/product\/yoast-seo-wordpress\/ -->\n<title>Z Lizbony na Mader\u0119 30.09-8.10.2022 - Podr\u00f3\u017ce jachtem po \u015bwiecie<\/title>\n<meta name=\"robots\" content=\"index, follow, max-snippet:-1, max-image-preview:large, max-video-preview:-1\" \/>\n<link rel=\"canonical\" href=\"https:\/\/pluskata.pl\/www\/pl\/rejsy-2022\/z-lizbony-na-madere-30-09-8-10-2022\/\" \/>\n<meta property=\"og:locale\" content=\"pl_PL\" \/>\n<meta property=\"og:type\" content=\"article\" \/>\n<meta property=\"og:title\" content=\"Z Lizbony na Mader\u0119 30.09-8.10.2022 - Podr\u00f3\u017ce jachtem po \u015bwiecie\" \/>\n<meta property=\"og:description\" content=\"Trasa: Cascais &#8211; Porto Santo &#8211;\u00a0 Funchal Termin: 30.09-8.10.2022 Mile\/ godziny: 529Mm\/115h 12-09-2022 poniedzia\u0142ek A Coruna 30-09-2022 pi\u0105tek Cascai Rano cz\u0119\u015b\u0107 za\u0142ogi idzie zwiedza\u0107 miasto. Cascais to miasto letniskowe, pe\u0142no w nim bar\u00f3w i sklep\u00f3w z pami\u0105tkami. Po po\u0142udniu robimy zakupy i przywozimy na jacht taks\u00f3wk\u0105. Wychodz\u0105 z tego 2\u2026 Czytaj dalej\/Continue reading\" \/>\n<meta property=\"og:url\" content=\"https:\/\/pluskata.pl\/www\/pl\/rejsy-2022\/z-lizbony-na-madere-30-09-8-10-2022\/\" \/>\n<meta property=\"og:site_name\" content=\"Podr\u00f3\u017ce jachtem po \u015bwiecie\" \/>\n<meta property=\"article:publisher\" content=\"https:\/\/www.facebook.com\/pluskata\" \/>\n<meta property=\"article:modified_time\" content=\"2022-11-02T14:11:53+00:00\" \/>\n<meta property=\"og:image\" content=\"https:\/\/pluskata.pl\/www\/wp-content\/uploads\/2022\/10\/Cascais-Madera.jpg\" \/>\n\t<meta property=\"og:image:width\" content=\"1908\" \/>\n\t<meta property=\"og:image:height\" content=\"1650\" \/>\n\t<meta property=\"og:image:type\" content=\"image\/jpeg\" \/>\n<meta name=\"twitter:card\" content=\"summary_large_image\" \/>\n<meta name=\"twitter:label1\" content=\"Szacowany czas czytania\" \/>\n\t<meta name=\"twitter:data1\" content=\"5 minut\" \/>\n<script type=\"application\/ld+json\" class=\"yoast-schema-graph\">{\"@context\":\"https:\\\/\\\/schema.org\",\"@graph\":[{\"@type\":\"WebPage\",\"@id\":\"https:\\\/\\\/pluskata.pl\\\/www\\\/pl\\\/rejsy-2022\\\/z-lizbony-na-madere-30-09-8-10-2022\\\/\",\"url\":\"https:\\\/\\\/pluskata.pl\\\/www\\\/pl\\\/rejsy-2022\\\/z-lizbony-na-madere-30-09-8-10-2022\\\/\",\"name\":\"Z Lizbony na Mader\u0119 30.09-8.10.2022 - Podr\u00f3\u017ce jachtem po \u015bwiecie\",\"isPartOf\":{\"@id\":\"https:\\\/\\\/pluskata.pl\\\/www\\\/#website\"},\"primaryImageOfPage\":{\"@id\":\"https:\\\/\\\/pluskata.pl\\\/www\\\/pl\\\/rejsy-2022\\\/z-lizbony-na-madere-30-09-8-10-2022\\\/#primaryimage\"},\"image\":{\"@id\":\"https:\\\/\\\/pluskata.pl\\\/www\\\/pl\\\/rejsy-2022\\\/z-lizbony-na-madere-30-09-8-10-2022\\\/#primaryimage\"},\"thumbnailUrl\":\"https:\\\/\\\/pluskata.pl\\\/www\\\/wp-content\\\/uploads\\\/2022\\\/10\\\/Cascais-Madera.jpg\",\"datePublished\":\"2022-10-14T17:03:09+00:00\",\"dateModified\":\"2022-11-02T14:11:53+00:00\",\"breadcrumb\":{\"@id\":\"https:\\\/\\\/pluskata.pl\\\/www\\\/pl\\\/rejsy-2022\\\/z-lizbony-na-madere-30-09-8-10-2022\\\/#breadcrumb\"},\"inLanguage\":\"pl-PL\",\"potentialAction\":[{\"@type\":\"ReadAction\",\"target\":[\"https:\\\/\\\/pluskata.pl\\\/www\\\/pl\\\/rejsy-2022\\\/z-lizbony-na-madere-30-09-8-10-2022\\\/\"]}]},{\"@type\":\"ImageObject\",\"inLanguage\":\"pl-PL\",\"@id\":\"https:\\\/\\\/pluskata.pl\\\/www\\\/pl\\\/rejsy-2022\\\/z-lizbony-na-madere-30-09-8-10-2022\\\/#primaryimage\",\"url\":\"https:\\\/\\\/pluskata.pl\\\/www\\\/wp-content\\\/uploads\\\/2022\\\/10\\\/Cascais-Madera.jpg\",\"contentUrl\":\"https:\\\/\\\/pluskata.pl\\\/www\\\/wp-content\\\/uploads\\\/2022\\\/10\\\/Cascais-Madera.jpg\",\"width\":1908,\"height\":1650,\"caption\":\"Cascais Madera\"},{\"@type\":\"BreadcrumbList\",\"@id\":\"https:\\\/\\\/pluskata.pl\\\/www\\\/pl\\\/rejsy-2022\\\/z-lizbony-na-madere-30-09-8-10-2022\\\/#breadcrumb\",\"itemListElement\":[{\"@type\":\"ListItem\",\"position\":1,\"name\":\"Strona g\u0142\u00f3wna\",\"item\":\"https:\\\/\\\/pluskata.pl\\\/www\\\/pl\\\/aktualnosci\\\/\"},{\"@type\":\"ListItem\",\"position\":2,\"name\":\"Rejsy 2022\",\"item\":\"https:\\\/\\\/pluskata.pl\\\/www\\\/pl\\\/rejsy-2022\\\/\"},{\"@type\":\"ListItem\",\"position\":3,\"name\":\"Z Lizbony na Mader\u0119 30.09-8.10.2022\"}]},{\"@type\":\"WebSite\",\"@id\":\"https:\\\/\\\/pluskata.pl\\\/www\\\/#website\",\"url\":\"https:\\\/\\\/pluskata.pl\\\/www\\\/\",\"name\":\"Podr\u00f3\u017ce jachtem po \u015bwiecie\",\"description\":\"Zapraszamy do wsp\u00f3lnego \u017ceglowania\",\"publisher\":{\"@id\":\"https:\\\/\\\/pluskata.pl\\\/www\\\/#\\\/schema\\\/person\\\/15daea66397efafeded8883b67482cc0\"},\"potentialAction\":[{\"@type\":\"SearchAction\",\"target\":{\"@type\":\"EntryPoint\",\"urlTemplate\":\"https:\\\/\\\/pluskata.pl\\\/www\\\/?s={search_term_string}\"},\"query-input\":{\"@type\":\"PropertyValueSpecification\",\"valueRequired\":true,\"valueName\":\"search_term_string\"}}],\"inLanguage\":\"pl-PL\"},{\"@type\":[\"Person\",\"Organization\"],\"@id\":\"https:\\\/\\\/pluskata.pl\\\/www\\\/#\\\/schema\\\/person\\\/15daea66397efafeded8883b67482cc0\",\"name\":\"Pluskata\",\"image\":{\"@type\":\"ImageObject\",\"inLanguage\":\"pl-PL\",\"@id\":\"https:\\\/\\\/pluskata.pl\\\/www\\\/wp-content\\\/uploads\\\/2020\\\/12\\\/cropped-Logo-Pluskata_512.png\",\"url\":\"https:\\\/\\\/pluskata.pl\\\/www\\\/wp-content\\\/uploads\\\/2020\\\/12\\\/cropped-Logo-Pluskata_512.png\",\"contentUrl\":\"https:\\\/\\\/pluskata.pl\\\/www\\\/wp-content\\\/uploads\\\/2020\\\/12\\\/cropped-Logo-Pluskata_512.png\",\"width\":512,\"height\":512,\"caption\":\"Pluskata\"},\"logo\":{\"@id\":\"https:\\\/\\\/pluskata.pl\\\/www\\\/wp-content\\\/uploads\\\/2020\\\/12\\\/cropped-Logo-Pluskata_512.png\"},\"sameAs\":[\"http:\\\/\\\/www.pluskata.pl\",\"https:\\\/\\\/www.facebook.com\\\/pluskata\"]}]}<\/script>\n<!-- \/ Yoast SEO plugin. -->","yoast_head_json":{"title":"Z Lizbony na Mader\u0119 30.09-8.10.2022 - Podr\u00f3\u017ce jachtem po \u015bwiecie","robots":{"index":"index","follow":"follow","max-snippet":"max-snippet:-1","max-image-preview":"max-image-preview:large","max-video-preview":"max-video-preview:-1"},"canonical":"https:\/\/pluskata.pl\/www\/pl\/rejsy-2022\/z-lizbony-na-madere-30-09-8-10-2022\/","og_locale":"pl_PL","og_type":"article","og_title":"Z Lizbony na Mader\u0119 30.09-8.10.2022 - Podr\u00f3\u017ce jachtem po \u015bwiecie","og_description":"Trasa: Cascais &#8211; Porto Santo &#8211;\u00a0 Funchal Termin: 30.09-8.10.2022 Mile\/ godziny: 529Mm\/115h 12-09-2022 poniedzia\u0142ek A Coruna 30-09-2022 pi\u0105tek Cascai Rano cz\u0119\u015b\u0107 za\u0142ogi idzie zwiedza\u0107 miasto. Cascais to miasto letniskowe, pe\u0142no w nim bar\u00f3w i sklep\u00f3w z pami\u0105tkami. Po po\u0142udniu robimy zakupy i przywozimy na jacht taks\u00f3wk\u0105. Wychodz\u0105 z tego 2\u2026 Czytaj dalej\/Continue reading","og_url":"https:\/\/pluskata.pl\/www\/pl\/rejsy-2022\/z-lizbony-na-madere-30-09-8-10-2022\/","og_site_name":"Podr\u00f3\u017ce jachtem po \u015bwiecie","article_publisher":"https:\/\/www.facebook.com\/pluskata","article_modified_time":"2022-11-02T14:11:53+00:00","og_image":[{"width":1908,"height":1650,"url":"https:\/\/pluskata.pl\/www\/wp-content\/uploads\/2022\/10\/Cascais-Madera.jpg","type":"image\/jpeg"}],"twitter_card":"summary_large_image","twitter_misc":{"Szacowany czas czytania":"5 minut"},"schema":{"@context":"https:\/\/schema.org","@graph":[{"@type":"WebPage","@id":"https:\/\/pluskata.pl\/www\/pl\/rejsy-2022\/z-lizbony-na-madere-30-09-8-10-2022\/","url":"https:\/\/pluskata.pl\/www\/pl\/rejsy-2022\/z-lizbony-na-madere-30-09-8-10-2022\/","name":"Z Lizbony na Mader\u0119 30.09-8.10.2022 - Podr\u00f3\u017ce jachtem po \u015bwiecie","isPartOf":{"@id":"https:\/\/pluskata.pl\/www\/#website"},"primaryImageOfPage":{"@id":"https:\/\/pluskata.pl\/www\/pl\/rejsy-2022\/z-lizbony-na-madere-30-09-8-10-2022\/#primaryimage"},"image":{"@id":"https:\/\/pluskata.pl\/www\/pl\/rejsy-2022\/z-lizbony-na-madere-30-09-8-10-2022\/#primaryimage"},"thumbnailUrl":"https:\/\/pluskata.pl\/www\/wp-content\/uploads\/2022\/10\/Cascais-Madera.jpg","datePublished":"2022-10-14T17:03:09+00:00","dateModified":"2022-11-02T14:11:53+00:00","breadcrumb":{"@id":"https:\/\/pluskata.pl\/www\/pl\/rejsy-2022\/z-lizbony-na-madere-30-09-8-10-2022\/#breadcrumb"},"inLanguage":"pl-PL","potentialAction":[{"@type":"ReadAction","target":["https:\/\/pluskata.pl\/www\/pl\/rejsy-2022\/z-lizbony-na-madere-30-09-8-10-2022\/"]}]},{"@type":"ImageObject","inLanguage":"pl-PL","@id":"https:\/\/pluskata.pl\/www\/pl\/rejsy-2022\/z-lizbony-na-madere-30-09-8-10-2022\/#primaryimage","url":"https:\/\/pluskata.pl\/www\/wp-content\/uploads\/2022\/10\/Cascais-Madera.jpg","contentUrl":"https:\/\/pluskata.pl\/www\/wp-content\/uploads\/2022\/10\/Cascais-Madera.jpg","width":1908,"height":1650,"caption":"Cascais Madera"},{"@type":"BreadcrumbList","@id":"https:\/\/pluskata.pl\/www\/pl\/rejsy-2022\/z-lizbony-na-madere-30-09-8-10-2022\/#breadcrumb","itemListElement":[{"@type":"ListItem","position":1,"name":"Strona g\u0142\u00f3wna","item":"https:\/\/pluskata.pl\/www\/pl\/aktualnosci\/"},{"@type":"ListItem","position":2,"name":"Rejsy 2022","item":"https:\/\/pluskata.pl\/www\/pl\/rejsy-2022\/"},{"@type":"ListItem","position":3,"name":"Z Lizbony na Mader\u0119 30.09-8.10.2022"}]},{"@type":"WebSite","@id":"https:\/\/pluskata.pl\/www\/#website","url":"https:\/\/pluskata.pl\/www\/","name":"Podr\u00f3\u017ce jachtem po \u015bwiecie","description":"Zapraszamy do wsp\u00f3lnego \u017ceglowania","publisher":{"@id":"https:\/\/pluskata.pl\/www\/#\/schema\/person\/15daea66397efafeded8883b67482cc0"},"potentialAction":[{"@type":"SearchAction","target":{"@type":"EntryPoint","urlTemplate":"https:\/\/pluskata.pl\/www\/?s={search_term_string}"},"query-input":{"@type":"PropertyValueSpecification","valueRequired":true,"valueName":"search_term_string"}}],"inLanguage":"pl-PL"},{"@type":["Person","Organization"],"@id":"https:\/\/pluskata.pl\/www\/#\/schema\/person\/15daea66397efafeded8883b67482cc0","name":"Pluskata","image":{"@type":"ImageObject","inLanguage":"pl-PL","@id":"https:\/\/pluskata.pl\/www\/wp-content\/uploads\/2020\/12\/cropped-Logo-Pluskata_512.png","url":"https:\/\/pluskata.pl\/www\/wp-content\/uploads\/2020\/12\/cropped-Logo-Pluskata_512.png","contentUrl":"https:\/\/pluskata.pl\/www\/wp-content\/uploads\/2020\/12\/cropped-Logo-Pluskata_512.png","width":512,"height":512,"caption":"Pluskata"},"logo":{"@id":"https:\/\/pluskata.pl\/www\/wp-content\/uploads\/2020\/12\/cropped-Logo-Pluskata_512.png"},"sameAs":["http:\/\/www.pluskata.pl","https:\/\/www.facebook.com\/pluskata"]}]}},"_links":{"self":[{"href":"https:\/\/pluskata.pl\/www\/wp-json\/wp\/v2\/pages\/3200","targetHints":{"allow":["GET"]}}],"collection":[{"href":"https:\/\/pluskata.pl\/www\/wp-json\/wp\/v2\/pages"}],"about":[{"href":"https:\/\/pluskata.pl\/www\/wp-json\/wp\/v2\/types\/page"}],"author":[{"embeddable":true,"href":"https:\/\/pluskata.pl\/www\/wp-json\/wp\/v2\/users\/1"}],"replies":[{"embeddable":true,"href":"https:\/\/pluskata.pl\/www\/wp-json\/wp\/v2\/comments?post=3200"}],"version-history":[{"count":0,"href":"https:\/\/pluskata.pl\/www\/wp-json\/wp\/v2\/pages\/3200\/revisions"}],"up":[{"embeddable":true,"href":"https:\/\/pluskata.pl\/www\/wp-json\/wp\/v2\/pages\/1605"}],"wp:featuredmedia":[{"embeddable":true,"href":"https:\/\/pluskata.pl\/www\/wp-json\/wp\/v2\/media\/3196"}],"wp:attachment":[{"href":"https:\/\/pluskata.pl\/www\/wp-json\/wp\/v2\/media?parent=3200"}],"curies":[{"name":"wp","href":"https:\/\/api.w.org\/{rel}","templated":true}]}}