{"id":2979,"date":"2022-09-28T01:17:59","date_gmt":"2022-09-27T23:17:59","guid":{"rendered":"https:\/\/pluskata.pl\/www\/?page_id=2979"},"modified":"2022-10-19T22:06:00","modified_gmt":"2022-10-19T20:06:00","slug":"from-coruna-to-lisbon-12-25-09-2022","status":"publish","type":"page","link":"https:\/\/pluskata.pl\/www\/en\/crusies-2022\/from-coruna-to-lisbon-12-25-09-2022\/","title":{"rendered":"From Coruna to Lisbon 12- 25.09.2022"},"content":{"rendered":"<p><a href=\"https:\/\/pluskata.pl\/www\/en\/crusies-2022\/from-coruna-to-lisbon-12-25-09-2022\/a-coruna-lizbona-2\/\"><img loading=\"lazy\" decoding=\"async\" class=\"alignnone wp-image-2983 size-medium\" src=\"https:\/\/pluskata.pl\/www\/wp-content\/uploads\/2022\/09\/A-Coruna-Lizbona-300x257.png\" alt=\"A Coruna Lisbon\" width=\"300\" height=\"257\" srcset=\"https:\/\/pluskata.pl\/www\/wp-content\/uploads\/2022\/09\/A-Coruna-Lizbona-300x257.png 300w, https:\/\/pluskata.pl\/www\/wp-content\/uploads\/2022\/09\/A-Coruna-Lizbona-1024x879.png 1024w, https:\/\/pluskata.pl\/www\/wp-content\/uploads\/2022\/09\/A-Coruna-Lizbona-768x659.png 768w, https:\/\/pluskata.pl\/www\/wp-content\/uploads\/2022\/09\/A-Coruna-Lizbona-150x129.png 150w, https:\/\/pluskata.pl\/www\/wp-content\/uploads\/2022\/09\/A-Coruna-Lizbona.png 1099w\" sizes=\"auto, (max-width: 300px) 100vw, 300px\" \/><\/a><\/p>\n<p><strong>Route:<\/strong> A Coruna &#8211; Muxia &#8211; Muros &#8211; Baiona &#8211; Porto &#8211; Figueria da Foz &#8211; Nazare &#8211; Peniche &#8211; Lizbona<br \/>\n<strong>Date:<\/strong> 12-25.09.2022<br \/>\n<strong>Miles\/ hours:<\/strong> 425Mm\/95h<\/p>\n<p><strong>12-09-2022 Monday A Coruna<\/strong><br \/>\nIn the morning we go shopping and the new crew goes to explore the city. They take their swimming trunks with the intention of swimming in the sea.<\/p>\n<p><a href=\"https:\/\/pluskata.pl\/www\/en\/crusies-2022\/from-coruna-to-lisbon-12-25-09-2022\/wieza-herculesa-2\/\"><img loading=\"lazy\" decoding=\"async\" class=\"alignnone wp-image-3098 size-medium\" src=\"https:\/\/pluskata.pl\/www\/wp-content\/uploads\/2022\/10\/Wieza-Herculesa-300x200.jpg\" alt=\"Hercules tower\" width=\"300\" height=\"200\" srcset=\"https:\/\/pluskata.pl\/www\/wp-content\/uploads\/2022\/10\/Wieza-Herculesa-300x200.jpg 300w, https:\/\/pluskata.pl\/www\/wp-content\/uploads\/2022\/10\/Wieza-Herculesa-1024x683.jpg 1024w, https:\/\/pluskata.pl\/www\/wp-content\/uploads\/2022\/10\/Wieza-Herculesa-768x512.jpg 768w\" sizes=\"auto, (max-width: 300px) 100vw, 300px\" \/><\/a> <a href=\"https:\/\/pluskata.pl\/www\/en\/crusies-2022\/from-coruna-to-lisbon-12-25-09-2022\/wieza-herculesa-widok-z-gory-2\/\"><img loading=\"lazy\" decoding=\"async\" class=\"alignnone wp-image-3099 size-medium\" src=\"https:\/\/pluskata.pl\/www\/wp-content\/uploads\/2022\/10\/Wieza-Herculesa-widok-z-gory-300x178.jpg\" alt=\"Hercules tower view from top\" width=\"300\" height=\"178\" srcset=\"https:\/\/pluskata.pl\/www\/wp-content\/uploads\/2022\/10\/Wieza-Herculesa-widok-z-gory-300x178.jpg 300w, https:\/\/pluskata.pl\/www\/wp-content\/uploads\/2022\/10\/Wieza-Herculesa-widok-z-gory-1024x609.jpg 1024w, https:\/\/pluskata.pl\/www\/wp-content\/uploads\/2022\/10\/Wieza-Herculesa-widok-z-gory-768x457.jpg 768w, https:\/\/pluskata.pl\/www\/wp-content\/uploads\/2022\/10\/Wieza-Herculesa-widok-z-gory-1536x913.jpg 1536w, https:\/\/pluskata.pl\/www\/wp-content\/uploads\/2022\/10\/Wieza-Herculesa-widok-z-gory-2048x1218.jpg 2048w, https:\/\/pluskata.pl\/www\/wp-content\/uploads\/2022\/10\/Wieza-Herculesa-widok-z-gory-150x89.jpg 150w\" sizes=\"auto, (max-width: 300px) 100vw, 300px\" \/><\/a> <a href=\"https:\/\/pluskata.pl\/www\/en\/crusies-2022\/from-coruna-to-lisbon-12-25-09-2022\/a-coruna-widok-z-gory-2\/\"><img loading=\"lazy\" decoding=\"async\" class=\"alignnone wp-image-3100 size-medium\" src=\"https:\/\/pluskata.pl\/www\/wp-content\/uploads\/2022\/10\/A-Coruna-widok-z-gory-300x200.jpg\" alt=\"A Coruna view from top\" width=\"300\" height=\"200\" srcset=\"https:\/\/pluskata.pl\/www\/wp-content\/uploads\/2022\/10\/A-Coruna-widok-z-gory-300x200.jpg 300w, https:\/\/pluskata.pl\/www\/wp-content\/uploads\/2022\/10\/A-Coruna-widok-z-gory-1024x683.jpg 1024w, https:\/\/pluskata.pl\/www\/wp-content\/uploads\/2022\/10\/A-Coruna-widok-z-gory-768x512.jpg 768w, https:\/\/pluskata.pl\/www\/wp-content\/uploads\/2022\/10\/A-Coruna-widok-z-gory-1536x1024.jpg 1536w, https:\/\/pluskata.pl\/www\/wp-content\/uploads\/2022\/10\/A-Coruna-widok-z-gory-2048x1365.jpg 2048w, https:\/\/pluskata.pl\/www\/wp-content\/uploads\/2022\/10\/A-Coruna-widok-z-gory-150x100.jpg 150w\" sizes=\"auto, (max-width: 300px) 100vw, 300px\" \/><\/a> <a href=\"https:\/\/pluskata.pl\/www\/en\/crusies-2022\/from-coruna-to-lisbon-12-25-09-2022\/a-coruna-megality-2\/\"><img loading=\"lazy\" decoding=\"async\" class=\"alignnone wp-image-3101 size-medium\" src=\"https:\/\/pluskata.pl\/www\/wp-content\/uploads\/2022\/10\/A-Coruna-megality-300x200.jpg\" alt=\"A Coruna megaliths\" width=\"300\" height=\"200\" srcset=\"https:\/\/pluskata.pl\/www\/wp-content\/uploads\/2022\/10\/A-Coruna-megality-300x200.jpg 300w, https:\/\/pluskata.pl\/www\/wp-content\/uploads\/2022\/10\/A-Coruna-megality-1024x682.jpg 1024w, https:\/\/pluskata.pl\/www\/wp-content\/uploads\/2022\/10\/A-Coruna-megality-768x512.jpg 768w, https:\/\/pluskata.pl\/www\/wp-content\/uploads\/2022\/10\/A-Coruna-megality-1536x1023.jpg 1536w, https:\/\/pluskata.pl\/www\/wp-content\/uploads\/2022\/10\/A-Coruna-megality-2048x1364.jpg 2048w, https:\/\/pluskata.pl\/www\/wp-content\/uploads\/2022\/10\/A-Coruna-megality-150x100.jpg 150w\" sizes=\"auto, (max-width: 300px) 100vw, 300px\" \/><\/a> <a href=\"https:\/\/pluskata.pl\/www\/en\/crusies-2022\/from-coruna-to-lisbon-12-25-09-2022\/a-coruna-fontanna-3-2\/\"><img loading=\"lazy\" decoding=\"async\" class=\"alignnone wp-image-3102 size-medium\" src=\"https:\/\/pluskata.pl\/www\/wp-content\/uploads\/2022\/10\/A-Coruna-Fontanna-300x199.jpg\" alt=\"A Coruna fountain\" width=\"300\" height=\"199\" srcset=\"https:\/\/pluskata.pl\/www\/wp-content\/uploads\/2022\/10\/A-Coruna-Fontanna-300x199.jpg 300w, https:\/\/pluskata.pl\/www\/wp-content\/uploads\/2022\/10\/A-Coruna-Fontanna-1024x681.jpg 1024w, https:\/\/pluskata.pl\/www\/wp-content\/uploads\/2022\/10\/A-Coruna-Fontanna-768x511.jpg 768w, https:\/\/pluskata.pl\/www\/wp-content\/uploads\/2022\/10\/A-Coruna-Fontanna-1536x1021.jpg 1536w, https:\/\/pluskata.pl\/www\/wp-content\/uploads\/2022\/10\/A-Coruna-Fontanna-2048x1362.jpg 2048w, https:\/\/pluskata.pl\/www\/wp-content\/uploads\/2022\/10\/A-Coruna-Fontanna-150x100.jpg 150w\" sizes=\"auto, (max-width: 300px) 100vw, 300px\" \/><\/a><\/p>\n<p>We stay on the yacht, read and chat. In the afternoon the crew returns to the yacht (unfortunately they come back in the rain, so we have dinner on the yacht). After lunch, we go on to replenish our purchases (another break in the rain). In the evening, a boat trip to the bathroom (you can go to the bathroom by boat or walk through the entire port)<\/p>\n<p><strong>\u00a013-09- 2022 Tuesday to Muxi<\/strong><br \/>\nWe set sail at 8 am, we have breakfast already at sea.<\/p>\n<p><a href=\"https:\/\/pluskata.pl\/www\/en\/crusies-2022\/from-coruna-to-lisbon-12-25-09-2022\/wieza-herculesa-i-tecza-2\/\"><img loading=\"lazy\" decoding=\"async\" class=\"alignnone wp-image-3103 size-medium\" src=\"https:\/\/pluskata.pl\/www\/wp-content\/uploads\/2022\/10\/Wieza-Herculesa-i-tecza-300x216.jpg\" alt=\"Hercules tower and rainbow\" width=\"300\" height=\"216\" \/><\/a> <a href=\"https:\/\/pluskata.pl\/www\/en\/crusies-2022\/from-coruna-to-lisbon-12-25-09-2022\/kuter-2\/\"><img loading=\"lazy\" decoding=\"async\" class=\"alignnone wp-image-3104 size-medium\" src=\"https:\/\/pluskata.pl\/www\/wp-content\/uploads\/2022\/10\/Kuter-300x200.jpg\" alt=\"The cutter\" width=\"300\" height=\"200\" srcset=\"https:\/\/pluskata.pl\/www\/wp-content\/uploads\/2022\/10\/Kuter-300x200.jpg 300w, https:\/\/pluskata.pl\/www\/wp-content\/uploads\/2022\/10\/Kuter-1024x683.jpg 1024w, https:\/\/pluskata.pl\/www\/wp-content\/uploads\/2022\/10\/Kuter-768x512.jpg 768w, https:\/\/pluskata.pl\/www\/wp-content\/uploads\/2022\/10\/Kuter-1536x1024.jpg 1536w, https:\/\/pluskata.pl\/www\/wp-content\/uploads\/2022\/10\/Kuter-2048x1365.jpg 2048w, https:\/\/pluskata.pl\/www\/wp-content\/uploads\/2022\/10\/Kuter-150x100.jpg 150w\" sizes=\"auto, (max-width: 300px) 100vw, 300px\" \/><\/a> <a href=\"https:\/\/pluskata.pl\/www\/en\/crusies-2022\/from-coruna-to-lisbon-12-25-09-2022\/do-muxi-2\/\"><img loading=\"lazy\" decoding=\"async\" class=\"alignnone wp-image-3105 size-medium\" src=\"https:\/\/pluskata.pl\/www\/wp-content\/uploads\/2022\/10\/Do-Muxi-300x200.jpg\" alt=\"To Muxia\" width=\"300\" height=\"200\" srcset=\"https:\/\/pluskata.pl\/www\/wp-content\/uploads\/2022\/10\/Do-Muxi-300x200.jpg 300w, https:\/\/pluskata.pl\/www\/wp-content\/uploads\/2022\/10\/Do-Muxi-1024x683.jpg 1024w, https:\/\/pluskata.pl\/www\/wp-content\/uploads\/2022\/10\/Do-Muxi-768x512.jpg 768w, https:\/\/pluskata.pl\/www\/wp-content\/uploads\/2022\/10\/Do-Muxi-1536x1024.jpg 1536w, https:\/\/pluskata.pl\/www\/wp-content\/uploads\/2022\/10\/Do-Muxi-2048x1365.jpg 2048w, https:\/\/pluskata.pl\/www\/wp-content\/uploads\/2022\/10\/Do-Muxi-150x100.jpg 150w\" sizes=\"auto, (max-width: 300px) 100vw, 300px\" \/><\/a><\/p>\n<p>It blows average temporarily, so we sail a bit on the engine and a bit on sails. For now, there is a rest, so we are sailing on the genoa itself. Around noon, the wind weakens so we add the mainsail. After 3 p.m. the wind turns up and increases to 5-6B, so we change the genoa for a seal and reduce the mainsail. The kids behave brilliantly &#8211; they don&#8217;t whine, they curl up next to the capstans on the superstructure and as if they weren&#8217;t there. When we go around the bend, the wind increases to 7B, so we add the engine to the sails and sail a bit sharper. We choose the Muxia marina, it is better protected from the waves. We enter it at 19.<\/p>\n<p><a href=\"https:\/\/pluskata.pl\/www\/en\/crusies-2022\/from-coruna-to-lisbon-12-25-09-2022\/muxia-ulica-2\/\"><img loading=\"lazy\" decoding=\"async\" class=\"alignnone wp-image-3110 size-medium\" src=\"https:\/\/pluskata.pl\/www\/wp-content\/uploads\/2022\/10\/Muxia-ulica-300x200.jpg\" alt=\"Muxia street\" width=\"300\" height=\"200\" srcset=\"https:\/\/pluskata.pl\/www\/wp-content\/uploads\/2022\/10\/Muxia-ulica-300x200.jpg 300w, https:\/\/pluskata.pl\/www\/wp-content\/uploads\/2022\/10\/Muxia-ulica-1024x683.jpg 1024w, https:\/\/pluskata.pl\/www\/wp-content\/uploads\/2022\/10\/Muxia-ulica-768x512.jpg 768w, https:\/\/pluskata.pl\/www\/wp-content\/uploads\/2022\/10\/Muxia-ulica-1536x1024.jpg 1536w, https:\/\/pluskata.pl\/www\/wp-content\/uploads\/2022\/10\/Muxia-ulica-2048x1365.jpg 2048w, https:\/\/pluskata.pl\/www\/wp-content\/uploads\/2022\/10\/Muxia-ulica-150x100.jpg 150w\" sizes=\"auto, (max-width: 300px) 100vw, 300px\" \/><\/a> <a href=\"https:\/\/pluskata.pl\/www\/en\/crusies-2022\/from-coruna-to-lisbon-12-25-09-2022\/muxia-zachod-slonca-2\/\"><img loading=\"lazy\" decoding=\"async\" class=\"alignnone wp-image-3112 size-medium\" src=\"https:\/\/pluskata.pl\/www\/wp-content\/uploads\/2022\/10\/Muxia-zachod-slonca-300x200.jpg\" alt=\"Muxia sunset\" width=\"300\" height=\"200\" srcset=\"https:\/\/pluskata.pl\/www\/wp-content\/uploads\/2022\/10\/Muxia-zachod-slonca-300x200.jpg 300w, https:\/\/pluskata.pl\/www\/wp-content\/uploads\/2022\/10\/Muxia-zachod-slonca-1024x683.jpg 1024w, https:\/\/pluskata.pl\/www\/wp-content\/uploads\/2022\/10\/Muxia-zachod-slonca-768x513.jpg 768w, https:\/\/pluskata.pl\/www\/wp-content\/uploads\/2022\/10\/Muxia-zachod-slonca-1536x1025.jpg 1536w, https:\/\/pluskata.pl\/www\/wp-content\/uploads\/2022\/10\/Muxia-zachod-slonca-2048x1367.jpg 2048w, https:\/\/pluskata.pl\/www\/wp-content\/uploads\/2022\/10\/Muxia-zachod-slonca-150x100.jpg 150w\" sizes=\"auto, (max-width: 300px) 100vw, 300px\" \/><\/a><br \/>\nAfter a late lunch we go sightseeing the city. There is a church from the 17th century, unfortunately closed at this time, and a fragment of the path of Saint James&#8217; pilgrimage to Santiago de Compostello. When we return to the city, it starts to rain, so Marta, Marcin and the children return to the yacht, and we go to a pub near the port. At around 23 we are returning to the yacht &#8211; the children are asleep.<\/p>\n<p><strong>14-09-2022 Wednesday Muxia<\/strong><br \/>\nThe forecast is poor &#8211; 7B is to blow and it is to rain so we decide to stay one more day in Muxi.<\/p>\n<p><a href=\"https:\/\/pluskata.pl\/www\/en\/crusies-2022\/from-coruna-to-lisbon-12-25-09-2022\/muxia-kosciol-san-jorge-2\/\"><img loading=\"lazy\" decoding=\"async\" class=\"alignnone wp-image-3106 size-medium\" src=\"https:\/\/pluskata.pl\/www\/wp-content\/uploads\/2022\/10\/Muxia-kosciol-San-Jorge-300x200.jpg\" alt=\"Muxia Church San Jorge\" width=\"300\" height=\"200\" srcset=\"https:\/\/pluskata.pl\/www\/wp-content\/uploads\/2022\/10\/Muxia-kosciol-San-Jorge-300x200.jpg 300w, https:\/\/pluskata.pl\/www\/wp-content\/uploads\/2022\/10\/Muxia-kosciol-San-Jorge-1024x683.jpg 1024w, https:\/\/pluskata.pl\/www\/wp-content\/uploads\/2022\/10\/Muxia-kosciol-San-Jorge-768x512.jpg 768w, https:\/\/pluskata.pl\/www\/wp-content\/uploads\/2022\/10\/Muxia-kosciol-San-Jorge-1536x1024.jpg 1536w, https:\/\/pluskata.pl\/www\/wp-content\/uploads\/2022\/10\/Muxia-kosciol-San-Jorge-2048x1365.jpg 2048w, https:\/\/pluskata.pl\/www\/wp-content\/uploads\/2022\/10\/Muxia-kosciol-San-Jorge-150x100.jpg 150w\" sizes=\"auto, (max-width: 300px) 100vw, 300px\" \/><\/a> <a href=\"https:\/\/pluskata.pl\/www\/en\/crusies-2022\/from-coruna-to-lisbon-12-25-09-2022\/muxia-fale-2\/\"><img loading=\"lazy\" decoding=\"async\" class=\"alignnone wp-image-3109 size-medium\" src=\"https:\/\/pluskata.pl\/www\/wp-content\/uploads\/2022\/10\/Muxia-fale-300x234.jpg\" alt=\"Muxia wafes\" width=\"300\" height=\"234\" srcset=\"https:\/\/pluskata.pl\/www\/wp-content\/uploads\/2022\/10\/Muxia-fale-300x234.jpg 300w, https:\/\/pluskata.pl\/www\/wp-content\/uploads\/2022\/10\/Muxia-fale-1024x797.jpg 1024w, https:\/\/pluskata.pl\/www\/wp-content\/uploads\/2022\/10\/Muxia-fale-768x598.jpg 768w, https:\/\/pluskata.pl\/www\/wp-content\/uploads\/2022\/10\/Muxia-fale-1536x1196.jpg 1536w, https:\/\/pluskata.pl\/www\/wp-content\/uploads\/2022\/10\/Muxia-fale-2048x1595.jpg 2048w, https:\/\/pluskata.pl\/www\/wp-content\/uploads\/2022\/10\/Muxia-fale-150x117.jpg 150w\" sizes=\"auto, (max-width: 300px) 100vw, 300px\" \/><\/a> <a href=\"https:\/\/pluskata.pl\/www\/en\/crusies-2022\/from-coruna-to-lisbon-12-25-09-2022\/muxia-dzwonnica-2\/\"><img loading=\"lazy\" decoding=\"async\" class=\"alignnone wp-image-3108 size-medium\" src=\"https:\/\/pluskata.pl\/www\/wp-content\/uploads\/2022\/10\/Muxia-dzwonnica-300x200.jpg\" alt=\"Muxia belfry\" width=\"300\" height=\"200\" srcset=\"https:\/\/pluskata.pl\/www\/wp-content\/uploads\/2022\/10\/Muxia-dzwonnica-300x200.jpg 300w, https:\/\/pluskata.pl\/www\/wp-content\/uploads\/2022\/10\/Muxia-dzwonnica-1024x683.jpg 1024w\" sizes=\"auto, (max-width: 300px) 100vw, 300px\" \/><\/a> <a href=\"https:\/\/pluskata.pl\/www\/en\/crusies-2022\/from-coruna-to-lisbon-12-25-09-2022\/muxia-droga-sw-jakuba-2\/\"><img loading=\"lazy\" decoding=\"async\" class=\"alignnone wp-image-3107 size-medium\" src=\"https:\/\/pluskata.pl\/www\/wp-content\/uploads\/2022\/10\/Muxia-droga-sw-Jakuba-300x200.jpg\" alt=\"Muxia the way of St. James\" width=\"300\" height=\"200\" srcset=\"https:\/\/pluskata.pl\/www\/wp-content\/uploads\/2022\/10\/Muxia-droga-sw-Jakuba-300x200.jpg 300w, https:\/\/pluskata.pl\/www\/wp-content\/uploads\/2022\/10\/Muxia-droga-sw-Jakuba-1024x683.jpg 1024w, https:\/\/pluskata.pl\/www\/wp-content\/uploads\/2022\/10\/Muxia-droga-sw-Jakuba-768x512.jpg 768w, https:\/\/pluskata.pl\/www\/wp-content\/uploads\/2022\/10\/Muxia-droga-sw-Jakuba-1536x1024.jpg 1536w, https:\/\/pluskata.pl\/www\/wp-content\/uploads\/2022\/10\/Muxia-droga-sw-Jakuba-2048x1365.jpg 2048w, https:\/\/pluskata.pl\/www\/wp-content\/uploads\/2022\/10\/Muxia-droga-sw-Jakuba-150x100.jpg 150w\" sizes=\"auto, (max-width: 300px) 100vw, 300px\" \/><\/a><\/p>\n<p>After breakfast and the shower trip, we go to the city, go up again (this time too light) and return to dinner. We go back to the yacht and sing songs in the evening &#8211; we stay up late.<\/p>\n<p><strong>15-09-2022 Thursday Muros<\/strong><\/p>\n<p><a href=\"https:\/\/pluskata.pl\/www\/en\/crusies-2022\/from-coruna-to-lisbon-12-25-09-2022\/delfin-muxia-2\/\"><img loading=\"lazy\" decoding=\"async\" class=\"alignnone wp-image-3113 size-medium\" src=\"https:\/\/pluskata.pl\/www\/wp-content\/uploads\/2022\/10\/Delfin-Muxia-300x200.jpg\" alt=\"Dolphin Muxia\" width=\"300\" height=\"200\" srcset=\"https:\/\/pluskata.pl\/www\/wp-content\/uploads\/2022\/10\/Delfin-Muxia-300x200.jpg 300w, https:\/\/pluskata.pl\/www\/wp-content\/uploads\/2022\/10\/Delfin-Muxia-1024x682.jpg 1024w, https:\/\/pluskata.pl\/www\/wp-content\/uploads\/2022\/10\/Delfin-Muxia-768x512.jpg 768w, https:\/\/pluskata.pl\/www\/wp-content\/uploads\/2022\/10\/Delfin-Muxia-1536x1023.jpg 1536w, https:\/\/pluskata.pl\/www\/wp-content\/uploads\/2022\/10\/Delfin-Muxia-2048x1364.jpg 2048w, https:\/\/pluskata.pl\/www\/wp-content\/uploads\/2022\/10\/Delfin-Muxia-150x100.jpg 150w\" sizes=\"auto, (max-width: 300px) 100vw, 300px\" \/><\/a><br \/>\nWe leave at 8:15 when it gets light. It blows quite nicely from the stern so we put the genoa and the seal on the butterfly. We arrive at Muros at 6pm, we still have to fix our moorings in a traditional way and we go out to the city (the kids go to the beach and we go to the shops).<\/p>\n<p><a href=\"https:\/\/pluskata.pl\/www\/en\/crusies-2022\/from-coruna-to-lisbon-12-25-09-2022\/muros-targ-2\/\"><img loading=\"lazy\" decoding=\"async\" class=\"alignnone wp-image-3114 size-medium\" src=\"https:\/\/pluskata.pl\/www\/wp-content\/uploads\/2022\/10\/Muros-targ-300x200.jpg\" alt=\"Muros market\" width=\"300\" height=\"200\" srcset=\"https:\/\/pluskata.pl\/www\/wp-content\/uploads\/2022\/10\/Muros-targ-300x200.jpg 300w, https:\/\/pluskata.pl\/www\/wp-content\/uploads\/2022\/10\/Muros-targ-1024x683.jpg 1024w, https:\/\/pluskata.pl\/www\/wp-content\/uploads\/2022\/10\/Muros-targ-768x512.jpg 768w\" sizes=\"auto, (max-width: 300px) 100vw, 300px\" \/><\/a> <a href=\"https:\/\/pluskata.pl\/www\/en\/crusies-2022\/from-coruna-to-lisbon-12-25-09-2022\/muros-schody-2\/\"><img loading=\"lazy\" decoding=\"async\" class=\"alignnone wp-image-3115 size-medium\" src=\"https:\/\/pluskata.pl\/www\/wp-content\/uploads\/2022\/10\/Muros-schody-300x200.jpg\" alt=\"Muros steps\" width=\"300\" height=\"200\" srcset=\"https:\/\/pluskata.pl\/www\/wp-content\/uploads\/2022\/10\/Muros-schody-300x200.jpg 300w, https:\/\/pluskata.pl\/www\/wp-content\/uploads\/2022\/10\/Muros-schody-1024x683.jpg 1024w, https:\/\/pluskata.pl\/www\/wp-content\/uploads\/2022\/10\/Muros-schody-768x512.jpg 768w, https:\/\/pluskata.pl\/www\/wp-content\/uploads\/2022\/10\/Muros-schody-1536x1024.jpg 1536w, https:\/\/pluskata.pl\/www\/wp-content\/uploads\/2022\/10\/Muros-schody-2048x1365.jpg 2048w, https:\/\/pluskata.pl\/www\/wp-content\/uploads\/2022\/10\/Muros-schody-150x100.jpg 150w\" sizes=\"auto, (max-width: 300px) 100vw, 300px\" \/><\/a> <a href=\"https:\/\/pluskata.pl\/www\/en\/crusies-2022\/from-coruna-to-lisbon-12-25-09-2022\/muros-kamienna-ulica-2\/\"><img loading=\"lazy\" decoding=\"async\" class=\"alignnone wp-image-3116 size-medium\" src=\"https:\/\/pluskata.pl\/www\/wp-content\/uploads\/2022\/10\/Muros-kamienna-ulica-300x200.jpg\" alt=\"Muros stone street\" width=\"300\" height=\"200\" srcset=\"https:\/\/pluskata.pl\/www\/wp-content\/uploads\/2022\/10\/Muros-kamienna-ulica-300x200.jpg 300w, https:\/\/pluskata.pl\/www\/wp-content\/uploads\/2022\/10\/Muros-kamienna-ulica-1024x683.jpg 1024w, https:\/\/pluskata.pl\/www\/wp-content\/uploads\/2022\/10\/Muros-kamienna-ulica-768x512.jpg 768w, https:\/\/pluskata.pl\/www\/wp-content\/uploads\/2022\/10\/Muros-kamienna-ulica-1536x1024.jpg 1536w, https:\/\/pluskata.pl\/www\/wp-content\/uploads\/2022\/10\/Muros-kamienna-ulica-2048x1365.jpg 2048w, https:\/\/pluskata.pl\/www\/wp-content\/uploads\/2022\/10\/Muros-kamienna-ulica-150x100.jpg 150w\" sizes=\"auto, (max-width: 300px) 100vw, 300px\" \/><\/a> <a href=\"https:\/\/pluskata.pl\/www\/en\/crusies-2022\/from-coruna-to-lisbon-12-25-09-2022\/muros-ulica-2\/\"><img loading=\"lazy\" decoding=\"async\" class=\"alignnone wp-image-3117 size-medium\" src=\"https:\/\/pluskata.pl\/www\/wp-content\/uploads\/2022\/10\/Muros-ulica-300x200.jpg\" alt=\"Muros street\" width=\"300\" height=\"200\" \/><\/a> <a href=\"https:\/\/pluskata.pl\/www\/en\/crusies-2022\/from-coruna-to-lisbon-12-25-09-2022\/muros-kosciol-2\/\"><img loading=\"lazy\" decoding=\"async\" class=\"alignnone wp-image-3118 size-medium\" src=\"https:\/\/pluskata.pl\/www\/wp-content\/uploads\/2022\/10\/Muros-kosciol-300x200.jpg\" alt=\"Muros church\" width=\"300\" height=\"200\" srcset=\"https:\/\/pluskata.pl\/www\/wp-content\/uploads\/2022\/10\/Muros-kosciol-300x200.jpg 300w, https:\/\/pluskata.pl\/www\/wp-content\/uploads\/2022\/10\/Muros-kosciol-1024x683.jpg 1024w, https:\/\/pluskata.pl\/www\/wp-content\/uploads\/2022\/10\/Muros-kosciol-768x512.jpg 768w, https:\/\/pluskata.pl\/www\/wp-content\/uploads\/2022\/10\/Muros-kosciol-1536x1024.jpg 1536w, https:\/\/pluskata.pl\/www\/wp-content\/uploads\/2022\/10\/Muros-kosciol-2048x1365.jpg 2048w, https:\/\/pluskata.pl\/www\/wp-content\/uploads\/2022\/10\/Muros-kosciol-150x100.jpg 150w\" sizes=\"auto, (max-width: 300px) 100vw, 300px\" \/><\/a> <a href=\"https:\/\/pluskata.pl\/www\/en\/crusies-2022\/from-coruna-to-lisbon-12-25-09-2022\/muros-domy-2\/\"><img loading=\"lazy\" decoding=\"async\" class=\"alignnone wp-image-3119 size-medium\" src=\"https:\/\/pluskata.pl\/www\/wp-content\/uploads\/2022\/10\/Muros-domy-300x200.jpg\" alt=\"Muros houses\" width=\"300\" height=\"200\" srcset=\"https:\/\/pluskata.pl\/www\/wp-content\/uploads\/2022\/10\/Muros-domy-300x200.jpg 300w, https:\/\/pluskata.pl\/www\/wp-content\/uploads\/2022\/10\/Muros-domy-1024x683.jpg 1024w, https:\/\/pluskata.pl\/www\/wp-content\/uploads\/2022\/10\/Muros-domy-768x512.jpg 768w, https:\/\/pluskata.pl\/www\/wp-content\/uploads\/2022\/10\/Muros-domy-1536x1024.jpg 1536w, https:\/\/pluskata.pl\/www\/wp-content\/uploads\/2022\/10\/Muros-domy-2048x1365.jpg 2048w, https:\/\/pluskata.pl\/www\/wp-content\/uploads\/2022\/10\/Muros-domy-150x100.jpg 150w\" sizes=\"auto, (max-width: 300px) 100vw, 300px\" \/><\/a><\/p>\n<p>When approaching, the boatswain has a grudge that we did not call him through the VHF, but in the end he will forgive us, and when I go to pay, he turns out to be a very nice man. The town is nice, there are a lot of houses for sale, unfortunately often very dilapidated. There are also many chapels and churches (mostly closed). It turns out that there is a Polish yacht in the port, which was attacked by orcs and damaged the rudder blade &#8211; they were towed by the SAR.<\/p>\n<p><strong>16-09-2022 Friday Baiona<\/strong><\/p>\n<p><a href=\"https:\/\/pluskata.pl\/www\/en\/crusies-2022\/from-coruna-to-lisbon-12-25-09-2022\/delfiny-2\/\"><img loading=\"lazy\" decoding=\"async\" class=\"alignnone wp-image-3121 size-medium\" src=\"https:\/\/pluskata.pl\/www\/wp-content\/uploads\/2022\/10\/Delfiny--300x200.jpg\" alt=\"Dolphins\" width=\"300\" height=\"200\" srcset=\"https:\/\/pluskata.pl\/www\/wp-content\/uploads\/2022\/10\/Delfiny--300x200.jpg 300w, https:\/\/pluskata.pl\/www\/wp-content\/uploads\/2022\/10\/Delfiny--1024x681.jpg 1024w, https:\/\/pluskata.pl\/www\/wp-content\/uploads\/2022\/10\/Delfiny--768x511.jpg 768w, https:\/\/pluskata.pl\/www\/wp-content\/uploads\/2022\/10\/Delfiny--1536x1022.jpg 1536w, https:\/\/pluskata.pl\/www\/wp-content\/uploads\/2022\/10\/Delfiny--2048x1363.jpg 2048w, https:\/\/pluskata.pl\/www\/wp-content\/uploads\/2022\/10\/Delfiny--150x100.jpg 150w\" sizes=\"auto, (max-width: 300px) 100vw, 300px\" \/><\/a> <a href=\"https:\/\/pluskata.pl\/www\/en\/crusies-2022\/from-coruna-to-lisbon-12-25-09-2022\/baiona-z-wody-2\/\"><img loading=\"lazy\" decoding=\"async\" class=\"alignnone wp-image-3120 size-medium\" src=\"https:\/\/pluskata.pl\/www\/wp-content\/uploads\/2022\/10\/Baiona-z-wody-300x200.jpg\" alt=\"Baiona view from water\" width=\"300\" height=\"200\" srcset=\"https:\/\/pluskata.pl\/www\/wp-content\/uploads\/2022\/10\/Baiona-z-wody-300x200.jpg 300w, https:\/\/pluskata.pl\/www\/wp-content\/uploads\/2022\/10\/Baiona-z-wody-1024x683.jpg 1024w, https:\/\/pluskata.pl\/www\/wp-content\/uploads\/2022\/10\/Baiona-z-wody-768x512.jpg 768w, https:\/\/pluskata.pl\/www\/wp-content\/uploads\/2022\/10\/Baiona-z-wody-1536x1024.jpg 1536w, https:\/\/pluskata.pl\/www\/wp-content\/uploads\/2022\/10\/Baiona-z-wody-2048x1366.jpg 2048w, https:\/\/pluskata.pl\/www\/wp-content\/uploads\/2022\/10\/Baiona-z-wody-150x100.jpg 150w\" sizes=\"auto, (max-width: 300px) 100vw, 300px\" \/><\/a> <a href=\"https:\/\/pluskata.pl\/www\/en\/crusies-2022\/from-coruna-to-lisbon-12-25-09-2022\/baiona-zamek-z-wody-2\/\"><img loading=\"lazy\" decoding=\"async\" class=\"alignnone wp-image-3122 size-medium\" src=\"https:\/\/pluskata.pl\/www\/wp-content\/uploads\/2022\/10\/Baiona-zamek-z-wody-300x200.jpg\" alt=\"Baiona castle\" width=\"300\" height=\"200\" srcset=\"https:\/\/pluskata.pl\/www\/wp-content\/uploads\/2022\/10\/Baiona-zamek-z-wody-300x200.jpg 300w, https:\/\/pluskata.pl\/www\/wp-content\/uploads\/2022\/10\/Baiona-zamek-z-wody-1024x683.jpg 1024w, https:\/\/pluskata.pl\/www\/wp-content\/uploads\/2022\/10\/Baiona-zamek-z-wody-768x512.jpg 768w, https:\/\/pluskata.pl\/www\/wp-content\/uploads\/2022\/10\/Baiona-zamek-z-wody-1536x1024.jpg 1536w, https:\/\/pluskata.pl\/www\/wp-content\/uploads\/2022\/10\/Baiona-zamek-z-wody-2048x1365.jpg 2048w, https:\/\/pluskata.pl\/www\/wp-content\/uploads\/2022\/10\/Baiona-zamek-z-wody-150x100.jpg 150w\" sizes=\"auto, (max-width: 300px) 100vw, 300px\" \/><\/a><br \/>\nWe depart after breakfast at 8:30. Despite the poor forecast, the wind is quite good so we sail at an average speed of 4.5kn. On channel 16, we hear a coastal station responding to the call for help from the Polish yacht Krystyna, which was attacked by orcs. Approaching Baiona, we see a damaged yacht towed by SAR. Apparently, the orcs damaged their rudder. We reach Baiona just before 7pm, we stop in the club marina by the guest pier. I&#8217;m going to the office to pay. The boss is just leaving, but he is still registering the yacht and collecting the fee. In the evening we go for a walk around the city.<\/p>\n<p><a href=\"https:\/\/pluskata.pl\/www\/en\/crusies-2022\/from-coruna-to-lisbon-12-25-09-2022\/baiona-kosciol-2\/\"><img loading=\"lazy\" decoding=\"async\" class=\"alignnone wp-image-3123\" src=\"https:\/\/pluskata.pl\/www\/wp-content\/uploads\/2022\/10\/Baiona-kosciol.jpg\" alt=\"Baiona church\" width=\"300\" height=\"200\" \/><\/a> <a href=\"https:\/\/pluskata.pl\/www\/en\/crusies-2022\/from-coruna-to-lisbon-12-25-09-2022\/baiona-statek-kolumba-2\/\"><img loading=\"lazy\" decoding=\"async\" class=\"alignnone wp-image-3124 size-medium\" src=\"https:\/\/pluskata.pl\/www\/wp-content\/uploads\/2022\/10\/Baiona-statek-Kolumba-300x200.jpg\" alt=\"Baiona Columb's schip\" width=\"300\" height=\"200\" srcset=\"https:\/\/pluskata.pl\/www\/wp-content\/uploads\/2022\/10\/Baiona-statek-Kolumba-300x200.jpg 300w, https:\/\/pluskata.pl\/www\/wp-content\/uploads\/2022\/10\/Baiona-statek-Kolumba-1024x682.jpg 1024w, https:\/\/pluskata.pl\/www\/wp-content\/uploads\/2022\/10\/Baiona-statek-Kolumba-768x512.jpg 768w, https:\/\/pluskata.pl\/www\/wp-content\/uploads\/2022\/10\/Baiona-statek-Kolumba-1536x1023.jpg 1536w, https:\/\/pluskata.pl\/www\/wp-content\/uploads\/2022\/10\/Baiona-statek-Kolumba-2048x1365.jpg 2048w, https:\/\/pluskata.pl\/www\/wp-content\/uploads\/2022\/10\/Baiona-statek-Kolumba-150x100.jpg 150w\" sizes=\"auto, (max-width: 300px) 100vw, 300px\" \/><\/a> <a href=\"https:\/\/pluskata.pl\/www\/en\/crusies-2022\/from-coruna-to-lisbon-12-25-09-2022\/baiona-zamek-2\/\"><img loading=\"lazy\" decoding=\"async\" class=\"alignnone wp-image-3125 size-medium\" src=\"https:\/\/pluskata.pl\/www\/wp-content\/uploads\/2022\/10\/Baiona-zamek-300x200.jpg\" alt=\"Baiona castle\" width=\"300\" height=\"200\" srcset=\"https:\/\/pluskata.pl\/www\/wp-content\/uploads\/2022\/10\/Baiona-zamek-300x200.jpg 300w, https:\/\/pluskata.pl\/www\/wp-content\/uploads\/2022\/10\/Baiona-zamek-1024x683.jpg 1024w, https:\/\/pluskata.pl\/www\/wp-content\/uploads\/2022\/10\/Baiona-zamek-768x512.jpg 768w, https:\/\/pluskata.pl\/www\/wp-content\/uploads\/2022\/10\/Baiona-zamek-1536x1024.jpg 1536w, https:\/\/pluskata.pl\/www\/wp-content\/uploads\/2022\/10\/Baiona-zamek-2048x1365.jpg 2048w, https:\/\/pluskata.pl\/www\/wp-content\/uploads\/2022\/10\/Baiona-zamek-150x100.jpg 150w\" sizes=\"auto, (max-width: 300px) 100vw, 300px\" \/><\/a> <a href=\"https:\/\/pluskata.pl\/www\/en\/crusies-2022\/from-coruna-to-lisbon-12-25-09-2022\/zachod-slonca-3-2\/\"><img loading=\"lazy\" decoding=\"async\" class=\"alignnone wp-image-3130 size-medium\" src=\"https:\/\/pluskata.pl\/www\/wp-content\/uploads\/2022\/10\/Zachod-slonca-300x200.jpg\" alt=\"Sunset\" width=\"300\" height=\"200\" srcset=\"https:\/\/pluskata.pl\/www\/wp-content\/uploads\/2022\/10\/Zachod-slonca-300x200.jpg 300w, https:\/\/pluskata.pl\/www\/wp-content\/uploads\/2022\/10\/Zachod-slonca-1024x683.jpg 1024w, https:\/\/pluskata.pl\/www\/wp-content\/uploads\/2022\/10\/Zachod-slonca-768x512.jpg 768w, https:\/\/pluskata.pl\/www\/wp-content\/uploads\/2022\/10\/Zachod-slonca-1536x1024.jpg 1536w, https:\/\/pluskata.pl\/www\/wp-content\/uploads\/2022\/10\/Zachod-slonca-2048x1365.jpg 2048w, https:\/\/pluskata.pl\/www\/wp-content\/uploads\/2022\/10\/Zachod-slonca-150x100.jpg 150w\" sizes=\"auto, (max-width: 300px) 100vw, 300px\" \/><\/a><\/p>\n<p><strong>17-09-2022 Saturday Baiona<\/strong><br \/>\nIn the morning we move to another place (the yacht for which this place was reserved comes to our place) and we go sightseeing the peninsula with the castle. We climb the upper walls. There are nice views, inside the walls there is a church, hotel and restaurants where the wedding is taking place.<\/p>\n<p><a href=\"https:\/\/pluskata.pl\/www\/en\/crusies-2022\/from-coruna-to-lisbon-12-25-09-2022\/baiona-zakaz-palenia-2\/\"><img loading=\"lazy\" decoding=\"async\" class=\"alignnone wp-image-3126 size-medium\" src=\"https:\/\/pluskata.pl\/www\/wp-content\/uploads\/2022\/10\/Baiona-zakaz-palenia-300x200.jpg\" alt=\"Baiona no smoking\" width=\"300\" height=\"200\" srcset=\"https:\/\/pluskata.pl\/www\/wp-content\/uploads\/2022\/10\/Baiona-zakaz-palenia-300x200.jpg 300w, https:\/\/pluskata.pl\/www\/wp-content\/uploads\/2022\/10\/Baiona-zakaz-palenia-1024x683.jpg 1024w, https:\/\/pluskata.pl\/www\/wp-content\/uploads\/2022\/10\/Baiona-zakaz-palenia-768x512.jpg 768w, https:\/\/pluskata.pl\/www\/wp-content\/uploads\/2022\/10\/Baiona-zakaz-palenia-1536x1024.jpg 1536w, https:\/\/pluskata.pl\/www\/wp-content\/uploads\/2022\/10\/Baiona-zakaz-palenia-2048x1366.jpg 2048w, https:\/\/pluskata.pl\/www\/wp-content\/uploads\/2022\/10\/Baiona-zakaz-palenia-150x100.jpg 150w\" sizes=\"auto, (max-width: 300px) 100vw, 300px\" \/><\/a> <a href=\"https:\/\/pluskata.pl\/www\/en\/crusies-2022\/from-coruna-to-lisbon-12-25-09-2022\/baiona-widok-z-zamku-2\/\"><img loading=\"lazy\" decoding=\"async\" class=\"alignnone wp-image-3127 size-medium\" src=\"https:\/\/pluskata.pl\/www\/wp-content\/uploads\/2022\/10\/Baiona-widok-z-zamku-300x200.jpg\" alt=\"Baiona view from castle\" width=\"300\" height=\"200\" srcset=\"https:\/\/pluskata.pl\/www\/wp-content\/uploads\/2022\/10\/Baiona-widok-z-zamku-300x200.jpg 300w, https:\/\/pluskata.pl\/www\/wp-content\/uploads\/2022\/10\/Baiona-widok-z-zamku-1024x683.jpg 1024w, https:\/\/pluskata.pl\/www\/wp-content\/uploads\/2022\/10\/Baiona-widok-z-zamku-768x512.jpg 768w, https:\/\/pluskata.pl\/www\/wp-content\/uploads\/2022\/10\/Baiona-widok-z-zamku-1536x1024.jpg 1536w, https:\/\/pluskata.pl\/www\/wp-content\/uploads\/2022\/10\/Baiona-widok-z-zamku-2048x1365.jpg 2048w, https:\/\/pluskata.pl\/www\/wp-content\/uploads\/2022\/10\/Baiona-widok-z-zamku-150x100.jpg 150w\" sizes=\"auto, (max-width: 300px) 100vw, 300px\" \/><\/a> <a href=\"https:\/\/pluskata.pl\/www\/en\/crusies-2022\/from-coruna-to-lisbon-12-25-09-2022\/baiona-znaki-2\/\"><img loading=\"lazy\" decoding=\"async\" class=\"alignnone wp-image-3128 size-medium\" src=\"https:\/\/pluskata.pl\/www\/wp-content\/uploads\/2022\/10\/Baiona-znaki-300x204.jpg\" alt=\"Baiona signs\" width=\"300\" height=\"204\" srcset=\"https:\/\/pluskata.pl\/www\/wp-content\/uploads\/2022\/10\/Baiona-znaki-300x204.jpg 300w, https:\/\/pluskata.pl\/www\/wp-content\/uploads\/2022\/10\/Baiona-znaki-1024x697.jpg 1024w, https:\/\/pluskata.pl\/www\/wp-content\/uploads\/2022\/10\/Baiona-znaki-768x523.jpg 768w, https:\/\/pluskata.pl\/www\/wp-content\/uploads\/2022\/10\/Baiona-znaki-1536x1046.jpg 1536w\" sizes=\"auto, (max-width: 300px) 100vw, 300px\" \/><\/a> <a href=\"https:\/\/pluskata.pl\/www\/en\/crusies-2022\/from-coruna-to-lisbon-12-25-09-2022\/baiona-kapliczki-2\/\"><img loading=\"lazy\" decoding=\"async\" class=\"alignnone wp-image-3129 size-medium\" src=\"https:\/\/pluskata.pl\/www\/wp-content\/uploads\/2022\/10\/Baiona-kapliczki-300x200.jpg\" alt=\"Baiona shrines\" width=\"300\" height=\"200\" srcset=\"https:\/\/pluskata.pl\/www\/wp-content\/uploads\/2022\/10\/Baiona-kapliczki-300x200.jpg 300w, https:\/\/pluskata.pl\/www\/wp-content\/uploads\/2022\/10\/Baiona-kapliczki-1024x682.jpg 1024w, https:\/\/pluskata.pl\/www\/wp-content\/uploads\/2022\/10\/Baiona-kapliczki-768x512.jpg 768w, https:\/\/pluskata.pl\/www\/wp-content\/uploads\/2022\/10\/Baiona-kapliczki-1536x1023.jpg 1536w, https:\/\/pluskata.pl\/www\/wp-content\/uploads\/2022\/10\/Baiona-kapliczki-2048x1365.jpg 2048w, https:\/\/pluskata.pl\/www\/wp-content\/uploads\/2022\/10\/Baiona-kapliczki-150x100.jpg 150w\" sizes=\"auto, (max-width: 300px) 100vw, 300px\" \/><\/a><br \/>\nWe go back to the yacht for dinner and at 6 p.m. we go out to sea.<\/p>\n<p><strong>18-09-2022 Sunday Porto<\/strong><br \/>\nIt blows differently at night, so we sail a little and a little on the engine. We enter the Douro marina before 12 noon. It&#8217;s warm and sunny. There is a nice lady in the marina office who tells you what to see in the city and offers to call taxis for us when they want to go to the city. The platforms and toilets are opened with a card &#8211; you can take as many cards as you want &#8211; I take 4 pcs. After lunch, we take two taxis to the old town.<\/p>\n<p><a href=\"https:\/\/pluskata.pl\/www\/en\/crusies-2022\/from-coruna-to-lisbon-12-25-09-2022\/porto-rzeka-2\/\"><img loading=\"lazy\" decoding=\"async\" class=\"alignnone wp-image-3131 size-medium\" src=\"https:\/\/pluskata.pl\/www\/wp-content\/uploads\/2022\/10\/Porto-rzeka-300x200.jpg\" alt=\"Porto river\" width=\"300\" height=\"200\" srcset=\"https:\/\/pluskata.pl\/www\/wp-content\/uploads\/2022\/10\/Porto-rzeka-300x200.jpg 300w, https:\/\/pluskata.pl\/www\/wp-content\/uploads\/2022\/10\/Porto-rzeka-1024x683.jpg 1024w, https:\/\/pluskata.pl\/www\/wp-content\/uploads\/2022\/10\/Porto-rzeka-768x512.jpg 768w, https:\/\/pluskata.pl\/www\/wp-content\/uploads\/2022\/10\/Porto-rzeka-1536x1025.jpg 1536w\" sizes=\"auto, (max-width: 300px) 100vw, 300px\" \/><\/a> <a href=\"https:\/\/pluskata.pl\/www\/en\/crusies-2022\/from-coruna-to-lisbon-12-25-09-2022\/porto-dom-z-mozaikami-2\/\"><img loading=\"lazy\" decoding=\"async\" class=\"alignnone wp-image-3132 size-medium\" src=\"https:\/\/pluskata.pl\/www\/wp-content\/uploads\/2022\/10\/Porto-dom-z-mozaikami-300x200.jpg\" alt=\"Porto house with mosaics\" width=\"300\" height=\"200\" srcset=\"https:\/\/pluskata.pl\/www\/wp-content\/uploads\/2022\/10\/Porto-dom-z-mozaikami-300x200.jpg 300w, https:\/\/pluskata.pl\/www\/wp-content\/uploads\/2022\/10\/Porto-dom-z-mozaikami-1024x683.jpg 1024w, https:\/\/pluskata.pl\/www\/wp-content\/uploads\/2022\/10\/Porto-dom-z-mozaikami-768x512.jpg 768w, https:\/\/pluskata.pl\/www\/wp-content\/uploads\/2022\/10\/Porto-dom-z-mozaikami-1536x1024.jpg 1536w, https:\/\/pluskata.pl\/www\/wp-content\/uploads\/2022\/10\/Porto-dom-z-mozaikami-2048x1365.jpg 2048w, https:\/\/pluskata.pl\/www\/wp-content\/uploads\/2022\/10\/Porto-dom-z-mozaikami-150x100.jpg 150w\" sizes=\"auto, (max-width: 300px) 100vw, 300px\" \/><\/a> <a href=\"https:\/\/pluskata.pl\/www\/en\/crusies-2022\/from-coruna-to-lisbon-12-25-09-2022\/porto-most-2\/\"><img loading=\"lazy\" decoding=\"async\" class=\"alignnone wp-image-3133 size-medium\" src=\"https:\/\/pluskata.pl\/www\/wp-content\/uploads\/2022\/10\/Porto-most-300x200.jpg\" alt=\"Porto bridge\" width=\"300\" height=\"200\" srcset=\"https:\/\/pluskata.pl\/www\/wp-content\/uploads\/2022\/10\/Porto-most-300x200.jpg 300w, https:\/\/pluskata.pl\/www\/wp-content\/uploads\/2022\/10\/Porto-most-1024x682.jpg 1024w, https:\/\/pluskata.pl\/www\/wp-content\/uploads\/2022\/10\/Porto-most-768x512.jpg 768w, https:\/\/pluskata.pl\/www\/wp-content\/uploads\/2022\/10\/Porto-most-1536x1023.jpg 1536w, https:\/\/pluskata.pl\/www\/wp-content\/uploads\/2022\/10\/Porto-most-2048x1365.jpg 2048w, https:\/\/pluskata.pl\/www\/wp-content\/uploads\/2022\/10\/Porto-most-150x100.jpg 150w\" sizes=\"auto, (max-width: 300px) 100vw, 300px\" \/><\/a> <a href=\"https:\/\/pluskata.pl\/www\/en\/crusies-2022\/from-coruna-to-lisbon-12-25-09-2022\/porto-ulica-2\/\"><img loading=\"lazy\" decoding=\"async\" class=\"alignnone wp-image-3134 size-medium\" src=\"https:\/\/pluskata.pl\/www\/wp-content\/uploads\/2022\/10\/Porto-ulica-200x300.jpg\" alt=\"Porto street\" width=\"200\" height=\"300\" srcset=\"https:\/\/pluskata.pl\/www\/wp-content\/uploads\/2022\/10\/Porto-ulica-200x300.jpg 200w, https:\/\/pluskata.pl\/www\/wp-content\/uploads\/2022\/10\/Porto-ulica-683x1024.jpg 683w, https:\/\/pluskata.pl\/www\/wp-content\/uploads\/2022\/10\/Porto-ulica-768x1152.jpg 768w, https:\/\/pluskata.pl\/www\/wp-content\/uploads\/2022\/10\/Porto-ulica-scaled.jpg 1707w\" sizes=\"auto, (max-width: 200px) 100vw, 200px\" \/><\/a> <a href=\"https:\/\/pluskata.pl\/www\/en\/crusies-2022\/from-coruna-to-lisbon-12-25-09-2022\/porto-mozaiki-2\/\"><img loading=\"lazy\" decoding=\"async\" class=\"alignnone wp-image-3135 size-medium\" src=\"https:\/\/pluskata.pl\/www\/wp-content\/uploads\/2022\/10\/Porto-mozaiki-300x200.jpg\" alt=\"Porto mosaic\" width=\"300\" height=\"200\" srcset=\"https:\/\/pluskata.pl\/www\/wp-content\/uploads\/2022\/10\/Porto-mozaiki-300x200.jpg 300w, https:\/\/pluskata.pl\/www\/wp-content\/uploads\/2022\/10\/Porto-mozaiki-1024x683.jpg 1024w, https:\/\/pluskata.pl\/www\/wp-content\/uploads\/2022\/10\/Porto-mozaiki-768x512.jpg 768w, https:\/\/pluskata.pl\/www\/wp-content\/uploads\/2022\/10\/Porto-mozaiki-1536x1024.jpg 1536w, https:\/\/pluskata.pl\/www\/wp-content\/uploads\/2022\/10\/Porto-mozaiki-2048x1365.jpg 2048w, https:\/\/pluskata.pl\/www\/wp-content\/uploads\/2022\/10\/Porto-mozaiki-150x100.jpg 150w\" sizes=\"auto, (max-width: 300px) 100vw, 300px\" \/><\/a> <a href=\"https:\/\/pluskata.pl\/www\/en\/crusies-2022\/from-coruna-to-lisbon-12-25-09-2022\/porto-kosciol-2\/\"><img loading=\"lazy\" decoding=\"async\" class=\"alignnone wp-image-3136 size-medium\" src=\"https:\/\/pluskata.pl\/www\/wp-content\/uploads\/2022\/10\/Porto-kosciol-300x200.jpg\" alt=\"Porto church\" width=\"300\" height=\"200\" srcset=\"https:\/\/pluskata.pl\/www\/wp-content\/uploads\/2022\/10\/Porto-kosciol-300x200.jpg 300w, https:\/\/pluskata.pl\/www\/wp-content\/uploads\/2022\/10\/Porto-kosciol-1024x683.jpg 1024w, https:\/\/pluskata.pl\/www\/wp-content\/uploads\/2022\/10\/Porto-kosciol-768x512.jpg 768w, https:\/\/pluskata.pl\/www\/wp-content\/uploads\/2022\/10\/Porto-kosciol-1536x1024.jpg 1536w, https:\/\/pluskata.pl\/www\/wp-content\/uploads\/2022\/10\/Porto-kosciol-2048x1365.jpg 2048w, https:\/\/pluskata.pl\/www\/wp-content\/uploads\/2022\/10\/Porto-kosciol-150x100.jpg 150w\" sizes=\"auto, (max-width: 300px) 100vw, 300px\" \/><\/a> <a href=\"https:\/\/pluskata.pl\/www\/en\/crusies-2022\/from-coruna-to-lisbon-12-25-09-2022\/porto-klasztor-2\/\"><img loading=\"lazy\" decoding=\"async\" class=\"alignnone wp-image-3137 size-medium\" src=\"https:\/\/pluskata.pl\/www\/wp-content\/uploads\/2022\/10\/Porto-klasztor-300x200.jpg\" alt=\"Porto monastery\" width=\"300\" height=\"200\" srcset=\"https:\/\/pluskata.pl\/www\/wp-content\/uploads\/2022\/10\/Porto-klasztor-300x200.jpg 300w, https:\/\/pluskata.pl\/www\/wp-content\/uploads\/2022\/10\/Porto-klasztor-1024x682.jpg 1024w, https:\/\/pluskata.pl\/www\/wp-content\/uploads\/2022\/10\/Porto-klasztor-768x511.jpg 768w, https:\/\/pluskata.pl\/www\/wp-content\/uploads\/2022\/10\/Porto-klasztor-1536x1023.jpg 1536w\" sizes=\"auto, (max-width: 300px) 100vw, 300px\" \/><\/a> <a href=\"https:\/\/pluskata.pl\/www\/en\/crusies-2022\/from-coruna-to-lisbon-12-25-09-2022\/porto-mcdonald-2\/\"><img loading=\"lazy\" decoding=\"async\" class=\"alignnone wp-image-3138 size-medium\" src=\"https:\/\/pluskata.pl\/www\/wp-content\/uploads\/2022\/10\/Porto-McDonald-300x200.jpg\" alt=\"Porto McDonald\" width=\"300\" height=\"200\" srcset=\"https:\/\/pluskata.pl\/www\/wp-content\/uploads\/2022\/10\/Porto-McDonald-300x200.jpg 300w, https:\/\/pluskata.pl\/www\/wp-content\/uploads\/2022\/10\/Porto-McDonald-1024x683.jpg 1024w, https:\/\/pluskata.pl\/www\/wp-content\/uploads\/2022\/10\/Porto-McDonald-768x512.jpg 768w, https:\/\/pluskata.pl\/www\/wp-content\/uploads\/2022\/10\/Porto-McDonald-1536x1024.jpg 1536w, https:\/\/pluskata.pl\/www\/wp-content\/uploads\/2022\/10\/Porto-McDonald-2048x1365.jpg 2048w, https:\/\/pluskata.pl\/www\/wp-content\/uploads\/2022\/10\/Porto-McDonald-150x100.jpg 150w\" sizes=\"auto, (max-width: 300px) 100vw, 300px\" \/><\/a><\/p>\n<p>The city is nice, but largely under renovation. We visit the city, go for ice cream and coffee and finally have lunch &#8211; typical Portuguese food. We go back up the bridge (we walked down in the previous direction). In the evening it turns out that there are no taxis, so we go back on foot. It is only 7km.<\/p>\n<p><a href=\"https:\/\/pluskata.pl\/www\/en\/crusies-2022\/from-coruna-to-lisbon-12-25-09-2022\/porto-noca-2\/\"><img loading=\"lazy\" decoding=\"async\" class=\"alignnone wp-image-3139 size-medium\" src=\"https:\/\/pluskata.pl\/www\/wp-content\/uploads\/2022\/10\/Porto-noca-300x200.jpg\" alt=\"Porto by night\" width=\"300\" height=\"200\" srcset=\"https:\/\/pluskata.pl\/www\/wp-content\/uploads\/2022\/10\/Porto-noca-300x200.jpg 300w, https:\/\/pluskata.pl\/www\/wp-content\/uploads\/2022\/10\/Porto-noca-1024x683.jpg 1024w, https:\/\/pluskata.pl\/www\/wp-content\/uploads\/2022\/10\/Porto-noca-768x512.jpg 768w, https:\/\/pluskata.pl\/www\/wp-content\/uploads\/2022\/10\/Porto-noca-1536x1024.jpg 1536w, https:\/\/pluskata.pl\/www\/wp-content\/uploads\/2022\/10\/Porto-noca-2048x1365.jpg 2048w, https:\/\/pluskata.pl\/www\/wp-content\/uploads\/2022\/10\/Porto-noca-150x100.jpg 150w\" sizes=\"auto, (max-width: 300px) 100vw, 300px\" \/><\/a><br \/>\nWe reach the marina before midnight &#8211; it rains a bit, but fortunately it is not long.<\/p>\n<p><strong>19-09-2022 Monday Porto<\/strong><br \/>\nIn the morning, Tomek and Marcin go shopping and disappear for over 2 hours &#8211; it turns out that there is nothing in the local store, so they go to the market 2 km away and up the hill.<\/p>\n<p><a href=\"https:\/\/pluskata.pl\/www\/en\/crusies-2022\/from-coruna-to-lisbon-12-25-09-2022\/vila-nova-de-gaia-porto-2\/\"><img loading=\"lazy\" decoding=\"async\" class=\"alignnone wp-image-3140 size-medium\" src=\"https:\/\/pluskata.pl\/www\/wp-content\/uploads\/2022\/10\/Vila-Nova-de-Gaia-Porto-300x200.jpg\" alt=\"Vila Nova de Gaia (Porto)\" width=\"300\" height=\"200\" srcset=\"https:\/\/pluskata.pl\/www\/wp-content\/uploads\/2022\/10\/Vila-Nova-de-Gaia-Porto-300x200.jpg 300w, https:\/\/pluskata.pl\/www\/wp-content\/uploads\/2022\/10\/Vila-Nova-de-Gaia-Porto-1024x683.jpg 1024w, https:\/\/pluskata.pl\/www\/wp-content\/uploads\/2022\/10\/Vila-Nova-de-Gaia-Porto-768x512.jpg 768w, https:\/\/pluskata.pl\/www\/wp-content\/uploads\/2022\/10\/Vila-Nova-de-Gaia-Porto-1536x1024.jpg 1536w, https:\/\/pluskata.pl\/www\/wp-content\/uploads\/2022\/10\/Vila-Nova-de-Gaia-Porto-2048x1365.jpg 2048w, https:\/\/pluskata.pl\/www\/wp-content\/uploads\/2022\/10\/Vila-Nova-de-Gaia-Porto-150x100.jpg 150w\" sizes=\"auto, (max-width: 300px) 100vw, 300px\" \/><\/a> <a href=\"https:\/\/pluskata.pl\/www\/en\/crusies-2022\/from-coruna-to-lisbon-12-25-09-2022\/porto-wyjscie-2\/\"><img loading=\"lazy\" decoding=\"async\" class=\"alignnone wp-image-3141 size-medium\" src=\"https:\/\/pluskata.pl\/www\/wp-content\/uploads\/2022\/10\/Porto-wyjscie-300x200.jpg\" alt=\"Porto\" width=\"300\" height=\"200\" srcset=\"https:\/\/pluskata.pl\/www\/wp-content\/uploads\/2022\/10\/Porto-wyjscie-300x200.jpg 300w, https:\/\/pluskata.pl\/www\/wp-content\/uploads\/2022\/10\/Porto-wyjscie-1024x683.jpg 1024w, https:\/\/pluskata.pl\/www\/wp-content\/uploads\/2022\/10\/Porto-wyjscie-768x512.jpg 768w, https:\/\/pluskata.pl\/www\/wp-content\/uploads\/2022\/10\/Porto-wyjscie-1536x1024.jpg 1536w, https:\/\/pluskata.pl\/www\/wp-content\/uploads\/2022\/10\/Porto-wyjscie-2048x1365.jpg 2048w, https:\/\/pluskata.pl\/www\/wp-content\/uploads\/2022\/10\/Porto-wyjscie-150x100.jpg 150w\" sizes=\"auto, (max-width: 300px) 100vw, 300px\" \/><\/a> <a href=\"https:\/\/pluskata.pl\/www\/en\/crusies-2022\/from-coruna-to-lisbon-12-25-09-2022\/zachod-slonca-porto-2\/\"><img loading=\"lazy\" decoding=\"async\" class=\"alignnone wp-image-3142 size-medium\" src=\"https:\/\/pluskata.pl\/www\/wp-content\/uploads\/2022\/10\/Zachod-slonca-Porto-300x200.jpg\" alt=\"Sunset Porto\" width=\"300\" height=\"200\" srcset=\"https:\/\/pluskata.pl\/www\/wp-content\/uploads\/2022\/10\/Zachod-slonca-Porto-300x200.jpg 300w, https:\/\/pluskata.pl\/www\/wp-content\/uploads\/2022\/10\/Zachod-slonca-Porto-1024x682.jpg 1024w, https:\/\/pluskata.pl\/www\/wp-content\/uploads\/2022\/10\/Zachod-slonca-Porto-768x512.jpg 768w, https:\/\/pluskata.pl\/www\/wp-content\/uploads\/2022\/10\/Zachod-slonca-Porto-1536x1023.jpg 1536w, https:\/\/pluskata.pl\/www\/wp-content\/uploads\/2022\/10\/Zachod-slonca-Porto-2048x1364.jpg 2048w, https:\/\/pluskata.pl\/www\/wp-content\/uploads\/2022\/10\/Zachod-slonca-Porto-150x100.jpg 150w\" sizes=\"auto, (max-width: 300px) 100vw, 300px\" \/><\/a><\/p>\n<p>Then the kids go to the beach, and Tom and I go to a nearby town. Coming back, we stop for coffee and ice cream. At 6 p.m. we go out to sea. It is not blowing so we go on the engine all night. In the evening we pass a fish farm where several herds of dolphins are hunting.<\/p>\n<p><strong>20-09-2022 Tuesday Figueria de Foz<\/strong><br \/>\nWe enter the marina at 8 am. The marina office is open from 9am. To get out of the pier, you need to use a chip or a code. Doors to toilets and shower can be opened only use a lozenge. Children with their parents and grandparents go to the beach and we go sightseeing.<\/p>\n<p><a href=\"https:\/\/pluskata.pl\/www\/en\/crusies-2022\/from-coruna-to-lisbon-12-25-09-2022\/figueria-de-foz-wejscie-na-bazar-2\/\"><img loading=\"lazy\" decoding=\"async\" class=\"alignnone wp-image-3143 size-medium\" src=\"https:\/\/pluskata.pl\/www\/wp-content\/uploads\/2022\/10\/Figueria-de-Foz-wejscie-na-bazar-300x200.jpg\" alt=\"Figueria de Foz entrance to the market\" width=\"300\" height=\"200\" srcset=\"https:\/\/pluskata.pl\/www\/wp-content\/uploads\/2022\/10\/Figueria-de-Foz-wejscie-na-bazar-300x200.jpg 300w, https:\/\/pluskata.pl\/www\/wp-content\/uploads\/2022\/10\/Figueria-de-Foz-wejscie-na-bazar-1024x683.jpg 1024w, https:\/\/pluskata.pl\/www\/wp-content\/uploads\/2022\/10\/Figueria-de-Foz-wejscie-na-bazar-768x512.jpg 768w, https:\/\/pluskata.pl\/www\/wp-content\/uploads\/2022\/10\/Figueria-de-Foz-wejscie-na-bazar-1536x1024.jpg 1536w\" sizes=\"auto, (max-width: 300px) 100vw, 300px\" \/><\/a> <a href=\"https:\/\/pluskata.pl\/www\/en\/crusies-2022\/from-coruna-to-lisbon-12-25-09-2022\/figueria-de-foz-bazar-2\/\"><img loading=\"lazy\" decoding=\"async\" class=\"alignnone wp-image-3145 size-medium\" src=\"https:\/\/pluskata.pl\/www\/wp-content\/uploads\/2022\/10\/Figueria-de-Foz-bazar-300x200.jpg\" alt=\"Figueria de Foz market\" width=\"300\" height=\"200\" srcset=\"https:\/\/pluskata.pl\/www\/wp-content\/uploads\/2022\/10\/Figueria-de-Foz-bazar-300x200.jpg 300w, https:\/\/pluskata.pl\/www\/wp-content\/uploads\/2022\/10\/Figueria-de-Foz-bazar-1024x683.jpg 1024w, https:\/\/pluskata.pl\/www\/wp-content\/uploads\/2022\/10\/Figueria-de-Foz-bazar-768x512.jpg 768w, https:\/\/pluskata.pl\/www\/wp-content\/uploads\/2022\/10\/Figueria-de-Foz-bazar-1536x1024.jpg 1536w, https:\/\/pluskata.pl\/www\/wp-content\/uploads\/2022\/10\/Figueria-de-Foz-bazar-2048x1365.jpg 2048w, https:\/\/pluskata.pl\/www\/wp-content\/uploads\/2022\/10\/Figueria-de-Foz-bazar-150x100.jpg 150w\" sizes=\"auto, (max-width: 300px) 100vw, 300px\" \/><\/a> <a href=\"https:\/\/pluskata.pl\/www\/en\/crusies-2022\/from-coruna-to-lisbon-12-25-09-2022\/figueria-de-foz-dom-2\/\"><img loading=\"lazy\" decoding=\"async\" class=\"alignnone wp-image-3144 size-medium\" src=\"https:\/\/pluskata.pl\/www\/wp-content\/uploads\/2022\/10\/Figueria-de-Foz-dom-300x200.jpg\" alt=\"Figueria de Foz house\" width=\"300\" height=\"200\" srcset=\"https:\/\/pluskata.pl\/www\/wp-content\/uploads\/2022\/10\/Figueria-de-Foz-dom-300x200.jpg 300w, https:\/\/pluskata.pl\/www\/wp-content\/uploads\/2022\/10\/Figueria-de-Foz-dom-1024x683.jpg 1024w, https:\/\/pluskata.pl\/www\/wp-content\/uploads\/2022\/10\/Figueria-de-Foz-dom-768x512.jpg 768w, https:\/\/pluskata.pl\/www\/wp-content\/uploads\/2022\/10\/Figueria-de-Foz-dom-1536x1024.jpg 1536w, https:\/\/pluskata.pl\/www\/wp-content\/uploads\/2022\/10\/Figueria-de-Foz-dom-2048x1365.jpg 2048w, https:\/\/pluskata.pl\/www\/wp-content\/uploads\/2022\/10\/Figueria-de-Foz-dom-150x100.jpg 150w\" sizes=\"auto, (max-width: 300px) 100vw, 300px\" \/><\/a> <a href=\"https:\/\/pluskata.pl\/www\/en\/crusies-2022\/from-coruna-to-lisbon-12-25-09-2022\/figueria-de-foz-kawiarnia-2\/\"><img loading=\"lazy\" decoding=\"async\" class=\"alignnone wp-image-3146 size-medium\" src=\"https:\/\/pluskata.pl\/www\/wp-content\/uploads\/2022\/10\/Figueria-de-Foz-kawiarnia-300x200.jpg\" alt=\"Figueria de Foz caffee\" width=\"300\" height=\"200\" srcset=\"https:\/\/pluskata.pl\/www\/wp-content\/uploads\/2022\/10\/Figueria-de-Foz-kawiarnia-300x200.jpg 300w, https:\/\/pluskata.pl\/www\/wp-content\/uploads\/2022\/10\/Figueria-de-Foz-kawiarnia-1024x683.jpg 1024w, https:\/\/pluskata.pl\/www\/wp-content\/uploads\/2022\/10\/Figueria-de-Foz-kawiarnia-768x512.jpg 768w, https:\/\/pluskata.pl\/www\/wp-content\/uploads\/2022\/10\/Figueria-de-Foz-kawiarnia-1536x1024.jpg 1536w, https:\/\/pluskata.pl\/www\/wp-content\/uploads\/2022\/10\/Figueria-de-Foz-kawiarnia-2048x1365.jpg 2048w, https:\/\/pluskata.pl\/www\/wp-content\/uploads\/2022\/10\/Figueria-de-Foz-kawiarnia-150x100.jpg 150w\" sizes=\"auto, (max-width: 300px) 100vw, 300px\" \/><\/a> <a href=\"https:\/\/pluskata.pl\/www\/en\/crusies-2022\/from-coruna-to-lisbon-12-25-09-2022\/figueria-de-foz-zegar-2\/\"><img loading=\"lazy\" decoding=\"async\" class=\"alignnone wp-image-3147 size-medium\" src=\"https:\/\/pluskata.pl\/www\/wp-content\/uploads\/2022\/10\/Figueria-de-Foz-zegar-300x200.jpg\" alt=\"Figueria de Foz clock\" width=\"300\" height=\"200\" srcset=\"https:\/\/pluskata.pl\/www\/wp-content\/uploads\/2022\/10\/Figueria-de-Foz-zegar-300x200.jpg 300w, https:\/\/pluskata.pl\/www\/wp-content\/uploads\/2022\/10\/Figueria-de-Foz-zegar-1024x683.jpg 1024w, https:\/\/pluskata.pl\/www\/wp-content\/uploads\/2022\/10\/Figueria-de-Foz-zegar-768x512.jpg 768w, https:\/\/pluskata.pl\/www\/wp-content\/uploads\/2022\/10\/Figueria-de-Foz-zegar-1536x1024.jpg 1536w, https:\/\/pluskata.pl\/www\/wp-content\/uploads\/2022\/10\/Figueria-de-Foz-zegar-2048x1365.jpg 2048w, https:\/\/pluskata.pl\/www\/wp-content\/uploads\/2022\/10\/Figueria-de-Foz-zegar-150x100.jpg 150w\" sizes=\"auto, (max-width: 300px) 100vw, 300px\" \/><\/a> <a href=\"https:\/\/pluskata.pl\/www\/en\/crusies-2022\/from-coruna-to-lisbon-12-25-09-2022\/figueria-de-foz-plaza-2\/\"><img loading=\"lazy\" decoding=\"async\" class=\"alignnone wp-image-3148 size-medium\" src=\"https:\/\/pluskata.pl\/www\/wp-content\/uploads\/2022\/10\/Figueria-de-Foz-plaza-300x229.jpg\" alt=\"Figueria de Foz beach\" width=\"300\" height=\"229\" srcset=\"https:\/\/pluskata.pl\/www\/wp-content\/uploads\/2022\/10\/Figueria-de-Foz-plaza-300x229.jpg 300w, https:\/\/pluskata.pl\/www\/wp-content\/uploads\/2022\/10\/Figueria-de-Foz-plaza-1024x782.jpg 1024w, https:\/\/pluskata.pl\/www\/wp-content\/uploads\/2022\/10\/Figueria-de-Foz-plaza-768x586.jpg 768w, https:\/\/pluskata.pl\/www\/wp-content\/uploads\/2022\/10\/Figueria-de-Foz-plaza-1536x1173.jpg 1536w, https:\/\/pluskata.pl\/www\/wp-content\/uploads\/2022\/10\/Figueria-de-Foz-plaza-2048x1563.jpg 2048w, https:\/\/pluskata.pl\/www\/wp-content\/uploads\/2022\/10\/Figueria-de-Foz-plaza-150x115.jpg 150w\" sizes=\"auto, (max-width: 300px) 100vw, 300px\" \/><\/a><br \/>\nThere are typical seaside houses, tiled houses, some shops, some pubs. Coming back, we take the ice cream at the port pub. Port tasting in the evening. Then a bath in the shower and Tom gives the pill to open the door (the marina office is open until midnight).<\/p>\n<p><strong>21-09-2022 Wednesday Nazare<\/strong><br \/>\nWe leave at 8 am, breakfast is on the way. It is not blowing so we are riding on the engine. In the second half of the day it starts to blow, so we set the sails &#8211; in total, the balance of sails \/ engine was half and half. We enter the Nazare marina at 4pm. A nice lady from the marina staff shows us the place. The showers are in a container and rather small, but we manage. We eat lunch (carbonara) and after lunch we go sightseeing.<\/p>\n<p><a href=\"https:\/\/pluskata.pl\/www\/en\/crusies-2022\/from-coruna-to-lisbon-12-25-09-2022\/nazare-ryby-2\/\"><img loading=\"lazy\" decoding=\"async\" class=\"alignnone wp-image-3149 size-medium\" src=\"https:\/\/pluskata.pl\/www\/wp-content\/uploads\/2022\/10\/Nazare-ryby-300x200.jpg\" alt=\"Nazare fishes\" width=\"300\" height=\"200\" srcset=\"https:\/\/pluskata.pl\/www\/wp-content\/uploads\/2022\/10\/Nazare-ryby-300x200.jpg 300w, https:\/\/pluskata.pl\/www\/wp-content\/uploads\/2022\/10\/Nazare-ryby-1024x683.jpg 1024w, https:\/\/pluskata.pl\/www\/wp-content\/uploads\/2022\/10\/Nazare-ryby-768x512.jpg 768w, https:\/\/pluskata.pl\/www\/wp-content\/uploads\/2022\/10\/Nazare-ryby-1536x1024.jpg 1536w, https:\/\/pluskata.pl\/www\/wp-content\/uploads\/2022\/10\/Nazare-ryby-2048x1365.jpg 2048w, https:\/\/pluskata.pl\/www\/wp-content\/uploads\/2022\/10\/Nazare-ryby-150x100.jpg 150w\" sizes=\"auto, (max-width: 300px) 100vw, 300px\" \/><\/a> <a href=\"https:\/\/pluskata.pl\/www\/en\/crusies-2022\/from-coruna-to-lisbon-12-25-09-2022\/nazare-chodnik-2\/\"><img loading=\"lazy\" decoding=\"async\" class=\"alignnone wp-image-3150 size-medium\" src=\"https:\/\/pluskata.pl\/www\/wp-content\/uploads\/2022\/10\/Nazare-chodnik-300x200.jpg\" alt=\"Nazare pavement\" width=\"300\" height=\"200\" srcset=\"https:\/\/pluskata.pl\/www\/wp-content\/uploads\/2022\/10\/Nazare-chodnik-300x200.jpg 300w, https:\/\/pluskata.pl\/www\/wp-content\/uploads\/2022\/10\/Nazare-chodnik-1024x683.jpg 1024w, https:\/\/pluskata.pl\/www\/wp-content\/uploads\/2022\/10\/Nazare-chodnik-768x512.jpg 768w, https:\/\/pluskata.pl\/www\/wp-content\/uploads\/2022\/10\/Nazare-chodnik-1536x1024.jpg 1536w\" sizes=\"auto, (max-width: 300px) 100vw, 300px\" \/><\/a> <a href=\"https:\/\/pluskata.pl\/www\/en\/crusies-2022\/from-coruna-to-lisbon-12-25-09-2022\/nazare-domy-2\/\"><img loading=\"lazy\" decoding=\"async\" class=\"alignnone wp-image-3151 size-medium\" src=\"https:\/\/pluskata.pl\/www\/wp-content\/uploads\/2022\/10\/Nazare-domy-300x200.jpg\" alt=\"Nazare houses\" width=\"300\" height=\"200\" srcset=\"https:\/\/pluskata.pl\/www\/wp-content\/uploads\/2022\/10\/Nazare-domy-300x200.jpg 300w, https:\/\/pluskata.pl\/www\/wp-content\/uploads\/2022\/10\/Nazare-domy-1024x683.jpg 1024w, https:\/\/pluskata.pl\/www\/wp-content\/uploads\/2022\/10\/Nazare-domy-768x512.jpg 768w, https:\/\/pluskata.pl\/www\/wp-content\/uploads\/2022\/10\/Nazare-domy-1536x1024.jpg 1536w, https:\/\/pluskata.pl\/www\/wp-content\/uploads\/2022\/10\/Nazare-domy-2048x1365.jpg 2048w, https:\/\/pluskata.pl\/www\/wp-content\/uploads\/2022\/10\/Nazare-domy-150x100.jpg 150w\" sizes=\"auto, (max-width: 300px) 100vw, 300px\" \/><\/a> <a href=\"https:\/\/pluskata.pl\/www\/en\/crusies-2022\/from-coruna-to-lisbon-12-25-09-2022\/nazare-kolejka-2\/\"><img loading=\"lazy\" decoding=\"async\" class=\"alignnone wp-image-3152 size-medium\" src=\"https:\/\/pluskata.pl\/www\/wp-content\/uploads\/2022\/10\/Nazare-kolejka-300x200.jpg\" alt=\"Nazare cable car\" width=\"300\" height=\"200\" srcset=\"https:\/\/pluskata.pl\/www\/wp-content\/uploads\/2022\/10\/Nazare-kolejka-300x200.jpg 300w, https:\/\/pluskata.pl\/www\/wp-content\/uploads\/2022\/10\/Nazare-kolejka-1024x683.jpg 1024w, https:\/\/pluskata.pl\/www\/wp-content\/uploads\/2022\/10\/Nazare-kolejka-768x512.jpg 768w, https:\/\/pluskata.pl\/www\/wp-content\/uploads\/2022\/10\/Nazare-kolejka-1536x1024.jpg 1536w, https:\/\/pluskata.pl\/www\/wp-content\/uploads\/2022\/10\/Nazare-kolejka-2048x1365.jpg 2048w, https:\/\/pluskata.pl\/www\/wp-content\/uploads\/2022\/10\/Nazare-kolejka-150x100.jpg 150w\" sizes=\"auto, (max-width: 300px) 100vw, 300px\" \/><\/a> <a href=\"https:\/\/pluskata.pl\/www\/en\/crusies-2022\/from-coruna-to-lisbon-12-25-09-2022\/nazare-stacja-kolejki-2\/\"><img loading=\"lazy\" decoding=\"async\" class=\"alignnone wp-image-3153 size-medium\" src=\"https:\/\/pluskata.pl\/www\/wp-content\/uploads\/2022\/10\/Nazare-stacja-kolejki-300x200.jpg\" alt=\"Nazare cable car station\" width=\"300\" height=\"200\" srcset=\"https:\/\/pluskata.pl\/www\/wp-content\/uploads\/2022\/10\/Nazare-stacja-kolejki-300x200.jpg 300w, https:\/\/pluskata.pl\/www\/wp-content\/uploads\/2022\/10\/Nazare-stacja-kolejki-1024x683.jpg 1024w, https:\/\/pluskata.pl\/www\/wp-content\/uploads\/2022\/10\/Nazare-stacja-kolejki-768x512.jpg 768w, https:\/\/pluskata.pl\/www\/wp-content\/uploads\/2022\/10\/Nazare-stacja-kolejki-1536x1024.jpg 1536w, https:\/\/pluskata.pl\/www\/wp-content\/uploads\/2022\/10\/Nazare-stacja-kolejki-2048x1365.jpg 2048w, https:\/\/pluskata.pl\/www\/wp-content\/uploads\/2022\/10\/Nazare-stacja-kolejki-150x100.jpg 150w\" sizes=\"auto, (max-width: 300px) 100vw, 300px\" \/><\/a> <a href=\"https:\/\/pluskata.pl\/www\/en\/crusies-2022\/from-coruna-to-lisbon-12-25-09-2022\/nazare-jelonek-2\/\"><img loading=\"lazy\" decoding=\"async\" class=\"alignnone wp-image-3154 size-medium\" src=\"https:\/\/pluskata.pl\/www\/wp-content\/uploads\/2022\/10\/Nazare-jelonek-300x201.jpg\" alt=\"Nazare deer\" width=\"300\" height=\"201\" srcset=\"https:\/\/pluskata.pl\/www\/wp-content\/uploads\/2022\/10\/Nazare-jelonek-300x201.jpg 300w, https:\/\/pluskata.pl\/www\/wp-content\/uploads\/2022\/10\/Nazare-jelonek-1024x687.jpg 1024w, https:\/\/pluskata.pl\/www\/wp-content\/uploads\/2022\/10\/Nazare-jelonek-768x515.jpg 768w, https:\/\/pluskata.pl\/www\/wp-content\/uploads\/2022\/10\/Nazare-jelonek-1536x1030.jpg 1536w, https:\/\/pluskata.pl\/www\/wp-content\/uploads\/2022\/10\/Nazare-jelonek-2048x1374.jpg 2048w, https:\/\/pluskata.pl\/www\/wp-content\/uploads\/2022\/10\/Nazare-jelonek-150x101.jpg 150w\" sizes=\"auto, (max-width: 300px) 100vw, 300px\" \/><\/a><\/p>\n<p>Just before leaving the marina, she asks us to move forward, because the yacht that arrived is standing at the pier with a gas station, and it shouldn&#8217;t. Disel costs \u20ac 1,859 \/ l. We go to the city and take the cable car (4\u20ac both steep) up the cliff. Then we go down to the fort from where you can see the waves and surfers. The whole sea is calm and there are waves of several meters in the bay. After sunset, we return by cable car to the lower town and walk down the small streets to return to the yacht.<\/p>\n<p><strong>22-09-2022 Thursday Peniche<\/strong><br \/>\nIn the morning, Marcin, Rafa\u0142 and Marta go shopping for groceries. After breakfast at 10:45 we leave. It blows poorly, so we turn on the engine.<br \/>\nIn the evening we enter Peniche and stand the longside as the third one from the quay, in front of us there are nice Swedes on the Salsa yacht. They also go to the Canary Islands.<\/p>\n<p><a href=\"https:\/\/pluskata.pl\/www\/en\/crusies-2022\/from-coruna-to-lisbon-12-25-09-2022\/peniche-podejscie-2\/\"><img loading=\"lazy\" decoding=\"async\" class=\"alignnone wp-image-3155 size-medium\" src=\"https:\/\/pluskata.pl\/www\/wp-content\/uploads\/2022\/10\/Peniche-podejscie-300x214.jpg\" alt=\"Peniche entrance\" width=\"300\" height=\"214\" srcset=\"https:\/\/pluskata.pl\/www\/wp-content\/uploads\/2022\/10\/Peniche-podejscie-300x214.jpg 300w, https:\/\/pluskata.pl\/www\/wp-content\/uploads\/2022\/10\/Peniche-podejscie-1024x731.jpg 1024w, https:\/\/pluskata.pl\/www\/wp-content\/uploads\/2022\/10\/Peniche-podejscie-768x549.jpg 768w, https:\/\/pluskata.pl\/www\/wp-content\/uploads\/2022\/10\/Peniche-podejscie-1536x1097.jpg 1536w, https:\/\/pluskata.pl\/www\/wp-content\/uploads\/2022\/10\/Peniche-podejscie-2048x1463.jpg 2048w, https:\/\/pluskata.pl\/www\/wp-content\/uploads\/2022\/10\/Peniche-podejscie-150x107.jpg 150w\" sizes=\"auto, (max-width: 300px) 100vw, 300px\" \/><\/a> <a href=\"https:\/\/pluskata.pl\/www\/en\/crusies-2022\/from-coruna-to-lisbon-12-25-09-2022\/peniche-marina-2\/\"><img loading=\"lazy\" decoding=\"async\" class=\"alignnone wp-image-3156 size-medium\" src=\"https:\/\/pluskata.pl\/www\/wp-content\/uploads\/2022\/10\/Peniche-marina-300x200.jpg\" alt=\"Peniche marina\" width=\"300\" height=\"200\" srcset=\"https:\/\/pluskata.pl\/www\/wp-content\/uploads\/2022\/10\/Peniche-marina-300x200.jpg 300w, https:\/\/pluskata.pl\/www\/wp-content\/uploads\/2022\/10\/Peniche-marina-1024x683.jpg 1024w, https:\/\/pluskata.pl\/www\/wp-content\/uploads\/2022\/10\/Peniche-marina-768x512.jpg 768w, https:\/\/pluskata.pl\/www\/wp-content\/uploads\/2022\/10\/Peniche-marina-1536x1024.jpg 1536w, https:\/\/pluskata.pl\/www\/wp-content\/uploads\/2022\/10\/Peniche-marina-2048x1365.jpg 2048w, https:\/\/pluskata.pl\/www\/wp-content\/uploads\/2022\/10\/Peniche-marina-150x100.jpg 150w\" sizes=\"auto, (max-width: 300px) 100vw, 300px\" \/><\/a> <a href=\"https:\/\/pluskata.pl\/www\/en\/crusies-2022\/from-coruna-to-lisbon-12-25-09-2022\/peniche-2\/\"><img loading=\"lazy\" decoding=\"async\" class=\"alignnone wp-image-3157 size-medium\" src=\"https:\/\/pluskata.pl\/www\/wp-content\/uploads\/2022\/10\/Peniche-300x200.jpg\" alt=\"Peniche\" width=\"300\" height=\"200\" srcset=\"https:\/\/pluskata.pl\/www\/wp-content\/uploads\/2022\/10\/Peniche-300x200.jpg 300w, https:\/\/pluskata.pl\/www\/wp-content\/uploads\/2022\/10\/Peniche-1024x683.jpg 1024w, https:\/\/pluskata.pl\/www\/wp-content\/uploads\/2022\/10\/Peniche-768x512.jpg 768w\" sizes=\"auto, (max-width: 300px) 100vw, 300px\" \/><\/a> <a href=\"https:\/\/pluskata.pl\/www\/en\/crusies-2022\/from-coruna-to-lisbon-12-25-09-2022\/peniche-fontanna-2\/\"><img loading=\"lazy\" decoding=\"async\" class=\"alignnone wp-image-3158 size-medium\" src=\"https:\/\/pluskata.pl\/www\/wp-content\/uploads\/2022\/10\/Peniche-fontanna-300x200.jpg\" alt=\"Peniche fountain\" width=\"300\" height=\"200\" srcset=\"https:\/\/pluskata.pl\/www\/wp-content\/uploads\/2022\/10\/Peniche-fontanna-300x200.jpg 300w, https:\/\/pluskata.pl\/www\/wp-content\/uploads\/2022\/10\/Peniche-fontanna-1024x683.jpg 1024w, https:\/\/pluskata.pl\/www\/wp-content\/uploads\/2022\/10\/Peniche-fontanna-768x512.jpg 768w, https:\/\/pluskata.pl\/www\/wp-content\/uploads\/2022\/10\/Peniche-fontanna-1536x1024.jpg 1536w, https:\/\/pluskata.pl\/www\/wp-content\/uploads\/2022\/10\/Peniche-fontanna-2048x1365.jpg 2048w, https:\/\/pluskata.pl\/www\/wp-content\/uploads\/2022\/10\/Peniche-fontanna-150x100.jpg 150w\" sizes=\"auto, (max-width: 300px) 100vw, 300px\" \/><\/a> <a href=\"https:\/\/pluskata.pl\/www\/en\/crusies-2022\/from-coruna-to-lisbon-12-25-09-2022\/peniche-miasto-2\/\"><img loading=\"lazy\" decoding=\"async\" class=\"alignnone wp-image-3159 size-medium\" src=\"https:\/\/pluskata.pl\/www\/wp-content\/uploads\/2022\/10\/Peniche-miasto-300x200.jpg\" alt=\"Peniche town\" width=\"300\" height=\"200\" srcset=\"https:\/\/pluskata.pl\/www\/wp-content\/uploads\/2022\/10\/Peniche-miasto-300x200.jpg 300w, https:\/\/pluskata.pl\/www\/wp-content\/uploads\/2022\/10\/Peniche-miasto-1024x683.jpg 1024w, https:\/\/pluskata.pl\/www\/wp-content\/uploads\/2022\/10\/Peniche-miasto-768x512.jpg 768w, https:\/\/pluskata.pl\/www\/wp-content\/uploads\/2022\/10\/Peniche-miasto-1536x1024.jpg 1536w, https:\/\/pluskata.pl\/www\/wp-content\/uploads\/2022\/10\/Peniche-miasto-2048x1365.jpg 2048w, https:\/\/pluskata.pl\/www\/wp-content\/uploads\/2022\/10\/Peniche-miasto-150x100.jpg 150w\" sizes=\"auto, (max-width: 300px) 100vw, 300px\" \/><\/a><\/p>\n<p><strong>23-09-2022 Friday Lisbon<\/strong><br \/>\nWe leave at 7 am, like most yachts. It blows quite well, so we decide to go straight to Lisbon, avoiding Cascai. We enter the marina after 7pm, so the office is already closed. We stand by the gas station (other places are reserved). The marina is close to the street, the train and there are planes flying overhead. Full of happiness. We decide to look for another marina.<\/p>\n<p><a href=\"https:\/\/pluskata.pl\/www\/en\/crusies-2022\/from-coruna-to-lisbon-12-25-09-2022\/droga-do-lizbony-2\/\"><img loading=\"lazy\" decoding=\"async\" class=\"alignnone wp-image-3160 size-medium\" src=\"https:\/\/pluskata.pl\/www\/wp-content\/uploads\/2022\/10\/Droga-do-Lizbony-200x300.jpg\" alt=\"To Lisbon\" width=\"200\" height=\"300\" srcset=\"https:\/\/pluskata.pl\/www\/wp-content\/uploads\/2022\/10\/Droga-do-Lizbony-200x300.jpg 200w, https:\/\/pluskata.pl\/www\/wp-content\/uploads\/2022\/10\/Droga-do-Lizbony-683x1024.jpg 683w, https:\/\/pluskata.pl\/www\/wp-content\/uploads\/2022\/10\/Droga-do-Lizbony-768x1152.jpg 768w, https:\/\/pluskata.pl\/www\/wp-content\/uploads\/2022\/10\/Droga-do-Lizbony-1024x1536.jpg 1024w, https:\/\/pluskata.pl\/www\/wp-content\/uploads\/2022\/10\/Droga-do-Lizbony-1365x2048.jpg 1365w, https:\/\/pluskata.pl\/www\/wp-content\/uploads\/2022\/10\/Droga-do-Lizbony-100x150.jpg 100w, https:\/\/pluskata.pl\/www\/wp-content\/uploads\/2022\/10\/Droga-do-Lizbony-scaled.jpg 1707w\" sizes=\"auto, (max-width: 200px) 100vw, 200px\" \/><\/a> <a href=\"https:\/\/pluskata.pl\/www\/en\/crusies-2022\/from-coruna-to-lisbon-12-25-09-2022\/lizbona-wieza-belem-2\/\"><img loading=\"lazy\" decoding=\"async\" class=\"alignnone wp-image-3161 size-medium\" src=\"https:\/\/pluskata.pl\/www\/wp-content\/uploads\/2022\/10\/Lizbona-wieza-Belem-300x200.jpg\" alt=\"Lisbon Belem tower\" width=\"300\" height=\"200\" srcset=\"https:\/\/pluskata.pl\/www\/wp-content\/uploads\/2022\/10\/Lizbona-wieza-Belem-300x200.jpg 300w, https:\/\/pluskata.pl\/www\/wp-content\/uploads\/2022\/10\/Lizbona-wieza-Belem-1024x681.jpg 1024w, https:\/\/pluskata.pl\/www\/wp-content\/uploads\/2022\/10\/Lizbona-wieza-Belem-768x511.jpg 768w, https:\/\/pluskata.pl\/www\/wp-content\/uploads\/2022\/10\/Lizbona-wieza-Belem-1536x1022.jpg 1536w, https:\/\/pluskata.pl\/www\/wp-content\/uploads\/2022\/10\/Lizbona-wieza-Belem-2048x1363.jpg 2048w, https:\/\/pluskata.pl\/www\/wp-content\/uploads\/2022\/10\/Lizbona-wieza-Belem-150x100.jpg 150w\" sizes=\"auto, (max-width: 300px) 100vw, 300px\" \/><\/a> <a href=\"https:\/\/pluskata.pl\/www\/en\/crusies-2022\/from-coruna-to-lisbon-12-25-09-2022\/lizbona-most-2\/\"><img loading=\"lazy\" decoding=\"async\" class=\"alignnone wp-image-3162 size-medium\" src=\"https:\/\/pluskata.pl\/www\/wp-content\/uploads\/2022\/10\/Lizbona-most-300x200.jpg\" alt=\"Lisbon bridge\" width=\"300\" height=\"200\" srcset=\"https:\/\/pluskata.pl\/www\/wp-content\/uploads\/2022\/10\/Lizbona-most-300x200.jpg 300w, https:\/\/pluskata.pl\/www\/wp-content\/uploads\/2022\/10\/Lizbona-most-1024x683.jpg 1024w, https:\/\/pluskata.pl\/www\/wp-content\/uploads\/2022\/10\/Lizbona-most-768x512.jpg 768w, https:\/\/pluskata.pl\/www\/wp-content\/uploads\/2022\/10\/Lizbona-most-1536x1024.jpg 1536w, https:\/\/pluskata.pl\/www\/wp-content\/uploads\/2022\/10\/Lizbona-most-2048x1365.jpg 2048w, https:\/\/pluskata.pl\/www\/wp-content\/uploads\/2022\/10\/Lizbona-most-150x100.jpg 150w\" sizes=\"auto, (max-width: 300px) 100vw, 300px\" \/><\/a> <a href=\"https:\/\/pluskata.pl\/www\/en\/crusies-2022\/from-coruna-to-lisbon-12-25-09-2022\/lizbona-dzwigi-2\/\"><img loading=\"lazy\" decoding=\"async\" class=\"alignnone wp-image-3163 size-medium\" src=\"https:\/\/pluskata.pl\/www\/wp-content\/uploads\/2022\/10\/Lizbona-dzwigi-300x200.jpg\" alt=\"Lisbon cranes\" width=\"300\" height=\"200\" srcset=\"https:\/\/pluskata.pl\/www\/wp-content\/uploads\/2022\/10\/Lizbona-dzwigi-300x200.jpg 300w, https:\/\/pluskata.pl\/www\/wp-content\/uploads\/2022\/10\/Lizbona-dzwigi-1024x683.jpg 1024w, https:\/\/pluskata.pl\/www\/wp-content\/uploads\/2022\/10\/Lizbona-dzwigi-768x512.jpg 768w, https:\/\/pluskata.pl\/www\/wp-content\/uploads\/2022\/10\/Lizbona-dzwigi-1536x1024.jpg 1536w\" sizes=\"auto, (max-width: 300px) 100vw, 300px\" \/><\/a><\/p>\n<p><strong>24-09- 2022 Saturday Lisbon<\/strong><br \/>\nWe go out as soon as it becomes light &#8211; we look for a quieter marina &#8211; we start with the northernmost one. After reaching our yacht, it turns out that there is no room for our yacht and that is the case in other marinas. We finally find a place in marina Alcantara, but only for 1 night. After arriving and embracing the yacht, we go for a walk around Lisbon.<\/p>\n<p><a href=\"https:\/\/pluskata.pl\/www\/en\/crusies-2022\/from-coruna-to-lisbon-12-25-09-2022\/lizbona-widok-z-wody-2\/\"><img loading=\"lazy\" decoding=\"async\" class=\"alignnone wp-image-3164 size-medium\" src=\"https:\/\/pluskata.pl\/www\/wp-content\/uploads\/2022\/10\/Lizbona-widok-z-wody-300x200.jpg\" alt=\"Lisbon view from water\" width=\"300\" height=\"200\" srcset=\"https:\/\/pluskata.pl\/www\/wp-content\/uploads\/2022\/10\/Lizbona-widok-z-wody-300x200.jpg 300w, https:\/\/pluskata.pl\/www\/wp-content\/uploads\/2022\/10\/Lizbona-widok-z-wody-1024x683.jpg 1024w, https:\/\/pluskata.pl\/www\/wp-content\/uploads\/2022\/10\/Lizbona-widok-z-wody-768x512.jpg 768w, https:\/\/pluskata.pl\/www\/wp-content\/uploads\/2022\/10\/Lizbona-widok-z-wody-1536x1024.jpg 1536w, https:\/\/pluskata.pl\/www\/wp-content\/uploads\/2022\/10\/Lizbona-widok-z-wody-2048x1365.jpg 2048w, https:\/\/pluskata.pl\/www\/wp-content\/uploads\/2022\/10\/Lizbona-widok-z-wody-150x100.jpg 150w\" sizes=\"auto, (max-width: 300px) 100vw, 300px\" \/><\/a> <a href=\"https:\/\/pluskata.pl\/www\/en\/crusies-2022\/from-coruna-to-lisbon-12-25-09-2022\/lizbona-palac-z-wody-2\/\"><img loading=\"lazy\" decoding=\"async\" class=\"alignnone wp-image-3165 size-medium\" src=\"https:\/\/pluskata.pl\/www\/wp-content\/uploads\/2022\/10\/Lizbona-palac-z-wody-300x200.jpg\" alt=\"Lisbon palace from the water\" width=\"300\" height=\"200\" srcset=\"https:\/\/pluskata.pl\/www\/wp-content\/uploads\/2022\/10\/Lizbona-palac-z-wody-300x200.jpg 300w, https:\/\/pluskata.pl\/www\/wp-content\/uploads\/2022\/10\/Lizbona-palac-z-wody-1024x682.jpg 1024w, https:\/\/pluskata.pl\/www\/wp-content\/uploads\/2022\/10\/Lizbona-palac-z-wody-768x512.jpg 768w, https:\/\/pluskata.pl\/www\/wp-content\/uploads\/2022\/10\/Lizbona-palac-z-wody-1536x1023.jpg 1536w, https:\/\/pluskata.pl\/www\/wp-content\/uploads\/2022\/10\/Lizbona-palac-z-wody-2048x1364.jpg 2048w, https:\/\/pluskata.pl\/www\/wp-content\/uploads\/2022\/10\/Lizbona-palac-z-wody-150x100.jpg 150w\" sizes=\"auto, (max-width: 300px) 100vw, 300px\" \/><\/a> <a href=\"https:\/\/pluskata.pl\/www\/en\/crusies-2022\/from-coruna-to-lisbon-12-25-09-2022\/lizbona-pomnik-odkrywcow-2\/\"><img loading=\"lazy\" decoding=\"async\" class=\"alignnone wp-image-3166 size-medium\" src=\"https:\/\/pluskata.pl\/www\/wp-content\/uploads\/2022\/10\/Lizbona-pomnik-odkrywcow-300x194.jpg\" alt=\"Lisbon Monument to the Discoverers\" width=\"300\" height=\"194\" srcset=\"https:\/\/pluskata.pl\/www\/wp-content\/uploads\/2022\/10\/Lizbona-pomnik-odkrywcow-300x194.jpg 300w, https:\/\/pluskata.pl\/www\/wp-content\/uploads\/2022\/10\/Lizbona-pomnik-odkrywcow-1024x663.jpg 1024w, https:\/\/pluskata.pl\/www\/wp-content\/uploads\/2022\/10\/Lizbona-pomnik-odkrywcow-768x497.jpg 768w, https:\/\/pluskata.pl\/www\/wp-content\/uploads\/2022\/10\/Lizbona-pomnik-odkrywcow-1536x994.jpg 1536w\" sizes=\"auto, (max-width: 300px) 100vw, 300px\" \/><\/a> <a href=\"https:\/\/pluskata.pl\/www\/en\/crusies-2022\/from-coruna-to-lisbon-12-25-09-2022\/lizbona-teczowa-ulica-2\/\"><img loading=\"lazy\" decoding=\"async\" class=\"alignnone wp-image-3167 size-medium\" src=\"https:\/\/pluskata.pl\/www\/wp-content\/uploads\/2022\/10\/Lizbona-teczowa-ulica-300x200.jpg\" alt=\"Lisbon rainbow street\" width=\"300\" height=\"200\" srcset=\"https:\/\/pluskata.pl\/www\/wp-content\/uploads\/2022\/10\/Lizbona-teczowa-ulica-300x200.jpg 300w, https:\/\/pluskata.pl\/www\/wp-content\/uploads\/2022\/10\/Lizbona-teczowa-ulica-1024x683.jpg 1024w, https:\/\/pluskata.pl\/www\/wp-content\/uploads\/2022\/10\/Lizbona-teczowa-ulica-768x512.jpg 768w, https:\/\/pluskata.pl\/www\/wp-content\/uploads\/2022\/10\/Lizbona-teczowa-ulica-1536x1024.jpg 1536w, https:\/\/pluskata.pl\/www\/wp-content\/uploads\/2022\/10\/Lizbona-teczowa-ulica-2048x1365.jpg 2048w, https:\/\/pluskata.pl\/www\/wp-content\/uploads\/2022\/10\/Lizbona-teczowa-ulica-150x100.jpg 150w\" sizes=\"auto, (max-width: 300px) 100vw, 300px\" \/><\/a> <a href=\"https:\/\/pluskata.pl\/www\/en\/crusies-2022\/from-coruna-to-lisbon-12-25-09-2022\/lizbona-odbicie-2\/\"><img loading=\"lazy\" decoding=\"async\" class=\"alignnone wp-image-3168 size-medium\" src=\"https:\/\/pluskata.pl\/www\/wp-content\/uploads\/2022\/10\/Lizbona-odbicie-300x200.jpg\" alt=\"Lizbona reflection\" width=\"300\" height=\"200\" srcset=\"https:\/\/pluskata.pl\/www\/wp-content\/uploads\/2022\/10\/Lizbona-odbicie-300x200.jpg 300w, https:\/\/pluskata.pl\/www\/wp-content\/uploads\/2022\/10\/Lizbona-odbicie-1024x683.jpg 1024w, https:\/\/pluskata.pl\/www\/wp-content\/uploads\/2022\/10\/Lizbona-odbicie-768x512.jpg 768w, https:\/\/pluskata.pl\/www\/wp-content\/uploads\/2022\/10\/Lizbona-odbicie-1536x1024.jpg 1536w, https:\/\/pluskata.pl\/www\/wp-content\/uploads\/2022\/10\/Lizbona-odbicie-2048x1365.jpg 2048w, https:\/\/pluskata.pl\/www\/wp-content\/uploads\/2022\/10\/Lizbona-odbicie-150x100.jpg 150w\" sizes=\"auto, (max-width: 300px) 100vw, 300px\" \/><\/a> <a href=\"https:\/\/pluskata.pl\/www\/en\/crusies-2022\/from-coruna-to-lisbon-12-25-09-2022\/lizbona-dom-2\/\"><img loading=\"lazy\" decoding=\"async\" class=\"alignnone wp-image-3169 size-medium\" src=\"https:\/\/pluskata.pl\/www\/wp-content\/uploads\/2022\/10\/Lizbona-dom-300x200.jpg\" alt=\"Lizbona house\" width=\"300\" height=\"200\" srcset=\"https:\/\/pluskata.pl\/www\/wp-content\/uploads\/2022\/10\/Lizbona-dom-300x200.jpg 300w, https:\/\/pluskata.pl\/www\/wp-content\/uploads\/2022\/10\/Lizbona-dom-1024x683.jpg 1024w, https:\/\/pluskata.pl\/www\/wp-content\/uploads\/2022\/10\/Lizbona-dom-768x512.jpg 768w, https:\/\/pluskata.pl\/www\/wp-content\/uploads\/2022\/10\/Lizbona-dom-1536x1024.jpg 1536w\" sizes=\"auto, (max-width: 300px) 100vw, 300px\" \/><\/a> <a href=\"https:\/\/pluskata.pl\/www\/en\/crusies-2022\/from-coruna-to-lisbon-12-25-09-2022\/lizbona-maria-i-jozef-2\/\"><img loading=\"lazy\" decoding=\"async\" class=\"alignnone wp-image-3170 size-medium\" src=\"https:\/\/pluskata.pl\/www\/wp-content\/uploads\/2022\/10\/Lizbona-Maria-i-Jozef-300x200.jpg\" alt=\"Lisbon Maria and Joseph\" width=\"300\" height=\"200\" srcset=\"https:\/\/pluskata.pl\/www\/wp-content\/uploads\/2022\/10\/Lizbona-Maria-i-Jozef-300x200.jpg 300w, https:\/\/pluskata.pl\/www\/wp-content\/uploads\/2022\/10\/Lizbona-Maria-i-Jozef-1024x683.jpg 1024w, https:\/\/pluskata.pl\/www\/wp-content\/uploads\/2022\/10\/Lizbona-Maria-i-Jozef-768x512.jpg 768w, https:\/\/pluskata.pl\/www\/wp-content\/uploads\/2022\/10\/Lizbona-Maria-i-Jozef-1536x1024.jpg 1536w, https:\/\/pluskata.pl\/www\/wp-content\/uploads\/2022\/10\/Lizbona-Maria-i-Jozef-2048x1365.jpg 2048w, https:\/\/pluskata.pl\/www\/wp-content\/uploads\/2022\/10\/Lizbona-Maria-i-Jozef-150x100.jpg 150w\" sizes=\"auto, (max-width: 300px) 100vw, 300px\" \/><\/a> <a href=\"https:\/\/pluskata.pl\/www\/en\/crusies-2022\/from-coruna-to-lisbon-12-25-09-2022\/lizbona-tramwaj-28-2\/\"><img loading=\"lazy\" decoding=\"async\" class=\"alignnone wp-image-3171 size-medium\" src=\"https:\/\/pluskata.pl\/www\/wp-content\/uploads\/2022\/10\/Lizbona-tramwaj-28-300x200.jpg\" alt=\"Lisbon tram 28\" width=\"300\" height=\"200\" srcset=\"https:\/\/pluskata.pl\/www\/wp-content\/uploads\/2022\/10\/Lizbona-tramwaj-28-300x200.jpg 300w, https:\/\/pluskata.pl\/www\/wp-content\/uploads\/2022\/10\/Lizbona-tramwaj-28-1024x683.jpg 1024w, https:\/\/pluskata.pl\/www\/wp-content\/uploads\/2022\/10\/Lizbona-tramwaj-28-768x512.jpg 768w, https:\/\/pluskata.pl\/www\/wp-content\/uploads\/2022\/10\/Lizbona-tramwaj-28-1536x1024.jpg 1536w, https:\/\/pluskata.pl\/www\/wp-content\/uploads\/2022\/10\/Lizbona-tramwaj-28-2048x1365.jpg 2048w, https:\/\/pluskata.pl\/www\/wp-content\/uploads\/2022\/10\/Lizbona-tramwaj-28-150x100.jpg 150w\" sizes=\"auto, (max-width: 300px) 100vw, 300px\" \/><\/a><\/p>\n<p><strong>25-09-2022 Sunday Lisbon<\/strong><br \/>\nWe manage to extend the stay for another 2 days, but we have to moor to another position.<br \/>\nAfter mooring and having a second breakfast, we go sightseeing in Lisbon. We buy a daily ticket for 6.45 \u20ac and a card for 0.5 \u20ac. A women met at the metro station helps us buying tickets.<\/p>\n<p><a href=\"https:\/\/pluskata.pl\/www\/en\/crusies-2022\/from-coruna-to-lisbon-12-25-09-2022\/lizbona-pralnia-i-prasowalnia-2\/\"><img loading=\"lazy\" decoding=\"async\" class=\"alignnone wp-image-3172 size-medium\" src=\"https:\/\/pluskata.pl\/www\/wp-content\/uploads\/2022\/10\/Lizbona-pralnia-i-prasowalnia-300x200.jpg\" alt=\"Lisbon laundry and ironing\" width=\"300\" height=\"200\" srcset=\"https:\/\/pluskata.pl\/www\/wp-content\/uploads\/2022\/10\/Lizbona-pralnia-i-prasowalnia-300x200.jpg 300w, https:\/\/pluskata.pl\/www\/wp-content\/uploads\/2022\/10\/Lizbona-pralnia-i-prasowalnia-1024x682.jpg 1024w, https:\/\/pluskata.pl\/www\/wp-content\/uploads\/2022\/10\/Lizbona-pralnia-i-prasowalnia-768x512.jpg 768w, https:\/\/pluskata.pl\/www\/wp-content\/uploads\/2022\/10\/Lizbona-pralnia-i-prasowalnia-1536x1023.jpg 1536w\" sizes=\"auto, (max-width: 300px) 100vw, 300px\" \/><\/a> <a href=\"https:\/\/pluskata.pl\/www\/en\/crusies-2022\/from-coruna-to-lisbon-12-25-09-2022\/lizbona-ulica-2\/\"><img loading=\"lazy\" decoding=\"async\" class=\"alignnone wp-image-3173 size-medium\" src=\"https:\/\/pluskata.pl\/www\/wp-content\/uploads\/2022\/10\/Lizbona-ulica-300x200.jpg\" alt=\"Lisbon street\" width=\"300\" height=\"200\" srcset=\"https:\/\/pluskata.pl\/www\/wp-content\/uploads\/2022\/10\/Lizbona-ulica-300x200.jpg 300w, https:\/\/pluskata.pl\/www\/wp-content\/uploads\/2022\/10\/Lizbona-ulica-1024x683.jpg 1024w, https:\/\/pluskata.pl\/www\/wp-content\/uploads\/2022\/10\/Lizbona-ulica-768x512.jpg 768w, https:\/\/pluskata.pl\/www\/wp-content\/uploads\/2022\/10\/Lizbona-ulica-1536x1024.jpg 1536w, https:\/\/pluskata.pl\/www\/wp-content\/uploads\/2022\/10\/Lizbona-ulica-2048x1365.jpg 2048w, https:\/\/pluskata.pl\/www\/wp-content\/uploads\/2022\/10\/Lizbona-ulica-150x100.jpg 150w\" sizes=\"auto, (max-width: 300px) 100vw, 300px\" \/><\/a> <a href=\"https:\/\/pluskata.pl\/www\/en\/crusies-2022\/from-coruna-to-lisbon-12-25-09-2022\/lizbona-muzyk-2\/\"><img loading=\"lazy\" decoding=\"async\" class=\"alignnone wp-image-3174 size-medium\" src=\"https:\/\/pluskata.pl\/www\/wp-content\/uploads\/2022\/10\/Lizbona-muzyk-300x200.jpg\" alt=\"Lisbon musician\" width=\"300\" height=\"200\" srcset=\"https:\/\/pluskata.pl\/www\/wp-content\/uploads\/2022\/10\/Lizbona-muzyk-300x200.jpg 300w, https:\/\/pluskata.pl\/www\/wp-content\/uploads\/2022\/10\/Lizbona-muzyk-1024x683.jpg 1024w, https:\/\/pluskata.pl\/www\/wp-content\/uploads\/2022\/10\/Lizbona-muzyk-768x512.jpg 768w, https:\/\/pluskata.pl\/www\/wp-content\/uploads\/2022\/10\/Lizbona-muzyk-1536x1024.jpg 1536w, https:\/\/pluskata.pl\/www\/wp-content\/uploads\/2022\/10\/Lizbona-muzyk-2048x1365.jpg 2048w, https:\/\/pluskata.pl\/www\/wp-content\/uploads\/2022\/10\/Lizbona-muzyk-150x100.jpg 150w\" sizes=\"auto, (max-width: 300px) 100vw, 300px\" \/><\/a> <a href=\"https:\/\/pluskata.pl\/www\/en\/crusies-2022\/from-coruna-to-lisbon-12-25-09-2022\/lizbona-mural-2\/\"><img loading=\"lazy\" decoding=\"async\" class=\"alignnone wp-image-3176 size-medium\" src=\"https:\/\/pluskata.pl\/www\/wp-content\/uploads\/2022\/10\/Lizbona-mural-300x200.jpg\" alt=\"Lizbona mural\" width=\"300\" height=\"200\" srcset=\"https:\/\/pluskata.pl\/www\/wp-content\/uploads\/2022\/10\/Lizbona-mural-300x200.jpg 300w, https:\/\/pluskata.pl\/www\/wp-content\/uploads\/2022\/10\/Lizbona-mural-1024x683.jpg 1024w, https:\/\/pluskata.pl\/www\/wp-content\/uploads\/2022\/10\/Lizbona-mural-768x512.jpg 768w, https:\/\/pluskata.pl\/www\/wp-content\/uploads\/2022\/10\/Lizbona-mural-1536x1024.jpg 1536w, https:\/\/pluskata.pl\/www\/wp-content\/uploads\/2022\/10\/Lizbona-mural-2048x1365.jpg 2048w, https:\/\/pluskata.pl\/www\/wp-content\/uploads\/2022\/10\/Lizbona-mural-150x100.jpg 150w\" sizes=\"auto, (max-width: 300px) 100vw, 300px\" \/><\/a> <a href=\"https:\/\/pluskata.pl\/www\/en\/crusies-2022\/from-coruna-to-lisbon-12-25-09-2022\/lizbona-winda-2\/\"><img loading=\"lazy\" decoding=\"async\" class=\"alignnone wp-image-3175 size-medium\" src=\"https:\/\/pluskata.pl\/www\/wp-content\/uploads\/2022\/10\/Lizbona-Winda-300x200.jpg\" alt=\"Lizbona elevator\" width=\"300\" height=\"200\" srcset=\"https:\/\/pluskata.pl\/www\/wp-content\/uploads\/2022\/10\/Lizbona-Winda-300x200.jpg 300w, https:\/\/pluskata.pl\/www\/wp-content\/uploads\/2022\/10\/Lizbona-Winda-1024x683.jpg 1024w, https:\/\/pluskata.pl\/www\/wp-content\/uploads\/2022\/10\/Lizbona-Winda-768x512.jpg 768w, https:\/\/pluskata.pl\/www\/wp-content\/uploads\/2022\/10\/Lizbona-Winda-1536x1024.jpg 1536w, https:\/\/pluskata.pl\/www\/wp-content\/uploads\/2022\/10\/Lizbona-Winda-2048x1365.jpg 2048w, https:\/\/pluskata.pl\/www\/wp-content\/uploads\/2022\/10\/Lizbona-Winda-150x100.jpg 150w\" sizes=\"auto, (max-width: 300px) 100vw, 300px\" \/><\/a> <a href=\"https:\/\/pluskata.pl\/www\/en\/crusies-2022\/from-coruna-to-lisbon-12-25-09-2022\/lizbona-wejscie-do-windy-2\/\"><img loading=\"lazy\" decoding=\"async\" class=\"alignnone wp-image-3177 size-medium\" src=\"https:\/\/pluskata.pl\/www\/wp-content\/uploads\/2022\/10\/Lizbona-wejscie-do-windy-200x300.jpg\" alt=\"Lisbon entrance to the elevator\" width=\"200\" height=\"300\" srcset=\"https:\/\/pluskata.pl\/www\/wp-content\/uploads\/2022\/10\/Lizbona-wejscie-do-windy-200x300.jpg 200w, https:\/\/pluskata.pl\/www\/wp-content\/uploads\/2022\/10\/Lizbona-wejscie-do-windy-683x1024.jpg 683w, https:\/\/pluskata.pl\/www\/wp-content\/uploads\/2022\/10\/Lizbona-wejscie-do-windy-768x1152.jpg 768w, https:\/\/pluskata.pl\/www\/wp-content\/uploads\/2022\/10\/Lizbona-wejscie-do-windy-scaled.jpg 1707w\" sizes=\"auto, (max-width: 200px) 100vw, 200px\" \/><\/a> <a href=\"https:\/\/pluskata.pl\/www\/en\/crusies-2022\/from-coruna-to-lisbon-12-25-09-2022\/lizbona-tramwaj-winda-2\/\"><img loading=\"lazy\" decoding=\"async\" class=\"alignnone wp-image-3179 size-medium\" src=\"https:\/\/pluskata.pl\/www\/wp-content\/uploads\/2022\/10\/Lizbona-tramwaj-winda-300x200.jpg\" alt=\"Lisbon tram-elevator\" width=\"300\" height=\"200\" srcset=\"https:\/\/pluskata.pl\/www\/wp-content\/uploads\/2022\/10\/Lizbona-tramwaj-winda-300x200.jpg 300w, https:\/\/pluskata.pl\/www\/wp-content\/uploads\/2022\/10\/Lizbona-tramwaj-winda-1024x683.jpg 1024w, https:\/\/pluskata.pl\/www\/wp-content\/uploads\/2022\/10\/Lizbona-tramwaj-winda-768x512.jpg 768w, https:\/\/pluskata.pl\/www\/wp-content\/uploads\/2022\/10\/Lizbona-tramwaj-winda-1536x1024.jpg 1536w, https:\/\/pluskata.pl\/www\/wp-content\/uploads\/2022\/10\/Lizbona-tramwaj-winda-2048x1365.jpg 2048w, https:\/\/pluskata.pl\/www\/wp-content\/uploads\/2022\/10\/Lizbona-tramwaj-winda-150x100.jpg 150w\" sizes=\"auto, (max-width: 300px) 100vw, 300px\" \/><\/a> <a href=\"https:\/\/pluskata.pl\/www\/en\/crusies-2022\/from-coruna-to-lisbon-12-25-09-2022\/lizbona-oceanarium-2\/\"><img loading=\"lazy\" decoding=\"async\" class=\"alignnone wp-image-3178 size-medium\" src=\"https:\/\/pluskata.pl\/www\/wp-content\/uploads\/2022\/10\/Lizbona-oceanarium-300x200.jpg\" alt=\"Lisbon oceanarium\" width=\"300\" height=\"200\" srcset=\"https:\/\/pluskata.pl\/www\/wp-content\/uploads\/2022\/10\/Lizbona-oceanarium-300x200.jpg 300w, https:\/\/pluskata.pl\/www\/wp-content\/uploads\/2022\/10\/Lizbona-oceanarium-1024x683.jpg 1024w, https:\/\/pluskata.pl\/www\/wp-content\/uploads\/2022\/10\/Lizbona-oceanarium-768x512.jpg 768w, https:\/\/pluskata.pl\/www\/wp-content\/uploads\/2022\/10\/Lizbona-oceanarium-1536x1024.jpg 1536w, https:\/\/pluskata.pl\/www\/wp-content\/uploads\/2022\/10\/Lizbona-oceanarium-2048x1365.jpg 2048w, https:\/\/pluskata.pl\/www\/wp-content\/uploads\/2022\/10\/Lizbona-oceanarium-150x100.jpg 150w\" sizes=\"auto, (max-width: 300px) 100vw, 300px\" \/><\/a><\/p>\n<p>We take the metro to the aquarium. In the middle it has a huge water reservoir with different types of fish. You can walk around this reservoir. On the other side are other sea and land creatures. We come to the time of feeding penguins, puffins and other birds.<\/p>\n<p><a href=\"https:\/\/pluskata.pl\/www\/en\/crusies-2022\/from-coruna-to-lisbon-12-25-09-2022\/lizbona-dzielnica-vasco-da-gama-2\/\"><img loading=\"lazy\" decoding=\"async\" class=\"alignnone wp-image-3181 size-medium\" src=\"https:\/\/pluskata.pl\/www\/wp-content\/uploads\/2022\/10\/Lizbona-dzielnica-Vasco-da-Gama-300x200.jpg\" alt=\"Lisbon Vasco da Gama district\" width=\"300\" height=\"200\" srcset=\"https:\/\/pluskata.pl\/www\/wp-content\/uploads\/2022\/10\/Lizbona-dzielnica-Vasco-da-Gama-300x200.jpg 300w, https:\/\/pluskata.pl\/www\/wp-content\/uploads\/2022\/10\/Lizbona-dzielnica-Vasco-da-Gama-1024x683.jpg 1024w, https:\/\/pluskata.pl\/www\/wp-content\/uploads\/2022\/10\/Lizbona-dzielnica-Vasco-da-Gama-768x512.jpg 768w, https:\/\/pluskata.pl\/www\/wp-content\/uploads\/2022\/10\/Lizbona-dzielnica-Vasco-da-Gama-1536x1024.jpg 1536w, https:\/\/pluskata.pl\/www\/wp-content\/uploads\/2022\/10\/Lizbona-dzielnica-Vasco-da-Gama-2048x1365.jpg 2048w, https:\/\/pluskata.pl\/www\/wp-content\/uploads\/2022\/10\/Lizbona-dzielnica-Vasco-da-Gama-150x100.jpg 150w\" sizes=\"auto, (max-width: 300px) 100vw, 300px\" \/><\/a> <a href=\"https:\/\/pluskata.pl\/www\/en\/crusies-2022\/from-coruna-to-lisbon-12-25-09-2022\/oceanarium-maskonur-2\/\"><img loading=\"lazy\" decoding=\"async\" class=\"alignnone wp-image-3180 size-medium\" src=\"https:\/\/pluskata.pl\/www\/wp-content\/uploads\/2022\/10\/Oceanarium-maskonur-300x273.jpg\" alt=\"Puffin aquarium\" width=\"300\" height=\"273\" srcset=\"https:\/\/pluskata.pl\/www\/wp-content\/uploads\/2022\/10\/Oceanarium-maskonur-300x273.jpg 300w, https:\/\/pluskata.pl\/www\/wp-content\/uploads\/2022\/10\/Oceanarium-maskonur-1024x931.jpg 1024w, https:\/\/pluskata.pl\/www\/wp-content\/uploads\/2022\/10\/Oceanarium-maskonur-768x698.jpg 768w, https:\/\/pluskata.pl\/www\/wp-content\/uploads\/2022\/10\/Oceanarium-maskonur-1536x1396.jpg 1536w, https:\/\/pluskata.pl\/www\/wp-content\/uploads\/2022\/10\/Oceanarium-maskonur-150x136.jpg 150w, https:\/\/pluskata.pl\/www\/wp-content\/uploads\/2022\/10\/Oceanarium-maskonur.jpg 1869w\" sizes=\"auto, (max-width: 300px) 100vw, 300px\" \/><\/a><br \/>\nAfter seeing the aquarium, we go to a nearby shopping center to eat something. In the meantime, Dorota comes and joins us. After lunch, Gosia and Rafa\u0142 return to the yacht and we get off early with the intention of visiting the rest of Lisbon. We come to a square from which historic trams depart. We decide to take tram number 28 all over Lisbon. We only enter the third tram and it is already dark. We get off at the final stop and walk to the marina. Rafa\u0142 and his family went to eat, so we take care of the things that Dorota brought. The children will be back soon, but they will go to sleep right away. I write opinions, print a photo, and go to sleep too.<\/p>\n<p><strong>26-09-2022 Monday Lisbon<\/strong><br \/>\nIn the morning, Marcin packs his things, cleans the cabin, and Tomek makes breakfast. Around 9:30, everyone gathers and goes to the airport. We stay on the yacht with Dorota and everyone works bravely.<\/p>\n","protected":false},"excerpt":{"rendered":"<p>Route: A Coruna &#8211; Muxia &#8211; Muros &#8211; Baiona &#8211; Porto &#8211; Figueria da Foz &#8211; Nazare &#8211; Peniche &#8211; Lizbona Date: 12-25.09.2022 Miles\/ hours: 425Mm\/95h 12-09-2022 Monday A Coruna In the morning we go shopping and the new crew goes to explore the city. They take their swimming trunks\u2026<\/p>\n<p class=\"continue-reading-button\"> <a class=\"continue-reading-link\" href=\"https:\/\/pluskata.pl\/www\/en\/crusies-2022\/from-coruna-to-lisbon-12-25-09-2022\/\">Czytaj dalej\/Continue reading<i class=\"crycon-right-dir\"><\/i><\/a><\/p>\n","protected":false},"author":1,"featured_media":2983,"parent":1609,"menu_order":12,"comment_status":"closed","ping_status":"closed","template":"","meta":{"footnotes":""},"class_list":["post-2979","page","type-page","status-publish","has-post-thumbnail","hentry"],"yoast_head":"<!-- This site is optimized with the Yoast SEO plugin v27.5 - https:\/\/yoast.com\/product\/yoast-seo-wordpress\/ -->\n<title>From Coruna to Lisbon 12- 25.09.2022 - Podr\u00f3\u017ce jachtem po \u015bwiecie<\/title>\n<meta name=\"robots\" content=\"index, follow, max-snippet:-1, max-image-preview:large, max-video-preview:-1\" \/>\n<link rel=\"canonical\" href=\"https:\/\/pluskata.pl\/www\/en\/crusies-2022\/from-coruna-to-lisbon-12-25-09-2022\/\" \/>\n<meta property=\"og:locale\" content=\"pl_PL\" \/>\n<meta property=\"og:type\" content=\"article\" \/>\n<meta property=\"og:title\" content=\"From Coruna to Lisbon 12- 25.09.2022 - Podr\u00f3\u017ce jachtem po \u015bwiecie\" \/>\n<meta property=\"og:description\" content=\"Route: A Coruna &#8211; Muxia &#8211; Muros &#8211; Baiona &#8211; Porto &#8211; Figueria da Foz &#8211; Nazare &#8211; Peniche &#8211; Lizbona Date: 12-25.09.2022 Miles\/ hours: 425Mm\/95h 12-09-2022 Monday A Coruna In the morning we go shopping and the new crew goes to explore the city. They take their swimming trunks\u2026 Czytaj dalej\/Continue reading\" \/>\n<meta property=\"og:url\" content=\"https:\/\/pluskata.pl\/www\/en\/crusies-2022\/from-coruna-to-lisbon-12-25-09-2022\/\" \/>\n<meta property=\"og:site_name\" content=\"Podr\u00f3\u017ce jachtem po \u015bwiecie\" \/>\n<meta property=\"article:publisher\" content=\"https:\/\/www.facebook.com\/pluskata\" \/>\n<meta property=\"article:modified_time\" content=\"2022-10-19T20:06:00+00:00\" \/>\n<meta property=\"og:image\" content=\"https:\/\/pluskata.pl\/www\/wp-content\/uploads\/2022\/09\/A-Coruna-Lizbona.png\" \/>\n\t<meta property=\"og:image:width\" content=\"1099\" \/>\n\t<meta property=\"og:image:height\" content=\"943\" \/>\n\t<meta property=\"og:image:type\" content=\"image\/png\" \/>\n<meta name=\"twitter:card\" content=\"summary_large_image\" \/>\n<meta name=\"twitter:label1\" content=\"Szacowany czas czytania\" \/>\n\t<meta name=\"twitter:data1\" content=\"9 minut\" \/>\n<script type=\"application\/ld+json\" class=\"yoast-schema-graph\">{\"@context\":\"https:\\\/\\\/schema.org\",\"@graph\":[{\"@type\":\"WebPage\",\"@id\":\"https:\\\/\\\/pluskata.pl\\\/www\\\/en\\\/crusies-2022\\\/from-coruna-to-lisbon-12-25-09-2022\\\/\",\"url\":\"https:\\\/\\\/pluskata.pl\\\/www\\\/en\\\/crusies-2022\\\/from-coruna-to-lisbon-12-25-09-2022\\\/\",\"name\":\"From Coruna to Lisbon 12- 25.09.2022 - Podr\u00f3\u017ce jachtem po \u015bwiecie\",\"isPartOf\":{\"@id\":\"https:\\\/\\\/pluskata.pl\\\/www\\\/#website\"},\"primaryImageOfPage\":{\"@id\":\"https:\\\/\\\/pluskata.pl\\\/www\\\/en\\\/crusies-2022\\\/from-coruna-to-lisbon-12-25-09-2022\\\/#primaryimage\"},\"image\":{\"@id\":\"https:\\\/\\\/pluskata.pl\\\/www\\\/en\\\/crusies-2022\\\/from-coruna-to-lisbon-12-25-09-2022\\\/#primaryimage\"},\"thumbnailUrl\":\"https:\\\/\\\/pluskata.pl\\\/www\\\/wp-content\\\/uploads\\\/2022\\\/09\\\/A-Coruna-Lizbona.png\",\"datePublished\":\"2022-09-27T23:17:59+00:00\",\"dateModified\":\"2022-10-19T20:06:00+00:00\",\"breadcrumb\":{\"@id\":\"https:\\\/\\\/pluskata.pl\\\/www\\\/en\\\/crusies-2022\\\/from-coruna-to-lisbon-12-25-09-2022\\\/#breadcrumb\"},\"inLanguage\":\"pl-PL\",\"potentialAction\":[{\"@type\":\"ReadAction\",\"target\":[\"https:\\\/\\\/pluskata.pl\\\/www\\\/en\\\/crusies-2022\\\/from-coruna-to-lisbon-12-25-09-2022\\\/\"]}]},{\"@type\":\"ImageObject\",\"inLanguage\":\"pl-PL\",\"@id\":\"https:\\\/\\\/pluskata.pl\\\/www\\\/en\\\/crusies-2022\\\/from-coruna-to-lisbon-12-25-09-2022\\\/#primaryimage\",\"url\":\"https:\\\/\\\/pluskata.pl\\\/www\\\/wp-content\\\/uploads\\\/2022\\\/09\\\/A-Coruna-Lizbona.png\",\"contentUrl\":\"https:\\\/\\\/pluskata.pl\\\/www\\\/wp-content\\\/uploads\\\/2022\\\/09\\\/A-Coruna-Lizbona.png\",\"width\":1099,\"height\":943,\"caption\":\"A Coruna Lisbon\"},{\"@type\":\"BreadcrumbList\",\"@id\":\"https:\\\/\\\/pluskata.pl\\\/www\\\/en\\\/crusies-2022\\\/from-coruna-to-lisbon-12-25-09-2022\\\/#breadcrumb\",\"itemListElement\":[{\"@type\":\"ListItem\",\"position\":1,\"name\":\"Strona g\u0142\u00f3wna\",\"item\":\"https:\\\/\\\/pluskata.pl\\\/www\\\/pl\\\/aktualnosci\\\/\"},{\"@type\":\"ListItem\",\"position\":2,\"name\":\"Crusies 2022\",\"item\":\"https:\\\/\\\/pluskata.pl\\\/www\\\/en\\\/crusies-2022\\\/\"},{\"@type\":\"ListItem\",\"position\":3,\"name\":\"From Coruna to Lisbon 12- 25.09.2022\"}]},{\"@type\":\"WebSite\",\"@id\":\"https:\\\/\\\/pluskata.pl\\\/www\\\/#website\",\"url\":\"https:\\\/\\\/pluskata.pl\\\/www\\\/\",\"name\":\"Podr\u00f3\u017ce jachtem po \u015bwiecie\",\"description\":\"Zapraszamy do wsp\u00f3lnego \u017ceglowania\",\"publisher\":{\"@id\":\"https:\\\/\\\/pluskata.pl\\\/www\\\/#\\\/schema\\\/person\\\/15daea66397efafeded8883b67482cc0\"},\"potentialAction\":[{\"@type\":\"SearchAction\",\"target\":{\"@type\":\"EntryPoint\",\"urlTemplate\":\"https:\\\/\\\/pluskata.pl\\\/www\\\/?s={search_term_string}\"},\"query-input\":{\"@type\":\"PropertyValueSpecification\",\"valueRequired\":true,\"valueName\":\"search_term_string\"}}],\"inLanguage\":\"pl-PL\"},{\"@type\":[\"Person\",\"Organization\"],\"@id\":\"https:\\\/\\\/pluskata.pl\\\/www\\\/#\\\/schema\\\/person\\\/15daea66397efafeded8883b67482cc0\",\"name\":\"Pluskata\",\"image\":{\"@type\":\"ImageObject\",\"inLanguage\":\"pl-PL\",\"@id\":\"https:\\\/\\\/pluskata.pl\\\/www\\\/wp-content\\\/uploads\\\/2020\\\/12\\\/cropped-Logo-Pluskata_512.png\",\"url\":\"https:\\\/\\\/pluskata.pl\\\/www\\\/wp-content\\\/uploads\\\/2020\\\/12\\\/cropped-Logo-Pluskata_512.png\",\"contentUrl\":\"https:\\\/\\\/pluskata.pl\\\/www\\\/wp-content\\\/uploads\\\/2020\\\/12\\\/cropped-Logo-Pluskata_512.png\",\"width\":512,\"height\":512,\"caption\":\"Pluskata\"},\"logo\":{\"@id\":\"https:\\\/\\\/pluskata.pl\\\/www\\\/wp-content\\\/uploads\\\/2020\\\/12\\\/cropped-Logo-Pluskata_512.png\"},\"sameAs\":[\"http:\\\/\\\/www.pluskata.pl\",\"https:\\\/\\\/www.facebook.com\\\/pluskata\"]}]}<\/script>\n<!-- \/ Yoast SEO plugin. -->","yoast_head_json":{"title":"From Coruna to Lisbon 12- 25.09.2022 - Podr\u00f3\u017ce jachtem po \u015bwiecie","robots":{"index":"index","follow":"follow","max-snippet":"max-snippet:-1","max-image-preview":"max-image-preview:large","max-video-preview":"max-video-preview:-1"},"canonical":"https:\/\/pluskata.pl\/www\/en\/crusies-2022\/from-coruna-to-lisbon-12-25-09-2022\/","og_locale":"pl_PL","og_type":"article","og_title":"From Coruna to Lisbon 12- 25.09.2022 - Podr\u00f3\u017ce jachtem po \u015bwiecie","og_description":"Route: A Coruna &#8211; Muxia &#8211; Muros &#8211; Baiona &#8211; Porto &#8211; Figueria da Foz &#8211; Nazare &#8211; Peniche &#8211; Lizbona Date: 12-25.09.2022 Miles\/ hours: 425Mm\/95h 12-09-2022 Monday A Coruna In the morning we go shopping and the new crew goes to explore the city. They take their swimming trunks\u2026 Czytaj dalej\/Continue reading","og_url":"https:\/\/pluskata.pl\/www\/en\/crusies-2022\/from-coruna-to-lisbon-12-25-09-2022\/","og_site_name":"Podr\u00f3\u017ce jachtem po \u015bwiecie","article_publisher":"https:\/\/www.facebook.com\/pluskata","article_modified_time":"2022-10-19T20:06:00+00:00","og_image":[{"width":1099,"height":943,"url":"https:\/\/pluskata.pl\/www\/wp-content\/uploads\/2022\/09\/A-Coruna-Lizbona.png","type":"image\/png"}],"twitter_card":"summary_large_image","twitter_misc":{"Szacowany czas czytania":"9 minut"},"schema":{"@context":"https:\/\/schema.org","@graph":[{"@type":"WebPage","@id":"https:\/\/pluskata.pl\/www\/en\/crusies-2022\/from-coruna-to-lisbon-12-25-09-2022\/","url":"https:\/\/pluskata.pl\/www\/en\/crusies-2022\/from-coruna-to-lisbon-12-25-09-2022\/","name":"From Coruna to Lisbon 12- 25.09.2022 - Podr\u00f3\u017ce jachtem po \u015bwiecie","isPartOf":{"@id":"https:\/\/pluskata.pl\/www\/#website"},"primaryImageOfPage":{"@id":"https:\/\/pluskata.pl\/www\/en\/crusies-2022\/from-coruna-to-lisbon-12-25-09-2022\/#primaryimage"},"image":{"@id":"https:\/\/pluskata.pl\/www\/en\/crusies-2022\/from-coruna-to-lisbon-12-25-09-2022\/#primaryimage"},"thumbnailUrl":"https:\/\/pluskata.pl\/www\/wp-content\/uploads\/2022\/09\/A-Coruna-Lizbona.png","datePublished":"2022-09-27T23:17:59+00:00","dateModified":"2022-10-19T20:06:00+00:00","breadcrumb":{"@id":"https:\/\/pluskata.pl\/www\/en\/crusies-2022\/from-coruna-to-lisbon-12-25-09-2022\/#breadcrumb"},"inLanguage":"pl-PL","potentialAction":[{"@type":"ReadAction","target":["https:\/\/pluskata.pl\/www\/en\/crusies-2022\/from-coruna-to-lisbon-12-25-09-2022\/"]}]},{"@type":"ImageObject","inLanguage":"pl-PL","@id":"https:\/\/pluskata.pl\/www\/en\/crusies-2022\/from-coruna-to-lisbon-12-25-09-2022\/#primaryimage","url":"https:\/\/pluskata.pl\/www\/wp-content\/uploads\/2022\/09\/A-Coruna-Lizbona.png","contentUrl":"https:\/\/pluskata.pl\/www\/wp-content\/uploads\/2022\/09\/A-Coruna-Lizbona.png","width":1099,"height":943,"caption":"A Coruna Lisbon"},{"@type":"BreadcrumbList","@id":"https:\/\/pluskata.pl\/www\/en\/crusies-2022\/from-coruna-to-lisbon-12-25-09-2022\/#breadcrumb","itemListElement":[{"@type":"ListItem","position":1,"name":"Strona g\u0142\u00f3wna","item":"https:\/\/pluskata.pl\/www\/pl\/aktualnosci\/"},{"@type":"ListItem","position":2,"name":"Crusies 2022","item":"https:\/\/pluskata.pl\/www\/en\/crusies-2022\/"},{"@type":"ListItem","position":3,"name":"From Coruna to Lisbon 12- 25.09.2022"}]},{"@type":"WebSite","@id":"https:\/\/pluskata.pl\/www\/#website","url":"https:\/\/pluskata.pl\/www\/","name":"Podr\u00f3\u017ce jachtem po \u015bwiecie","description":"Zapraszamy do wsp\u00f3lnego \u017ceglowania","publisher":{"@id":"https:\/\/pluskata.pl\/www\/#\/schema\/person\/15daea66397efafeded8883b67482cc0"},"potentialAction":[{"@type":"SearchAction","target":{"@type":"EntryPoint","urlTemplate":"https:\/\/pluskata.pl\/www\/?s={search_term_string}"},"query-input":{"@type":"PropertyValueSpecification","valueRequired":true,"valueName":"search_term_string"}}],"inLanguage":"pl-PL"},{"@type":["Person","Organization"],"@id":"https:\/\/pluskata.pl\/www\/#\/schema\/person\/15daea66397efafeded8883b67482cc0","name":"Pluskata","image":{"@type":"ImageObject","inLanguage":"pl-PL","@id":"https:\/\/pluskata.pl\/www\/wp-content\/uploads\/2020\/12\/cropped-Logo-Pluskata_512.png","url":"https:\/\/pluskata.pl\/www\/wp-content\/uploads\/2020\/12\/cropped-Logo-Pluskata_512.png","contentUrl":"https:\/\/pluskata.pl\/www\/wp-content\/uploads\/2020\/12\/cropped-Logo-Pluskata_512.png","width":512,"height":512,"caption":"Pluskata"},"logo":{"@id":"https:\/\/pluskata.pl\/www\/wp-content\/uploads\/2020\/12\/cropped-Logo-Pluskata_512.png"},"sameAs":["http:\/\/www.pluskata.pl","https:\/\/www.facebook.com\/pluskata"]}]}},"_links":{"self":[{"href":"https:\/\/pluskata.pl\/www\/wp-json\/wp\/v2\/pages\/2979","targetHints":{"allow":["GET"]}}],"collection":[{"href":"https:\/\/pluskata.pl\/www\/wp-json\/wp\/v2\/pages"}],"about":[{"href":"https:\/\/pluskata.pl\/www\/wp-json\/wp\/v2\/types\/page"}],"author":[{"embeddable":true,"href":"https:\/\/pluskata.pl\/www\/wp-json\/wp\/v2\/users\/1"}],"replies":[{"embeddable":true,"href":"https:\/\/pluskata.pl\/www\/wp-json\/wp\/v2\/comments?post=2979"}],"version-history":[{"count":0,"href":"https:\/\/pluskata.pl\/www\/wp-json\/wp\/v2\/pages\/2979\/revisions"}],"up":[{"embeddable":true,"href":"https:\/\/pluskata.pl\/www\/wp-json\/wp\/v2\/pages\/1609"}],"wp:featuredmedia":[{"embeddable":true,"href":"https:\/\/pluskata.pl\/www\/wp-json\/wp\/v2\/media\/2983"}],"wp:attachment":[{"href":"https:\/\/pluskata.pl\/www\/wp-json\/wp\/v2\/media?parent=2979"}],"curies":[{"name":"wp","href":"https:\/\/api.w.org\/{rel}","templated":true}]}}