{"id":2975,"date":"2022-09-28T00:57:10","date_gmt":"2022-09-27T22:57:10","guid":{"rendered":"https:\/\/pluskata.pl\/www\/?page_id=2975"},"modified":"2022-10-12T22:38:33","modified_gmt":"2022-10-12T20:38:33","slug":"a-coruna-lizbona-12-25-09-2022","status":"publish","type":"page","link":"https:\/\/pluskata.pl\/www\/pl\/rejsy-2022\/a-coruna-lizbona-12-25-09-2022\/","title":{"rendered":"A Coruna &#8211; Lizbona 12- 25.09.2022"},"content":{"rendered":"<p><a href=\"https:\/\/pluskata.pl\/www\/pl\/rejsy-2022\/a-coruna-lizbona-12-25-09-2022\/a-coruna-lizbona\/\"><img loading=\"lazy\" decoding=\"async\" class=\"alignnone wp-image-2982 size-medium\" src=\"https:\/\/pluskata.pl\/www\/wp-content\/uploads\/2022\/09\/A-Coruna-Lizbona-300x257.png\" alt=\"A Coruna Lizbona\" width=\"300\" height=\"257\" srcset=\"https:\/\/pluskata.pl\/www\/wp-content\/uploads\/2022\/09\/A-Coruna-Lizbona-300x257.png 300w, https:\/\/pluskata.pl\/www\/wp-content\/uploads\/2022\/09\/A-Coruna-Lizbona-1024x879.png 1024w, https:\/\/pluskata.pl\/www\/wp-content\/uploads\/2022\/09\/A-Coruna-Lizbona-768x659.png 768w, https:\/\/pluskata.pl\/www\/wp-content\/uploads\/2022\/09\/A-Coruna-Lizbona-150x129.png 150w, https:\/\/pluskata.pl\/www\/wp-content\/uploads\/2022\/09\/A-Coruna-Lizbona.png 1099w\" sizes=\"auto, (max-width: 300px) 100vw, 300px\" \/><\/a><\/p>\n<p><strong>Trasa:<\/strong> A Coruna &#8211; Muxia &#8211; Muros &#8211; Baiona &#8211; Porto &#8211; Figueria da Foz &#8211; Nazare &#8211; Peniche &#8211; Lizbona<br \/>\n<strong>Termin:<\/strong> 12-25.09.2022<br \/>\n<strong>Mile\/ godziny:<\/strong> 425Mm\/95h<\/p>\n<p><strong>12-09-2022 poniedzia\u0142ek A Coruna<\/strong><br \/>\nRano robimy zakupy i nowa za\u0142oga rusza na zwiedzanie miasta. Zabieraj\u0105 k\u0105piel\u00f3wki z zamiarem wyk\u0105pania si\u0119 w morzu.<\/p>\n<p><a href=\"https:\/\/pluskata.pl\/www\/pl\/rejsy-2022\/a-coruna-lizbona-12-25-09-2022\/wieza-herculesa\/\"><img loading=\"lazy\" decoding=\"async\" class=\"alignnone wp-image-3010 size-medium\" src=\"https:\/\/pluskata.pl\/www\/wp-content\/uploads\/2022\/10\/Wieza-Herculesa-300x200.jpg\" alt=\"Wie\u017ca Herculesa\" width=\"300\" height=\"200\" srcset=\"https:\/\/pluskata.pl\/www\/wp-content\/uploads\/2022\/10\/Wieza-Herculesa-300x200.jpg 300w, https:\/\/pluskata.pl\/www\/wp-content\/uploads\/2022\/10\/Wieza-Herculesa-1024x683.jpg 1024w, https:\/\/pluskata.pl\/www\/wp-content\/uploads\/2022\/10\/Wieza-Herculesa-768x512.jpg 768w\" sizes=\"auto, (max-width: 300px) 100vw, 300px\" \/><\/a> <a href=\"https:\/\/pluskata.pl\/www\/pl\/rejsy-2022\/a-coruna-lizbona-12-25-09-2022\/wieza-herculesa-widok-z-gory\/\"><img loading=\"lazy\" decoding=\"async\" class=\"alignnone wp-image-3009 size-medium\" src=\"https:\/\/pluskata.pl\/www\/wp-content\/uploads\/2022\/10\/Wieza-Herculesa-widok-z-gory-300x178.jpg\" alt=\"Wie\u017ca Herculesa widok z gory\" width=\"300\" height=\"178\" srcset=\"https:\/\/pluskata.pl\/www\/wp-content\/uploads\/2022\/10\/Wieza-Herculesa-widok-z-gory-300x178.jpg 300w, https:\/\/pluskata.pl\/www\/wp-content\/uploads\/2022\/10\/Wieza-Herculesa-widok-z-gory-1024x609.jpg 1024w, https:\/\/pluskata.pl\/www\/wp-content\/uploads\/2022\/10\/Wieza-Herculesa-widok-z-gory-768x457.jpg 768w, https:\/\/pluskata.pl\/www\/wp-content\/uploads\/2022\/10\/Wieza-Herculesa-widok-z-gory-1536x913.jpg 1536w, https:\/\/pluskata.pl\/www\/wp-content\/uploads\/2022\/10\/Wieza-Herculesa-widok-z-gory-2048x1218.jpg 2048w, https:\/\/pluskata.pl\/www\/wp-content\/uploads\/2022\/10\/Wieza-Herculesa-widok-z-gory-150x89.jpg 150w\" sizes=\"auto, (max-width: 300px) 100vw, 300px\" \/><\/a> <a href=\"https:\/\/pluskata.pl\/www\/pl\/rejsy-2022\/a-coruna-lizbona-12-25-09-2022\/a-coruna-widok-z-gory\/\"><img loading=\"lazy\" decoding=\"async\" class=\"alignnone wp-image-3011 size-medium\" src=\"https:\/\/pluskata.pl\/www\/wp-content\/uploads\/2022\/10\/A-Coruna-widok-z-gory-300x200.jpg\" alt=\"A Coruna widok z gory\" width=\"300\" height=\"200\" srcset=\"https:\/\/pluskata.pl\/www\/wp-content\/uploads\/2022\/10\/A-Coruna-widok-z-gory-300x200.jpg 300w, https:\/\/pluskata.pl\/www\/wp-content\/uploads\/2022\/10\/A-Coruna-widok-z-gory-1024x683.jpg 1024w, https:\/\/pluskata.pl\/www\/wp-content\/uploads\/2022\/10\/A-Coruna-widok-z-gory-768x512.jpg 768w, https:\/\/pluskata.pl\/www\/wp-content\/uploads\/2022\/10\/A-Coruna-widok-z-gory-1536x1024.jpg 1536w, https:\/\/pluskata.pl\/www\/wp-content\/uploads\/2022\/10\/A-Coruna-widok-z-gory-2048x1365.jpg 2048w, https:\/\/pluskata.pl\/www\/wp-content\/uploads\/2022\/10\/A-Coruna-widok-z-gory-150x100.jpg 150w\" sizes=\"auto, (max-width: 300px) 100vw, 300px\" \/><\/a> <a href=\"https:\/\/pluskata.pl\/www\/pl\/rejsy-2022\/a-coruna-lizbona-12-25-09-2022\/a-coruna-megality\/\"><img loading=\"lazy\" decoding=\"async\" class=\"alignnone wp-image-3008 size-medium\" src=\"https:\/\/pluskata.pl\/www\/wp-content\/uploads\/2022\/10\/A-Coruna-megality-300x200.jpg\" alt=\"A Coruna megality\" width=\"300\" height=\"200\" srcset=\"https:\/\/pluskata.pl\/www\/wp-content\/uploads\/2022\/10\/A-Coruna-megality-300x200.jpg 300w, https:\/\/pluskata.pl\/www\/wp-content\/uploads\/2022\/10\/A-Coruna-megality-1024x682.jpg 1024w, https:\/\/pluskata.pl\/www\/wp-content\/uploads\/2022\/10\/A-Coruna-megality-768x512.jpg 768w, https:\/\/pluskata.pl\/www\/wp-content\/uploads\/2022\/10\/A-Coruna-megality-1536x1023.jpg 1536w, https:\/\/pluskata.pl\/www\/wp-content\/uploads\/2022\/10\/A-Coruna-megality-2048x1364.jpg 2048w, https:\/\/pluskata.pl\/www\/wp-content\/uploads\/2022\/10\/A-Coruna-megality-150x100.jpg 150w\" sizes=\"auto, (max-width: 300px) 100vw, 300px\" \/><\/a> <a href=\"https:\/\/pluskata.pl\/www\/pl\/rejsy-2022\/a-coruna-lizbona-12-25-09-2022\/a-coruna-fontanna-3\/\"><img loading=\"lazy\" decoding=\"async\" class=\"alignnone wp-image-3007 size-medium\" src=\"https:\/\/pluskata.pl\/www\/wp-content\/uploads\/2022\/10\/A-Coruna-Fontanna-300x199.jpg\" alt=\"A Coruna Fontanna\" width=\"300\" height=\"199\" srcset=\"https:\/\/pluskata.pl\/www\/wp-content\/uploads\/2022\/10\/A-Coruna-Fontanna-300x199.jpg 300w, https:\/\/pluskata.pl\/www\/wp-content\/uploads\/2022\/10\/A-Coruna-Fontanna-1024x681.jpg 1024w, https:\/\/pluskata.pl\/www\/wp-content\/uploads\/2022\/10\/A-Coruna-Fontanna-768x511.jpg 768w, https:\/\/pluskata.pl\/www\/wp-content\/uploads\/2022\/10\/A-Coruna-Fontanna-1536x1021.jpg 1536w, https:\/\/pluskata.pl\/www\/wp-content\/uploads\/2022\/10\/A-Coruna-Fontanna-2048x1362.jpg 2048w, https:\/\/pluskata.pl\/www\/wp-content\/uploads\/2022\/10\/A-Coruna-Fontanna-150x100.jpg 150w\" sizes=\"auto, (max-width: 300px) 100vw, 300px\" \/><\/a><\/p>\n<p>My zostajemy na jachcie, czytamy i gadamy. Po po\u0142udniu za\u0142oga wraca na jacht (niestety wracaj\u0105 ju\u017c w deszczu, wi\u0119c obiad robimy na jachcie). Po obiedzie idziemy jeszcze na uzupe\u0142nienie zakup\u00f3w (kolejna przerwa w deszczu). Wieczorem wyprawa \u0142\u00f3dk\u0105 do \u0142azienki (do \u0142azienki mo\u017cna p\u0142yn\u0105\u0107 \u0142\u00f3dk\u0105 albo i\u015b\u0107 na piechot\u0119 przez ca\u0142y port)<\/p>\n<p><strong>13-09-2022 wtorek do Muxi<\/strong><br \/>\nWyp\u0142ywamy o 8 rano, \u015bniadanie jemy ju\u017c na morzu.<\/p>\n<p><a href=\"https:\/\/pluskata.pl\/www\/pl\/rejsy-2022\/a-coruna-lizbona-12-25-09-2022\/wieza-herculesa-i-tecza\/\"><img loading=\"lazy\" decoding=\"async\" class=\"alignnone wp-image-3013 size-medium\" src=\"https:\/\/pluskata.pl\/www\/wp-content\/uploads\/2022\/10\/Wieza-Herculesa-i-tecza-300x216.jpg\" alt=\"Wie\u017ca Herculesa i t\u0119cza\" width=\"300\" height=\"216\" \/><\/a> <a href=\"https:\/\/pluskata.pl\/www\/pl\/rejsy-2022\/a-coruna-lizbona-12-25-09-2022\/kuter\/\"><img loading=\"lazy\" decoding=\"async\" class=\"alignnone wp-image-3012 size-medium\" src=\"https:\/\/pluskata.pl\/www\/wp-content\/uploads\/2022\/10\/Kuter-300x200.jpg\" alt=\"Kuter\" width=\"300\" height=\"200\" srcset=\"https:\/\/pluskata.pl\/www\/wp-content\/uploads\/2022\/10\/Kuter-300x200.jpg 300w, https:\/\/pluskata.pl\/www\/wp-content\/uploads\/2022\/10\/Kuter-1024x683.jpg 1024w, https:\/\/pluskata.pl\/www\/wp-content\/uploads\/2022\/10\/Kuter-768x512.jpg 768w, https:\/\/pluskata.pl\/www\/wp-content\/uploads\/2022\/10\/Kuter-1536x1024.jpg 1536w, https:\/\/pluskata.pl\/www\/wp-content\/uploads\/2022\/10\/Kuter-2048x1365.jpg 2048w, https:\/\/pluskata.pl\/www\/wp-content\/uploads\/2022\/10\/Kuter-150x100.jpg 150w\" sizes=\"auto, (max-width: 300px) 100vw, 300px\" \/><\/a> <a href=\"https:\/\/pluskata.pl\/www\/pl\/rejsy-2022\/a-coruna-lizbona-12-25-09-2022\/do-muxi\/\"><img loading=\"lazy\" decoding=\"async\" class=\"alignnone wp-image-3014 size-medium\" src=\"https:\/\/pluskata.pl\/www\/wp-content\/uploads\/2022\/10\/Do-Muxi-300x200.jpg\" alt=\"Do Muxi\" width=\"300\" height=\"200\" srcset=\"https:\/\/pluskata.pl\/www\/wp-content\/uploads\/2022\/10\/Do-Muxi-300x200.jpg 300w, https:\/\/pluskata.pl\/www\/wp-content\/uploads\/2022\/10\/Do-Muxi-1024x683.jpg 1024w, https:\/\/pluskata.pl\/www\/wp-content\/uploads\/2022\/10\/Do-Muxi-768x512.jpg 768w, https:\/\/pluskata.pl\/www\/wp-content\/uploads\/2022\/10\/Do-Muxi-1536x1024.jpg 1536w, https:\/\/pluskata.pl\/www\/wp-content\/uploads\/2022\/10\/Do-Muxi-2048x1365.jpg 2048w, https:\/\/pluskata.pl\/www\/wp-content\/uploads\/2022\/10\/Do-Muxi-150x100.jpg 150w\" sizes=\"auto, (max-width: 300px) 100vw, 300px\" \/><\/a><\/p>\n<p>Wieje chwilowo przeci\u0119tnie, wi\u0119c p\u0142yniemy troch\u0119 na silniku, a troch\u0119 na \u017caglach. Na razie jest baksztag, wi\u0119c p\u0142yniemy na samej genui. Oko\u0142o po\u0142udnia wiatr s\u0142abnie wi\u0119c dostawiamy grota. Po godzinie 15 wiatr odkr\u0119ca i wzrasta do 5-6B, wi\u0119c zamieniamy genu\u0119 na foka i redukujemy grota. Dzieciaki zachowuj\u0105 si\u0119 genialnie \u2013 nie marudz\u0105, zwijaj\u0105 si\u0119 w k\u0142\u0119bek przy kabestanach na nadbud\u00f3wce i tak jakby ich nie by\u0142o. Jak wychodzimy za zakr\u0119t to wiatr wzrasta do 7B, wi\u0119c do \u017cagli dok\u0142adamy silnik i p\u0142yniemy troch\u0119 ostrzej. Wybieramy marin\u0119 Muxia, jest lepiej os\u0142oni\u0119ta od fal. Wchodzimy do niej o 19.<\/p>\n<p><a href=\"https:\/\/pluskata.pl\/www\/pl\/rejsy-2022\/a-coruna-lizbona-12-25-09-2022\/muxia-ulica\/\"><img loading=\"lazy\" decoding=\"async\" class=\"alignnone wp-image-3093 size-medium\" src=\"https:\/\/pluskata.pl\/www\/wp-content\/uploads\/2022\/10\/Muxia-ulica-300x200.jpg\" alt=\"Muxia ulica\" width=\"300\" height=\"200\" srcset=\"https:\/\/pluskata.pl\/www\/wp-content\/uploads\/2022\/10\/Muxia-ulica-300x200.jpg 300w, https:\/\/pluskata.pl\/www\/wp-content\/uploads\/2022\/10\/Muxia-ulica-1024x683.jpg 1024w, https:\/\/pluskata.pl\/www\/wp-content\/uploads\/2022\/10\/Muxia-ulica-768x512.jpg 768w, https:\/\/pluskata.pl\/www\/wp-content\/uploads\/2022\/10\/Muxia-ulica-1536x1024.jpg 1536w, https:\/\/pluskata.pl\/www\/wp-content\/uploads\/2022\/10\/Muxia-ulica-2048x1365.jpg 2048w, https:\/\/pluskata.pl\/www\/wp-content\/uploads\/2022\/10\/Muxia-ulica-150x100.jpg 150w\" sizes=\"auto, (max-width: 300px) 100vw, 300px\" \/><\/a> <a href=\"https:\/\/pluskata.pl\/www\/pl\/rejsy-2022\/a-coruna-lizbona-12-25-09-2022\/muxia-zachod-slonca\/\"><img loading=\"lazy\" decoding=\"async\" class=\"alignnone wp-image-3091 size-medium\" src=\"https:\/\/pluskata.pl\/www\/wp-content\/uploads\/2022\/10\/Muxia-zachod-slonca-300x200.jpg\" alt=\"Muxia zachod slonca\" width=\"300\" height=\"200\" srcset=\"https:\/\/pluskata.pl\/www\/wp-content\/uploads\/2022\/10\/Muxia-zachod-slonca-300x200.jpg 300w, https:\/\/pluskata.pl\/www\/wp-content\/uploads\/2022\/10\/Muxia-zachod-slonca-1024x683.jpg 1024w, https:\/\/pluskata.pl\/www\/wp-content\/uploads\/2022\/10\/Muxia-zachod-slonca-768x513.jpg 768w, https:\/\/pluskata.pl\/www\/wp-content\/uploads\/2022\/10\/Muxia-zachod-slonca-1536x1025.jpg 1536w, https:\/\/pluskata.pl\/www\/wp-content\/uploads\/2022\/10\/Muxia-zachod-slonca-2048x1367.jpg 2048w, https:\/\/pluskata.pl\/www\/wp-content\/uploads\/2022\/10\/Muxia-zachod-slonca-150x100.jpg 150w\" sizes=\"auto, (max-width: 300px) 100vw, 300px\" \/><\/a><br \/>\nPo p\u00f3\u017anym obiedzie idziemy zwiedza\u0107 miasto. Jest tu ko\u015bci\u00f3\u0142 z XVII w niestety ju\u017c o tej porze zamkni\u0119ty i fragment drogi \u015bwi\u0119tego Jakuba pielgrzymki do Santiago de Compostello. W czasie powrotu do miasta zaczyna pada\u0107, wi\u0119c Marta z Marcinem i dzie\u0107mi wracaj\u0105 na jacht, a my idziemy do knajpy blisko portu. Ok 23 wracamy na jacht \u2013 dzieci ju\u017c \u015bpi\u0105.<\/p>\n<p><strong>14-09-2022 \u015broda Muxia<\/strong><br \/>\nPrognoza jest marna \u2013 ma wia\u0107 7B i do tego ma pada\u0107 wi\u0119c postanawiamy zosta\u0107 jeszcze jeden dzie\u0144 w Muxi.<\/p>\n<p><a href=\"https:\/\/pluskata.pl\/www\/pl\/rejsy-2022\/a-coruna-lizbona-12-25-09-2022\/muxia-kosciol-san-jorge\/\"><img loading=\"lazy\" decoding=\"async\" class=\"alignnone wp-image-3097 size-medium\" src=\"https:\/\/pluskata.pl\/www\/wp-content\/uploads\/2022\/10\/Muxia-kosciol-San-Jorge-300x200.jpg\" alt=\"Muxia ko\u015bci\u00f3\u0142 San Jorge\" width=\"300\" height=\"200\" srcset=\"https:\/\/pluskata.pl\/www\/wp-content\/uploads\/2022\/10\/Muxia-kosciol-San-Jorge-300x200.jpg 300w, https:\/\/pluskata.pl\/www\/wp-content\/uploads\/2022\/10\/Muxia-kosciol-San-Jorge-1024x683.jpg 1024w, https:\/\/pluskata.pl\/www\/wp-content\/uploads\/2022\/10\/Muxia-kosciol-San-Jorge-768x512.jpg 768w, https:\/\/pluskata.pl\/www\/wp-content\/uploads\/2022\/10\/Muxia-kosciol-San-Jorge-1536x1024.jpg 1536w, https:\/\/pluskata.pl\/www\/wp-content\/uploads\/2022\/10\/Muxia-kosciol-San-Jorge-2048x1365.jpg 2048w, https:\/\/pluskata.pl\/www\/wp-content\/uploads\/2022\/10\/Muxia-kosciol-San-Jorge-150x100.jpg 150w\" sizes=\"auto, (max-width: 300px) 100vw, 300px\" \/><\/a> <a href=\"https:\/\/pluskata.pl\/www\/pl\/rejsy-2022\/a-coruna-lizbona-12-25-09-2022\/muxia-fale\/\"><img loading=\"lazy\" decoding=\"async\" class=\"alignnone wp-image-3094 size-medium\" src=\"https:\/\/pluskata.pl\/www\/wp-content\/uploads\/2022\/10\/Muxia-fale-300x234.jpg\" alt=\"Muxia fale\" width=\"300\" height=\"234\" srcset=\"https:\/\/pluskata.pl\/www\/wp-content\/uploads\/2022\/10\/Muxia-fale-300x234.jpg 300w, https:\/\/pluskata.pl\/www\/wp-content\/uploads\/2022\/10\/Muxia-fale-1024x797.jpg 1024w, https:\/\/pluskata.pl\/www\/wp-content\/uploads\/2022\/10\/Muxia-fale-768x598.jpg 768w, https:\/\/pluskata.pl\/www\/wp-content\/uploads\/2022\/10\/Muxia-fale-1536x1196.jpg 1536w, https:\/\/pluskata.pl\/www\/wp-content\/uploads\/2022\/10\/Muxia-fale-2048x1595.jpg 2048w, https:\/\/pluskata.pl\/www\/wp-content\/uploads\/2022\/10\/Muxia-fale-150x117.jpg 150w\" sizes=\"auto, (max-width: 300px) 100vw, 300px\" \/><\/a> <a href=\"https:\/\/pluskata.pl\/www\/pl\/rejsy-2022\/a-coruna-lizbona-12-25-09-2022\/muxia-dzwonnica\/\"><img loading=\"lazy\" decoding=\"async\" class=\"alignnone wp-image-3095 size-medium\" src=\"https:\/\/pluskata.pl\/www\/wp-content\/uploads\/2022\/10\/Muxia-dzwonnica-300x200.jpg\" alt=\"Muxia dzwonnica\" width=\"300\" height=\"200\" srcset=\"https:\/\/pluskata.pl\/www\/wp-content\/uploads\/2022\/10\/Muxia-dzwonnica-300x200.jpg 300w, https:\/\/pluskata.pl\/www\/wp-content\/uploads\/2022\/10\/Muxia-dzwonnica-1024x683.jpg 1024w\" sizes=\"auto, (max-width: 300px) 100vw, 300px\" \/><\/a> <a href=\"https:\/\/pluskata.pl\/www\/pl\/rejsy-2022\/a-coruna-lizbona-12-25-09-2022\/muxia-droga-sw-jakuba\/\"><img loading=\"lazy\" decoding=\"async\" class=\"alignnone wp-image-3096 size-medium\" src=\"https:\/\/pluskata.pl\/www\/wp-content\/uploads\/2022\/10\/Muxia-droga-sw-Jakuba-300x200.jpg\" alt=\"Muxia droga \u015bw Jakuba\" width=\"300\" height=\"200\" srcset=\"https:\/\/pluskata.pl\/www\/wp-content\/uploads\/2022\/10\/Muxia-droga-sw-Jakuba-300x200.jpg 300w, https:\/\/pluskata.pl\/www\/wp-content\/uploads\/2022\/10\/Muxia-droga-sw-Jakuba-1024x683.jpg 1024w, https:\/\/pluskata.pl\/www\/wp-content\/uploads\/2022\/10\/Muxia-droga-sw-Jakuba-768x512.jpg 768w, https:\/\/pluskata.pl\/www\/wp-content\/uploads\/2022\/10\/Muxia-droga-sw-Jakuba-1536x1024.jpg 1536w, https:\/\/pluskata.pl\/www\/wp-content\/uploads\/2022\/10\/Muxia-droga-sw-Jakuba-2048x1365.jpg 2048w, https:\/\/pluskata.pl\/www\/wp-content\/uploads\/2022\/10\/Muxia-droga-sw-Jakuba-150x100.jpg 150w\" sizes=\"auto, (max-width: 300px) 100vw, 300px\" \/><\/a><\/p>\n<p>Po \u015bniadaniu i wycieczce pod prysznic idziemy na miasto, wchodzimy jeszcze raz na g\u00f3r\u0119 (tym razem za widna) i wracaj\u0105c wst\u0119pujemy na obiad. Wracamy na jacht i jeszcze wieczorem robimy \u015bpiewanki \u2013 siedzimy do p\u00f3\u017ana.<\/p>\n<p><strong>15-09-2022 czwartek Muros<\/strong><\/p>\n<p><a href=\"https:\/\/pluskata.pl\/www\/pl\/rejsy-2022\/a-coruna-lizbona-12-25-09-2022\/delfin-muxia\/\"><img loading=\"lazy\" decoding=\"async\" class=\"alignnone wp-image-3090 size-medium\" src=\"https:\/\/pluskata.pl\/www\/wp-content\/uploads\/2022\/10\/Delfin-Muxia-300x200.jpg\" alt=\"Delfin Muxia\" width=\"300\" height=\"200\" srcset=\"https:\/\/pluskata.pl\/www\/wp-content\/uploads\/2022\/10\/Delfin-Muxia-300x200.jpg 300w, https:\/\/pluskata.pl\/www\/wp-content\/uploads\/2022\/10\/Delfin-Muxia-1024x682.jpg 1024w, https:\/\/pluskata.pl\/www\/wp-content\/uploads\/2022\/10\/Delfin-Muxia-768x512.jpg 768w, https:\/\/pluskata.pl\/www\/wp-content\/uploads\/2022\/10\/Delfin-Muxia-1536x1023.jpg 1536w, https:\/\/pluskata.pl\/www\/wp-content\/uploads\/2022\/10\/Delfin-Muxia-2048x1364.jpg 2048w, https:\/\/pluskata.pl\/www\/wp-content\/uploads\/2022\/10\/Delfin-Muxia-150x100.jpg 150w\" sizes=\"auto, (max-width: 300px) 100vw, 300px\" \/><\/a><br \/>\nWychodzimy o 8:15, jak si\u0119 rozwidnia. Wieje ca\u0142kiem \u0142adnie od rufy wi\u0119c stawiamy genu\u0119 i foka na motyla. Do Muros dop\u0142ywamy o 18, jeszcze tradycyjne poprawianie cum i idziemy na miasto (dzieci na pla\u017c\u0119 a my do sklep\u00f3w).<\/p>\n<p><a href=\"https:\/\/pluskata.pl\/www\/pl\/rejsy-2022\/a-coruna-lizbona-12-25-09-2022\/muros-targ\/\"><img loading=\"lazy\" decoding=\"async\" class=\"alignnone wp-image-3089 size-medium\" src=\"https:\/\/pluskata.pl\/www\/wp-content\/uploads\/2022\/10\/Muros-targ-300x200.jpg\" alt=\"Muros targ\" width=\"300\" height=\"200\" srcset=\"https:\/\/pluskata.pl\/www\/wp-content\/uploads\/2022\/10\/Muros-targ-300x200.jpg 300w, https:\/\/pluskata.pl\/www\/wp-content\/uploads\/2022\/10\/Muros-targ-1024x683.jpg 1024w, https:\/\/pluskata.pl\/www\/wp-content\/uploads\/2022\/10\/Muros-targ-768x512.jpg 768w\" sizes=\"auto, (max-width: 300px) 100vw, 300px\" \/><\/a> <a href=\"https:\/\/pluskata.pl\/www\/pl\/rejsy-2022\/a-coruna-lizbona-12-25-09-2022\/muros-schody\/\"><img loading=\"lazy\" decoding=\"async\" class=\"alignnone wp-image-3088 size-medium\" src=\"https:\/\/pluskata.pl\/www\/wp-content\/uploads\/2022\/10\/Muros-schody-300x200.jpg\" alt=\"Muros schody\" width=\"300\" height=\"200\" srcset=\"https:\/\/pluskata.pl\/www\/wp-content\/uploads\/2022\/10\/Muros-schody-300x200.jpg 300w, https:\/\/pluskata.pl\/www\/wp-content\/uploads\/2022\/10\/Muros-schody-1024x683.jpg 1024w, https:\/\/pluskata.pl\/www\/wp-content\/uploads\/2022\/10\/Muros-schody-768x512.jpg 768w, https:\/\/pluskata.pl\/www\/wp-content\/uploads\/2022\/10\/Muros-schody-1536x1024.jpg 1536w, https:\/\/pluskata.pl\/www\/wp-content\/uploads\/2022\/10\/Muros-schody-2048x1365.jpg 2048w, https:\/\/pluskata.pl\/www\/wp-content\/uploads\/2022\/10\/Muros-schody-150x100.jpg 150w\" sizes=\"auto, (max-width: 300px) 100vw, 300px\" \/><\/a> <a href=\"https:\/\/pluskata.pl\/www\/pl\/rejsy-2022\/a-coruna-lizbona-12-25-09-2022\/muros-kamienna-ulica\/\"><img loading=\"lazy\" decoding=\"async\" class=\"alignnone wp-image-3087 size-medium\" src=\"https:\/\/pluskata.pl\/www\/wp-content\/uploads\/2022\/10\/Muros-kamienna-ulica-300x200.jpg\" alt=\"Muros kamienna ulica\" width=\"300\" height=\"200\" srcset=\"https:\/\/pluskata.pl\/www\/wp-content\/uploads\/2022\/10\/Muros-kamienna-ulica-300x200.jpg 300w, https:\/\/pluskata.pl\/www\/wp-content\/uploads\/2022\/10\/Muros-kamienna-ulica-1024x683.jpg 1024w, https:\/\/pluskata.pl\/www\/wp-content\/uploads\/2022\/10\/Muros-kamienna-ulica-768x512.jpg 768w, https:\/\/pluskata.pl\/www\/wp-content\/uploads\/2022\/10\/Muros-kamienna-ulica-1536x1024.jpg 1536w, https:\/\/pluskata.pl\/www\/wp-content\/uploads\/2022\/10\/Muros-kamienna-ulica-2048x1365.jpg 2048w, https:\/\/pluskata.pl\/www\/wp-content\/uploads\/2022\/10\/Muros-kamienna-ulica-150x100.jpg 150w\" sizes=\"auto, (max-width: 300px) 100vw, 300px\" \/><\/a> <a href=\"https:\/\/pluskata.pl\/www\/pl\/rejsy-2022\/a-coruna-lizbona-12-25-09-2022\/muros-ulica\/\"><img loading=\"lazy\" decoding=\"async\" class=\"alignnone wp-image-3086 size-medium\" src=\"https:\/\/pluskata.pl\/www\/wp-content\/uploads\/2022\/10\/Muros-ulica-300x200.jpg\" alt=\"\" width=\"300\" height=\"200\" \/><\/a> <a href=\"https:\/\/pluskata.pl\/www\/pl\/rejsy-2022\/a-coruna-lizbona-12-25-09-2022\/muros-kosciol\/\"><img loading=\"lazy\" decoding=\"async\" class=\"alignnone wp-image-3085 size-medium\" src=\"https:\/\/pluskata.pl\/www\/wp-content\/uploads\/2022\/10\/Muros-kosciol-300x200.jpg\" alt=\"Muros kosciol\" width=\"300\" height=\"200\" srcset=\"https:\/\/pluskata.pl\/www\/wp-content\/uploads\/2022\/10\/Muros-kosciol-300x200.jpg 300w, https:\/\/pluskata.pl\/www\/wp-content\/uploads\/2022\/10\/Muros-kosciol-1024x683.jpg 1024w, https:\/\/pluskata.pl\/www\/wp-content\/uploads\/2022\/10\/Muros-kosciol-768x512.jpg 768w, https:\/\/pluskata.pl\/www\/wp-content\/uploads\/2022\/10\/Muros-kosciol-1536x1024.jpg 1536w, https:\/\/pluskata.pl\/www\/wp-content\/uploads\/2022\/10\/Muros-kosciol-2048x1365.jpg 2048w, https:\/\/pluskata.pl\/www\/wp-content\/uploads\/2022\/10\/Muros-kosciol-150x100.jpg 150w\" sizes=\"auto, (max-width: 300px) 100vw, 300px\" \/><\/a> <a href=\"https:\/\/pluskata.pl\/www\/pl\/rejsy-2022\/a-coruna-lizbona-12-25-09-2022\/muros-domy\/\"><img loading=\"lazy\" decoding=\"async\" class=\"alignnone wp-image-3084 size-medium\" src=\"https:\/\/pluskata.pl\/www\/wp-content\/uploads\/2022\/10\/Muros-domy-300x200.jpg\" alt=\"Muros domy\" width=\"300\" height=\"200\" srcset=\"https:\/\/pluskata.pl\/www\/wp-content\/uploads\/2022\/10\/Muros-domy-300x200.jpg 300w, https:\/\/pluskata.pl\/www\/wp-content\/uploads\/2022\/10\/Muros-domy-1024x683.jpg 1024w, https:\/\/pluskata.pl\/www\/wp-content\/uploads\/2022\/10\/Muros-domy-768x512.jpg 768w, https:\/\/pluskata.pl\/www\/wp-content\/uploads\/2022\/10\/Muros-domy-1536x1024.jpg 1536w, https:\/\/pluskata.pl\/www\/wp-content\/uploads\/2022\/10\/Muros-domy-2048x1365.jpg 2048w, https:\/\/pluskata.pl\/www\/wp-content\/uploads\/2022\/10\/Muros-domy-150x100.jpg 150w\" sizes=\"auto, (max-width: 300px) 100vw, 300px\" \/><\/a><\/p>\n<p>Przy podej\u015bciu bosman ma pretensj\u0119, \u017ce nie wywo\u0142ali\u015bmy go przez VHF, ale w ko\u0144cu nam daruje, a jak id\u0119 zap\u0142aci\u0107 to okazuje si\u0119 bardzo sympatycznym cz\u0142owiekiem. Miasteczko jest \u0142adne, jest du\u017co dom\u00f3w na sprzeda\u017c, niestety cz\u0119sto bardzo zrujnowanych. Jest te\u017c du\u017co kaplic i ko\u015bcio\u0142\u00f3w (w wi\u0119kszo\u015bci zamkni\u0119tych). Okazuje si\u0119, \u017ce w porcie stoi polski jacht, kt\u00f3rego zaatakowa\u0142y orki i uszkodzi\u0142y p\u0142etw\u0119 sterow\u0105 \u2013 przyholowa\u0142 ich SAR.<\/p>\n<p><strong>16-09-2022 pi\u0105tek Baiona<\/strong><\/p>\n<p><a href=\"https:\/\/pluskata.pl\/www\/pl\/rejsy-2022\/a-coruna-lizbona-12-25-09-2022\/delfiny\/\"><img loading=\"lazy\" decoding=\"async\" class=\"alignnone wp-image-3082 size-medium\" src=\"https:\/\/pluskata.pl\/www\/wp-content\/uploads\/2022\/10\/Delfiny--300x200.jpg\" alt=\"Delfiny\" width=\"300\" height=\"200\" srcset=\"https:\/\/pluskata.pl\/www\/wp-content\/uploads\/2022\/10\/Delfiny--300x200.jpg 300w, https:\/\/pluskata.pl\/www\/wp-content\/uploads\/2022\/10\/Delfiny--1024x681.jpg 1024w, https:\/\/pluskata.pl\/www\/wp-content\/uploads\/2022\/10\/Delfiny--768x511.jpg 768w, https:\/\/pluskata.pl\/www\/wp-content\/uploads\/2022\/10\/Delfiny--1536x1022.jpg 1536w, https:\/\/pluskata.pl\/www\/wp-content\/uploads\/2022\/10\/Delfiny--2048x1363.jpg 2048w, https:\/\/pluskata.pl\/www\/wp-content\/uploads\/2022\/10\/Delfiny--150x100.jpg 150w\" sizes=\"auto, (max-width: 300px) 100vw, 300px\" \/><\/a> <a href=\"https:\/\/pluskata.pl\/www\/pl\/rejsy-2022\/a-coruna-lizbona-12-25-09-2022\/baiona-z-wody\/\"><img loading=\"lazy\" decoding=\"async\" class=\"alignnone wp-image-3083 size-medium\" src=\"https:\/\/pluskata.pl\/www\/wp-content\/uploads\/2022\/10\/Baiona-z-wody-300x200.jpg\" alt=\"Baiona z wody\" width=\"300\" height=\"200\" srcset=\"https:\/\/pluskata.pl\/www\/wp-content\/uploads\/2022\/10\/Baiona-z-wody-300x200.jpg 300w, https:\/\/pluskata.pl\/www\/wp-content\/uploads\/2022\/10\/Baiona-z-wody-1024x683.jpg 1024w, https:\/\/pluskata.pl\/www\/wp-content\/uploads\/2022\/10\/Baiona-z-wody-768x512.jpg 768w, https:\/\/pluskata.pl\/www\/wp-content\/uploads\/2022\/10\/Baiona-z-wody-1536x1024.jpg 1536w, https:\/\/pluskata.pl\/www\/wp-content\/uploads\/2022\/10\/Baiona-z-wody-2048x1366.jpg 2048w, https:\/\/pluskata.pl\/www\/wp-content\/uploads\/2022\/10\/Baiona-z-wody-150x100.jpg 150w\" sizes=\"auto, (max-width: 300px) 100vw, 300px\" \/><\/a> <a href=\"https:\/\/pluskata.pl\/www\/pl\/rejsy-2022\/a-coruna-lizbona-12-25-09-2022\/baiona-zamek-z-wody\/\"><img loading=\"lazy\" decoding=\"async\" class=\"alignnone wp-image-3081 size-medium\" src=\"https:\/\/pluskata.pl\/www\/wp-content\/uploads\/2022\/10\/Baiona-zamek-z-wody-300x200.jpg\" alt=\"Baiona zamek z wody\" width=\"300\" height=\"200\" srcset=\"https:\/\/pluskata.pl\/www\/wp-content\/uploads\/2022\/10\/Baiona-zamek-z-wody-300x200.jpg 300w, https:\/\/pluskata.pl\/www\/wp-content\/uploads\/2022\/10\/Baiona-zamek-z-wody-1024x683.jpg 1024w, https:\/\/pluskata.pl\/www\/wp-content\/uploads\/2022\/10\/Baiona-zamek-z-wody-768x512.jpg 768w, https:\/\/pluskata.pl\/www\/wp-content\/uploads\/2022\/10\/Baiona-zamek-z-wody-1536x1024.jpg 1536w, https:\/\/pluskata.pl\/www\/wp-content\/uploads\/2022\/10\/Baiona-zamek-z-wody-2048x1365.jpg 2048w, https:\/\/pluskata.pl\/www\/wp-content\/uploads\/2022\/10\/Baiona-zamek-z-wody-150x100.jpg 150w\" sizes=\"auto, (max-width: 300px) 100vw, 300px\" \/><\/a><br \/>\nWyp\u0142ywamy po \u015bniadaniu o 8:30. Mimo marnej prognozy wiatr jest ca\u0142kiem niez\u0142y wi\u0119c p\u0142yniemy ze \u015bredni\u0105 pr\u0119dko\u015bci\u0105 4,5kn. Na kanale 16 s\u0142yszymy stacj\u0119 brzegow\u0105, kt\u00f3ra odpowiada na wo\u0142anie o pomoc polskiego jachtu Krystyna, kt\u00f3rego zaatakowa\u0142y orki. Podchodz\u0105c do Baiony widzimy uszkodzony jacht holowany przez SAR. Podobno orki uszkodzi\u0142y im ster. Do Baiony dop\u0142ywamy zaraz przed 19, stajemy w marinie klubowej przy pomo\u015bcie go\u015bcinnym. Id\u0119 do biura zap\u0142aci\u0107. Szef w\u0142a\u015bnie wychodzi, ale jeszcze rejestruje jacht i przyjmuje op\u0142at\u0119 . Wieczorem idziemy na spacer po mie\u015bcie.<\/p>\n<p><a href=\"https:\/\/pluskata.pl\/www\/pl\/rejsy-2022\/a-coruna-lizbona-12-25-09-2022\/baiona-kosciol\/\"><img loading=\"lazy\" decoding=\"async\" class=\"alignnone wp-image-3080\" src=\"https:\/\/pluskata.pl\/www\/wp-content\/uploads\/2022\/10\/Baiona-kosciol.jpg\" alt=\"Baiona kosciol\" width=\"300\" height=\"200\" \/><\/a> <a href=\"https:\/\/pluskata.pl\/www\/pl\/rejsy-2022\/a-coruna-lizbona-12-25-09-2022\/baiona-statek-kolumba\/\"><img loading=\"lazy\" decoding=\"async\" class=\"alignnone wp-image-3079 size-medium\" src=\"https:\/\/pluskata.pl\/www\/wp-content\/uploads\/2022\/10\/Baiona-statek-Kolumba-300x200.jpg\" alt=\"Baiona statek Kolumba\" width=\"300\" height=\"200\" srcset=\"https:\/\/pluskata.pl\/www\/wp-content\/uploads\/2022\/10\/Baiona-statek-Kolumba-300x200.jpg 300w, https:\/\/pluskata.pl\/www\/wp-content\/uploads\/2022\/10\/Baiona-statek-Kolumba-1024x682.jpg 1024w, https:\/\/pluskata.pl\/www\/wp-content\/uploads\/2022\/10\/Baiona-statek-Kolumba-768x512.jpg 768w, https:\/\/pluskata.pl\/www\/wp-content\/uploads\/2022\/10\/Baiona-statek-Kolumba-1536x1023.jpg 1536w, https:\/\/pluskata.pl\/www\/wp-content\/uploads\/2022\/10\/Baiona-statek-Kolumba-2048x1365.jpg 2048w, https:\/\/pluskata.pl\/www\/wp-content\/uploads\/2022\/10\/Baiona-statek-Kolumba-150x100.jpg 150w\" sizes=\"auto, (max-width: 300px) 100vw, 300px\" \/><\/a> <a href=\"https:\/\/pluskata.pl\/www\/pl\/rejsy-2022\/a-coruna-lizbona-12-25-09-2022\/baiona-zamek\/\"><img loading=\"lazy\" decoding=\"async\" class=\"alignnone wp-image-3078 size-medium\" src=\"https:\/\/pluskata.pl\/www\/wp-content\/uploads\/2022\/10\/Baiona-zamek-300x200.jpg\" alt=\"Baiona zamek\" width=\"300\" height=\"200\" srcset=\"https:\/\/pluskata.pl\/www\/wp-content\/uploads\/2022\/10\/Baiona-zamek-300x200.jpg 300w, https:\/\/pluskata.pl\/www\/wp-content\/uploads\/2022\/10\/Baiona-zamek-1024x683.jpg 1024w, https:\/\/pluskata.pl\/www\/wp-content\/uploads\/2022\/10\/Baiona-zamek-768x512.jpg 768w, https:\/\/pluskata.pl\/www\/wp-content\/uploads\/2022\/10\/Baiona-zamek-1536x1024.jpg 1536w, https:\/\/pluskata.pl\/www\/wp-content\/uploads\/2022\/10\/Baiona-zamek-2048x1365.jpg 2048w, https:\/\/pluskata.pl\/www\/wp-content\/uploads\/2022\/10\/Baiona-zamek-150x100.jpg 150w\" sizes=\"auto, (max-width: 300px) 100vw, 300px\" \/><\/a> <a href=\"https:\/\/pluskata.pl\/www\/pl\/rejsy-2022\/a-coruna-lizbona-12-25-09-2022\/zachod-slonca-3\/\"><img loading=\"lazy\" decoding=\"async\" class=\"alignnone wp-image-3073 size-medium\" src=\"https:\/\/pluskata.pl\/www\/wp-content\/uploads\/2022\/10\/Zachod-slonca-300x200.jpg\" alt=\"Zachod slonca\" width=\"300\" height=\"200\" srcset=\"https:\/\/pluskata.pl\/www\/wp-content\/uploads\/2022\/10\/Zachod-slonca-300x200.jpg 300w, https:\/\/pluskata.pl\/www\/wp-content\/uploads\/2022\/10\/Zachod-slonca-1024x683.jpg 1024w, https:\/\/pluskata.pl\/www\/wp-content\/uploads\/2022\/10\/Zachod-slonca-768x512.jpg 768w, https:\/\/pluskata.pl\/www\/wp-content\/uploads\/2022\/10\/Zachod-slonca-1536x1024.jpg 1536w, https:\/\/pluskata.pl\/www\/wp-content\/uploads\/2022\/10\/Zachod-slonca-2048x1365.jpg 2048w, https:\/\/pluskata.pl\/www\/wp-content\/uploads\/2022\/10\/Zachod-slonca-150x100.jpg 150w\" sizes=\"auto, (max-width: 300px) 100vw, 300px\" \/><\/a><\/p>\n<p><strong>17-09-2022 sobota Baiona<\/strong><br \/>\nRano przestawiamy si\u0119 na inne miejsce (na nasze miejsce przyp\u0142ywa jacht, dla kt\u00f3rego to miejsce by\u0142o zarezerwowane) i idziemy zwiedza\u0107 p\u00f3\u0142wysep z zamkiem. Wdrapujemy si\u0119 na g\u00f3rne mury. S\u0105 \u0142adne widoczki, wewn\u0105trz mur\u00f3w ko\u015bci\u00f3\u0142, hotel i restauracje gdzie w\u0142a\u015bnie odbywa si\u0119 wesele.<\/p>\n<p><a href=\"https:\/\/pluskata.pl\/www\/pl\/rejsy-2022\/a-coruna-lizbona-12-25-09-2022\/baiona-zakaz-palenia\/\"><img loading=\"lazy\" decoding=\"async\" class=\"alignnone wp-image-3077 size-medium\" src=\"https:\/\/pluskata.pl\/www\/wp-content\/uploads\/2022\/10\/Baiona-zakaz-palenia-300x200.jpg\" alt=\"Baiona zakaz palenia\" width=\"300\" height=\"200\" srcset=\"https:\/\/pluskata.pl\/www\/wp-content\/uploads\/2022\/10\/Baiona-zakaz-palenia-300x200.jpg 300w, https:\/\/pluskata.pl\/www\/wp-content\/uploads\/2022\/10\/Baiona-zakaz-palenia-1024x683.jpg 1024w, https:\/\/pluskata.pl\/www\/wp-content\/uploads\/2022\/10\/Baiona-zakaz-palenia-768x512.jpg 768w, https:\/\/pluskata.pl\/www\/wp-content\/uploads\/2022\/10\/Baiona-zakaz-palenia-1536x1024.jpg 1536w, https:\/\/pluskata.pl\/www\/wp-content\/uploads\/2022\/10\/Baiona-zakaz-palenia-2048x1366.jpg 2048w, https:\/\/pluskata.pl\/www\/wp-content\/uploads\/2022\/10\/Baiona-zakaz-palenia-150x100.jpg 150w\" sizes=\"auto, (max-width: 300px) 100vw, 300px\" \/><\/a> <a href=\"https:\/\/pluskata.pl\/www\/pl\/rejsy-2022\/a-coruna-lizbona-12-25-09-2022\/baiona-widok-z-zamku\/\"><img loading=\"lazy\" decoding=\"async\" class=\"alignnone wp-image-3076 size-medium\" src=\"https:\/\/pluskata.pl\/www\/wp-content\/uploads\/2022\/10\/Baiona-widok-z-zamku-300x200.jpg\" alt=\"Baiona widok z zamku\" width=\"300\" height=\"200\" srcset=\"https:\/\/pluskata.pl\/www\/wp-content\/uploads\/2022\/10\/Baiona-widok-z-zamku-300x200.jpg 300w, https:\/\/pluskata.pl\/www\/wp-content\/uploads\/2022\/10\/Baiona-widok-z-zamku-1024x683.jpg 1024w, https:\/\/pluskata.pl\/www\/wp-content\/uploads\/2022\/10\/Baiona-widok-z-zamku-768x512.jpg 768w, https:\/\/pluskata.pl\/www\/wp-content\/uploads\/2022\/10\/Baiona-widok-z-zamku-1536x1024.jpg 1536w, https:\/\/pluskata.pl\/www\/wp-content\/uploads\/2022\/10\/Baiona-widok-z-zamku-2048x1365.jpg 2048w, https:\/\/pluskata.pl\/www\/wp-content\/uploads\/2022\/10\/Baiona-widok-z-zamku-150x100.jpg 150w\" sizes=\"auto, (max-width: 300px) 100vw, 300px\" \/><\/a> <a href=\"https:\/\/pluskata.pl\/www\/pl\/rejsy-2022\/a-coruna-lizbona-12-25-09-2022\/baiona-znaki\/\"><img loading=\"lazy\" decoding=\"async\" class=\"alignnone wp-image-3075 size-medium\" src=\"https:\/\/pluskata.pl\/www\/wp-content\/uploads\/2022\/10\/Baiona-znaki-300x204.jpg\" alt=\"Baiona znaki\" width=\"300\" height=\"204\" srcset=\"https:\/\/pluskata.pl\/www\/wp-content\/uploads\/2022\/10\/Baiona-znaki-300x204.jpg 300w, https:\/\/pluskata.pl\/www\/wp-content\/uploads\/2022\/10\/Baiona-znaki-1024x697.jpg 1024w, https:\/\/pluskata.pl\/www\/wp-content\/uploads\/2022\/10\/Baiona-znaki-768x523.jpg 768w, https:\/\/pluskata.pl\/www\/wp-content\/uploads\/2022\/10\/Baiona-znaki-1536x1046.jpg 1536w\" sizes=\"auto, (max-width: 300px) 100vw, 300px\" \/><\/a> <a href=\"https:\/\/pluskata.pl\/www\/pl\/rejsy-2022\/a-coruna-lizbona-12-25-09-2022\/baiona-kapliczki\/\"><img loading=\"lazy\" decoding=\"async\" class=\"alignnone wp-image-3074 size-medium\" src=\"https:\/\/pluskata.pl\/www\/wp-content\/uploads\/2022\/10\/Baiona-kapliczki-300x200.jpg\" alt=\"Baiona kapliczki\" width=\"300\" height=\"200\" srcset=\"https:\/\/pluskata.pl\/www\/wp-content\/uploads\/2022\/10\/Baiona-kapliczki-300x200.jpg 300w, https:\/\/pluskata.pl\/www\/wp-content\/uploads\/2022\/10\/Baiona-kapliczki-1024x682.jpg 1024w, https:\/\/pluskata.pl\/www\/wp-content\/uploads\/2022\/10\/Baiona-kapliczki-768x512.jpg 768w, https:\/\/pluskata.pl\/www\/wp-content\/uploads\/2022\/10\/Baiona-kapliczki-1536x1023.jpg 1536w, https:\/\/pluskata.pl\/www\/wp-content\/uploads\/2022\/10\/Baiona-kapliczki-2048x1365.jpg 2048w, https:\/\/pluskata.pl\/www\/wp-content\/uploads\/2022\/10\/Baiona-kapliczki-150x100.jpg 150w\" sizes=\"auto, (max-width: 300px) 100vw, 300px\" \/><\/a><br \/>\nWracamy na obiad na jacht i o 18 wychodzimy w morze.<\/p>\n<p><strong>18-09-2022 niedziela Porto<\/strong><br \/>\nW nocy wieje r\u00f3\u017cnie, wi\u0119c troch\u0119 p\u0142yniemy na \u017caglach a troch\u0119 na silniku. Do mariny Douro wchodzimy przed 12 w po\u0142udnie. Jest ciep\u0142o i s\u0142onecznie. W biurze mariny jest sympatyczna pani, kt\u00f3ra opowiada co warto zobaczy\u0107 w mie\u015bcie i oferuje, \u017ce wezwie dla nas taks\u00f3wki, jak b\u0119dzieli chcieli pojecha\u0107 do miasta. Pomosty i toalety otwierane s\u0105 na kart\u0119 \u2013 mo\u017cna wzi\u0105\u0107 kart ile si\u0119 chce \u2013 bior\u0119 4szt. Po drugim \u015bniadaniu jedziemy dwoma taks\u00f3wkami na stare miasto.<\/p>\n<p><a href=\"https:\/\/pluskata.pl\/www\/pl\/rejsy-2022\/a-coruna-lizbona-12-25-09-2022\/porto-rzeka\/\"><img loading=\"lazy\" decoding=\"async\" class=\"alignnone wp-image-3072 size-medium\" src=\"https:\/\/pluskata.pl\/www\/wp-content\/uploads\/2022\/10\/Porto-rzeka-300x200.jpg\" alt=\"Porto rzeka\" width=\"300\" height=\"200\" srcset=\"https:\/\/pluskata.pl\/www\/wp-content\/uploads\/2022\/10\/Porto-rzeka-300x200.jpg 300w, https:\/\/pluskata.pl\/www\/wp-content\/uploads\/2022\/10\/Porto-rzeka-1024x683.jpg 1024w, https:\/\/pluskata.pl\/www\/wp-content\/uploads\/2022\/10\/Porto-rzeka-768x512.jpg 768w, https:\/\/pluskata.pl\/www\/wp-content\/uploads\/2022\/10\/Porto-rzeka-1536x1025.jpg 1536w\" sizes=\"auto, (max-width: 300px) 100vw, 300px\" \/><\/a> <a href=\"https:\/\/pluskata.pl\/www\/pl\/rejsy-2022\/a-coruna-lizbona-12-25-09-2022\/porto-most\/\"><img loading=\"lazy\" decoding=\"async\" class=\"alignnone wp-image-3070 size-medium\" src=\"https:\/\/pluskata.pl\/www\/wp-content\/uploads\/2022\/10\/Porto-most-300x200.jpg\" alt=\"Porto most\" width=\"300\" height=\"200\" srcset=\"https:\/\/pluskata.pl\/www\/wp-content\/uploads\/2022\/10\/Porto-most-300x200.jpg 300w, https:\/\/pluskata.pl\/www\/wp-content\/uploads\/2022\/10\/Porto-most-1024x682.jpg 1024w, https:\/\/pluskata.pl\/www\/wp-content\/uploads\/2022\/10\/Porto-most-768x512.jpg 768w, https:\/\/pluskata.pl\/www\/wp-content\/uploads\/2022\/10\/Porto-most-1536x1023.jpg 1536w, https:\/\/pluskata.pl\/www\/wp-content\/uploads\/2022\/10\/Porto-most-2048x1365.jpg 2048w, https:\/\/pluskata.pl\/www\/wp-content\/uploads\/2022\/10\/Porto-most-150x100.jpg 150w\" sizes=\"auto, (max-width: 300px) 100vw, 300px\" \/><\/a> <a href=\"https:\/\/pluskata.pl\/www\/pl\/rejsy-2022\/a-coruna-lizbona-12-25-09-2022\/porto-dom-z-mozaikami\/\"><img loading=\"lazy\" decoding=\"async\" class=\"alignnone wp-image-3071 size-medium\" src=\"https:\/\/pluskata.pl\/www\/wp-content\/uploads\/2022\/10\/Porto-dom-z-mozaikami-300x200.jpg\" alt=\"Porto dom z mozaikami\" width=\"300\" height=\"200\" srcset=\"https:\/\/pluskata.pl\/www\/wp-content\/uploads\/2022\/10\/Porto-dom-z-mozaikami-300x200.jpg 300w, https:\/\/pluskata.pl\/www\/wp-content\/uploads\/2022\/10\/Porto-dom-z-mozaikami-1024x683.jpg 1024w, https:\/\/pluskata.pl\/www\/wp-content\/uploads\/2022\/10\/Porto-dom-z-mozaikami-768x512.jpg 768w, https:\/\/pluskata.pl\/www\/wp-content\/uploads\/2022\/10\/Porto-dom-z-mozaikami-1536x1024.jpg 1536w, https:\/\/pluskata.pl\/www\/wp-content\/uploads\/2022\/10\/Porto-dom-z-mozaikami-2048x1365.jpg 2048w, https:\/\/pluskata.pl\/www\/wp-content\/uploads\/2022\/10\/Porto-dom-z-mozaikami-150x100.jpg 150w\" sizes=\"auto, (max-width: 300px) 100vw, 300px\" \/><\/a> <a href=\"https:\/\/pluskata.pl\/www\/pl\/rejsy-2022\/a-coruna-lizbona-12-25-09-2022\/porto-ulica\/\"><img loading=\"lazy\" decoding=\"async\" class=\"alignnone wp-image-3069 size-medium\" src=\"https:\/\/pluskata.pl\/www\/wp-content\/uploads\/2022\/10\/Porto-ulica-200x300.jpg\" alt=\"Porto ulica\" width=\"200\" height=\"300\" srcset=\"https:\/\/pluskata.pl\/www\/wp-content\/uploads\/2022\/10\/Porto-ulica-200x300.jpg 200w, https:\/\/pluskata.pl\/www\/wp-content\/uploads\/2022\/10\/Porto-ulica-683x1024.jpg 683w, https:\/\/pluskata.pl\/www\/wp-content\/uploads\/2022\/10\/Porto-ulica-768x1152.jpg 768w, https:\/\/pluskata.pl\/www\/wp-content\/uploads\/2022\/10\/Porto-ulica-scaled.jpg 1707w\" sizes=\"auto, (max-width: 200px) 100vw, 200px\" \/><\/a> <a href=\"https:\/\/pluskata.pl\/www\/pl\/rejsy-2022\/a-coruna-lizbona-12-25-09-2022\/porto-mozaiki\/\"><img loading=\"lazy\" decoding=\"async\" class=\"alignnone wp-image-3068 size-medium\" src=\"https:\/\/pluskata.pl\/www\/wp-content\/uploads\/2022\/10\/Porto-mozaiki-300x200.jpg\" alt=\"Porto mozaiki\" width=\"300\" height=\"200\" srcset=\"https:\/\/pluskata.pl\/www\/wp-content\/uploads\/2022\/10\/Porto-mozaiki-300x200.jpg 300w, https:\/\/pluskata.pl\/www\/wp-content\/uploads\/2022\/10\/Porto-mozaiki-1024x683.jpg 1024w, https:\/\/pluskata.pl\/www\/wp-content\/uploads\/2022\/10\/Porto-mozaiki-768x512.jpg 768w, https:\/\/pluskata.pl\/www\/wp-content\/uploads\/2022\/10\/Porto-mozaiki-1536x1024.jpg 1536w, https:\/\/pluskata.pl\/www\/wp-content\/uploads\/2022\/10\/Porto-mozaiki-2048x1365.jpg 2048w, https:\/\/pluskata.pl\/www\/wp-content\/uploads\/2022\/10\/Porto-mozaiki-150x100.jpg 150w\" sizes=\"auto, (max-width: 300px) 100vw, 300px\" \/><\/a> <a href=\"https:\/\/pluskata.pl\/www\/pl\/rejsy-2022\/a-coruna-lizbona-12-25-09-2022\/porto-kosciol\/\"><img loading=\"lazy\" decoding=\"async\" class=\"alignnone wp-image-3067 size-medium\" src=\"https:\/\/pluskata.pl\/www\/wp-content\/uploads\/2022\/10\/Porto-kosciol-300x200.jpg\" alt=\"Porto ko\u015bci\u00f3\u0142\" width=\"300\" height=\"200\" srcset=\"https:\/\/pluskata.pl\/www\/wp-content\/uploads\/2022\/10\/Porto-kosciol-300x200.jpg 300w, https:\/\/pluskata.pl\/www\/wp-content\/uploads\/2022\/10\/Porto-kosciol-1024x683.jpg 1024w, https:\/\/pluskata.pl\/www\/wp-content\/uploads\/2022\/10\/Porto-kosciol-768x512.jpg 768w, https:\/\/pluskata.pl\/www\/wp-content\/uploads\/2022\/10\/Porto-kosciol-1536x1024.jpg 1536w, https:\/\/pluskata.pl\/www\/wp-content\/uploads\/2022\/10\/Porto-kosciol-2048x1365.jpg 2048w, https:\/\/pluskata.pl\/www\/wp-content\/uploads\/2022\/10\/Porto-kosciol-150x100.jpg 150w\" sizes=\"auto, (max-width: 300px) 100vw, 300px\" \/><\/a> <a href=\"https:\/\/pluskata.pl\/www\/pl\/rejsy-2022\/a-coruna-lizbona-12-25-09-2022\/porto-klasztor\/\"><img loading=\"lazy\" decoding=\"async\" class=\"alignnone wp-image-3066 size-medium\" src=\"https:\/\/pluskata.pl\/www\/wp-content\/uploads\/2022\/10\/Porto-klasztor-300x200.jpg\" alt=\"Porto klasztor\" width=\"300\" height=\"200\" srcset=\"https:\/\/pluskata.pl\/www\/wp-content\/uploads\/2022\/10\/Porto-klasztor-300x200.jpg 300w, https:\/\/pluskata.pl\/www\/wp-content\/uploads\/2022\/10\/Porto-klasztor-1024x682.jpg 1024w, https:\/\/pluskata.pl\/www\/wp-content\/uploads\/2022\/10\/Porto-klasztor-768x511.jpg 768w, https:\/\/pluskata.pl\/www\/wp-content\/uploads\/2022\/10\/Porto-klasztor-1536x1023.jpg 1536w\" sizes=\"auto, (max-width: 300px) 100vw, 300px\" \/><\/a> <a href=\"https:\/\/pluskata.pl\/www\/pl\/rejsy-2022\/a-coruna-lizbona-12-25-09-2022\/porto-mcdonald\/\"><img loading=\"lazy\" decoding=\"async\" class=\"alignnone wp-image-3065 size-medium\" src=\"https:\/\/pluskata.pl\/www\/wp-content\/uploads\/2022\/10\/Porto-McDonald-300x200.jpg\" alt=\"Porto McDonald\" width=\"300\" height=\"200\" srcset=\"https:\/\/pluskata.pl\/www\/wp-content\/uploads\/2022\/10\/Porto-McDonald-300x200.jpg 300w, https:\/\/pluskata.pl\/www\/wp-content\/uploads\/2022\/10\/Porto-McDonald-1024x683.jpg 1024w, https:\/\/pluskata.pl\/www\/wp-content\/uploads\/2022\/10\/Porto-McDonald-768x512.jpg 768w, https:\/\/pluskata.pl\/www\/wp-content\/uploads\/2022\/10\/Porto-McDonald-1536x1024.jpg 1536w, https:\/\/pluskata.pl\/www\/wp-content\/uploads\/2022\/10\/Porto-McDonald-2048x1365.jpg 2048w, https:\/\/pluskata.pl\/www\/wp-content\/uploads\/2022\/10\/Porto-McDonald-150x100.jpg 150w\" sizes=\"auto, (max-width: 300px) 100vw, 300px\" \/><\/a><\/p>\n<p>Miasto jest \u0142adne, tyle, \u017ce w du\u017cej cz\u0119\u015bci w remoncie. Zwiedzamy miasto, idziemy na lody i kaw\u0119 a na koniec idziemy na obiad &#8211; jedzenie typowo portugalskie. Wracamy g\u00f3r\u0105 mostu (w poprzedni\u0105 stron\u0119 szli\u015bmy do\u0142em). Wieczorem okazuje si\u0119, \u017ce taks\u00f3wek nie ma wi\u0119c wracamy na piechot\u0119. To tylko 7km.<\/p>\n<p><a href=\"https:\/\/pluskata.pl\/www\/pl\/rejsy-2022\/a-coruna-lizbona-12-25-09-2022\/porto-noca\/\"><img loading=\"lazy\" decoding=\"async\" class=\"alignnone wp-image-3064 size-medium\" src=\"https:\/\/pluskata.pl\/www\/wp-content\/uploads\/2022\/10\/Porto-noca-300x200.jpg\" alt=\"Porto noca\" width=\"300\" height=\"200\" srcset=\"https:\/\/pluskata.pl\/www\/wp-content\/uploads\/2022\/10\/Porto-noca-300x200.jpg 300w, https:\/\/pluskata.pl\/www\/wp-content\/uploads\/2022\/10\/Porto-noca-1024x683.jpg 1024w, https:\/\/pluskata.pl\/www\/wp-content\/uploads\/2022\/10\/Porto-noca-768x512.jpg 768w, https:\/\/pluskata.pl\/www\/wp-content\/uploads\/2022\/10\/Porto-noca-1536x1024.jpg 1536w, https:\/\/pluskata.pl\/www\/wp-content\/uploads\/2022\/10\/Porto-noca-2048x1365.jpg 2048w, https:\/\/pluskata.pl\/www\/wp-content\/uploads\/2022\/10\/Porto-noca-150x100.jpg 150w\" sizes=\"auto, (max-width: 300px) 100vw, 300px\" \/><\/a><\/p>\n<p>Do mariny dochodzimy jeszcze przed p\u00f3\u0142noc\u0105 \u2013 troch\u0119 pada deszcz, ale na szcz\u0119\u015bcie kr\u00f3tko.<\/p>\n<p><strong>19-09-2022 poniedzia\u0142ek Porto<\/strong><br \/>\nRano Tomek z Marcinem id\u0105 po zakupy i znikaj\u0105 na ponad 2 godziny \u2013 okazuje si\u0119, \u017ce w miejscowym sklepie nie ma nic, wi\u0119c id\u0105 do marketu odleg\u0142ego o 2km i to pod g\u00f3r\u0119.<\/p>\n<p><a href=\"https:\/\/pluskata.pl\/www\/pl\/rejsy-2022\/a-coruna-lizbona-12-25-09-2022\/vila-nova-de-gaia-porto\/\"><img loading=\"lazy\" decoding=\"async\" class=\"alignnone wp-image-3062 size-medium\" src=\"https:\/\/pluskata.pl\/www\/wp-content\/uploads\/2022\/10\/Vila-Nova-de-Gaia-Porto-300x200.jpg\" alt=\"Vila Nova de Gaia (Porto)\" width=\"300\" height=\"200\" srcset=\"https:\/\/pluskata.pl\/www\/wp-content\/uploads\/2022\/10\/Vila-Nova-de-Gaia-Porto-300x200.jpg 300w, https:\/\/pluskata.pl\/www\/wp-content\/uploads\/2022\/10\/Vila-Nova-de-Gaia-Porto-1024x683.jpg 1024w, https:\/\/pluskata.pl\/www\/wp-content\/uploads\/2022\/10\/Vila-Nova-de-Gaia-Porto-768x512.jpg 768w, https:\/\/pluskata.pl\/www\/wp-content\/uploads\/2022\/10\/Vila-Nova-de-Gaia-Porto-1536x1024.jpg 1536w, https:\/\/pluskata.pl\/www\/wp-content\/uploads\/2022\/10\/Vila-Nova-de-Gaia-Porto-2048x1365.jpg 2048w, https:\/\/pluskata.pl\/www\/wp-content\/uploads\/2022\/10\/Vila-Nova-de-Gaia-Porto-150x100.jpg 150w\" sizes=\"auto, (max-width: 300px) 100vw, 300px\" \/><\/a> <a href=\"https:\/\/pluskata.pl\/www\/pl\/rejsy-2022\/a-coruna-lizbona-12-25-09-2022\/porto-wyjscie\/\"><img loading=\"lazy\" decoding=\"async\" class=\"alignnone wp-image-3061 size-medium\" src=\"https:\/\/pluskata.pl\/www\/wp-content\/uploads\/2022\/10\/Porto-wyjscie-300x200.jpg\" alt=\"Porto wyjscie\" width=\"300\" height=\"200\" srcset=\"https:\/\/pluskata.pl\/www\/wp-content\/uploads\/2022\/10\/Porto-wyjscie-300x200.jpg 300w, https:\/\/pluskata.pl\/www\/wp-content\/uploads\/2022\/10\/Porto-wyjscie-1024x683.jpg 1024w, https:\/\/pluskata.pl\/www\/wp-content\/uploads\/2022\/10\/Porto-wyjscie-768x512.jpg 768w, https:\/\/pluskata.pl\/www\/wp-content\/uploads\/2022\/10\/Porto-wyjscie-1536x1024.jpg 1536w, https:\/\/pluskata.pl\/www\/wp-content\/uploads\/2022\/10\/Porto-wyjscie-2048x1365.jpg 2048w, https:\/\/pluskata.pl\/www\/wp-content\/uploads\/2022\/10\/Porto-wyjscie-150x100.jpg 150w\" sizes=\"auto, (max-width: 300px) 100vw, 300px\" \/><\/a> <a href=\"https:\/\/pluskata.pl\/www\/pl\/rejsy-2022\/a-coruna-lizbona-12-25-09-2022\/zachod-slonca-porto\/\"><img loading=\"lazy\" decoding=\"async\" class=\"alignnone wp-image-3060 size-medium\" src=\"https:\/\/pluskata.pl\/www\/wp-content\/uploads\/2022\/10\/Zachod-slonca-Porto-300x200.jpg\" alt=\"Zach\u00f3d s\u0142o\u0144ca Porto\" width=\"300\" height=\"200\" srcset=\"https:\/\/pluskata.pl\/www\/wp-content\/uploads\/2022\/10\/Zachod-slonca-Porto-300x200.jpg 300w, https:\/\/pluskata.pl\/www\/wp-content\/uploads\/2022\/10\/Zachod-slonca-Porto-1024x682.jpg 1024w, https:\/\/pluskata.pl\/www\/wp-content\/uploads\/2022\/10\/Zachod-slonca-Porto-768x512.jpg 768w, https:\/\/pluskata.pl\/www\/wp-content\/uploads\/2022\/10\/Zachod-slonca-Porto-1536x1023.jpg 1536w, https:\/\/pluskata.pl\/www\/wp-content\/uploads\/2022\/10\/Zachod-slonca-Porto-2048x1364.jpg 2048w, https:\/\/pluskata.pl\/www\/wp-content\/uploads\/2022\/10\/Zachod-slonca-Porto-150x100.jpg 150w\" sizes=\"auto, (max-width: 300px) 100vw, 300px\" \/><\/a><\/p>\n<p>Potem dzieciaki id\u0105 na pla\u017c\u0119, a ja z Tomkiem idziemy do pobliskiego miasteczka. Wracaj\u0105c wst\u0119pujemy na kaw\u0119 i lody. O 18 wychodzimy w morze. Nie wieje wi\u0119c ca\u0142\u0105 noc idziemy na silniku. Wieczorem przep\u0142ywamy przez farm\u0119 rybn\u0105, gdzie poluje kilka stad delfin\u00f3w.<\/p>\n<p><strong>20-09-2022 wtorek Figueria de Foz<\/strong><br \/>\nDo mariny wchodzimy o 8 rano. Biuro mariny jest czynne od 9 rano. \u017beby wyj\u015b\u0107 z pomostu trzeba u\u017cy\u0107 pastylki albo kodu. Drzwi do toalet i prysznica mo\u017cna otworzy\u0107 tylko przy pomocy pastylki. Dzieci z rodzicami i dziadkami id\u0105 na pla\u017c\u0119, a my idziemy zwiedza\u0107 miasto.<\/p>\n<p><a href=\"https:\/\/pluskata.pl\/www\/pl\/rejsy-2022\/a-coruna-lizbona-12-25-09-2022\/figueria-de-foz-wejscie-na-bazar\/\"><img loading=\"lazy\" decoding=\"async\" class=\"alignnone wp-image-3059 size-medium\" src=\"https:\/\/pluskata.pl\/www\/wp-content\/uploads\/2022\/10\/Figueria-de-Foz-wejscie-na-bazar-300x200.jpg\" alt=\"Figueria de Foz wej\u015bcie na bazar\" width=\"300\" height=\"200\" srcset=\"https:\/\/pluskata.pl\/www\/wp-content\/uploads\/2022\/10\/Figueria-de-Foz-wejscie-na-bazar-300x200.jpg 300w, https:\/\/pluskata.pl\/www\/wp-content\/uploads\/2022\/10\/Figueria-de-Foz-wejscie-na-bazar-1024x683.jpg 1024w, https:\/\/pluskata.pl\/www\/wp-content\/uploads\/2022\/10\/Figueria-de-Foz-wejscie-na-bazar-768x512.jpg 768w, https:\/\/pluskata.pl\/www\/wp-content\/uploads\/2022\/10\/Figueria-de-Foz-wejscie-na-bazar-1536x1024.jpg 1536w\" sizes=\"auto, (max-width: 300px) 100vw, 300px\" \/><\/a> <a href=\"https:\/\/pluskata.pl\/www\/pl\/rejsy-2022\/a-coruna-lizbona-12-25-09-2022\/figueria-de-foz-bazar\/\"><img loading=\"lazy\" decoding=\"async\" class=\"alignnone wp-image-3058 size-medium\" src=\"https:\/\/pluskata.pl\/www\/wp-content\/uploads\/2022\/10\/Figueria-de-Foz-bazar-300x200.jpg\" alt=\"Figueria de Foz bazar\" width=\"300\" height=\"200\" srcset=\"https:\/\/pluskata.pl\/www\/wp-content\/uploads\/2022\/10\/Figueria-de-Foz-bazar-300x200.jpg 300w, https:\/\/pluskata.pl\/www\/wp-content\/uploads\/2022\/10\/Figueria-de-Foz-bazar-1024x683.jpg 1024w, https:\/\/pluskata.pl\/www\/wp-content\/uploads\/2022\/10\/Figueria-de-Foz-bazar-768x512.jpg 768w, https:\/\/pluskata.pl\/www\/wp-content\/uploads\/2022\/10\/Figueria-de-Foz-bazar-1536x1024.jpg 1536w, https:\/\/pluskata.pl\/www\/wp-content\/uploads\/2022\/10\/Figueria-de-Foz-bazar-2048x1365.jpg 2048w, https:\/\/pluskata.pl\/www\/wp-content\/uploads\/2022\/10\/Figueria-de-Foz-bazar-150x100.jpg 150w\" sizes=\"auto, (max-width: 300px) 100vw, 300px\" \/><\/a> <a href=\"https:\/\/pluskata.pl\/www\/pl\/rejsy-2022\/a-coruna-lizbona-12-25-09-2022\/figueria-de-foz-dom\/\"><img loading=\"lazy\" decoding=\"async\" class=\"alignnone wp-image-3057 size-medium\" src=\"https:\/\/pluskata.pl\/www\/wp-content\/uploads\/2022\/10\/Figueria-de-Foz-dom-300x200.jpg\" alt=\"Figueria de Foz dom\" width=\"300\" height=\"200\" srcset=\"https:\/\/pluskata.pl\/www\/wp-content\/uploads\/2022\/10\/Figueria-de-Foz-dom-300x200.jpg 300w, https:\/\/pluskata.pl\/www\/wp-content\/uploads\/2022\/10\/Figueria-de-Foz-dom-1024x683.jpg 1024w, https:\/\/pluskata.pl\/www\/wp-content\/uploads\/2022\/10\/Figueria-de-Foz-dom-768x512.jpg 768w, https:\/\/pluskata.pl\/www\/wp-content\/uploads\/2022\/10\/Figueria-de-Foz-dom-1536x1024.jpg 1536w, https:\/\/pluskata.pl\/www\/wp-content\/uploads\/2022\/10\/Figueria-de-Foz-dom-2048x1365.jpg 2048w, https:\/\/pluskata.pl\/www\/wp-content\/uploads\/2022\/10\/Figueria-de-Foz-dom-150x100.jpg 150w\" sizes=\"auto, (max-width: 300px) 100vw, 300px\" \/><\/a> <a href=\"https:\/\/pluskata.pl\/www\/pl\/rejsy-2022\/a-coruna-lizbona-12-25-09-2022\/figueria-de-foz-kawiarnia\/\"><img loading=\"lazy\" decoding=\"async\" class=\"alignnone wp-image-3056 size-medium\" src=\"https:\/\/pluskata.pl\/www\/wp-content\/uploads\/2022\/10\/Figueria-de-Foz-kawiarnia-300x200.jpg\" alt=\"Figueria de Foz kawiarnia\" width=\"300\" height=\"200\" srcset=\"https:\/\/pluskata.pl\/www\/wp-content\/uploads\/2022\/10\/Figueria-de-Foz-kawiarnia-300x200.jpg 300w, https:\/\/pluskata.pl\/www\/wp-content\/uploads\/2022\/10\/Figueria-de-Foz-kawiarnia-1024x683.jpg 1024w, https:\/\/pluskata.pl\/www\/wp-content\/uploads\/2022\/10\/Figueria-de-Foz-kawiarnia-768x512.jpg 768w, https:\/\/pluskata.pl\/www\/wp-content\/uploads\/2022\/10\/Figueria-de-Foz-kawiarnia-1536x1024.jpg 1536w, https:\/\/pluskata.pl\/www\/wp-content\/uploads\/2022\/10\/Figueria-de-Foz-kawiarnia-2048x1365.jpg 2048w, https:\/\/pluskata.pl\/www\/wp-content\/uploads\/2022\/10\/Figueria-de-Foz-kawiarnia-150x100.jpg 150w\" sizes=\"auto, (max-width: 300px) 100vw, 300px\" \/><\/a> <a href=\"https:\/\/pluskata.pl\/www\/pl\/rejsy-2022\/a-coruna-lizbona-12-25-09-2022\/figueria-de-foz-zegar\/\"><img loading=\"lazy\" decoding=\"async\" class=\"alignnone wp-image-3055 size-medium\" src=\"https:\/\/pluskata.pl\/www\/wp-content\/uploads\/2022\/10\/Figueria-de-Foz-zegar-300x200.jpg\" alt=\"Figueria de Foz zegar\" width=\"300\" height=\"200\" srcset=\"https:\/\/pluskata.pl\/www\/wp-content\/uploads\/2022\/10\/Figueria-de-Foz-zegar-300x200.jpg 300w, https:\/\/pluskata.pl\/www\/wp-content\/uploads\/2022\/10\/Figueria-de-Foz-zegar-1024x683.jpg 1024w, https:\/\/pluskata.pl\/www\/wp-content\/uploads\/2022\/10\/Figueria-de-Foz-zegar-768x512.jpg 768w, https:\/\/pluskata.pl\/www\/wp-content\/uploads\/2022\/10\/Figueria-de-Foz-zegar-1536x1024.jpg 1536w, https:\/\/pluskata.pl\/www\/wp-content\/uploads\/2022\/10\/Figueria-de-Foz-zegar-2048x1365.jpg 2048w, https:\/\/pluskata.pl\/www\/wp-content\/uploads\/2022\/10\/Figueria-de-Foz-zegar-150x100.jpg 150w\" sizes=\"auto, (max-width: 300px) 100vw, 300px\" \/><\/a> <a href=\"https:\/\/pluskata.pl\/www\/pl\/rejsy-2022\/a-coruna-lizbona-12-25-09-2022\/figueria-de-foz-plaza\/\"><img loading=\"lazy\" decoding=\"async\" class=\"alignnone wp-image-3054 size-medium\" src=\"https:\/\/pluskata.pl\/www\/wp-content\/uploads\/2022\/10\/Figueria-de-Foz-plaza-300x229.jpg\" alt=\"Figueria de Foz plaza\" width=\"300\" height=\"229\" srcset=\"https:\/\/pluskata.pl\/www\/wp-content\/uploads\/2022\/10\/Figueria-de-Foz-plaza-300x229.jpg 300w, https:\/\/pluskata.pl\/www\/wp-content\/uploads\/2022\/10\/Figueria-de-Foz-plaza-1024x782.jpg 1024w, https:\/\/pluskata.pl\/www\/wp-content\/uploads\/2022\/10\/Figueria-de-Foz-plaza-768x586.jpg 768w, https:\/\/pluskata.pl\/www\/wp-content\/uploads\/2022\/10\/Figueria-de-Foz-plaza-1536x1173.jpg 1536w, https:\/\/pluskata.pl\/www\/wp-content\/uploads\/2022\/10\/Figueria-de-Foz-plaza-2048x1563.jpg 2048w, https:\/\/pluskata.pl\/www\/wp-content\/uploads\/2022\/10\/Figueria-de-Foz-plaza-150x115.jpg 150w\" sizes=\"auto, (max-width: 300px) 100vw, 300px\" \/><\/a><br \/>\nJest takie typowe nadmorskie, domy wy\u0142o\u017cone kafelkami, troch\u0119 sklep\u00f3w, troch\u0119 knajp. Wracaj\u0105c wst\u0119pujemy na lody do knajpy portowej. Wieczorem degustacja porto. Potem k\u0105piel pod prysznicem i Tomek oddaje pastylk\u0119 do otwierania drzwi (biuro mariny jest czynne do p\u00f3\u0142nocy).<\/p>\n<p><strong>21-09-2022 \u015broda Nazare<\/strong><br \/>\nWychodzimy o 8 rano, \u015bniadanie jemy ju\u017c w drodze. Nie wieje wi\u0119c p\u0142yniemy na silniku. W drugiej po\u0142owie dnia zaczyna wia\u0107, wi\u0119c stawiamy \u017cagle \u2013 w sumie bilans \u017cagle\/silnik wyszed\u0142 p\u00f3\u0142 na p\u00f3\u0142. Do mariny Nazare wchodzimy o 16. Mi\u0142a Pani z obs\u0142ugi mariny wskazuje nam miejsce. Prysznice s\u0105 w kontenerze i raczej ma\u0142e, ale dajemy rad\u0119. Jemy obiad (carbonara), a po obiedzie idziemy zwiedza\u0107 miasto.<\/p>\n<p><a href=\"https:\/\/pluskata.pl\/www\/pl\/rejsy-2022\/a-coruna-lizbona-12-25-09-2022\/nazare-ryby\/\"><img loading=\"lazy\" decoding=\"async\" class=\"alignnone wp-image-3053 size-medium\" src=\"https:\/\/pluskata.pl\/www\/wp-content\/uploads\/2022\/10\/Nazare-ryby-300x200.jpg\" alt=\"Nazare ryby\" width=\"300\" height=\"200\" srcset=\"https:\/\/pluskata.pl\/www\/wp-content\/uploads\/2022\/10\/Nazare-ryby-300x200.jpg 300w, https:\/\/pluskata.pl\/www\/wp-content\/uploads\/2022\/10\/Nazare-ryby-1024x683.jpg 1024w, https:\/\/pluskata.pl\/www\/wp-content\/uploads\/2022\/10\/Nazare-ryby-768x512.jpg 768w, https:\/\/pluskata.pl\/www\/wp-content\/uploads\/2022\/10\/Nazare-ryby-1536x1024.jpg 1536w, https:\/\/pluskata.pl\/www\/wp-content\/uploads\/2022\/10\/Nazare-ryby-2048x1365.jpg 2048w, https:\/\/pluskata.pl\/www\/wp-content\/uploads\/2022\/10\/Nazare-ryby-150x100.jpg 150w\" sizes=\"auto, (max-width: 300px) 100vw, 300px\" \/><\/a> <a href=\"https:\/\/pluskata.pl\/www\/pl\/rejsy-2022\/a-coruna-lizbona-12-25-09-2022\/nazare-chodnik\/\"><img loading=\"lazy\" decoding=\"async\" class=\"alignnone wp-image-3052 size-medium\" src=\"https:\/\/pluskata.pl\/www\/wp-content\/uploads\/2022\/10\/Nazare-chodnik-300x200.jpg\" alt=\"Nazare chodnik\" width=\"300\" height=\"200\" srcset=\"https:\/\/pluskata.pl\/www\/wp-content\/uploads\/2022\/10\/Nazare-chodnik-300x200.jpg 300w, https:\/\/pluskata.pl\/www\/wp-content\/uploads\/2022\/10\/Nazare-chodnik-1024x683.jpg 1024w, https:\/\/pluskata.pl\/www\/wp-content\/uploads\/2022\/10\/Nazare-chodnik-768x512.jpg 768w, https:\/\/pluskata.pl\/www\/wp-content\/uploads\/2022\/10\/Nazare-chodnik-1536x1024.jpg 1536w\" sizes=\"auto, (max-width: 300px) 100vw, 300px\" \/><\/a> <a href=\"https:\/\/pluskata.pl\/www\/pl\/rejsy-2022\/a-coruna-lizbona-12-25-09-2022\/nazare-domy\/\"><img loading=\"lazy\" decoding=\"async\" class=\"alignnone wp-image-3051 size-medium\" src=\"https:\/\/pluskata.pl\/www\/wp-content\/uploads\/2022\/10\/Nazare-domy-300x200.jpg\" alt=\"Nazare domy\" width=\"300\" height=\"200\" srcset=\"https:\/\/pluskata.pl\/www\/wp-content\/uploads\/2022\/10\/Nazare-domy-300x200.jpg 300w, https:\/\/pluskata.pl\/www\/wp-content\/uploads\/2022\/10\/Nazare-domy-1024x683.jpg 1024w, https:\/\/pluskata.pl\/www\/wp-content\/uploads\/2022\/10\/Nazare-domy-768x512.jpg 768w, https:\/\/pluskata.pl\/www\/wp-content\/uploads\/2022\/10\/Nazare-domy-1536x1024.jpg 1536w, https:\/\/pluskata.pl\/www\/wp-content\/uploads\/2022\/10\/Nazare-domy-2048x1365.jpg 2048w, https:\/\/pluskata.pl\/www\/wp-content\/uploads\/2022\/10\/Nazare-domy-150x100.jpg 150w\" sizes=\"auto, (max-width: 300px) 100vw, 300px\" \/><\/a> <a href=\"https:\/\/pluskata.pl\/www\/pl\/rejsy-2022\/a-coruna-lizbona-12-25-09-2022\/nazare-kolejka\/\"><img loading=\"lazy\" decoding=\"async\" class=\"alignnone wp-image-3050 size-medium\" src=\"https:\/\/pluskata.pl\/www\/wp-content\/uploads\/2022\/10\/Nazare-kolejka-300x200.jpg\" alt=\"Nazare kolejka\" width=\"300\" height=\"200\" srcset=\"https:\/\/pluskata.pl\/www\/wp-content\/uploads\/2022\/10\/Nazare-kolejka-300x200.jpg 300w, https:\/\/pluskata.pl\/www\/wp-content\/uploads\/2022\/10\/Nazare-kolejka-1024x683.jpg 1024w, https:\/\/pluskata.pl\/www\/wp-content\/uploads\/2022\/10\/Nazare-kolejka-768x512.jpg 768w, https:\/\/pluskata.pl\/www\/wp-content\/uploads\/2022\/10\/Nazare-kolejka-1536x1024.jpg 1536w, https:\/\/pluskata.pl\/www\/wp-content\/uploads\/2022\/10\/Nazare-kolejka-2048x1365.jpg 2048w, https:\/\/pluskata.pl\/www\/wp-content\/uploads\/2022\/10\/Nazare-kolejka-150x100.jpg 150w\" sizes=\"auto, (max-width: 300px) 100vw, 300px\" \/><\/a> <a href=\"https:\/\/pluskata.pl\/www\/pl\/rejsy-2022\/a-coruna-lizbona-12-25-09-2022\/nazare-stacja-kolejki\/\"><img loading=\"lazy\" decoding=\"async\" class=\"alignnone wp-image-3049 size-medium\" src=\"https:\/\/pluskata.pl\/www\/wp-content\/uploads\/2022\/10\/Nazare-stacja-kolejki-300x200.jpg\" alt=\"Nazare stacja kolejki\" width=\"300\" height=\"200\" srcset=\"https:\/\/pluskata.pl\/www\/wp-content\/uploads\/2022\/10\/Nazare-stacja-kolejki-300x200.jpg 300w, https:\/\/pluskata.pl\/www\/wp-content\/uploads\/2022\/10\/Nazare-stacja-kolejki-1024x683.jpg 1024w, https:\/\/pluskata.pl\/www\/wp-content\/uploads\/2022\/10\/Nazare-stacja-kolejki-768x512.jpg 768w, https:\/\/pluskata.pl\/www\/wp-content\/uploads\/2022\/10\/Nazare-stacja-kolejki-1536x1024.jpg 1536w, https:\/\/pluskata.pl\/www\/wp-content\/uploads\/2022\/10\/Nazare-stacja-kolejki-2048x1365.jpg 2048w, https:\/\/pluskata.pl\/www\/wp-content\/uploads\/2022\/10\/Nazare-stacja-kolejki-150x100.jpg 150w\" sizes=\"auto, (max-width: 300px) 100vw, 300px\" \/><\/a> <a href=\"https:\/\/pluskata.pl\/www\/pl\/rejsy-2022\/a-coruna-lizbona-12-25-09-2022\/nazare-jelonek\/\"><img loading=\"lazy\" decoding=\"async\" class=\"alignnone wp-image-3047 size-medium\" src=\"https:\/\/pluskata.pl\/www\/wp-content\/uploads\/2022\/10\/Nazare-jelonek-300x201.jpg\" alt=\"Nazare jelonek\" width=\"300\" height=\"201\" srcset=\"https:\/\/pluskata.pl\/www\/wp-content\/uploads\/2022\/10\/Nazare-jelonek-300x201.jpg 300w, https:\/\/pluskata.pl\/www\/wp-content\/uploads\/2022\/10\/Nazare-jelonek-1024x687.jpg 1024w, https:\/\/pluskata.pl\/www\/wp-content\/uploads\/2022\/10\/Nazare-jelonek-768x515.jpg 768w, https:\/\/pluskata.pl\/www\/wp-content\/uploads\/2022\/10\/Nazare-jelonek-1536x1030.jpg 1536w, https:\/\/pluskata.pl\/www\/wp-content\/uploads\/2022\/10\/Nazare-jelonek-2048x1374.jpg 2048w, https:\/\/pluskata.pl\/www\/wp-content\/uploads\/2022\/10\/Nazare-jelonek-150x101.jpg 150w\" sizes=\"auto, (max-width: 300px) 100vw, 300px\" \/><\/a><\/p>\n<p>Przed samym wyj\u015bciem Pani z mariny prosi, \u017ceby\u015bmy si\u0119 przestawili do przodu, bo jacht kt\u00f3ry przyp\u0142yn\u0105\u0142 stoi przy pomo\u015bcie ze stacj\u0105 benzynow\u0105 a nie powinien. Ropa kosztuje 1,859\u20ac \/l . Idziemy do miasta i kolejk\u0105 (4\u20ac w obie stromy) wje\u017cd\u017camy na klif. Potem schodzimy do fortu, sk\u0105d wida\u0107 fale i surfer\u00f3w. Cale morze jest spokojne, a w zatoce tworz\u0105 si\u0119 kilku metrowe fale. Po zachodzie s\u0142o\u0144ca wracamy kolejk\u0105 do dolnego miasta i spacerkiem ma\u0142ymi uliczkami wracamy na jacht.<\/p>\n<p><strong>22-09-2022 czwartek Peniche<\/strong><br \/>\nRano Marcin z Rafa\u0142em i Mart\u0105 id\u0105 po zakupy spo\u017cywcze. Po \u015bniadaniu o 10:45 wychodzimy. Wieje s\u0142abo wi\u0119c w\u0142\u0105czamy silnik.<br \/>\nWieczorem wchodzimy do Peniche i stajemy longside jako trzeci od kei , przed nami stoj\u0105 sympatyczni Szwedzi na jachcie Salsa. Te\u017c p\u0142yn\u0105 na Wyspy Kanaryjskie.<\/p>\n<p><a href=\"https:\/\/pluskata.pl\/www\/pl\/rejsy-2022\/a-coruna-lizbona-12-25-09-2022\/peniche-podejscie\/\"><img loading=\"lazy\" decoding=\"async\" class=\"alignnone wp-image-3046 size-medium\" src=\"https:\/\/pluskata.pl\/www\/wp-content\/uploads\/2022\/10\/Peniche-podejscie-300x214.jpg\" alt=\"Peniche podej\u015bcie\" width=\"300\" height=\"214\" srcset=\"https:\/\/pluskata.pl\/www\/wp-content\/uploads\/2022\/10\/Peniche-podejscie-300x214.jpg 300w, https:\/\/pluskata.pl\/www\/wp-content\/uploads\/2022\/10\/Peniche-podejscie-1024x731.jpg 1024w, https:\/\/pluskata.pl\/www\/wp-content\/uploads\/2022\/10\/Peniche-podejscie-768x549.jpg 768w, https:\/\/pluskata.pl\/www\/wp-content\/uploads\/2022\/10\/Peniche-podejscie-1536x1097.jpg 1536w, https:\/\/pluskata.pl\/www\/wp-content\/uploads\/2022\/10\/Peniche-podejscie-2048x1463.jpg 2048w, https:\/\/pluskata.pl\/www\/wp-content\/uploads\/2022\/10\/Peniche-podejscie-150x107.jpg 150w\" sizes=\"auto, (max-width: 300px) 100vw, 300px\" \/><\/a> <a href=\"https:\/\/pluskata.pl\/www\/pl\/rejsy-2022\/a-coruna-lizbona-12-25-09-2022\/peniche-marina\/\"><img loading=\"lazy\" decoding=\"async\" class=\"alignnone wp-image-3045 size-medium\" src=\"https:\/\/pluskata.pl\/www\/wp-content\/uploads\/2022\/10\/Peniche-marina-300x200.jpg\" alt=\"Peniche marina\" width=\"300\" height=\"200\" srcset=\"https:\/\/pluskata.pl\/www\/wp-content\/uploads\/2022\/10\/Peniche-marina-300x200.jpg 300w, https:\/\/pluskata.pl\/www\/wp-content\/uploads\/2022\/10\/Peniche-marina-1024x683.jpg 1024w, https:\/\/pluskata.pl\/www\/wp-content\/uploads\/2022\/10\/Peniche-marina-768x512.jpg 768w, https:\/\/pluskata.pl\/www\/wp-content\/uploads\/2022\/10\/Peniche-marina-1536x1024.jpg 1536w, https:\/\/pluskata.pl\/www\/wp-content\/uploads\/2022\/10\/Peniche-marina-2048x1365.jpg 2048w, https:\/\/pluskata.pl\/www\/wp-content\/uploads\/2022\/10\/Peniche-marina-150x100.jpg 150w\" sizes=\"auto, (max-width: 300px) 100vw, 300px\" \/><\/a> <a href=\"https:\/\/pluskata.pl\/www\/pl\/rejsy-2022\/a-coruna-lizbona-12-25-09-2022\/peniche\/\"><img loading=\"lazy\" decoding=\"async\" class=\"alignnone wp-image-3044 size-medium\" src=\"https:\/\/pluskata.pl\/www\/wp-content\/uploads\/2022\/10\/Peniche-300x200.jpg\" alt=\"Peniche\" width=\"300\" height=\"200\" srcset=\"https:\/\/pluskata.pl\/www\/wp-content\/uploads\/2022\/10\/Peniche-300x200.jpg 300w, https:\/\/pluskata.pl\/www\/wp-content\/uploads\/2022\/10\/Peniche-1024x683.jpg 1024w, https:\/\/pluskata.pl\/www\/wp-content\/uploads\/2022\/10\/Peniche-768x512.jpg 768w\" sizes=\"auto, (max-width: 300px) 100vw, 300px\" \/><\/a> <a href=\"https:\/\/pluskata.pl\/www\/pl\/rejsy-2022\/a-coruna-lizbona-12-25-09-2022\/peniche-fontanna\/\"><img loading=\"lazy\" decoding=\"async\" class=\"alignnone wp-image-3043 size-medium\" src=\"https:\/\/pluskata.pl\/www\/wp-content\/uploads\/2022\/10\/Peniche-fontanna-300x200.jpg\" alt=\"Peniche fontanna\" width=\"300\" height=\"200\" srcset=\"https:\/\/pluskata.pl\/www\/wp-content\/uploads\/2022\/10\/Peniche-fontanna-300x200.jpg 300w, https:\/\/pluskata.pl\/www\/wp-content\/uploads\/2022\/10\/Peniche-fontanna-1024x683.jpg 1024w, https:\/\/pluskata.pl\/www\/wp-content\/uploads\/2022\/10\/Peniche-fontanna-768x512.jpg 768w, https:\/\/pluskata.pl\/www\/wp-content\/uploads\/2022\/10\/Peniche-fontanna-1536x1024.jpg 1536w, https:\/\/pluskata.pl\/www\/wp-content\/uploads\/2022\/10\/Peniche-fontanna-2048x1365.jpg 2048w, https:\/\/pluskata.pl\/www\/wp-content\/uploads\/2022\/10\/Peniche-fontanna-150x100.jpg 150w\" sizes=\"auto, (max-width: 300px) 100vw, 300px\" \/><\/a> <a href=\"https:\/\/pluskata.pl\/www\/pl\/rejsy-2022\/a-coruna-lizbona-12-25-09-2022\/peniche-miasto\/\"><img loading=\"lazy\" decoding=\"async\" class=\"alignnone wp-image-3042 size-medium\" src=\"https:\/\/pluskata.pl\/www\/wp-content\/uploads\/2022\/10\/Peniche-miasto-300x200.jpg\" alt=\"Peniche miasto\" width=\"300\" height=\"200\" srcset=\"https:\/\/pluskata.pl\/www\/wp-content\/uploads\/2022\/10\/Peniche-miasto-300x200.jpg 300w, https:\/\/pluskata.pl\/www\/wp-content\/uploads\/2022\/10\/Peniche-miasto-1024x683.jpg 1024w, https:\/\/pluskata.pl\/www\/wp-content\/uploads\/2022\/10\/Peniche-miasto-768x512.jpg 768w, https:\/\/pluskata.pl\/www\/wp-content\/uploads\/2022\/10\/Peniche-miasto-1536x1024.jpg 1536w, https:\/\/pluskata.pl\/www\/wp-content\/uploads\/2022\/10\/Peniche-miasto-2048x1365.jpg 2048w, https:\/\/pluskata.pl\/www\/wp-content\/uploads\/2022\/10\/Peniche-miasto-150x100.jpg 150w\" sizes=\"auto, (max-width: 300px) 100vw, 300px\" \/><\/a><\/p>\n<p><strong>23-09-2022 pi\u0105tek Lizbona<\/strong><br \/>\nWychodzimy o 7 rano jak wi\u0119kszo\u015b\u0107 jacht\u00f3w. Wieje ca\u0142kiem nie\u017ale, wi\u0119c postanawiamy od razu pop\u0142yn\u0105\u0107 do Lizbony omijaj\u0105c Cascai. Wchodzimy do mariny po 19, wi\u0119c biuro ju\u017c jest zamkni\u0119te. Stajemy przy stacji benzynowej (pozosta\u0142e miejsca s\u0105 zarezerwowane). Marina jest blisko ulicy, poci\u0105gu a nad g\u0142ow\u0105 lataj\u0105 samoloty. Pe\u0142nia szcz\u0119\u015bcia. Postanawiamy poszuka\u0107 innej mariny.<\/p>\n<p><a href=\"https:\/\/pluskata.pl\/www\/pl\/rejsy-2022\/a-coruna-lizbona-12-25-09-2022\/droga-do-lizbony\/\"><img loading=\"lazy\" decoding=\"async\" class=\"alignnone wp-image-3041 size-medium\" src=\"https:\/\/pluskata.pl\/www\/wp-content\/uploads\/2022\/10\/Droga-do-Lizbony-200x300.jpg\" alt=\"Droga do Lizbony\" width=\"200\" height=\"300\" srcset=\"https:\/\/pluskata.pl\/www\/wp-content\/uploads\/2022\/10\/Droga-do-Lizbony-200x300.jpg 200w, https:\/\/pluskata.pl\/www\/wp-content\/uploads\/2022\/10\/Droga-do-Lizbony-683x1024.jpg 683w, https:\/\/pluskata.pl\/www\/wp-content\/uploads\/2022\/10\/Droga-do-Lizbony-768x1152.jpg 768w, https:\/\/pluskata.pl\/www\/wp-content\/uploads\/2022\/10\/Droga-do-Lizbony-1024x1536.jpg 1024w, https:\/\/pluskata.pl\/www\/wp-content\/uploads\/2022\/10\/Droga-do-Lizbony-1365x2048.jpg 1365w, https:\/\/pluskata.pl\/www\/wp-content\/uploads\/2022\/10\/Droga-do-Lizbony-100x150.jpg 100w, https:\/\/pluskata.pl\/www\/wp-content\/uploads\/2022\/10\/Droga-do-Lizbony-scaled.jpg 1707w\" sizes=\"auto, (max-width: 200px) 100vw, 200px\" \/><\/a> <a href=\"https:\/\/pluskata.pl\/www\/pl\/rejsy-2022\/a-coruna-lizbona-12-25-09-2022\/lizbona-wieza-belem\/\"><img loading=\"lazy\" decoding=\"async\" class=\"alignnone wp-image-3040 size-medium\" src=\"https:\/\/pluskata.pl\/www\/wp-content\/uploads\/2022\/10\/Lizbona-wieza-Belem-300x200.jpg\" alt=\"Lizbona wie\u017ca Belem\" width=\"300\" height=\"200\" srcset=\"https:\/\/pluskata.pl\/www\/wp-content\/uploads\/2022\/10\/Lizbona-wieza-Belem-300x200.jpg 300w, https:\/\/pluskata.pl\/www\/wp-content\/uploads\/2022\/10\/Lizbona-wieza-Belem-1024x681.jpg 1024w, https:\/\/pluskata.pl\/www\/wp-content\/uploads\/2022\/10\/Lizbona-wieza-Belem-768x511.jpg 768w, https:\/\/pluskata.pl\/www\/wp-content\/uploads\/2022\/10\/Lizbona-wieza-Belem-1536x1022.jpg 1536w, https:\/\/pluskata.pl\/www\/wp-content\/uploads\/2022\/10\/Lizbona-wieza-Belem-2048x1363.jpg 2048w, https:\/\/pluskata.pl\/www\/wp-content\/uploads\/2022\/10\/Lizbona-wieza-Belem-150x100.jpg 150w\" sizes=\"auto, (max-width: 300px) 100vw, 300px\" \/><\/a> <a href=\"https:\/\/pluskata.pl\/www\/pl\/rejsy-2022\/a-coruna-lizbona-12-25-09-2022\/lizbona-most\/\"><img loading=\"lazy\" decoding=\"async\" class=\"alignnone wp-image-3039 size-medium\" src=\"https:\/\/pluskata.pl\/www\/wp-content\/uploads\/2022\/10\/Lizbona-most-300x200.jpg\" alt=\"Lizbona most\" width=\"300\" height=\"200\" srcset=\"https:\/\/pluskata.pl\/www\/wp-content\/uploads\/2022\/10\/Lizbona-most-300x200.jpg 300w, https:\/\/pluskata.pl\/www\/wp-content\/uploads\/2022\/10\/Lizbona-most-1024x683.jpg 1024w, https:\/\/pluskata.pl\/www\/wp-content\/uploads\/2022\/10\/Lizbona-most-768x512.jpg 768w, https:\/\/pluskata.pl\/www\/wp-content\/uploads\/2022\/10\/Lizbona-most-1536x1024.jpg 1536w, https:\/\/pluskata.pl\/www\/wp-content\/uploads\/2022\/10\/Lizbona-most-2048x1365.jpg 2048w, https:\/\/pluskata.pl\/www\/wp-content\/uploads\/2022\/10\/Lizbona-most-150x100.jpg 150w\" sizes=\"auto, (max-width: 300px) 100vw, 300px\" \/><\/a> <a href=\"https:\/\/pluskata.pl\/www\/pl\/rejsy-2022\/a-coruna-lizbona-12-25-09-2022\/lizbona-dzwigi\/\"><img loading=\"lazy\" decoding=\"async\" class=\"alignnone wp-image-3038 size-medium\" src=\"https:\/\/pluskata.pl\/www\/wp-content\/uploads\/2022\/10\/Lizbona-dzwigi-300x200.jpg\" alt=\"Lizbona dzwigi\" width=\"300\" height=\"200\" srcset=\"https:\/\/pluskata.pl\/www\/wp-content\/uploads\/2022\/10\/Lizbona-dzwigi-300x200.jpg 300w, https:\/\/pluskata.pl\/www\/wp-content\/uploads\/2022\/10\/Lizbona-dzwigi-1024x683.jpg 1024w, https:\/\/pluskata.pl\/www\/wp-content\/uploads\/2022\/10\/Lizbona-dzwigi-768x512.jpg 768w, https:\/\/pluskata.pl\/www\/wp-content\/uploads\/2022\/10\/Lizbona-dzwigi-1536x1024.jpg 1536w\" sizes=\"auto, (max-width: 300px) 100vw, 300px\" \/><\/a><\/p>\n<p><strong>24-09-2022 sobota Lizbona<\/strong><br \/>\nWychodzimy jak tylko si\u0119 rozwidni \u2013 postawiamy poszuka\u0107 cichszej mariny \u2013 zaczynamy od tej najbardziej na p\u00f3\u0142noc. Po dop\u0142yni\u0119ciu okazuje si\u0119, \u017ce dla naszego jachtu nie ma miejsca i tak jest w kolejnych marinach. W ko\u0144cu znajdujemy miejsce w marinie Alcantara, ale tylko na 1 noc. Po dop\u0142yni\u0119ciu i ogarni\u0119ciu jachtu idziemy na spacer po Lizbonie.<\/p>\n<p><a href=\"https:\/\/pluskata.pl\/www\/pl\/rejsy-2022\/a-coruna-lizbona-12-25-09-2022\/lizbona-widok-z-wody\/\"><img loading=\"lazy\" decoding=\"async\" class=\"alignnone wp-image-3037 size-medium\" src=\"https:\/\/pluskata.pl\/www\/wp-content\/uploads\/2022\/10\/Lizbona-widok-z-wody-300x200.jpg\" alt=\"Lizbona widok z wody\" width=\"300\" height=\"200\" srcset=\"https:\/\/pluskata.pl\/www\/wp-content\/uploads\/2022\/10\/Lizbona-widok-z-wody-300x200.jpg 300w, https:\/\/pluskata.pl\/www\/wp-content\/uploads\/2022\/10\/Lizbona-widok-z-wody-1024x683.jpg 1024w, https:\/\/pluskata.pl\/www\/wp-content\/uploads\/2022\/10\/Lizbona-widok-z-wody-768x512.jpg 768w, https:\/\/pluskata.pl\/www\/wp-content\/uploads\/2022\/10\/Lizbona-widok-z-wody-1536x1024.jpg 1536w, https:\/\/pluskata.pl\/www\/wp-content\/uploads\/2022\/10\/Lizbona-widok-z-wody-2048x1365.jpg 2048w, https:\/\/pluskata.pl\/www\/wp-content\/uploads\/2022\/10\/Lizbona-widok-z-wody-150x100.jpg 150w\" sizes=\"auto, (max-width: 300px) 100vw, 300px\" \/><\/a> <a href=\"https:\/\/pluskata.pl\/www\/pl\/rejsy-2022\/a-coruna-lizbona-12-25-09-2022\/lizbona-palac-z-wody\/\"><img loading=\"lazy\" decoding=\"async\" class=\"alignnone wp-image-3036 size-medium\" src=\"https:\/\/pluskata.pl\/www\/wp-content\/uploads\/2022\/10\/Lizbona-palac-z-wody-300x200.jpg\" alt=\"Lizbona pa\u0142ac z wody\" width=\"300\" height=\"200\" srcset=\"https:\/\/pluskata.pl\/www\/wp-content\/uploads\/2022\/10\/Lizbona-palac-z-wody-300x200.jpg 300w, https:\/\/pluskata.pl\/www\/wp-content\/uploads\/2022\/10\/Lizbona-palac-z-wody-1024x682.jpg 1024w, https:\/\/pluskata.pl\/www\/wp-content\/uploads\/2022\/10\/Lizbona-palac-z-wody-768x512.jpg 768w, https:\/\/pluskata.pl\/www\/wp-content\/uploads\/2022\/10\/Lizbona-palac-z-wody-1536x1023.jpg 1536w, https:\/\/pluskata.pl\/www\/wp-content\/uploads\/2022\/10\/Lizbona-palac-z-wody-2048x1364.jpg 2048w, https:\/\/pluskata.pl\/www\/wp-content\/uploads\/2022\/10\/Lizbona-palac-z-wody-150x100.jpg 150w\" sizes=\"auto, (max-width: 300px) 100vw, 300px\" \/><\/a> <a href=\"https:\/\/pluskata.pl\/www\/pl\/rejsy-2022\/a-coruna-lizbona-12-25-09-2022\/lizbona-pomnik-odkrywcow\/\"><img loading=\"lazy\" decoding=\"async\" class=\"alignnone wp-image-3035 size-medium\" src=\"https:\/\/pluskata.pl\/www\/wp-content\/uploads\/2022\/10\/Lizbona-pomnik-odkrywcow-300x194.jpg\" alt=\"Lizbona pomnik odkrywcow\" width=\"300\" height=\"194\" srcset=\"https:\/\/pluskata.pl\/www\/wp-content\/uploads\/2022\/10\/Lizbona-pomnik-odkrywcow-300x194.jpg 300w, https:\/\/pluskata.pl\/www\/wp-content\/uploads\/2022\/10\/Lizbona-pomnik-odkrywcow-1024x663.jpg 1024w, https:\/\/pluskata.pl\/www\/wp-content\/uploads\/2022\/10\/Lizbona-pomnik-odkrywcow-768x497.jpg 768w, https:\/\/pluskata.pl\/www\/wp-content\/uploads\/2022\/10\/Lizbona-pomnik-odkrywcow-1536x994.jpg 1536w\" sizes=\"auto, (max-width: 300px) 100vw, 300px\" \/><\/a> <a href=\"https:\/\/pluskata.pl\/www\/pl\/rejsy-2022\/a-coruna-lizbona-12-25-09-2022\/lizbona-teczowa-ulica\/\"><img loading=\"lazy\" decoding=\"async\" class=\"alignnone wp-image-3034 size-medium\" src=\"https:\/\/pluskata.pl\/www\/wp-content\/uploads\/2022\/10\/Lizbona-teczowa-ulica-300x200.jpg\" alt=\"Lizbona teczowa ulica\" width=\"300\" height=\"200\" srcset=\"https:\/\/pluskata.pl\/www\/wp-content\/uploads\/2022\/10\/Lizbona-teczowa-ulica-300x200.jpg 300w, https:\/\/pluskata.pl\/www\/wp-content\/uploads\/2022\/10\/Lizbona-teczowa-ulica-1024x683.jpg 1024w, https:\/\/pluskata.pl\/www\/wp-content\/uploads\/2022\/10\/Lizbona-teczowa-ulica-768x512.jpg 768w, https:\/\/pluskata.pl\/www\/wp-content\/uploads\/2022\/10\/Lizbona-teczowa-ulica-1536x1024.jpg 1536w, https:\/\/pluskata.pl\/www\/wp-content\/uploads\/2022\/10\/Lizbona-teczowa-ulica-2048x1365.jpg 2048w, https:\/\/pluskata.pl\/www\/wp-content\/uploads\/2022\/10\/Lizbona-teczowa-ulica-150x100.jpg 150w\" sizes=\"auto, (max-width: 300px) 100vw, 300px\" \/><\/a> <a href=\"https:\/\/pluskata.pl\/www\/pl\/rejsy-2022\/a-coruna-lizbona-12-25-09-2022\/lizbona-odbicie\/\"><img loading=\"lazy\" decoding=\"async\" class=\"alignnone wp-image-3033 size-medium\" src=\"https:\/\/pluskata.pl\/www\/wp-content\/uploads\/2022\/10\/Lizbona-odbicie-300x200.jpg\" alt=\"Lizbona odbicie\" width=\"300\" height=\"200\" srcset=\"https:\/\/pluskata.pl\/www\/wp-content\/uploads\/2022\/10\/Lizbona-odbicie-300x200.jpg 300w, https:\/\/pluskata.pl\/www\/wp-content\/uploads\/2022\/10\/Lizbona-odbicie-1024x683.jpg 1024w, https:\/\/pluskata.pl\/www\/wp-content\/uploads\/2022\/10\/Lizbona-odbicie-768x512.jpg 768w, https:\/\/pluskata.pl\/www\/wp-content\/uploads\/2022\/10\/Lizbona-odbicie-1536x1024.jpg 1536w, https:\/\/pluskata.pl\/www\/wp-content\/uploads\/2022\/10\/Lizbona-odbicie-2048x1365.jpg 2048w, https:\/\/pluskata.pl\/www\/wp-content\/uploads\/2022\/10\/Lizbona-odbicie-150x100.jpg 150w\" sizes=\"auto, (max-width: 300px) 100vw, 300px\" \/><\/a> <a href=\"https:\/\/pluskata.pl\/www\/pl\/rejsy-2022\/a-coruna-lizbona-12-25-09-2022\/lizbona-dom\/\"><img loading=\"lazy\" decoding=\"async\" class=\"alignnone wp-image-3032 size-medium\" src=\"https:\/\/pluskata.pl\/www\/wp-content\/uploads\/2022\/10\/Lizbona-dom-300x200.jpg\" alt=\"Lizbona dom\" width=\"300\" height=\"200\" srcset=\"https:\/\/pluskata.pl\/www\/wp-content\/uploads\/2022\/10\/Lizbona-dom-300x200.jpg 300w, https:\/\/pluskata.pl\/www\/wp-content\/uploads\/2022\/10\/Lizbona-dom-1024x683.jpg 1024w, https:\/\/pluskata.pl\/www\/wp-content\/uploads\/2022\/10\/Lizbona-dom-768x512.jpg 768w, https:\/\/pluskata.pl\/www\/wp-content\/uploads\/2022\/10\/Lizbona-dom-1536x1024.jpg 1536w\" sizes=\"auto, (max-width: 300px) 100vw, 300px\" \/><\/a> <a href=\"https:\/\/pluskata.pl\/www\/pl\/rejsy-2022\/a-coruna-lizbona-12-25-09-2022\/lizbona-maria-i-jozef\/\"><img loading=\"lazy\" decoding=\"async\" class=\"alignnone wp-image-3031 size-medium\" src=\"https:\/\/pluskata.pl\/www\/wp-content\/uploads\/2022\/10\/Lizbona-Maria-i-Jozef-300x200.jpg\" alt=\"Lizbona Maria i J\u00f3zef\" width=\"300\" height=\"200\" srcset=\"https:\/\/pluskata.pl\/www\/wp-content\/uploads\/2022\/10\/Lizbona-Maria-i-Jozef-300x200.jpg 300w, https:\/\/pluskata.pl\/www\/wp-content\/uploads\/2022\/10\/Lizbona-Maria-i-Jozef-1024x683.jpg 1024w, https:\/\/pluskata.pl\/www\/wp-content\/uploads\/2022\/10\/Lizbona-Maria-i-Jozef-768x512.jpg 768w, https:\/\/pluskata.pl\/www\/wp-content\/uploads\/2022\/10\/Lizbona-Maria-i-Jozef-1536x1024.jpg 1536w, https:\/\/pluskata.pl\/www\/wp-content\/uploads\/2022\/10\/Lizbona-Maria-i-Jozef-2048x1365.jpg 2048w, https:\/\/pluskata.pl\/www\/wp-content\/uploads\/2022\/10\/Lizbona-Maria-i-Jozef-150x100.jpg 150w\" sizes=\"auto, (max-width: 300px) 100vw, 300px\" \/><\/a> <a href=\"https:\/\/pluskata.pl\/www\/pl\/rejsy-2022\/a-coruna-lizbona-12-25-09-2022\/lizbona-tramwaj-28\/\"><img loading=\"lazy\" decoding=\"async\" class=\"alignnone wp-image-3030 size-medium\" src=\"https:\/\/pluskata.pl\/www\/wp-content\/uploads\/2022\/10\/Lizbona-tramwaj-28-300x200.jpg\" alt=\"Lizbona tramwaj 28\" width=\"300\" height=\"200\" srcset=\"https:\/\/pluskata.pl\/www\/wp-content\/uploads\/2022\/10\/Lizbona-tramwaj-28-300x200.jpg 300w, https:\/\/pluskata.pl\/www\/wp-content\/uploads\/2022\/10\/Lizbona-tramwaj-28-1024x683.jpg 1024w, https:\/\/pluskata.pl\/www\/wp-content\/uploads\/2022\/10\/Lizbona-tramwaj-28-768x512.jpg 768w, https:\/\/pluskata.pl\/www\/wp-content\/uploads\/2022\/10\/Lizbona-tramwaj-28-1536x1024.jpg 1536w, https:\/\/pluskata.pl\/www\/wp-content\/uploads\/2022\/10\/Lizbona-tramwaj-28-2048x1365.jpg 2048w, https:\/\/pluskata.pl\/www\/wp-content\/uploads\/2022\/10\/Lizbona-tramwaj-28-150x100.jpg 150w\" sizes=\"auto, (max-width: 300px) 100vw, 300px\" \/><\/a><\/p>\n<p><strong>25-09-2022 niedziela Lizbona<\/strong><br \/>\nUdaje nam si\u0119 przed\u0142u\u017cy\u0107 pobyt jeszcze o 2 dni, ale musimy si\u0119 przecumowa\u0107 na inne stanowisko.<br \/>\nPo przecumowaniu i drugim \u015bniadaniu idziemy zwiedza\u0107 Lizbon\u0119. Kupujemy bilet dobowy za 6,45\u20ac i kart\u0119 za 0,5\u20ac. Przy kupowaniu bilet\u00f3w pomaga nam polka spotkana na stacji metra.<\/p>\n<p><a href=\"https:\/\/pluskata.pl\/www\/pl\/rejsy-2022\/a-coruna-lizbona-12-25-09-2022\/lizbona-pralnia-i-prasowalnia\/\"><img loading=\"lazy\" decoding=\"async\" class=\"alignnone wp-image-3029 size-medium\" src=\"https:\/\/pluskata.pl\/www\/wp-content\/uploads\/2022\/10\/Lizbona-pralnia-i-prasowalnia-300x200.jpg\" alt=\"Lizbona pralnia i prasowalnia\" width=\"300\" height=\"200\" srcset=\"https:\/\/pluskata.pl\/www\/wp-content\/uploads\/2022\/10\/Lizbona-pralnia-i-prasowalnia-300x200.jpg 300w, https:\/\/pluskata.pl\/www\/wp-content\/uploads\/2022\/10\/Lizbona-pralnia-i-prasowalnia-1024x682.jpg 1024w, https:\/\/pluskata.pl\/www\/wp-content\/uploads\/2022\/10\/Lizbona-pralnia-i-prasowalnia-768x512.jpg 768w, https:\/\/pluskata.pl\/www\/wp-content\/uploads\/2022\/10\/Lizbona-pralnia-i-prasowalnia-1536x1023.jpg 1536w\" sizes=\"auto, (max-width: 300px) 100vw, 300px\" \/><\/a> <a href=\"https:\/\/pluskata.pl\/www\/pl\/rejsy-2022\/a-coruna-lizbona-12-25-09-2022\/lizbona-ulica\/\"><img loading=\"lazy\" decoding=\"async\" class=\"alignnone wp-image-3028 size-medium\" src=\"https:\/\/pluskata.pl\/www\/wp-content\/uploads\/2022\/10\/Lizbona-ulica-300x200.jpg\" alt=\"Lizbona ulica\" width=\"300\" height=\"200\" srcset=\"https:\/\/pluskata.pl\/www\/wp-content\/uploads\/2022\/10\/Lizbona-ulica-300x200.jpg 300w, https:\/\/pluskata.pl\/www\/wp-content\/uploads\/2022\/10\/Lizbona-ulica-1024x683.jpg 1024w, https:\/\/pluskata.pl\/www\/wp-content\/uploads\/2022\/10\/Lizbona-ulica-768x512.jpg 768w, https:\/\/pluskata.pl\/www\/wp-content\/uploads\/2022\/10\/Lizbona-ulica-1536x1024.jpg 1536w, https:\/\/pluskata.pl\/www\/wp-content\/uploads\/2022\/10\/Lizbona-ulica-2048x1365.jpg 2048w, https:\/\/pluskata.pl\/www\/wp-content\/uploads\/2022\/10\/Lizbona-ulica-150x100.jpg 150w\" sizes=\"auto, (max-width: 300px) 100vw, 300px\" \/><\/a> <a href=\"https:\/\/pluskata.pl\/www\/pl\/rejsy-2022\/a-coruna-lizbona-12-25-09-2022\/lizbona-muzyk\/\"><img loading=\"lazy\" decoding=\"async\" class=\"alignnone wp-image-3027 size-medium\" src=\"https:\/\/pluskata.pl\/www\/wp-content\/uploads\/2022\/10\/Lizbona-muzyk-300x200.jpg\" alt=\"Lizbona muzyk\" width=\"300\" height=\"200\" srcset=\"https:\/\/pluskata.pl\/www\/wp-content\/uploads\/2022\/10\/Lizbona-muzyk-300x200.jpg 300w, https:\/\/pluskata.pl\/www\/wp-content\/uploads\/2022\/10\/Lizbona-muzyk-1024x683.jpg 1024w, https:\/\/pluskata.pl\/www\/wp-content\/uploads\/2022\/10\/Lizbona-muzyk-768x512.jpg 768w, https:\/\/pluskata.pl\/www\/wp-content\/uploads\/2022\/10\/Lizbona-muzyk-1536x1024.jpg 1536w, https:\/\/pluskata.pl\/www\/wp-content\/uploads\/2022\/10\/Lizbona-muzyk-2048x1365.jpg 2048w, https:\/\/pluskata.pl\/www\/wp-content\/uploads\/2022\/10\/Lizbona-muzyk-150x100.jpg 150w\" sizes=\"auto, (max-width: 300px) 100vw, 300px\" \/><\/a> <a href=\"https:\/\/pluskata.pl\/www\/pl\/rejsy-2022\/a-coruna-lizbona-12-25-09-2022\/lizbona-mural\/\"><img loading=\"lazy\" decoding=\"async\" class=\"alignnone wp-image-3026 size-medium\" src=\"https:\/\/pluskata.pl\/www\/wp-content\/uploads\/2022\/10\/Lizbona-mural-300x200.jpg\" alt=\"Lizbona mural\" width=\"300\" height=\"200\" srcset=\"https:\/\/pluskata.pl\/www\/wp-content\/uploads\/2022\/10\/Lizbona-mural-300x200.jpg 300w, https:\/\/pluskata.pl\/www\/wp-content\/uploads\/2022\/10\/Lizbona-mural-1024x683.jpg 1024w, https:\/\/pluskata.pl\/www\/wp-content\/uploads\/2022\/10\/Lizbona-mural-768x512.jpg 768w, https:\/\/pluskata.pl\/www\/wp-content\/uploads\/2022\/10\/Lizbona-mural-1536x1024.jpg 1536w, https:\/\/pluskata.pl\/www\/wp-content\/uploads\/2022\/10\/Lizbona-mural-2048x1365.jpg 2048w, https:\/\/pluskata.pl\/www\/wp-content\/uploads\/2022\/10\/Lizbona-mural-150x100.jpg 150w\" sizes=\"auto, (max-width: 300px) 100vw, 300px\" \/><\/a> <a href=\"https:\/\/pluskata.pl\/www\/pl\/rejsy-2022\/a-coruna-lizbona-12-25-09-2022\/lizbona-winda\/\"><img loading=\"lazy\" decoding=\"async\" class=\"alignnone wp-image-3025 size-medium\" src=\"https:\/\/pluskata.pl\/www\/wp-content\/uploads\/2022\/10\/Lizbona-Winda-300x200.jpg\" alt=\"Lizbona Winda\" width=\"300\" height=\"200\" srcset=\"https:\/\/pluskata.pl\/www\/wp-content\/uploads\/2022\/10\/Lizbona-Winda-300x200.jpg 300w, https:\/\/pluskata.pl\/www\/wp-content\/uploads\/2022\/10\/Lizbona-Winda-1024x683.jpg 1024w, https:\/\/pluskata.pl\/www\/wp-content\/uploads\/2022\/10\/Lizbona-Winda-768x512.jpg 768w, https:\/\/pluskata.pl\/www\/wp-content\/uploads\/2022\/10\/Lizbona-Winda-1536x1024.jpg 1536w, https:\/\/pluskata.pl\/www\/wp-content\/uploads\/2022\/10\/Lizbona-Winda-2048x1365.jpg 2048w, https:\/\/pluskata.pl\/www\/wp-content\/uploads\/2022\/10\/Lizbona-Winda-150x100.jpg 150w\" sizes=\"auto, (max-width: 300px) 100vw, 300px\" \/><\/a> <a href=\"https:\/\/pluskata.pl\/www\/pl\/rejsy-2022\/a-coruna-lizbona-12-25-09-2022\/lizbona-wejscie-do-windy\/\"><img loading=\"lazy\" decoding=\"async\" class=\"alignnone wp-image-3024 size-medium\" src=\"https:\/\/pluskata.pl\/www\/wp-content\/uploads\/2022\/10\/Lizbona-wejscie-do-windy-200x300.jpg\" alt=\"Lizbona wejscie do windy\" width=\"200\" height=\"300\" srcset=\"https:\/\/pluskata.pl\/www\/wp-content\/uploads\/2022\/10\/Lizbona-wejscie-do-windy-200x300.jpg 200w, https:\/\/pluskata.pl\/www\/wp-content\/uploads\/2022\/10\/Lizbona-wejscie-do-windy-683x1024.jpg 683w, https:\/\/pluskata.pl\/www\/wp-content\/uploads\/2022\/10\/Lizbona-wejscie-do-windy-768x1152.jpg 768w, https:\/\/pluskata.pl\/www\/wp-content\/uploads\/2022\/10\/Lizbona-wejscie-do-windy-scaled.jpg 1707w\" sizes=\"auto, (max-width: 200px) 100vw, 200px\" \/><\/a> <a href=\"https:\/\/pluskata.pl\/www\/pl\/rejsy-2022\/a-coruna-lizbona-12-25-09-2022\/lizbona-tramwaj-winda\/\"><img loading=\"lazy\" decoding=\"async\" class=\"alignnone wp-image-3022 size-medium\" src=\"https:\/\/pluskata.pl\/www\/wp-content\/uploads\/2022\/10\/Lizbona-tramwaj-winda-300x200.jpg\" alt=\"Lizbona tramwaj-winda\" width=\"300\" height=\"200\" srcset=\"https:\/\/pluskata.pl\/www\/wp-content\/uploads\/2022\/10\/Lizbona-tramwaj-winda-300x200.jpg 300w, https:\/\/pluskata.pl\/www\/wp-content\/uploads\/2022\/10\/Lizbona-tramwaj-winda-1024x683.jpg 1024w, https:\/\/pluskata.pl\/www\/wp-content\/uploads\/2022\/10\/Lizbona-tramwaj-winda-768x512.jpg 768w, https:\/\/pluskata.pl\/www\/wp-content\/uploads\/2022\/10\/Lizbona-tramwaj-winda-1536x1024.jpg 1536w, https:\/\/pluskata.pl\/www\/wp-content\/uploads\/2022\/10\/Lizbona-tramwaj-winda-2048x1365.jpg 2048w, https:\/\/pluskata.pl\/www\/wp-content\/uploads\/2022\/10\/Lizbona-tramwaj-winda-150x100.jpg 150w\" sizes=\"auto, (max-width: 300px) 100vw, 300px\" \/><\/a> <a href=\"https:\/\/pluskata.pl\/www\/pl\/rejsy-2022\/a-coruna-lizbona-12-25-09-2022\/lizbona-oceanarium\/\"><img loading=\"lazy\" decoding=\"async\" class=\"alignnone wp-image-3023 size-medium\" src=\"https:\/\/pluskata.pl\/www\/wp-content\/uploads\/2022\/10\/Lizbona-oceanarium-300x200.jpg\" alt=\"Lizbona oceanarium\" width=\"300\" height=\"200\" srcset=\"https:\/\/pluskata.pl\/www\/wp-content\/uploads\/2022\/10\/Lizbona-oceanarium-300x200.jpg 300w, https:\/\/pluskata.pl\/www\/wp-content\/uploads\/2022\/10\/Lizbona-oceanarium-1024x683.jpg 1024w, https:\/\/pluskata.pl\/www\/wp-content\/uploads\/2022\/10\/Lizbona-oceanarium-768x512.jpg 768w, https:\/\/pluskata.pl\/www\/wp-content\/uploads\/2022\/10\/Lizbona-oceanarium-1536x1024.jpg 1536w, https:\/\/pluskata.pl\/www\/wp-content\/uploads\/2022\/10\/Lizbona-oceanarium-2048x1365.jpg 2048w, https:\/\/pluskata.pl\/www\/wp-content\/uploads\/2022\/10\/Lizbona-oceanarium-150x100.jpg 150w\" sizes=\"auto, (max-width: 300px) 100vw, 300px\" \/><\/a><\/p>\n<p>Jedziemy metrem do oceanarium. Na \u015brodku ma ogromny zbiornik wodny z r\u00f3\u017cnymi rodzajami ryb. Zwiedza si\u0119 chodz\u0105c naoko\u0142o tego zbiornika. Po drugiej stronie s\u0105 inne stworzenia morskie i l\u0105dowe. Trafiamy akurat na por\u0119 karmienia pingwin\u00f3w, maskonur\u00f3w i innych ptak\u00f3w.<\/p>\n<p><a href=\"https:\/\/pluskata.pl\/www\/pl\/rejsy-2022\/a-coruna-lizbona-12-25-09-2022\/lizbona-dzielnica-vasco-da-gama\/\"><img loading=\"lazy\" decoding=\"async\" class=\"alignnone wp-image-3020 size-medium\" src=\"https:\/\/pluskata.pl\/www\/wp-content\/uploads\/2022\/10\/Lizbona-dzielnica-Vasco-da-Gama-300x200.jpg\" alt=\"Lizbona dzielnica Vasco da Gama\" width=\"300\" height=\"200\" srcset=\"https:\/\/pluskata.pl\/www\/wp-content\/uploads\/2022\/10\/Lizbona-dzielnica-Vasco-da-Gama-300x200.jpg 300w, https:\/\/pluskata.pl\/www\/wp-content\/uploads\/2022\/10\/Lizbona-dzielnica-Vasco-da-Gama-1024x683.jpg 1024w, https:\/\/pluskata.pl\/www\/wp-content\/uploads\/2022\/10\/Lizbona-dzielnica-Vasco-da-Gama-768x512.jpg 768w, https:\/\/pluskata.pl\/www\/wp-content\/uploads\/2022\/10\/Lizbona-dzielnica-Vasco-da-Gama-1536x1024.jpg 1536w, https:\/\/pluskata.pl\/www\/wp-content\/uploads\/2022\/10\/Lizbona-dzielnica-Vasco-da-Gama-2048x1365.jpg 2048w, https:\/\/pluskata.pl\/www\/wp-content\/uploads\/2022\/10\/Lizbona-dzielnica-Vasco-da-Gama-150x100.jpg 150w\" sizes=\"auto, (max-width: 300px) 100vw, 300px\" \/><\/a> <a href=\"https:\/\/pluskata.pl\/www\/pl\/rejsy-2022\/a-coruna-lizbona-12-25-09-2022\/oceanarium-maskonur\/\"><img loading=\"lazy\" decoding=\"async\" class=\"alignnone wp-image-3021 size-medium\" src=\"https:\/\/pluskata.pl\/www\/wp-content\/uploads\/2022\/10\/Oceanarium-maskonur-300x273.jpg\" alt=\"Oceanarium maskonur\" width=\"300\" height=\"273\" srcset=\"https:\/\/pluskata.pl\/www\/wp-content\/uploads\/2022\/10\/Oceanarium-maskonur-300x273.jpg 300w, https:\/\/pluskata.pl\/www\/wp-content\/uploads\/2022\/10\/Oceanarium-maskonur-1024x931.jpg 1024w, https:\/\/pluskata.pl\/www\/wp-content\/uploads\/2022\/10\/Oceanarium-maskonur-768x698.jpg 768w, https:\/\/pluskata.pl\/www\/wp-content\/uploads\/2022\/10\/Oceanarium-maskonur-1536x1396.jpg 1536w, https:\/\/pluskata.pl\/www\/wp-content\/uploads\/2022\/10\/Oceanarium-maskonur-150x136.jpg 150w, https:\/\/pluskata.pl\/www\/wp-content\/uploads\/2022\/10\/Oceanarium-maskonur.jpg 1869w\" sizes=\"auto, (max-width: 300px) 100vw, 300px\" \/><\/a><br \/>\nPo obejrzeniu akwarium idziemy do pobliskiego centrum handlowego co\u015b zje\u015b\u0107. W mi\u0119dzyczasie przyje\u017cd\u017ca Dorota i do\u0142\u0105cza si\u0119 do nas. Po obiedzie Gosia z Rafa\u0142em wracaj\u0105 na jacht a my wysiadamy wcze\u015bniej z zamiarem zwiedzenia reszty Lizbony. Dochodzimy do placu, z kt\u00f3rego odje\u017cd\u017caj\u0105 zabytkowe tramwaje. Postanawiamy pojecha\u0107 tramwajem numer 28 przez ca\u0142\u0105 Lizbon\u0119. Wchodzimy dopiero do trzeciego tramwaju i jest ju\u017c ciemno. Wysiadamy na ko\u0144cowym przystanku i idziemy na piechot\u0119 do mariny. Rafa\u0142 z rodzin\u0105 poszli co\u015b zje\u015b\u0107, wi\u0119c ogarniamy rzeczy, kt\u00f3re przywioz\u0142a Dorota. Nied\u0142ugo wracaj\u0105 dzieci, ale id\u0105 od razu spa\u0107. Wypisuj\u0119 opinie, drukuj\u0119 zdj\u0119cie i te\u017c id\u0119 spa\u0107.<\/p>\n<p><strong>26-09-2022 poniedzia\u0142ek Lizbona<\/strong><br \/>\nRano Marcin pakuje rzeczy, sprz\u0105ta kabin\u0119, a Tomek robi \u015bniadanie. Ok 9:30 wszyscy zbieraj\u0105 si\u0119 i ruszaj\u0105 na lotnisko. Zostajemy na jachcie z Dorot\u0105 i wszyscy dzielnie pracuj\u0105.<\/p>\n","protected":false},"excerpt":{"rendered":"<p>Trasa: A Coruna &#8211; Muxia &#8211; Muros &#8211; Baiona &#8211; Porto &#8211; Figueria da Foz &#8211; Nazare &#8211; Peniche &#8211; Lizbona Termin: 12-25.09.2022 Mile\/ godziny: 425Mm\/95h 12-09-2022 poniedzia\u0142ek A Coruna Rano robimy zakupy i nowa za\u0142oga rusza na zwiedzanie miasta. Zabieraj\u0105 k\u0105piel\u00f3wki z zamiarem wyk\u0105pania si\u0119 w morzu. My zostajemy\u2026<\/p>\n<p class=\"continue-reading-button\"> <a class=\"continue-reading-link\" href=\"https:\/\/pluskata.pl\/www\/pl\/rejsy-2022\/a-coruna-lizbona-12-25-09-2022\/\">Czytaj dalej\/Continue reading<i class=\"crycon-right-dir\"><\/i><\/a><\/p>\n","protected":false},"author":1,"featured_media":2982,"parent":1605,"menu_order":12,"comment_status":"closed","ping_status":"closed","template":"","meta":{"footnotes":""},"class_list":["post-2975","page","type-page","status-publish","has-post-thumbnail","hentry"],"yoast_head":"<!-- This site is optimized with the Yoast SEO plugin v27.5 - https:\/\/yoast.com\/product\/yoast-seo-wordpress\/ -->\n<title>A Coruna - Lizbona 12- 25.09.2022 - Podr\u00f3\u017ce jachtem po \u015bwiecie<\/title>\n<meta name=\"robots\" content=\"index, follow, max-snippet:-1, max-image-preview:large, max-video-preview:-1\" \/>\n<link rel=\"canonical\" href=\"https:\/\/pluskata.pl\/www\/pl\/rejsy-2022\/a-coruna-lizbona-12-25-09-2022\/\" \/>\n<meta property=\"og:locale\" content=\"pl_PL\" \/>\n<meta property=\"og:type\" content=\"article\" \/>\n<meta property=\"og:title\" content=\"A Coruna - Lizbona 12- 25.09.2022 - Podr\u00f3\u017ce jachtem po \u015bwiecie\" \/>\n<meta property=\"og:description\" content=\"Trasa: A Coruna &#8211; Muxia &#8211; Muros &#8211; Baiona &#8211; Porto &#8211; Figueria da Foz &#8211; Nazare &#8211; Peniche &#8211; Lizbona Termin: 12-25.09.2022 Mile\/ godziny: 425Mm\/95h 12-09-2022 poniedzia\u0142ek A Coruna Rano robimy zakupy i nowa za\u0142oga rusza na zwiedzanie miasta. Zabieraj\u0105 k\u0105piel\u00f3wki z zamiarem wyk\u0105pania si\u0119 w morzu. My zostajemy\u2026 Czytaj dalej\/Continue reading\" \/>\n<meta property=\"og:url\" content=\"https:\/\/pluskata.pl\/www\/pl\/rejsy-2022\/a-coruna-lizbona-12-25-09-2022\/\" \/>\n<meta property=\"og:site_name\" content=\"Podr\u00f3\u017ce jachtem po \u015bwiecie\" \/>\n<meta property=\"article:publisher\" content=\"https:\/\/www.facebook.com\/pluskata\" \/>\n<meta property=\"article:modified_time\" content=\"2022-10-12T20:38:33+00:00\" \/>\n<meta property=\"og:image\" content=\"https:\/\/pluskata.pl\/www\/wp-content\/uploads\/2022\/09\/A-Coruna-Lizbona.png\" \/>\n\t<meta property=\"og:image:width\" content=\"1099\" \/>\n\t<meta property=\"og:image:height\" content=\"943\" \/>\n\t<meta property=\"og:image:type\" content=\"image\/png\" \/>\n<meta name=\"twitter:card\" content=\"summary_large_image\" \/>\n<meta name=\"twitter:label1\" content=\"Szacowany czas czytania\" \/>\n\t<meta name=\"twitter:data1\" content=\"8 minut\" \/>\n<script type=\"application\/ld+json\" class=\"yoast-schema-graph\">{\"@context\":\"https:\\\/\\\/schema.org\",\"@graph\":[{\"@type\":\"WebPage\",\"@id\":\"https:\\\/\\\/pluskata.pl\\\/www\\\/pl\\\/rejsy-2022\\\/a-coruna-lizbona-12-25-09-2022\\\/\",\"url\":\"https:\\\/\\\/pluskata.pl\\\/www\\\/pl\\\/rejsy-2022\\\/a-coruna-lizbona-12-25-09-2022\\\/\",\"name\":\"A Coruna - Lizbona 12- 25.09.2022 - Podr\u00f3\u017ce jachtem po \u015bwiecie\",\"isPartOf\":{\"@id\":\"https:\\\/\\\/pluskata.pl\\\/www\\\/#website\"},\"primaryImageOfPage\":{\"@id\":\"https:\\\/\\\/pluskata.pl\\\/www\\\/pl\\\/rejsy-2022\\\/a-coruna-lizbona-12-25-09-2022\\\/#primaryimage\"},\"image\":{\"@id\":\"https:\\\/\\\/pluskata.pl\\\/www\\\/pl\\\/rejsy-2022\\\/a-coruna-lizbona-12-25-09-2022\\\/#primaryimage\"},\"thumbnailUrl\":\"https:\\\/\\\/pluskata.pl\\\/www\\\/wp-content\\\/uploads\\\/2022\\\/09\\\/A-Coruna-Lizbona.png\",\"datePublished\":\"2022-09-27T22:57:10+00:00\",\"dateModified\":\"2022-10-12T20:38:33+00:00\",\"breadcrumb\":{\"@id\":\"https:\\\/\\\/pluskata.pl\\\/www\\\/pl\\\/rejsy-2022\\\/a-coruna-lizbona-12-25-09-2022\\\/#breadcrumb\"},\"inLanguage\":\"pl-PL\",\"potentialAction\":[{\"@type\":\"ReadAction\",\"target\":[\"https:\\\/\\\/pluskata.pl\\\/www\\\/pl\\\/rejsy-2022\\\/a-coruna-lizbona-12-25-09-2022\\\/\"]}]},{\"@type\":\"ImageObject\",\"inLanguage\":\"pl-PL\",\"@id\":\"https:\\\/\\\/pluskata.pl\\\/www\\\/pl\\\/rejsy-2022\\\/a-coruna-lizbona-12-25-09-2022\\\/#primaryimage\",\"url\":\"https:\\\/\\\/pluskata.pl\\\/www\\\/wp-content\\\/uploads\\\/2022\\\/09\\\/A-Coruna-Lizbona.png\",\"contentUrl\":\"https:\\\/\\\/pluskata.pl\\\/www\\\/wp-content\\\/uploads\\\/2022\\\/09\\\/A-Coruna-Lizbona.png\",\"width\":1099,\"height\":943,\"caption\":\"A Coruna Lizbona\"},{\"@type\":\"BreadcrumbList\",\"@id\":\"https:\\\/\\\/pluskata.pl\\\/www\\\/pl\\\/rejsy-2022\\\/a-coruna-lizbona-12-25-09-2022\\\/#breadcrumb\",\"itemListElement\":[{\"@type\":\"ListItem\",\"position\":1,\"name\":\"Strona g\u0142\u00f3wna\",\"item\":\"https:\\\/\\\/pluskata.pl\\\/www\\\/pl\\\/aktualnosci\\\/\"},{\"@type\":\"ListItem\",\"position\":2,\"name\":\"Rejsy 2022\",\"item\":\"https:\\\/\\\/pluskata.pl\\\/www\\\/pl\\\/rejsy-2022\\\/\"},{\"@type\":\"ListItem\",\"position\":3,\"name\":\"A Coruna &#8211; Lizbona 12- 25.09.2022\"}]},{\"@type\":\"WebSite\",\"@id\":\"https:\\\/\\\/pluskata.pl\\\/www\\\/#website\",\"url\":\"https:\\\/\\\/pluskata.pl\\\/www\\\/\",\"name\":\"Podr\u00f3\u017ce jachtem po \u015bwiecie\",\"description\":\"Zapraszamy do wsp\u00f3lnego \u017ceglowania\",\"publisher\":{\"@id\":\"https:\\\/\\\/pluskata.pl\\\/www\\\/#\\\/schema\\\/person\\\/15daea66397efafeded8883b67482cc0\"},\"potentialAction\":[{\"@type\":\"SearchAction\",\"target\":{\"@type\":\"EntryPoint\",\"urlTemplate\":\"https:\\\/\\\/pluskata.pl\\\/www\\\/?s={search_term_string}\"},\"query-input\":{\"@type\":\"PropertyValueSpecification\",\"valueRequired\":true,\"valueName\":\"search_term_string\"}}],\"inLanguage\":\"pl-PL\"},{\"@type\":[\"Person\",\"Organization\"],\"@id\":\"https:\\\/\\\/pluskata.pl\\\/www\\\/#\\\/schema\\\/person\\\/15daea66397efafeded8883b67482cc0\",\"name\":\"Pluskata\",\"image\":{\"@type\":\"ImageObject\",\"inLanguage\":\"pl-PL\",\"@id\":\"https:\\\/\\\/pluskata.pl\\\/www\\\/wp-content\\\/uploads\\\/2020\\\/12\\\/cropped-Logo-Pluskata_512.png\",\"url\":\"https:\\\/\\\/pluskata.pl\\\/www\\\/wp-content\\\/uploads\\\/2020\\\/12\\\/cropped-Logo-Pluskata_512.png\",\"contentUrl\":\"https:\\\/\\\/pluskata.pl\\\/www\\\/wp-content\\\/uploads\\\/2020\\\/12\\\/cropped-Logo-Pluskata_512.png\",\"width\":512,\"height\":512,\"caption\":\"Pluskata\"},\"logo\":{\"@id\":\"https:\\\/\\\/pluskata.pl\\\/www\\\/wp-content\\\/uploads\\\/2020\\\/12\\\/cropped-Logo-Pluskata_512.png\"},\"sameAs\":[\"http:\\\/\\\/www.pluskata.pl\",\"https:\\\/\\\/www.facebook.com\\\/pluskata\"]}]}<\/script>\n<!-- \/ Yoast SEO plugin. -->","yoast_head_json":{"title":"A Coruna - Lizbona 12- 25.09.2022 - Podr\u00f3\u017ce jachtem po \u015bwiecie","robots":{"index":"index","follow":"follow","max-snippet":"max-snippet:-1","max-image-preview":"max-image-preview:large","max-video-preview":"max-video-preview:-1"},"canonical":"https:\/\/pluskata.pl\/www\/pl\/rejsy-2022\/a-coruna-lizbona-12-25-09-2022\/","og_locale":"pl_PL","og_type":"article","og_title":"A Coruna - Lizbona 12- 25.09.2022 - Podr\u00f3\u017ce jachtem po \u015bwiecie","og_description":"Trasa: A Coruna &#8211; Muxia &#8211; Muros &#8211; Baiona &#8211; Porto &#8211; Figueria da Foz &#8211; Nazare &#8211; Peniche &#8211; Lizbona Termin: 12-25.09.2022 Mile\/ godziny: 425Mm\/95h 12-09-2022 poniedzia\u0142ek A Coruna Rano robimy zakupy i nowa za\u0142oga rusza na zwiedzanie miasta. Zabieraj\u0105 k\u0105piel\u00f3wki z zamiarem wyk\u0105pania si\u0119 w morzu. My zostajemy\u2026 Czytaj dalej\/Continue reading","og_url":"https:\/\/pluskata.pl\/www\/pl\/rejsy-2022\/a-coruna-lizbona-12-25-09-2022\/","og_site_name":"Podr\u00f3\u017ce jachtem po \u015bwiecie","article_publisher":"https:\/\/www.facebook.com\/pluskata","article_modified_time":"2022-10-12T20:38:33+00:00","og_image":[{"width":1099,"height":943,"url":"https:\/\/pluskata.pl\/www\/wp-content\/uploads\/2022\/09\/A-Coruna-Lizbona.png","type":"image\/png"}],"twitter_card":"summary_large_image","twitter_misc":{"Szacowany czas czytania":"8 minut"},"schema":{"@context":"https:\/\/schema.org","@graph":[{"@type":"WebPage","@id":"https:\/\/pluskata.pl\/www\/pl\/rejsy-2022\/a-coruna-lizbona-12-25-09-2022\/","url":"https:\/\/pluskata.pl\/www\/pl\/rejsy-2022\/a-coruna-lizbona-12-25-09-2022\/","name":"A Coruna - Lizbona 12- 25.09.2022 - Podr\u00f3\u017ce jachtem po \u015bwiecie","isPartOf":{"@id":"https:\/\/pluskata.pl\/www\/#website"},"primaryImageOfPage":{"@id":"https:\/\/pluskata.pl\/www\/pl\/rejsy-2022\/a-coruna-lizbona-12-25-09-2022\/#primaryimage"},"image":{"@id":"https:\/\/pluskata.pl\/www\/pl\/rejsy-2022\/a-coruna-lizbona-12-25-09-2022\/#primaryimage"},"thumbnailUrl":"https:\/\/pluskata.pl\/www\/wp-content\/uploads\/2022\/09\/A-Coruna-Lizbona.png","datePublished":"2022-09-27T22:57:10+00:00","dateModified":"2022-10-12T20:38:33+00:00","breadcrumb":{"@id":"https:\/\/pluskata.pl\/www\/pl\/rejsy-2022\/a-coruna-lizbona-12-25-09-2022\/#breadcrumb"},"inLanguage":"pl-PL","potentialAction":[{"@type":"ReadAction","target":["https:\/\/pluskata.pl\/www\/pl\/rejsy-2022\/a-coruna-lizbona-12-25-09-2022\/"]}]},{"@type":"ImageObject","inLanguage":"pl-PL","@id":"https:\/\/pluskata.pl\/www\/pl\/rejsy-2022\/a-coruna-lizbona-12-25-09-2022\/#primaryimage","url":"https:\/\/pluskata.pl\/www\/wp-content\/uploads\/2022\/09\/A-Coruna-Lizbona.png","contentUrl":"https:\/\/pluskata.pl\/www\/wp-content\/uploads\/2022\/09\/A-Coruna-Lizbona.png","width":1099,"height":943,"caption":"A Coruna Lizbona"},{"@type":"BreadcrumbList","@id":"https:\/\/pluskata.pl\/www\/pl\/rejsy-2022\/a-coruna-lizbona-12-25-09-2022\/#breadcrumb","itemListElement":[{"@type":"ListItem","position":1,"name":"Strona g\u0142\u00f3wna","item":"https:\/\/pluskata.pl\/www\/pl\/aktualnosci\/"},{"@type":"ListItem","position":2,"name":"Rejsy 2022","item":"https:\/\/pluskata.pl\/www\/pl\/rejsy-2022\/"},{"@type":"ListItem","position":3,"name":"A Coruna &#8211; Lizbona 12- 25.09.2022"}]},{"@type":"WebSite","@id":"https:\/\/pluskata.pl\/www\/#website","url":"https:\/\/pluskata.pl\/www\/","name":"Podr\u00f3\u017ce jachtem po \u015bwiecie","description":"Zapraszamy do wsp\u00f3lnego \u017ceglowania","publisher":{"@id":"https:\/\/pluskata.pl\/www\/#\/schema\/person\/15daea66397efafeded8883b67482cc0"},"potentialAction":[{"@type":"SearchAction","target":{"@type":"EntryPoint","urlTemplate":"https:\/\/pluskata.pl\/www\/?s={search_term_string}"},"query-input":{"@type":"PropertyValueSpecification","valueRequired":true,"valueName":"search_term_string"}}],"inLanguage":"pl-PL"},{"@type":["Person","Organization"],"@id":"https:\/\/pluskata.pl\/www\/#\/schema\/person\/15daea66397efafeded8883b67482cc0","name":"Pluskata","image":{"@type":"ImageObject","inLanguage":"pl-PL","@id":"https:\/\/pluskata.pl\/www\/wp-content\/uploads\/2020\/12\/cropped-Logo-Pluskata_512.png","url":"https:\/\/pluskata.pl\/www\/wp-content\/uploads\/2020\/12\/cropped-Logo-Pluskata_512.png","contentUrl":"https:\/\/pluskata.pl\/www\/wp-content\/uploads\/2020\/12\/cropped-Logo-Pluskata_512.png","width":512,"height":512,"caption":"Pluskata"},"logo":{"@id":"https:\/\/pluskata.pl\/www\/wp-content\/uploads\/2020\/12\/cropped-Logo-Pluskata_512.png"},"sameAs":["http:\/\/www.pluskata.pl","https:\/\/www.facebook.com\/pluskata"]}]}},"_links":{"self":[{"href":"https:\/\/pluskata.pl\/www\/wp-json\/wp\/v2\/pages\/2975","targetHints":{"allow":["GET"]}}],"collection":[{"href":"https:\/\/pluskata.pl\/www\/wp-json\/wp\/v2\/pages"}],"about":[{"href":"https:\/\/pluskata.pl\/www\/wp-json\/wp\/v2\/types\/page"}],"author":[{"embeddable":true,"href":"https:\/\/pluskata.pl\/www\/wp-json\/wp\/v2\/users\/1"}],"replies":[{"embeddable":true,"href":"https:\/\/pluskata.pl\/www\/wp-json\/wp\/v2\/comments?post=2975"}],"version-history":[{"count":0,"href":"https:\/\/pluskata.pl\/www\/wp-json\/wp\/v2\/pages\/2975\/revisions"}],"up":[{"embeddable":true,"href":"https:\/\/pluskata.pl\/www\/wp-json\/wp\/v2\/pages\/1605"}],"wp:featuredmedia":[{"embeddable":true,"href":"https:\/\/pluskata.pl\/www\/wp-json\/wp\/v2\/media\/2982"}],"wp:attachment":[{"href":"https:\/\/pluskata.pl\/www\/wp-json\/wp\/v2\/media?parent=2975"}],"curies":[{"name":"wp","href":"https:\/\/api.w.org\/{rel}","templated":true}]}}