{"id":2635,"date":"2022-09-08T12:47:57","date_gmt":"2022-09-08T10:47:57","guid":{"rendered":"https:\/\/pluskata.pl\/www\/?page_id=2635"},"modified":"2022-09-29T13:44:06","modified_gmt":"2022-09-29T11:44:06","slug":"from-bilbao-to-a-coruna-26-08-04-09-2022","status":"publish","type":"page","link":"https:\/\/pluskata.pl\/www\/en\/crusies-2022\/from-bilbao-to-a-coruna-26-08-04-09-2022\/","title":{"rendered":"From Bilbao to A Coruna 26.08-04.09.2022"},"content":{"rendered":"<p><a href=\"https:\/\/pluskata.pl\/www\/en\/crusies-2022\/from-bilbao-to-a-coruna-26-08-04-09-2022\/bilbao-a-coruna-2\/\"><img loading=\"lazy\" decoding=\"async\" class=\"alignnone wp-image-2611 size-large\" src=\"https:\/\/pluskata.pl\/www\/wp-content\/uploads\/2022\/09\/Bilbao-A-Coruna-1024x462.jpg\" alt=\"Bilbao A Coruna\" width=\"1024\" height=\"462\" srcset=\"https:\/\/pluskata.pl\/www\/wp-content\/uploads\/2022\/09\/Bilbao-A-Coruna-1024x462.jpg 1024w, https:\/\/pluskata.pl\/www\/wp-content\/uploads\/2022\/09\/Bilbao-A-Coruna-300x135.jpg 300w, https:\/\/pluskata.pl\/www\/wp-content\/uploads\/2022\/09\/Bilbao-A-Coruna-768x347.jpg 768w, https:\/\/pluskata.pl\/www\/wp-content\/uploads\/2022\/09\/Bilbao-A-Coruna-1536x694.jpg 1536w, https:\/\/pluskata.pl\/www\/wp-content\/uploads\/2022\/09\/Bilbao-A-Coruna-2048x925.jpg 2048w, https:\/\/pluskata.pl\/www\/wp-content\/uploads\/2022\/09\/Bilbao-A-Coruna-150x68.jpg 150w\" sizes=\"auto, (max-width: 1024px) 100vw, 1024px\" \/><\/a><\/p>\n<p><strong>Route:<\/strong> Bilbao &#8211; Santander &#8211; Gijon &#8211; Ribadeo &#8211; Cedeira &#8211; A Coruna<br \/>\n<strong>Date:<\/strong> 25.04-04.09.2022<br \/>\n<strong>Miles \/ hours:<\/strong>\u00a0320Mm\/66h<\/p>\n<p><strong>25-08-2022 Thursday, Bilbao<\/strong><br \/>\nIn the evening we go to Bilbao for the fireworks display. We have a Baric card (it costs \u20ac 3 and is valid for 7 years). It is an electronic purse &#8211; a contactless card that is filled with money (the quantum is \u20ac 5). When entering and exiting the metro and bus, he takes some amount off the card &#8211; much less than a single-use ticket.<\/p>\n<p><a href=\"https:\/\/pluskata.pl\/www\/en\/crusies-2022\/from-bilbao-to-a-coruna-26-08-04-09-2022\/abra-prom-wiszacy-2\/\"><img loading=\"lazy\" decoding=\"async\" class=\"alignnone wp-image-2908 size-medium\" src=\"https:\/\/pluskata.pl\/www\/wp-content\/uploads\/2022\/09\/Abra-prom-wiszacy-300x200.jpg\" alt=\"Abra hanging ferry\" width=\"300\" height=\"200\" srcset=\"https:\/\/pluskata.pl\/www\/wp-content\/uploads\/2022\/09\/Abra-prom-wiszacy-300x200.jpg 300w, https:\/\/pluskata.pl\/www\/wp-content\/uploads\/2022\/09\/Abra-prom-wiszacy-1024x683.jpg 1024w, https:\/\/pluskata.pl\/www\/wp-content\/uploads\/2022\/09\/Abra-prom-wiszacy-768x512.jpg 768w, https:\/\/pluskata.pl\/www\/wp-content\/uploads\/2022\/09\/Abra-prom-wiszacy-1536x1024.jpg 1536w, https:\/\/pluskata.pl\/www\/wp-content\/uploads\/2022\/09\/Abra-prom-wiszacy-2048x1365.jpg 2048w, https:\/\/pluskata.pl\/www\/wp-content\/uploads\/2022\/09\/Abra-prom-wiszacy-150x100.jpg 150w\" sizes=\"auto, (max-width: 300px) 100vw, 300px\" \/><\/a> <a href=\"https:\/\/pluskata.pl\/www\/en\/crusies-2022\/from-bilbao-to-a-coruna-26-08-04-09-2022\/bilbao-byk-ogniowy-2\/\"><img loading=\"lazy\" decoding=\"async\" class=\"alignnone wp-image-2909 size-medium\" src=\"https:\/\/pluskata.pl\/www\/wp-content\/uploads\/2022\/09\/Bilbao-byk-ogniowy-225x300.jpg\" alt=\"Bilbao fire bull\" width=\"225\" height=\"300\" srcset=\"https:\/\/pluskata.pl\/www\/wp-content\/uploads\/2022\/09\/Bilbao-byk-ogniowy-225x300.jpg 225w, https:\/\/pluskata.pl\/www\/wp-content\/uploads\/2022\/09\/Bilbao-byk-ogniowy.jpg 1512w\" sizes=\"auto, (max-width: 225px) 100vw, 225px\" \/><\/a> <a href=\"https:\/\/pluskata.pl\/www\/en\/crusies-2022\/from-bilbao-to-a-coruna-26-08-04-09-2022\/bilbao-sklep-2\/\"><img loading=\"lazy\" decoding=\"async\" class=\"alignnone wp-image-2910 size-medium\" src=\"https:\/\/pluskata.pl\/www\/wp-content\/uploads\/2022\/09\/Bilbao-sklep-300x225.jpg\" alt=\"Bilbao shop\" width=\"300\" height=\"225\" srcset=\"https:\/\/pluskata.pl\/www\/wp-content\/uploads\/2022\/09\/Bilbao-sklep-300x225.jpg 300w, https:\/\/pluskata.pl\/www\/wp-content\/uploads\/2022\/09\/Bilbao-sklep-1024x768.jpg 1024w, https:\/\/pluskata.pl\/www\/wp-content\/uploads\/2022\/09\/Bilbao-sklep-768x576.jpg 768w, https:\/\/pluskata.pl\/www\/wp-content\/uploads\/2022\/09\/Bilbao-sklep-1536x1152.jpg 1536w, https:\/\/pluskata.pl\/www\/wp-content\/uploads\/2022\/09\/Bilbao-sklep-2048x1536.jpg 2048w, https:\/\/pluskata.pl\/www\/wp-content\/uploads\/2022\/09\/Bilbao-sklep-150x113.jpg 150w\" sizes=\"auto, (max-width: 300px) 100vw, 300px\" \/><\/a><br \/>\nWe come straight to the main square in the old town of Bilbao for the pyrotechnics show. The man is wearing an imitation of a bull with cold fire launchers attached to his back &#8211; there is a lot of smoke, some fire and a lot of fun, because the &#8222;bull&#8221; attacks the gathered crowd. Then we take a walk around the old town (Casco viejo) too light. The fireworks display is &#8222;competitive&#8221;. Every day shows a different province or country &#8211; today the show is done in Granada. After the fireworks, we are still staying for the flamenco show. It is amazing. We return to the yacht around 1:30.<\/p>\n<p><strong>26-08-2022 Friday, Bilbao<\/strong><br \/>\nAfter breakfast, we drive to Bilbao and see the Guggenhim Museum building from the outside.<\/p>\n<p><a href=\"https:\/\/pluskata.pl\/www\/en\/crusies-2022\/from-bilbao-to-a-coruna-26-08-04-09-2022\/bilbao-muzeum-gugenheima-2\/\"><img loading=\"lazy\" decoding=\"async\" class=\"alignnone wp-image-2911 size-medium\" src=\"https:\/\/pluskata.pl\/www\/wp-content\/uploads\/2022\/09\/Bilbao-muzeum-Gugenheima-300x200.jpg\" alt=\"Bilbao Guggenheim muzeum\" width=\"300\" height=\"200\" srcset=\"https:\/\/pluskata.pl\/www\/wp-content\/uploads\/2022\/09\/Bilbao-muzeum-Gugenheima-300x200.jpg 300w, https:\/\/pluskata.pl\/www\/wp-content\/uploads\/2022\/09\/Bilbao-muzeum-Gugenheima-1024x683.jpg 1024w, https:\/\/pluskata.pl\/www\/wp-content\/uploads\/2022\/09\/Bilbao-muzeum-Gugenheima-768x512.jpg 768w, https:\/\/pluskata.pl\/www\/wp-content\/uploads\/2022\/09\/Bilbao-muzeum-Gugenheima-1536x1024.jpg 1536w, https:\/\/pluskata.pl\/www\/wp-content\/uploads\/2022\/09\/Bilbao-muzeum-Gugenheima-2048x1365.jpg 2048w, https:\/\/pluskata.pl\/www\/wp-content\/uploads\/2022\/09\/Bilbao-muzeum-Gugenheima-150x100.jpg 150w\" sizes=\"auto, (max-width: 300px) 100vw, 300px\" \/><\/a> <a href=\"https:\/\/pluskata.pl\/www\/en\/crusies-2022\/from-bilbao-to-a-coruna-26-08-04-09-2022\/bilbao-azkuna-zetora-2\/\"><img loading=\"lazy\" decoding=\"async\" class=\"alignnone wp-image-2912 size-medium\" src=\"https:\/\/pluskata.pl\/www\/wp-content\/uploads\/2022\/09\/Bilbao-Azkuna-Zetora-300x225.jpg\" alt=\"Bilbao Azkuna Zetora\" width=\"300\" height=\"225\" srcset=\"https:\/\/pluskata.pl\/www\/wp-content\/uploads\/2022\/09\/Bilbao-Azkuna-Zetora-300x225.jpg 300w, https:\/\/pluskata.pl\/www\/wp-content\/uploads\/2022\/09\/Bilbao-Azkuna-Zetora-1024x768.jpg 1024w, https:\/\/pluskata.pl\/www\/wp-content\/uploads\/2022\/09\/Bilbao-Azkuna-Zetora-768x576.jpg 768w, https:\/\/pluskata.pl\/www\/wp-content\/uploads\/2022\/09\/Bilbao-Azkuna-Zetora-1536x1152.jpg 1536w, https:\/\/pluskata.pl\/www\/wp-content\/uploads\/2022\/09\/Bilbao-Azkuna-Zetora-150x113.jpg 150w, https:\/\/pluskata.pl\/www\/wp-content\/uploads\/2022\/09\/Bilbao-Azkuna-Zetora.jpg 1838w\" sizes=\"auto, (max-width: 300px) 100vw, 300px\" \/><\/a><br \/>\nIt is very fancy. Then we go to see the Azkun Zetor building, inside which there are 3 other buildings standing on decorative columns.<br \/>\nWe go to dinner together, it&#8217;s 4pm, so the pubs are closed (they won&#8217;t open until 7pm). We find an active Indian pub and eat a big delicious dinner &#8211; it comes out at 12 \u20ac per person. After returning, we do grocery shopping.<\/p>\n<p><strong>27-08-2022 Saturday to Santander<\/strong><br \/>\nWe leave at 8 am.<\/p>\n<p><a href=\"https:\/\/pluskata.pl\/www\/en\/crusies-2022\/from-bilbao-to-a-coruna-26-08-04-09-2022\/sniadanie-3-2\/\"><img loading=\"lazy\" decoding=\"async\" class=\"alignnone wp-image-2913 size-medium\" src=\"https:\/\/pluskata.pl\/www\/wp-content\/uploads\/2022\/09\/Sniadanie-225x300.jpg\" alt=\"Breakfast\" width=\"225\" height=\"300\" srcset=\"https:\/\/pluskata.pl\/www\/wp-content\/uploads\/2022\/09\/Sniadanie-225x300.jpg 225w, https:\/\/pluskata.pl\/www\/wp-content\/uploads\/2022\/09\/Sniadanie-768x1024.jpg 768w, https:\/\/pluskata.pl\/www\/wp-content\/uploads\/2022\/09\/Sniadanie-1152x1536.jpg 1152w, https:\/\/pluskata.pl\/www\/wp-content\/uploads\/2022\/09\/Sniadanie-113x150.jpg 113w, https:\/\/pluskata.pl\/www\/wp-content\/uploads\/2022\/09\/Sniadanie.jpg 1512w\" sizes=\"auto, (max-width: 225px) 100vw, 225px\" \/><\/a><\/p>\n<p>We already eat breakfast on the water. It blows 4-5kn, so we sail on the engine. Around 12 o&#8217;clock it fades a little, so we put the genoa. We reach Santander at 4 pm. We plan to stand in the marina in the city center, but it turns out that there are no places. We sail another hour and enter the Santander marina near the airport. After mooring, the marina&#8217;s staff comes and asks for a berth to another place, because the one where we stood is private. We sail to another place and the service takes the ropes from us.<\/p>\n<p><a href=\"https:\/\/pluskata.pl\/www\/en\/crusies-2022\/from-bilbao-to-a-coruna-26-08-04-09-2022\/santander-podejscie-2\/\"><img loading=\"lazy\" decoding=\"async\" class=\"alignnone wp-image-2914 size-medium\" src=\"https:\/\/pluskata.pl\/www\/wp-content\/uploads\/2022\/09\/Santander-podejscie-300x200.jpg\" alt=\"Santander rock\" width=\"300\" height=\"200\" srcset=\"https:\/\/pluskata.pl\/www\/wp-content\/uploads\/2022\/09\/Santander-podejscie-300x200.jpg 300w, https:\/\/pluskata.pl\/www\/wp-content\/uploads\/2022\/09\/Santander-podejscie-1024x683.jpg 1024w, https:\/\/pluskata.pl\/www\/wp-content\/uploads\/2022\/09\/Santander-podejscie-768x512.jpg 768w, https:\/\/pluskata.pl\/www\/wp-content\/uploads\/2022\/09\/Santander-podejscie-1536x1024.jpg 1536w, https:\/\/pluskata.pl\/www\/wp-content\/uploads\/2022\/09\/Santander-podejscie-2048x1365.jpg 2048w, https:\/\/pluskata.pl\/www\/wp-content\/uploads\/2022\/09\/Santander-podejscie-150x100.jpg 150w\" sizes=\"auto, (max-width: 300px) 100vw, 300px\" \/><\/a> <a href=\"https:\/\/pluskata.pl\/www\/en\/crusies-2022\/from-bilbao-to-a-coruna-26-08-04-09-2022\/santander-zamek-2\/\"><img loading=\"lazy\" decoding=\"async\" class=\"alignnone wp-image-2915 size-medium\" src=\"https:\/\/pluskata.pl\/www\/wp-content\/uploads\/2022\/09\/Santander-zamek-300x225.jpg\" alt=\"Santander castle\" width=\"300\" height=\"225\" srcset=\"https:\/\/pluskata.pl\/www\/wp-content\/uploads\/2022\/09\/Santander-zamek-300x225.jpg 300w, https:\/\/pluskata.pl\/www\/wp-content\/uploads\/2022\/09\/Santander-zamek-1024x768.jpg 1024w, https:\/\/pluskata.pl\/www\/wp-content\/uploads\/2022\/09\/Santander-zamek-768x576.jpg 768w, https:\/\/pluskata.pl\/www\/wp-content\/uploads\/2022\/09\/Santander-zamek-1536x1153.jpg 1536w, https:\/\/pluskata.pl\/www\/wp-content\/uploads\/2022\/09\/Santander-zamek-150x113.jpg 150w, https:\/\/pluskata.pl\/www\/wp-content\/uploads\/2022\/09\/Santander-zamek.jpg 1899w\" sizes=\"auto, (max-width: 300px) 100vw, 300px\" \/><\/a> <a href=\"https:\/\/pluskata.pl\/www\/en\/crusies-2022\/from-bilbao-to-a-coruna-26-08-04-09-2022\/santander-2\/\"><img loading=\"lazy\" decoding=\"async\" class=\"alignnone wp-image-2916 size-medium\" src=\"https:\/\/pluskata.pl\/www\/wp-content\/uploads\/2022\/09\/Santander-300x225.jpg\" alt=\"Santander\" width=\"300\" height=\"225\" srcset=\"https:\/\/pluskata.pl\/www\/wp-content\/uploads\/2022\/09\/Santander-300x225.jpg 300w, https:\/\/pluskata.pl\/www\/wp-content\/uploads\/2022\/09\/Santander-1024x769.jpg 1024w, https:\/\/pluskata.pl\/www\/wp-content\/uploads\/2022\/09\/Santander-768x576.jpg 768w, https:\/\/pluskata.pl\/www\/wp-content\/uploads\/2022\/09\/Santander-1536x1153.jpg 1536w, https:\/\/pluskata.pl\/www\/wp-content\/uploads\/2022\/09\/Santander-150x113.jpg 150w, https:\/\/pluskata.pl\/www\/wp-content\/uploads\/2022\/09\/Santander.jpg 1916w\" sizes=\"auto, (max-width: 300px) 100vw, 300px\" \/><\/a> <a href=\"https:\/\/pluskata.pl\/www\/en\/crusies-2022\/from-bilbao-to-a-coruna-26-08-04-09-2022\/santander-knajpa-2\/\"><img loading=\"lazy\" decoding=\"async\" class=\"alignnone wp-image-2917 size-medium\" src=\"https:\/\/pluskata.pl\/www\/wp-content\/uploads\/2022\/09\/Santander-knajpa-300x194.jpg\" alt=\"Santander restaurant\" width=\"300\" height=\"194\" srcset=\"https:\/\/pluskata.pl\/www\/wp-content\/uploads\/2022\/09\/Santander-knajpa-300x194.jpg 300w, https:\/\/pluskata.pl\/www\/wp-content\/uploads\/2022\/09\/Santander-knajpa-1024x664.jpg 1024w, https:\/\/pluskata.pl\/www\/wp-content\/uploads\/2022\/09\/Santander-knajpa-768x498.jpg 768w, https:\/\/pluskata.pl\/www\/wp-content\/uploads\/2022\/09\/Santander-knajpa-1536x996.jpg 1536w, https:\/\/pluskata.pl\/www\/wp-content\/uploads\/2022\/09\/Santander-knajpa-2048x1328.jpg 2048w, https:\/\/pluskata.pl\/www\/wp-content\/uploads\/2022\/09\/Santander-knajpa-150x97.jpg 150w\" sizes=\"auto, (max-width: 300px) 100vw, 300px\" \/><\/a><br \/>\nWe get a card with the timetable of buses and contact information and a card that opens the gate to the pier and the shower room. The bus to the city center runs every hour and takes about 20 minutes, and it takes about 15 minutes to get to the bus stop (you go through the tunnel under the airport). In Santander, we buy some vegetables and go sightseeing. We enter the pub for a grilled octopus &#8211; it is very tasty. We return to the yacht on the last bus at 22:30.<\/p>\n<p><strong>28-08-2022 Sunday Santander<\/strong><\/p>\n<p><a href=\"https:\/\/pluskata.pl\/www\/en\/crusies-2022\/from-bilbao-to-a-coruna-26-08-04-09-2022\/santander-marina-2\/\"><img loading=\"lazy\" decoding=\"async\" class=\"alignnone wp-image-2918 size-medium\" src=\"https:\/\/pluskata.pl\/www\/wp-content\/uploads\/2022\/09\/Santander-marina-300x225.jpg\" alt=\"Santander marina\" width=\"300\" height=\"225\" srcset=\"https:\/\/pluskata.pl\/www\/wp-content\/uploads\/2022\/09\/Santander-marina-300x225.jpg 300w, https:\/\/pluskata.pl\/www\/wp-content\/uploads\/2022\/09\/Santander-marina-1024x767.jpg 1024w, https:\/\/pluskata.pl\/www\/wp-content\/uploads\/2022\/09\/Santander-marina-768x576.jpg 768w, https:\/\/pluskata.pl\/www\/wp-content\/uploads\/2022\/09\/Santander-marina-1536x1151.jpg 1536w, https:\/\/pluskata.pl\/www\/wp-content\/uploads\/2022\/09\/Santander-marina-150x112.jpg 150w, https:\/\/pluskata.pl\/www\/wp-content\/uploads\/2022\/09\/Santander-marina.jpg 1928w\" sizes=\"auto, (max-width: 300px) 100vw, 300px\" \/><\/a> <a href=\"https:\/\/pluskata.pl\/www\/en\/crusies-2022\/from-bilbao-to-a-coruna-26-08-04-09-2022\/santander-basen-2\/\"><img loading=\"lazy\" decoding=\"async\" class=\"alignnone wp-image-2919 size-medium\" src=\"https:\/\/pluskata.pl\/www\/wp-content\/uploads\/2022\/09\/Santander-basen-300x225.jpg\" alt=\"Santander swimming pool\" width=\"300\" height=\"225\" srcset=\"https:\/\/pluskata.pl\/www\/wp-content\/uploads\/2022\/09\/Santander-basen-300x225.jpg 300w, https:\/\/pluskata.pl\/www\/wp-content\/uploads\/2022\/09\/Santander-basen-1024x768.jpg 1024w, https:\/\/pluskata.pl\/www\/wp-content\/uploads\/2022\/09\/Santander-basen-768x576.jpg 768w, https:\/\/pluskata.pl\/www\/wp-content\/uploads\/2022\/09\/Santander-basen-1536x1152.jpg 1536w, https:\/\/pluskata.pl\/www\/wp-content\/uploads\/2022\/09\/Santander-basen-2048x1536.jpg 2048w, https:\/\/pluskata.pl\/www\/wp-content\/uploads\/2022\/09\/Santander-basen-150x113.jpg 150w\" sizes=\"auto, (max-width: 300px) 100vw, 300px\" \/><\/a> <a href=\"https:\/\/pluskata.pl\/www\/en\/crusies-2022\/from-bilbao-to-a-coruna-26-08-04-09-2022\/obiad-2\/\"><img loading=\"lazy\" decoding=\"async\" class=\"alignnone wp-image-2920 size-medium\" src=\"https:\/\/pluskata.pl\/www\/wp-content\/uploads\/2022\/09\/Obiad-300x225.jpg\" alt=\"Diner\" width=\"300\" height=\"225\" srcset=\"https:\/\/pluskata.pl\/www\/wp-content\/uploads\/2022\/09\/Obiad-300x225.jpg 300w, https:\/\/pluskata.pl\/www\/wp-content\/uploads\/2022\/09\/Obiad-1024x768.jpg 1024w, https:\/\/pluskata.pl\/www\/wp-content\/uploads\/2022\/09\/Obiad-768x576.jpg 768w, https:\/\/pluskata.pl\/www\/wp-content\/uploads\/2022\/09\/Obiad-1536x1151.jpg 1536w, https:\/\/pluskata.pl\/www\/wp-content\/uploads\/2022\/09\/Obiad-150x112.jpg 150w, https:\/\/pluskata.pl\/www\/wp-content\/uploads\/2022\/09\/Obiad.jpg 1865w\" sizes=\"auto, (max-width: 300px) 100vw, 300px\" \/><\/a> <a href=\"https:\/\/pluskata.pl\/www\/en\/crusies-2022\/from-bilbao-to-a-coruna-26-08-04-09-2022\/santander-miasto-2\/\"><img loading=\"lazy\" decoding=\"async\" class=\"alignnone wp-image-2921 size-medium\" src=\"https:\/\/pluskata.pl\/www\/wp-content\/uploads\/2022\/09\/Santander-miasto-300x231.jpg\" alt=\"Santander old town\" width=\"300\" height=\"231\" srcset=\"https:\/\/pluskata.pl\/www\/wp-content\/uploads\/2022\/09\/Santander-miasto-300x231.jpg 300w, https:\/\/pluskata.pl\/www\/wp-content\/uploads\/2022\/09\/Santander-miasto-1024x789.jpg 1024w, https:\/\/pluskata.pl\/www\/wp-content\/uploads\/2022\/09\/Santander-miasto-768x592.jpg 768w, https:\/\/pluskata.pl\/www\/wp-content\/uploads\/2022\/09\/Santander-miasto-1536x1184.jpg 1536w, https:\/\/pluskata.pl\/www\/wp-content\/uploads\/2022\/09\/Santander-miasto-2048x1579.jpg 2048w, https:\/\/pluskata.pl\/www\/wp-content\/uploads\/2022\/09\/Santander-miasto-150x116.jpg 150w\" sizes=\"auto, (max-width: 300px) 100vw, 300px\" \/><\/a><br \/>\nIn the morning we visit the showers in the marina. After breakfast, we decide to go to the artificial beach, but the water is low and a lot of rubbish blows into the &#8222;pool&#8221;, so we give up and go back to the yacht. We fill up the water, have dinner and go out. We stop for a swim at the anchorage near Magdalena&#8217;s Palace (we did not manage to get there, but the place is cleared), wait for the rain and move on at 8 p.m.<\/p>\n<p><strong>29-08-2022 Monday Gijon<\/strong><br \/>\nChangeable at night, some clouds, some stars (there is a new moon so nothing illuminates the stars) The wind is rather weak, so we mainly use the engine, but we manage a bit on sails. We enter Gijon before 6 pm. We stand at the pier for guests. A speedboat arrives from the port service, helps to moor and offers a lift to the marina office (otherwise you have to go around the entire port). The gentleman is kind enough to bring me back to the yacht. The fee for the marina consists of many items (water, electricity, marinero service, garbage) all payable per m2 of boat. We move to a place closer to the toilets (marked on the c-map as places for guests). Hence, it is much closer to the sanitary facilities and the city. We embrace the yacht and go for a walk around the old town.<\/p>\n<p><a href=\"https:\/\/pluskata.pl\/www\/en\/crusies-2022\/from-bilbao-to-a-coruna-26-08-04-09-2022\/gijon-pomnik-2\/\"><img loading=\"lazy\" decoding=\"async\" class=\"alignnone wp-image-2922 size-medium\" src=\"https:\/\/pluskata.pl\/www\/wp-content\/uploads\/2022\/09\/Gijon-pomnik-300x200.jpg\" alt=\"Gijon monument\" width=\"300\" height=\"200\" srcset=\"https:\/\/pluskata.pl\/www\/wp-content\/uploads\/2022\/09\/Gijon-pomnik-300x200.jpg 300w, https:\/\/pluskata.pl\/www\/wp-content\/uploads\/2022\/09\/Gijon-pomnik-1024x681.jpg 1024w, https:\/\/pluskata.pl\/www\/wp-content\/uploads\/2022\/09\/Gijon-pomnik-768x511.jpg 768w, https:\/\/pluskata.pl\/www\/wp-content\/uploads\/2022\/09\/Gijon-pomnik-1536x1022.jpg 1536w, https:\/\/pluskata.pl\/www\/wp-content\/uploads\/2022\/09\/Gijon-pomnik-2048x1363.jpg 2048w, https:\/\/pluskata.pl\/www\/wp-content\/uploads\/2022\/09\/Gijon-pomnik-150x100.jpg 150w\" sizes=\"auto, (max-width: 300px) 100vw, 300px\" \/><\/a> <a href=\"https:\/\/pluskata.pl\/www\/en\/crusies-2022\/from-bilbao-to-a-coruna-26-08-04-09-2022\/gijon-wysoka-woda-2\/\"><img loading=\"lazy\" decoding=\"async\" class=\"alignnone wp-image-2923 size-medium\" src=\"https:\/\/pluskata.pl\/www\/wp-content\/uploads\/2022\/09\/Gijon-wysoka-woda-300x200.jpg\" alt=\"Gijon high water\" width=\"300\" height=\"200\" srcset=\"https:\/\/pluskata.pl\/www\/wp-content\/uploads\/2022\/09\/Gijon-wysoka-woda-300x200.jpg 300w, https:\/\/pluskata.pl\/www\/wp-content\/uploads\/2022\/09\/Gijon-wysoka-woda-1024x683.jpg 1024w, https:\/\/pluskata.pl\/www\/wp-content\/uploads\/2022\/09\/Gijon-wysoka-woda-768x512.jpg 768w, https:\/\/pluskata.pl\/www\/wp-content\/uploads\/2022\/09\/Gijon-wysoka-woda-1536x1024.jpg 1536w, https:\/\/pluskata.pl\/www\/wp-content\/uploads\/2022\/09\/Gijon-wysoka-woda-2048x1365.jpg 2048w, https:\/\/pluskata.pl\/www\/wp-content\/uploads\/2022\/09\/Gijon-wysoka-woda-150x100.jpg 150w\" sizes=\"auto, (max-width: 300px) 100vw, 300px\" \/><\/a> <a href=\"https:\/\/pluskata.pl\/www\/en\/crusies-2022\/from-bilbao-to-a-coruna-26-08-04-09-2022\/gijon-noca-2\/\"><img loading=\"lazy\" decoding=\"async\" class=\"alignnone wp-image-2929 size-medium\" src=\"https:\/\/pluskata.pl\/www\/wp-content\/uploads\/2022\/09\/Gijon-noca-300x225.jpg\" alt=\"Gijon at night\" width=\"300\" height=\"225\" srcset=\"https:\/\/pluskata.pl\/www\/wp-content\/uploads\/2022\/09\/Gijon-noca-300x225.jpg 300w, https:\/\/pluskata.pl\/www\/wp-content\/uploads\/2022\/09\/Gijon-noca-1024x769.jpg 1024w, https:\/\/pluskata.pl\/www\/wp-content\/uploads\/2022\/09\/Gijon-noca-768x577.jpg 768w, https:\/\/pluskata.pl\/www\/wp-content\/uploads\/2022\/09\/Gijon-noca-1536x1154.jpg 1536w, https:\/\/pluskata.pl\/www\/wp-content\/uploads\/2022\/09\/Gijon-noca-150x113.jpg 150w, https:\/\/pluskata.pl\/www\/wp-content\/uploads\/2022\/09\/Gijon-noca.jpg 1711w\" sizes=\"auto, (max-width: 300px) 100vw, 300px\" \/><\/a><\/p>\n<p>We return to the yacht at around 9 p.m., take a shower in the marina and go to bed early.<\/p>\n<p><strong>30-08-2022 Tuesday Gijon<\/strong><br \/>\nThe showers have push buttons, but they also have a temperature control (it works so-so). An additional attraction is the light that can be turned on for a specific time &#8211; too short to take a bath. After coffee, we go to the city &#8211; we replenish our food supplies (vegetables, bread, etc.) and go for a walk around the city. We come to dinner in the city.<\/p>\n<p><a href=\"https:\/\/pluskata.pl\/www\/en\/crusies-2022\/from-bilbao-to-a-coruna-26-08-04-09-2022\/gijon-schody-2\/\"><img loading=\"lazy\" decoding=\"async\" class=\"alignnone wp-image-2925 size-medium\" src=\"https:\/\/pluskata.pl\/www\/wp-content\/uploads\/2022\/09\/Gijon-schody-300x200.jpg\" alt=\"Gijon steps\" width=\"300\" height=\"200\" srcset=\"https:\/\/pluskata.pl\/www\/wp-content\/uploads\/2022\/09\/Gijon-schody-300x200.jpg 300w, https:\/\/pluskata.pl\/www\/wp-content\/uploads\/2022\/09\/Gijon-schody-1024x683.jpg 1024w, https:\/\/pluskata.pl\/www\/wp-content\/uploads\/2022\/09\/Gijon-schody-768x513.jpg 768w, https:\/\/pluskata.pl\/www\/wp-content\/uploads\/2022\/09\/Gijon-schody-1536x1025.jpg 1536w, https:\/\/pluskata.pl\/www\/wp-content\/uploads\/2022\/09\/Gijon-schody-2048x1367.jpg 2048w, https:\/\/pluskata.pl\/www\/wp-content\/uploads\/2022\/09\/Gijon-schody-150x100.jpg 150w\" sizes=\"auto, (max-width: 300px) 100vw, 300px\" \/><\/a> <a href=\"https:\/\/pluskata.pl\/www\/en\/crusies-2022\/from-bilbao-to-a-coruna-26-08-04-09-2022\/gijon-plaza-2\/\"><img loading=\"lazy\" decoding=\"async\" class=\"alignnone wp-image-2926 size-medium\" src=\"https:\/\/pluskata.pl\/www\/wp-content\/uploads\/2022\/09\/Gijon-plaza-300x200.jpg\" alt=\"Gijon beach\" width=\"300\" height=\"200\" srcset=\"https:\/\/pluskata.pl\/www\/wp-content\/uploads\/2022\/09\/Gijon-plaza-300x200.jpg 300w, https:\/\/pluskata.pl\/www\/wp-content\/uploads\/2022\/09\/Gijon-plaza-1024x683.jpg 1024w, https:\/\/pluskata.pl\/www\/wp-content\/uploads\/2022\/09\/Gijon-plaza-768x512.jpg 768w, https:\/\/pluskata.pl\/www\/wp-content\/uploads\/2022\/09\/Gijon-plaza-1536x1024.jpg 1536w, https:\/\/pluskata.pl\/www\/wp-content\/uploads\/2022\/09\/Gijon-plaza-2048x1365.jpg 2048w, https:\/\/pluskata.pl\/www\/wp-content\/uploads\/2022\/09\/Gijon-plaza-150x100.jpg 150w\" sizes=\"auto, (max-width: 300px) 100vw, 300px\" \/><\/a> <a href=\"https:\/\/pluskata.pl\/www\/en\/crusies-2022\/from-bilbao-to-a-coruna-26-08-04-09-2022\/gijon-kosciol-2\/\"><img loading=\"lazy\" decoding=\"async\" class=\"alignnone wp-image-2928 size-medium\" src=\"https:\/\/pluskata.pl\/www\/wp-content\/uploads\/2022\/09\/Gijon-kosciol-300x200.jpg\" alt=\"Gijon church\" width=\"300\" height=\"200\" srcset=\"https:\/\/pluskata.pl\/www\/wp-content\/uploads\/2022\/09\/Gijon-kosciol-300x200.jpg 300w, https:\/\/pluskata.pl\/www\/wp-content\/uploads\/2022\/09\/Gijon-kosciol-1024x682.jpg 1024w, https:\/\/pluskata.pl\/www\/wp-content\/uploads\/2022\/09\/Gijon-kosciol-768x512.jpg 768w, https:\/\/pluskata.pl\/www\/wp-content\/uploads\/2022\/09\/Gijon-kosciol-1536x1023.jpg 1536w, https:\/\/pluskata.pl\/www\/wp-content\/uploads\/2022\/09\/Gijon-kosciol-2048x1364.jpg 2048w, https:\/\/pluskata.pl\/www\/wp-content\/uploads\/2022\/09\/Gijon-kosciol-150x100.jpg 150w\" sizes=\"auto, (max-width: 300px) 100vw, 300px\" \/><\/a> <a href=\"https:\/\/pluskata.pl\/www\/en\/crusies-2022\/from-bilbao-to-a-coruna-26-08-04-09-2022\/gijon-pomnik-z-mewa-2\/\"><img loading=\"lazy\" decoding=\"async\" class=\"alignnone wp-image-2927 size-medium\" src=\"https:\/\/pluskata.pl\/www\/wp-content\/uploads\/2022\/09\/Gijon-pomnik-z-mewa-300x213.jpg\" alt=\"Gijon monument with seagull\" width=\"300\" height=\"213\" srcset=\"https:\/\/pluskata.pl\/www\/wp-content\/uploads\/2022\/09\/Gijon-pomnik-z-mewa-300x213.jpg 300w, https:\/\/pluskata.pl\/www\/wp-content\/uploads\/2022\/09\/Gijon-pomnik-z-mewa-1024x728.jpg 1024w, https:\/\/pluskata.pl\/www\/wp-content\/uploads\/2022\/09\/Gijon-pomnik-z-mewa-768x546.jpg 768w, https:\/\/pluskata.pl\/www\/wp-content\/uploads\/2022\/09\/Gijon-pomnik-z-mewa-1536x1091.jpg 1536w, https:\/\/pluskata.pl\/www\/wp-content\/uploads\/2022\/09\/Gijon-pomnik-z-mewa-2048x1455.jpg 2048w, https:\/\/pluskata.pl\/www\/wp-content\/uploads\/2022\/09\/Gijon-pomnik-z-mewa-150x107.jpg 150w\" sizes=\"auto, (max-width: 300px) 100vw, 300px\" \/><\/a><\/p>\n<p>Then ice cream in a different place and we visit the Aquarium. In the evening a slide show.<\/p>\n<p><strong>31-08-2022 Wednesday to Ribadeo<\/strong><br \/>\nWe leave at 7:20 as soon as it starts getting light. The wind is weak 4-5kn, so we sail on the engine.<br \/>\nWe reach the Ribadeo marina at 8 pm. Bosun shows us the mooring place. The marina office is open until 21.<\/p>\n<p><strong>1-09-2022 Thursday Ribadeo<\/strong><br \/>\nWe get up at 8:30. We fumble a bit, so we go to the bus to the Cathedrals beach at 12:30. Fortunately, we leave a little earlier, because it turns out that the stop at the tourist information desk is not working and we have to go to the bus station. The bus leaves with a 10-minute delay. The ticket costs 1.5 \u20ac one way and is also a beach entrance. The beach is dotted with outliers and various rock formations.<\/p>\n<p><a href=\"https:\/\/pluskata.pl\/www\/en\/crusies-2022\/from-bilbao-to-a-coruna-26-08-04-09-2022\/plaza-katedr-widok-2\/\"><img loading=\"lazy\" decoding=\"async\" class=\"alignnone wp-image-2933 size-medium\" src=\"https:\/\/pluskata.pl\/www\/wp-content\/uploads\/2022\/09\/Plaza-katedr-widok-300x200.jpg\" alt=\"Playa Las Catedrales view\" width=\"300\" height=\"200\" srcset=\"https:\/\/pluskata.pl\/www\/wp-content\/uploads\/2022\/09\/Plaza-katedr-widok-300x200.jpg 300w, https:\/\/pluskata.pl\/www\/wp-content\/uploads\/2022\/09\/Plaza-katedr-widok-1024x682.jpg 1024w, https:\/\/pluskata.pl\/www\/wp-content\/uploads\/2022\/09\/Plaza-katedr-widok-768x511.jpg 768w, https:\/\/pluskata.pl\/www\/wp-content\/uploads\/2022\/09\/Plaza-katedr-widok-1536x1023.jpg 1536w, https:\/\/pluskata.pl\/www\/wp-content\/uploads\/2022\/09\/Plaza-katedr-widok-2048x1364.jpg 2048w, https:\/\/pluskata.pl\/www\/wp-content\/uploads\/2022\/09\/Plaza-katedr-widok-150x100.jpg 150w\" sizes=\"auto, (max-width: 300px) 100vw, 300px\" \/><\/a> <a href=\"https:\/\/pluskata.pl\/www\/en\/crusies-2022\/from-bilbao-to-a-coruna-26-08-04-09-2022\/plaza-katedr-skala-2\/\"><img loading=\"lazy\" decoding=\"async\" class=\"alignnone wp-image-2934 size-medium\" src=\"https:\/\/pluskata.pl\/www\/wp-content\/uploads\/2022\/09\/Plaza-katedr-skala-300x200.jpg\" alt=\"Playa Las Catedrales stone\" width=\"300\" height=\"200\" srcset=\"https:\/\/pluskata.pl\/www\/wp-content\/uploads\/2022\/09\/Plaza-katedr-skala-300x200.jpg 300w, https:\/\/pluskata.pl\/www\/wp-content\/uploads\/2022\/09\/Plaza-katedr-skala-1024x683.jpg 1024w, https:\/\/pluskata.pl\/www\/wp-content\/uploads\/2022\/09\/Plaza-katedr-skala-768x512.jpg 768w, https:\/\/pluskata.pl\/www\/wp-content\/uploads\/2022\/09\/Plaza-katedr-skala-1536x1024.jpg 1536w, https:\/\/pluskata.pl\/www\/wp-content\/uploads\/2022\/09\/Plaza-katedr-skala-2048x1365.jpg 2048w, https:\/\/pluskata.pl\/www\/wp-content\/uploads\/2022\/09\/Plaza-katedr-skala-150x100.jpg 150w\" sizes=\"auto, (max-width: 300px) 100vw, 300px\" \/><\/a> <a href=\"https:\/\/pluskata.pl\/www\/en\/crusies-2022\/from-bilbao-to-a-coruna-26-08-04-09-2022\/plaza-katedr-okno-2\/\"><img loading=\"lazy\" decoding=\"async\" class=\"alignnone wp-image-2935 size-medium\" src=\"https:\/\/pluskata.pl\/www\/wp-content\/uploads\/2022\/09\/Plaza-katedr-okno-300x225.jpg\" alt=\"laya Las Catedrales window\" width=\"300\" height=\"225\" srcset=\"https:\/\/pluskata.pl\/www\/wp-content\/uploads\/2022\/09\/Plaza-katedr-okno-300x225.jpg 300w, https:\/\/pluskata.pl\/www\/wp-content\/uploads\/2022\/09\/Plaza-katedr-okno-1024x768.jpg 1024w, https:\/\/pluskata.pl\/www\/wp-content\/uploads\/2022\/09\/Plaza-katedr-okno-768x576.jpg 768w, https:\/\/pluskata.pl\/www\/wp-content\/uploads\/2022\/09\/Plaza-katedr-okno-1536x1152.jpg 1536w, https:\/\/pluskata.pl\/www\/wp-content\/uploads\/2022\/09\/Plaza-katedr-okno-150x113.jpg 150w, https:\/\/pluskata.pl\/www\/wp-content\/uploads\/2022\/09\/Plaza-katedr-okno.jpg 2016w\" sizes=\"auto, (max-width: 300px) 100vw, 300px\" \/><\/a> <a href=\"https:\/\/pluskata.pl\/www\/en\/crusies-2022\/from-bilbao-to-a-coruna-26-08-04-09-2022\/ribadeo-ladzie-2\/\"><img loading=\"lazy\" decoding=\"async\" class=\"alignnone wp-image-2936 size-medium\" src=\"https:\/\/pluskata.pl\/www\/wp-content\/uploads\/2022\/09\/Ribadeo-ladzie-225x300.jpg\" alt=\"Ribadeo boats\" width=\"225\" height=\"300\" srcset=\"https:\/\/pluskata.pl\/www\/wp-content\/uploads\/2022\/09\/Ribadeo-ladzie-225x300.jpg 225w, https:\/\/pluskata.pl\/www\/wp-content\/uploads\/2022\/09\/Ribadeo-ladzie-768x1024.jpg 768w, https:\/\/pluskata.pl\/www\/wp-content\/uploads\/2022\/09\/Ribadeo-ladzie-1152x1536.jpg 1152w, https:\/\/pluskata.pl\/www\/wp-content\/uploads\/2022\/09\/Ribadeo-ladzie-113x150.jpg 113w, https:\/\/pluskata.pl\/www\/wp-content\/uploads\/2022\/09\/Ribadeo-ladzie.jpg 1512w\" sizes=\"auto, (max-width: 225px) 100vw, 225px\" \/><\/a><\/p>\n<p>The beach owes its name to rock formations whose arches both in form and size resemble medieval cathedrals. Their height is even 30 meters. We return by bus at 2:30 pm (the next one is at 6pm). We eat lunch on the yacht &#8211; delicious spaghetti and I pay for the second day of the marina &#8211; this time almost half as much is the first day of the low season. In the afternoon, we supplement our grocery shopping.<\/p>\n<p><strong>2-09-2022 Friday to Cedeira<\/strong><br \/>\nWe leave in the morning as soon as it gets light at 7:45. We go to see the Cathedrals beach from the sea. The water is high, so most of the rock formations are under water. The wind is changeable, so we use the engine a little.<\/p>\n<p><a href=\"https:\/\/pluskata.pl\/www\/en\/crusies-2022\/from-bilbao-to-a-coruna-26-08-04-09-2022\/droga-do-cedeira-2\/\"><img loading=\"lazy\" decoding=\"async\" class=\"alignnone wp-image-2937 size-medium\" src=\"https:\/\/pluskata.pl\/www\/wp-content\/uploads\/2022\/09\/Droga-do-Cedeira-300x225.jpg\" alt=\"The way to Cedeira\" width=\"300\" height=\"225\" srcset=\"https:\/\/pluskata.pl\/www\/wp-content\/uploads\/2022\/09\/Droga-do-Cedeira-300x225.jpg 300w, https:\/\/pluskata.pl\/www\/wp-content\/uploads\/2022\/09\/Droga-do-Cedeira-1024x767.jpg 1024w, https:\/\/pluskata.pl\/www\/wp-content\/uploads\/2022\/09\/Droga-do-Cedeira-768x575.jpg 768w, https:\/\/pluskata.pl\/www\/wp-content\/uploads\/2022\/09\/Droga-do-Cedeira-1536x1151.jpg 1536w, https:\/\/pluskata.pl\/www\/wp-content\/uploads\/2022\/09\/Droga-do-Cedeira-2048x1534.jpg 2048w, https:\/\/pluskata.pl\/www\/wp-content\/uploads\/2022\/09\/Droga-do-Cedeira-150x112.jpg 150w\" sizes=\"auto, (max-width: 300px) 100vw, 300px\" \/><\/a> <a href=\"https:\/\/pluskata.pl\/www\/en\/crusies-2022\/from-bilbao-to-a-coruna-26-08-04-09-2022\/cedeira-2\/\"><img loading=\"lazy\" decoding=\"async\" class=\"alignnone wp-image-2939 size-medium\" src=\"https:\/\/pluskata.pl\/www\/wp-content\/uploads\/2022\/09\/Cedeira-300x250.jpg\" alt=\"\" width=\"300\" height=\"250\" srcset=\"https:\/\/pluskata.pl\/www\/wp-content\/uploads\/2022\/09\/Cedeira-300x250.jpg 300w, https:\/\/pluskata.pl\/www\/wp-content\/uploads\/2022\/09\/Cedeira-1024x852.jpg 1024w, https:\/\/pluskata.pl\/www\/wp-content\/uploads\/2022\/09\/Cedeira-768x639.jpg 768w, https:\/\/pluskata.pl\/www\/wp-content\/uploads\/2022\/09\/Cedeira-1536x1278.jpg 1536w, https:\/\/pluskata.pl\/www\/wp-content\/uploads\/2022\/09\/Cedeira-150x125.jpg 150w, https:\/\/pluskata.pl\/www\/wp-content\/uploads\/2022\/09\/Cedeira.jpg 1837w\" sizes=\"auto, (max-width: 300px) 100vw, 300px\" \/><\/a> <a href=\"https:\/\/pluskata.pl\/www\/en\/crusies-2022\/from-bilbao-to-a-coruna-26-08-04-09-2022\/kolacja-2\/\"><img loading=\"lazy\" decoding=\"async\" class=\"alignnone wp-image-2940 size-medium\" src=\"https:\/\/pluskata.pl\/www\/wp-content\/uploads\/2022\/09\/Kolacja-300x225.jpg\" alt=\"Dinner\" width=\"300\" height=\"225\" srcset=\"https:\/\/pluskata.pl\/www\/wp-content\/uploads\/2022\/09\/Kolacja-300x225.jpg 300w, https:\/\/pluskata.pl\/www\/wp-content\/uploads\/2022\/09\/Kolacja-1024x768.jpg 1024w, https:\/\/pluskata.pl\/www\/wp-content\/uploads\/2022\/09\/Kolacja-768x576.jpg 768w, https:\/\/pluskata.pl\/www\/wp-content\/uploads\/2022\/09\/Kolacja-1536x1152.jpg 1536w, https:\/\/pluskata.pl\/www\/wp-content\/uploads\/2022\/09\/Kolacja-150x112.jpg 150w, https:\/\/pluskata.pl\/www\/wp-content\/uploads\/2022\/09\/Kolacja.jpg 1938w\" sizes=\"auto, (max-width: 300px) 100vw, 300px\" \/><\/a> <a href=\"https:\/\/pluskata.pl\/www\/en\/crusies-2022\/from-bilbao-to-a-coruna-26-08-04-09-2022\/zachod-slonca-2\/\"><img loading=\"lazy\" decoding=\"async\" class=\"alignnone wp-image-2942 size-medium\" src=\"https:\/\/pluskata.pl\/www\/wp-content\/uploads\/2022\/09\/Zachod-slonca-300x200.jpg\" alt=\"Sunset\" width=\"300\" height=\"200\" srcset=\"https:\/\/pluskata.pl\/www\/wp-content\/uploads\/2022\/09\/Zachod-slonca-300x200.jpg 300w, https:\/\/pluskata.pl\/www\/wp-content\/uploads\/2022\/09\/Zachod-slonca-1024x683.jpg 1024w, https:\/\/pluskata.pl\/www\/wp-content\/uploads\/2022\/09\/Zachod-slonca-768x512.jpg 768w, https:\/\/pluskata.pl\/www\/wp-content\/uploads\/2022\/09\/Zachod-slonca-1536x1024.jpg 1536w, https:\/\/pluskata.pl\/www\/wp-content\/uploads\/2022\/09\/Zachod-slonca-2048x1365.jpg 2048w, https:\/\/pluskata.pl\/www\/wp-content\/uploads\/2022\/09\/Zachod-slonca-150x100.jpg 150w\" sizes=\"auto, (max-width: 300px) 100vw, 300px\" \/><\/a><\/p>\n<p>We cast an anchor in Cedeira Bay. It is beautiful, but the water temperature is around 17 \u00b0 C, so we give up bathing. For a lovely combination of hot dogs, cucumber and peppers &#8211; the whole thing looks like a boat on the waves. In the evening, a film screening, then we leave the anchor watch and the rest goes to sleep.<\/p>\n<p><strong>3-09-2022 Saturday A Coruna<\/strong><br \/>\nAfter breakfast, we tour the bay, take pictures and go out to sea. The weather is nice and sunny, although cool. The wind is about 12 knots from the south, so we go bajdewind.<br \/>\nWe choose the club marina by the city. At first, the port staff claims there are no seats, but eventually finds a place at the end of the marina. I think it helped to say that for a week this marina is better than the first one. It is quiet, but you either go to the toilets by boat or circle the whole yacht basin (5 minutes on foot). We are standing next to a huge motorboat. The gentleman takes me to the office by boat, waits for me and then takes me back to the boat. He explains that the wind is strong and there is little space for a large boat. We get a 20% discount for longer stays. In the evening we go for a walk around the city and join &#8222;dinner&#8221;.<\/p>\n<p><a href=\"https:\/\/pluskata.pl\/www\/en\/crusies-2022\/from-bilbao-to-a-coruna-26-08-04-09-2022\/a-coruna-zaglowiec-2\/\"><img loading=\"lazy\" decoding=\"async\" class=\"alignnone wp-image-2945 size-medium\" src=\"https:\/\/pluskata.pl\/www\/wp-content\/uploads\/2022\/09\/A-coruna-zaglowiec-1-300x225.jpg\" alt=\"A coruna sailing boat\" width=\"300\" height=\"225\" srcset=\"https:\/\/pluskata.pl\/www\/wp-content\/uploads\/2022\/09\/A-coruna-zaglowiec-1-300x225.jpg 300w, https:\/\/pluskata.pl\/www\/wp-content\/uploads\/2022\/09\/A-coruna-zaglowiec-1-1024x768.jpg 1024w, https:\/\/pluskata.pl\/www\/wp-content\/uploads\/2022\/09\/A-coruna-zaglowiec-1-768x576.jpg 768w, https:\/\/pluskata.pl\/www\/wp-content\/uploads\/2022\/09\/A-coruna-zaglowiec-1-1536x1152.jpg 1536w, https:\/\/pluskata.pl\/www\/wp-content\/uploads\/2022\/09\/A-coruna-zaglowiec-1-150x113.jpg 150w, https:\/\/pluskata.pl\/www\/wp-content\/uploads\/2022\/09\/A-coruna-zaglowiec-1.jpg 2016w\" sizes=\"auto, (max-width: 300px) 100vw, 300px\" \/><\/a> <a href=\"https:\/\/pluskata.pl\/www\/en\/crusies-2022\/from-bilbao-to-a-coruna-26-08-04-09-2022\/a-coruna-ratusz-noca-2\/\"><img loading=\"lazy\" decoding=\"async\" class=\"alignnone wp-image-2944 size-medium\" src=\"https:\/\/pluskata.pl\/www\/wp-content\/uploads\/2022\/09\/A-coruna-ratusz-noca-300x224.jpg\" alt=\"A Coruna town hall at night\" width=\"300\" height=\"224\" srcset=\"https:\/\/pluskata.pl\/www\/wp-content\/uploads\/2022\/09\/A-coruna-ratusz-noca-300x224.jpg 300w, https:\/\/pluskata.pl\/www\/wp-content\/uploads\/2022\/09\/A-coruna-ratusz-noca-1024x763.jpg 1024w, https:\/\/pluskata.pl\/www\/wp-content\/uploads\/2022\/09\/A-coruna-ratusz-noca-768x572.jpg 768w, https:\/\/pluskata.pl\/www\/wp-content\/uploads\/2022\/09\/A-coruna-ratusz-noca-1536x1145.jpg 1536w, https:\/\/pluskata.pl\/www\/wp-content\/uploads\/2022\/09\/A-coruna-ratusz-noca-150x112.jpg 150w, https:\/\/pluskata.pl\/www\/wp-content\/uploads\/2022\/09\/A-coruna-ratusz-noca.jpg 1895w\" sizes=\"auto, (max-width: 300px) 100vw, 300px\" \/><\/a> <a href=\"https:\/\/pluskata.pl\/www\/en\/crusies-2022\/from-bilbao-to-a-coruna-26-08-04-09-2022\/a-coruna-zamek-2\/\"><img loading=\"lazy\" decoding=\"async\" class=\"alignnone wp-image-2943 size-medium\" src=\"https:\/\/pluskata.pl\/www\/wp-content\/uploads\/2022\/09\/A-Coruna-zamek-300x200.jpg\" alt=\"A Coruna castle\" width=\"300\" height=\"200\" srcset=\"https:\/\/pluskata.pl\/www\/wp-content\/uploads\/2022\/09\/A-Coruna-zamek-300x200.jpg 300w, https:\/\/pluskata.pl\/www\/wp-content\/uploads\/2022\/09\/A-Coruna-zamek-1024x683.jpg 1024w, https:\/\/pluskata.pl\/www\/wp-content\/uploads\/2022\/09\/A-Coruna-zamek-768x512.jpg 768w, https:\/\/pluskata.pl\/www\/wp-content\/uploads\/2022\/09\/A-Coruna-zamek-1536x1024.jpg 1536w, https:\/\/pluskata.pl\/www\/wp-content\/uploads\/2022\/09\/A-Coruna-zamek-2048x1365.jpg 2048w, https:\/\/pluskata.pl\/www\/wp-content\/uploads\/2022\/09\/A-Coruna-zamek-150x100.jpg 150w\" sizes=\"auto, (max-width: 300px) 100vw, 300px\" \/><\/a><\/p>\n<p><strong>4-09-2022 Sunday A Coruna<\/strong><br \/>\nAfter breakfast we go sightseeing the city. We start with the Castle de Santo Anton. Then we go through the city to the Hercules Tower &#8211; one of the oldest active lighthouses in the world. Unfortunately, it is closed due to strong winds. It&#8217;s raining, so we&#8217;re going back to the yacht. On the way, we stop in for lunch.<\/p>\n<p><a href=\"https:\/\/pluskata.pl\/www\/en\/crusies-2022\/from-bilbao-to-a-coruna-26-08-04-09-2022\/a-coruna-wieza-herculesa-2\/\"><img loading=\"lazy\" decoding=\"async\" class=\"alignnone wp-image-2947 size-medium\" src=\"https:\/\/pluskata.pl\/www\/wp-content\/uploads\/2022\/09\/A-Coruna-wieza-Herculesa-300x222.jpg\" alt=\"A Coruna Herculesa tower\" width=\"300\" height=\"222\" srcset=\"https:\/\/pluskata.pl\/www\/wp-content\/uploads\/2022\/09\/A-Coruna-wieza-Herculesa-300x222.jpg 300w, https:\/\/pluskata.pl\/www\/wp-content\/uploads\/2022\/09\/A-Coruna-wieza-Herculesa-1024x757.jpg 1024w, https:\/\/pluskata.pl\/www\/wp-content\/uploads\/2022\/09\/A-Coruna-wieza-Herculesa-768x567.jpg 768w, https:\/\/pluskata.pl\/www\/wp-content\/uploads\/2022\/09\/A-Coruna-wieza-Herculesa-1536x1135.jpg 1536w, https:\/\/pluskata.pl\/www\/wp-content\/uploads\/2022\/09\/A-Coruna-wieza-Herculesa-150x111.jpg 150w, https:\/\/pluskata.pl\/www\/wp-content\/uploads\/2022\/09\/A-Coruna-wieza-Herculesa.jpg 1758w\" sizes=\"auto, (max-width: 300px) 100vw, 300px\" \/><\/a> <a href=\"https:\/\/pluskata.pl\/www\/en\/crusies-2022\/from-bilbao-to-a-coruna-26-08-04-09-2022\/a-coruna-ulica-2\/\"><img loading=\"lazy\" decoding=\"async\" class=\"alignnone wp-image-2948 size-medium\" src=\"https:\/\/pluskata.pl\/www\/wp-content\/uploads\/2022\/09\/A-Coruna-ulica-300x225.jpg\" alt=\"A Coruna street\" width=\"300\" height=\"225\" srcset=\"https:\/\/pluskata.pl\/www\/wp-content\/uploads\/2022\/09\/A-Coruna-ulica-300x225.jpg 300w, https:\/\/pluskata.pl\/www\/wp-content\/uploads\/2022\/09\/A-Coruna-ulica-1024x769.jpg 1024w, https:\/\/pluskata.pl\/www\/wp-content\/uploads\/2022\/09\/A-Coruna-ulica-768x576.jpg 768w, https:\/\/pluskata.pl\/www\/wp-content\/uploads\/2022\/09\/A-Coruna-ulica-1536x1153.jpg 1536w, https:\/\/pluskata.pl\/www\/wp-content\/uploads\/2022\/09\/A-Coruna-ulica-150x113.jpg 150w, https:\/\/pluskata.pl\/www\/wp-content\/uploads\/2022\/09\/A-Coruna-ulica.jpg 2044w\" sizes=\"auto, (max-width: 300px) 100vw, 300px\" \/><\/a> <a href=\"https:\/\/pluskata.pl\/www\/en\/crusies-2022\/from-bilbao-to-a-coruna-26-08-04-09-2022\/a-coruna-ratusz-2\/\"><img loading=\"lazy\" decoding=\"async\" class=\"alignnone wp-image-2949 size-medium\" src=\"https:\/\/pluskata.pl\/www\/wp-content\/uploads\/2022\/09\/A-Coruna-ratusz-300x225.jpg\" alt=\"A Coruna city hall\" width=\"300\" height=\"225\" srcset=\"https:\/\/pluskata.pl\/www\/wp-content\/uploads\/2022\/09\/A-Coruna-ratusz-300x225.jpg 300w, https:\/\/pluskata.pl\/www\/wp-content\/uploads\/2022\/09\/A-Coruna-ratusz-1024x768.jpg 1024w, https:\/\/pluskata.pl\/www\/wp-content\/uploads\/2022\/09\/A-Coruna-ratusz-768x576.jpg 768w, https:\/\/pluskata.pl\/www\/wp-content\/uploads\/2022\/09\/A-Coruna-ratusz-1536x1152.jpg 1536w, https:\/\/pluskata.pl\/www\/wp-content\/uploads\/2022\/09\/A-Coruna-ratusz-2048x1536.jpg 2048w, https:\/\/pluskata.pl\/www\/wp-content\/uploads\/2022\/09\/A-Coruna-ratusz-150x113.jpg 150w\" sizes=\"auto, (max-width: 300px) 100vw, 300px\" \/><\/a> <a href=\"https:\/\/pluskata.pl\/www\/en\/crusies-2022\/from-bilbao-to-a-coruna-26-08-04-09-2022\/a-coruna-fontanna-2\/\"><img loading=\"lazy\" decoding=\"async\" class=\"alignnone wp-image-2951 size-medium\" src=\"https:\/\/pluskata.pl\/www\/wp-content\/uploads\/2022\/09\/A-Coruna-fontanna-1-300x225.jpg\" alt=\"A Coruna fountain\" width=\"300\" height=\"225\" srcset=\"https:\/\/pluskata.pl\/www\/wp-content\/uploads\/2022\/09\/A-Coruna-fontanna-1-300x225.jpg 300w, https:\/\/pluskata.pl\/www\/wp-content\/uploads\/2022\/09\/A-Coruna-fontanna-1-1024x769.jpg 1024w, https:\/\/pluskata.pl\/www\/wp-content\/uploads\/2022\/09\/A-Coruna-fontanna-1-768x577.jpg 768w, https:\/\/pluskata.pl\/www\/wp-content\/uploads\/2022\/09\/A-Coruna-fontanna-1-1536x1154.jpg 1536w, https:\/\/pluskata.pl\/www\/wp-content\/uploads\/2022\/09\/A-Coruna-fontanna-1-150x113.jpg 150w, https:\/\/pluskata.pl\/www\/wp-content\/uploads\/2022\/09\/A-Coruna-fontanna-1.jpg 1816w\" sizes=\"auto, (max-width: 300px) 100vw, 300px\" \/><\/a><\/p>\n","protected":false},"excerpt":{"rendered":"<p>Route: Bilbao &#8211; Santander &#8211; Gijon &#8211; Ribadeo &#8211; Cedeira &#8211; A Coruna Date: 25.04-04.09.2022 Miles \/ hours:\u00a0320Mm\/66h 25-08-2022 Thursday, Bilbao In the evening we go to Bilbao for the fireworks display. We have a Baric card (it costs \u20ac 3 and is valid for 7 years). It is an\u2026<\/p>\n<p class=\"continue-reading-button\"> <a class=\"continue-reading-link\" href=\"https:\/\/pluskata.pl\/www\/en\/crusies-2022\/from-bilbao-to-a-coruna-26-08-04-09-2022\/\">Czytaj dalej\/Continue reading<i class=\"crycon-right-dir\"><\/i><\/a><\/p>\n","protected":false},"author":1,"featured_media":2611,"parent":1609,"menu_order":13,"comment_status":"closed","ping_status":"closed","template":"","meta":{"footnotes":""},"class_list":["post-2635","page","type-page","status-publish","has-post-thumbnail","hentry"],"yoast_head":"<!-- This site is optimized with the Yoast SEO plugin v27.5 - https:\/\/yoast.com\/product\/yoast-seo-wordpress\/ -->\n<title>From Bilbao to A Coruna 26.08-04.09.2022 - Podr\u00f3\u017ce jachtem po \u015bwiecie<\/title>\n<meta name=\"robots\" content=\"index, follow, max-snippet:-1, max-image-preview:large, max-video-preview:-1\" \/>\n<link rel=\"canonical\" href=\"https:\/\/pluskata.pl\/www\/en\/crusies-2022\/from-bilbao-to-a-coruna-26-08-04-09-2022\/\" \/>\n<meta property=\"og:locale\" content=\"pl_PL\" \/>\n<meta property=\"og:type\" content=\"article\" \/>\n<meta property=\"og:title\" content=\"From Bilbao to A Coruna 26.08-04.09.2022 - Podr\u00f3\u017ce jachtem po \u015bwiecie\" \/>\n<meta property=\"og:description\" content=\"Route: Bilbao &#8211; Santander &#8211; Gijon &#8211; Ribadeo &#8211; Cedeira &#8211; A Coruna Date: 25.04-04.09.2022 Miles \/ hours:\u00a0320Mm\/66h 25-08-2022 Thursday, Bilbao In the evening we go to Bilbao for the fireworks display. We have a Baric card (it costs \u20ac 3 and is valid for 7 years). It is an\u2026 Czytaj dalej\/Continue reading\" \/>\n<meta property=\"og:url\" content=\"https:\/\/pluskata.pl\/www\/en\/crusies-2022\/from-bilbao-to-a-coruna-26-08-04-09-2022\/\" \/>\n<meta property=\"og:site_name\" content=\"Podr\u00f3\u017ce jachtem po \u015bwiecie\" \/>\n<meta property=\"article:publisher\" content=\"https:\/\/www.facebook.com\/pluskata\" \/>\n<meta property=\"article:modified_time\" content=\"2022-09-29T11:44:06+00:00\" \/>\n<meta property=\"og:image\" content=\"https:\/\/pluskata.pl\/www\/wp-content\/uploads\/2022\/09\/Bilbao-A-Coruna.jpg\" \/>\n\t<meta property=\"og:image:width\" content=\"2259\" \/>\n\t<meta property=\"og:image:height\" content=\"1020\" \/>\n\t<meta property=\"og:image:type\" content=\"image\/jpeg\" \/>\n<meta name=\"twitter:card\" content=\"summary_large_image\" \/>\n<meta name=\"twitter:label1\" content=\"Szacowany czas czytania\" \/>\n\t<meta name=\"twitter:data1\" content=\"7 minut\" \/>\n<script type=\"application\/ld+json\" class=\"yoast-schema-graph\">{\"@context\":\"https:\\\/\\\/schema.org\",\"@graph\":[{\"@type\":\"WebPage\",\"@id\":\"https:\\\/\\\/pluskata.pl\\\/www\\\/en\\\/crusies-2022\\\/from-bilbao-to-a-coruna-26-08-04-09-2022\\\/\",\"url\":\"https:\\\/\\\/pluskata.pl\\\/www\\\/en\\\/crusies-2022\\\/from-bilbao-to-a-coruna-26-08-04-09-2022\\\/\",\"name\":\"From Bilbao to A Coruna 26.08-04.09.2022 - Podr\u00f3\u017ce jachtem po \u015bwiecie\",\"isPartOf\":{\"@id\":\"https:\\\/\\\/pluskata.pl\\\/www\\\/#website\"},\"primaryImageOfPage\":{\"@id\":\"https:\\\/\\\/pluskata.pl\\\/www\\\/en\\\/crusies-2022\\\/from-bilbao-to-a-coruna-26-08-04-09-2022\\\/#primaryimage\"},\"image\":{\"@id\":\"https:\\\/\\\/pluskata.pl\\\/www\\\/en\\\/crusies-2022\\\/from-bilbao-to-a-coruna-26-08-04-09-2022\\\/#primaryimage\"},\"thumbnailUrl\":\"https:\\\/\\\/pluskata.pl\\\/www\\\/wp-content\\\/uploads\\\/2022\\\/09\\\/Bilbao-A-Coruna.jpg\",\"datePublished\":\"2022-09-08T10:47:57+00:00\",\"dateModified\":\"2022-09-29T11:44:06+00:00\",\"breadcrumb\":{\"@id\":\"https:\\\/\\\/pluskata.pl\\\/www\\\/en\\\/crusies-2022\\\/from-bilbao-to-a-coruna-26-08-04-09-2022\\\/#breadcrumb\"},\"inLanguage\":\"pl-PL\",\"potentialAction\":[{\"@type\":\"ReadAction\",\"target\":[\"https:\\\/\\\/pluskata.pl\\\/www\\\/en\\\/crusies-2022\\\/from-bilbao-to-a-coruna-26-08-04-09-2022\\\/\"]}]},{\"@type\":\"ImageObject\",\"inLanguage\":\"pl-PL\",\"@id\":\"https:\\\/\\\/pluskata.pl\\\/www\\\/en\\\/crusies-2022\\\/from-bilbao-to-a-coruna-26-08-04-09-2022\\\/#primaryimage\",\"url\":\"https:\\\/\\\/pluskata.pl\\\/www\\\/wp-content\\\/uploads\\\/2022\\\/09\\\/Bilbao-A-Coruna.jpg\",\"contentUrl\":\"https:\\\/\\\/pluskata.pl\\\/www\\\/wp-content\\\/uploads\\\/2022\\\/09\\\/Bilbao-A-Coruna.jpg\",\"width\":2259,\"height\":1020,\"caption\":\"Bilbao A Coruna\"},{\"@type\":\"BreadcrumbList\",\"@id\":\"https:\\\/\\\/pluskata.pl\\\/www\\\/en\\\/crusies-2022\\\/from-bilbao-to-a-coruna-26-08-04-09-2022\\\/#breadcrumb\",\"itemListElement\":[{\"@type\":\"ListItem\",\"position\":1,\"name\":\"Strona g\u0142\u00f3wna\",\"item\":\"https:\\\/\\\/pluskata.pl\\\/www\\\/pl\\\/aktualnosci\\\/\"},{\"@type\":\"ListItem\",\"position\":2,\"name\":\"Crusies 2022\",\"item\":\"https:\\\/\\\/pluskata.pl\\\/www\\\/en\\\/crusies-2022\\\/\"},{\"@type\":\"ListItem\",\"position\":3,\"name\":\"From Bilbao to A Coruna 26.08-04.09.2022\"}]},{\"@type\":\"WebSite\",\"@id\":\"https:\\\/\\\/pluskata.pl\\\/www\\\/#website\",\"url\":\"https:\\\/\\\/pluskata.pl\\\/www\\\/\",\"name\":\"Podr\u00f3\u017ce jachtem po \u015bwiecie\",\"description\":\"Zapraszamy do wsp\u00f3lnego \u017ceglowania\",\"publisher\":{\"@id\":\"https:\\\/\\\/pluskata.pl\\\/www\\\/#\\\/schema\\\/person\\\/15daea66397efafeded8883b67482cc0\"},\"potentialAction\":[{\"@type\":\"SearchAction\",\"target\":{\"@type\":\"EntryPoint\",\"urlTemplate\":\"https:\\\/\\\/pluskata.pl\\\/www\\\/?s={search_term_string}\"},\"query-input\":{\"@type\":\"PropertyValueSpecification\",\"valueRequired\":true,\"valueName\":\"search_term_string\"}}],\"inLanguage\":\"pl-PL\"},{\"@type\":[\"Person\",\"Organization\"],\"@id\":\"https:\\\/\\\/pluskata.pl\\\/www\\\/#\\\/schema\\\/person\\\/15daea66397efafeded8883b67482cc0\",\"name\":\"Pluskata\",\"image\":{\"@type\":\"ImageObject\",\"inLanguage\":\"pl-PL\",\"@id\":\"https:\\\/\\\/pluskata.pl\\\/www\\\/wp-content\\\/uploads\\\/2020\\\/12\\\/cropped-Logo-Pluskata_512.png\",\"url\":\"https:\\\/\\\/pluskata.pl\\\/www\\\/wp-content\\\/uploads\\\/2020\\\/12\\\/cropped-Logo-Pluskata_512.png\",\"contentUrl\":\"https:\\\/\\\/pluskata.pl\\\/www\\\/wp-content\\\/uploads\\\/2020\\\/12\\\/cropped-Logo-Pluskata_512.png\",\"width\":512,\"height\":512,\"caption\":\"Pluskata\"},\"logo\":{\"@id\":\"https:\\\/\\\/pluskata.pl\\\/www\\\/wp-content\\\/uploads\\\/2020\\\/12\\\/cropped-Logo-Pluskata_512.png\"},\"sameAs\":[\"http:\\\/\\\/www.pluskata.pl\",\"https:\\\/\\\/www.facebook.com\\\/pluskata\"]}]}<\/script>\n<!-- \/ Yoast SEO plugin. -->","yoast_head_json":{"title":"From Bilbao to A Coruna 26.08-04.09.2022 - Podr\u00f3\u017ce jachtem po \u015bwiecie","robots":{"index":"index","follow":"follow","max-snippet":"max-snippet:-1","max-image-preview":"max-image-preview:large","max-video-preview":"max-video-preview:-1"},"canonical":"https:\/\/pluskata.pl\/www\/en\/crusies-2022\/from-bilbao-to-a-coruna-26-08-04-09-2022\/","og_locale":"pl_PL","og_type":"article","og_title":"From Bilbao to A Coruna 26.08-04.09.2022 - Podr\u00f3\u017ce jachtem po \u015bwiecie","og_description":"Route: Bilbao &#8211; Santander &#8211; Gijon &#8211; Ribadeo &#8211; Cedeira &#8211; A Coruna Date: 25.04-04.09.2022 Miles \/ hours:\u00a0320Mm\/66h 25-08-2022 Thursday, Bilbao In the evening we go to Bilbao for the fireworks display. We have a Baric card (it costs \u20ac 3 and is valid for 7 years). It is an\u2026 Czytaj dalej\/Continue reading","og_url":"https:\/\/pluskata.pl\/www\/en\/crusies-2022\/from-bilbao-to-a-coruna-26-08-04-09-2022\/","og_site_name":"Podr\u00f3\u017ce jachtem po \u015bwiecie","article_publisher":"https:\/\/www.facebook.com\/pluskata","article_modified_time":"2022-09-29T11:44:06+00:00","og_image":[{"width":2259,"height":1020,"url":"https:\/\/pluskata.pl\/www\/wp-content\/uploads\/2022\/09\/Bilbao-A-Coruna.jpg","type":"image\/jpeg"}],"twitter_card":"summary_large_image","twitter_misc":{"Szacowany czas czytania":"7 minut"},"schema":{"@context":"https:\/\/schema.org","@graph":[{"@type":"WebPage","@id":"https:\/\/pluskata.pl\/www\/en\/crusies-2022\/from-bilbao-to-a-coruna-26-08-04-09-2022\/","url":"https:\/\/pluskata.pl\/www\/en\/crusies-2022\/from-bilbao-to-a-coruna-26-08-04-09-2022\/","name":"From Bilbao to A Coruna 26.08-04.09.2022 - Podr\u00f3\u017ce jachtem po \u015bwiecie","isPartOf":{"@id":"https:\/\/pluskata.pl\/www\/#website"},"primaryImageOfPage":{"@id":"https:\/\/pluskata.pl\/www\/en\/crusies-2022\/from-bilbao-to-a-coruna-26-08-04-09-2022\/#primaryimage"},"image":{"@id":"https:\/\/pluskata.pl\/www\/en\/crusies-2022\/from-bilbao-to-a-coruna-26-08-04-09-2022\/#primaryimage"},"thumbnailUrl":"https:\/\/pluskata.pl\/www\/wp-content\/uploads\/2022\/09\/Bilbao-A-Coruna.jpg","datePublished":"2022-09-08T10:47:57+00:00","dateModified":"2022-09-29T11:44:06+00:00","breadcrumb":{"@id":"https:\/\/pluskata.pl\/www\/en\/crusies-2022\/from-bilbao-to-a-coruna-26-08-04-09-2022\/#breadcrumb"},"inLanguage":"pl-PL","potentialAction":[{"@type":"ReadAction","target":["https:\/\/pluskata.pl\/www\/en\/crusies-2022\/from-bilbao-to-a-coruna-26-08-04-09-2022\/"]}]},{"@type":"ImageObject","inLanguage":"pl-PL","@id":"https:\/\/pluskata.pl\/www\/en\/crusies-2022\/from-bilbao-to-a-coruna-26-08-04-09-2022\/#primaryimage","url":"https:\/\/pluskata.pl\/www\/wp-content\/uploads\/2022\/09\/Bilbao-A-Coruna.jpg","contentUrl":"https:\/\/pluskata.pl\/www\/wp-content\/uploads\/2022\/09\/Bilbao-A-Coruna.jpg","width":2259,"height":1020,"caption":"Bilbao A Coruna"},{"@type":"BreadcrumbList","@id":"https:\/\/pluskata.pl\/www\/en\/crusies-2022\/from-bilbao-to-a-coruna-26-08-04-09-2022\/#breadcrumb","itemListElement":[{"@type":"ListItem","position":1,"name":"Strona g\u0142\u00f3wna","item":"https:\/\/pluskata.pl\/www\/pl\/aktualnosci\/"},{"@type":"ListItem","position":2,"name":"Crusies 2022","item":"https:\/\/pluskata.pl\/www\/en\/crusies-2022\/"},{"@type":"ListItem","position":3,"name":"From Bilbao to A Coruna 26.08-04.09.2022"}]},{"@type":"WebSite","@id":"https:\/\/pluskata.pl\/www\/#website","url":"https:\/\/pluskata.pl\/www\/","name":"Podr\u00f3\u017ce jachtem po \u015bwiecie","description":"Zapraszamy do wsp\u00f3lnego \u017ceglowania","publisher":{"@id":"https:\/\/pluskata.pl\/www\/#\/schema\/person\/15daea66397efafeded8883b67482cc0"},"potentialAction":[{"@type":"SearchAction","target":{"@type":"EntryPoint","urlTemplate":"https:\/\/pluskata.pl\/www\/?s={search_term_string}"},"query-input":{"@type":"PropertyValueSpecification","valueRequired":true,"valueName":"search_term_string"}}],"inLanguage":"pl-PL"},{"@type":["Person","Organization"],"@id":"https:\/\/pluskata.pl\/www\/#\/schema\/person\/15daea66397efafeded8883b67482cc0","name":"Pluskata","image":{"@type":"ImageObject","inLanguage":"pl-PL","@id":"https:\/\/pluskata.pl\/www\/wp-content\/uploads\/2020\/12\/cropped-Logo-Pluskata_512.png","url":"https:\/\/pluskata.pl\/www\/wp-content\/uploads\/2020\/12\/cropped-Logo-Pluskata_512.png","contentUrl":"https:\/\/pluskata.pl\/www\/wp-content\/uploads\/2020\/12\/cropped-Logo-Pluskata_512.png","width":512,"height":512,"caption":"Pluskata"},"logo":{"@id":"https:\/\/pluskata.pl\/www\/wp-content\/uploads\/2020\/12\/cropped-Logo-Pluskata_512.png"},"sameAs":["http:\/\/www.pluskata.pl","https:\/\/www.facebook.com\/pluskata"]}]}},"_links":{"self":[{"href":"https:\/\/pluskata.pl\/www\/wp-json\/wp\/v2\/pages\/2635","targetHints":{"allow":["GET"]}}],"collection":[{"href":"https:\/\/pluskata.pl\/www\/wp-json\/wp\/v2\/pages"}],"about":[{"href":"https:\/\/pluskata.pl\/www\/wp-json\/wp\/v2\/types\/page"}],"author":[{"embeddable":true,"href":"https:\/\/pluskata.pl\/www\/wp-json\/wp\/v2\/users\/1"}],"replies":[{"embeddable":true,"href":"https:\/\/pluskata.pl\/www\/wp-json\/wp\/v2\/comments?post=2635"}],"version-history":[{"count":0,"href":"https:\/\/pluskata.pl\/www\/wp-json\/wp\/v2\/pages\/2635\/revisions"}],"up":[{"embeddable":true,"href":"https:\/\/pluskata.pl\/www\/wp-json\/wp\/v2\/pages\/1609"}],"wp:featuredmedia":[{"embeddable":true,"href":"https:\/\/pluskata.pl\/www\/wp-json\/wp\/v2\/media\/2611"}],"wp:attachment":[{"href":"https:\/\/pluskata.pl\/www\/wp-json\/wp\/v2\/media?parent=2635"}],"curies":[{"name":"wp","href":"https:\/\/api.w.org\/{rel}","templated":true}]}}