{"id":2606,"date":"2022-09-08T11:44:41","date_gmt":"2022-09-08T09:44:41","guid":{"rendered":"https:\/\/pluskata.pl\/www\/?page_id=2606"},"modified":"2022-09-26T19:45:00","modified_gmt":"2022-09-26T17:45:00","slug":"z-bilbao-do-a-coruna-26-08-04-09-2022","status":"publish","type":"page","link":"https:\/\/pluskata.pl\/www\/pl\/rejsy-2022\/z-bilbao-do-a-coruna-26-08-04-09-2022\/","title":{"rendered":"Z Bilbao do A Coruna 26.08-04.09.2022"},"content":{"rendered":"<p><a href=\"https:\/\/pluskata.pl\/www\/pl\/rejsy-2022\/z-bilbao-do-a-coruna-26-08-04-09-2022\/bilbao-a-coruna\/\"><img loading=\"lazy\" decoding=\"async\" class=\"alignnone wp-image-2610 size-large\" src=\"https:\/\/pluskata.pl\/www\/wp-content\/uploads\/2022\/09\/Bilbao-A-Coruna-1024x462.jpg\" alt=\"Bilbao A Coruna\" width=\"1024\" height=\"462\" srcset=\"https:\/\/pluskata.pl\/www\/wp-content\/uploads\/2022\/09\/Bilbao-A-Coruna-1024x462.jpg 1024w, https:\/\/pluskata.pl\/www\/wp-content\/uploads\/2022\/09\/Bilbao-A-Coruna-300x135.jpg 300w, https:\/\/pluskata.pl\/www\/wp-content\/uploads\/2022\/09\/Bilbao-A-Coruna-768x347.jpg 768w, https:\/\/pluskata.pl\/www\/wp-content\/uploads\/2022\/09\/Bilbao-A-Coruna-1536x694.jpg 1536w, https:\/\/pluskata.pl\/www\/wp-content\/uploads\/2022\/09\/Bilbao-A-Coruna-2048x925.jpg 2048w, https:\/\/pluskata.pl\/www\/wp-content\/uploads\/2022\/09\/Bilbao-A-Coruna-150x68.jpg 150w\" sizes=\"auto, (max-width: 1024px) 100vw, 1024px\" \/><\/a><\/p>\n<p><strong>Trasa:<\/strong> Bilbao &#8211; Santander &#8211; Gijon &#8211; Ribadeo &#8211; Cedeira &#8211; A Coruna<br \/>\n<strong>Termin:<\/strong> 25.04-04.09.2022<br \/>\n<strong>Mile \/ godziny:<\/strong>\u00a0320Mm\/66h<\/p>\n<p><strong>25-08-2022 czwartek Bilbao<\/strong><br \/>\nWieczorem jedziemy do Bilbao na pokaz sztucznych ogni. Mamy kart\u0119 Baric (kosztuje 3\u20ac i jest wa\u017cna przez 7 lat). To taka elektroniczna portmonetka \u2013 karta zbli\u017ceniowa, kt\u00f3r\u0105 nape\u0142nia si\u0119 pieni\u0105\u017ckami (kwantem jest 5\u20ac). Przy wej\u015bciu i wyj\u015bciu z metra i autobusu zdejmuje z karty jak\u0105\u015b kwot\u0119 \u2013 sporo mniejsz\u0105 ni\u017c bilet jednorazowy.<\/p>\n<p><a href=\"https:\/\/pluskata.pl\/www\/pl\/rejsy-2022\/z-bilbao-do-a-coruna-26-08-04-09-2022\/abra-prom-wiszacy\/\"><img loading=\"lazy\" decoding=\"async\" class=\"alignnone wp-image-2907 size-medium\" src=\"https:\/\/pluskata.pl\/www\/wp-content\/uploads\/2022\/09\/Abra-prom-wiszacy-300x200.jpg\" alt=\"Abra prom wiszacy\" width=\"300\" height=\"200\" srcset=\"https:\/\/pluskata.pl\/www\/wp-content\/uploads\/2022\/09\/Abra-prom-wiszacy-300x200.jpg 300w, https:\/\/pluskata.pl\/www\/wp-content\/uploads\/2022\/09\/Abra-prom-wiszacy-1024x683.jpg 1024w, https:\/\/pluskata.pl\/www\/wp-content\/uploads\/2022\/09\/Abra-prom-wiszacy-768x512.jpg 768w, https:\/\/pluskata.pl\/www\/wp-content\/uploads\/2022\/09\/Abra-prom-wiszacy-1536x1024.jpg 1536w, https:\/\/pluskata.pl\/www\/wp-content\/uploads\/2022\/09\/Abra-prom-wiszacy-2048x1365.jpg 2048w, https:\/\/pluskata.pl\/www\/wp-content\/uploads\/2022\/09\/Abra-prom-wiszacy-150x100.jpg 150w\" sizes=\"auto, (max-width: 300px) 100vw, 300px\" \/><\/a> <a href=\"https:\/\/pluskata.pl\/www\/pl\/rejsy-2022\/z-bilbao-do-a-coruna-26-08-04-09-2022\/bilbao-byk-ogniowy\/\"><img loading=\"lazy\" decoding=\"async\" class=\"alignnone wp-image-2906 size-medium\" src=\"https:\/\/pluskata.pl\/www\/wp-content\/uploads\/2022\/09\/Bilbao-byk-ogniowy-225x300.jpg\" alt=\"Bilbao byk ogniowy\" width=\"225\" height=\"300\" srcset=\"https:\/\/pluskata.pl\/www\/wp-content\/uploads\/2022\/09\/Bilbao-byk-ogniowy-225x300.jpg 225w, https:\/\/pluskata.pl\/www\/wp-content\/uploads\/2022\/09\/Bilbao-byk-ogniowy.jpg 1512w\" sizes=\"auto, (max-width: 225px) 100vw, 225px\" \/><\/a> <a href=\"https:\/\/pluskata.pl\/www\/pl\/rejsy-2022\/z-bilbao-do-a-coruna-26-08-04-09-2022\/bilbao-sklep\/\"><img loading=\"lazy\" decoding=\"async\" class=\"alignnone wp-image-2905 size-medium\" src=\"https:\/\/pluskata.pl\/www\/wp-content\/uploads\/2022\/09\/Bilbao-sklep-300x225.jpg\" alt=\"Bilbao sklep\" width=\"300\" height=\"225\" srcset=\"https:\/\/pluskata.pl\/www\/wp-content\/uploads\/2022\/09\/Bilbao-sklep-300x225.jpg 300w, https:\/\/pluskata.pl\/www\/wp-content\/uploads\/2022\/09\/Bilbao-sklep-1024x768.jpg 1024w, https:\/\/pluskata.pl\/www\/wp-content\/uploads\/2022\/09\/Bilbao-sklep-768x576.jpg 768w, https:\/\/pluskata.pl\/www\/wp-content\/uploads\/2022\/09\/Bilbao-sklep-1536x1152.jpg 1536w, https:\/\/pluskata.pl\/www\/wp-content\/uploads\/2022\/09\/Bilbao-sklep-2048x1536.jpg 2048w, https:\/\/pluskata.pl\/www\/wp-content\/uploads\/2022\/09\/Bilbao-sklep-150x113.jpg 150w\" sizes=\"auto, (max-width: 300px) 100vw, 300px\" \/><\/a><br \/>\nNa g\u0142\u00f3wny plac na stare miasto w Bilbao przyje\u017cd\u017camy prosto na pokaz pirotechniczny. Cz\u0142owiek ma na g\u0142owie imitacj\u0119 byka z przymocowanymi do grzbietu wyrzutniami zimnych ogni \u2013 jest du\u017co dymu, troch\u0119 ognia i du\u017co zabawy, bo \u201ebyk\u201d atakuje zebrany t\u0142um. Potem jeszcze za widna robimy spacer po starym mie\u015bcie (Casco viejo). Pokaz sztucznych ogni jest \u201ekonkursowy\u201d. Codziennie pokazuje inna prowincja albo kraj \u2013 dzisiaj pokaz robi Granada. Po sztucznych ogniach zostajemy jeszcze na pokaz flamenco. Jest rewelacyjny. Na jacht wracamy ok 1:30.<\/p>\n<p><strong>26-08-2022 pi\u0105tek Bilbao<\/strong><br \/>\nPo \u015bniadaniu jedziemy do Bilbao i ogl\u0105damy z zewn\u0105trz budynek muzeum Guggenhima.<\/p>\n<p><a href=\"https:\/\/pluskata.pl\/www\/pl\/rejsy-2022\/z-bilbao-do-a-coruna-26-08-04-09-2022\/bilbao-muzeum-gugenheima\/\"><img loading=\"lazy\" decoding=\"async\" class=\"alignnone wp-image-2904 size-medium\" src=\"https:\/\/pluskata.pl\/www\/wp-content\/uploads\/2022\/09\/Bilbao-muzeum-Gugenheima-300x200.jpg\" alt=\"Bilbao muzeum Gugenheima\" width=\"300\" height=\"200\" srcset=\"https:\/\/pluskata.pl\/www\/wp-content\/uploads\/2022\/09\/Bilbao-muzeum-Gugenheima-300x200.jpg 300w, https:\/\/pluskata.pl\/www\/wp-content\/uploads\/2022\/09\/Bilbao-muzeum-Gugenheima-1024x683.jpg 1024w, https:\/\/pluskata.pl\/www\/wp-content\/uploads\/2022\/09\/Bilbao-muzeum-Gugenheima-768x512.jpg 768w, https:\/\/pluskata.pl\/www\/wp-content\/uploads\/2022\/09\/Bilbao-muzeum-Gugenheima-1536x1024.jpg 1536w, https:\/\/pluskata.pl\/www\/wp-content\/uploads\/2022\/09\/Bilbao-muzeum-Gugenheima-2048x1365.jpg 2048w, https:\/\/pluskata.pl\/www\/wp-content\/uploads\/2022\/09\/Bilbao-muzeum-Gugenheima-150x100.jpg 150w\" sizes=\"auto, (max-width: 300px) 100vw, 300px\" \/><\/a> <a href=\"https:\/\/pluskata.pl\/www\/pl\/rejsy-2022\/z-bilbao-do-a-coruna-26-08-04-09-2022\/bilbao-azkuna-zetora\/\"><img loading=\"lazy\" decoding=\"async\" class=\"alignnone wp-image-2903 size-medium\" src=\"https:\/\/pluskata.pl\/www\/wp-content\/uploads\/2022\/09\/Bilbao-Azkuna-Zetora-300x225.jpg\" alt=\"Bilbao Azkuna Zetora\" width=\"300\" height=\"225\" srcset=\"https:\/\/pluskata.pl\/www\/wp-content\/uploads\/2022\/09\/Bilbao-Azkuna-Zetora-300x225.jpg 300w, https:\/\/pluskata.pl\/www\/wp-content\/uploads\/2022\/09\/Bilbao-Azkuna-Zetora-1024x768.jpg 1024w, https:\/\/pluskata.pl\/www\/wp-content\/uploads\/2022\/09\/Bilbao-Azkuna-Zetora-768x576.jpg 768w, https:\/\/pluskata.pl\/www\/wp-content\/uploads\/2022\/09\/Bilbao-Azkuna-Zetora-1536x1152.jpg 1536w, https:\/\/pluskata.pl\/www\/wp-content\/uploads\/2022\/09\/Bilbao-Azkuna-Zetora-150x113.jpg 150w, https:\/\/pluskata.pl\/www\/wp-content\/uploads\/2022\/09\/Bilbao-Azkuna-Zetora.jpg 1838w\" sizes=\"auto, (max-width: 300px) 100vw, 300px\" \/><\/a><br \/>\nJest bardzo wymy\u015blny. Potem jeszcze idziemy obejrze\u0107 Azkuna Zetora budynek, w kt\u00f3rego wn\u0119trzu s\u0105 3 inne budynki stoj\u0105ce na ozdobnych kolumnach.<br \/>\nWsp\u00f3lnie idziemy na obiad, jest godzina 16, wi\u0119c knajpy s\u0105 pozamykane (otworz\u0105 dopiero o 19). Znajdujemy czynn\u0105 indyjsk\u0105 knajp\u0119 i jemy du\u017cy pyszny obiad \u2013 wychodzi po 12\u20ac na osob\u0119. Po powrocie robimy zakupy spo\u017cywce.<\/p>\n<p><strong>27-08-2022 sobota do Santander<\/strong><br \/>\nWychodzimy o 8 rano. \u015aniadanie jemy ju\u017c na wodzie.<\/p>\n<p><a href=\"https:\/\/pluskata.pl\/www\/pl\/rejsy-2022\/z-bilbao-do-a-coruna-26-08-04-09-2022\/sniadanie-3\/\"><img loading=\"lazy\" decoding=\"async\" class=\"alignnone wp-image-2902 size-medium\" src=\"https:\/\/pluskata.pl\/www\/wp-content\/uploads\/2022\/09\/Sniadanie-225x300.jpg\" alt=\"\u015aniadanie\" width=\"225\" height=\"300\" srcset=\"https:\/\/pluskata.pl\/www\/wp-content\/uploads\/2022\/09\/Sniadanie-225x300.jpg 225w, https:\/\/pluskata.pl\/www\/wp-content\/uploads\/2022\/09\/Sniadanie-768x1024.jpg 768w, https:\/\/pluskata.pl\/www\/wp-content\/uploads\/2022\/09\/Sniadanie-1152x1536.jpg 1152w, https:\/\/pluskata.pl\/www\/wp-content\/uploads\/2022\/09\/Sniadanie-113x150.jpg 113w, https:\/\/pluskata.pl\/www\/wp-content\/uploads\/2022\/09\/Sniadanie.jpg 1512w\" sizes=\"auto, (max-width: 225px) 100vw, 225px\" \/><\/a><\/p>\n<p>Wieje 4-5kn, wi\u0119c p\u0142yniemy na silniku. Oko\u0142o 12 troch\u0119 si\u0119 rozwiewa, wi\u0119c stawiamy genu\u0119. Do Santander dop\u0142ywamy o godzinie 16. Planujemy stan\u0105\u0107 w marinie w centrum miasta, ale okazuje si\u0119, \u017ce nie ma miejsc. P\u0142yniemy nast\u0119pn\u0105 godzin\u0119 i wchodzimy do mariny Santander ko\u0142o lotniska. Po zacumowaniu przychodzi obs\u0142uga mariny i prosi o przecumowanie na inne miejsce, bo to na kt\u00f3rym stan\u0119li\u015bmy jest prywatne. Przep\u0142ywamy na inne miejsce, a obs\u0142uga odbiera od nas cumy.<\/p>\n<p><a href=\"https:\/\/pluskata.pl\/www\/pl\/rejsy-2022\/z-bilbao-do-a-coruna-26-08-04-09-2022\/santander-podejscie\/\"><img loading=\"lazy\" decoding=\"async\" class=\"alignnone wp-image-2901 size-medium\" src=\"https:\/\/pluskata.pl\/www\/wp-content\/uploads\/2022\/09\/Santander-podejscie-300x200.jpg\" alt=\"Santander podejscie\" width=\"300\" height=\"200\" srcset=\"https:\/\/pluskata.pl\/www\/wp-content\/uploads\/2022\/09\/Santander-podejscie-300x200.jpg 300w, https:\/\/pluskata.pl\/www\/wp-content\/uploads\/2022\/09\/Santander-podejscie-1024x683.jpg 1024w, https:\/\/pluskata.pl\/www\/wp-content\/uploads\/2022\/09\/Santander-podejscie-768x512.jpg 768w, https:\/\/pluskata.pl\/www\/wp-content\/uploads\/2022\/09\/Santander-podejscie-1536x1024.jpg 1536w, https:\/\/pluskata.pl\/www\/wp-content\/uploads\/2022\/09\/Santander-podejscie-2048x1365.jpg 2048w, https:\/\/pluskata.pl\/www\/wp-content\/uploads\/2022\/09\/Santander-podejscie-150x100.jpg 150w\" sizes=\"auto, (max-width: 300px) 100vw, 300px\" \/><\/a> <a href=\"https:\/\/pluskata.pl\/www\/pl\/rejsy-2022\/z-bilbao-do-a-coruna-26-08-04-09-2022\/santander-zamek\/\"><img loading=\"lazy\" decoding=\"async\" class=\"alignnone wp-image-2900 size-medium\" src=\"https:\/\/pluskata.pl\/www\/wp-content\/uploads\/2022\/09\/Santander-zamek-300x225.jpg\" alt=\"\" width=\"300\" height=\"225\" srcset=\"https:\/\/pluskata.pl\/www\/wp-content\/uploads\/2022\/09\/Santander-zamek-300x225.jpg 300w, https:\/\/pluskata.pl\/www\/wp-content\/uploads\/2022\/09\/Santander-zamek-1024x768.jpg 1024w, https:\/\/pluskata.pl\/www\/wp-content\/uploads\/2022\/09\/Santander-zamek-768x576.jpg 768w, https:\/\/pluskata.pl\/www\/wp-content\/uploads\/2022\/09\/Santander-zamek-1536x1153.jpg 1536w, https:\/\/pluskata.pl\/www\/wp-content\/uploads\/2022\/09\/Santander-zamek-150x113.jpg 150w, https:\/\/pluskata.pl\/www\/wp-content\/uploads\/2022\/09\/Santander-zamek.jpg 1899w\" sizes=\"auto, (max-width: 300px) 100vw, 300px\" \/><\/a> <a href=\"https:\/\/pluskata.pl\/www\/pl\/rejsy-2022\/z-bilbao-do-a-coruna-26-08-04-09-2022\/santander\/\"><img loading=\"lazy\" decoding=\"async\" class=\"alignnone wp-image-2899 size-medium\" src=\"https:\/\/pluskata.pl\/www\/wp-content\/uploads\/2022\/09\/Santander-300x225.jpg\" alt=\"Santander\" width=\"300\" height=\"225\" srcset=\"https:\/\/pluskata.pl\/www\/wp-content\/uploads\/2022\/09\/Santander-300x225.jpg 300w, https:\/\/pluskata.pl\/www\/wp-content\/uploads\/2022\/09\/Santander-1024x769.jpg 1024w, https:\/\/pluskata.pl\/www\/wp-content\/uploads\/2022\/09\/Santander-768x576.jpg 768w, https:\/\/pluskata.pl\/www\/wp-content\/uploads\/2022\/09\/Santander-1536x1153.jpg 1536w, https:\/\/pluskata.pl\/www\/wp-content\/uploads\/2022\/09\/Santander-150x113.jpg 150w, https:\/\/pluskata.pl\/www\/wp-content\/uploads\/2022\/09\/Santander.jpg 1916w\" sizes=\"auto, (max-width: 300px) 100vw, 300px\" \/><\/a> <a href=\"https:\/\/pluskata.pl\/www\/pl\/rejsy-2022\/z-bilbao-do-a-coruna-26-08-04-09-2022\/santander-knajpa\/\"><img loading=\"lazy\" decoding=\"async\" class=\"alignnone wp-image-2898 size-medium\" src=\"https:\/\/pluskata.pl\/www\/wp-content\/uploads\/2022\/09\/Santander-knajpa-300x194.jpg\" alt=\"Santander knajpa\" width=\"300\" height=\"194\" srcset=\"https:\/\/pluskata.pl\/www\/wp-content\/uploads\/2022\/09\/Santander-knajpa-300x194.jpg 300w, https:\/\/pluskata.pl\/www\/wp-content\/uploads\/2022\/09\/Santander-knajpa-1024x664.jpg 1024w, https:\/\/pluskata.pl\/www\/wp-content\/uploads\/2022\/09\/Santander-knajpa-768x498.jpg 768w, https:\/\/pluskata.pl\/www\/wp-content\/uploads\/2022\/09\/Santander-knajpa-1536x996.jpg 1536w, https:\/\/pluskata.pl\/www\/wp-content\/uploads\/2022\/09\/Santander-knajpa-2048x1328.jpg 2048w, https:\/\/pluskata.pl\/www\/wp-content\/uploads\/2022\/09\/Santander-knajpa-150x97.jpg 150w\" sizes=\"auto, (max-width: 300px) 100vw, 300px\" \/><\/a><br \/>\nDostajemy kartk\u0119 z rozk\u0142adem autobus\u00f3w i informacjami kontaktowymi i kart\u0119 otwieraj\u0105c\u0105 bramk\u0119 na pomost i pomieszczenie z prysznicami. Autobus do centrum je\u017adzi co godzin\u0119 i jedzie ok 20 minut, a doj\u015bcie do przystanku zajmuje ok 15 minut (przechodzi si\u0119 tunelem pod lotniskiem). W Santander dokupujemy warzywa i idziemy zwiedza\u0107 miasto. Wst\u0119pujemy do knajpy na grilowan\u0105 o\u015bmiornic\u0119 \u2013 jest bardzo smaczna. Wracamy na jacht ostatnim autobusem o 22:30.<\/p>\n<p><strong>28-08-2022 niedziela Santander<\/strong><\/p>\n<p><a href=\"https:\/\/pluskata.pl\/www\/pl\/rejsy-2022\/z-bilbao-do-a-coruna-26-08-04-09-2022\/santander-marina\/\"><img loading=\"lazy\" decoding=\"async\" class=\"alignnone wp-image-2897 size-medium\" src=\"https:\/\/pluskata.pl\/www\/wp-content\/uploads\/2022\/09\/Santander-marina-300x225.jpg\" alt=\"Santander marina\" width=\"300\" height=\"225\" srcset=\"https:\/\/pluskata.pl\/www\/wp-content\/uploads\/2022\/09\/Santander-marina-300x225.jpg 300w, https:\/\/pluskata.pl\/www\/wp-content\/uploads\/2022\/09\/Santander-marina-1024x767.jpg 1024w, https:\/\/pluskata.pl\/www\/wp-content\/uploads\/2022\/09\/Santander-marina-768x576.jpg 768w, https:\/\/pluskata.pl\/www\/wp-content\/uploads\/2022\/09\/Santander-marina-1536x1151.jpg 1536w, https:\/\/pluskata.pl\/www\/wp-content\/uploads\/2022\/09\/Santander-marina-150x112.jpg 150w, https:\/\/pluskata.pl\/www\/wp-content\/uploads\/2022\/09\/Santander-marina.jpg 1928w\" sizes=\"auto, (max-width: 300px) 100vw, 300px\" \/><\/a> <a href=\"https:\/\/pluskata.pl\/www\/pl\/rejsy-2022\/z-bilbao-do-a-coruna-26-08-04-09-2022\/santander-basen\/\"><img loading=\"lazy\" decoding=\"async\" class=\"alignnone wp-image-2896 size-medium\" src=\"https:\/\/pluskata.pl\/www\/wp-content\/uploads\/2022\/09\/Santander-basen-300x225.jpg\" alt=\"Santander basen\" width=\"300\" height=\"225\" srcset=\"https:\/\/pluskata.pl\/www\/wp-content\/uploads\/2022\/09\/Santander-basen-300x225.jpg 300w, https:\/\/pluskata.pl\/www\/wp-content\/uploads\/2022\/09\/Santander-basen-1024x768.jpg 1024w, https:\/\/pluskata.pl\/www\/wp-content\/uploads\/2022\/09\/Santander-basen-768x576.jpg 768w, https:\/\/pluskata.pl\/www\/wp-content\/uploads\/2022\/09\/Santander-basen-1536x1152.jpg 1536w, https:\/\/pluskata.pl\/www\/wp-content\/uploads\/2022\/09\/Santander-basen-2048x1536.jpg 2048w, https:\/\/pluskata.pl\/www\/wp-content\/uploads\/2022\/09\/Santander-basen-150x113.jpg 150w\" sizes=\"auto, (max-width: 300px) 100vw, 300px\" \/><\/a> <a href=\"https:\/\/pluskata.pl\/www\/pl\/rejsy-2022\/z-bilbao-do-a-coruna-26-08-04-09-2022\/obiad\/\"><img loading=\"lazy\" decoding=\"async\" class=\"alignnone wp-image-2895 size-medium\" src=\"https:\/\/pluskata.pl\/www\/wp-content\/uploads\/2022\/09\/Obiad-300x225.jpg\" alt=\"Obiad\" width=\"300\" height=\"225\" srcset=\"https:\/\/pluskata.pl\/www\/wp-content\/uploads\/2022\/09\/Obiad-300x225.jpg 300w, https:\/\/pluskata.pl\/www\/wp-content\/uploads\/2022\/09\/Obiad-1024x768.jpg 1024w, https:\/\/pluskata.pl\/www\/wp-content\/uploads\/2022\/09\/Obiad-768x576.jpg 768w, https:\/\/pluskata.pl\/www\/wp-content\/uploads\/2022\/09\/Obiad-1536x1151.jpg 1536w, https:\/\/pluskata.pl\/www\/wp-content\/uploads\/2022\/09\/Obiad-150x112.jpg 150w, https:\/\/pluskata.pl\/www\/wp-content\/uploads\/2022\/09\/Obiad.jpg 1865w\" sizes=\"auto, (max-width: 300px) 100vw, 300px\" \/><\/a> <a href=\"https:\/\/pluskata.pl\/www\/pl\/rejsy-2022\/z-bilbao-do-a-coruna-26-08-04-09-2022\/santander-miasto\/\"><img loading=\"lazy\" decoding=\"async\" class=\"alignnone wp-image-2894 size-medium\" src=\"https:\/\/pluskata.pl\/www\/wp-content\/uploads\/2022\/09\/Santander-miasto-300x231.jpg\" alt=\"Santander miasto\" width=\"300\" height=\"231\" srcset=\"https:\/\/pluskata.pl\/www\/wp-content\/uploads\/2022\/09\/Santander-miasto-300x231.jpg 300w, https:\/\/pluskata.pl\/www\/wp-content\/uploads\/2022\/09\/Santander-miasto-1024x789.jpg 1024w, https:\/\/pluskata.pl\/www\/wp-content\/uploads\/2022\/09\/Santander-miasto-768x592.jpg 768w, https:\/\/pluskata.pl\/www\/wp-content\/uploads\/2022\/09\/Santander-miasto-1536x1184.jpg 1536w, https:\/\/pluskata.pl\/www\/wp-content\/uploads\/2022\/09\/Santander-miasto-2048x1579.jpg 2048w, https:\/\/pluskata.pl\/www\/wp-content\/uploads\/2022\/09\/Santander-miasto-150x116.jpg 150w\" sizes=\"auto, (max-width: 300px) 100vw, 300px\" \/><\/a><br \/>\nRano odwiedzamy prysznice w marinie. Po \u015bniadaniu postanawiamy p\u00f3j\u015b\u0107 na sztuczn\u0105 pla\u017c\u0119, ale jest niska woda i nawia\u0142o du\u017co \u015bmieci do \u201ebasenu\u201d wi\u0119c rezygnujemy i wracamy na jacht. Tankujemy wod\u0119, jemy obiad i wyp\u0142ywamy. Zatrzymujemy si\u0119 na k\u0105piel na kotwicowisku w pobli\u017cu pa\u0142acu Magdaleny (nie zd\u0105\u017cyli\u015bmy tam doj\u015b\u0107, ale miejsce jest zaliczone), przeczekujemy deszcz i o godzinie 20 ruszamy dalej.<\/p>\n<p><strong>29-08-2022 poniedzia\u0142ek Gijon<\/strong><br \/>\nW nocy warunki zmienne, troch\u0119 chmur, troch\u0119 gwiazd (jest n\u00f3w wi\u0119c nic nam gwiazd nie o\u015bwietla) Wiatr raczej s\u0142aby, wi\u0119c g\u0142\u00f3wnie p\u0142yniemy na silniku, ale udaje si\u0119 troch\u0119 na \u017caglach. Do Gijon wchodzimy przed godzin\u0105 18. Stajemy przy pomo\u015bcie dla go\u015bci. Przyp\u0142ywa motor\u00f3wka z obs\u0142ugi portu, pomaga zacumowa\u0107 i oferuje podwiezienie do biura mariny (inaczej trzeba okr\u0105\u017cy\u0107 ca\u0142y port). Pan jest na tyle uprzejmy, \u017ce przywozi mnie na jacht z powrotem. Op\u0142ata za marin\u0119 sk\u0142ada si\u0119 z wielu pozycji (woda, pr\u0105d, obs\u0142uga marinero, \u015bmieci) wszystko p\u0142atne od m2 \u0142\u00f3dki. Przestawiamy si\u0119 na miejsce bli\u017cej toalet (zaznaczone na c-mapie jako miejsca dla gosci). St\u0105d jest znacznie bli\u017cej do sanitariat\u00f3w i miasta.<\/p>\n<p><a href=\"https:\/\/pluskata.pl\/www\/pl\/rejsy-2022\/z-bilbao-do-a-coruna-26-08-04-09-2022\/gijon-pomnik\/\"><img loading=\"lazy\" decoding=\"async\" class=\"alignnone wp-image-2893 size-medium\" src=\"https:\/\/pluskata.pl\/www\/wp-content\/uploads\/2022\/09\/Gijon-pomnik-300x200.jpg\" alt=\"Gijon pomnik\" width=\"300\" height=\"200\" srcset=\"https:\/\/pluskata.pl\/www\/wp-content\/uploads\/2022\/09\/Gijon-pomnik-300x200.jpg 300w, https:\/\/pluskata.pl\/www\/wp-content\/uploads\/2022\/09\/Gijon-pomnik-1024x681.jpg 1024w, https:\/\/pluskata.pl\/www\/wp-content\/uploads\/2022\/09\/Gijon-pomnik-768x511.jpg 768w, https:\/\/pluskata.pl\/www\/wp-content\/uploads\/2022\/09\/Gijon-pomnik-1536x1022.jpg 1536w, https:\/\/pluskata.pl\/www\/wp-content\/uploads\/2022\/09\/Gijon-pomnik-2048x1363.jpg 2048w, https:\/\/pluskata.pl\/www\/wp-content\/uploads\/2022\/09\/Gijon-pomnik-150x100.jpg 150w\" sizes=\"auto, (max-width: 300px) 100vw, 300px\" \/><\/a> <a href=\"https:\/\/pluskata.pl\/www\/pl\/rejsy-2022\/z-bilbao-do-a-coruna-26-08-04-09-2022\/gijon-wysoka-woda\/\"><img loading=\"lazy\" decoding=\"async\" class=\"alignnone wp-image-2892 size-medium\" src=\"https:\/\/pluskata.pl\/www\/wp-content\/uploads\/2022\/09\/Gijon-wysoka-woda-300x200.jpg\" alt=\"Gijon wysoka woda\" width=\"300\" height=\"200\" srcset=\"https:\/\/pluskata.pl\/www\/wp-content\/uploads\/2022\/09\/Gijon-wysoka-woda-300x200.jpg 300w, https:\/\/pluskata.pl\/www\/wp-content\/uploads\/2022\/09\/Gijon-wysoka-woda-1024x683.jpg 1024w, https:\/\/pluskata.pl\/www\/wp-content\/uploads\/2022\/09\/Gijon-wysoka-woda-768x512.jpg 768w, https:\/\/pluskata.pl\/www\/wp-content\/uploads\/2022\/09\/Gijon-wysoka-woda-1536x1024.jpg 1536w, https:\/\/pluskata.pl\/www\/wp-content\/uploads\/2022\/09\/Gijon-wysoka-woda-2048x1365.jpg 2048w, https:\/\/pluskata.pl\/www\/wp-content\/uploads\/2022\/09\/Gijon-wysoka-woda-150x100.jpg 150w\" sizes=\"auto, (max-width: 300px) 100vw, 300px\" \/><\/a> <a href=\"https:\/\/pluskata.pl\/www\/pl\/rejsy-2022\/z-bilbao-do-a-coruna-26-08-04-09-2022\/gijon-noca\/\"><img loading=\"lazy\" decoding=\"async\" class=\"alignnone wp-image-2886 size-medium\" src=\"https:\/\/pluskata.pl\/www\/wp-content\/uploads\/2022\/09\/Gijon-noca-300x225.jpg\" alt=\"Gijon noc\u0105\" width=\"300\" height=\"225\" srcset=\"https:\/\/pluskata.pl\/www\/wp-content\/uploads\/2022\/09\/Gijon-noca-300x225.jpg 300w, https:\/\/pluskata.pl\/www\/wp-content\/uploads\/2022\/09\/Gijon-noca-1024x769.jpg 1024w, https:\/\/pluskata.pl\/www\/wp-content\/uploads\/2022\/09\/Gijon-noca-768x577.jpg 768w, https:\/\/pluskata.pl\/www\/wp-content\/uploads\/2022\/09\/Gijon-noca-1536x1154.jpg 1536w, https:\/\/pluskata.pl\/www\/wp-content\/uploads\/2022\/09\/Gijon-noca-150x113.jpg 150w, https:\/\/pluskata.pl\/www\/wp-content\/uploads\/2022\/09\/Gijon-noca.jpg 1711w\" sizes=\"auto, (max-width: 300px) 100vw, 300px\" \/><\/a><\/p>\n<p>Ogarniamy jacht i ruszamy na spacer po starym mie\u015bcie. Na jacht wracamy ok 21, idziemy pod prysznic w marinie i idziemy wcze\u015bnie spa\u0107.<\/p>\n<p><strong>30-08-2022 wtorek Gijon<\/strong><br \/>\nPrysznice maj\u0105 przyciskane guziki, ale maj\u0105 te\u017c regulacj\u0119 temperatury (dzia\u0142a tak sobie). Dodatkow\u0105 atrakcj\u0119 jest \u015bwiat\u0142o kt\u00f3re mo\u017cna w\u0142\u0105czy\u0107 na okre\u015blony czas \u2013 za kr\u00f3tki, \u017ceby si\u0119 wyk\u0105pa\u0107. Po kawie ruszamy na miasto \u2013 uzupe\u0142niamy zapasy spo\u017cywcze (warzywa, pieczywo itp.) i idziemy na spacer po mie\u015bcie.<\/p>\n<p><a href=\"https:\/\/pluskata.pl\/www\/pl\/rejsy-2022\/z-bilbao-do-a-coruna-26-08-04-09-2022\/gijon-schody\/\"><img loading=\"lazy\" decoding=\"async\" class=\"alignnone wp-image-2890 size-medium\" src=\"https:\/\/pluskata.pl\/www\/wp-content\/uploads\/2022\/09\/Gijon-schody-300x200.jpg\" alt=\"Gijon schody\" width=\"300\" height=\"200\" srcset=\"https:\/\/pluskata.pl\/www\/wp-content\/uploads\/2022\/09\/Gijon-schody-300x200.jpg 300w, https:\/\/pluskata.pl\/www\/wp-content\/uploads\/2022\/09\/Gijon-schody-1024x683.jpg 1024w, https:\/\/pluskata.pl\/www\/wp-content\/uploads\/2022\/09\/Gijon-schody-768x513.jpg 768w, https:\/\/pluskata.pl\/www\/wp-content\/uploads\/2022\/09\/Gijon-schody-1536x1025.jpg 1536w, https:\/\/pluskata.pl\/www\/wp-content\/uploads\/2022\/09\/Gijon-schody-2048x1367.jpg 2048w, https:\/\/pluskata.pl\/www\/wp-content\/uploads\/2022\/09\/Gijon-schody-150x100.jpg 150w\" sizes=\"auto, (max-width: 300px) 100vw, 300px\" \/><\/a> <a href=\"https:\/\/pluskata.pl\/www\/pl\/rejsy-2022\/z-bilbao-do-a-coruna-26-08-04-09-2022\/gijon-plaza\/\"><img loading=\"lazy\" decoding=\"async\" class=\"alignnone wp-image-2889 size-medium\" src=\"https:\/\/pluskata.pl\/www\/wp-content\/uploads\/2022\/09\/Gijon-plaza-300x200.jpg\" alt=\"Gijon pla\u017ca\" width=\"300\" height=\"200\" srcset=\"https:\/\/pluskata.pl\/www\/wp-content\/uploads\/2022\/09\/Gijon-plaza-300x200.jpg 300w, https:\/\/pluskata.pl\/www\/wp-content\/uploads\/2022\/09\/Gijon-plaza-1024x683.jpg 1024w, https:\/\/pluskata.pl\/www\/wp-content\/uploads\/2022\/09\/Gijon-plaza-768x512.jpg 768w, https:\/\/pluskata.pl\/www\/wp-content\/uploads\/2022\/09\/Gijon-plaza-1536x1024.jpg 1536w, https:\/\/pluskata.pl\/www\/wp-content\/uploads\/2022\/09\/Gijon-plaza-2048x1365.jpg 2048w, https:\/\/pluskata.pl\/www\/wp-content\/uploads\/2022\/09\/Gijon-plaza-150x100.jpg 150w\" sizes=\"auto, (max-width: 300px) 100vw, 300px\" \/><\/a> <a href=\"https:\/\/pluskata.pl\/www\/pl\/rejsy-2022\/z-bilbao-do-a-coruna-26-08-04-09-2022\/gijon-kosciol\/\"><img loading=\"lazy\" decoding=\"async\" class=\"alignnone wp-image-2887 size-medium\" src=\"https:\/\/pluskata.pl\/www\/wp-content\/uploads\/2022\/09\/Gijon-kosciol-300x200.jpg\" alt=\"Gijon ko\u015bci\u00f3\u0142\" width=\"300\" height=\"200\" srcset=\"https:\/\/pluskata.pl\/www\/wp-content\/uploads\/2022\/09\/Gijon-kosciol-300x200.jpg 300w, https:\/\/pluskata.pl\/www\/wp-content\/uploads\/2022\/09\/Gijon-kosciol-1024x682.jpg 1024w, https:\/\/pluskata.pl\/www\/wp-content\/uploads\/2022\/09\/Gijon-kosciol-768x512.jpg 768w, https:\/\/pluskata.pl\/www\/wp-content\/uploads\/2022\/09\/Gijon-kosciol-1536x1023.jpg 1536w, https:\/\/pluskata.pl\/www\/wp-content\/uploads\/2022\/09\/Gijon-kosciol-2048x1364.jpg 2048w, https:\/\/pluskata.pl\/www\/wp-content\/uploads\/2022\/09\/Gijon-kosciol-150x100.jpg 150w\" sizes=\"auto, (max-width: 300px) 100vw, 300px\" \/><\/a> <a href=\"https:\/\/pluskata.pl\/www\/pl\/rejsy-2022\/z-bilbao-do-a-coruna-26-08-04-09-2022\/gijon-pomnik-z-mewa\/\"><img loading=\"lazy\" decoding=\"async\" class=\"alignnone wp-image-2888 size-medium\" src=\"https:\/\/pluskata.pl\/www\/wp-content\/uploads\/2022\/09\/Gijon-pomnik-z-mewa-300x213.jpg\" alt=\"Gijon pomnik z mew\u0105\" width=\"300\" height=\"213\" srcset=\"https:\/\/pluskata.pl\/www\/wp-content\/uploads\/2022\/09\/Gijon-pomnik-z-mewa-300x213.jpg 300w, https:\/\/pluskata.pl\/www\/wp-content\/uploads\/2022\/09\/Gijon-pomnik-z-mewa-1024x728.jpg 1024w, https:\/\/pluskata.pl\/www\/wp-content\/uploads\/2022\/09\/Gijon-pomnik-z-mewa-768x546.jpg 768w, https:\/\/pluskata.pl\/www\/wp-content\/uploads\/2022\/09\/Gijon-pomnik-z-mewa-1536x1091.jpg 1536w, https:\/\/pluskata.pl\/www\/wp-content\/uploads\/2022\/09\/Gijon-pomnik-z-mewa-2048x1455.jpg 2048w, https:\/\/pluskata.pl\/www\/wp-content\/uploads\/2022\/09\/Gijon-pomnik-z-mewa-150x107.jpg 150w\" sizes=\"auto, (max-width: 300px) 100vw, 300px\" \/><\/a><\/p>\n<p>Wst\u0119pujemy na obiad w mie\u015bcie. Potem jeszcze lody w innym miejscu i odwiedzamy Akwarium. Wieczorem pokaz slajd\u00f3w.<\/p>\n<p><strong>31-08-2022 \u015broda do Ribadeo<\/strong><br \/>\nWyp\u0142ywamy o 7:20 jak tylko zaczyna si\u0119 rozwidnia\u0107. Wiatr marny 4-5kn wi\u0119c p\u0142yniemy na silniku.<br \/>\nDo mariny Ribadeo dop\u0142ywamy o godzinie 20. Bosman pokazuje nam miejsce do cumowania. Biuro mariny czynne jest do 21.<\/p>\n<p><a href=\"https:\/\/pluskata.pl\/www\/pl\/rejsy-2022\/z-bilbao-do-a-coruna-26-08-04-09-2022\/ribadeo-marina\/\"><img loading=\"lazy\" decoding=\"async\" class=\"alignnone wp-image-2885 size-medium\" src=\"https:\/\/pluskata.pl\/www\/wp-content\/uploads\/2022\/09\/Ribadeo-marina-300x225.jpg\" alt=\"Ribadeo marina\" width=\"300\" height=\"225\" srcset=\"https:\/\/pluskata.pl\/www\/wp-content\/uploads\/2022\/09\/Ribadeo-marina-300x225.jpg 300w, https:\/\/pluskata.pl\/www\/wp-content\/uploads\/2022\/09\/Ribadeo-marina-1024x767.jpg 1024w, https:\/\/pluskata.pl\/www\/wp-content\/uploads\/2022\/09\/Ribadeo-marina-768x576.jpg 768w, https:\/\/pluskata.pl\/www\/wp-content\/uploads\/2022\/09\/Ribadeo-marina-1536x1151.jpg 1536w, https:\/\/pluskata.pl\/www\/wp-content\/uploads\/2022\/09\/Ribadeo-marina-2048x1535.jpg 2048w, https:\/\/pluskata.pl\/www\/wp-content\/uploads\/2022\/09\/Ribadeo-marina-150x112.jpg 150w\" sizes=\"auto, (max-width: 300px) 100vw, 300px\" \/><\/a> <a href=\"https:\/\/pluskata.pl\/www\/pl\/rejsy-2022\/z-bilbao-do-a-coruna-26-08-04-09-2022\/ribadeo-droga-sw-jakuba\/\"><img loading=\"lazy\" decoding=\"async\" class=\"alignnone wp-image-2884 size-medium\" src=\"https:\/\/pluskata.pl\/www\/wp-content\/uploads\/2022\/09\/Ribadeo-droga-sw-Jakuba-300x225.jpg\" alt=\"Ribadeo droga \u015bw Jakuba\" width=\"300\" height=\"225\" srcset=\"https:\/\/pluskata.pl\/www\/wp-content\/uploads\/2022\/09\/Ribadeo-droga-sw-Jakuba-300x225.jpg 300w, https:\/\/pluskata.pl\/www\/wp-content\/uploads\/2022\/09\/Ribadeo-droga-sw-Jakuba-1024x768.jpg 1024w, https:\/\/pluskata.pl\/www\/wp-content\/uploads\/2022\/09\/Ribadeo-droga-sw-Jakuba-768x576.jpg 768w, https:\/\/pluskata.pl\/www\/wp-content\/uploads\/2022\/09\/Ribadeo-droga-sw-Jakuba-1536x1152.jpg 1536w, https:\/\/pluskata.pl\/www\/wp-content\/uploads\/2022\/09\/Ribadeo-droga-sw-Jakuba-2048x1536.jpg 2048w, https:\/\/pluskata.pl\/www\/wp-content\/uploads\/2022\/09\/Ribadeo-droga-sw-Jakuba-150x113.jpg 150w\" sizes=\"auto, (max-width: 300px) 100vw, 300px\" \/><\/a> <a href=\"https:\/\/pluskata.pl\/www\/pl\/rejsy-2022\/z-bilbao-do-a-coruna-26-08-04-09-2022\/ribadeo-rynek\/\"><img loading=\"lazy\" decoding=\"async\" class=\"alignnone wp-image-2883 size-medium\" src=\"https:\/\/pluskata.pl\/www\/wp-content\/uploads\/2022\/09\/Ribadeo-rynek-300x200.jpg\" alt=\"Ribadeo rynek\" width=\"300\" height=\"200\" srcset=\"https:\/\/pluskata.pl\/www\/wp-content\/uploads\/2022\/09\/Ribadeo-rynek-300x200.jpg 300w, https:\/\/pluskata.pl\/www\/wp-content\/uploads\/2022\/09\/Ribadeo-rynek-1024x683.jpg 1024w, https:\/\/pluskata.pl\/www\/wp-content\/uploads\/2022\/09\/Ribadeo-rynek-768x512.jpg 768w, https:\/\/pluskata.pl\/www\/wp-content\/uploads\/2022\/09\/Ribadeo-rynek-1536x1024.jpg 1536w, https:\/\/pluskata.pl\/www\/wp-content\/uploads\/2022\/09\/Ribadeo-rynek-2048x1366.jpg 2048w, https:\/\/pluskata.pl\/www\/wp-content\/uploads\/2022\/09\/Ribadeo-rynek-150x100.jpg 150w\" sizes=\"auto, (max-width: 300px) 100vw, 300px\" \/><\/a><\/p>\n<p><strong>1-09-2022 czwartek Ribadeo<\/strong><br \/>\nWstajemy o 8:30. Troch\u0119 si\u0119 grzebiemy wi\u0119c na autobus do pla\u017cy Katedr idziemy na 12:30. Na szcz\u0119\u015bcie wychodzimy troch\u0119 wcze\u015bniej, bo okazuje si\u0119, \u017ce przystanek przy informacji turystycznej nie dzie\u0142a i musimy przej\u015b\u0107 na dworzec autobusowy. Autobus odje\u017cd\u017ca z 10-minutowym op\u00f3\u017anieniem. Bilet kosztuje 1.5\u20ac w jedn\u0105 stron\u0119 i jest jednocze\u015bnie wej\u015bci\u00f3wk\u0105 na pla\u017c\u0119. Pla\u017ca jest usiana osta\u0144cami i r\u00f3\u017cnymi formami skalnymi.<\/p>\n<p><a href=\"https:\/\/pluskata.pl\/www\/pl\/rejsy-2022\/z-bilbao-do-a-coruna-26-08-04-09-2022\/plaza-katedr-widok\/\"><img loading=\"lazy\" decoding=\"async\" class=\"alignnone wp-image-2882 size-medium\" src=\"https:\/\/pluskata.pl\/www\/wp-content\/uploads\/2022\/09\/Plaza-katedr-widok-300x200.jpg\" alt=\"Pla\u017ca katedr widok\" width=\"300\" height=\"200\" srcset=\"https:\/\/pluskata.pl\/www\/wp-content\/uploads\/2022\/09\/Plaza-katedr-widok-300x200.jpg 300w, https:\/\/pluskata.pl\/www\/wp-content\/uploads\/2022\/09\/Plaza-katedr-widok-1024x682.jpg 1024w, https:\/\/pluskata.pl\/www\/wp-content\/uploads\/2022\/09\/Plaza-katedr-widok-768x511.jpg 768w, https:\/\/pluskata.pl\/www\/wp-content\/uploads\/2022\/09\/Plaza-katedr-widok-1536x1023.jpg 1536w, https:\/\/pluskata.pl\/www\/wp-content\/uploads\/2022\/09\/Plaza-katedr-widok-2048x1364.jpg 2048w, https:\/\/pluskata.pl\/www\/wp-content\/uploads\/2022\/09\/Plaza-katedr-widok-150x100.jpg 150w\" sizes=\"auto, (max-width: 300px) 100vw, 300px\" \/><\/a> <a href=\"https:\/\/pluskata.pl\/www\/pl\/rejsy-2022\/z-bilbao-do-a-coruna-26-08-04-09-2022\/plaza-katedr-skala\/\"><img loading=\"lazy\" decoding=\"async\" class=\"alignnone wp-image-2881 size-medium\" src=\"https:\/\/pluskata.pl\/www\/wp-content\/uploads\/2022\/09\/Plaza-katedr-skala-300x200.jpg\" alt=\"Pla\u017ca katedr ska\u0142a\" width=\"300\" height=\"200\" srcset=\"https:\/\/pluskata.pl\/www\/wp-content\/uploads\/2022\/09\/Plaza-katedr-skala-300x200.jpg 300w, https:\/\/pluskata.pl\/www\/wp-content\/uploads\/2022\/09\/Plaza-katedr-skala-1024x683.jpg 1024w, https:\/\/pluskata.pl\/www\/wp-content\/uploads\/2022\/09\/Plaza-katedr-skala-768x512.jpg 768w, https:\/\/pluskata.pl\/www\/wp-content\/uploads\/2022\/09\/Plaza-katedr-skala-1536x1024.jpg 1536w, https:\/\/pluskata.pl\/www\/wp-content\/uploads\/2022\/09\/Plaza-katedr-skala-2048x1365.jpg 2048w, https:\/\/pluskata.pl\/www\/wp-content\/uploads\/2022\/09\/Plaza-katedr-skala-150x100.jpg 150w\" sizes=\"auto, (max-width: 300px) 100vw, 300px\" \/><\/a> <a href=\"https:\/\/pluskata.pl\/www\/pl\/rejsy-2022\/z-bilbao-do-a-coruna-26-08-04-09-2022\/plaza-katedr-okno\/\"><img loading=\"lazy\" decoding=\"async\" class=\"alignnone wp-image-2880 size-medium\" src=\"https:\/\/pluskata.pl\/www\/wp-content\/uploads\/2022\/09\/Plaza-katedr-okno-300x225.jpg\" alt=\"Pla\u017ca katedr okno\" width=\"300\" height=\"225\" srcset=\"https:\/\/pluskata.pl\/www\/wp-content\/uploads\/2022\/09\/Plaza-katedr-okno-300x225.jpg 300w, https:\/\/pluskata.pl\/www\/wp-content\/uploads\/2022\/09\/Plaza-katedr-okno-1024x768.jpg 1024w, https:\/\/pluskata.pl\/www\/wp-content\/uploads\/2022\/09\/Plaza-katedr-okno-768x576.jpg 768w, https:\/\/pluskata.pl\/www\/wp-content\/uploads\/2022\/09\/Plaza-katedr-okno-1536x1152.jpg 1536w, https:\/\/pluskata.pl\/www\/wp-content\/uploads\/2022\/09\/Plaza-katedr-okno-150x113.jpg 150w, https:\/\/pluskata.pl\/www\/wp-content\/uploads\/2022\/09\/Plaza-katedr-okno.jpg 2016w\" sizes=\"auto, (max-width: 300px) 100vw, 300px\" \/><\/a> <a href=\"https:\/\/pluskata.pl\/www\/pl\/rejsy-2022\/z-bilbao-do-a-coruna-26-08-04-09-2022\/ribadeo-ladzie\/\"><img loading=\"lazy\" decoding=\"async\" class=\"alignnone wp-image-2879 size-medium\" src=\"https:\/\/pluskata.pl\/www\/wp-content\/uploads\/2022\/09\/Ribadeo-ladzie-225x300.jpg\" alt=\"Ribadeo \u0142odzie\" width=\"225\" height=\"300\" srcset=\"https:\/\/pluskata.pl\/www\/wp-content\/uploads\/2022\/09\/Ribadeo-ladzie-225x300.jpg 225w, https:\/\/pluskata.pl\/www\/wp-content\/uploads\/2022\/09\/Ribadeo-ladzie-768x1024.jpg 768w, https:\/\/pluskata.pl\/www\/wp-content\/uploads\/2022\/09\/Ribadeo-ladzie-1152x1536.jpg 1152w, https:\/\/pluskata.pl\/www\/wp-content\/uploads\/2022\/09\/Ribadeo-ladzie-113x150.jpg 113w, https:\/\/pluskata.pl\/www\/wp-content\/uploads\/2022\/09\/Ribadeo-ladzie.jpg 1512w\" sizes=\"auto, (max-width: 225px) 100vw, 225px\" \/><\/a><\/p>\n<p>Pla\u017ca nazw\u0119 zawdzi\u0119cza formacjom skalnym, kt\u00f3rych \u0142uki przypominaj\u0105 zar\u00f3wno form\u0105 jak i rozmiarem \u015bredniowieczne katedry. Ich wysoko\u015b\u0107 to nawet 30 metr\u00f3w. Wracamy autobusem o 14:30 (nast\u0119pny jest o 18). Jemy obiad na jachcie \u2013 pyszne spagetti a ja p\u0142ac\u0119 za drugi dzie\u0144 mariny \u2013 tym razem o prawie po\u0142ow\u0119 mniej to pierwszy dzie\u0144 niskiego sezonu. Po po\u0142udniu uzupe\u0142niamy zakupy spo\u017cywcze.<\/p>\n<p><strong>2-09-2022 pi\u0105tek<\/strong><br \/>\nWychodzimy rano jak tylko si\u0119 rozwidnia o 7:45. P\u0142yniemy obejrze\u0107 pla\u017c\u0119 Katedr od strony morza. Jest wysoka woda, wi\u0119c wi\u0119kszo\u015b\u0107 form skalnych jest pod wod\u0105. Wiatr jest zmienny, wi\u0119c troch\u0119 wspomagamy si\u0119 silnikiem.<\/p>\n<p><a href=\"https:\/\/pluskata.pl\/www\/pl\/rejsy-2022\/z-bilbao-do-a-coruna-26-08-04-09-2022\/droga-do-cedeira\/\"><img loading=\"lazy\" decoding=\"async\" class=\"alignnone wp-image-2878 size-medium\" src=\"https:\/\/pluskata.pl\/www\/wp-content\/uploads\/2022\/09\/Droga-do-Cedeira-300x225.jpg\" alt=\"Droga do Cedeira\" width=\"300\" height=\"225\" srcset=\"https:\/\/pluskata.pl\/www\/wp-content\/uploads\/2022\/09\/Droga-do-Cedeira-300x225.jpg 300w, https:\/\/pluskata.pl\/www\/wp-content\/uploads\/2022\/09\/Droga-do-Cedeira-1024x767.jpg 1024w, https:\/\/pluskata.pl\/www\/wp-content\/uploads\/2022\/09\/Droga-do-Cedeira-768x575.jpg 768w, https:\/\/pluskata.pl\/www\/wp-content\/uploads\/2022\/09\/Droga-do-Cedeira-1536x1151.jpg 1536w, https:\/\/pluskata.pl\/www\/wp-content\/uploads\/2022\/09\/Droga-do-Cedeira-2048x1534.jpg 2048w, https:\/\/pluskata.pl\/www\/wp-content\/uploads\/2022\/09\/Droga-do-Cedeira-150x112.jpg 150w\" sizes=\"auto, (max-width: 300px) 100vw, 300px\" \/><\/a> <a href=\"https:\/\/pluskata.pl\/www\/pl\/rejsy-2022\/z-bilbao-do-a-coruna-26-08-04-09-2022\/cedeira\/\"><img loading=\"lazy\" decoding=\"async\" class=\"alignnone wp-image-2876 size-medium\" src=\"https:\/\/pluskata.pl\/www\/wp-content\/uploads\/2022\/09\/Cedeira-300x250.jpg\" alt=\"Cedeira\" width=\"300\" height=\"250\" srcset=\"https:\/\/pluskata.pl\/www\/wp-content\/uploads\/2022\/09\/Cedeira-300x250.jpg 300w, https:\/\/pluskata.pl\/www\/wp-content\/uploads\/2022\/09\/Cedeira-1024x852.jpg 1024w, https:\/\/pluskata.pl\/www\/wp-content\/uploads\/2022\/09\/Cedeira-768x639.jpg 768w, https:\/\/pluskata.pl\/www\/wp-content\/uploads\/2022\/09\/Cedeira-1536x1278.jpg 1536w, https:\/\/pluskata.pl\/www\/wp-content\/uploads\/2022\/09\/Cedeira-150x125.jpg 150w, https:\/\/pluskata.pl\/www\/wp-content\/uploads\/2022\/09\/Cedeira.jpg 1837w\" sizes=\"auto, (max-width: 300px) 100vw, 300px\" \/><\/a> <a href=\"https:\/\/pluskata.pl\/www\/pl\/rejsy-2022\/z-bilbao-do-a-coruna-26-08-04-09-2022\/kolacja\/\"><img loading=\"lazy\" decoding=\"async\" class=\"alignnone wp-image-2875 size-medium\" src=\"https:\/\/pluskata.pl\/www\/wp-content\/uploads\/2022\/09\/Kolacja-300x225.jpg\" alt=\"Kolacja\" width=\"300\" height=\"225\" srcset=\"https:\/\/pluskata.pl\/www\/wp-content\/uploads\/2022\/09\/Kolacja-300x225.jpg 300w, https:\/\/pluskata.pl\/www\/wp-content\/uploads\/2022\/09\/Kolacja-1024x768.jpg 1024w, https:\/\/pluskata.pl\/www\/wp-content\/uploads\/2022\/09\/Kolacja-768x576.jpg 768w, https:\/\/pluskata.pl\/www\/wp-content\/uploads\/2022\/09\/Kolacja-1536x1152.jpg 1536w, https:\/\/pluskata.pl\/www\/wp-content\/uploads\/2022\/09\/Kolacja-150x112.jpg 150w, https:\/\/pluskata.pl\/www\/wp-content\/uploads\/2022\/09\/Kolacja.jpg 1938w\" sizes=\"auto, (max-width: 300px) 100vw, 300px\" \/><\/a> <a href=\"https:\/\/pluskata.pl\/www\/pl\/rejsy-2022\/z-bilbao-do-a-coruna-26-08-04-09-2022\/zachod-slonca\/\"><img loading=\"lazy\" decoding=\"async\" class=\"alignnone wp-image-2874 size-medium\" src=\"https:\/\/pluskata.pl\/www\/wp-content\/uploads\/2022\/09\/Zachod-slonca-300x200.jpg\" alt=\"Zach\u00f3d s\u0142o\u0144ca\" width=\"300\" height=\"200\" srcset=\"https:\/\/pluskata.pl\/www\/wp-content\/uploads\/2022\/09\/Zachod-slonca-300x200.jpg 300w, https:\/\/pluskata.pl\/www\/wp-content\/uploads\/2022\/09\/Zachod-slonca-1024x683.jpg 1024w, https:\/\/pluskata.pl\/www\/wp-content\/uploads\/2022\/09\/Zachod-slonca-768x512.jpg 768w, https:\/\/pluskata.pl\/www\/wp-content\/uploads\/2022\/09\/Zachod-slonca-1536x1024.jpg 1536w, https:\/\/pluskata.pl\/www\/wp-content\/uploads\/2022\/09\/Zachod-slonca-2048x1365.jpg 2048w, https:\/\/pluskata.pl\/www\/wp-content\/uploads\/2022\/09\/Zachod-slonca-150x100.jpg 150w\" sizes=\"auto, (max-width: 300px) 100vw, 300px\" \/><\/a><\/p>\n<p>Rzucamy kotwic\u0119 w zatoczce Cedeira. Jest \u015blicznie ale temperatura wody ok 17\u00b0C, wi\u0119c rezygnujemy z k\u0105pieli. Na \u015bliczna kombinacja par\u00f3wek, og\u00f3rka i papryki \u2013 ca\u0142o\u015b\u0107 wygl\u0105da jak \u0142\u00f3dka na falach. Wieczorem pokaz film\u00f3w, potem zostawiamy wacht\u0119 kotwiczn\u0105 a reszta idzie spa\u0107.<\/p>\n<p><strong>3-09-2022 sobota A Coruna<\/strong><br \/>\nPo \u015bniadaniu obje\u017cd\u017camy zatoczk\u0119, robimy zdj\u0119cia i wychodzimy w morze. Pogoda jest \u0142adna i s\u0142oneczna, chocia\u017c jest ch\u0142odno. Wiatr ok 12kn z po\u0142udnia, wi\u0119c p\u0142yniemy bajdewindem.<br \/>\nWybieramy marin\u0119 klubow\u0105 przy mie\u015bcie. Na pocz\u0105tku obs\u0142uga portu twierdzi, \u017ce nie ma miejsc, ale ostatecznie znajduje miejsce na ko\u0144cu mariny. Pomog\u0142o chyba powiedzenie, \u017ce my na tydzie\u0144 i ta marina jest lepsza od tej pierwszej. Jest spokojnie, ale do toalet albo je\u017adzi si\u0119 \u0142\u00f3dk\u0105 albo okr\u0105\u017ca si\u0119 ca\u0142y basen jachtowy (5 minut na piechot\u0119). Stoimy ko\u0142o ogromnej motor\u00f3wki. Pan \u0142\u00f3dk\u0105 podwozi mnie do biura, czeka na mnie a potem odwozi na \u0142\u00f3dk\u0119. T\u0142umaczy, \u017ce jest silny wiatr i ma\u0142o miejsc dla du\u017cej \u0142\u00f3dki. Dostajemy 20% zni\u017cki za d\u0142u\u017cszy pobyt. Wieczorem idziemy na spacer po mie\u015bcie i wst\u0119pujemy na \u201ekolacj\u0119\u201d.<\/p>\n<p><a href=\"https:\/\/pluskata.pl\/www\/pl\/rejsy-2022\/z-bilbao-do-a-coruna-26-08-04-09-2022\/a-coruna-zaglowiec\/\"><img loading=\"lazy\" decoding=\"async\" class=\"alignnone wp-image-2871 size-medium\" src=\"https:\/\/pluskata.pl\/www\/wp-content\/uploads\/2022\/09\/A-coruna-zaglowiec-1-300x225.jpg\" alt=\"A Coruna \u017caglowiec\" width=\"300\" height=\"225\" srcset=\"https:\/\/pluskata.pl\/www\/wp-content\/uploads\/2022\/09\/A-coruna-zaglowiec-1-300x225.jpg 300w, https:\/\/pluskata.pl\/www\/wp-content\/uploads\/2022\/09\/A-coruna-zaglowiec-1-1024x768.jpg 1024w, https:\/\/pluskata.pl\/www\/wp-content\/uploads\/2022\/09\/A-coruna-zaglowiec-1-768x576.jpg 768w, https:\/\/pluskata.pl\/www\/wp-content\/uploads\/2022\/09\/A-coruna-zaglowiec-1-1536x1152.jpg 1536w, https:\/\/pluskata.pl\/www\/wp-content\/uploads\/2022\/09\/A-coruna-zaglowiec-1-150x113.jpg 150w, https:\/\/pluskata.pl\/www\/wp-content\/uploads\/2022\/09\/A-coruna-zaglowiec-1.jpg 2016w\" sizes=\"auto, (max-width: 300px) 100vw, 300px\" \/><\/a>\u00a0 <a href=\"https:\/\/pluskata.pl\/www\/pl\/rejsy-2022\/z-bilbao-do-a-coruna-26-08-04-09-2022\/a-coruna-ratusz-noca\/\"><img loading=\"lazy\" decoding=\"async\" class=\"alignnone wp-image-2872 size-medium\" src=\"https:\/\/pluskata.pl\/www\/wp-content\/uploads\/2022\/09\/A-coruna-ratusz-noca-300x224.jpg\" alt=\"A Coruna ratusz noca\" width=\"300\" height=\"224\" srcset=\"https:\/\/pluskata.pl\/www\/wp-content\/uploads\/2022\/09\/A-coruna-ratusz-noca-300x224.jpg 300w, https:\/\/pluskata.pl\/www\/wp-content\/uploads\/2022\/09\/A-coruna-ratusz-noca-1024x763.jpg 1024w, https:\/\/pluskata.pl\/www\/wp-content\/uploads\/2022\/09\/A-coruna-ratusz-noca-768x572.jpg 768w, https:\/\/pluskata.pl\/www\/wp-content\/uploads\/2022\/09\/A-coruna-ratusz-noca-1536x1145.jpg 1536w, https:\/\/pluskata.pl\/www\/wp-content\/uploads\/2022\/09\/A-coruna-ratusz-noca-150x112.jpg 150w, https:\/\/pluskata.pl\/www\/wp-content\/uploads\/2022\/09\/A-coruna-ratusz-noca.jpg 1895w\" sizes=\"auto, (max-width: 300px) 100vw, 300px\" \/><\/a> <a href=\"https:\/\/pluskata.pl\/www\/pl\/rejsy-2022\/z-bilbao-do-a-coruna-26-08-04-09-2022\/a-coruna-zamek\/\"><img loading=\"lazy\" decoding=\"async\" class=\"alignnone wp-image-2873 size-medium\" src=\"https:\/\/pluskata.pl\/www\/wp-content\/uploads\/2022\/09\/A-Coruna-zamek-300x200.jpg\" alt=\"A Coruna zamek\" width=\"300\" height=\"200\" srcset=\"https:\/\/pluskata.pl\/www\/wp-content\/uploads\/2022\/09\/A-Coruna-zamek-300x200.jpg 300w, https:\/\/pluskata.pl\/www\/wp-content\/uploads\/2022\/09\/A-Coruna-zamek-1024x683.jpg 1024w, https:\/\/pluskata.pl\/www\/wp-content\/uploads\/2022\/09\/A-Coruna-zamek-768x512.jpg 768w, https:\/\/pluskata.pl\/www\/wp-content\/uploads\/2022\/09\/A-Coruna-zamek-1536x1024.jpg 1536w, https:\/\/pluskata.pl\/www\/wp-content\/uploads\/2022\/09\/A-Coruna-zamek-2048x1365.jpg 2048w, https:\/\/pluskata.pl\/www\/wp-content\/uploads\/2022\/09\/A-Coruna-zamek-150x100.jpg 150w\" sizes=\"auto, (max-width: 300px) 100vw, 300px\" \/><\/a><\/p>\n<p><strong>4-09-2022 niedziela A Coruna<\/strong><br \/>\nPo \u015bniadaniu idziemy zwiedza\u0107 miasto. Zaczynamy od zamku de Santo Anton. Potem przez miasto idziemy do wie\u017cy Herkulesa \u2013 jednej z najstarszych czynnych latarni morskich na \u015bwiecie. Niestety z powodu silnego wiatru jest zamkni\u0119ta. Pada deszcz, wi\u0119c wracamy na jacht. Po drodze wst\u0119pujemy na obiad.<\/p>\n<p><a href=\"https:\/\/pluskata.pl\/www\/pl\/rejsy-2022\/z-bilbao-do-a-coruna-26-08-04-09-2022\/a-coruna-wieza-herculesa\/\"><img loading=\"lazy\" decoding=\"async\" class=\"alignnone wp-image-2869 size-medium\" src=\"https:\/\/pluskata.pl\/www\/wp-content\/uploads\/2022\/09\/A-Coruna-wieza-Herculesa-300x222.jpg\" alt=\"A Coruna wie\u017ca Herculesa\" width=\"300\" height=\"222\" srcset=\"https:\/\/pluskata.pl\/www\/wp-content\/uploads\/2022\/09\/A-Coruna-wieza-Herculesa-300x222.jpg 300w, https:\/\/pluskata.pl\/www\/wp-content\/uploads\/2022\/09\/A-Coruna-wieza-Herculesa-1024x757.jpg 1024w, https:\/\/pluskata.pl\/www\/wp-content\/uploads\/2022\/09\/A-Coruna-wieza-Herculesa-768x567.jpg 768w, https:\/\/pluskata.pl\/www\/wp-content\/uploads\/2022\/09\/A-Coruna-wieza-Herculesa-1536x1135.jpg 1536w, https:\/\/pluskata.pl\/www\/wp-content\/uploads\/2022\/09\/A-Coruna-wieza-Herculesa-150x111.jpg 150w, https:\/\/pluskata.pl\/www\/wp-content\/uploads\/2022\/09\/A-Coruna-wieza-Herculesa.jpg 1758w\" sizes=\"auto, (max-width: 300px) 100vw, 300px\" \/><\/a> <a href=\"https:\/\/pluskata.pl\/www\/pl\/rejsy-2022\/z-bilbao-do-a-coruna-26-08-04-09-2022\/a-coruna-ulica\/\"><img loading=\"lazy\" decoding=\"async\" class=\"alignnone wp-image-2868 size-medium\" src=\"https:\/\/pluskata.pl\/www\/wp-content\/uploads\/2022\/09\/A-Coruna-ulica-300x225.jpg\" alt=\"A Coruna ulica\" width=\"300\" height=\"225\" srcset=\"https:\/\/pluskata.pl\/www\/wp-content\/uploads\/2022\/09\/A-Coruna-ulica-300x225.jpg 300w, https:\/\/pluskata.pl\/www\/wp-content\/uploads\/2022\/09\/A-Coruna-ulica-1024x769.jpg 1024w, https:\/\/pluskata.pl\/www\/wp-content\/uploads\/2022\/09\/A-Coruna-ulica-768x576.jpg 768w, https:\/\/pluskata.pl\/www\/wp-content\/uploads\/2022\/09\/A-Coruna-ulica-1536x1153.jpg 1536w, https:\/\/pluskata.pl\/www\/wp-content\/uploads\/2022\/09\/A-Coruna-ulica-150x113.jpg 150w, https:\/\/pluskata.pl\/www\/wp-content\/uploads\/2022\/09\/A-Coruna-ulica.jpg 2044w\" sizes=\"auto, (max-width: 300px) 100vw, 300px\" \/><\/a> <a href=\"https:\/\/pluskata.pl\/www\/pl\/rejsy-2022\/z-bilbao-do-a-coruna-26-08-04-09-2022\/a-coruna-ratusz\/\"><img loading=\"lazy\" decoding=\"async\" class=\"alignnone wp-image-2867 size-medium\" src=\"https:\/\/pluskata.pl\/www\/wp-content\/uploads\/2022\/09\/A-Coruna-ratusz-300x225.jpg\" alt=\"A Coruna ratusz\" width=\"300\" height=\"225\" srcset=\"https:\/\/pluskata.pl\/www\/wp-content\/uploads\/2022\/09\/A-Coruna-ratusz-300x225.jpg 300w, https:\/\/pluskata.pl\/www\/wp-content\/uploads\/2022\/09\/A-Coruna-ratusz-1024x768.jpg 1024w, https:\/\/pluskata.pl\/www\/wp-content\/uploads\/2022\/09\/A-Coruna-ratusz-768x576.jpg 768w, https:\/\/pluskata.pl\/www\/wp-content\/uploads\/2022\/09\/A-Coruna-ratusz-1536x1152.jpg 1536w, https:\/\/pluskata.pl\/www\/wp-content\/uploads\/2022\/09\/A-Coruna-ratusz-2048x1536.jpg 2048w, https:\/\/pluskata.pl\/www\/wp-content\/uploads\/2022\/09\/A-Coruna-ratusz-150x113.jpg 150w\" sizes=\"auto, (max-width: 300px) 100vw, 300px\" \/><\/a> <a href=\"https:\/\/pluskata.pl\/www\/pl\/rejsy-2022\/z-bilbao-do-a-coruna-26-08-04-09-2022\/a-coruna-fontanna\/\"><img loading=\"lazy\" decoding=\"async\" class=\"alignnone wp-image-2865 size-medium\" src=\"https:\/\/pluskata.pl\/www\/wp-content\/uploads\/2022\/09\/A-Coruna-fontanna-1-300x225.jpg\" alt=\"A Coruna fontanna\" width=\"300\" height=\"225\" srcset=\"https:\/\/pluskata.pl\/www\/wp-content\/uploads\/2022\/09\/A-Coruna-fontanna-1-300x225.jpg 300w, https:\/\/pluskata.pl\/www\/wp-content\/uploads\/2022\/09\/A-Coruna-fontanna-1-1024x769.jpg 1024w, https:\/\/pluskata.pl\/www\/wp-content\/uploads\/2022\/09\/A-Coruna-fontanna-1-768x577.jpg 768w, https:\/\/pluskata.pl\/www\/wp-content\/uploads\/2022\/09\/A-Coruna-fontanna-1-1536x1154.jpg 1536w, https:\/\/pluskata.pl\/www\/wp-content\/uploads\/2022\/09\/A-Coruna-fontanna-1-150x113.jpg 150w, https:\/\/pluskata.pl\/www\/wp-content\/uploads\/2022\/09\/A-Coruna-fontanna-1.jpg 1816w\" sizes=\"auto, (max-width: 300px) 100vw, 300px\" \/><\/a><\/p>\n","protected":false},"excerpt":{"rendered":"<p>Trasa: Bilbao &#8211; Santander &#8211; Gijon &#8211; Ribadeo &#8211; Cedeira &#8211; A Coruna Termin: 25.04-04.09.2022 Mile \/ godziny:\u00a0320Mm\/66h 25-08-2022 czwartek Bilbao Wieczorem jedziemy do Bilbao na pokaz sztucznych ogni. Mamy kart\u0119 Baric (kosztuje 3\u20ac i jest wa\u017cna przez 7 lat). To taka elektroniczna portmonetka \u2013 karta zbli\u017ceniowa, kt\u00f3r\u0105 nape\u0142nia si\u0119\u2026<\/p>\n<p class=\"continue-reading-button\"> <a class=\"continue-reading-link\" href=\"https:\/\/pluskata.pl\/www\/pl\/rejsy-2022\/z-bilbao-do-a-coruna-26-08-04-09-2022\/\">Czytaj dalej\/Continue reading<i class=\"crycon-right-dir\"><\/i><\/a><\/p>\n","protected":false},"author":1,"featured_media":2610,"parent":1605,"menu_order":13,"comment_status":"closed","ping_status":"closed","template":"","meta":{"footnotes":""},"class_list":["post-2606","page","type-page","status-publish","has-post-thumbnail","hentry"],"yoast_head":"<!-- This site is optimized with the Yoast SEO plugin v27.5 - https:\/\/yoast.com\/product\/yoast-seo-wordpress\/ -->\n<title>Z Bilbao do A Coruna 26.08-04.09.2022 - Podr\u00f3\u017ce jachtem po \u015bwiecie<\/title>\n<meta name=\"robots\" content=\"index, follow, max-snippet:-1, max-image-preview:large, max-video-preview:-1\" \/>\n<link rel=\"canonical\" href=\"https:\/\/pluskata.pl\/www\/pl\/rejsy-2022\/z-bilbao-do-a-coruna-26-08-04-09-2022\/\" \/>\n<meta property=\"og:locale\" content=\"pl_PL\" \/>\n<meta property=\"og:type\" content=\"article\" \/>\n<meta property=\"og:title\" content=\"Z Bilbao do A Coruna 26.08-04.09.2022 - Podr\u00f3\u017ce jachtem po \u015bwiecie\" \/>\n<meta property=\"og:description\" content=\"Trasa: Bilbao &#8211; Santander &#8211; Gijon &#8211; Ribadeo &#8211; Cedeira &#8211; A Coruna Termin: 25.04-04.09.2022 Mile \/ godziny:\u00a0320Mm\/66h 25-08-2022 czwartek Bilbao Wieczorem jedziemy do Bilbao na pokaz sztucznych ogni. Mamy kart\u0119 Baric (kosztuje 3\u20ac i jest wa\u017cna przez 7 lat). To taka elektroniczna portmonetka \u2013 karta zbli\u017ceniowa, kt\u00f3r\u0105 nape\u0142nia si\u0119\u2026 Czytaj dalej\/Continue reading\" \/>\n<meta property=\"og:url\" content=\"https:\/\/pluskata.pl\/www\/pl\/rejsy-2022\/z-bilbao-do-a-coruna-26-08-04-09-2022\/\" \/>\n<meta property=\"og:site_name\" content=\"Podr\u00f3\u017ce jachtem po \u015bwiecie\" \/>\n<meta property=\"article:publisher\" content=\"https:\/\/www.facebook.com\/pluskata\" \/>\n<meta property=\"article:modified_time\" content=\"2022-09-26T17:45:00+00:00\" \/>\n<meta property=\"og:image\" content=\"https:\/\/pluskata.pl\/www\/wp-content\/uploads\/2022\/09\/Bilbao-A-Coruna.jpg\" \/>\n\t<meta property=\"og:image:width\" content=\"2259\" \/>\n\t<meta property=\"og:image:height\" content=\"1020\" \/>\n\t<meta property=\"og:image:type\" content=\"image\/jpeg\" \/>\n<meta name=\"twitter:card\" content=\"summary_large_image\" \/>\n<meta name=\"twitter:label1\" content=\"Szacowany czas czytania\" \/>\n\t<meta name=\"twitter:data1\" content=\"6 minut\" \/>\n<script type=\"application\/ld+json\" class=\"yoast-schema-graph\">{\"@context\":\"https:\\\/\\\/schema.org\",\"@graph\":[{\"@type\":\"WebPage\",\"@id\":\"https:\\\/\\\/pluskata.pl\\\/www\\\/pl\\\/rejsy-2022\\\/z-bilbao-do-a-coruna-26-08-04-09-2022\\\/\",\"url\":\"https:\\\/\\\/pluskata.pl\\\/www\\\/pl\\\/rejsy-2022\\\/z-bilbao-do-a-coruna-26-08-04-09-2022\\\/\",\"name\":\"Z Bilbao do A Coruna 26.08-04.09.2022 - Podr\u00f3\u017ce jachtem po \u015bwiecie\",\"isPartOf\":{\"@id\":\"https:\\\/\\\/pluskata.pl\\\/www\\\/#website\"},\"primaryImageOfPage\":{\"@id\":\"https:\\\/\\\/pluskata.pl\\\/www\\\/pl\\\/rejsy-2022\\\/z-bilbao-do-a-coruna-26-08-04-09-2022\\\/#primaryimage\"},\"image\":{\"@id\":\"https:\\\/\\\/pluskata.pl\\\/www\\\/pl\\\/rejsy-2022\\\/z-bilbao-do-a-coruna-26-08-04-09-2022\\\/#primaryimage\"},\"thumbnailUrl\":\"https:\\\/\\\/pluskata.pl\\\/www\\\/wp-content\\\/uploads\\\/2022\\\/09\\\/Bilbao-A-Coruna.jpg\",\"datePublished\":\"2022-09-08T09:44:41+00:00\",\"dateModified\":\"2022-09-26T17:45:00+00:00\",\"breadcrumb\":{\"@id\":\"https:\\\/\\\/pluskata.pl\\\/www\\\/pl\\\/rejsy-2022\\\/z-bilbao-do-a-coruna-26-08-04-09-2022\\\/#breadcrumb\"},\"inLanguage\":\"pl-PL\",\"potentialAction\":[{\"@type\":\"ReadAction\",\"target\":[\"https:\\\/\\\/pluskata.pl\\\/www\\\/pl\\\/rejsy-2022\\\/z-bilbao-do-a-coruna-26-08-04-09-2022\\\/\"]}]},{\"@type\":\"ImageObject\",\"inLanguage\":\"pl-PL\",\"@id\":\"https:\\\/\\\/pluskata.pl\\\/www\\\/pl\\\/rejsy-2022\\\/z-bilbao-do-a-coruna-26-08-04-09-2022\\\/#primaryimage\",\"url\":\"https:\\\/\\\/pluskata.pl\\\/www\\\/wp-content\\\/uploads\\\/2022\\\/09\\\/Bilbao-A-Coruna.jpg\",\"contentUrl\":\"https:\\\/\\\/pluskata.pl\\\/www\\\/wp-content\\\/uploads\\\/2022\\\/09\\\/Bilbao-A-Coruna.jpg\",\"width\":2259,\"height\":1020,\"caption\":\"Bilbao A Coruna\"},{\"@type\":\"BreadcrumbList\",\"@id\":\"https:\\\/\\\/pluskata.pl\\\/www\\\/pl\\\/rejsy-2022\\\/z-bilbao-do-a-coruna-26-08-04-09-2022\\\/#breadcrumb\",\"itemListElement\":[{\"@type\":\"ListItem\",\"position\":1,\"name\":\"Strona g\u0142\u00f3wna\",\"item\":\"https:\\\/\\\/pluskata.pl\\\/www\\\/pl\\\/aktualnosci\\\/\"},{\"@type\":\"ListItem\",\"position\":2,\"name\":\"Rejsy 2022\",\"item\":\"https:\\\/\\\/pluskata.pl\\\/www\\\/pl\\\/rejsy-2022\\\/\"},{\"@type\":\"ListItem\",\"position\":3,\"name\":\"Z Bilbao do A Coruna 26.08-04.09.2022\"}]},{\"@type\":\"WebSite\",\"@id\":\"https:\\\/\\\/pluskata.pl\\\/www\\\/#website\",\"url\":\"https:\\\/\\\/pluskata.pl\\\/www\\\/\",\"name\":\"Podr\u00f3\u017ce jachtem po \u015bwiecie\",\"description\":\"Zapraszamy do wsp\u00f3lnego \u017ceglowania\",\"publisher\":{\"@id\":\"https:\\\/\\\/pluskata.pl\\\/www\\\/#\\\/schema\\\/person\\\/15daea66397efafeded8883b67482cc0\"},\"potentialAction\":[{\"@type\":\"SearchAction\",\"target\":{\"@type\":\"EntryPoint\",\"urlTemplate\":\"https:\\\/\\\/pluskata.pl\\\/www\\\/?s={search_term_string}\"},\"query-input\":{\"@type\":\"PropertyValueSpecification\",\"valueRequired\":true,\"valueName\":\"search_term_string\"}}],\"inLanguage\":\"pl-PL\"},{\"@type\":[\"Person\",\"Organization\"],\"@id\":\"https:\\\/\\\/pluskata.pl\\\/www\\\/#\\\/schema\\\/person\\\/15daea66397efafeded8883b67482cc0\",\"name\":\"Pluskata\",\"image\":{\"@type\":\"ImageObject\",\"inLanguage\":\"pl-PL\",\"@id\":\"https:\\\/\\\/pluskata.pl\\\/www\\\/wp-content\\\/uploads\\\/2020\\\/12\\\/cropped-Logo-Pluskata_512.png\",\"url\":\"https:\\\/\\\/pluskata.pl\\\/www\\\/wp-content\\\/uploads\\\/2020\\\/12\\\/cropped-Logo-Pluskata_512.png\",\"contentUrl\":\"https:\\\/\\\/pluskata.pl\\\/www\\\/wp-content\\\/uploads\\\/2020\\\/12\\\/cropped-Logo-Pluskata_512.png\",\"width\":512,\"height\":512,\"caption\":\"Pluskata\"},\"logo\":{\"@id\":\"https:\\\/\\\/pluskata.pl\\\/www\\\/wp-content\\\/uploads\\\/2020\\\/12\\\/cropped-Logo-Pluskata_512.png\"},\"sameAs\":[\"http:\\\/\\\/www.pluskata.pl\",\"https:\\\/\\\/www.facebook.com\\\/pluskata\"]}]}<\/script>\n<!-- \/ Yoast SEO plugin. -->","yoast_head_json":{"title":"Z Bilbao do A Coruna 26.08-04.09.2022 - Podr\u00f3\u017ce jachtem po \u015bwiecie","robots":{"index":"index","follow":"follow","max-snippet":"max-snippet:-1","max-image-preview":"max-image-preview:large","max-video-preview":"max-video-preview:-1"},"canonical":"https:\/\/pluskata.pl\/www\/pl\/rejsy-2022\/z-bilbao-do-a-coruna-26-08-04-09-2022\/","og_locale":"pl_PL","og_type":"article","og_title":"Z Bilbao do A Coruna 26.08-04.09.2022 - Podr\u00f3\u017ce jachtem po \u015bwiecie","og_description":"Trasa: Bilbao &#8211; Santander &#8211; Gijon &#8211; Ribadeo &#8211; Cedeira &#8211; A Coruna Termin: 25.04-04.09.2022 Mile \/ godziny:\u00a0320Mm\/66h 25-08-2022 czwartek Bilbao Wieczorem jedziemy do Bilbao na pokaz sztucznych ogni. Mamy kart\u0119 Baric (kosztuje 3\u20ac i jest wa\u017cna przez 7 lat). To taka elektroniczna portmonetka \u2013 karta zbli\u017ceniowa, kt\u00f3r\u0105 nape\u0142nia si\u0119\u2026 Czytaj dalej\/Continue reading","og_url":"https:\/\/pluskata.pl\/www\/pl\/rejsy-2022\/z-bilbao-do-a-coruna-26-08-04-09-2022\/","og_site_name":"Podr\u00f3\u017ce jachtem po \u015bwiecie","article_publisher":"https:\/\/www.facebook.com\/pluskata","article_modified_time":"2022-09-26T17:45:00+00:00","og_image":[{"width":2259,"height":1020,"url":"https:\/\/pluskata.pl\/www\/wp-content\/uploads\/2022\/09\/Bilbao-A-Coruna.jpg","type":"image\/jpeg"}],"twitter_card":"summary_large_image","twitter_misc":{"Szacowany czas czytania":"6 minut"},"schema":{"@context":"https:\/\/schema.org","@graph":[{"@type":"WebPage","@id":"https:\/\/pluskata.pl\/www\/pl\/rejsy-2022\/z-bilbao-do-a-coruna-26-08-04-09-2022\/","url":"https:\/\/pluskata.pl\/www\/pl\/rejsy-2022\/z-bilbao-do-a-coruna-26-08-04-09-2022\/","name":"Z Bilbao do A Coruna 26.08-04.09.2022 - Podr\u00f3\u017ce jachtem po \u015bwiecie","isPartOf":{"@id":"https:\/\/pluskata.pl\/www\/#website"},"primaryImageOfPage":{"@id":"https:\/\/pluskata.pl\/www\/pl\/rejsy-2022\/z-bilbao-do-a-coruna-26-08-04-09-2022\/#primaryimage"},"image":{"@id":"https:\/\/pluskata.pl\/www\/pl\/rejsy-2022\/z-bilbao-do-a-coruna-26-08-04-09-2022\/#primaryimage"},"thumbnailUrl":"https:\/\/pluskata.pl\/www\/wp-content\/uploads\/2022\/09\/Bilbao-A-Coruna.jpg","datePublished":"2022-09-08T09:44:41+00:00","dateModified":"2022-09-26T17:45:00+00:00","breadcrumb":{"@id":"https:\/\/pluskata.pl\/www\/pl\/rejsy-2022\/z-bilbao-do-a-coruna-26-08-04-09-2022\/#breadcrumb"},"inLanguage":"pl-PL","potentialAction":[{"@type":"ReadAction","target":["https:\/\/pluskata.pl\/www\/pl\/rejsy-2022\/z-bilbao-do-a-coruna-26-08-04-09-2022\/"]}]},{"@type":"ImageObject","inLanguage":"pl-PL","@id":"https:\/\/pluskata.pl\/www\/pl\/rejsy-2022\/z-bilbao-do-a-coruna-26-08-04-09-2022\/#primaryimage","url":"https:\/\/pluskata.pl\/www\/wp-content\/uploads\/2022\/09\/Bilbao-A-Coruna.jpg","contentUrl":"https:\/\/pluskata.pl\/www\/wp-content\/uploads\/2022\/09\/Bilbao-A-Coruna.jpg","width":2259,"height":1020,"caption":"Bilbao A Coruna"},{"@type":"BreadcrumbList","@id":"https:\/\/pluskata.pl\/www\/pl\/rejsy-2022\/z-bilbao-do-a-coruna-26-08-04-09-2022\/#breadcrumb","itemListElement":[{"@type":"ListItem","position":1,"name":"Strona g\u0142\u00f3wna","item":"https:\/\/pluskata.pl\/www\/pl\/aktualnosci\/"},{"@type":"ListItem","position":2,"name":"Rejsy 2022","item":"https:\/\/pluskata.pl\/www\/pl\/rejsy-2022\/"},{"@type":"ListItem","position":3,"name":"Z Bilbao do A Coruna 26.08-04.09.2022"}]},{"@type":"WebSite","@id":"https:\/\/pluskata.pl\/www\/#website","url":"https:\/\/pluskata.pl\/www\/","name":"Podr\u00f3\u017ce jachtem po \u015bwiecie","description":"Zapraszamy do wsp\u00f3lnego \u017ceglowania","publisher":{"@id":"https:\/\/pluskata.pl\/www\/#\/schema\/person\/15daea66397efafeded8883b67482cc0"},"potentialAction":[{"@type":"SearchAction","target":{"@type":"EntryPoint","urlTemplate":"https:\/\/pluskata.pl\/www\/?s={search_term_string}"},"query-input":{"@type":"PropertyValueSpecification","valueRequired":true,"valueName":"search_term_string"}}],"inLanguage":"pl-PL"},{"@type":["Person","Organization"],"@id":"https:\/\/pluskata.pl\/www\/#\/schema\/person\/15daea66397efafeded8883b67482cc0","name":"Pluskata","image":{"@type":"ImageObject","inLanguage":"pl-PL","@id":"https:\/\/pluskata.pl\/www\/wp-content\/uploads\/2020\/12\/cropped-Logo-Pluskata_512.png","url":"https:\/\/pluskata.pl\/www\/wp-content\/uploads\/2020\/12\/cropped-Logo-Pluskata_512.png","contentUrl":"https:\/\/pluskata.pl\/www\/wp-content\/uploads\/2020\/12\/cropped-Logo-Pluskata_512.png","width":512,"height":512,"caption":"Pluskata"},"logo":{"@id":"https:\/\/pluskata.pl\/www\/wp-content\/uploads\/2020\/12\/cropped-Logo-Pluskata_512.png"},"sameAs":["http:\/\/www.pluskata.pl","https:\/\/www.facebook.com\/pluskata"]}]}},"_links":{"self":[{"href":"https:\/\/pluskata.pl\/www\/wp-json\/wp\/v2\/pages\/2606","targetHints":{"allow":["GET"]}}],"collection":[{"href":"https:\/\/pluskata.pl\/www\/wp-json\/wp\/v2\/pages"}],"about":[{"href":"https:\/\/pluskata.pl\/www\/wp-json\/wp\/v2\/types\/page"}],"author":[{"embeddable":true,"href":"https:\/\/pluskata.pl\/www\/wp-json\/wp\/v2\/users\/1"}],"replies":[{"embeddable":true,"href":"https:\/\/pluskata.pl\/www\/wp-json\/wp\/v2\/comments?post=2606"}],"version-history":[{"count":0,"href":"https:\/\/pluskata.pl\/www\/wp-json\/wp\/v2\/pages\/2606\/revisions"}],"up":[{"embeddable":true,"href":"https:\/\/pluskata.pl\/www\/wp-json\/wp\/v2\/pages\/1605"}],"wp:featuredmedia":[{"embeddable":true,"href":"https:\/\/pluskata.pl\/www\/wp-json\/wp\/v2\/media\/2610"}],"wp:attachment":[{"href":"https:\/\/pluskata.pl\/www\/wp-json\/wp\/v2\/media?parent=2606"}],"curies":[{"name":"wp","href":"https:\/\/api.w.org\/{rel}","templated":true}]}}