{"id":2488,"date":"2022-08-24T09:58:57","date_gmt":"2022-08-24T07:58:57","guid":{"rendered":"https:\/\/pluskata.pl\/www\/?page_id=2488"},"modified":"2022-09-08T12:42:19","modified_gmt":"2022-09-08T10:42:19","slug":"z-la-rochelle-do-bilbao-12-21-08-2022","status":"publish","type":"page","link":"https:\/\/pluskata.pl\/www\/pl\/rejsy-2022\/z-la-rochelle-do-bilbao-12-21-08-2022\/","title":{"rendered":"Z La Rochelle do Bilbao 12-21.08.2022"},"content":{"rendered":"<p><a href=\"https:\/\/pluskata.pl\/www\/pl\/rejsy-2022\/z-la-rochelle-do-bilbao-12-21-08-2022\/la-rochelle-bilbao\/\"><img loading=\"lazy\" decoding=\"async\" class=\"alignnone wp-image-2492 size-medium\" src=\"https:\/\/pluskata.pl\/www\/wp-content\/uploads\/2022\/08\/La-Rochelle-Bilbao-300x230.jpg\" alt=\"\" width=\"300\" height=\"230\" srcset=\"https:\/\/pluskata.pl\/www\/wp-content\/uploads\/2022\/08\/La-Rochelle-Bilbao-300x230.jpg 300w, https:\/\/pluskata.pl\/www\/wp-content\/uploads\/2022\/08\/La-Rochelle-Bilbao-1024x786.jpg 1024w, https:\/\/pluskata.pl\/www\/wp-content\/uploads\/2022\/08\/La-Rochelle-Bilbao-768x590.jpg 768w, https:\/\/pluskata.pl\/www\/wp-content\/uploads\/2022\/08\/La-Rochelle-Bilbao-1536x1179.jpg 1536w, https:\/\/pluskata.pl\/www\/wp-content\/uploads\/2022\/08\/La-Rochelle-Bilbao-150x115.jpg 150w, https:\/\/pluskata.pl\/www\/wp-content\/uploads\/2022\/08\/La-Rochelle-Bilbao.jpg 1920w\" sizes=\"auto, (max-width: 300px) 100vw, 300px\" \/><\/a><\/p>\n<p><strong><span lang=\"en-US\">Trasa:<\/span><\/strong><b> <\/b>La Rochelle &#8211; Royan &#8211; Capberton &#8211; Anglet &#8211; Getaria &#8211; Bilbao<br \/>\n<strong><span lang=\"en-US\">Termin: <\/span><\/strong>12-21.08.2022<br \/>\n<strong><span lang=\"en-US\">Mile \/ godziny:<\/span><\/strong><b> <\/b><span lang=\"en-US\">303<\/span><span lang=\"en-US\">Mm\/<\/span><span lang=\"en-US\">57<\/span><span lang=\"en-US\">h<\/span><\/p>\n<p><strong>13-08-2022 sobota do Royan<\/strong><br \/>\nWstajemy o 6 rano, pijemy kaw\u0119 i przestawiamy si\u0119 do pomostu \u201epaliwowego\u201d, \u017ceby zatankowa\u0107 wod\u0119 \u2013 to jedno z dw\u00f3ch miejsc gdzie mo\u017cemy to zrobi\u0107 \u2013 na pomostach z okazji upa\u0142\u00f3w rz\u0105d wyda\u0142 zakaz u\u017cywania wody. W czasie tankowania jemy \u015bniadanie i o 7:45 wyp\u0142ywamy.<\/p>\n<p><a href=\"https:\/\/pluskata.pl\/www\/pl\/rejsy-2022\/z-la-rochelle-do-bilbao-12-21-08-2022\/la-rochelle-rano\/\"><img loading=\"lazy\" decoding=\"async\" class=\"alignnone wp-image-2522 size-medium\" src=\"https:\/\/pluskata.pl\/www\/wp-content\/uploads\/2022\/09\/La-Rochelle-rano-300x200.jpg\" alt=\"La Rochelle rano\" width=\"300\" height=\"200\" srcset=\"https:\/\/pluskata.pl\/www\/wp-content\/uploads\/2022\/09\/La-Rochelle-rano-300x200.jpg 300w, https:\/\/pluskata.pl\/www\/wp-content\/uploads\/2022\/09\/La-Rochelle-rano-1024x683.jpg 1024w, https:\/\/pluskata.pl\/www\/wp-content\/uploads\/2022\/09\/La-Rochelle-rano-768x512.jpg 768w, https:\/\/pluskata.pl\/www\/wp-content\/uploads\/2022\/09\/La-Rochelle-rano-1536x1024.jpg 1536w, https:\/\/pluskata.pl\/www\/wp-content\/uploads\/2022\/09\/La-Rochelle-rano-2048x1365.jpg 2048w, https:\/\/pluskata.pl\/www\/wp-content\/uploads\/2022\/09\/La-Rochelle-rano-150x100.jpg 150w\" sizes=\"auto, (max-width: 300px) 100vw, 300px\" \/><\/a> <a href=\"https:\/\/pluskata.pl\/www\/pl\/rejsy-2022\/z-la-rochelle-do-bilbao-12-21-08-2022\/la-rochelle-wyjscie\/\"><img loading=\"lazy\" decoding=\"async\" class=\"alignnone wp-image-2523 size-medium\" src=\"https:\/\/pluskata.pl\/www\/wp-content\/uploads\/2022\/09\/La-Rochelle-wyjscie-300x200.jpg\" alt=\"La Rochelle wyjscie\" width=\"300\" height=\"200\" srcset=\"https:\/\/pluskata.pl\/www\/wp-content\/uploads\/2022\/09\/La-Rochelle-wyjscie-300x200.jpg 300w, https:\/\/pluskata.pl\/www\/wp-content\/uploads\/2022\/09\/La-Rochelle-wyjscie-1024x684.jpg 1024w, https:\/\/pluskata.pl\/www\/wp-content\/uploads\/2022\/09\/La-Rochelle-wyjscie-768x513.jpg 768w, https:\/\/pluskata.pl\/www\/wp-content\/uploads\/2022\/09\/La-Rochelle-wyjscie-1536x1026.jpg 1536w, https:\/\/pluskata.pl\/www\/wp-content\/uploads\/2022\/09\/La-Rochelle-wyjscie-2048x1368.jpg 2048w, https:\/\/pluskata.pl\/www\/wp-content\/uploads\/2022\/09\/La-Rochelle-wyjscie-150x100.jpg 150w\" sizes=\"auto, (max-width: 300px) 100vw, 300px\" \/><\/a><\/p>\n<p>Po wyj\u015bciu z zatoki stawiamy \u017cagle, przy okazji okazuje si\u0119, \u017ce \u015bwie\u017co naprawiona lina bezko\u0144cowa nie przechodzi przez stoper, ale wystarczy spru\u0107 nadmiarowe zabezpieczenia ko\u0144c\u00f3w liny i ju\u017c jest OK. Niestety wiatr po paru godzinach s\u0142abnie i zmienia kierunek wi\u0119c, \u017ceby zd\u0105\u017cy\u0107 przed nisk\u0105 wod\u0105 zrzucamy \u017cagle i w\u0142\u0105czamy silnik. Do mariny wchodzimy o 18:20. Cumujemy, klar na jachcie, id\u0119 zap\u0142aci\u0107 za marin\u0119 (do prysznicy s\u0105 osobne \u017cetony) i ruszamy na miasto.<\/p>\n<p><a href=\"https:\/\/pluskata.pl\/www\/pl\/rejsy-2022\/z-la-rochelle-do-bilbao-12-21-08-2022\/royan-skrzypce\/\"><img loading=\"lazy\" decoding=\"async\" class=\"alignnone wp-image-2524 size-medium\" src=\"https:\/\/pluskata.pl\/www\/wp-content\/uploads\/2022\/09\/Royan-skrzypce-300x200.jpg\" alt=\"Royan skrzypce\" width=\"300\" height=\"200\" srcset=\"https:\/\/pluskata.pl\/www\/wp-content\/uploads\/2022\/09\/Royan-skrzypce-300x200.jpg 300w, https:\/\/pluskata.pl\/www\/wp-content\/uploads\/2022\/09\/Royan-skrzypce-1024x683.jpg 1024w, https:\/\/pluskata.pl\/www\/wp-content\/uploads\/2022\/09\/Royan-skrzypce-768x513.jpg 768w, https:\/\/pluskata.pl\/www\/wp-content\/uploads\/2022\/09\/Royan-skrzypce-1536x1025.jpg 1536w, https:\/\/pluskata.pl\/www\/wp-content\/uploads\/2022\/09\/Royan-skrzypce-2048x1367.jpg 2048w, https:\/\/pluskata.pl\/www\/wp-content\/uploads\/2022\/09\/Royan-skrzypce-150x100.jpg 150w\" sizes=\"auto, (max-width: 300px) 100vw, 300px\" \/><\/a> <a href=\"https:\/\/pluskata.pl\/www\/pl\/rejsy-2022\/z-la-rochelle-do-bilbao-12-21-08-2022\/royan-rzezba\/\"><img loading=\"lazy\" decoding=\"async\" class=\"alignnone wp-image-2525 size-medium\" src=\"https:\/\/pluskata.pl\/www\/wp-content\/uploads\/2022\/09\/Royan-rzezba-300x200.jpg\" alt=\"Royan rzezba\" width=\"300\" height=\"200\" srcset=\"https:\/\/pluskata.pl\/www\/wp-content\/uploads\/2022\/09\/Royan-rzezba-300x200.jpg 300w, https:\/\/pluskata.pl\/www\/wp-content\/uploads\/2022\/09\/Royan-rzezba-1024x683.jpg 1024w, https:\/\/pluskata.pl\/www\/wp-content\/uploads\/2022\/09\/Royan-rzezba-768x512.jpg 768w, https:\/\/pluskata.pl\/www\/wp-content\/uploads\/2022\/09\/Royan-rzezba-1536x1024.jpg 1536w, https:\/\/pluskata.pl\/www\/wp-content\/uploads\/2022\/09\/Royan-rzezba-2048x1365.jpg 2048w, https:\/\/pluskata.pl\/www\/wp-content\/uploads\/2022\/09\/Royan-rzezba-150x100.jpg 150w\" sizes=\"auto, (max-width: 300px) 100vw, 300px\" \/><\/a><\/p>\n<p>\u0141azimy po mie\u015bcie \u2013 taka typowa miejscowo\u015b\u0107 letniskowa, kupujemy lody i wracamy na jacht.<\/p>\n<p><strong>14-15-08-2022 niedziela, poniedzia\u0142ek Capberton, Anglet<\/strong><br \/>\nO 9:20 ruszamy z Royan. Pocz\u0105tkowo p\u0142yniemy pod wiatr, wi\u0119c na silniku, potem stawiamy \u017cagle. Rozwiewa si\u0119 do 16-18kn, wi\u0119c p\u0142yniemy ponad 6kn pe\u0142nym bajdewindem. Odwiedzaj\u0105 nas delfiny du\u017ce stado p\u0142ynie ko\u0142o nas. \u015arednia pr\u0119dko\u015b\u0107 dzienna wychodzi 5,6kn a maksymalna 9,7kn.<\/p>\n<p><a href=\"https:\/\/pluskata.pl\/www\/pl\/rejsy-2022\/z-la-rochelle-do-bilbao-12-21-08-2022\/orka\/\"><img loading=\"lazy\" decoding=\"async\" class=\"alignnone wp-image-2526 size-medium\" src=\"https:\/\/pluskata.pl\/www\/wp-content\/uploads\/2022\/09\/Orka-300x200.jpg\" alt=\"Orka\" width=\"300\" height=\"200\" srcset=\"https:\/\/pluskata.pl\/www\/wp-content\/uploads\/2022\/09\/Orka-300x200.jpg 300w, https:\/\/pluskata.pl\/www\/wp-content\/uploads\/2022\/09\/Orka-1024x683.jpg 1024w, https:\/\/pluskata.pl\/www\/wp-content\/uploads\/2022\/09\/Orka-768x512.jpg 768w, https:\/\/pluskata.pl\/www\/wp-content\/uploads\/2022\/09\/Orka-1536x1024.jpg 1536w, https:\/\/pluskata.pl\/www\/wp-content\/uploads\/2022\/09\/Orka-2048x1366.jpg 2048w, https:\/\/pluskata.pl\/www\/wp-content\/uploads\/2022\/09\/Orka-150x100.jpg 150w\" sizes=\"auto, (max-width: 300px) 100vw, 300px\" \/><\/a><br \/>\nRano na wysokiej wodzie wchodzimy do Capbreton, ale okazuje si\u0119, \u017ce przy kei go\u015bcinnej na niskiej wodzie jest 1m (na \u017cadnej mapie nie by\u0142o o tym informacji), jemy wi\u0119c \u015bniadanie i wychodzimy. Do nast\u0119pnego portu mamy 8Mm.<\/p>\n<p><a href=\"https:\/\/pluskata.pl\/www\/pl\/rejsy-2022\/z-la-rochelle-do-bilbao-12-21-08-2022\/anglet-od-morza\/\"><img loading=\"lazy\" decoding=\"async\" class=\"alignnone wp-image-2529 size-medium\" src=\"https:\/\/pluskata.pl\/www\/wp-content\/uploads\/2022\/09\/Anglet-od-morza-300x200.jpg\" alt=\"Anglet od morza\" width=\"300\" height=\"200\" srcset=\"https:\/\/pluskata.pl\/www\/wp-content\/uploads\/2022\/09\/Anglet-od-morza-300x200.jpg 300w, https:\/\/pluskata.pl\/www\/wp-content\/uploads\/2022\/09\/Anglet-od-morza-1024x682.jpg 1024w, https:\/\/pluskata.pl\/www\/wp-content\/uploads\/2022\/09\/Anglet-od-morza-768x512.jpg 768w, https:\/\/pluskata.pl\/www\/wp-content\/uploads\/2022\/09\/Anglet-od-morza-1536x1024.jpg 1536w\" sizes=\"auto, (max-width: 300px) 100vw, 300px\" \/><\/a> <a href=\"https:\/\/pluskata.pl\/www\/pl\/rejsy-2022\/z-la-rochelle-do-bilbao-12-21-08-2022\/anglet-glowki\/\"><img loading=\"lazy\" decoding=\"async\" class=\"alignnone wp-image-2528 size-medium\" src=\"https:\/\/pluskata.pl\/www\/wp-content\/uploads\/2022\/09\/Anglet-glowki-300x200.jpg\" alt=\"Anglet glowki\" width=\"300\" height=\"200\" srcset=\"https:\/\/pluskata.pl\/www\/wp-content\/uploads\/2022\/09\/Anglet-glowki-300x200.jpg 300w, https:\/\/pluskata.pl\/www\/wp-content\/uploads\/2022\/09\/Anglet-glowki-1024x684.jpg 1024w, https:\/\/pluskata.pl\/www\/wp-content\/uploads\/2022\/09\/Anglet-glowki-768x513.jpg 768w, https:\/\/pluskata.pl\/www\/wp-content\/uploads\/2022\/09\/Anglet-glowki-1536x1026.jpg 1536w, https:\/\/pluskata.pl\/www\/wp-content\/uploads\/2022\/09\/Anglet-glowki-2048x1368.jpg 2048w, https:\/\/pluskata.pl\/www\/wp-content\/uploads\/2022\/09\/Anglet-glowki-150x100.jpg 150w\" sizes=\"auto, (max-width: 300px) 100vw, 300px\" \/><\/a> <a href=\"https:\/\/pluskata.pl\/www\/pl\/rejsy-2022\/z-la-rochelle-do-bilbao-12-21-08-2022\/anglet-estakada\/\"><img loading=\"lazy\" decoding=\"async\" class=\"alignnone wp-image-2527 size-medium\" src=\"https:\/\/pluskata.pl\/www\/wp-content\/uploads\/2022\/09\/Anglet-estakada-300x200.jpg\" alt=\"Anglet estakada\" width=\"300\" height=\"200\" srcset=\"https:\/\/pluskata.pl\/www\/wp-content\/uploads\/2022\/09\/Anglet-estakada-300x200.jpg 300w, https:\/\/pluskata.pl\/www\/wp-content\/uploads\/2022\/09\/Anglet-estakada-1024x683.jpg 1024w, https:\/\/pluskata.pl\/www\/wp-content\/uploads\/2022\/09\/Anglet-estakada-768x512.jpg 768w, https:\/\/pluskata.pl\/www\/wp-content\/uploads\/2022\/09\/Anglet-estakada-1536x1024.jpg 1536w, https:\/\/pluskata.pl\/www\/wp-content\/uploads\/2022\/09\/Anglet-estakada-2048x1365.jpg 2048w, https:\/\/pluskata.pl\/www\/wp-content\/uploads\/2022\/09\/Anglet-estakada-150x100.jpg 150w\" sizes=\"auto, (max-width: 300px) 100vw, 300px\" \/><\/a><\/p>\n<p>Wchodzimy w rzek\u0119 I\u2019Adour na du\u017cej fali p\u0142ywu (jeste\u015bmy 3,5h po wysokiej wodzie). Na szcz\u0119\u015bcie w g\u0142\u0119bi rzeki fala maleje, ale silny pr\u0105d pozostaje. W marinie w Anglet cumujemy o 11:45. Pan w biurze mariny prosi, \u017ceby\u015bmy si\u0119 przestawili na zewn\u0105trz pierwszego pomostu. \u017beton do prysznica kosztuje 2\u20ac od sztuki. Po obiedzie idziemy na spacer po mie\u015bcie. Tutaj te\u017c 15-08 jest \u015bwi\u0119to, wi\u0119c wszystkie sklepy s\u0105 zamkni\u0119te.<\/p>\n<p><strong>16-08-2022 wtorek Anglet<\/strong><br \/>\nW poniedzia\u0142ek Wyci\u0105gamy rowery i jedziemy na wycieczk\u0119 po mie\u015bcie. Podje\u017cd\u017camy do g\u0142\u00f3wek portu, ale ju\u017c nie ma takich du\u017cych fal. Miasto jest raczej brzydkie bez zabytk\u00f3w, ale odwiedzamy Leclerka, aptek\u0119, Castoram\u0119 i idziemy na kebaba. Po powrocie sk\u0142adamy rowery, jemy podwieczorek i troch\u0119 ogarniamy jacht.<\/p>\n<p><strong>17-08-2022 \u015broda<\/strong><br \/>\nWychodzimy na wysokiej wodzie troch\u0119 po 9 rano. Tym razem nie ma ani du\u017cej fali ani pr\u0105du p\u0142ywowego. Prognoza jest do 6B z zachodu i deszcz wi\u0119c stawiamy foka i zarefowanego troch\u0119 grota. Najpierw odchodzimy od l\u0105du a potem robimy zwrot w kierunku San Sebastian. Wiatr t\u0119\u017ceje i robi si\u0119 rzeczywi\u015bcie taka dobra 6B. Fale czasami przekraczaj\u0105 3 metry, ale s\u0105 d\u0142ugie, wi\u0119c nas nie hamuj\u0105.<\/p>\n<p><a href=\"https:\/\/pluskata.pl\/www\/pl\/rejsy-2022\/z-la-rochelle-do-bilbao-12-21-08-2022\/do-getarii\/\"><img loading=\"lazy\" decoding=\"async\" class=\"alignnone wp-image-2530 size-medium\" src=\"https:\/\/pluskata.pl\/www\/wp-content\/uploads\/2022\/09\/Do-Getarii-300x200.jpg\" alt=\"\" width=\"300\" height=\"200\" srcset=\"https:\/\/pluskata.pl\/www\/wp-content\/uploads\/2022\/09\/Do-Getarii-300x200.jpg 300w, https:\/\/pluskata.pl\/www\/wp-content\/uploads\/2022\/09\/Do-Getarii-1024x682.jpg 1024w, https:\/\/pluskata.pl\/www\/wp-content\/uploads\/2022\/09\/Do-Getarii-768x512.jpg 768w, https:\/\/pluskata.pl\/www\/wp-content\/uploads\/2022\/09\/Do-Getarii-1536x1023.jpg 1536w, https:\/\/pluskata.pl\/www\/wp-content\/uploads\/2022\/09\/Do-Getarii-2048x1364.jpg 2048w, https:\/\/pluskata.pl\/www\/wp-content\/uploads\/2022\/09\/Do-Getarii-150x100.jpg 150w\" sizes=\"auto, (max-width: 300px) 100vw, 300px\" \/><\/a> <a href=\"https:\/\/pluskata.pl\/www\/pl\/rejsy-2022\/z-la-rochelle-do-bilbao-12-21-08-2022\/do-getarii-fale\/\"><img loading=\"lazy\" decoding=\"async\" class=\"alignnone wp-image-2531 size-medium\" src=\"https:\/\/pluskata.pl\/www\/wp-content\/uploads\/2022\/09\/Do-Getarii-fale-300x200.jpg\" alt=\"Do Getarii fale\" width=\"300\" height=\"200\" srcset=\"https:\/\/pluskata.pl\/www\/wp-content\/uploads\/2022\/09\/Do-Getarii-fale-300x200.jpg 300w, https:\/\/pluskata.pl\/www\/wp-content\/uploads\/2022\/09\/Do-Getarii-fale-1024x681.jpg 1024w, https:\/\/pluskata.pl\/www\/wp-content\/uploads\/2022\/09\/Do-Getarii-fale-768x511.jpg 768w, https:\/\/pluskata.pl\/www\/wp-content\/uploads\/2022\/09\/Do-Getarii-fale-1536x1022.jpg 1536w, https:\/\/pluskata.pl\/www\/wp-content\/uploads\/2022\/09\/Do-Getarii-fale-2048x1362.jpg 2048w, https:\/\/pluskata.pl\/www\/wp-content\/uploads\/2022\/09\/Do-Getarii-fale-150x100.jpg 150w\" sizes=\"auto, (max-width: 300px) 100vw, 300px\" \/><\/a><\/p>\n<p>Rolujemy jeszcze troch\u0119 foka i grota i staramy si\u0119 p\u0142yn\u0105\u0107 ostro na wiatr. Napi\u0119ty szot foka zrywa si\u0119, wi\u0119c refujemy fok, a Tomek zak\u0142ada szelki i idzie przywi\u0105za\u0107 reszt\u0119 szota a odwi\u0105za\u0107 to, co si\u0119 urwa\u0142o (ok 2m). Zostaje nam \u015bliczny chwo\u015bcik. Po 15 minutach wszystko wraca do normy i p\u0142yniemy dalej. Podejmujemy decyzj\u0119, \u017ceby nie wchodzi\u0107 do San Sebastian (wej\u015bcie do zatoki jest r\u00f3wno z wiatrem) wi\u0119c p\u0142yniemy do nast\u0119pnego portu kt\u00f3ry jest os\u0142oni\u0119ty od fal p\u00f3\u0142wyspem. Jest to Gelaria. Cumujemy do kei go\u015bcinnej o 1900. Pada deszcz. Przychodzi pan z obs\u0142ugi portu i pyta si\u0119, czy potrzebujemy pomocy. Grzecznie dzi\u0119kujemy. Z s\u0105siedniego jachtu przychodz\u0105 ludzie i podziwiaj\u0105 Pluskat\u0105. Po zacumowaniu id\u0119 zap\u0142aci\u0107 \u2013 tu cena zale\u017cy od m2 . Prysznic w cenie, ale czynny do 19:30. Ca\u0142y czas pada, wi\u0119c Tomek stawia \u015bciany cabrio a wiecz\u00f3r sp\u0119dzamy przy lampce wina w kokpicie.<\/p>\n<p><strong>18-08-2022 czwartek Getaria<\/strong><br \/>\nGetaria okazuje si\u0119 \u015blicznym miasteczkiem z zabytkowym ko\u015bcio\u0142em \u015bw. Salwadora, kamiennymi domami i du\u017c\u0105 ilo\u015bci\u0105 taras\u00f3w widokowych. Spacerujemy w deszczu. Po powrocie na jacht Tomek klei skrzypi\u0105c\u0105 pod\u0142og\u0119.<\/p>\n<p><a href=\"https:\/\/pluskata.pl\/www\/pl\/rejsy-2022\/z-la-rochelle-do-bilbao-12-21-08-2022\/getaria-wioslarze\/\"><img loading=\"lazy\" decoding=\"async\" class=\"alignnone wp-image-2532 size-medium\" src=\"https:\/\/pluskata.pl\/www\/wp-content\/uploads\/2022\/09\/Getaria-wioslarze-300x200.jpg\" alt=\"Getaria wioslarze\" width=\"300\" height=\"200\" srcset=\"https:\/\/pluskata.pl\/www\/wp-content\/uploads\/2022\/09\/Getaria-wioslarze-300x200.jpg 300w, https:\/\/pluskata.pl\/www\/wp-content\/uploads\/2022\/09\/Getaria-wioslarze-1024x682.jpg 1024w, https:\/\/pluskata.pl\/www\/wp-content\/uploads\/2022\/09\/Getaria-wioslarze-768x512.jpg 768w, https:\/\/pluskata.pl\/www\/wp-content\/uploads\/2022\/09\/Getaria-wioslarze-1536x1024.jpg 1536w, https:\/\/pluskata.pl\/www\/wp-content\/uploads\/2022\/09\/Getaria-wioslarze-2048x1365.jpg 2048w, https:\/\/pluskata.pl\/www\/wp-content\/uploads\/2022\/09\/Getaria-wioslarze-150x100.jpg 150w\" sizes=\"auto, (max-width: 300px) 100vw, 300px\" \/><\/a> <a href=\"https:\/\/pluskata.pl\/www\/pl\/rejsy-2022\/z-la-rochelle-do-bilbao-12-21-08-2022\/getaria-kosciol\/\"><img loading=\"lazy\" decoding=\"async\" class=\"alignnone wp-image-2533 size-medium\" src=\"https:\/\/pluskata.pl\/www\/wp-content\/uploads\/2022\/09\/Getaria-kosciol-300x200.jpg\" alt=\"Getaria kosciol\" width=\"300\" height=\"200\" srcset=\"https:\/\/pluskata.pl\/www\/wp-content\/uploads\/2022\/09\/Getaria-kosciol-300x200.jpg 300w, https:\/\/pluskata.pl\/www\/wp-content\/uploads\/2022\/09\/Getaria-kosciol-1024x683.jpg 1024w, https:\/\/pluskata.pl\/www\/wp-content\/uploads\/2022\/09\/Getaria-kosciol-768x512.jpg 768w, https:\/\/pluskata.pl\/www\/wp-content\/uploads\/2022\/09\/Getaria-kosciol-1536x1024.jpg 1536w, https:\/\/pluskata.pl\/www\/wp-content\/uploads\/2022\/09\/Getaria-kosciol-2048x1366.jpg 2048w, https:\/\/pluskata.pl\/www\/wp-content\/uploads\/2022\/09\/Getaria-kosciol-150x100.jpg 150w\" sizes=\"auto, (max-width: 300px) 100vw, 300px\" \/><\/a> <a href=\"https:\/\/pluskata.pl\/www\/pl\/rejsy-2022\/z-la-rochelle-do-bilbao-12-21-08-2022\/getaria-ulica\/\"><img loading=\"lazy\" decoding=\"async\" class=\"alignnone wp-image-2534 size-medium\" src=\"https:\/\/pluskata.pl\/www\/wp-content\/uploads\/2022\/09\/Getaria-ulica-300x200.jpg\" alt=\"Getaria ulica\" width=\"300\" height=\"200\" srcset=\"https:\/\/pluskata.pl\/www\/wp-content\/uploads\/2022\/09\/Getaria-ulica-300x200.jpg 300w, https:\/\/pluskata.pl\/www\/wp-content\/uploads\/2022\/09\/Getaria-ulica-1024x684.jpg 1024w, https:\/\/pluskata.pl\/www\/wp-content\/uploads\/2022\/09\/Getaria-ulica-768x513.jpg 768w, https:\/\/pluskata.pl\/www\/wp-content\/uploads\/2022\/09\/Getaria-ulica-1536x1025.jpg 1536w, https:\/\/pluskata.pl\/www\/wp-content\/uploads\/2022\/09\/Getaria-ulica-2048x1367.jpg 2048w, https:\/\/pluskata.pl\/www\/wp-content\/uploads\/2022\/09\/Getaria-ulica-150x100.jpg 150w\" sizes=\"auto, (max-width: 300px) 100vw, 300px\" \/><\/a> <a href=\"https:\/\/pluskata.pl\/www\/pl\/rejsy-2022\/z-la-rochelle-do-bilbao-12-21-08-2022\/getaria-ulica1\/\"><img loading=\"lazy\" decoding=\"async\" class=\"alignnone wp-image-2535 size-medium\" src=\"https:\/\/pluskata.pl\/www\/wp-content\/uploads\/2022\/09\/Getaria-ulica1-300x200.jpg\" alt=\"Getaria ulica\" width=\"300\" height=\"200\" srcset=\"https:\/\/pluskata.pl\/www\/wp-content\/uploads\/2022\/09\/Getaria-ulica1-300x200.jpg 300w, https:\/\/pluskata.pl\/www\/wp-content\/uploads\/2022\/09\/Getaria-ulica1-1024x682.jpg 1024w, https:\/\/pluskata.pl\/www\/wp-content\/uploads\/2022\/09\/Getaria-ulica1-768x512.jpg 768w, https:\/\/pluskata.pl\/www\/wp-content\/uploads\/2022\/09\/Getaria-ulica1-1536x1023.jpg 1536w, https:\/\/pluskata.pl\/www\/wp-content\/uploads\/2022\/09\/Getaria-ulica1-2048x1364.jpg 2048w\" sizes=\"auto, (max-width: 300px) 100vw, 300px\" \/><\/a> <a href=\"https:\/\/pluskata.pl\/www\/pl\/rejsy-2022\/z-la-rochelle-do-bilbao-12-21-08-2022\/getaria-ulica2\/\"><img loading=\"lazy\" decoding=\"async\" class=\"alignnone wp-image-2536 size-medium\" src=\"https:\/\/pluskata.pl\/www\/wp-content\/uploads\/2022\/09\/Getaria-ulica2-300x200.jpg\" alt=\"Getaria ulica\" width=\"300\" height=\"200\" srcset=\"https:\/\/pluskata.pl\/www\/wp-content\/uploads\/2022\/09\/Getaria-ulica2-300x200.jpg 300w, https:\/\/pluskata.pl\/www\/wp-content\/uploads\/2022\/09\/Getaria-ulica2-1024x683.jpg 1024w, https:\/\/pluskata.pl\/www\/wp-content\/uploads\/2022\/09\/Getaria-ulica2-768x512.jpg 768w, https:\/\/pluskata.pl\/www\/wp-content\/uploads\/2022\/09\/Getaria-ulica2-1536x1024.jpg 1536w, https:\/\/pluskata.pl\/www\/wp-content\/uploads\/2022\/09\/Getaria-ulica2-2048x1365.jpg 2048w, https:\/\/pluskata.pl\/www\/wp-content\/uploads\/2022\/09\/Getaria-ulica2-150x100.jpg 150w\" sizes=\"auto, (max-width: 300px) 100vw, 300px\" \/><\/a> <a href=\"https:\/\/pluskata.pl\/www\/pl\/rejsy-2022\/z-la-rochelle-do-bilbao-12-21-08-2022\/getaria-droga\/\"><img loading=\"lazy\" decoding=\"async\" class=\"alignnone wp-image-2537 size-medium\" src=\"https:\/\/pluskata.pl\/www\/wp-content\/uploads\/2022\/09\/Getaria-droga-300x200.jpg\" alt=\"Getaria droga\" width=\"300\" height=\"200\" srcset=\"https:\/\/pluskata.pl\/www\/wp-content\/uploads\/2022\/09\/Getaria-droga-300x200.jpg 300w, https:\/\/pluskata.pl\/www\/wp-content\/uploads\/2022\/09\/Getaria-droga-1024x682.jpg 1024w, https:\/\/pluskata.pl\/www\/wp-content\/uploads\/2022\/09\/Getaria-droga-768x512.jpg 768w, https:\/\/pluskata.pl\/www\/wp-content\/uploads\/2022\/09\/Getaria-droga-1536x1024.jpg 1536w, https:\/\/pluskata.pl\/www\/wp-content\/uploads\/2022\/09\/Getaria-droga-2048x1365.jpg 2048w, https:\/\/pluskata.pl\/www\/wp-content\/uploads\/2022\/09\/Getaria-droga-150x100.jpg 150w\" sizes=\"auto, (max-width: 300px) 100vw, 300px\" \/><\/a> <a href=\"https:\/\/pluskata.pl\/www\/pl\/rejsy-2022\/z-la-rochelle-do-bilbao-12-21-08-2022\/getaria-marina\/\"><img loading=\"lazy\" decoding=\"async\" class=\"alignnone wp-image-2538 size-medium\" src=\"https:\/\/pluskata.pl\/www\/wp-content\/uploads\/2022\/09\/Getaria-marina-300x200.jpg\" alt=\"Getaria marina\" width=\"300\" height=\"200\" srcset=\"https:\/\/pluskata.pl\/www\/wp-content\/uploads\/2022\/09\/Getaria-marina-300x200.jpg 300w, https:\/\/pluskata.pl\/www\/wp-content\/uploads\/2022\/09\/Getaria-marina-1024x682.jpg 1024w, https:\/\/pluskata.pl\/www\/wp-content\/uploads\/2022\/09\/Getaria-marina-768x512.jpg 768w\" sizes=\"auto, (max-width: 300px) 100vw, 300px\" \/><\/a> <a href=\"https:\/\/pluskata.pl\/www\/pl\/rejsy-2022\/z-la-rochelle-do-bilbao-12-21-08-2022\/getaria-gora\/\"><img loading=\"lazy\" decoding=\"async\" class=\"alignnone wp-image-2539 size-medium\" src=\"https:\/\/pluskata.pl\/www\/wp-content\/uploads\/2022\/09\/Getaria-gora-300x200.jpg\" alt=\"Getaria g\u00f3ra\" width=\"300\" height=\"200\" srcset=\"https:\/\/pluskata.pl\/www\/wp-content\/uploads\/2022\/09\/Getaria-gora-300x200.jpg 300w, https:\/\/pluskata.pl\/www\/wp-content\/uploads\/2022\/09\/Getaria-gora-1024x682.jpg 1024w, https:\/\/pluskata.pl\/www\/wp-content\/uploads\/2022\/09\/Getaria-gora-768x512.jpg 768w, https:\/\/pluskata.pl\/www\/wp-content\/uploads\/2022\/09\/Getaria-gora-1536x1023.jpg 1536w, https:\/\/pluskata.pl\/www\/wp-content\/uploads\/2022\/09\/Getaria-gora-2048x1364.jpg 2048w, https:\/\/pluskata.pl\/www\/wp-content\/uploads\/2022\/09\/Getaria-gora-150x100.jpg 150w\" sizes=\"auto, (max-width: 300px) 100vw, 300px\" \/><\/a> <a href=\"https:\/\/pluskata.pl\/www\/pl\/rejsy-2022\/z-la-rochelle-do-bilbao-12-21-08-2022\/getria-glowa\/\"><img loading=\"lazy\" decoding=\"async\" class=\"alignnone wp-image-2540 size-medium\" src=\"https:\/\/pluskata.pl\/www\/wp-content\/uploads\/2022\/09\/Getria-glowa-300x200.jpg\" alt=\"Getria g\u0142owa\" width=\"300\" height=\"200\" srcset=\"https:\/\/pluskata.pl\/www\/wp-content\/uploads\/2022\/09\/Getria-glowa-300x200.jpg 300w, https:\/\/pluskata.pl\/www\/wp-content\/uploads\/2022\/09\/Getria-glowa-1024x682.jpg 1024w, https:\/\/pluskata.pl\/www\/wp-content\/uploads\/2022\/09\/Getria-glowa-768x512.jpg 768w, https:\/\/pluskata.pl\/www\/wp-content\/uploads\/2022\/09\/Getria-glowa-1536x1024.jpg 1536w, https:\/\/pluskata.pl\/www\/wp-content\/uploads\/2022\/09\/Getria-glowa-2048x1365.jpg 2048w, https:\/\/pluskata.pl\/www\/wp-content\/uploads\/2022\/09\/Getria-glowa-150x100.jpg 150w\" sizes=\"auto, (max-width: 300px) 100vw, 300px\" \/><\/a> <a href=\"https:\/\/pluskata.pl\/www\/pl\/rejsy-2022\/z-la-rochelle-do-bilbao-12-21-08-2022\/getaria-widok\/\"><img loading=\"lazy\" decoding=\"async\" class=\"alignnone wp-image-2541 size-medium\" src=\"https:\/\/pluskata.pl\/www\/wp-content\/uploads\/2022\/09\/Getaria-widok-300x200.jpg\" alt=\"Getaria widok\" width=\"300\" height=\"200\" srcset=\"https:\/\/pluskata.pl\/www\/wp-content\/uploads\/2022\/09\/Getaria-widok-300x200.jpg 300w, https:\/\/pluskata.pl\/www\/wp-content\/uploads\/2022\/09\/Getaria-widok-1024x682.jpg 1024w, https:\/\/pluskata.pl\/www\/wp-content\/uploads\/2022\/09\/Getaria-widok-768x512.jpg 768w, https:\/\/pluskata.pl\/www\/wp-content\/uploads\/2022\/09\/Getaria-widok-1536x1023.jpg 1536w, https:\/\/pluskata.pl\/www\/wp-content\/uploads\/2022\/09\/Getaria-widok-2048x1365.jpg 2048w, https:\/\/pluskata.pl\/www\/wp-content\/uploads\/2022\/09\/Getaria-widok-150x100.jpg 150w\" sizes=\"auto, (max-width: 300px) 100vw, 300px\" \/><\/a> <a href=\"https:\/\/pluskata.pl\/www\/pl\/rejsy-2022\/z-la-rochelle-do-bilbao-12-21-08-2022\/getaria-slonce\/\"><img loading=\"lazy\" decoding=\"async\" class=\"alignnone wp-image-2542 size-medium\" src=\"https:\/\/pluskata.pl\/www\/wp-content\/uploads\/2022\/09\/Getaria-slonce-300x200.jpg\" alt=\"Getaria s\u0142o\u0144ce\" width=\"300\" height=\"200\" srcset=\"https:\/\/pluskata.pl\/www\/wp-content\/uploads\/2022\/09\/Getaria-slonce-300x200.jpg 300w, https:\/\/pluskata.pl\/www\/wp-content\/uploads\/2022\/09\/Getaria-slonce-1024x682.jpg 1024w, https:\/\/pluskata.pl\/www\/wp-content\/uploads\/2022\/09\/Getaria-slonce-768x512.jpg 768w, https:\/\/pluskata.pl\/www\/wp-content\/uploads\/2022\/09\/Getaria-slonce-1536x1023.jpg 1536w, https:\/\/pluskata.pl\/www\/wp-content\/uploads\/2022\/09\/Getaria-slonce-2048x1364.jpg 2048w, https:\/\/pluskata.pl\/www\/wp-content\/uploads\/2022\/09\/Getaria-slonce-150x100.jpg 150w\" sizes=\"auto, (max-width: 300px) 100vw, 300px\" \/><\/a> <a href=\"https:\/\/pluskata.pl\/www\/pl\/rejsy-2022\/z-la-rochelle-do-bilbao-12-21-08-2022\/getaria-latarnia\/\"><img loading=\"lazy\" decoding=\"async\" class=\"alignnone wp-image-2543 size-medium\" src=\"https:\/\/pluskata.pl\/www\/wp-content\/uploads\/2022\/09\/Getaria-latarnia-300x200.jpg\" alt=\"Getaria latarnia\" width=\"300\" height=\"200\" srcset=\"https:\/\/pluskata.pl\/www\/wp-content\/uploads\/2022\/09\/Getaria-latarnia-300x200.jpg 300w, https:\/\/pluskata.pl\/www\/wp-content\/uploads\/2022\/09\/Getaria-latarnia-1024x682.jpg 1024w, https:\/\/pluskata.pl\/www\/wp-content\/uploads\/2022\/09\/Getaria-latarnia-768x512.jpg 768w\" sizes=\"auto, (max-width: 300px) 100vw, 300px\" \/><\/a> <a href=\"https:\/\/pluskata.pl\/www\/pl\/rejsy-2022\/z-la-rochelle-do-bilbao-12-21-08-2022\/getaria-rzezby\/\"><img loading=\"lazy\" decoding=\"async\" class=\"alignnone wp-image-2544 size-medium\" src=\"https:\/\/pluskata.pl\/www\/wp-content\/uploads\/2022\/09\/Getaria-rzezby-300x200.jpg\" alt=\"Getaria rzezby\" width=\"300\" height=\"200\" srcset=\"https:\/\/pluskata.pl\/www\/wp-content\/uploads\/2022\/09\/Getaria-rzezby-300x200.jpg 300w, https:\/\/pluskata.pl\/www\/wp-content\/uploads\/2022\/09\/Getaria-rzezby-1024x683.jpg 1024w, https:\/\/pluskata.pl\/www\/wp-content\/uploads\/2022\/09\/Getaria-rzezby-768x512.jpg 768w, https:\/\/pluskata.pl\/www\/wp-content\/uploads\/2022\/09\/Getaria-rzezby-1536x1025.jpg 1536w, https:\/\/pluskata.pl\/www\/wp-content\/uploads\/2022\/09\/Getaria-rzezby-2048x1367.jpg 2048w, https:\/\/pluskata.pl\/www\/wp-content\/uploads\/2022\/09\/Getaria-rzezby-150x100.jpg 150w\" sizes=\"auto, (max-width: 300px) 100vw, 300px\" \/><\/a><\/p>\n<p><strong>19-08-2022 pi\u0105tek do Bilbao<\/strong><br \/>\nWychodzimy rano, jak tylko si\u0119 rozwidnia. Mamy do przep\u0142yni\u0119cia ok 50Mm. Wieje s\u0142abo, wi\u0119c g\u0142\u00f3wnie p\u0142yniemy na silniku. Ju\u017c wcze\u015bniej wybrali\u015bmy marin\u0119 w Bilbao \u2013 najbli\u017cej miasta marin\u0119 klubow\u0105 Real Club Maritimo Del Abra.<\/p>\n<p><a href=\"https:\/\/pluskata.pl\/www\/pl\/rejsy-2022\/z-la-rochelle-do-bilbao-12-21-08-2022\/skala-z-latarnia\/\"><img loading=\"lazy\" decoding=\"async\" class=\"alignnone wp-image-2545 size-medium\" src=\"https:\/\/pluskata.pl\/www\/wp-content\/uploads\/2022\/09\/Skala-z-latarnia-300x200.jpg\" alt=\"Skala z latarnia\" width=\"300\" height=\"200\" srcset=\"https:\/\/pluskata.pl\/www\/wp-content\/uploads\/2022\/09\/Skala-z-latarnia-300x200.jpg 300w, https:\/\/pluskata.pl\/www\/wp-content\/uploads\/2022\/09\/Skala-z-latarnia-1024x682.jpg 1024w, https:\/\/pluskata.pl\/www\/wp-content\/uploads\/2022\/09\/Skala-z-latarnia-768x512.jpg 768w, https:\/\/pluskata.pl\/www\/wp-content\/uploads\/2022\/09\/Skala-z-latarnia-1536x1023.jpg 1536w, https:\/\/pluskata.pl\/www\/wp-content\/uploads\/2022\/09\/Skala-z-latarnia-2048x1364.jpg 2048w, https:\/\/pluskata.pl\/www\/wp-content\/uploads\/2022\/09\/Skala-z-latarnia-150x100.jpg 150w\" sizes=\"auto, (max-width: 300px) 100vw, 300px\" \/><\/a> <a href=\"https:\/\/pluskata.pl\/www\/pl\/rejsy-2022\/z-la-rochelle-do-bilbao-12-21-08-2022\/geopark\/\"><img loading=\"lazy\" decoding=\"async\" class=\"alignnone wp-image-2546 size-medium\" src=\"https:\/\/pluskata.pl\/www\/wp-content\/uploads\/2022\/09\/Geopark-300x200.jpg\" alt=\"Geopark\" width=\"300\" height=\"200\" srcset=\"https:\/\/pluskata.pl\/www\/wp-content\/uploads\/2022\/09\/Geopark-300x200.jpg 300w, https:\/\/pluskata.pl\/www\/wp-content\/uploads\/2022\/09\/Geopark-1024x683.jpg 1024w, https:\/\/pluskata.pl\/www\/wp-content\/uploads\/2022\/09\/Geopark-768x512.jpg 768w, https:\/\/pluskata.pl\/www\/wp-content\/uploads\/2022\/09\/Geopark-1536x1025.jpg 1536w, https:\/\/pluskata.pl\/www\/wp-content\/uploads\/2022\/09\/Geopark-2048x1366.jpg 2048w, https:\/\/pluskata.pl\/www\/wp-content\/uploads\/2022\/09\/Geopark-150x100.jpg 150w\" sizes=\"auto, (max-width: 300px) 100vw, 300px\" \/><\/a> <a href=\"https:\/\/pluskata.pl\/www\/pl\/rejsy-2022\/z-la-rochelle-do-bilbao-12-21-08-2022\/klify-3\/\"><img loading=\"lazy\" decoding=\"async\" class=\"alignnone wp-image-2547 size-medium\" src=\"https:\/\/pluskata.pl\/www\/wp-content\/uploads\/2022\/09\/Klify-300x200.jpg\" alt=\"Klify\" width=\"300\" height=\"200\" srcset=\"https:\/\/pluskata.pl\/www\/wp-content\/uploads\/2022\/09\/Klify-300x200.jpg 300w, https:\/\/pluskata.pl\/www\/wp-content\/uploads\/2022\/09\/Klify-1024x682.jpg 1024w, https:\/\/pluskata.pl\/www\/wp-content\/uploads\/2022\/09\/Klify-768x512.jpg 768w, https:\/\/pluskata.pl\/www\/wp-content\/uploads\/2022\/09\/Klify-1536x1023.jpg 1536w, https:\/\/pluskata.pl\/www\/wp-content\/uploads\/2022\/09\/Klify-2048x1364.jpg 2048w, https:\/\/pluskata.pl\/www\/wp-content\/uploads\/2022\/09\/Klify-150x100.jpg 150w\" sizes=\"auto, (max-width: 300px) 100vw, 300px\" \/><\/a> <a href=\"https:\/\/pluskata.pl\/www\/pl\/rejsy-2022\/z-la-rochelle-do-bilbao-12-21-08-2022\/rybak\/\"><img loading=\"lazy\" decoding=\"async\" class=\"alignnone wp-image-2548 size-medium\" src=\"https:\/\/pluskata.pl\/www\/wp-content\/uploads\/2022\/09\/Rybak-300x200.jpg\" alt=\"Rybak\" width=\"300\" height=\"200\" srcset=\"https:\/\/pluskata.pl\/www\/wp-content\/uploads\/2022\/09\/Rybak-300x200.jpg 300w, https:\/\/pluskata.pl\/www\/wp-content\/uploads\/2022\/09\/Rybak-1024x682.jpg 1024w, https:\/\/pluskata.pl\/www\/wp-content\/uploads\/2022\/09\/Rybak-768x512.jpg 768w, https:\/\/pluskata.pl\/www\/wp-content\/uploads\/2022\/09\/Rybak-1536x1023.jpg 1536w, https:\/\/pluskata.pl\/www\/wp-content\/uploads\/2022\/09\/Rybak-2048x1364.jpg 2048w, https:\/\/pluskata.pl\/www\/wp-content\/uploads\/2022\/09\/Rybak-150x100.jpg 150w\" sizes=\"auto, (max-width: 300px) 100vw, 300px\" \/><\/a> <a href=\"https:\/\/pluskata.pl\/www\/pl\/rejsy-2022\/z-la-rochelle-do-bilbao-12-21-08-2022\/bilbao-klif\/\"><img loading=\"lazy\" decoding=\"async\" class=\"alignnone wp-image-2549 size-medium\" src=\"https:\/\/pluskata.pl\/www\/wp-content\/uploads\/2022\/09\/Bilbao-klif-300x200.jpg\" alt=\"Bilbao klif\" width=\"300\" height=\"200\" srcset=\"https:\/\/pluskata.pl\/www\/wp-content\/uploads\/2022\/09\/Bilbao-klif-300x200.jpg 300w, https:\/\/pluskata.pl\/www\/wp-content\/uploads\/2022\/09\/Bilbao-klif-1024x683.jpg 1024w, https:\/\/pluskata.pl\/www\/wp-content\/uploads\/2022\/09\/Bilbao-klif-768x512.jpg 768w, https:\/\/pluskata.pl\/www\/wp-content\/uploads\/2022\/09\/Bilbao-klif-150x100.jpg 150w, https:\/\/pluskata.pl\/www\/wp-content\/uploads\/2022\/09\/Bilbao-klif.jpg 1528w\" sizes=\"auto, (max-width: 300px) 100vw, 300px\" \/><\/a><\/p>\n<p>Stajemy najpierw przy czerwonym pomo\u015bcie przy samym wej\u015bciu a ja id\u0119 do biura . Przemi\u0142y pan pokazuje nam miejsce do cumowania an ostatnim pomo\u015bcie, ale za to cisza i spok\u00f3j. W cenie wszystko. Prysznice s\u0105 klubowe i nawet jest basen, chocia\u017c nie wiem czy nie tylko dla cz\u0142onk\u00f3w klubu.<\/p>\n<p><strong>20-08-2022 sobota Bilbao<\/strong><br \/>\nOd rana pracujemy dla jachtu. Tomek opr\u00f3\u017cnia bakist\u0119 rufow\u0105 a ja szoruj\u0119 pok\u0142ad. Po opr\u00f3\u017cnieniu bakisty Tomek p\u0142ucze wyj\u0119te rzeczy, montuje prysznic rufowy, a ja robi\u0119 porz\u0105dek z pojemnikami z chemi\u0105.<\/p>\n<p><a href=\"https:\/\/pluskata.pl\/www\/pl\/rejsy-2022\/z-la-rochelle-do-bilbao-12-21-08-2022\/porzadki\/\"><img loading=\"lazy\" decoding=\"async\" class=\"alignnone wp-image-2552 size-medium\" src=\"https:\/\/pluskata.pl\/www\/wp-content\/uploads\/2022\/09\/Porzadki-300x200.jpg\" alt=\"Porz\u0105dki\" width=\"300\" height=\"200\" srcset=\"https:\/\/pluskata.pl\/www\/wp-content\/uploads\/2022\/09\/Porzadki-300x200.jpg 300w, https:\/\/pluskata.pl\/www\/wp-content\/uploads\/2022\/09\/Porzadki-1024x683.jpg 1024w, https:\/\/pluskata.pl\/www\/wp-content\/uploads\/2022\/09\/Porzadki-768x512.jpg 768w, https:\/\/pluskata.pl\/www\/wp-content\/uploads\/2022\/09\/Porzadki-1536x1024.jpg 1536w, https:\/\/pluskata.pl\/www\/wp-content\/uploads\/2022\/09\/Porzadki-2048x1365.jpg 2048w, https:\/\/pluskata.pl\/www\/wp-content\/uploads\/2022\/09\/Porzadki-150x100.jpg 150w\" sizes=\"auto, (max-width: 300px) 100vw, 300px\" \/><\/a><\/p>\n<p>Ten najwi\u0119kszy jest p\u0119kni\u0119ty, wi\u0119c go wyrzucamy. Marina w Bilbao bardzo sympatyczna, zamkni\u0119ty teren z basenem, sklepami \u017ceglarskimi, wieczorem chodzi ochroniarz i sprawdza jachty, na kei w\u00f3zki jachtowe (du\u017co), sympatyczne \u0142azienki z prysznicami.<\/p>\n","protected":false},"excerpt":{"rendered":"<p>Trasa: La Rochelle &#8211; Royan &#8211; Capberton &#8211; Anglet &#8211; Getaria &#8211; Bilbao Termin: 12-21.08.2022 Mile \/ godziny: 303Mm\/57h 13-08-2022 sobota do Royan Wstajemy o 6 rano, pijemy kaw\u0119 i przestawiamy si\u0119 do pomostu \u201epaliwowego\u201d, \u017ceby zatankowa\u0107 wod\u0119 \u2013 to jedno z dw\u00f3ch miejsc gdzie mo\u017cemy to zrobi\u0107 \u2013 na\u2026<\/p>\n<p class=\"continue-reading-button\"> <a class=\"continue-reading-link\" href=\"https:\/\/pluskata.pl\/www\/pl\/rejsy-2022\/z-la-rochelle-do-bilbao-12-21-08-2022\/\">Czytaj dalej\/Continue reading<i class=\"crycon-right-dir\"><\/i><\/a><\/p>\n","protected":false},"author":1,"featured_media":2492,"parent":1605,"menu_order":14,"comment_status":"closed","ping_status":"closed","template":"","meta":{"footnotes":""},"class_list":["post-2488","page","type-page","status-publish","has-post-thumbnail","hentry"],"yoast_head":"<!-- This site is optimized with the Yoast SEO plugin v27.5 - https:\/\/yoast.com\/product\/yoast-seo-wordpress\/ -->\n<title>Z La Rochelle do Bilbao 12-21.08.2022 - Podr\u00f3\u017ce jachtem po \u015bwiecie<\/title>\n<meta name=\"robots\" content=\"index, follow, max-snippet:-1, max-image-preview:large, max-video-preview:-1\" \/>\n<link rel=\"canonical\" href=\"https:\/\/pluskata.pl\/www\/pl\/rejsy-2022\/z-la-rochelle-do-bilbao-12-21-08-2022\/\" \/>\n<meta property=\"og:locale\" content=\"pl_PL\" \/>\n<meta property=\"og:type\" content=\"article\" \/>\n<meta property=\"og:title\" content=\"Z La Rochelle do Bilbao 12-21.08.2022 - Podr\u00f3\u017ce jachtem po \u015bwiecie\" \/>\n<meta property=\"og:description\" content=\"Trasa: La Rochelle &#8211; Royan &#8211; Capberton &#8211; Anglet &#8211; Getaria &#8211; Bilbao Termin: 12-21.08.2022 Mile \/ godziny: 303Mm\/57h 13-08-2022 sobota do Royan Wstajemy o 6 rano, pijemy kaw\u0119 i przestawiamy si\u0119 do pomostu \u201epaliwowego\u201d, \u017ceby zatankowa\u0107 wod\u0119 \u2013 to jedno z dw\u00f3ch miejsc gdzie mo\u017cemy to zrobi\u0107 \u2013 na\u2026 Czytaj dalej\/Continue reading\" \/>\n<meta property=\"og:url\" content=\"https:\/\/pluskata.pl\/www\/pl\/rejsy-2022\/z-la-rochelle-do-bilbao-12-21-08-2022\/\" \/>\n<meta property=\"og:site_name\" content=\"Podr\u00f3\u017ce jachtem po \u015bwiecie\" \/>\n<meta property=\"article:publisher\" content=\"https:\/\/www.facebook.com\/pluskata\" \/>\n<meta property=\"article:modified_time\" content=\"2022-09-08T10:42:19+00:00\" \/>\n<meta property=\"og:image\" content=\"https:\/\/pluskata.pl\/www\/wp-content\/uploads\/2022\/08\/La-Rochelle-Bilbao.jpg\" \/>\n\t<meta property=\"og:image:width\" content=\"1920\" \/>\n\t<meta property=\"og:image:height\" content=\"1474\" \/>\n\t<meta property=\"og:image:type\" content=\"image\/jpeg\" \/>\n<meta name=\"twitter:card\" content=\"summary_large_image\" \/>\n<meta name=\"twitter:label1\" content=\"Szacowany czas czytania\" \/>\n\t<meta name=\"twitter:data1\" content=\"4 minuty\" \/>\n<script type=\"application\/ld+json\" class=\"yoast-schema-graph\">{\"@context\":\"https:\\\/\\\/schema.org\",\"@graph\":[{\"@type\":\"WebPage\",\"@id\":\"https:\\\/\\\/pluskata.pl\\\/www\\\/pl\\\/rejsy-2022\\\/z-la-rochelle-do-bilbao-12-21-08-2022\\\/\",\"url\":\"https:\\\/\\\/pluskata.pl\\\/www\\\/pl\\\/rejsy-2022\\\/z-la-rochelle-do-bilbao-12-21-08-2022\\\/\",\"name\":\"Z La Rochelle do Bilbao 12-21.08.2022 - Podr\u00f3\u017ce jachtem po \u015bwiecie\",\"isPartOf\":{\"@id\":\"https:\\\/\\\/pluskata.pl\\\/www\\\/#website\"},\"primaryImageOfPage\":{\"@id\":\"https:\\\/\\\/pluskata.pl\\\/www\\\/pl\\\/rejsy-2022\\\/z-la-rochelle-do-bilbao-12-21-08-2022\\\/#primaryimage\"},\"image\":{\"@id\":\"https:\\\/\\\/pluskata.pl\\\/www\\\/pl\\\/rejsy-2022\\\/z-la-rochelle-do-bilbao-12-21-08-2022\\\/#primaryimage\"},\"thumbnailUrl\":\"https:\\\/\\\/pluskata.pl\\\/www\\\/wp-content\\\/uploads\\\/2022\\\/08\\\/La-Rochelle-Bilbao.jpg\",\"datePublished\":\"2022-08-24T07:58:57+00:00\",\"dateModified\":\"2022-09-08T10:42:19+00:00\",\"breadcrumb\":{\"@id\":\"https:\\\/\\\/pluskata.pl\\\/www\\\/pl\\\/rejsy-2022\\\/z-la-rochelle-do-bilbao-12-21-08-2022\\\/#breadcrumb\"},\"inLanguage\":\"pl-PL\",\"potentialAction\":[{\"@type\":\"ReadAction\",\"target\":[\"https:\\\/\\\/pluskata.pl\\\/www\\\/pl\\\/rejsy-2022\\\/z-la-rochelle-do-bilbao-12-21-08-2022\\\/\"]}]},{\"@type\":\"ImageObject\",\"inLanguage\":\"pl-PL\",\"@id\":\"https:\\\/\\\/pluskata.pl\\\/www\\\/pl\\\/rejsy-2022\\\/z-la-rochelle-do-bilbao-12-21-08-2022\\\/#primaryimage\",\"url\":\"https:\\\/\\\/pluskata.pl\\\/www\\\/wp-content\\\/uploads\\\/2022\\\/08\\\/La-Rochelle-Bilbao.jpg\",\"contentUrl\":\"https:\\\/\\\/pluskata.pl\\\/www\\\/wp-content\\\/uploads\\\/2022\\\/08\\\/La-Rochelle-Bilbao.jpg\",\"width\":1920,\"height\":1474},{\"@type\":\"BreadcrumbList\",\"@id\":\"https:\\\/\\\/pluskata.pl\\\/www\\\/pl\\\/rejsy-2022\\\/z-la-rochelle-do-bilbao-12-21-08-2022\\\/#breadcrumb\",\"itemListElement\":[{\"@type\":\"ListItem\",\"position\":1,\"name\":\"Strona g\u0142\u00f3wna\",\"item\":\"https:\\\/\\\/pluskata.pl\\\/www\\\/pl\\\/aktualnosci\\\/\"},{\"@type\":\"ListItem\",\"position\":2,\"name\":\"Rejsy 2022\",\"item\":\"https:\\\/\\\/pluskata.pl\\\/www\\\/pl\\\/rejsy-2022\\\/\"},{\"@type\":\"ListItem\",\"position\":3,\"name\":\"Z La Rochelle do Bilbao 12-21.08.2022\"}]},{\"@type\":\"WebSite\",\"@id\":\"https:\\\/\\\/pluskata.pl\\\/www\\\/#website\",\"url\":\"https:\\\/\\\/pluskata.pl\\\/www\\\/\",\"name\":\"Podr\u00f3\u017ce jachtem po \u015bwiecie\",\"description\":\"Zapraszamy do wsp\u00f3lnego \u017ceglowania\",\"publisher\":{\"@id\":\"https:\\\/\\\/pluskata.pl\\\/www\\\/#\\\/schema\\\/person\\\/15daea66397efafeded8883b67482cc0\"},\"potentialAction\":[{\"@type\":\"SearchAction\",\"target\":{\"@type\":\"EntryPoint\",\"urlTemplate\":\"https:\\\/\\\/pluskata.pl\\\/www\\\/?s={search_term_string}\"},\"query-input\":{\"@type\":\"PropertyValueSpecification\",\"valueRequired\":true,\"valueName\":\"search_term_string\"}}],\"inLanguage\":\"pl-PL\"},{\"@type\":[\"Person\",\"Organization\"],\"@id\":\"https:\\\/\\\/pluskata.pl\\\/www\\\/#\\\/schema\\\/person\\\/15daea66397efafeded8883b67482cc0\",\"name\":\"Pluskata\",\"image\":{\"@type\":\"ImageObject\",\"inLanguage\":\"pl-PL\",\"@id\":\"https:\\\/\\\/pluskata.pl\\\/www\\\/wp-content\\\/uploads\\\/2020\\\/12\\\/cropped-Logo-Pluskata_512.png\",\"url\":\"https:\\\/\\\/pluskata.pl\\\/www\\\/wp-content\\\/uploads\\\/2020\\\/12\\\/cropped-Logo-Pluskata_512.png\",\"contentUrl\":\"https:\\\/\\\/pluskata.pl\\\/www\\\/wp-content\\\/uploads\\\/2020\\\/12\\\/cropped-Logo-Pluskata_512.png\",\"width\":512,\"height\":512,\"caption\":\"Pluskata\"},\"logo\":{\"@id\":\"https:\\\/\\\/pluskata.pl\\\/www\\\/wp-content\\\/uploads\\\/2020\\\/12\\\/cropped-Logo-Pluskata_512.png\"},\"sameAs\":[\"http:\\\/\\\/www.pluskata.pl\",\"https:\\\/\\\/www.facebook.com\\\/pluskata\"]}]}<\/script>\n<!-- \/ Yoast SEO plugin. -->","yoast_head_json":{"title":"Z La Rochelle do Bilbao 12-21.08.2022 - Podr\u00f3\u017ce jachtem po \u015bwiecie","robots":{"index":"index","follow":"follow","max-snippet":"max-snippet:-1","max-image-preview":"max-image-preview:large","max-video-preview":"max-video-preview:-1"},"canonical":"https:\/\/pluskata.pl\/www\/pl\/rejsy-2022\/z-la-rochelle-do-bilbao-12-21-08-2022\/","og_locale":"pl_PL","og_type":"article","og_title":"Z La Rochelle do Bilbao 12-21.08.2022 - Podr\u00f3\u017ce jachtem po \u015bwiecie","og_description":"Trasa: La Rochelle &#8211; Royan &#8211; Capberton &#8211; Anglet &#8211; Getaria &#8211; Bilbao Termin: 12-21.08.2022 Mile \/ godziny: 303Mm\/57h 13-08-2022 sobota do Royan Wstajemy o 6 rano, pijemy kaw\u0119 i przestawiamy si\u0119 do pomostu \u201epaliwowego\u201d, \u017ceby zatankowa\u0107 wod\u0119 \u2013 to jedno z dw\u00f3ch miejsc gdzie mo\u017cemy to zrobi\u0107 \u2013 na\u2026 Czytaj dalej\/Continue reading","og_url":"https:\/\/pluskata.pl\/www\/pl\/rejsy-2022\/z-la-rochelle-do-bilbao-12-21-08-2022\/","og_site_name":"Podr\u00f3\u017ce jachtem po \u015bwiecie","article_publisher":"https:\/\/www.facebook.com\/pluskata","article_modified_time":"2022-09-08T10:42:19+00:00","og_image":[{"width":1920,"height":1474,"url":"https:\/\/pluskata.pl\/www\/wp-content\/uploads\/2022\/08\/La-Rochelle-Bilbao.jpg","type":"image\/jpeg"}],"twitter_card":"summary_large_image","twitter_misc":{"Szacowany czas czytania":"4 minuty"},"schema":{"@context":"https:\/\/schema.org","@graph":[{"@type":"WebPage","@id":"https:\/\/pluskata.pl\/www\/pl\/rejsy-2022\/z-la-rochelle-do-bilbao-12-21-08-2022\/","url":"https:\/\/pluskata.pl\/www\/pl\/rejsy-2022\/z-la-rochelle-do-bilbao-12-21-08-2022\/","name":"Z La Rochelle do Bilbao 12-21.08.2022 - Podr\u00f3\u017ce jachtem po \u015bwiecie","isPartOf":{"@id":"https:\/\/pluskata.pl\/www\/#website"},"primaryImageOfPage":{"@id":"https:\/\/pluskata.pl\/www\/pl\/rejsy-2022\/z-la-rochelle-do-bilbao-12-21-08-2022\/#primaryimage"},"image":{"@id":"https:\/\/pluskata.pl\/www\/pl\/rejsy-2022\/z-la-rochelle-do-bilbao-12-21-08-2022\/#primaryimage"},"thumbnailUrl":"https:\/\/pluskata.pl\/www\/wp-content\/uploads\/2022\/08\/La-Rochelle-Bilbao.jpg","datePublished":"2022-08-24T07:58:57+00:00","dateModified":"2022-09-08T10:42:19+00:00","breadcrumb":{"@id":"https:\/\/pluskata.pl\/www\/pl\/rejsy-2022\/z-la-rochelle-do-bilbao-12-21-08-2022\/#breadcrumb"},"inLanguage":"pl-PL","potentialAction":[{"@type":"ReadAction","target":["https:\/\/pluskata.pl\/www\/pl\/rejsy-2022\/z-la-rochelle-do-bilbao-12-21-08-2022\/"]}]},{"@type":"ImageObject","inLanguage":"pl-PL","@id":"https:\/\/pluskata.pl\/www\/pl\/rejsy-2022\/z-la-rochelle-do-bilbao-12-21-08-2022\/#primaryimage","url":"https:\/\/pluskata.pl\/www\/wp-content\/uploads\/2022\/08\/La-Rochelle-Bilbao.jpg","contentUrl":"https:\/\/pluskata.pl\/www\/wp-content\/uploads\/2022\/08\/La-Rochelle-Bilbao.jpg","width":1920,"height":1474},{"@type":"BreadcrumbList","@id":"https:\/\/pluskata.pl\/www\/pl\/rejsy-2022\/z-la-rochelle-do-bilbao-12-21-08-2022\/#breadcrumb","itemListElement":[{"@type":"ListItem","position":1,"name":"Strona g\u0142\u00f3wna","item":"https:\/\/pluskata.pl\/www\/pl\/aktualnosci\/"},{"@type":"ListItem","position":2,"name":"Rejsy 2022","item":"https:\/\/pluskata.pl\/www\/pl\/rejsy-2022\/"},{"@type":"ListItem","position":3,"name":"Z La Rochelle do Bilbao 12-21.08.2022"}]},{"@type":"WebSite","@id":"https:\/\/pluskata.pl\/www\/#website","url":"https:\/\/pluskata.pl\/www\/","name":"Podr\u00f3\u017ce jachtem po \u015bwiecie","description":"Zapraszamy do wsp\u00f3lnego \u017ceglowania","publisher":{"@id":"https:\/\/pluskata.pl\/www\/#\/schema\/person\/15daea66397efafeded8883b67482cc0"},"potentialAction":[{"@type":"SearchAction","target":{"@type":"EntryPoint","urlTemplate":"https:\/\/pluskata.pl\/www\/?s={search_term_string}"},"query-input":{"@type":"PropertyValueSpecification","valueRequired":true,"valueName":"search_term_string"}}],"inLanguage":"pl-PL"},{"@type":["Person","Organization"],"@id":"https:\/\/pluskata.pl\/www\/#\/schema\/person\/15daea66397efafeded8883b67482cc0","name":"Pluskata","image":{"@type":"ImageObject","inLanguage":"pl-PL","@id":"https:\/\/pluskata.pl\/www\/wp-content\/uploads\/2020\/12\/cropped-Logo-Pluskata_512.png","url":"https:\/\/pluskata.pl\/www\/wp-content\/uploads\/2020\/12\/cropped-Logo-Pluskata_512.png","contentUrl":"https:\/\/pluskata.pl\/www\/wp-content\/uploads\/2020\/12\/cropped-Logo-Pluskata_512.png","width":512,"height":512,"caption":"Pluskata"},"logo":{"@id":"https:\/\/pluskata.pl\/www\/wp-content\/uploads\/2020\/12\/cropped-Logo-Pluskata_512.png"},"sameAs":["http:\/\/www.pluskata.pl","https:\/\/www.facebook.com\/pluskata"]}]}},"_links":{"self":[{"href":"https:\/\/pluskata.pl\/www\/wp-json\/wp\/v2\/pages\/2488","targetHints":{"allow":["GET"]}}],"collection":[{"href":"https:\/\/pluskata.pl\/www\/wp-json\/wp\/v2\/pages"}],"about":[{"href":"https:\/\/pluskata.pl\/www\/wp-json\/wp\/v2\/types\/page"}],"author":[{"embeddable":true,"href":"https:\/\/pluskata.pl\/www\/wp-json\/wp\/v2\/users\/1"}],"replies":[{"embeddable":true,"href":"https:\/\/pluskata.pl\/www\/wp-json\/wp\/v2\/comments?post=2488"}],"version-history":[{"count":0,"href":"https:\/\/pluskata.pl\/www\/wp-json\/wp\/v2\/pages\/2488\/revisions"}],"up":[{"embeddable":true,"href":"https:\/\/pluskata.pl\/www\/wp-json\/wp\/v2\/pages\/1605"}],"wp:featuredmedia":[{"embeddable":true,"href":"https:\/\/pluskata.pl\/www\/wp-json\/wp\/v2\/media\/2492"}],"wp:attachment":[{"href":"https:\/\/pluskata.pl\/www\/wp-json\/wp\/v2\/media?parent=2488"}],"curies":[{"name":"wp","href":"https:\/\/api.w.org\/{rel}","templated":true}]}}