{"id":2407,"date":"2022-08-07T19:42:30","date_gmt":"2022-08-07T17:42:30","guid":{"rendered":"https:\/\/pluskata.pl\/www\/?page_id=2407"},"modified":"2022-09-08T12:39:31","modified_gmt":"2022-09-08T10:39:31","slug":"z-brestu-do-la-rochelle-29-07-07-08-2022","status":"publish","type":"page","link":"https:\/\/pluskata.pl\/www\/pl\/rejsy-2022\/z-brestu-do-la-rochelle-29-07-07-08-2022\/","title":{"rendered":"Z Brestu do La Rochelle 29.07-07.08.2022"},"content":{"rendered":"<p><a href=\"https:\/\/pluskata.pl\/www\/pl\/brest-la-rochelle\/\"><img loading=\"lazy\" decoding=\"async\" class=\"alignnone wp-image-2415 size-medium\" src=\"https:\/\/pluskata.pl\/www\/wp-content\/uploads\/2022\/08\/Brest-La-Rochelle-300x231.jpg\" alt=\"Brest La Rochelle\" width=\"300\" height=\"231\" srcset=\"https:\/\/pluskata.pl\/www\/wp-content\/uploads\/2022\/08\/Brest-La-Rochelle-300x231.jpg 300w, https:\/\/pluskata.pl\/www\/wp-content\/uploads\/2022\/08\/Brest-La-Rochelle-1024x789.jpg 1024w, https:\/\/pluskata.pl\/www\/wp-content\/uploads\/2022\/08\/Brest-La-Rochelle-768x592.jpg 768w, https:\/\/pluskata.pl\/www\/wp-content\/uploads\/2022\/08\/Brest-La-Rochelle-150x116.jpg 150w, https:\/\/pluskata.pl\/www\/wp-content\/uploads\/2022\/08\/Brest-La-Rochelle.jpg 1078w\" sizes=\"auto, (max-width: 300px) 100vw, 300px\" \/><\/a><\/p>\n<p><strong><span lang=\"en-US\">Trasa:<\/span><\/strong><b> <\/b>Brest &#8211; Loctudy &#8211; Lorient &#8211; Pornichet &#8211; Joinville &#8211; La Rochelle<br \/>\n<strong><span lang=\"en-US\">Daty: <\/span><\/strong>29.07-07.08.2022<br \/>\n<strong><span lang=\"en-US\">Mile \/ godziny:<\/span><\/strong><b> <\/b><span lang=\"en-US\">301<\/span><span lang=\"en-US\">Mm\/<\/span><span lang=\"en-US\">64<\/span><span lang=\"en-US\">h<\/span><\/p>\n<p><strong>29-07-2022 pi\u0105tek Brest<\/strong><br \/>\nPrzyje\u017cd\u017ca nowa za\u0142oga. Wsp\u00f3lnie uzgadniamy list\u0119 zakupow\u0105, bierzemy dwa w\u00f3zki i jedziemy tramwajem po zakupy. Niestety w tramwaju nie da si\u0119 kupi\u0107 bilet\u00f3w innych ni\u017c jednoprzejazdowe. Wysiadamy na nast\u0119pnym przystanku i pr\u00f3bujemy kupi\u0107 bilet grupowy, niestety nie ma go na li\u015bcie bilet\u00f3w, wi\u0119c kupujemy jednorazowe. Wysiadamy przy du\u017cym Carrefourze. Zakupy zajmuj\u0105 nam ok 2,5 godziny. W wyniku czego mamy pe\u0142ne oba w\u00f3zki (jeden na wod\u0119 a drugi na reszt\u0119 rzeczy) i jeszcze pe\u0142n\u0105 torb\u0119 pieczywa. Wracamy do portu, rozpakowujemy zakupy idziemy na obiad do pobliskiej knajpy. Po obiedzie Wiktoria z Adrianem id\u0105 zwiedza\u0107 miasto, a my wracamy na jacht. Wieczorem jeszcze szkolenie bezpiecze\u0144stwa i idziemy spa\u0107.<\/p>\n<p><strong>30-07-2022 sobota Loctudy<\/strong><br \/>\nRano \u015bniadanie o 6:45 a o 7:55 wyp\u0142ywamy. Przez zatok\u0119 p\u0142yniemy na silniku, bo wiatru jako\u015b ma\u0142o i to prosto z dziobu. Po wyp\u0142yni\u0119ciu z zatoki zmieniamy kurs i stawiamy \u017cagle. Wsz\u0119dzie jest pe\u0142no delfin\u00f3w i nurkuj\u0105cych po ryby mew. Pogoda jest raczej pochmurna ok 19\u00baC. Mijamy malownicze ska\u0142y i do Loctudy po przep\u0142yni\u0119ciu ok 65 Mm wchodzimy o 21:30. Cumujemy przy kei go\u015bcinnej longside. Pomost ma literki PL \u2013 jakby by\u0142 specjalnie dla nas. Biuro mariny jest ju\u017c nieczynne, ale od pana w barze dostajemy kod do prysznicy. Jeszcze p\u00f3ki jest jasno idziemy na spacer po mie\u015bcie. Miasteczko nie jest du\u017ce ale bardzo malownicze. Po spacerze ju\u017c po ciemku wracamy na jacht, k\u0105piemy si\u0119 i idziemy spa\u0107.<\/p>\n<p><strong>31-07-2022 niedziela do Lorient<\/strong><br \/>\nRano p\u0142acimy za marin\u0119 \u2013 jest wyj\u0105tkowo droga jak na taki ma\u0142y port. Wychodzimy o 9:30.<br \/>\nPierwsz\u0105 godzin\u0119 p\u0142yniemy na silniku, a potem stawiamy \u017cagle. Wieje 10kn, p\u0142yniemy baksztagiem, a ko\u0142o nas co chwil\u0119 przep\u0142ywaj\u0105 delfiny. Do mariny Kernevel w Lorient wchodzimy ok 17. Ogarniamy jacht i idziemy na spacer po mie\u015bcie. Po drodze kupujemy lody, ale nie maj\u0105 fio\u0142kowych. Wracamy wzd\u0142u\u017c pla\u017cy.<\/p>\n<p><strong>1-08-2022 poniedzia\u0142ek Lorient<\/strong><br \/>\nRano \u015bniadanie ale nie o \u015bwicie. Potem idziemy do przystanku, \u017ceby podjecha\u0107 do gara\u017cy \u0142odzi podwodnych, ale przystanek zosta\u0142 przeniesiony, wi\u0119c idziemy piechot\u0105. Dochodzimy do centrum Erica Taberlego. Kupujemy bilety na zwiedzanie interaktywnego muzeum \u017cagl\u00f3wek (r\u00f3\u017cne gry, modele zdalnie sterowane, w\u0119ze\u0142ki) a potem idziemy zwiedza\u0107 bunkier K3 dla \u0142odzi podwodnych. Niestety mo\u017cna zwiedza\u0107 tylko z przewodnikiem, a przewodnik m\u00f3wi po francusku wi\u0119c niewiele rozumiemy. Ca\u0142o\u015b\u0107 trwa 1,5 godziny. My\u015bl\u0119, \u017ce gdybym zna\u0142a francuski, to dowiedzia\u0142abym si\u0119 wielu ciekawych rzeczy.<\/p>\n<p><a href=\"https:\/\/pluskata.pl\/www\/pl\/rejsy-2022\/z-brestu-do-la-rochelle-29-07-07-08-2022\/tomek-na-plazy\/\"><img loading=\"lazy\" decoding=\"async\" class=\"alignnone wp-image-2424 size-medium\" src=\"https:\/\/pluskata.pl\/www\/wp-content\/uploads\/2022\/08\/Tomek-na-plazy-300x200.jpg\" alt=\"\" width=\"300\" height=\"200\" srcset=\"https:\/\/pluskata.pl\/www\/wp-content\/uploads\/2022\/08\/Tomek-na-plazy-300x200.jpg 300w, https:\/\/pluskata.pl\/www\/wp-content\/uploads\/2022\/08\/Tomek-na-plazy-1024x682.jpg 1024w, https:\/\/pluskata.pl\/www\/wp-content\/uploads\/2022\/08\/Tomek-na-plazy-768x511.jpg 768w, https:\/\/pluskata.pl\/www\/wp-content\/uploads\/2022\/08\/Tomek-na-plazy-1536x1023.jpg 1536w, https:\/\/pluskata.pl\/www\/wp-content\/uploads\/2022\/08\/Tomek-na-plazy-2048x1364.jpg 2048w, https:\/\/pluskata.pl\/www\/wp-content\/uploads\/2022\/08\/Tomek-na-plazy-150x100.jpg 150w\" sizes=\"auto, (max-width: 300px) 100vw, 300px\" \/><\/a> <a href=\"https:\/\/pluskata.pl\/www\/pl\/rejsy-2022\/z-brestu-do-la-rochelle-29-07-07-08-2022\/lorient-twierdza\/\"><img loading=\"lazy\" decoding=\"async\" class=\"alignnone wp-image-2425 size-medium\" src=\"https:\/\/pluskata.pl\/www\/wp-content\/uploads\/2022\/08\/Lorient-twierdza-300x196.jpg\" alt=\"Lorient twierdza\" width=\"300\" height=\"196\" srcset=\"https:\/\/pluskata.pl\/www\/wp-content\/uploads\/2022\/08\/Lorient-twierdza-300x196.jpg 300w, https:\/\/pluskata.pl\/www\/wp-content\/uploads\/2022\/08\/Lorient-twierdza-1024x668.jpg 1024w, https:\/\/pluskata.pl\/www\/wp-content\/uploads\/2022\/08\/Lorient-twierdza-768x501.jpg 768w, https:\/\/pluskata.pl\/www\/wp-content\/uploads\/2022\/08\/Lorient-twierdza-1536x1002.jpg 1536w, https:\/\/pluskata.pl\/www\/wp-content\/uploads\/2022\/08\/Lorient-twierdza-2048x1335.jpg 2048w, https:\/\/pluskata.pl\/www\/wp-content\/uploads\/2022\/08\/Lorient-twierdza-150x98.jpg 150w\" sizes=\"auto, (max-width: 300px) 100vw, 300px\" \/><\/a> <a href=\"https:\/\/pluskata.pl\/www\/pl\/rejsy-2022\/z-brestu-do-la-rochelle-29-07-07-08-2022\/lorient-bunkier\/\"><img loading=\"lazy\" decoding=\"async\" class=\"alignnone wp-image-2426 size-medium\" src=\"https:\/\/pluskata.pl\/www\/wp-content\/uploads\/2022\/08\/Lorient-bunkier-300x200.jpg\" alt=\"Lorient bunkier\" width=\"300\" height=\"200\" srcset=\"https:\/\/pluskata.pl\/www\/wp-content\/uploads\/2022\/08\/Lorient-bunkier-300x200.jpg 300w, https:\/\/pluskata.pl\/www\/wp-content\/uploads\/2022\/08\/Lorient-bunkier-1024x683.jpg 1024w, https:\/\/pluskata.pl\/www\/wp-content\/uploads\/2022\/08\/Lorient-bunkier-768x512.jpg 768w, https:\/\/pluskata.pl\/www\/wp-content\/uploads\/2022\/08\/Lorient-bunkier-1536x1024.jpg 1536w, https:\/\/pluskata.pl\/www\/wp-content\/uploads\/2022\/08\/Lorient-bunkier-2048x1366.jpg 2048w, https:\/\/pluskata.pl\/www\/wp-content\/uploads\/2022\/08\/Lorient-bunkier-150x100.jpg 150w\" sizes=\"auto, (max-width: 300px) 100vw, 300px\" \/><\/a> <a href=\"https:\/\/pluskata.pl\/www\/pl\/rejsy-2022\/z-brestu-do-la-rochelle-29-07-07-08-2022\/lorient-pomnik\/\"><img loading=\"lazy\" decoding=\"async\" class=\"alignnone wp-image-2427 size-medium\" src=\"https:\/\/pluskata.pl\/www\/wp-content\/uploads\/2022\/08\/Lorient-pomnik-300x200.jpg\" alt=\"Lorient pomnik\" width=\"300\" height=\"200\" srcset=\"https:\/\/pluskata.pl\/www\/wp-content\/uploads\/2022\/08\/Lorient-pomnik-300x200.jpg 300w, https:\/\/pluskata.pl\/www\/wp-content\/uploads\/2022\/08\/Lorient-pomnik-1024x682.jpg 1024w\" sizes=\"auto, (max-width: 300px) 100vw, 300px\" \/><\/a> <a href=\"https:\/\/pluskata.pl\/www\/pl\/rejsy-2022\/z-brestu-do-la-rochelle-29-07-07-08-2022\/lorient-ulica\/\"><img loading=\"lazy\" decoding=\"async\" class=\"alignnone wp-image-2428 size-medium\" src=\"https:\/\/pluskata.pl\/www\/wp-content\/uploads\/2022\/08\/Lorient-ulica-300x200.jpg\" alt=\"Lorient ulica\" width=\"300\" height=\"200\" srcset=\"https:\/\/pluskata.pl\/www\/wp-content\/uploads\/2022\/08\/Lorient-ulica-300x200.jpg 300w, https:\/\/pluskata.pl\/www\/wp-content\/uploads\/2022\/08\/Lorient-ulica-1024x683.jpg 1024w, https:\/\/pluskata.pl\/www\/wp-content\/uploads\/2022\/08\/Lorient-ulica-768x512.jpg 768w, https:\/\/pluskata.pl\/www\/wp-content\/uploads\/2022\/08\/Lorient-ulica-1536x1024.jpg 1536w, https:\/\/pluskata.pl\/www\/wp-content\/uploads\/2022\/08\/Lorient-ulica-2048x1366.jpg 2048w, https:\/\/pluskata.pl\/www\/wp-content\/uploads\/2022\/08\/Lorient-ulica-150x100.jpg 150w\" sizes=\"auto, (max-width: 300px) 100vw, 300px\" \/><\/a> <a href=\"https:\/\/pluskata.pl\/www\/pl\/rejsy-2022\/z-brestu-do-la-rochelle-29-07-07-08-2022\/lorient-port\/\"><img loading=\"lazy\" decoding=\"async\" class=\"alignnone wp-image-2429 size-medium\" src=\"https:\/\/pluskata.pl\/www\/wp-content\/uploads\/2022\/08\/Lorient-port-300x200.jpg\" alt=\"Lorient port\" width=\"300\" height=\"200\" srcset=\"https:\/\/pluskata.pl\/www\/wp-content\/uploads\/2022\/08\/Lorient-port-300x200.jpg 300w, https:\/\/pluskata.pl\/www\/wp-content\/uploads\/2022\/08\/Lorient-port-1024x682.jpg 1024w, https:\/\/pluskata.pl\/www\/wp-content\/uploads\/2022\/08\/Lorient-port-768x512.jpg 768w, https:\/\/pluskata.pl\/www\/wp-content\/uploads\/2022\/08\/Lorient-port-1536x1024.jpg 1536w, https:\/\/pluskata.pl\/www\/wp-content\/uploads\/2022\/08\/Lorient-port-2048x1365.jpg 2048w, https:\/\/pluskata.pl\/www\/wp-content\/uploads\/2022\/08\/Lorient-port-150x100.jpg 150w\" sizes=\"auto, (max-width: 300px) 100vw, 300px\" \/><\/a> <a href=\"https:\/\/pluskata.pl\/www\/pl\/rejsy-2022\/z-brestu-do-la-rochelle-29-07-07-08-2022\/lorient-garaz\/\"><img loading=\"lazy\" decoding=\"async\" class=\"alignnone wp-image-2430 size-medium\" src=\"https:\/\/pluskata.pl\/www\/wp-content\/uploads\/2022\/08\/Lorient-garaz-300x200.jpg\" alt=\"Lorient garaz\" width=\"300\" height=\"200\" srcset=\"https:\/\/pluskata.pl\/www\/wp-content\/uploads\/2022\/08\/Lorient-garaz-300x200.jpg 300w, https:\/\/pluskata.pl\/www\/wp-content\/uploads\/2022\/08\/Lorient-garaz-1024x682.jpg 1024w, https:\/\/pluskata.pl\/www\/wp-content\/uploads\/2022\/08\/Lorient-garaz-768x512.jpg 768w, https:\/\/pluskata.pl\/www\/wp-content\/uploads\/2022\/08\/Lorient-garaz-1536x1023.jpg 1536w, https:\/\/pluskata.pl\/www\/wp-content\/uploads\/2022\/08\/Lorient-garaz-2048x1364.jpg 2048w, https:\/\/pluskata.pl\/www\/wp-content\/uploads\/2022\/08\/Lorient-garaz-150x100.jpg 150w\" sizes=\"auto, (max-width: 300px) 100vw, 300px\" \/><\/a> <img loading=\"lazy\" decoding=\"async\" class=\"alignnone size-medium wp-image-2431\" src=\"https:\/\/pluskata.pl\/www\/wp-content\/uploads\/2022\/08\/Lorient-marina.jpg\" alt=\"Lorient marina\" width=\"1\" height=\"1\" \/><br \/>\nWracaj\u0105c wst\u0119pujemy do Geant\u2019a po uzupe\u0142niaj\u0105ce zakupy i autobusem wracamy na jacht.<br \/>\nNa obiad kurczak z pieczarkami i makaronem spagetti. Wieczorem wychodzimy. Wieje ca\u0142kiem nie\u017ale, p\u0142yniemy p\u00f3\u0142wiatrem a \u015brednia pr\u0119dko\u015b\u0107 do ko\u0144ca dnia wychodzi 6,7kn.<\/p>\n<p><strong>2-08-2022 wtorek do Pornichet<\/strong><br \/>\nW nocy wiatr s\u0142abnie i zmienia kierunek. P\u0142yniemy niespiesznie podziwiaj\u0105c wsch\u00f3d s\u0142o\u0144ca i pole wiatrak\u00f3w w budowie. Na obiad nale\u015bniki z kurczakiem i szpinakiem. Do mariny wchodzimy o 16:30. P\u0142acimy za 2 noce. Marina jest pe\u0142na, wi\u0119c stajemy longside do jakiego\u015b francuza (tak nas ustawia zarz\u0105d portu). Id\u0119 pod prysznic, Tomek idzie spa\u0107 , a reszta za\u0142ogi idzie na pla\u017c\u0119. Wieczorem idziemy na lody fio\u0142kowe do pobliskiej lodziarni.<\/p>\n<p><strong>3-08-2022 \u015broda Pornichet<\/strong><br \/>\nPo \u015bniadaniu i lodach (5\u20ac za 2 kulki) wycieczka do Saint Nazaire. Bilet autobusowy 2 godzinny kosztuje 1,8\u20ac od osoby. W planie mamy zwiedzenie \u0142odzi podwodnej i spacer po mie\u015bcie. Jedziemy autobusem 13 a potem przesiadamy si\u0119 na lini\u0119 \u201eHe\u201d.<\/p>\n<p><a href=\"https:\/\/pluskata.pl\/www\/pl\/rejsy-2022\/z-brestu-do-la-rochelle-29-07-07-08-2022\/saint-nazaire-ratusz\/\"><img loading=\"lazy\" decoding=\"async\" class=\"alignnone wp-image-2432 size-medium\" src=\"https:\/\/pluskata.pl\/www\/wp-content\/uploads\/2022\/08\/Saint-Nazaire-ratusz-300x225.jpg\" alt=\"Saint Nazaire ratusz\" width=\"300\" height=\"225\" srcset=\"https:\/\/pluskata.pl\/www\/wp-content\/uploads\/2022\/08\/Saint-Nazaire-ratusz-300x225.jpg 300w, https:\/\/pluskata.pl\/www\/wp-content\/uploads\/2022\/08\/Saint-Nazaire-ratusz-1024x768.jpg 1024w, https:\/\/pluskata.pl\/www\/wp-content\/uploads\/2022\/08\/Saint-Nazaire-ratusz-768x576.jpg 768w, https:\/\/pluskata.pl\/www\/wp-content\/uploads\/2022\/08\/Saint-Nazaire-ratusz-1536x1152.jpg 1536w, https:\/\/pluskata.pl\/www\/wp-content\/uploads\/2022\/08\/Saint-Nazaire-ratusz-2048x1536.jpg 2048w, https:\/\/pluskata.pl\/www\/wp-content\/uploads\/2022\/08\/Saint-Nazaire-ratusz-150x113.jpg 150w\" sizes=\"auto, (max-width: 300px) 100vw, 300px\" \/><\/a> <a href=\"https:\/\/pluskata.pl\/www\/pl\/rejsy-2022\/z-brestu-do-la-rochelle-29-07-07-08-2022\/saint-nazaire-kosciol\/\"><img loading=\"lazy\" decoding=\"async\" class=\"alignnone wp-image-2433 size-medium\" src=\"https:\/\/pluskata.pl\/www\/wp-content\/uploads\/2022\/08\/Saint-Nazaire-kosciol-300x225.jpg\" alt=\"Saint Nazaire kosciol\" width=\"300\" height=\"225\" srcset=\"https:\/\/pluskata.pl\/www\/wp-content\/uploads\/2022\/08\/Saint-Nazaire-kosciol-300x225.jpg 300w, https:\/\/pluskata.pl\/www\/wp-content\/uploads\/2022\/08\/Saint-Nazaire-kosciol-1024x768.jpg 1024w, https:\/\/pluskata.pl\/www\/wp-content\/uploads\/2022\/08\/Saint-Nazaire-kosciol-768x576.jpg 768w, https:\/\/pluskata.pl\/www\/wp-content\/uploads\/2022\/08\/Saint-Nazaire-kosciol-1536x1151.jpg 1536w, https:\/\/pluskata.pl\/www\/wp-content\/uploads\/2022\/08\/Saint-Nazaire-kosciol-2048x1535.jpg 2048w, https:\/\/pluskata.pl\/www\/wp-content\/uploads\/2022\/08\/Saint-Nazaire-kosciol-150x112.jpg 150w\" sizes=\"auto, (max-width: 300px) 100vw, 300px\" \/><\/a> <a href=\"https:\/\/pluskata.pl\/www\/pl\/rejsy-2022\/z-brestu-do-la-rochelle-29-07-07-08-2022\/saint-nazaire-kosciol-w-srodku\/\"><img loading=\"lazy\" decoding=\"async\" class=\"alignnone wp-image-2434 size-medium\" src=\"https:\/\/pluskata.pl\/www\/wp-content\/uploads\/2022\/08\/Saint-Nazaire-kosciol-w-srodku-300x225.jpg\" alt=\"Saint Nazaire kosciol w srodku\" width=\"300\" height=\"225\" srcset=\"https:\/\/pluskata.pl\/www\/wp-content\/uploads\/2022\/08\/Saint-Nazaire-kosciol-w-srodku-300x225.jpg 300w, https:\/\/pluskata.pl\/www\/wp-content\/uploads\/2022\/08\/Saint-Nazaire-kosciol-w-srodku-1024x768.jpg 1024w, https:\/\/pluskata.pl\/www\/wp-content\/uploads\/2022\/08\/Saint-Nazaire-kosciol-w-srodku-768x576.jpg 768w, https:\/\/pluskata.pl\/www\/wp-content\/uploads\/2022\/08\/Saint-Nazaire-kosciol-w-srodku-1536x1152.jpg 1536w, https:\/\/pluskata.pl\/www\/wp-content\/uploads\/2022\/08\/Saint-Nazaire-kosciol-w-srodku-2048x1536.jpg 2048w, https:\/\/pluskata.pl\/www\/wp-content\/uploads\/2022\/08\/Saint-Nazaire-kosciol-w-srodku-150x113.jpg 150w\" sizes=\"auto, (max-width: 300px) 100vw, 300px\" \/><\/a> <a href=\"https:\/\/pluskata.pl\/www\/pl\/rejsy-2022\/z-brestu-do-la-rochelle-29-07-07-08-2022\/saint-nazaire-garaz\/\"><img loading=\"lazy\" decoding=\"async\" class=\"alignnone wp-image-2435 size-medium\" src=\"https:\/\/pluskata.pl\/www\/wp-content\/uploads\/2022\/08\/Saint-Nazaire-garaz-300x225.jpg\" alt=\"Saint Nazaire gara\u017c\" width=\"300\" height=\"225\" srcset=\"https:\/\/pluskata.pl\/www\/wp-content\/uploads\/2022\/08\/Saint-Nazaire-garaz-300x225.jpg 300w, https:\/\/pluskata.pl\/www\/wp-content\/uploads\/2022\/08\/Saint-Nazaire-garaz-1024x768.jpg 1024w, https:\/\/pluskata.pl\/www\/wp-content\/uploads\/2022\/08\/Saint-Nazaire-garaz-768x576.jpg 768w, https:\/\/pluskata.pl\/www\/wp-content\/uploads\/2022\/08\/Saint-Nazaire-garaz-1536x1151.jpg 1536w, https:\/\/pluskata.pl\/www\/wp-content\/uploads\/2022\/08\/Saint-Nazaire-garaz-2048x1535.jpg 2048w, https:\/\/pluskata.pl\/www\/wp-content\/uploads\/2022\/08\/Saint-Nazaire-garaz-150x112.jpg 150w\" sizes=\"auto, (max-width: 300px) 100vw, 300px\" \/><\/a> <a href=\"https:\/\/pluskata.pl\/www\/pl\/rejsy-2022\/z-brestu-do-la-rochelle-29-07-07-08-2022\/saint-nazaire-ulica\/\"><img loading=\"lazy\" decoding=\"async\" class=\"alignnone wp-image-2436 size-medium\" src=\"https:\/\/pluskata.pl\/www\/wp-content\/uploads\/2022\/08\/Saint-Nazaire-ulica-300x225.jpg\" alt=\"Saint Nazaire ulica\" width=\"300\" height=\"225\" srcset=\"https:\/\/pluskata.pl\/www\/wp-content\/uploads\/2022\/08\/Saint-Nazaire-ulica-300x225.jpg 300w, https:\/\/pluskata.pl\/www\/wp-content\/uploads\/2022\/08\/Saint-Nazaire-ulica-1024x768.jpg 1024w, https:\/\/pluskata.pl\/www\/wp-content\/uploads\/2022\/08\/Saint-Nazaire-ulica-768x576.jpg 768w, https:\/\/pluskata.pl\/www\/wp-content\/uploads\/2022\/08\/Saint-Nazaire-ulica-1536x1152.jpg 1536w\" sizes=\"auto, (max-width: 300px) 100vw, 300px\" \/><\/a> <a href=\"https:\/\/pluskata.pl\/www\/pl\/rejsy-2022\/z-brestu-do-la-rochelle-29-07-07-08-2022\/saint-nazaure-old\/\"><img loading=\"lazy\" decoding=\"async\" class=\"alignnone wp-image-2437 size-medium\" src=\"https:\/\/pluskata.pl\/www\/wp-content\/uploads\/2022\/08\/Saint-Nazaure-old-300x225.jpg\" alt=\"Saint Nazare stara dzielnica\" width=\"300\" height=\"225\" srcset=\"https:\/\/pluskata.pl\/www\/wp-content\/uploads\/2022\/08\/Saint-Nazaure-old-300x225.jpg 300w, https:\/\/pluskata.pl\/www\/wp-content\/uploads\/2022\/08\/Saint-Nazaure-old-1024x768.jpg 1024w, https:\/\/pluskata.pl\/www\/wp-content\/uploads\/2022\/08\/Saint-Nazaure-old-768x576.jpg 768w, https:\/\/pluskata.pl\/www\/wp-content\/uploads\/2022\/08\/Saint-Nazaure-old-1536x1152.jpg 1536w, https:\/\/pluskata.pl\/www\/wp-content\/uploads\/2022\/08\/Saint-Nazaure-old-2048x1536.jpg 2048w, https:\/\/pluskata.pl\/www\/wp-content\/uploads\/2022\/08\/Saint-Nazaure-old-150x113.jpg 150w\" sizes=\"auto, (max-width: 300px) 100vw, 300px\" \/><\/a><br \/>\nOkazuje si\u0119, \u017ce zwiedzanie \u0142odzi podwodnej trzeba by\u0142o zarezerwowa\u0107 wcze\u015bniej (teraz najbli\u017cszy termin jest na 17:30). Rezygnujemy. Wychodzimy na taras widokowy, podziwiamy most przez zatok\u0119 i idziemy do informacji turystycznej. Okazuje si\u0119, \u017ce opr\u00f3cz \u0142adnych przedwojennych dom\u00f3w miasto nie ma nic do zaoferowania. Pr\u00f3bujemy co\u015b zje\u015b\u0107, ale jest 13:45 wi\u0119c wszystkie knajpy ju\u017c si\u0119 zamykaj\u0105. Ko\u0144czy si\u0119 na nale\u015bnikach. Wracamy do przystanku przez dzielnic\u0119 z \u0142adnymi kamienicami.<br \/>\nW Pornichet wst\u0119pujemy na lody i wracamy na jacht. W\u0142\u0105czamy pranie. W mi\u0119dzyczasie nasz s\u0105siad naprawi\u0142 silnik, wi\u0119c przestawia si\u0119 na inne miejsce a my stajemy przy kei. Sp\u0142ukujemy pok\u0142ad z soli, jemy obiad (chili con carne) w wieczorem robimy pokaz slajd\u00f3w.<\/p>\n<p><a href=\"https:\/\/pluskata.pl\/www\/pl\/rejsy-2022\/z-brestu-do-la-rochelle-29-07-07-08-2022\/pornichet-marina\/\"><img loading=\"lazy\" decoding=\"async\" class=\"alignnone wp-image-2438 size-medium\" src=\"https:\/\/pluskata.pl\/www\/wp-content\/uploads\/2022\/08\/Pornichet-marina-300x225.jpg\" alt=\"Pornichet marina\" width=\"300\" height=\"225\" srcset=\"https:\/\/pluskata.pl\/www\/wp-content\/uploads\/2022\/08\/Pornichet-marina-300x225.jpg 300w, https:\/\/pluskata.pl\/www\/wp-content\/uploads\/2022\/08\/Pornichet-marina-1024x768.jpg 1024w, https:\/\/pluskata.pl\/www\/wp-content\/uploads\/2022\/08\/Pornichet-marina-768x576.jpg 768w, https:\/\/pluskata.pl\/www\/wp-content\/uploads\/2022\/08\/Pornichet-marina-1536x1153.jpg 1536w, https:\/\/pluskata.pl\/www\/wp-content\/uploads\/2022\/08\/Pornichet-marina-2048x1537.jpg 2048w, https:\/\/pluskata.pl\/www\/wp-content\/uploads\/2022\/08\/Pornichet-marina-150x113.jpg 150w\" sizes=\"auto, (max-width: 300px) 100vw, 300px\" \/><\/a> <a href=\"https:\/\/pluskata.pl\/www\/pl\/rejsy-2022\/z-brestu-do-la-rochelle-29-07-07-08-2022\/pornichet-zachod\/\"><img loading=\"lazy\" decoding=\"async\" class=\"alignnone wp-image-2439 size-medium\" src=\"https:\/\/pluskata.pl\/www\/wp-content\/uploads\/2022\/08\/Pornichet-zachod-300x200.jpg\" alt=\"Pornichet zachod\" width=\"300\" height=\"200\" srcset=\"https:\/\/pluskata.pl\/www\/wp-content\/uploads\/2022\/08\/Pornichet-zachod-300x200.jpg 300w, https:\/\/pluskata.pl\/www\/wp-content\/uploads\/2022\/08\/Pornichet-zachod-1024x683.jpg 1024w, https:\/\/pluskata.pl\/www\/wp-content\/uploads\/2022\/08\/Pornichet-zachod-768x512.jpg 768w, https:\/\/pluskata.pl\/www\/wp-content\/uploads\/2022\/08\/Pornichet-zachod-1536x1024.jpg 1536w, https:\/\/pluskata.pl\/www\/wp-content\/uploads\/2022\/08\/Pornichet-zachod-2048x1365.jpg 2048w, https:\/\/pluskata.pl\/www\/wp-content\/uploads\/2022\/08\/Pornichet-zachod-150x100.jpg 150w\" sizes=\"auto, (max-width: 300px) 100vw, 300px\" \/><\/a> <a href=\"https:\/\/pluskata.pl\/www\/pl\/rejsy-2022\/z-brestu-do-la-rochelle-29-07-07-08-2022\/pornichet-tecza\/\"><img loading=\"lazy\" decoding=\"async\" class=\"alignnone wp-image-2440 size-medium\" src=\"https:\/\/pluskata.pl\/www\/wp-content\/uploads\/2022\/08\/Pornichet-tecza-300x200.jpg\" alt=\"Pornichet tecza\" width=\"300\" height=\"200\" srcset=\"https:\/\/pluskata.pl\/www\/wp-content\/uploads\/2022\/08\/Pornichet-tecza-300x200.jpg 300w, https:\/\/pluskata.pl\/www\/wp-content\/uploads\/2022\/08\/Pornichet-tecza-1024x683.jpg 1024w, https:\/\/pluskata.pl\/www\/wp-content\/uploads\/2022\/08\/Pornichet-tecza-768x512.jpg 768w\" sizes=\"auto, (max-width: 300px) 100vw, 300px\" \/><\/a><\/p>\n<p><strong>4-08-2022 czwartek Joinville<\/strong><br \/>\nRano zwijamy pranie i troch\u0119 poganiamy naszych s\u0105siad\u00f3w stoj\u0105cych longside do naszej burty. Wychodzimy o godzinie 10. P\u0142yniemy bagsztagiem. Do portu Joinville wp\u0142ywamy o 18:30. Stoimy jako 6 jacht w tratwie. Wi\u0105\u017cemy si\u0119 do jachtu obok i do Y-bomu po przeciwnej stronie. Jest ciasno. Dostajemy zni\u017ck\u0119 za to, \u017ce nie stoimy przy pomo\u015bcie. Sprawdzamy pogod\u0119 i postanawiamy wyj\u015b\u0107 rano.<\/p>\n<p><strong>5-08-2022 pi\u0105tek do La Rochelle<\/strong><br \/>\nWychodzimy o 9:30 z pomoc\u0105 \u0142\u00f3dki portowej. Bardzo \u0142adnie nas zabezpiecza od strony \u0142\u00f3dek stoj\u0105cych przy pomo\u015bcie obok rufami do nas a potem pomaga nam si\u0119 obr\u00f3ci\u0107. P\u0142yniemy bagsztagiem, a wiatr dochodzi do 20kn (takie dobre 5B). Pr\u0119dko\u015b\u0107 jachtu dochodzi do 9kn. Fale osi\u0105gaj\u0105 1,5m. P\u0142yniemy na grocie i foku. Pe\u0142na pla\u017ca. Wyci\u0105gamy foteliki i m\u0119\u017cczy\u017ani opalaj\u0105 si\u0119 na deku, a my siedzimy w kurtkach i d\u0142ugich spodniach. To jest ta r\u00f3\u017cnica w komforcie termicznym. Po obiedzie zauwa\u017camy, \u017ce p\u0142ynie z nami bojka od sieci. Wyci\u0105gamy j\u0105, ale okazuje si\u0119, \u017ce linka od bojki zaczepi\u0142a si\u0119 o \u015brub\u0119. Podp\u0142ywamy do wyspy po drodze i chowamy si\u0119 w jej cieniu. Zrzucamy \u017cagle. Rzucamy kotwic\u0119, a Tomek zak\u0142ada piank\u0119 i nurkuje.<\/p>\n<p><a href=\"https:\/\/pluskata.pl\/www\/pl\/rejsy-2022\/z-brestu-do-la-rochelle-29-07-07-08-2022\/plaza-na-jachcie\/\"><img loading=\"lazy\" decoding=\"async\" class=\"alignnone wp-image-2441 size-medium\" src=\"https:\/\/pluskata.pl\/www\/wp-content\/uploads\/2022\/08\/Plaza-na-jachcie-300x225.jpg\" alt=\"Pla\u017ca na jachcie\" width=\"300\" height=\"225\" srcset=\"https:\/\/pluskata.pl\/www\/wp-content\/uploads\/2022\/08\/Plaza-na-jachcie-300x225.jpg 300w, https:\/\/pluskata.pl\/www\/wp-content\/uploads\/2022\/08\/Plaza-na-jachcie-1024x767.jpg 1024w, https:\/\/pluskata.pl\/www\/wp-content\/uploads\/2022\/08\/Plaza-na-jachcie-768x575.jpg 768w, https:\/\/pluskata.pl\/www\/wp-content\/uploads\/2022\/08\/Plaza-na-jachcie-1536x1151.jpg 1536w, https:\/\/pluskata.pl\/www\/wp-content\/uploads\/2022\/08\/Plaza-na-jachcie-150x112.jpg 150w, https:\/\/pluskata.pl\/www\/wp-content\/uploads\/2022\/08\/Plaza-na-jachcie.jpg 1974w\" sizes=\"auto, (max-width: 300px) 100vw, 300px\" \/><\/a> <a href=\"https:\/\/pluskata.pl\/www\/pl\/rejsy-2022\/z-brestu-do-la-rochelle-29-07-07-08-2022\/bojka\/\"><img loading=\"lazy\" decoding=\"async\" class=\"alignnone wp-image-2442 size-medium\" src=\"https:\/\/pluskata.pl\/www\/wp-content\/uploads\/2022\/08\/Bojka-300x225.jpg\" alt=\"Bojka\" width=\"300\" height=\"225\" srcset=\"https:\/\/pluskata.pl\/www\/wp-content\/uploads\/2022\/08\/Bojka-300x225.jpg 300w, https:\/\/pluskata.pl\/www\/wp-content\/uploads\/2022\/08\/Bojka-1024x767.jpg 1024w, https:\/\/pluskata.pl\/www\/wp-content\/uploads\/2022\/08\/Bojka-768x576.jpg 768w, https:\/\/pluskata.pl\/www\/wp-content\/uploads\/2022\/08\/Bojka-1536x1151.jpg 1536w, https:\/\/pluskata.pl\/www\/wp-content\/uploads\/2022\/08\/Bojka-2048x1535.jpg 2048w, https:\/\/pluskata.pl\/www\/wp-content\/uploads\/2022\/08\/Bojka-150x112.jpg 150w\" sizes=\"auto, (max-width: 300px) 100vw, 300px\" \/><\/a> <a href=\"https:\/\/pluskata.pl\/www\/pl\/rejsy-2022\/z-brestu-do-la-rochelle-29-07-07-08-2022\/nurek\/\"><img loading=\"lazy\" decoding=\"async\" class=\"alignnone wp-image-2443 size-medium\" src=\"https:\/\/pluskata.pl\/www\/wp-content\/uploads\/2022\/08\/Nurek-300x225.jpg\" alt=\"Nurek\" width=\"300\" height=\"225\" srcset=\"https:\/\/pluskata.pl\/www\/wp-content\/uploads\/2022\/08\/Nurek-300x225.jpg 300w, https:\/\/pluskata.pl\/www\/wp-content\/uploads\/2022\/08\/Nurek-1024x768.jpg 1024w, https:\/\/pluskata.pl\/www\/wp-content\/uploads\/2022\/08\/Nurek-768x576.jpg 768w, https:\/\/pluskata.pl\/www\/wp-content\/uploads\/2022\/08\/Nurek-1536x1152.jpg 1536w, https:\/\/pluskata.pl\/www\/wp-content\/uploads\/2022\/08\/Nurek-150x113.jpg 150w, https:\/\/pluskata.pl\/www\/wp-content\/uploads\/2022\/08\/Nurek.jpg 1876w\" sizes=\"auto, (max-width: 300px) 100vw, 300px\" \/><\/a> <a href=\"https:\/\/pluskata.pl\/www\/pl\/rejsy-2022\/z-brestu-do-la-rochelle-29-07-07-08-2022\/zachod-na-morzu\/\"><img loading=\"lazy\" decoding=\"async\" class=\"alignnone wp-image-2444 size-medium\" src=\"https:\/\/pluskata.pl\/www\/wp-content\/uploads\/2022\/08\/Zachod-na-morzu-300x225.jpg\" alt=\"Zachod na morzu\" width=\"300\" height=\"225\" srcset=\"https:\/\/pluskata.pl\/www\/wp-content\/uploads\/2022\/08\/Zachod-na-morzu-300x225.jpg 300w, https:\/\/pluskata.pl\/www\/wp-content\/uploads\/2022\/08\/Zachod-na-morzu-1024x768.jpg 1024w, https:\/\/pluskata.pl\/www\/wp-content\/uploads\/2022\/08\/Zachod-na-morzu-768x576.jpg 768w, https:\/\/pluskata.pl\/www\/wp-content\/uploads\/2022\/08\/Zachod-na-morzu-1536x1152.jpg 1536w, https:\/\/pluskata.pl\/www\/wp-content\/uploads\/2022\/08\/Zachod-na-morzu-2048x1536.jpg 2048w, https:\/\/pluskata.pl\/www\/wp-content\/uploads\/2022\/08\/Zachod-na-morzu-150x113.jpg 150w\" sizes=\"auto, (max-width: 300px) 100vw, 300px\" \/><\/a><\/p>\n<p>Na szcz\u0119\u015bcie linka od bojki by\u0142a tylko zaczepiona o \u0142opatk\u0119 \u015bruby, wi\u0119c nie trzeba nic rozpl\u0105tywa\u0107 ani ci\u0105\u0107. P\u0142yniemy na silniku, do przep\u0142yni\u0119cia zosta\u0142o nam jeszcze 10Mm. Do mariny wchodzimy ju\u017c po ciemku o 22:30. Cumujemy do najbli\u017cszego czo\u0142a pomostu.<\/p>\n<p><strong>6-07-2022 sobota La Rochelle<\/strong><br \/>\nRano przychodzi obs\u0142uga mariny i po op\u0142acie pokazuje nam inne miejsce do cumowania. Jest w Y-bomach i w cz\u0119\u015bci dla rezydent\u00f3w zaraz naprzeciwko toalet. Dostajemy kart\u0119 do toalet i kod do wifi. Po kawie wyruszamy na zwiedzanie miasta.<\/p>\n<p><a href=\"https:\/\/pluskata.pl\/www\/pl\/rejsy-2022\/z-brestu-do-la-rochelle-29-07-07-08-2022\/la-rochelle-stary-port\/\"><img loading=\"lazy\" decoding=\"async\" class=\"alignnone wp-image-2445 size-medium\" src=\"https:\/\/pluskata.pl\/www\/wp-content\/uploads\/2022\/08\/La-ROchelle-stary-port-300x200.jpg\" alt=\"La Rochelle stary port\" width=\"300\" height=\"200\" srcset=\"https:\/\/pluskata.pl\/www\/wp-content\/uploads\/2022\/08\/La-ROchelle-stary-port-300x200.jpg 300w, https:\/\/pluskata.pl\/www\/wp-content\/uploads\/2022\/08\/La-ROchelle-stary-port-1024x683.jpg 1024w, https:\/\/pluskata.pl\/www\/wp-content\/uploads\/2022\/08\/La-ROchelle-stary-port-768x512.jpg 768w, https:\/\/pluskata.pl\/www\/wp-content\/uploads\/2022\/08\/La-ROchelle-stary-port-1536x1024.jpg 1536w, https:\/\/pluskata.pl\/www\/wp-content\/uploads\/2022\/08\/La-ROchelle-stary-port-2048x1365.jpg 2048w, https:\/\/pluskata.pl\/www\/wp-content\/uploads\/2022\/08\/La-ROchelle-stary-port-150x100.jpg 150w\" sizes=\"auto, (max-width: 300px) 100vw, 300px\" \/><\/a> <a href=\"https:\/\/pluskata.pl\/www\/pl\/rejsy-2022\/z-brestu-do-la-rochelle-29-07-07-08-2022\/la-rochelle-zespol\/\"><img loading=\"lazy\" decoding=\"async\" class=\"alignnone wp-image-2446\" src=\"https:\/\/pluskata.pl\/www\/wp-content\/uploads\/2022\/08\/La-Rochelle-zespol-scaled.jpg\" alt=\"La Rochelle zespol\" width=\"300\" height=\"200\" \/><\/a> <a href=\"https:\/\/pluskata.pl\/www\/pl\/rejsy-2022\/z-brestu-do-la-rochelle-29-07-07-08-2022\/la-rochelle-ulica\/\"><img loading=\"lazy\" decoding=\"async\" class=\"alignnone wp-image-2447 size-medium\" src=\"https:\/\/pluskata.pl\/www\/wp-content\/uploads\/2022\/08\/La-Rochelle-ulica-300x197.jpg\" alt=\"La Rochelle ulica\" width=\"300\" height=\"197\" srcset=\"https:\/\/pluskata.pl\/www\/wp-content\/uploads\/2022\/08\/La-Rochelle-ulica-300x197.jpg 300w, https:\/\/pluskata.pl\/www\/wp-content\/uploads\/2022\/08\/La-Rochelle-ulica-1024x671.jpg 1024w, https:\/\/pluskata.pl\/www\/wp-content\/uploads\/2022\/08\/La-Rochelle-ulica-768x503.jpg 768w, https:\/\/pluskata.pl\/www\/wp-content\/uploads\/2022\/08\/La-Rochelle-ulica-1536x1006.jpg 1536w, https:\/\/pluskata.pl\/www\/wp-content\/uploads\/2022\/08\/La-Rochelle-ulica-2048x1342.jpg 2048w, https:\/\/pluskata.pl\/www\/wp-content\/uploads\/2022\/08\/La-Rochelle-ulica-150x98.jpg 150w\" sizes=\"auto, (max-width: 300px) 100vw, 300px\" \/><\/a> <a href=\"https:\/\/pluskata.pl\/www\/pl\/rejsy-2022\/z-brestu-do-la-rochelle-29-07-07-08-2022\/la-rochelle-stare-miasto\/\"><img loading=\"lazy\" decoding=\"async\" class=\"alignnone wp-image-2448 size-medium\" src=\"https:\/\/pluskata.pl\/www\/wp-content\/uploads\/2022\/08\/La-Rochelle-stare-miasto-300x200.jpg\" alt=\"La Rochelle stare miasto\" width=\"300\" height=\"200\" srcset=\"https:\/\/pluskata.pl\/www\/wp-content\/uploads\/2022\/08\/La-Rochelle-stare-miasto-300x200.jpg 300w, https:\/\/pluskata.pl\/www\/wp-content\/uploads\/2022\/08\/La-Rochelle-stare-miasto-1024x683.jpg 1024w, https:\/\/pluskata.pl\/www\/wp-content\/uploads\/2022\/08\/La-Rochelle-stare-miasto-768x512.jpg 768w, https:\/\/pluskata.pl\/www\/wp-content\/uploads\/2022\/08\/La-Rochelle-stare-miasto-1536x1024.jpg 1536w, https:\/\/pluskata.pl\/www\/wp-content\/uploads\/2022\/08\/La-Rochelle-stare-miasto-2048x1365.jpg 2048w, https:\/\/pluskata.pl\/www\/wp-content\/uploads\/2022\/08\/La-Rochelle-stare-miasto-150x100.jpg 150w\" sizes=\"auto, (max-width: 300px) 100vw, 300px\" \/><\/a> <a href=\"https:\/\/pluskata.pl\/www\/pl\/rejsy-2022\/z-brestu-do-la-rochelle-29-07-07-08-2022\/la-rochelle-wieza\/\"><img loading=\"lazy\" decoding=\"async\" class=\"alignnone wp-image-2450 size-medium\" src=\"https:\/\/pluskata.pl\/www\/wp-content\/uploads\/2022\/08\/La-Rochelle-wieza-300x200.jpg\" alt=\"La Rochelle wie\u017ca\" width=\"300\" height=\"200\" srcset=\"https:\/\/pluskata.pl\/www\/wp-content\/uploads\/2022\/08\/La-Rochelle-wieza-300x200.jpg 300w, https:\/\/pluskata.pl\/www\/wp-content\/uploads\/2022\/08\/La-Rochelle-wieza-1024x683.jpg 1024w, https:\/\/pluskata.pl\/www\/wp-content\/uploads\/2022\/08\/La-Rochelle-wieza-768x512.jpg 768w, https:\/\/pluskata.pl\/www\/wp-content\/uploads\/2022\/08\/La-Rochelle-wieza-1536x1024.jpg 1536w, https:\/\/pluskata.pl\/www\/wp-content\/uploads\/2022\/08\/La-Rochelle-wieza-2048x1365.jpg 2048w, https:\/\/pluskata.pl\/www\/wp-content\/uploads\/2022\/08\/La-Rochelle-wieza-150x100.jpg 150w\" sizes=\"auto, (max-width: 300px) 100vw, 300px\" \/><\/a><\/p>\n<p>Du\u017co marin, wie\u017ce pe\u0142ni\u0105ce funkcje wi\u0119zienia i punkt\u00f3w obserwacyjnych, akwarium, stare jachty w muzeum morskim. Wst\u0119pujemy do Carefoura po bagietki i wracamy na jacht.<\/p>\n","protected":false},"excerpt":{"rendered":"<p>Trasa: Brest &#8211; Loctudy &#8211; Lorient &#8211; Pornichet &#8211; Joinville &#8211; La Rochelle Daty: 29.07-07.08.2022 Mile \/ godziny: 301Mm\/64h 29-07-2022 pi\u0105tek Brest Przyje\u017cd\u017ca nowa za\u0142oga. Wsp\u00f3lnie uzgadniamy list\u0119 zakupow\u0105, bierzemy dwa w\u00f3zki i jedziemy tramwajem po zakupy. Niestety w tramwaju nie da si\u0119 kupi\u0107 bilet\u00f3w innych ni\u017c jednoprzejazdowe. Wysiadamy na\u2026<\/p>\n<p class=\"continue-reading-button\"> <a class=\"continue-reading-link\" href=\"https:\/\/pluskata.pl\/www\/pl\/rejsy-2022\/z-brestu-do-la-rochelle-29-07-07-08-2022\/\">Czytaj dalej\/Continue reading<i class=\"crycon-right-dir\"><\/i><\/a><\/p>\n","protected":false},"author":1,"featured_media":2415,"parent":1605,"menu_order":15,"comment_status":"closed","ping_status":"closed","template":"","meta":{"footnotes":""},"class_list":["post-2407","page","type-page","status-publish","has-post-thumbnail","hentry"],"yoast_head":"<!-- This site is optimized with the Yoast SEO plugin v27.5 - https:\/\/yoast.com\/product\/yoast-seo-wordpress\/ -->\n<title>Z Brestu do La Rochelle 29.07-07.08.2022 - Podr\u00f3\u017ce jachtem po \u015bwiecie<\/title>\n<meta name=\"robots\" content=\"index, follow, max-snippet:-1, max-image-preview:large, max-video-preview:-1\" \/>\n<link rel=\"canonical\" href=\"https:\/\/pluskata.pl\/www\/pl\/rejsy-2022\/z-brestu-do-la-rochelle-29-07-07-08-2022\/\" \/>\n<meta property=\"og:locale\" content=\"pl_PL\" \/>\n<meta property=\"og:type\" content=\"article\" \/>\n<meta property=\"og:title\" content=\"Z Brestu do La Rochelle 29.07-07.08.2022 - Podr\u00f3\u017ce jachtem po \u015bwiecie\" \/>\n<meta property=\"og:description\" content=\"Trasa: Brest &#8211; Loctudy &#8211; Lorient &#8211; Pornichet &#8211; Joinville &#8211; La Rochelle Daty: 29.07-07.08.2022 Mile \/ godziny: 301Mm\/64h 29-07-2022 pi\u0105tek Brest Przyje\u017cd\u017ca nowa za\u0142oga. Wsp\u00f3lnie uzgadniamy list\u0119 zakupow\u0105, bierzemy dwa w\u00f3zki i jedziemy tramwajem po zakupy. Niestety w tramwaju nie da si\u0119 kupi\u0107 bilet\u00f3w innych ni\u017c jednoprzejazdowe. Wysiadamy na\u2026 Czytaj dalej\/Continue reading\" \/>\n<meta property=\"og:url\" content=\"https:\/\/pluskata.pl\/www\/pl\/rejsy-2022\/z-brestu-do-la-rochelle-29-07-07-08-2022\/\" \/>\n<meta property=\"og:site_name\" content=\"Podr\u00f3\u017ce jachtem po \u015bwiecie\" \/>\n<meta property=\"article:publisher\" content=\"https:\/\/www.facebook.com\/pluskata\" \/>\n<meta property=\"article:modified_time\" content=\"2022-09-08T10:39:31+00:00\" \/>\n<meta property=\"og:image\" content=\"https:\/\/pluskata.pl\/www\/wp-content\/uploads\/2022\/08\/Brest-La-Rochelle.jpg\" \/>\n\t<meta property=\"og:image:width\" content=\"1078\" \/>\n\t<meta property=\"og:image:height\" content=\"831\" \/>\n\t<meta property=\"og:image:type\" content=\"image\/jpeg\" \/>\n<meta name=\"twitter:card\" content=\"summary_large_image\" \/>\n<meta name=\"twitter:label1\" content=\"Szacowany czas czytania\" \/>\n\t<meta name=\"twitter:data1\" content=\"5 minut\" \/>\n<script type=\"application\/ld+json\" class=\"yoast-schema-graph\">{\"@context\":\"https:\\\/\\\/schema.org\",\"@graph\":[{\"@type\":\"WebPage\",\"@id\":\"https:\\\/\\\/pluskata.pl\\\/www\\\/pl\\\/rejsy-2022\\\/z-brestu-do-la-rochelle-29-07-07-08-2022\\\/\",\"url\":\"https:\\\/\\\/pluskata.pl\\\/www\\\/pl\\\/rejsy-2022\\\/z-brestu-do-la-rochelle-29-07-07-08-2022\\\/\",\"name\":\"Z Brestu do La Rochelle 29.07-07.08.2022 - Podr\u00f3\u017ce jachtem po \u015bwiecie\",\"isPartOf\":{\"@id\":\"https:\\\/\\\/pluskata.pl\\\/www\\\/#website\"},\"primaryImageOfPage\":{\"@id\":\"https:\\\/\\\/pluskata.pl\\\/www\\\/pl\\\/rejsy-2022\\\/z-brestu-do-la-rochelle-29-07-07-08-2022\\\/#primaryimage\"},\"image\":{\"@id\":\"https:\\\/\\\/pluskata.pl\\\/www\\\/pl\\\/rejsy-2022\\\/z-brestu-do-la-rochelle-29-07-07-08-2022\\\/#primaryimage\"},\"thumbnailUrl\":\"https:\\\/\\\/pluskata.pl\\\/www\\\/wp-content\\\/uploads\\\/2022\\\/08\\\/Brest-La-Rochelle.jpg\",\"datePublished\":\"2022-08-07T17:42:30+00:00\",\"dateModified\":\"2022-09-08T10:39:31+00:00\",\"breadcrumb\":{\"@id\":\"https:\\\/\\\/pluskata.pl\\\/www\\\/pl\\\/rejsy-2022\\\/z-brestu-do-la-rochelle-29-07-07-08-2022\\\/#breadcrumb\"},\"inLanguage\":\"pl-PL\",\"potentialAction\":[{\"@type\":\"ReadAction\",\"target\":[\"https:\\\/\\\/pluskata.pl\\\/www\\\/pl\\\/rejsy-2022\\\/z-brestu-do-la-rochelle-29-07-07-08-2022\\\/\"]}]},{\"@type\":\"ImageObject\",\"inLanguage\":\"pl-PL\",\"@id\":\"https:\\\/\\\/pluskata.pl\\\/www\\\/pl\\\/rejsy-2022\\\/z-brestu-do-la-rochelle-29-07-07-08-2022\\\/#primaryimage\",\"url\":\"https:\\\/\\\/pluskata.pl\\\/www\\\/wp-content\\\/uploads\\\/2022\\\/08\\\/Brest-La-Rochelle.jpg\",\"contentUrl\":\"https:\\\/\\\/pluskata.pl\\\/www\\\/wp-content\\\/uploads\\\/2022\\\/08\\\/Brest-La-Rochelle.jpg\",\"width\":1078,\"height\":831,\"caption\":\"Brest La Rochelle\"},{\"@type\":\"BreadcrumbList\",\"@id\":\"https:\\\/\\\/pluskata.pl\\\/www\\\/pl\\\/rejsy-2022\\\/z-brestu-do-la-rochelle-29-07-07-08-2022\\\/#breadcrumb\",\"itemListElement\":[{\"@type\":\"ListItem\",\"position\":1,\"name\":\"Strona g\u0142\u00f3wna\",\"item\":\"https:\\\/\\\/pluskata.pl\\\/www\\\/pl\\\/aktualnosci\\\/\"},{\"@type\":\"ListItem\",\"position\":2,\"name\":\"Rejsy 2022\",\"item\":\"https:\\\/\\\/pluskata.pl\\\/www\\\/pl\\\/rejsy-2022\\\/\"},{\"@type\":\"ListItem\",\"position\":3,\"name\":\"Z Brestu do La Rochelle 29.07-07.08.2022\"}]},{\"@type\":\"WebSite\",\"@id\":\"https:\\\/\\\/pluskata.pl\\\/www\\\/#website\",\"url\":\"https:\\\/\\\/pluskata.pl\\\/www\\\/\",\"name\":\"Podr\u00f3\u017ce jachtem po \u015bwiecie\",\"description\":\"Zapraszamy do wsp\u00f3lnego \u017ceglowania\",\"publisher\":{\"@id\":\"https:\\\/\\\/pluskata.pl\\\/www\\\/#\\\/schema\\\/person\\\/15daea66397efafeded8883b67482cc0\"},\"potentialAction\":[{\"@type\":\"SearchAction\",\"target\":{\"@type\":\"EntryPoint\",\"urlTemplate\":\"https:\\\/\\\/pluskata.pl\\\/www\\\/?s={search_term_string}\"},\"query-input\":{\"@type\":\"PropertyValueSpecification\",\"valueRequired\":true,\"valueName\":\"search_term_string\"}}],\"inLanguage\":\"pl-PL\"},{\"@type\":[\"Person\",\"Organization\"],\"@id\":\"https:\\\/\\\/pluskata.pl\\\/www\\\/#\\\/schema\\\/person\\\/15daea66397efafeded8883b67482cc0\",\"name\":\"Pluskata\",\"image\":{\"@type\":\"ImageObject\",\"inLanguage\":\"pl-PL\",\"@id\":\"https:\\\/\\\/pluskata.pl\\\/www\\\/wp-content\\\/uploads\\\/2020\\\/12\\\/cropped-Logo-Pluskata_512.png\",\"url\":\"https:\\\/\\\/pluskata.pl\\\/www\\\/wp-content\\\/uploads\\\/2020\\\/12\\\/cropped-Logo-Pluskata_512.png\",\"contentUrl\":\"https:\\\/\\\/pluskata.pl\\\/www\\\/wp-content\\\/uploads\\\/2020\\\/12\\\/cropped-Logo-Pluskata_512.png\",\"width\":512,\"height\":512,\"caption\":\"Pluskata\"},\"logo\":{\"@id\":\"https:\\\/\\\/pluskata.pl\\\/www\\\/wp-content\\\/uploads\\\/2020\\\/12\\\/cropped-Logo-Pluskata_512.png\"},\"sameAs\":[\"http:\\\/\\\/www.pluskata.pl\",\"https:\\\/\\\/www.facebook.com\\\/pluskata\"]}]}<\/script>\n<!-- \/ Yoast SEO plugin. -->","yoast_head_json":{"title":"Z Brestu do La Rochelle 29.07-07.08.2022 - Podr\u00f3\u017ce jachtem po \u015bwiecie","robots":{"index":"index","follow":"follow","max-snippet":"max-snippet:-1","max-image-preview":"max-image-preview:large","max-video-preview":"max-video-preview:-1"},"canonical":"https:\/\/pluskata.pl\/www\/pl\/rejsy-2022\/z-brestu-do-la-rochelle-29-07-07-08-2022\/","og_locale":"pl_PL","og_type":"article","og_title":"Z Brestu do La Rochelle 29.07-07.08.2022 - Podr\u00f3\u017ce jachtem po \u015bwiecie","og_description":"Trasa: Brest &#8211; Loctudy &#8211; Lorient &#8211; Pornichet &#8211; Joinville &#8211; La Rochelle Daty: 29.07-07.08.2022 Mile \/ godziny: 301Mm\/64h 29-07-2022 pi\u0105tek Brest Przyje\u017cd\u017ca nowa za\u0142oga. Wsp\u00f3lnie uzgadniamy list\u0119 zakupow\u0105, bierzemy dwa w\u00f3zki i jedziemy tramwajem po zakupy. Niestety w tramwaju nie da si\u0119 kupi\u0107 bilet\u00f3w innych ni\u017c jednoprzejazdowe. Wysiadamy na\u2026 Czytaj dalej\/Continue reading","og_url":"https:\/\/pluskata.pl\/www\/pl\/rejsy-2022\/z-brestu-do-la-rochelle-29-07-07-08-2022\/","og_site_name":"Podr\u00f3\u017ce jachtem po \u015bwiecie","article_publisher":"https:\/\/www.facebook.com\/pluskata","article_modified_time":"2022-09-08T10:39:31+00:00","og_image":[{"width":1078,"height":831,"url":"https:\/\/pluskata.pl\/www\/wp-content\/uploads\/2022\/08\/Brest-La-Rochelle.jpg","type":"image\/jpeg"}],"twitter_card":"summary_large_image","twitter_misc":{"Szacowany czas czytania":"5 minut"},"schema":{"@context":"https:\/\/schema.org","@graph":[{"@type":"WebPage","@id":"https:\/\/pluskata.pl\/www\/pl\/rejsy-2022\/z-brestu-do-la-rochelle-29-07-07-08-2022\/","url":"https:\/\/pluskata.pl\/www\/pl\/rejsy-2022\/z-brestu-do-la-rochelle-29-07-07-08-2022\/","name":"Z Brestu do La Rochelle 29.07-07.08.2022 - Podr\u00f3\u017ce jachtem po \u015bwiecie","isPartOf":{"@id":"https:\/\/pluskata.pl\/www\/#website"},"primaryImageOfPage":{"@id":"https:\/\/pluskata.pl\/www\/pl\/rejsy-2022\/z-brestu-do-la-rochelle-29-07-07-08-2022\/#primaryimage"},"image":{"@id":"https:\/\/pluskata.pl\/www\/pl\/rejsy-2022\/z-brestu-do-la-rochelle-29-07-07-08-2022\/#primaryimage"},"thumbnailUrl":"https:\/\/pluskata.pl\/www\/wp-content\/uploads\/2022\/08\/Brest-La-Rochelle.jpg","datePublished":"2022-08-07T17:42:30+00:00","dateModified":"2022-09-08T10:39:31+00:00","breadcrumb":{"@id":"https:\/\/pluskata.pl\/www\/pl\/rejsy-2022\/z-brestu-do-la-rochelle-29-07-07-08-2022\/#breadcrumb"},"inLanguage":"pl-PL","potentialAction":[{"@type":"ReadAction","target":["https:\/\/pluskata.pl\/www\/pl\/rejsy-2022\/z-brestu-do-la-rochelle-29-07-07-08-2022\/"]}]},{"@type":"ImageObject","inLanguage":"pl-PL","@id":"https:\/\/pluskata.pl\/www\/pl\/rejsy-2022\/z-brestu-do-la-rochelle-29-07-07-08-2022\/#primaryimage","url":"https:\/\/pluskata.pl\/www\/wp-content\/uploads\/2022\/08\/Brest-La-Rochelle.jpg","contentUrl":"https:\/\/pluskata.pl\/www\/wp-content\/uploads\/2022\/08\/Brest-La-Rochelle.jpg","width":1078,"height":831,"caption":"Brest La Rochelle"},{"@type":"BreadcrumbList","@id":"https:\/\/pluskata.pl\/www\/pl\/rejsy-2022\/z-brestu-do-la-rochelle-29-07-07-08-2022\/#breadcrumb","itemListElement":[{"@type":"ListItem","position":1,"name":"Strona g\u0142\u00f3wna","item":"https:\/\/pluskata.pl\/www\/pl\/aktualnosci\/"},{"@type":"ListItem","position":2,"name":"Rejsy 2022","item":"https:\/\/pluskata.pl\/www\/pl\/rejsy-2022\/"},{"@type":"ListItem","position":3,"name":"Z Brestu do La Rochelle 29.07-07.08.2022"}]},{"@type":"WebSite","@id":"https:\/\/pluskata.pl\/www\/#website","url":"https:\/\/pluskata.pl\/www\/","name":"Podr\u00f3\u017ce jachtem po \u015bwiecie","description":"Zapraszamy do wsp\u00f3lnego \u017ceglowania","publisher":{"@id":"https:\/\/pluskata.pl\/www\/#\/schema\/person\/15daea66397efafeded8883b67482cc0"},"potentialAction":[{"@type":"SearchAction","target":{"@type":"EntryPoint","urlTemplate":"https:\/\/pluskata.pl\/www\/?s={search_term_string}"},"query-input":{"@type":"PropertyValueSpecification","valueRequired":true,"valueName":"search_term_string"}}],"inLanguage":"pl-PL"},{"@type":["Person","Organization"],"@id":"https:\/\/pluskata.pl\/www\/#\/schema\/person\/15daea66397efafeded8883b67482cc0","name":"Pluskata","image":{"@type":"ImageObject","inLanguage":"pl-PL","@id":"https:\/\/pluskata.pl\/www\/wp-content\/uploads\/2020\/12\/cropped-Logo-Pluskata_512.png","url":"https:\/\/pluskata.pl\/www\/wp-content\/uploads\/2020\/12\/cropped-Logo-Pluskata_512.png","contentUrl":"https:\/\/pluskata.pl\/www\/wp-content\/uploads\/2020\/12\/cropped-Logo-Pluskata_512.png","width":512,"height":512,"caption":"Pluskata"},"logo":{"@id":"https:\/\/pluskata.pl\/www\/wp-content\/uploads\/2020\/12\/cropped-Logo-Pluskata_512.png"},"sameAs":["http:\/\/www.pluskata.pl","https:\/\/www.facebook.com\/pluskata"]}]}},"_links":{"self":[{"href":"https:\/\/pluskata.pl\/www\/wp-json\/wp\/v2\/pages\/2407","targetHints":{"allow":["GET"]}}],"collection":[{"href":"https:\/\/pluskata.pl\/www\/wp-json\/wp\/v2\/pages"}],"about":[{"href":"https:\/\/pluskata.pl\/www\/wp-json\/wp\/v2\/types\/page"}],"author":[{"embeddable":true,"href":"https:\/\/pluskata.pl\/www\/wp-json\/wp\/v2\/users\/1"}],"replies":[{"embeddable":true,"href":"https:\/\/pluskata.pl\/www\/wp-json\/wp\/v2\/comments?post=2407"}],"version-history":[{"count":0,"href":"https:\/\/pluskata.pl\/www\/wp-json\/wp\/v2\/pages\/2407\/revisions"}],"up":[{"embeddable":true,"href":"https:\/\/pluskata.pl\/www\/wp-json\/wp\/v2\/pages\/1605"}],"wp:featuredmedia":[{"embeddable":true,"href":"https:\/\/pluskata.pl\/www\/wp-json\/wp\/v2\/media\/2415"}],"wp:attachment":[{"href":"https:\/\/pluskata.pl\/www\/wp-json\/wp\/v2\/media?parent=2407"}],"curies":[{"name":"wp","href":"https:\/\/api.w.org\/{rel}","templated":true}]}}