{"id":2211,"date":"2022-07-25T14:48:12","date_gmt":"2022-07-25T12:48:12","guid":{"rendered":"https:\/\/pluskata.pl\/www\/?page_id=2211"},"modified":"2022-09-08T12:36:06","modified_gmt":"2022-09-08T10:36:06","slug":"z-hawru-do-brestu-09-23-07-2022","status":"publish","type":"page","link":"https:\/\/pluskata.pl\/www\/pl\/rejsy-2022\/z-hawru-do-brestu-09-23-07-2022\/","title":{"rendered":"Z Hawru do Brestu 09-23.07.2022"},"content":{"rendered":"<p><a href=\"https:\/\/pluskata.pl\/www\/pl\/rejsy-2022\/z-hawru-do-brestu-09-23-07-2022\/hawr-brest\/\"><img loading=\"lazy\" decoding=\"async\" class=\"alignnone wp-image-2223 size-large\" src=\"https:\/\/pluskata.pl\/www\/wp-content\/uploads\/2022\/07\/Hawr-Brest-1024x475.jpg\" alt=\"Hawr Brest\" width=\"1024\" height=\"475\" srcset=\"https:\/\/pluskata.pl\/www\/wp-content\/uploads\/2022\/07\/Hawr-Brest-1024x475.jpg 1024w, https:\/\/pluskata.pl\/www\/wp-content\/uploads\/2022\/07\/Hawr-Brest-300x139.jpg 300w, https:\/\/pluskata.pl\/www\/wp-content\/uploads\/2022\/07\/Hawr-Brest-768x356.jpg 768w, https:\/\/pluskata.pl\/www\/wp-content\/uploads\/2022\/07\/Hawr-Brest-1536x712.jpg 1536w, https:\/\/pluskata.pl\/www\/wp-content\/uploads\/2022\/07\/Hawr-Brest-150x70.jpg 150w, https:\/\/pluskata.pl\/www\/wp-content\/uploads\/2022\/07\/Hawr-Brest.jpg 1920w\" sizes=\"auto, (max-width: 1024px) 100vw, 1024px\" \/><\/a><\/p>\n<p><strong><span lang=\"en-US\">Teasa:<\/span><\/strong><b> <\/b>La Havre &#8211; Chreburg &#8211; Gernsey &#8211; Jersey &#8211; St. Malo &#8211; Saint Quay &#8211; Rostoff &#8211; Aber Wrac&#8217;H &#8211; Brest<br \/>\n<strong><span lang=\"en-US\">Termin: <\/span><\/strong><span lang=\"en-US\">09-23.07.2022<\/span><br \/>\n<strong><span lang=\"en-US\">Mile\/ godziny:<\/span><\/strong><b> <\/b><span lang=\"en-US\">385<\/span><span lang=\"en-US\">Mm\/<\/span><span lang=\"en-US\">81<\/span><span lang=\"en-US\">h<\/span><\/p>\n<p><strong>9-07-2022 sobota do Chreburga<\/strong><br \/>\nWychodzimy o 6:15. Odchodzimy w trzy osoby na decku. Na pocz\u0105tek wieje raczej s\u0142abo, ale z dobrego kierunku, Pogoda jest s\u0142oneczna, 18\u00b0C, morze g\u0142adkie, ca\u0142a za\u0142oga wylega na deck. \u015aniadanie jemy na decku.\u00a0 Po \u015bniadaniu wiatr odkr\u0119ca si\u0119 o 180\u00ba i znowu p\u0142yniemy po\u0142\u00f3wk\u0105, tyle, \u017ce z przeciwnego halsu, ale za to 15kn. Wiatrak, odzyska\u0142 swoje \u015bmigie\u0142ka (przyjecha\u0142y z kolejn\u0105 za\u0142og\u0105) niestety okazuje si\u0119 nie wywa\u017cony wi\u0119c go zatrzymujemy. Obiad jemy r\u00f3wnie\u017c w kokpicie. Na obiad zapiekanka warzywno \u2013 ziemniaczana. Bardzo smaczne. Po godzinie 15 wiatr tradycyjnie zdycha, a pr\u0105d jak to zwykle zmienia kierunek na przeciwny. W\u0142\u0105czamy silnik. Po 4 godzinach ko\u0144czy nam si\u0119 zbiornik paliwa, wi\u0119c prze\u0142\u0105czamy na inny. Przy okazji okazuje si\u0119, \u017ce woda w nie u\u017cywanym zbiorniku paliwa zbiera si\u0119 w odwadniaczu i silnik protestuje. Pracowicie usuwamy t\u0119 wod\u0119 \u2013 wychodzi tego 5 pojemniczk\u00f3w po serkach. Do Cherburga dop\u0142ywamy o 22:15. D\u0142ugo szukamy wolnego miejsca \u2013 wszystkie miejsca w Y-bomach go\u015bcinnych s\u0105 albo zaj\u0119te albo przegrodzone ta\u015bm\u0105. W ko\u0144cu cumujemy longside do ostatniego pomostu. Idziemy do biura mariny kt\u00f3re jest czynne o tej porze i p\u0142acimy za post\u00f3j. Zostajemy na 2 noce. Wieczorem opowie\u015bci przy lampce wina.<\/p>\n<p><strong>10-07-2022 niedziela Cherbourg<\/strong><br \/>\nPo \u015bniadaniu, umyciu pok\u0142adu i k\u0105pieli ruszamy na miasto.<\/p>\n<p><a href=\"https:\/\/pluskata.pl\/www\/pl\/rejsy-2022\/z-hawru-do-brestu-09-23-07-2022\/cherbourg-1\/\"><img loading=\"lazy\" decoding=\"async\" class=\"alignnone wp-image-2235 size-medium\" src=\"https:\/\/pluskata.pl\/www\/wp-content\/uploads\/2022\/07\/Cherbourg-1-300x200.jpg\" alt=\"Cherbourg\" width=\"300\" height=\"200\" srcset=\"https:\/\/pluskata.pl\/www\/wp-content\/uploads\/2022\/07\/Cherbourg-1-300x200.jpg 300w, https:\/\/pluskata.pl\/www\/wp-content\/uploads\/2022\/07\/Cherbourg-1-1024x684.jpg 1024w, https:\/\/pluskata.pl\/www\/wp-content\/uploads\/2022\/07\/Cherbourg-1-768x513.jpg 768w, https:\/\/pluskata.pl\/www\/wp-content\/uploads\/2022\/07\/Cherbourg-1-1536x1025.jpg 1536w, https:\/\/pluskata.pl\/www\/wp-content\/uploads\/2022\/07\/Cherbourg-1-2048x1367.jpg 2048w, https:\/\/pluskata.pl\/www\/wp-content\/uploads\/2022\/07\/Cherbourg-1-150x100.jpg 150w\" sizes=\"auto, (max-width: 300px) 100vw, 300px\" \/><\/a> <a href=\"https:\/\/pluskata.pl\/www\/pl\/rejsy-2022\/z-hawru-do-brestu-09-23-07-2022\/cherbourg-kosciol\/\"><img loading=\"lazy\" decoding=\"async\" class=\"alignnone wp-image-2236 size-medium\" src=\"https:\/\/pluskata.pl\/www\/wp-content\/uploads\/2022\/07\/Cherbourg-kosciol-300x200.jpg\" alt=\"Cherbourg kosciol\" width=\"300\" height=\"200\" srcset=\"https:\/\/pluskata.pl\/www\/wp-content\/uploads\/2022\/07\/Cherbourg-kosciol-300x200.jpg 300w, https:\/\/pluskata.pl\/www\/wp-content\/uploads\/2022\/07\/Cherbourg-kosciol-1024x683.jpg 1024w, https:\/\/pluskata.pl\/www\/wp-content\/uploads\/2022\/07\/Cherbourg-kosciol-768x512.jpg 768w, https:\/\/pluskata.pl\/www\/wp-content\/uploads\/2022\/07\/Cherbourg-kosciol-1536x1025.jpg 1536w, https:\/\/pluskata.pl\/www\/wp-content\/uploads\/2022\/07\/Cherbourg-kosciol-2048x1366.jpg 2048w, https:\/\/pluskata.pl\/www\/wp-content\/uploads\/2022\/07\/Cherbourg-kosciol-150x100.jpg 150w\" sizes=\"auto, (max-width: 300px) 100vw, 300px\" \/><\/a> <a href=\"https:\/\/pluskata.pl\/www\/pl\/rejsy-2022\/z-hawru-do-brestu-09-23-07-2022\/cherbourg-ulica\/\"><img loading=\"lazy\" decoding=\"async\" class=\"alignnone wp-image-2237 size-medium\" src=\"https:\/\/pluskata.pl\/www\/wp-content\/uploads\/2022\/07\/Cherbourg-ulica-300x200.jpg\" alt=\"Cherbourg ulica\" width=\"300\" height=\"200\" srcset=\"https:\/\/pluskata.pl\/www\/wp-content\/uploads\/2022\/07\/Cherbourg-ulica-300x200.jpg 300w, https:\/\/pluskata.pl\/www\/wp-content\/uploads\/2022\/07\/Cherbourg-ulica-1024x682.jpg 1024w, https:\/\/pluskata.pl\/www\/wp-content\/uploads\/2022\/07\/Cherbourg-ulica-768x512.jpg 768w, https:\/\/pluskata.pl\/www\/wp-content\/uploads\/2022\/07\/Cherbourg-ulica-1536x1024.jpg 1536w, https:\/\/pluskata.pl\/www\/wp-content\/uploads\/2022\/07\/Cherbourg-ulica-2048x1365.jpg 2048w, https:\/\/pluskata.pl\/www\/wp-content\/uploads\/2022\/07\/Cherbourg-ulica-150x100.jpg 150w\" sizes=\"auto, (max-width: 300px) 100vw, 300px\" \/><\/a> <a href=\"https:\/\/pluskata.pl\/www\/pl\/rejsy-2022\/z-hawru-do-brestu-09-23-07-2022\/cherbourg-marina\/\"><img loading=\"lazy\" decoding=\"async\" class=\"alignnone wp-image-2239 size-medium\" src=\"https:\/\/pluskata.pl\/www\/wp-content\/uploads\/2022\/07\/CHerbourg-marina-300x200.jpg\" alt=\"Cherbourg marina\" width=\"300\" height=\"200\" srcset=\"https:\/\/pluskata.pl\/www\/wp-content\/uploads\/2022\/07\/CHerbourg-marina-300x200.jpg 300w, https:\/\/pluskata.pl\/www\/wp-content\/uploads\/2022\/07\/CHerbourg-marina-1024x683.jpg 1024w, https:\/\/pluskata.pl\/www\/wp-content\/uploads\/2022\/07\/CHerbourg-marina-768x512.jpg 768w, https:\/\/pluskata.pl\/www\/wp-content\/uploads\/2022\/07\/CHerbourg-marina-1536x1024.jpg 1536w, https:\/\/pluskata.pl\/www\/wp-content\/uploads\/2022\/07\/CHerbourg-marina-2048x1365.jpg 2048w, https:\/\/pluskata.pl\/www\/wp-content\/uploads\/2022\/07\/CHerbourg-marina-150x100.jpg 150w\" sizes=\"auto, (max-width: 300px) 100vw, 300px\" \/><\/a> <a href=\"https:\/\/pluskata.pl\/www\/pl\/rejsy-2022\/z-hawru-do-brestu-09-23-07-2022\/cherbourg-muzeum\/\"><img loading=\"lazy\" decoding=\"async\" class=\"alignnone wp-image-2240 size-medium\" src=\"https:\/\/pluskata.pl\/www\/wp-content\/uploads\/2022\/07\/Cherbourg-muzeum-300x200.jpg\" alt=\"Cherbourg muzeum\" width=\"300\" height=\"200\" srcset=\"https:\/\/pluskata.pl\/www\/wp-content\/uploads\/2022\/07\/Cherbourg-muzeum-300x200.jpg 300w, https:\/\/pluskata.pl\/www\/wp-content\/uploads\/2022\/07\/Cherbourg-muzeum-1024x683.jpg 1024w, https:\/\/pluskata.pl\/www\/wp-content\/uploads\/2022\/07\/Cherbourg-muzeum-768x512.jpg 768w, https:\/\/pluskata.pl\/www\/wp-content\/uploads\/2022\/07\/Cherbourg-muzeum-1536x1024.jpg 1536w, https:\/\/pluskata.pl\/www\/wp-content\/uploads\/2022\/07\/Cherbourg-muzeum-2048x1366.jpg 2048w, https:\/\/pluskata.pl\/www\/wp-content\/uploads\/2022\/07\/Cherbourg-muzeum-150x100.jpg 150w\" sizes=\"auto, (max-width: 300px) 100vw, 300px\" \/><\/a><\/p>\n<p>Zwiedzamy katedr\u0119, wdrapujemy si\u0119 na g\u00f3r\u0119 do fortu, sk\u0105d podziwiamy widok na miasto i idziemy do muzeum morskiego. Tam ogl\u0105damy kolekcj\u0119 pojazd\u00f3w podwodnych i wracamy na jacht. Dorota, kt\u00f3ra wr\u00f3ci\u0142a wcze\u015bniej ju\u017c zacz\u0119\u0142a przygotowywa\u0107 obiad. Do obiadu lampka bia\u0142ego wina. Po obiedzie zdejmujemy wiatrak i pr\u00f3bujemy znale\u017a\u0107 przyczyn\u0119 z\u0142ego wywa\u017cenia. Po 2 godzinach walki w ko\u0144cu si\u0119 udaje i wiatrak wraca na swoje miejsce. Marina zape\u0142nia si\u0119 \u0142\u00f3dkami regatowymi \u2013 za tydzie\u0144 maj\u0105 by\u0107 regaty. Jachty regatowe s\u0105 jednokad\u0142ubowe, katamarany i trimarany. Ka\u017cdy obklejony numerem i kolorowymi nalepkami<\/p>\n<p><strong>11-07-2022 poniedzia\u0142ek Gernsey<\/strong><br \/>\nWyp\u0142ywamy o 7:15. Pr\u0105d jest w dobr\u0105 stron\u0119, ale wiatru jak na lekarstwo. P\u0142yniemy na silniku. Przed Guernsey wiatr wzrasta na tyle, \u017ce stawiamy \u017cagle. Zauwa\u017camy du\u017ce dmuchane ko\u0142o, wi\u0119c robimy podej\u015bcie do ko\u0142a \u2013 mamy kolejny skarb.<\/p>\n<p><a href=\"https:\/\/pluskata.pl\/www\/pl\/rejsy-2022\/z-hawru-do-brestu-09-23-07-2022\/do-guernsey\/\"><img loading=\"lazy\" decoding=\"async\" class=\"alignnone wp-image-2241 size-medium\" src=\"https:\/\/pluskata.pl\/www\/wp-content\/uploads\/2022\/07\/Do-Guernsey-300x225.jpg\" alt=\"Do Guernsey\" width=\"300\" height=\"225\" srcset=\"https:\/\/pluskata.pl\/www\/wp-content\/uploads\/2022\/07\/Do-Guernsey-300x225.jpg 300w, https:\/\/pluskata.pl\/www\/wp-content\/uploads\/2022\/07\/Do-Guernsey-1024x768.jpg 1024w, https:\/\/pluskata.pl\/www\/wp-content\/uploads\/2022\/07\/Do-Guernsey-768x576.jpg 768w, https:\/\/pluskata.pl\/www\/wp-content\/uploads\/2022\/07\/Do-Guernsey-1536x1152.jpg 1536w, https:\/\/pluskata.pl\/www\/wp-content\/uploads\/2022\/07\/Do-Guernsey-2048x1536.jpg 2048w, https:\/\/pluskata.pl\/www\/wp-content\/uploads\/2022\/07\/Do-Guernsey-150x112.jpg 150w\" sizes=\"auto, (max-width: 300px) 100vw, 300px\" \/><\/a> <a href=\"https:\/\/pluskata.pl\/www\/pl\/rejsy-2022\/z-hawru-do-brestu-09-23-07-2022\/wylowione-kolo\/\"><img loading=\"lazy\" decoding=\"async\" class=\"alignnone wp-image-2242 size-medium\" src=\"https:\/\/pluskata.pl\/www\/wp-content\/uploads\/2022\/07\/Wylowione-kolo-300x225.jpg\" alt=\"Wylowione kolo\" width=\"300\" height=\"225\" srcset=\"https:\/\/pluskata.pl\/www\/wp-content\/uploads\/2022\/07\/Wylowione-kolo-300x225.jpg 300w, https:\/\/pluskata.pl\/www\/wp-content\/uploads\/2022\/07\/Wylowione-kolo-1024x768.jpg 1024w, https:\/\/pluskata.pl\/www\/wp-content\/uploads\/2022\/07\/Wylowione-kolo-768x576.jpg 768w\" sizes=\"auto, (max-width: 300px) 100vw, 300px\" \/><\/a> <a href=\"https:\/\/pluskata.pl\/www\/pl\/rejsy-2022\/z-hawru-do-brestu-09-23-07-2022\/posilek\/\"><img loading=\"lazy\" decoding=\"async\" class=\"alignnone wp-image-2305 size-medium\" src=\"https:\/\/pluskata.pl\/www\/wp-content\/uploads\/2022\/07\/Posilek-300x225.jpg\" alt=\"Posi\u0142ek\" width=\"300\" height=\"225\" srcset=\"https:\/\/pluskata.pl\/www\/wp-content\/uploads\/2022\/07\/Posilek-300x225.jpg 300w, https:\/\/pluskata.pl\/www\/wp-content\/uploads\/2022\/07\/Posilek-1024x768.jpg 1024w, https:\/\/pluskata.pl\/www\/wp-content\/uploads\/2022\/07\/Posilek-768x576.jpg 768w, https:\/\/pluskata.pl\/www\/wp-content\/uploads\/2022\/07\/Posilek-1536x1152.jpg 1536w, https:\/\/pluskata.pl\/www\/wp-content\/uploads\/2022\/07\/Posilek-2048x1536.jpg 2048w, https:\/\/pluskata.pl\/www\/wp-content\/uploads\/2022\/07\/Posilek-150x113.jpg 150w\" sizes=\"auto, (max-width: 300px) 100vw, 300px\" \/><\/a><br \/>\n\u015arednia pr\u0119dko\u015b\u0107 wychodzi nam 5,5kn. Do Guernsey dochodzimy o 15. Podp\u0142ywa do nas motor\u00f3wka z obs\u0142ugi mariny i pokazuje gdzie mamy zacumowa\u0107, \u017ceby poczeka\u0107 na wpuszczenie do mariny i daje zg\u0142oszenie wej\u015bcia do wype\u0142nienia. Jest 2 godziny przed wysok\u0105 wod\u0105, wi\u0119c teoretycznie powinni wpuszcza\u0107, ale na miejsce czeka ok 20 jacht\u00f3w. Obs\u0142uga mariny po kolei rozprowadza jachty po marinie. Na motor\u00f3wkach s\u0105 monitory na kt\u00f3rych wy\u015bwietlaj\u0105 wolne i zaj\u0119te miejsca. Wywieszamy \u017c\u00f3\u0142t\u0105 flag\u0119. Czekamy na wprowadzenie 2 godziny, ale w ko\u0144cu cumujemy w marinie. Id\u0119 zap\u0142aci\u0107, a po drodze wrzucam zg\u0142oszenie do \u017c\u00f3\u0142tej skrzynki customs. Za pr\u0105d p\u0142aci si\u0119 2\u00a3 a reszta w cenie (woda, prysznice, toalety). Dostajemy kod do WiFi i prysznicy. W umywalkach s\u0105 2 krany \u2013 oba przyciskane, ale prysznice maj\u0105 baterie termostatowane. Ruszamy na spacer po mie\u015bcie.<\/p>\n<p><a href=\"https:\/\/pluskata.pl\/www\/pl\/rejsy-2022\/z-hawru-do-brestu-09-23-07-2022\/guerney-skrzynka-pocztowa\/\"><img loading=\"lazy\" decoding=\"async\" class=\"alignnone wp-image-2243 size-medium\" src=\"https:\/\/pluskata.pl\/www\/wp-content\/uploads\/2022\/07\/Guerney-skrzynka-pocztowa-300x225.jpg\" alt=\"Guerney skrzynka pocztowa\" width=\"300\" height=\"225\" srcset=\"https:\/\/pluskata.pl\/www\/wp-content\/uploads\/2022\/07\/Guerney-skrzynka-pocztowa-300x225.jpg 300w, https:\/\/pluskata.pl\/www\/wp-content\/uploads\/2022\/07\/Guerney-skrzynka-pocztowa-1024x768.jpg 1024w, https:\/\/pluskata.pl\/www\/wp-content\/uploads\/2022\/07\/Guerney-skrzynka-pocztowa-768x576.jpg 768w, https:\/\/pluskata.pl\/www\/wp-content\/uploads\/2022\/07\/Guerney-skrzynka-pocztowa-1536x1152.jpg 1536w, https:\/\/pluskata.pl\/www\/wp-content\/uploads\/2022\/07\/Guerney-skrzynka-pocztowa-2048x1536.jpg 2048w, https:\/\/pluskata.pl\/www\/wp-content\/uploads\/2022\/07\/Guerney-skrzynka-pocztowa-150x113.jpg 150w\" sizes=\"auto, (max-width: 300px) 100vw, 300px\" \/><\/a> <a href=\"https:\/\/pluskata.pl\/www\/pl\/rejsy-2022\/z-hawru-do-brestu-09-23-07-2022\/guernsey-lawka\/\"><img loading=\"lazy\" decoding=\"async\" class=\"alignnone wp-image-2249 size-medium\" src=\"https:\/\/pluskata.pl\/www\/wp-content\/uploads\/2022\/07\/Guernsey-lawka-300x225.jpg\" alt=\"Guernsey \u0142awka\" width=\"300\" height=\"225\" srcset=\"https:\/\/pluskata.pl\/www\/wp-content\/uploads\/2022\/07\/Guernsey-lawka-300x225.jpg 300w, https:\/\/pluskata.pl\/www\/wp-content\/uploads\/2022\/07\/Guernsey-lawka-1024x768.jpg 1024w, https:\/\/pluskata.pl\/www\/wp-content\/uploads\/2022\/07\/Guernsey-lawka-768x576.jpg 768w, https:\/\/pluskata.pl\/www\/wp-content\/uploads\/2022\/07\/Guernsey-lawka-1536x1152.jpg 1536w, https:\/\/pluskata.pl\/www\/wp-content\/uploads\/2022\/07\/Guernsey-lawka-2048x1536.jpg 2048w, https:\/\/pluskata.pl\/www\/wp-content\/uploads\/2022\/07\/Guernsey-lawka-150x113.jpg 150w\" sizes=\"auto, (max-width: 300px) 100vw, 300px\" \/><\/a> <a href=\"https:\/\/pluskata.pl\/www\/pl\/rejsy-2022\/z-hawru-do-brestu-09-23-07-2022\/guerney-ulica\/\"><img loading=\"lazy\" decoding=\"async\" class=\"alignnone wp-image-2248 size-medium\" src=\"https:\/\/pluskata.pl\/www\/wp-content\/uploads\/2022\/07\/Guerney-ulica-300x225.jpg\" alt=\"Guerney ulica\" width=\"300\" height=\"225\" srcset=\"https:\/\/pluskata.pl\/www\/wp-content\/uploads\/2022\/07\/Guerney-ulica-300x225.jpg 300w, https:\/\/pluskata.pl\/www\/wp-content\/uploads\/2022\/07\/Guerney-ulica-1024x768.jpg 1024w, https:\/\/pluskata.pl\/www\/wp-content\/uploads\/2022\/07\/Guerney-ulica-768x576.jpg 768w, https:\/\/pluskata.pl\/www\/wp-content\/uploads\/2022\/07\/Guerney-ulica-1536x1151.jpg 1536w, https:\/\/pluskata.pl\/www\/wp-content\/uploads\/2022\/07\/Guerney-ulica-2048x1535.jpg 2048w, https:\/\/pluskata.pl\/www\/wp-content\/uploads\/2022\/07\/Guerney-ulica-150x112.jpg 150w\" sizes=\"auto, (max-width: 300px) 100vw, 300px\" \/><\/a> <a href=\"https:\/\/pluskata.pl\/www\/pl\/rejsy-2022\/z-hawru-do-brestu-09-23-07-2022\/guernsey-park\/\"><img loading=\"lazy\" decoding=\"async\" class=\"alignnone wp-image-2247 size-medium\" src=\"https:\/\/pluskata.pl\/www\/wp-content\/uploads\/2022\/07\/Guernsey-park-300x225.jpg\" alt=\"Guernsey park\" width=\"300\" height=\"225\" srcset=\"https:\/\/pluskata.pl\/www\/wp-content\/uploads\/2022\/07\/Guernsey-park-300x225.jpg 300w, https:\/\/pluskata.pl\/www\/wp-content\/uploads\/2022\/07\/Guernsey-park-1024x769.jpg 1024w, https:\/\/pluskata.pl\/www\/wp-content\/uploads\/2022\/07\/Guernsey-park-768x576.jpg 768w, https:\/\/pluskata.pl\/www\/wp-content\/uploads\/2022\/07\/Guernsey-park-1536x1153.jpg 1536w, https:\/\/pluskata.pl\/www\/wp-content\/uploads\/2022\/07\/Guernsey-park-2048x1537.jpg 2048w, https:\/\/pluskata.pl\/www\/wp-content\/uploads\/2022\/07\/Guernsey-park-150x113.jpg 150w\" sizes=\"auto, (max-width: 300px) 100vw, 300px\" \/><\/a> <a href=\"https:\/\/pluskata.pl\/www\/pl\/rejsy-2022\/z-hawru-do-brestu-09-23-07-2022\/guernsey-szkola\/\"><img loading=\"lazy\" decoding=\"async\" class=\"alignnone wp-image-2246 size-medium\" src=\"https:\/\/pluskata.pl\/www\/wp-content\/uploads\/2022\/07\/Guernsey-szkola-300x225.jpg\" alt=\"Guernsey szko\u0142a\" width=\"300\" height=\"225\" srcset=\"https:\/\/pluskata.pl\/www\/wp-content\/uploads\/2022\/07\/Guernsey-szkola-300x225.jpg 300w, https:\/\/pluskata.pl\/www\/wp-content\/uploads\/2022\/07\/Guernsey-szkola-1024x769.jpg 1024w, https:\/\/pluskata.pl\/www\/wp-content\/uploads\/2022\/07\/Guernsey-szkola-768x577.jpg 768w, https:\/\/pluskata.pl\/www\/wp-content\/uploads\/2022\/07\/Guernsey-szkola-1536x1154.jpg 1536w, https:\/\/pluskata.pl\/www\/wp-content\/uploads\/2022\/07\/Guernsey-szkola-150x113.jpg 150w, https:\/\/pluskata.pl\/www\/wp-content\/uploads\/2022\/07\/Guernsey-szkola.jpg 1957w\" sizes=\"auto, (max-width: 300px) 100vw, 300px\" \/><\/a> <a href=\"https:\/\/pluskata.pl\/www\/pl\/rejsy-2022\/z-hawru-do-brestu-09-23-07-2022\/guernsay-zamek\/\"><img loading=\"lazy\" decoding=\"async\" class=\"alignnone wp-image-2245 size-medium\" src=\"https:\/\/pluskata.pl\/www\/wp-content\/uploads\/2022\/07\/Guernsay-zamek-300x225.jpg\" alt=\"Guernsay zamek\" width=\"300\" height=\"225\" srcset=\"https:\/\/pluskata.pl\/www\/wp-content\/uploads\/2022\/07\/Guernsay-zamek-300x225.jpg 300w, https:\/\/pluskata.pl\/www\/wp-content\/uploads\/2022\/07\/Guernsay-zamek-1024x768.jpg 1024w, https:\/\/pluskata.pl\/www\/wp-content\/uploads\/2022\/07\/Guernsay-zamek-768x576.jpg 768w, https:\/\/pluskata.pl\/www\/wp-content\/uploads\/2022\/07\/Guernsay-zamek-1536x1152.jpg 1536w, https:\/\/pluskata.pl\/www\/wp-content\/uploads\/2022\/07\/Guernsay-zamek-2048x1536.jpg 2048w, https:\/\/pluskata.pl\/www\/wp-content\/uploads\/2022\/07\/Guernsay-zamek-150x113.jpg 150w\" sizes=\"auto, (max-width: 300px) 100vw, 300px\" \/><\/a> <a href=\"https:\/\/pluskata.pl\/www\/pl\/rejsy-2022\/z-hawru-do-brestu-09-23-07-2022\/guernsey\/\"><img loading=\"lazy\" decoding=\"async\" class=\"alignnone wp-image-2244 size-medium\" src=\"https:\/\/pluskata.pl\/www\/wp-content\/uploads\/2022\/07\/Guernsey-300x225.jpg\" alt=\"Guernsey\" width=\"300\" height=\"225\" srcset=\"https:\/\/pluskata.pl\/www\/wp-content\/uploads\/2022\/07\/Guernsey-300x225.jpg 300w, https:\/\/pluskata.pl\/www\/wp-content\/uploads\/2022\/07\/Guernsey-1024x767.jpg 1024w, https:\/\/pluskata.pl\/www\/wp-content\/uploads\/2022\/07\/Guernsey-768x576.jpg 768w, https:\/\/pluskata.pl\/www\/wp-content\/uploads\/2022\/07\/Guernsey-1536x1151.jpg 1536w, https:\/\/pluskata.pl\/www\/wp-content\/uploads\/2022\/07\/Guernsey-2048x1535.jpg 2048w, https:\/\/pluskata.pl\/www\/wp-content\/uploads\/2022\/07\/Guernsey-150x112.jpg 150w\" sizes=\"auto, (max-width: 300px) 100vw, 300px\" \/><\/a><\/p>\n<p>Miasto jest staro\u017cytne, kamienice maj\u0105 wy\u0142o\u017cone elewacje kamieniem, a ulice s\u0105 czyste. Obowi\u0105zuje ruch lewostronny. Wracamy na jacht na podwieczorek. Po podwieczorku idziemy zwiedza\u0107 zamek Cornet ko\u0142o mariny i sprawdzamy cen\u0119 paliwa.<br \/>\nWieczorem na niskiej wodzie ogl\u0105damy wej\u015bcie do mariny \u2013 w g\u0142\u00f3wkach jest du\u017cy betonowy blok i pr\u00f3g \u2013 wszystko ponad wod\u0105 \u2013 t\u0119dy nie da si\u0119 teraz ani wej\u015b\u0107 ani wyj\u015b\u0107.<\/p>\n<p><strong>12-07-2022 wtorek do Jersey<\/strong><br \/>\nRano \u015bniadanie o 7:30 (lokalnego czasu) \u2013 jeste\u015bmy prawie 3 godziny po wysokiej wodzie, wi\u0119c zaraz po \u015bniadaniu wychodzimy, pod kilem mamy 3 metry. Podp\u0142ywamy do stacji benzynowej \u2013 jest czynna. Wychodzimy w morze o 9:15. Po \u00bd godziny i kawie stawiamy \u017cagle. P\u0142yniemy 4kn przy wietrze 8kn. Fal nie ma a s\u0142o\u0144ce \u015bwieci, wi\u0119c w\u0142\u0105czamy pralk\u0119. Pranie rozwieszamy na suszarce na rufie i pierzemy kolejn\u0105 parti\u0119. Tej ju\u017c nie zd\u0105\u017camy powiesi\u0107 przed wej\u015bciem do portu. Do mariny St. Heiler na Jersey wchodzimy o 16:15. Stajemy na miejscu dla go\u015bci przy samym wej\u015bciu do mariny. Tym razem nie chc\u0105 \u017cadnej deklaracji a pani w biurze wystarczaj\u0105 przepisane numery paszport\u00f3w.<\/p>\n<p><a href=\"https:\/\/pluskata.pl\/www\/pl\/rejsy-2022\/z-hawru-do-brestu-09-23-07-2022\/jersey\/\"><img loading=\"lazy\" decoding=\"async\" class=\"alignnone wp-image-2250 size-medium\" src=\"https:\/\/pluskata.pl\/www\/wp-content\/uploads\/2022\/07\/Jersey-300x208.jpg\" alt=\"Jersey\" width=\"300\" height=\"208\" srcset=\"https:\/\/pluskata.pl\/www\/wp-content\/uploads\/2022\/07\/Jersey-300x208.jpg 300w, https:\/\/pluskata.pl\/www\/wp-content\/uploads\/2022\/07\/Jersey-1024x710.jpg 1024w, https:\/\/pluskata.pl\/www\/wp-content\/uploads\/2022\/07\/Jersey-768x532.jpg 768w, https:\/\/pluskata.pl\/www\/wp-content\/uploads\/2022\/07\/Jersey-1536x1065.jpg 1536w, https:\/\/pluskata.pl\/www\/wp-content\/uploads\/2022\/07\/Jersey-2048x1420.jpg 2048w, https:\/\/pluskata.pl\/www\/wp-content\/uploads\/2022\/07\/Jersey-150x104.jpg 150w\" sizes=\"auto, (max-width: 300px) 100vw, 300px\" \/><\/a> <a href=\"https:\/\/pluskata.pl\/www\/pl\/rejsy-2022\/z-hawru-do-brestu-09-23-07-2022\/jersey-zaba\/\"><img loading=\"lazy\" decoding=\"async\" class=\"alignnone wp-image-2256 size-medium\" src=\"https:\/\/pluskata.pl\/www\/wp-content\/uploads\/2022\/07\/Jersey-zaba-300x200.jpg\" alt=\"Jersey \u017caba\" width=\"300\" height=\"200\" srcset=\"https:\/\/pluskata.pl\/www\/wp-content\/uploads\/2022\/07\/Jersey-zaba-300x200.jpg 300w, https:\/\/pluskata.pl\/www\/wp-content\/uploads\/2022\/07\/Jersey-zaba-1024x683.jpg 1024w, https:\/\/pluskata.pl\/www\/wp-content\/uploads\/2022\/07\/Jersey-zaba-768x513.jpg 768w, https:\/\/pluskata.pl\/www\/wp-content\/uploads\/2022\/07\/Jersey-zaba-1536x1025.jpg 1536w, https:\/\/pluskata.pl\/www\/wp-content\/uploads\/2022\/07\/Jersey-zaba-2048x1367.jpg 2048w, https:\/\/pluskata.pl\/www\/wp-content\/uploads\/2022\/07\/Jersey-zaba-150x100.jpg 150w\" sizes=\"auto, (max-width: 300px) 100vw, 300px\" \/><\/a> <a href=\"https:\/\/pluskata.pl\/www\/pl\/rejsy-2022\/z-hawru-do-brestu-09-23-07-2022\/jersey-klomb\/\"><img loading=\"lazy\" decoding=\"async\" class=\"alignnone wp-image-2255 size-medium\" src=\"https:\/\/pluskata.pl\/www\/wp-content\/uploads\/2022\/07\/Jersey-klomb-300x200.jpg\" alt=\"Jersey klomb\" width=\"300\" height=\"200\" srcset=\"https:\/\/pluskata.pl\/www\/wp-content\/uploads\/2022\/07\/Jersey-klomb-300x200.jpg 300w, https:\/\/pluskata.pl\/www\/wp-content\/uploads\/2022\/07\/Jersey-klomb-1024x683.jpg 1024w, https:\/\/pluskata.pl\/www\/wp-content\/uploads\/2022\/07\/Jersey-klomb-768x512.jpg 768w, https:\/\/pluskata.pl\/www\/wp-content\/uploads\/2022\/07\/Jersey-klomb-1536x1024.jpg 1536w, https:\/\/pluskata.pl\/www\/wp-content\/uploads\/2022\/07\/Jersey-klomb-2048x1365.jpg 2048w, https:\/\/pluskata.pl\/www\/wp-content\/uploads\/2022\/07\/Jersey-klomb-150x100.jpg 150w\" sizes=\"auto, (max-width: 300px) 100vw, 300px\" \/><\/a> <a href=\"https:\/\/pluskata.pl\/www\/pl\/rejsy-2022\/z-hawru-do-brestu-09-23-07-2022\/jersey-garaz\/\"><img loading=\"lazy\" decoding=\"async\" class=\"alignnone wp-image-2254 size-medium\" src=\"https:\/\/pluskata.pl\/www\/wp-content\/uploads\/2022\/07\/Jersey-garaz-300x200.jpg\" alt=\"Jersey gara\u017c\" width=\"300\" height=\"200\" srcset=\"https:\/\/pluskata.pl\/www\/wp-content\/uploads\/2022\/07\/Jersey-garaz-300x200.jpg 300w, https:\/\/pluskata.pl\/www\/wp-content\/uploads\/2022\/07\/Jersey-garaz-1024x683.jpg 1024w, https:\/\/pluskata.pl\/www\/wp-content\/uploads\/2022\/07\/Jersey-garaz-768x512.jpg 768w, https:\/\/pluskata.pl\/www\/wp-content\/uploads\/2022\/07\/Jersey-garaz-1536x1024.jpg 1536w, https:\/\/pluskata.pl\/www\/wp-content\/uploads\/2022\/07\/Jersey-garaz-2048x1365.jpg 2048w\" sizes=\"auto, (max-width: 300px) 100vw, 300px\" \/><\/a> <a href=\"https:\/\/pluskata.pl\/www\/pl\/rejsy-2022\/z-hawru-do-brestu-09-23-07-2022\/jersey-targowisko\/\"><img loading=\"lazy\" decoding=\"async\" class=\"alignnone wp-image-2253 size-medium\" src=\"https:\/\/pluskata.pl\/www\/wp-content\/uploads\/2022\/07\/Jersey-targowisko-300x200.jpg\" alt=\"Jersey targowisko\" width=\"300\" height=\"200\" srcset=\"https:\/\/pluskata.pl\/www\/wp-content\/uploads\/2022\/07\/Jersey-targowisko-300x200.jpg 300w, https:\/\/pluskata.pl\/www\/wp-content\/uploads\/2022\/07\/Jersey-targowisko-1024x682.jpg 1024w, https:\/\/pluskata.pl\/www\/wp-content\/uploads\/2022\/07\/Jersey-targowisko-768x512.jpg 768w, https:\/\/pluskata.pl\/www\/wp-content\/uploads\/2022\/07\/Jersey-targowisko-1536x1024.jpg 1536w, https:\/\/pluskata.pl\/www\/wp-content\/uploads\/2022\/07\/Jersey-targowisko-2048x1365.jpg 2048w, https:\/\/pluskata.pl\/www\/wp-content\/uploads\/2022\/07\/Jersey-targowisko-150x100.jpg 150w\" sizes=\"auto, (max-width: 300px) 100vw, 300px\" \/><\/a> <a href=\"https:\/\/pluskata.pl\/www\/pl\/rejsy-2022\/z-hawru-do-brestu-09-23-07-2022\/jersey-ulica\/\"><img loading=\"lazy\" decoding=\"async\" class=\"alignnone wp-image-2252 size-medium\" src=\"https:\/\/pluskata.pl\/www\/wp-content\/uploads\/2022\/07\/Jersey-ulica-300x200.jpg\" alt=\"Jersey ulica\" width=\"300\" height=\"200\" srcset=\"https:\/\/pluskata.pl\/www\/wp-content\/uploads\/2022\/07\/Jersey-ulica-300x200.jpg 300w, https:\/\/pluskata.pl\/www\/wp-content\/uploads\/2022\/07\/Jersey-ulica-1024x683.jpg 1024w, https:\/\/pluskata.pl\/www\/wp-content\/uploads\/2022\/07\/Jersey-ulica-768x512.jpg 768w, https:\/\/pluskata.pl\/www\/wp-content\/uploads\/2022\/07\/Jersey-ulica-1536x1024.jpg 1536w, https:\/\/pluskata.pl\/www\/wp-content\/uploads\/2022\/07\/Jersey-ulica-2048x1365.jpg 2048w, https:\/\/pluskata.pl\/www\/wp-content\/uploads\/2022\/07\/Jersey-ulica-150x100.jpg 150w\" sizes=\"auto, (max-width: 300px) 100vw, 300px\" \/><\/a> <a href=\"https:\/\/pluskata.pl\/www\/pl\/rejsy-2022\/z-hawru-do-brestu-09-23-07-2022\/jersey-fontanna\/\"><img loading=\"lazy\" decoding=\"async\" class=\"alignnone wp-image-2251 size-medium\" src=\"https:\/\/pluskata.pl\/www\/wp-content\/uploads\/2022\/07\/Jersey-fontanna-300x200.jpg\" alt=\"Jersey fontanna\" width=\"300\" height=\"200\" srcset=\"https:\/\/pluskata.pl\/www\/wp-content\/uploads\/2022\/07\/Jersey-fontanna-300x200.jpg 300w, https:\/\/pluskata.pl\/www\/wp-content\/uploads\/2022\/07\/Jersey-fontanna-1024x683.jpg 1024w, https:\/\/pluskata.pl\/www\/wp-content\/uploads\/2022\/07\/Jersey-fontanna-768x512.jpg 768w\" sizes=\"auto, (max-width: 300px) 100vw, 300px\" \/><\/a><\/p>\n<p>Wieszamy kolejne pranie i idziemy zwiedza\u0107 miasto. Jest wi\u0119ksze ni\u017c St. Peter na Guernsey i bardziej \u201emiejskie\u201d. Wi\u0119cej \u015bwiate\u0142 na przej\u015bciach, domy bardziej \u201enowoczesne\u201d po zwiedzeniu miasta idziemy na piwo z muzyk\u0105 na \u017cywo. Wieczorem jak wracamy na jacht jest niska woda i ogl\u0105damy jachty stoj\u0105ce w mule z r\u00f3wnymi rodzajami podp\u00f3rek.<\/p>\n<p><strong>13-07-2022 \u015broda Jersey<\/strong><br \/>\nRano po \u015bniadaniu ruszamy na wycieczk\u0119 do zamku. Idziemy na piechot\u0119 chodnikiem, kt\u00f3ry w\u0142a\u015bnie wychodzi z wody.<\/p>\n<p><a href=\"https:\/\/pluskata.pl\/www\/pl\/rejsy-2022\/z-hawru-do-brestu-09-23-07-2022\/jersey-zamek\/\"><img loading=\"lazy\" decoding=\"async\" class=\"alignnone wp-image-2257 size-medium\" src=\"https:\/\/pluskata.pl\/www\/wp-content\/uploads\/2022\/07\/Jersey-zamek-300x187.jpg\" alt=\"Jersey zamek\" width=\"300\" height=\"187\" srcset=\"https:\/\/pluskata.pl\/www\/wp-content\/uploads\/2022\/07\/Jersey-zamek-300x187.jpg 300w, https:\/\/pluskata.pl\/www\/wp-content\/uploads\/2022\/07\/Jersey-zamek-1024x638.jpg 1024w, https:\/\/pluskata.pl\/www\/wp-content\/uploads\/2022\/07\/Jersey-zamek-768x478.jpg 768w, https:\/\/pluskata.pl\/www\/wp-content\/uploads\/2022\/07\/Jersey-zamek-1536x957.jpg 1536w, https:\/\/pluskata.pl\/www\/wp-content\/uploads\/2022\/07\/Jersey-zamek-2048x1276.jpg 2048w, https:\/\/pluskata.pl\/www\/wp-content\/uploads\/2022\/07\/Jersey-zamek-150x93.jpg 150w\" sizes=\"auto, (max-width: 300px) 100vw, 300px\" \/><\/a> <a href=\"https:\/\/pluskata.pl\/www\/pl\/rejsy-2022\/z-hawru-do-brestu-09-23-07-2022\/jersey-amfibia\/\"><img loading=\"lazy\" decoding=\"async\" class=\"alignnone wp-image-2258 size-medium\" src=\"https:\/\/pluskata.pl\/www\/wp-content\/uploads\/2022\/07\/Jersey-amfibia-300x200.jpg\" alt=\"Jersey amfibia\" width=\"300\" height=\"200\" srcset=\"https:\/\/pluskata.pl\/www\/wp-content\/uploads\/2022\/07\/Jersey-amfibia-300x200.jpg 300w, https:\/\/pluskata.pl\/www\/wp-content\/uploads\/2022\/07\/Jersey-amfibia-1024x682.jpg 1024w, https:\/\/pluskata.pl\/www\/wp-content\/uploads\/2022\/07\/Jersey-amfibia-768x511.jpg 768w\" sizes=\"auto, (max-width: 300px) 100vw, 300px\" \/><\/a> <a href=\"https:\/\/pluskata.pl\/www\/pl\/rejsy-2022\/z-hawru-do-brestu-09-23-07-2022\/jersey-droga-do-zamku\/\"><img loading=\"lazy\" decoding=\"async\" class=\"alignnone wp-image-2259 size-medium\" src=\"https:\/\/pluskata.pl\/www\/wp-content\/uploads\/2022\/07\/Jersey-droga-do-zamku-300x200.jpg\" alt=\"Jersey droga do zamku\" width=\"300\" height=\"200\" srcset=\"https:\/\/pluskata.pl\/www\/wp-content\/uploads\/2022\/07\/Jersey-droga-do-zamku-300x200.jpg 300w, https:\/\/pluskata.pl\/www\/wp-content\/uploads\/2022\/07\/Jersey-droga-do-zamku-1024x682.jpg 1024w, https:\/\/pluskata.pl\/www\/wp-content\/uploads\/2022\/07\/Jersey-droga-do-zamku-768x512.jpg 768w, https:\/\/pluskata.pl\/www\/wp-content\/uploads\/2022\/07\/Jersey-droga-do-zamku-1536x1023.jpg 1536w, https:\/\/pluskata.pl\/www\/wp-content\/uploads\/2022\/07\/Jersey-droga-do-zamku-2048x1365.jpg 2048w, https:\/\/pluskata.pl\/www\/wp-content\/uploads\/2022\/07\/Jersey-droga-do-zamku-150x100.jpg 150w\" sizes=\"auto, (max-width: 300px) 100vw, 300px\" \/><\/a> <a href=\"https:\/\/pluskata.pl\/www\/pl\/rejsy-2022\/z-hawru-do-brestu-09-23-07-2022\/jersey-przystanek-amfibii\/\"><img loading=\"lazy\" decoding=\"async\" class=\"alignnone wp-image-2260 size-medium\" src=\"https:\/\/pluskata.pl\/www\/wp-content\/uploads\/2022\/07\/Jersey-przystanek-amfibii-300x200.jpg\" alt=\"Jersey przystanek amfibii\" width=\"300\" height=\"200\" srcset=\"https:\/\/pluskata.pl\/www\/wp-content\/uploads\/2022\/07\/Jersey-przystanek-amfibii-300x200.jpg 300w, https:\/\/pluskata.pl\/www\/wp-content\/uploads\/2022\/07\/Jersey-przystanek-amfibii-1024x682.jpg 1024w, https:\/\/pluskata.pl\/www\/wp-content\/uploads\/2022\/07\/Jersey-przystanek-amfibii-768x512.jpg 768w, https:\/\/pluskata.pl\/www\/wp-content\/uploads\/2022\/07\/Jersey-przystanek-amfibii-1536x1023.jpg 1536w, https:\/\/pluskata.pl\/www\/wp-content\/uploads\/2022\/07\/Jersey-przystanek-amfibii-2048x1364.jpg 2048w, https:\/\/pluskata.pl\/www\/wp-content\/uploads\/2022\/07\/Jersey-przystanek-amfibii-150x100.jpg 150w\" sizes=\"auto, (max-width: 300px) 100vw, 300px\" \/><\/a> <a href=\"https:\/\/pluskata.pl\/www\/pl\/rejsy-2022\/z-hawru-do-brestu-09-23-07-2022\/jersey-zamek-dziedziniec\/\"><img loading=\"lazy\" decoding=\"async\" class=\"alignnone wp-image-2261 size-medium\" src=\"https:\/\/pluskata.pl\/www\/wp-content\/uploads\/2022\/07\/Jersey-zamek-dziedziniec-300x200.jpg\" alt=\"Jersey zamek dziedziniec\" width=\"300\" height=\"200\" srcset=\"https:\/\/pluskata.pl\/www\/wp-content\/uploads\/2022\/07\/Jersey-zamek-dziedziniec-300x200.jpg 300w, https:\/\/pluskata.pl\/www\/wp-content\/uploads\/2022\/07\/Jersey-zamek-dziedziniec-1024x682.jpg 1024w, https:\/\/pluskata.pl\/www\/wp-content\/uploads\/2022\/07\/Jersey-zamek-dziedziniec-768x512.jpg 768w, https:\/\/pluskata.pl\/www\/wp-content\/uploads\/2022\/07\/Jersey-zamek-dziedziniec-1536x1023.jpg 1536w, https:\/\/pluskata.pl\/www\/wp-content\/uploads\/2022\/07\/Jersey-zamek-dziedziniec-2048x1364.jpg 2048w, https:\/\/pluskata.pl\/www\/wp-content\/uploads\/2022\/07\/Jersey-zamek-dziedziniec-150x100.jpg 150w\" sizes=\"auto, (max-width: 300px) 100vw, 300px\" \/><\/a> <a href=\"https:\/\/pluskata.pl\/www\/pl\/rejsy-2022\/z-hawru-do-brestu-09-23-07-2022\/jersey-strzelanie-z-muszkietu\/\"><img loading=\"lazy\" decoding=\"async\" class=\"alignnone wp-image-2262 size-medium\" src=\"https:\/\/pluskata.pl\/www\/wp-content\/uploads\/2022\/07\/Jersey-strzelanie-z-muszkietu-300x200.jpg\" alt=\"Jersey strzelanie z muszkietu\" width=\"300\" height=\"200\" srcset=\"https:\/\/pluskata.pl\/www\/wp-content\/uploads\/2022\/07\/Jersey-strzelanie-z-muszkietu-300x200.jpg 300w, https:\/\/pluskata.pl\/www\/wp-content\/uploads\/2022\/07\/Jersey-strzelanie-z-muszkietu-1024x683.jpg 1024w, https:\/\/pluskata.pl\/www\/wp-content\/uploads\/2022\/07\/Jersey-strzelanie-z-muszkietu-768x512.jpg 768w, https:\/\/pluskata.pl\/www\/wp-content\/uploads\/2022\/07\/Jersey-strzelanie-z-muszkietu-1536x1025.jpg 1536w, https:\/\/pluskata.pl\/www\/wp-content\/uploads\/2022\/07\/Jersey-strzelanie-z-muszkietu-2048x1367.jpg 2048w, https:\/\/pluskata.pl\/www\/wp-content\/uploads\/2022\/07\/Jersey-strzelanie-z-muszkietu-150x100.jpg 150w\" sizes=\"auto, (max-width: 300px) 100vw, 300px\" \/><\/a> <a href=\"https:\/\/pluskata.pl\/www\/pl\/rejsy-2022\/z-hawru-do-brestu-09-23-07-2022\/jersey-strzelanie-z-armaty\/\"><img loading=\"lazy\" decoding=\"async\" class=\"alignnone wp-image-2263 size-medium\" src=\"https:\/\/pluskata.pl\/www\/wp-content\/uploads\/2022\/07\/Jersey-strzelanie-z-armaty-300x200.jpg\" alt=\"Jersey strzelanie z armaty\" width=\"300\" height=\"200\" srcset=\"https:\/\/pluskata.pl\/www\/wp-content\/uploads\/2022\/07\/Jersey-strzelanie-z-armaty-300x200.jpg 300w, https:\/\/pluskata.pl\/www\/wp-content\/uploads\/2022\/07\/Jersey-strzelanie-z-armaty-1024x683.jpg 1024w, https:\/\/pluskata.pl\/www\/wp-content\/uploads\/2022\/07\/Jersey-strzelanie-z-armaty-768x512.jpg 768w, https:\/\/pluskata.pl\/www\/wp-content\/uploads\/2022\/07\/Jersey-strzelanie-z-armaty-1536x1024.jpg 1536w, https:\/\/pluskata.pl\/www\/wp-content\/uploads\/2022\/07\/Jersey-strzelanie-z-armaty-2048x1365.jpg 2048w, https:\/\/pluskata.pl\/www\/wp-content\/uploads\/2022\/07\/Jersey-strzelanie-z-armaty-150x100.jpg 150w\" sizes=\"auto, (max-width: 300px) 100vw, 300px\" \/><\/a> <a href=\"https:\/\/pluskata.pl\/www\/pl\/rejsy-2022\/z-hawru-do-brestu-09-23-07-2022\/jersey-widok\/\"><img loading=\"lazy\" decoding=\"async\" class=\"alignnone wp-image-2264 size-medium\" src=\"https:\/\/pluskata.pl\/www\/wp-content\/uploads\/2022\/07\/Jersey-widok-300x200.jpg\" alt=\"Jersey widok\" width=\"300\" height=\"200\" srcset=\"https:\/\/pluskata.pl\/www\/wp-content\/uploads\/2022\/07\/Jersey-widok-300x200.jpg 300w, https:\/\/pluskata.pl\/www\/wp-content\/uploads\/2022\/07\/Jersey-widok-1024x682.jpg 1024w, https:\/\/pluskata.pl\/www\/wp-content\/uploads\/2022\/07\/Jersey-widok-768x512.jpg 768w, https:\/\/pluskata.pl\/www\/wp-content\/uploads\/2022\/07\/Jersey-widok-1536x1024.jpg 1536w, https:\/\/pluskata.pl\/www\/wp-content\/uploads\/2022\/07\/Jersey-widok-2048x1365.jpg 2048w, https:\/\/pluskata.pl\/www\/wp-content\/uploads\/2022\/07\/Jersey-widok-150x100.jpg 150w\" sizes=\"auto, (max-width: 300px) 100vw, 300px\" \/><\/a><\/p>\n<p>Tych co nie chc\u0105 pomoczy\u0107 n\u00f3g albo nie chc\u0105 czeka\u0107 wo\u017c\u0105 amfibie. Za wst\u0119p p\u0142acimy za 70\u00a3 &#8211; dostajemy zni\u017ck\u0119 10% jako grupa 6 osobowa. Zamek jest spory. Zwiedzanie zajmuje nam 4 godzimy, w tym godzina opowie\u015bci historycznej i pokaz strzelania z muszkiet\u00f3w i armaty.<br \/>\nPrzy kasie wisi tablica do kt\u00f3rej mo\u017cna przej\u015b\u0107 such\u0105 nog\u0105 na l\u0105d. Wracamy te\u017c na piechot\u0119 \u2013 tym razem nie moczymy n\u00f3g. Idziemy na obiad do hali targowej. Wybieramy knajp\u0119 z tapas, wszyscy najadaj\u0105 si\u0119 do syta.<br \/>\nWracaj\u0105c kupujemy jeszcze chleb i w\u0119dlin\u0119. O 19 wychodzimy na wysokiej wodzie. Przed nami noc w morzu.<\/p>\n<p><strong>14-07-2022 czwartek St. Malo<\/strong><br \/>\nNoc jest \u015bliczna, ksi\u0119\u017cyc w pe\u0142ni, nad ranem wida\u0107 Wenus, Saturna i Jowisza. Do St. Malo wchodzimy o 7:15, przestawiamy zegarki i ju\u017c jest 8:15 :-). Jest wysoka woda, a port jest pe\u0142ny. Stajemy longside do czo\u0142a pomostu. Szymon idzie po bagietki, a reszta za\u0142ogi budzi si\u0119 i ze zdziwieniem stwierdza, \u017ce ju\u017c jeste\u015bmy w porcie. Dzisiaj jest \u015bwi\u0119to wi\u0119c sklepy s\u0105 czynne do 13, nici z du\u017cych zakup\u00f3w. Po \u015bniadaniu za to idziemy na stare miasto i robimy wycieczk\u0119 po murach, odwiedzamy katedr\u0119, wchodzimy do forty, do kt\u00f3rego mo\u017cna wej\u015b\u0107 such\u0105 nog\u0105 w czasie odp\u0142ywu \u2013 niestety jest jaka\u015b prywatna impreza i nie wpuszczaj\u0105 do \u015brodka.<\/p>\n<p><a href=\"https:\/\/pluskata.pl\/www\/pl\/rejsy-2022\/z-hawru-do-brestu-09-23-07-2022\/delfiny-st-malo\/\"><img loading=\"lazy\" decoding=\"async\" class=\"alignnone wp-image-2265 size-medium\" src=\"https:\/\/pluskata.pl\/www\/wp-content\/uploads\/2022\/07\/Delfiny-st-malo-300x200.jpg\" alt=\"Delfiny St Malo\" width=\"300\" height=\"200\" srcset=\"https:\/\/pluskata.pl\/www\/wp-content\/uploads\/2022\/07\/Delfiny-st-malo-300x200.jpg 300w, https:\/\/pluskata.pl\/www\/wp-content\/uploads\/2022\/07\/Delfiny-st-malo-1024x682.jpg 1024w, https:\/\/pluskata.pl\/www\/wp-content\/uploads\/2022\/07\/Delfiny-st-malo-768x511.jpg 768w, https:\/\/pluskata.pl\/www\/wp-content\/uploads\/2022\/07\/Delfiny-st-malo-1536x1022.jpg 1536w, https:\/\/pluskata.pl\/www\/wp-content\/uploads\/2022\/07\/Delfiny-st-malo-2048x1363.jpg 2048w, https:\/\/pluskata.pl\/www\/wp-content\/uploads\/2022\/07\/Delfiny-st-malo-150x100.jpg 150w\" sizes=\"auto, (max-width: 300px) 100vw, 300px\" \/><\/a> <a href=\"https:\/\/pluskata.pl\/www\/pl\/rejsy-2022\/z-hawru-do-brestu-09-23-07-2022\/st-malo-wysoka-woda\/\"><img loading=\"lazy\" decoding=\"async\" class=\"alignnone wp-image-2266 size-medium\" src=\"https:\/\/pluskata.pl\/www\/wp-content\/uploads\/2022\/07\/St-Malo-wysoka-woda-300x200.jpg\" alt=\"St Malo wysoka woda\" width=\"300\" height=\"200\" srcset=\"https:\/\/pluskata.pl\/www\/wp-content\/uploads\/2022\/07\/St-Malo-wysoka-woda-300x200.jpg 300w, https:\/\/pluskata.pl\/www\/wp-content\/uploads\/2022\/07\/St-Malo-wysoka-woda-1024x683.jpg 1024w, https:\/\/pluskata.pl\/www\/wp-content\/uploads\/2022\/07\/St-Malo-wysoka-woda-768x512.jpg 768w, https:\/\/pluskata.pl\/www\/wp-content\/uploads\/2022\/07\/St-Malo-wysoka-woda-1536x1025.jpg 1536w, https:\/\/pluskata.pl\/www\/wp-content\/uploads\/2022\/07\/St-Malo-wysoka-woda-2048x1367.jpg 2048w, https:\/\/pluskata.pl\/www\/wp-content\/uploads\/2022\/07\/St-Malo-wysoka-woda-150x100.jpg 150w\" sizes=\"auto, (max-width: 300px) 100vw, 300px\" \/><\/a> <a href=\"https:\/\/pluskata.pl\/www\/pl\/rejsy-2022\/z-hawru-do-brestu-09-23-07-2022\/jersey-niska-woda\/\"><img loading=\"lazy\" decoding=\"async\" class=\"alignnone wp-image-2267 size-medium\" src=\"https:\/\/pluskata.pl\/www\/wp-content\/uploads\/2022\/07\/Jersey-niska-woda-192x300.jpg\" alt=\"Jersey niska woda\" width=\"192\" height=\"300\" srcset=\"https:\/\/pluskata.pl\/www\/wp-content\/uploads\/2022\/07\/Jersey-niska-woda-192x300.jpg 192w, https:\/\/pluskata.pl\/www\/wp-content\/uploads\/2022\/07\/Jersey-niska-woda-656x1024.jpg 656w, https:\/\/pluskata.pl\/www\/wp-content\/uploads\/2022\/07\/Jersey-niska-woda-768x1199.jpg 768w, https:\/\/pluskata.pl\/www\/wp-content\/uploads\/2022\/07\/Jersey-niska-woda-984x1536.jpg 984w, https:\/\/pluskata.pl\/www\/wp-content\/uploads\/2022\/07\/Jersey-niska-woda-1312x2048.jpg 1312w, https:\/\/pluskata.pl\/www\/wp-content\/uploads\/2022\/07\/Jersey-niska-woda-96x150.jpg 96w, https:\/\/pluskata.pl\/www\/wp-content\/uploads\/2022\/07\/Jersey-niska-woda-scaled.jpg 1640w\" sizes=\"auto, (max-width: 192px) 100vw, 192px\" \/><\/a> <a href=\"https:\/\/pluskata.pl\/www\/pl\/rejsy-2022\/z-hawru-do-brestu-09-23-07-2022\/saint-malo-fort\/\"><img loading=\"lazy\" decoding=\"async\" class=\"alignnone wp-image-2268 size-medium\" src=\"https:\/\/pluskata.pl\/www\/wp-content\/uploads\/2022\/07\/Saint-Malo-Fort-300x180.jpg\" alt=\"Saint Malo Fort\" width=\"300\" height=\"180\" \/><\/a> <a href=\"https:\/\/pluskata.pl\/www\/pl\/rejsy-2022\/z-hawru-do-brestu-09-23-07-2022\/saint-malo-basen\/\"><img loading=\"lazy\" decoding=\"async\" class=\"alignnone wp-image-2269 size-medium\" src=\"https:\/\/pluskata.pl\/www\/wp-content\/uploads\/2022\/07\/Saint-Malo-basen-300x198.jpg\" alt=\"Saint Malo basen\" width=\"300\" height=\"198\" srcset=\"https:\/\/pluskata.pl\/www\/wp-content\/uploads\/2022\/07\/Saint-Malo-basen-300x198.jpg 300w, https:\/\/pluskata.pl\/www\/wp-content\/uploads\/2022\/07\/Saint-Malo-basen-1024x677.jpg 1024w, https:\/\/pluskata.pl\/www\/wp-content\/uploads\/2022\/07\/Saint-Malo-basen-768x508.jpg 768w, https:\/\/pluskata.pl\/www\/wp-content\/uploads\/2022\/07\/Saint-Malo-basen-1536x1016.jpg 1536w, https:\/\/pluskata.pl\/www\/wp-content\/uploads\/2022\/07\/Saint-Malo-basen-2048x1355.jpg 2048w, https:\/\/pluskata.pl\/www\/wp-content\/uploads\/2022\/07\/Saint-Malo-basen-150x99.jpg 150w\" sizes=\"auto, (max-width: 300px) 100vw, 300px\" \/><\/a> <a href=\"https:\/\/pluskata.pl\/www\/pl\/rejsy-2022\/z-hawru-do-brestu-09-23-07-2022\/saint-malo-widok-na-starowke\/\"><img loading=\"lazy\" decoding=\"async\" class=\"alignnone wp-image-2270 size-medium\" src=\"https:\/\/pluskata.pl\/www\/wp-content\/uploads\/2022\/07\/Saint-Malo-widok-na-starowke-300x200.jpg\" alt=\"Saint Malo widok na star\u00f3wk\u0119\" width=\"300\" height=\"200\" srcset=\"https:\/\/pluskata.pl\/www\/wp-content\/uploads\/2022\/07\/Saint-Malo-widok-na-starowke-300x200.jpg 300w, https:\/\/pluskata.pl\/www\/wp-content\/uploads\/2022\/07\/Saint-Malo-widok-na-starowke-1024x683.jpg 1024w, https:\/\/pluskata.pl\/www\/wp-content\/uploads\/2022\/07\/Saint-Malo-widok-na-starowke-768x512.jpg 768w, https:\/\/pluskata.pl\/www\/wp-content\/uploads\/2022\/07\/Saint-Malo-widok-na-starowke-1536x1024.jpg 1536w, https:\/\/pluskata.pl\/www\/wp-content\/uploads\/2022\/07\/Saint-Malo-widok-na-starowke-2048x1365.jpg 2048w, https:\/\/pluskata.pl\/www\/wp-content\/uploads\/2022\/07\/Saint-Malo-widok-na-starowke-150x100.jpg 150w\" sizes=\"auto, (max-width: 300px) 100vw, 300px\" \/><\/a> <a href=\"https:\/\/pluskata.pl\/www\/pl\/rejsy-2022\/z-hawru-do-brestu-09-23-07-2022\/saint-malo-fort-1\/\"><img loading=\"lazy\" decoding=\"async\" class=\"alignnone wp-image-2271 size-medium\" src=\"https:\/\/pluskata.pl\/www\/wp-content\/uploads\/2022\/07\/Saint-Malo-fort-1-300x187.jpg\" alt=\"Saint Malo fort\" width=\"300\" height=\"187\" srcset=\"https:\/\/pluskata.pl\/www\/wp-content\/uploads\/2022\/07\/Saint-Malo-fort-1-300x187.jpg 300w, https:\/\/pluskata.pl\/www\/wp-content\/uploads\/2022\/07\/Saint-Malo-fort-1-1024x638.jpg 1024w, https:\/\/pluskata.pl\/www\/wp-content\/uploads\/2022\/07\/Saint-Malo-fort-1-768x479.jpg 768w, https:\/\/pluskata.pl\/www\/wp-content\/uploads\/2022\/07\/Saint-Malo-fort-1-1536x957.jpg 1536w\" sizes=\"auto, (max-width: 300px) 100vw, 300px\" \/><\/a> <a href=\"https:\/\/pluskata.pl\/www\/pl\/rejsy-2022\/z-hawru-do-brestu-09-23-07-2022\/saint-malo-starowka\/\"><img loading=\"lazy\" decoding=\"async\" class=\"alignnone wp-image-2272 size-medium\" src=\"https:\/\/pluskata.pl\/www\/wp-content\/uploads\/2022\/07\/Saint-Malo-starowka-300x200.jpg\" alt=\"Saint Malo starowka\" width=\"300\" height=\"200\" srcset=\"https:\/\/pluskata.pl\/www\/wp-content\/uploads\/2022\/07\/Saint-Malo-starowka-300x200.jpg 300w, https:\/\/pluskata.pl\/www\/wp-content\/uploads\/2022\/07\/Saint-Malo-starowka-1024x683.jpg 1024w, https:\/\/pluskata.pl\/www\/wp-content\/uploads\/2022\/07\/Saint-Malo-starowka-768x512.jpg 768w, https:\/\/pluskata.pl\/www\/wp-content\/uploads\/2022\/07\/Saint-Malo-starowka-1536x1024.jpg 1536w, https:\/\/pluskata.pl\/www\/wp-content\/uploads\/2022\/07\/Saint-Malo-starowka-2048x1365.jpg 2048w, https:\/\/pluskata.pl\/www\/wp-content\/uploads\/2022\/07\/Saint-Malo-starowka-150x100.jpg 150w\" sizes=\"auto, (max-width: 300px) 100vw, 300px\" \/><\/a> <a href=\"https:\/\/pluskata.pl\/www\/pl\/rejsy-2022\/z-hawru-do-brestu-09-23-07-2022\/saint-malo-fajerwerki\/\"><img loading=\"lazy\" decoding=\"async\" class=\"alignnone wp-image-2273 size-medium\" src=\"https:\/\/pluskata.pl\/www\/wp-content\/uploads\/2022\/07\/Saint-Malo-fajerwerki-300x200.jpg\" alt=\"Saint Malo fajerwerki\" width=\"300\" height=\"200\" srcset=\"https:\/\/pluskata.pl\/www\/wp-content\/uploads\/2022\/07\/Saint-Malo-fajerwerki-300x200.jpg 300w, https:\/\/pluskata.pl\/www\/wp-content\/uploads\/2022\/07\/Saint-Malo-fajerwerki-1024x684.jpg 1024w, https:\/\/pluskata.pl\/www\/wp-content\/uploads\/2022\/07\/Saint-Malo-fajerwerki-768x513.jpg 768w, https:\/\/pluskata.pl\/www\/wp-content\/uploads\/2022\/07\/Saint-Malo-fajerwerki-1536x1026.jpg 1536w, https:\/\/pluskata.pl\/www\/wp-content\/uploads\/2022\/07\/Saint-Malo-fajerwerki-2048x1368.jpg 2048w, https:\/\/pluskata.pl\/www\/wp-content\/uploads\/2022\/07\/Saint-Malo-fajerwerki-150x100.jpg 150w\" sizes=\"auto, (max-width: 300px) 100vw, 300px\" \/><\/a><\/p>\n<p>Tomek zostaje na jachcie i robi wentylacj\u0119 kolumny sterowej. Po powrocie na jacht, okazuje si\u0119, \u017ce co najmniej 3 jachty w nas wjecha\u0142y (nie poradzi\u0142y sobie z pr\u0105dem) 2 prze\u015blizgn\u0119\u0142y si\u0119 po odbijaczach, ale jeden zarysowa\u0142 nam burt\u0119. Wo\u0142amy wi\u0119c obs\u0142ug\u0119 portu i przestawiamy si\u0119 na nast\u0119pny pomost. Po obiedzie gramy w karty, czytamy ksi\u0105\u017cki i ogl\u0105damy zdj\u0119cia \u2013 innymi s\u0142owy czas wolny. Wieczorem ogl\u0105damy pokaz sztucznych ogni z okazji zburzenia Bastylii (14 lipca). Idziemy spa\u0107 po p\u00f3\u0142nocy.<\/p>\n<p><strong>15-07-2022 pi\u0105tek St. Michel<\/strong><br \/>\nRano zaraz przed wyj\u015bciem zg\u0142asza si\u0119 do nas jaki\u015b francuz i prosi, \u017ceby\u015bmy si\u0119 przestawili, bo na miejsce gdzie stoimy ma przyp\u0142yn\u0105\u0107 jaki\u015b jacht czarterowy. Obs\u0142uga znajduje nam miejsce na kei go\u015bcinnej w Y- bomach. Przycumowujemy \u0142\u00f3dk\u0119, idziemy do zam\u00f3wionej wcze\u015bniej taks\u00f3wki i ruszamy na wycieczk\u0119 do Saint Michel. Pani taks\u00f3wkarka podwozi nas na p\u0119tl\u0119 autobus\u00f3w wo\u017c\u0105cych ludzi do klasztoru. Autobus jest za darmo i podje\u017cd\u017ca prawie do samych mur\u00f3w.<\/p>\n<p><a href=\"https:\/\/pluskata.pl\/www\/pl\/rejsy-2022\/z-hawru-do-brestu-09-23-07-2022\/saint-michel\/\"><img loading=\"lazy\" decoding=\"async\" class=\"alignnone wp-image-2281 size-medium\" src=\"https:\/\/pluskata.pl\/www\/wp-content\/uploads\/2022\/07\/Saint-Michel-300x200.jpg\" alt=\"Saint Michel\" width=\"300\" height=\"200\" srcset=\"https:\/\/pluskata.pl\/www\/wp-content\/uploads\/2022\/07\/Saint-Michel-300x200.jpg 300w, https:\/\/pluskata.pl\/www\/wp-content\/uploads\/2022\/07\/Saint-Michel-1024x682.jpg 1024w, https:\/\/pluskata.pl\/www\/wp-content\/uploads\/2022\/07\/Saint-Michel-768x512.jpg 768w, https:\/\/pluskata.pl\/www\/wp-content\/uploads\/2022\/07\/Saint-Michel-1536x1023.jpg 1536w, https:\/\/pluskata.pl\/www\/wp-content\/uploads\/2022\/07\/Saint-Michel-2048x1364.jpg 2048w, https:\/\/pluskata.pl\/www\/wp-content\/uploads\/2022\/07\/Saint-Michel-150x100.jpg 150w\" sizes=\"auto, (max-width: 300px) 100vw, 300px\" \/><\/a> <a href=\"https:\/\/pluskata.pl\/www\/pl\/rejsy-2022\/z-hawru-do-brestu-09-23-07-2022\/saint-michel-mury\/\"><img loading=\"lazy\" decoding=\"async\" class=\"alignnone wp-image-2274 size-medium\" src=\"https:\/\/pluskata.pl\/www\/wp-content\/uploads\/2022\/07\/Saint-Michel-mury-300x200.jpg\" alt=\"Saint Michel mury\" width=\"300\" height=\"200\" srcset=\"https:\/\/pluskata.pl\/www\/wp-content\/uploads\/2022\/07\/Saint-Michel-mury-300x200.jpg 300w, https:\/\/pluskata.pl\/www\/wp-content\/uploads\/2022\/07\/Saint-Michel-mury-1024x683.jpg 1024w, https:\/\/pluskata.pl\/www\/wp-content\/uploads\/2022\/07\/Saint-Michel-mury-768x512.jpg 768w, https:\/\/pluskata.pl\/www\/wp-content\/uploads\/2022\/07\/Saint-Michel-mury-1536x1024.jpg 1536w, https:\/\/pluskata.pl\/www\/wp-content\/uploads\/2022\/07\/Saint-Michel-mury-2048x1365.jpg 2048w, https:\/\/pluskata.pl\/www\/wp-content\/uploads\/2022\/07\/Saint-Michel-mury-150x100.jpg 150w\" sizes=\"auto, (max-width: 300px) 100vw, 300px\" \/><\/a> <a href=\"https:\/\/pluskata.pl\/www\/pl\/rejsy-2022\/z-hawru-do-brestu-09-23-07-2022\/saint-michel-miasto\/\"><img loading=\"lazy\" decoding=\"async\" class=\"alignnone wp-image-2275 size-medium\" src=\"https:\/\/pluskata.pl\/www\/wp-content\/uploads\/2022\/07\/Saint-Michel-miasto-300x200.jpg\" alt=\"Saint Michel miasto\" width=\"300\" height=\"200\" srcset=\"https:\/\/pluskata.pl\/www\/wp-content\/uploads\/2022\/07\/Saint-Michel-miasto-300x200.jpg 300w, https:\/\/pluskata.pl\/www\/wp-content\/uploads\/2022\/07\/Saint-Michel-miasto-1024x683.jpg 1024w, https:\/\/pluskata.pl\/www\/wp-content\/uploads\/2022\/07\/Saint-Michel-miasto-768x513.jpg 768w, https:\/\/pluskata.pl\/www\/wp-content\/uploads\/2022\/07\/Saint-Michel-miasto-1536x1025.jpg 1536w, https:\/\/pluskata.pl\/www\/wp-content\/uploads\/2022\/07\/Saint-Michel-miasto-2048x1367.jpg 2048w, https:\/\/pluskata.pl\/www\/wp-content\/uploads\/2022\/07\/Saint-Michel-miasto-150x100.jpg 150w\" sizes=\"auto, (max-width: 300px) 100vw, 300px\" \/><\/a> <a href=\"https:\/\/pluskata.pl\/www\/pl\/rejsy-2022\/z-hawru-do-brestu-09-23-07-2022\/saint-michel-wnetrze\/\"><img loading=\"lazy\" decoding=\"async\" class=\"alignnone wp-image-2280 size-medium\" src=\"https:\/\/pluskata.pl\/www\/wp-content\/uploads\/2022\/07\/Saint-Michel-wnetrze-300x200.jpg\" alt=\"Saint Michel wn\u0119trze\" width=\"300\" height=\"200\" srcset=\"https:\/\/pluskata.pl\/www\/wp-content\/uploads\/2022\/07\/Saint-Michel-wnetrze-300x200.jpg 300w, https:\/\/pluskata.pl\/www\/wp-content\/uploads\/2022\/07\/Saint-Michel-wnetrze-1024x683.jpg 1024w, https:\/\/pluskata.pl\/www\/wp-content\/uploads\/2022\/07\/Saint-Michel-wnetrze-768x512.jpg 768w, https:\/\/pluskata.pl\/www\/wp-content\/uploads\/2022\/07\/Saint-Michel-wnetrze-1536x1024.jpg 1536w, https:\/\/pluskata.pl\/www\/wp-content\/uploads\/2022\/07\/Saint-Michel-wnetrze-2048x1365.jpg 2048w, https:\/\/pluskata.pl\/www\/wp-content\/uploads\/2022\/07\/Saint-Michel-wnetrze-150x100.jpg 150w\" sizes=\"auto, (max-width: 300px) 100vw, 300px\" \/><\/a> <a href=\"https:\/\/pluskata.pl\/www\/pl\/rejsy-2022\/z-hawru-do-brestu-09-23-07-2022\/saint-michel-klasztor\/\"><img loading=\"lazy\" decoding=\"async\" class=\"alignnone wp-image-2279 size-medium\" src=\"https:\/\/pluskata.pl\/www\/wp-content\/uploads\/2022\/07\/Saint-Michel-klasztor-300x200.jpg\" alt=\"Saint Michel klasztor\" width=\"300\" height=\"200\" srcset=\"https:\/\/pluskata.pl\/www\/wp-content\/uploads\/2022\/07\/Saint-Michel-klasztor-300x200.jpg 300w, https:\/\/pluskata.pl\/www\/wp-content\/uploads\/2022\/07\/Saint-Michel-klasztor-1024x683.jpg 1024w, https:\/\/pluskata.pl\/www\/wp-content\/uploads\/2022\/07\/Saint-Michel-klasztor-768x512.jpg 768w, https:\/\/pluskata.pl\/www\/wp-content\/uploads\/2022\/07\/Saint-Michel-klasztor-1536x1024.jpg 1536w\" sizes=\"auto, (max-width: 300px) 100vw, 300px\" \/><\/a> <a href=\"https:\/\/pluskata.pl\/www\/pl\/rejsy-2022\/z-hawru-do-brestu-09-23-07-2022\/saint-michel-komnata\/\"><img loading=\"lazy\" decoding=\"async\" class=\"alignnone wp-image-2277 size-medium\" src=\"https:\/\/pluskata.pl\/www\/wp-content\/uploads\/2022\/07\/Saint-Michel-komnata-300x200.jpg\" alt=\"Saint Michel komnata\" width=\"300\" height=\"200\" srcset=\"https:\/\/pluskata.pl\/www\/wp-content\/uploads\/2022\/07\/Saint-Michel-komnata-300x200.jpg 300w, https:\/\/pluskata.pl\/www\/wp-content\/uploads\/2022\/07\/Saint-Michel-komnata-1024x683.jpg 1024w, https:\/\/pluskata.pl\/www\/wp-content\/uploads\/2022\/07\/Saint-Michel-komnata-768x512.jpg 768w, https:\/\/pluskata.pl\/www\/wp-content\/uploads\/2022\/07\/Saint-Michel-komnata-1536x1024.jpg 1536w, https:\/\/pluskata.pl\/www\/wp-content\/uploads\/2022\/07\/Saint-Michel-komnata-2048x1365.jpg 2048w, https:\/\/pluskata.pl\/www\/wp-content\/uploads\/2022\/07\/Saint-Michel-komnata-150x100.jpg 150w\" sizes=\"auto, (max-width: 300px) 100vw, 300px\" \/><\/a> <a href=\"https:\/\/pluskata.pl\/www\/pl\/rejsy-2022\/z-hawru-do-brestu-09-23-07-2022\/saint-michel-obraz\/\"><img loading=\"lazy\" decoding=\"async\" class=\"alignnone wp-image-2278 size-medium\" src=\"https:\/\/pluskata.pl\/www\/wp-content\/uploads\/2022\/07\/Saint-Michel-obraz-300x200.jpg\" alt=\"Saint Michel obraz\" width=\"300\" height=\"200\" srcset=\"https:\/\/pluskata.pl\/www\/wp-content\/uploads\/2022\/07\/Saint-Michel-obraz-300x200.jpg 300w, https:\/\/pluskata.pl\/www\/wp-content\/uploads\/2022\/07\/Saint-Michel-obraz-1024x683.jpg 1024w, https:\/\/pluskata.pl\/www\/wp-content\/uploads\/2022\/07\/Saint-Michel-obraz-768x512.jpg 768w, https:\/\/pluskata.pl\/www\/wp-content\/uploads\/2022\/07\/Saint-Michel-obraz-1536x1024.jpg 1536w, https:\/\/pluskata.pl\/www\/wp-content\/uploads\/2022\/07\/Saint-Michel-obraz-2048x1366.jpg 2048w, https:\/\/pluskata.pl\/www\/wp-content\/uploads\/2022\/07\/Saint-Michel-obraz-150x100.jpg 150w\" sizes=\"auto, (max-width: 300px) 100vw, 300px\" \/><\/a> <a href=\"https:\/\/pluskata.pl\/www\/pl\/rejsy-2022\/z-hawru-do-brestu-09-23-07-2022\/saint-michel-widok-z-gory\/\"><img loading=\"lazy\" decoding=\"async\" class=\"alignnone wp-image-2276 size-medium\" src=\"https:\/\/pluskata.pl\/www\/wp-content\/uploads\/2022\/07\/Saint-Michel-widok-z-gory-300x200.jpg\" alt=\"Saint Michel widok z gory\" width=\"300\" height=\"200\" srcset=\"https:\/\/pluskata.pl\/www\/wp-content\/uploads\/2022\/07\/Saint-Michel-widok-z-gory-300x200.jpg 300w, https:\/\/pluskata.pl\/www\/wp-content\/uploads\/2022\/07\/Saint-Michel-widok-z-gory-1024x683.jpg 1024w, https:\/\/pluskata.pl\/www\/wp-content\/uploads\/2022\/07\/Saint-Michel-widok-z-gory-768x512.jpg 768w, https:\/\/pluskata.pl\/www\/wp-content\/uploads\/2022\/07\/Saint-Michel-widok-z-gory-1536x1024.jpg 1536w\" sizes=\"auto, (max-width: 300px) 100vw, 300px\" \/><\/a><\/p>\n<p>Klasztor jest warty zobaczenia, Wej\u015bcie do samego klasztoru jest p\u0142atne 11\u20ac od osoby. Dostajemy te\u017c ulotk\u0119 w j\u0119zyku polskim. Po zwiedzaniu idziemy na obiad. Czekamy strasznie d\u0142ugo, a obiad jest taki sobie. Po obiedzie idziemy na spacer naoko\u0142o mur\u00f3w \u2013 jest niska wada wi\u0119c si\u0119 da.<br \/>\nWracamy do parkingu na piechot\u0119. Po drodze wst\u0119pujemy na kaw\u0119 i lody. Dzwonimy do Pani taks\u00f3wkarki , \u017ceby przyjecha\u0142a wcze\u015bniejszej. Po przyjechaniu na jacht robimy zakupy spo\u017cywcze.<\/p>\n<p><strong>16-07-2022 sobota St Malo<\/strong><br \/>\nPo \u015bniadaniu cz\u0119\u015b\u0107 za\u0142ogi idzie po reszt\u0119 zakup\u00f3w spo\u017cywczych (woda i warzywa). Okazuje si\u0119, \u017ce targ warzywny jest czynny tylko w pi\u0105tki, wi\u0119c warzywa kupujemy w Carefourze.<\/p>\n<p><a href=\"https:\/\/pluskata.pl\/www\/pl\/rejsy-2022\/z-hawru-do-brestu-09-23-07-2022\/saint-malo-tablica\/\"><img loading=\"lazy\" decoding=\"async\" class=\"alignnone wp-image-2282 size-medium\" src=\"https:\/\/pluskata.pl\/www\/wp-content\/uploads\/2022\/07\/Saint-Malo-tablica-300x225.jpg\" alt=\"Saint Malo tablica\" width=\"300\" height=\"225\" srcset=\"https:\/\/pluskata.pl\/www\/wp-content\/uploads\/2022\/07\/Saint-Malo-tablica-300x225.jpg 300w, https:\/\/pluskata.pl\/www\/wp-content\/uploads\/2022\/07\/Saint-Malo-tablica-1024x768.jpg 1024w, https:\/\/pluskata.pl\/www\/wp-content\/uploads\/2022\/07\/Saint-Malo-tablica-768x576.jpg 768w, https:\/\/pluskata.pl\/www\/wp-content\/uploads\/2022\/07\/Saint-Malo-tablica-1536x1152.jpg 1536w, https:\/\/pluskata.pl\/www\/wp-content\/uploads\/2022\/07\/Saint-Malo-tablica-150x112.jpg 150w, https:\/\/pluskata.pl\/www\/wp-content\/uploads\/2022\/07\/Saint-Malo-tablica.jpg 1906w\" sizes=\"auto, (max-width: 300px) 100vw, 300px\" \/><\/a> <a href=\"https:\/\/pluskata.pl\/www\/pl\/rejsy-2022\/z-hawru-do-brestu-09-23-07-2022\/saint-malo-ulica\/\"><img loading=\"lazy\" decoding=\"async\" class=\"alignnone wp-image-2283 size-medium\" src=\"https:\/\/pluskata.pl\/www\/wp-content\/uploads\/2022\/07\/Saint-Malo-ulica-300x225.jpg\" alt=\"Saint Malo ulica\" width=\"300\" height=\"225\" srcset=\"https:\/\/pluskata.pl\/www\/wp-content\/uploads\/2022\/07\/Saint-Malo-ulica-300x225.jpg 300w, https:\/\/pluskata.pl\/www\/wp-content\/uploads\/2022\/07\/Saint-Malo-ulica-1024x768.jpg 1024w, https:\/\/pluskata.pl\/www\/wp-content\/uploads\/2022\/07\/Saint-Malo-ulica-768x576.jpg 768w, https:\/\/pluskata.pl\/www\/wp-content\/uploads\/2022\/07\/Saint-Malo-ulica-1536x1152.jpg 1536w\" sizes=\"auto, (max-width: 300px) 100vw, 300px\" \/><\/a> <a href=\"https:\/\/pluskata.pl\/www\/pl\/rejsy-2022\/z-hawru-do-brestu-09-23-07-2022\/saint-malo-basen-hw\/\"><img loading=\"lazy\" decoding=\"async\" class=\"alignnone wp-image-2284 size-medium\" src=\"https:\/\/pluskata.pl\/www\/wp-content\/uploads\/2022\/07\/Saint-Malo-basen-HW-300x220.jpg\" alt=\"Saint Malo basen HW\" width=\"300\" height=\"220\" srcset=\"https:\/\/pluskata.pl\/www\/wp-content\/uploads\/2022\/07\/Saint-Malo-basen-HW-300x220.jpg 300w, https:\/\/pluskata.pl\/www\/wp-content\/uploads\/2022\/07\/Saint-Malo-basen-HW-1024x749.jpg 1024w, https:\/\/pluskata.pl\/www\/wp-content\/uploads\/2022\/07\/Saint-Malo-basen-HW-768x562.jpg 768w, https:\/\/pluskata.pl\/www\/wp-content\/uploads\/2022\/07\/Saint-Malo-basen-HW-1536x1124.jpg 1536w, https:\/\/pluskata.pl\/www\/wp-content\/uploads\/2022\/07\/Saint-Malo-basen-HW-150x110.jpg 150w, https:\/\/pluskata.pl\/www\/wp-content\/uploads\/2022\/07\/Saint-Malo-basen-HW.jpg 1939w\" sizes=\"auto, (max-width: 300px) 100vw, 300px\" \/><\/a> <a href=\"https:\/\/pluskata.pl\/www\/pl\/rejsy-2022\/z-hawru-do-brestu-09-23-07-2022\/saint-malo-port\/\"><img loading=\"lazy\" decoding=\"async\" class=\"alignnone wp-image-2285 size-medium\" src=\"https:\/\/pluskata.pl\/www\/wp-content\/uploads\/2022\/07\/Saint-Malo-port-300x225.jpg\" alt=\"Saint Malo port\" width=\"300\" height=\"225\" srcset=\"https:\/\/pluskata.pl\/www\/wp-content\/uploads\/2022\/07\/Saint-Malo-port-300x225.jpg 300w, https:\/\/pluskata.pl\/www\/wp-content\/uploads\/2022\/07\/Saint-Malo-port-1024x767.jpg 1024w, https:\/\/pluskata.pl\/www\/wp-content\/uploads\/2022\/07\/Saint-Malo-port-768x576.jpg 768w, https:\/\/pluskata.pl\/www\/wp-content\/uploads\/2022\/07\/Saint-Malo-port-1536x1151.jpg 1536w, https:\/\/pluskata.pl\/www\/wp-content\/uploads\/2022\/07\/Saint-Malo-port-150x112.jpg 150w, https:\/\/pluskata.pl\/www\/wp-content\/uploads\/2022\/07\/Saint-Malo-port.jpg 1972w\" sizes=\"auto, (max-width: 300px) 100vw, 300px\" \/><\/a> <a href=\"https:\/\/pluskata.pl\/www\/pl\/rejsy-2022\/z-hawru-do-brestu-09-23-07-2022\/saint-malo-plaza\/\"><img loading=\"lazy\" decoding=\"async\" class=\"alignnone wp-image-2291 size-medium\" src=\"https:\/\/pluskata.pl\/www\/wp-content\/uploads\/2022\/07\/Saint-Malo-plaza-300x225.jpg\" alt=\"Saint Malo pla\u017ca\" width=\"300\" height=\"225\" srcset=\"https:\/\/pluskata.pl\/www\/wp-content\/uploads\/2022\/07\/Saint-Malo-plaza-300x225.jpg 300w, https:\/\/pluskata.pl\/www\/wp-content\/uploads\/2022\/07\/Saint-Malo-plaza-1024x768.jpg 1024w, https:\/\/pluskata.pl\/www\/wp-content\/uploads\/2022\/07\/Saint-Malo-plaza-768x576.jpg 768w, https:\/\/pluskata.pl\/www\/wp-content\/uploads\/2022\/07\/Saint-Malo-plaza-1536x1152.jpg 1536w, https:\/\/pluskata.pl\/www\/wp-content\/uploads\/2022\/07\/Saint-Malo-plaza-150x112.jpg 150w, https:\/\/pluskata.pl\/www\/wp-content\/uploads\/2022\/07\/Saint-Malo-plaza.jpg 2014w\" sizes=\"auto, (max-width: 300px) 100vw, 300px\" \/><\/a> <a href=\"https:\/\/pluskata.pl\/www\/pl\/rejsy-2022\/z-hawru-do-brestu-09-23-07-2022\/saint-malo-zamek-z-piasku\/\"><img loading=\"lazy\" decoding=\"async\" class=\"alignnone wp-image-2286 size-medium\" src=\"https:\/\/pluskata.pl\/www\/wp-content\/uploads\/2022\/07\/Saint-Malo-zamek-z-piasku-300x225.jpg\" alt=\"Saint Malo zamek z piasku\" width=\"300\" height=\"225\" srcset=\"https:\/\/pluskata.pl\/www\/wp-content\/uploads\/2022\/07\/Saint-Malo-zamek-z-piasku-300x225.jpg 300w, https:\/\/pluskata.pl\/www\/wp-content\/uploads\/2022\/07\/Saint-Malo-zamek-z-piasku-1024x768.jpg 1024w, https:\/\/pluskata.pl\/www\/wp-content\/uploads\/2022\/07\/Saint-Malo-zamek-z-piasku-768x576.jpg 768w, https:\/\/pluskata.pl\/www\/wp-content\/uploads\/2022\/07\/Saint-Malo-zamek-z-piasku-1536x1152.jpg 1536w, https:\/\/pluskata.pl\/www\/wp-content\/uploads\/2022\/07\/Saint-Malo-zamek-z-piasku-2048x1536.jpg 2048w, https:\/\/pluskata.pl\/www\/wp-content\/uploads\/2022\/07\/Saint-Malo-zamek-z-piasku-150x113.jpg 150w\" sizes=\"auto, (max-width: 300px) 100vw, 300px\" \/><\/a><br \/>\nTomek idzie obejrze\u0107 stare miasto (nie by\u0142 w czwartek). Po obiedzie jedziemy autobusem miejskim na wycieczk\u0119 w rze\u017ab g\u0142\u00f3w. Wst\u0119p kosztuje 2,5\u20ac od osoby, ale warto. W kamieniu s\u0105 wyrze\u017abione r\u00f3\u017cne g\u0142owy, postacie zwierz\u0105t &#8211; robi wra\u017cenie, a wszystko z przepi\u0119knym widokiem na morze.<\/p>\n<p><a href=\"https:\/\/pluskata.pl\/www\/pl\/rejsy-2022\/z-hawru-do-brestu-09-23-07-2022\/saint-malo-glowa\/\"><img loading=\"lazy\" decoding=\"async\" class=\"alignnone wp-image-2287 size-medium\" src=\"https:\/\/pluskata.pl\/www\/wp-content\/uploads\/2022\/07\/Saint-Malo-glowa-300x225.jpg\" alt=\"Saint Malo kamienna g\u0142owa\" width=\"300\" height=\"225\" srcset=\"https:\/\/pluskata.pl\/www\/wp-content\/uploads\/2022\/07\/Saint-Malo-glowa-300x225.jpg 300w, https:\/\/pluskata.pl\/www\/wp-content\/uploads\/2022\/07\/Saint-Malo-glowa-1024x768.jpg 1024w, https:\/\/pluskata.pl\/www\/wp-content\/uploads\/2022\/07\/Saint-Malo-glowa-768x576.jpg 768w, https:\/\/pluskata.pl\/www\/wp-content\/uploads\/2022\/07\/Saint-Malo-glowa-1536x1152.jpg 1536w, https:\/\/pluskata.pl\/www\/wp-content\/uploads\/2022\/07\/Saint-Malo-glowa-2048x1536.jpg 2048w, https:\/\/pluskata.pl\/www\/wp-content\/uploads\/2022\/07\/Saint-Malo-glowa-150x113.jpg 150w\" sizes=\"auto, (max-width: 300px) 100vw, 300px\" \/><\/a> <a href=\"https:\/\/pluskata.pl\/www\/pl\/rejsy-2022\/z-hawru-do-brestu-09-23-07-2022\/rzezby-w-kamieniu\/\"><img loading=\"lazy\" decoding=\"async\" class=\"alignnone wp-image-2288 size-medium\" src=\"https:\/\/pluskata.pl\/www\/wp-content\/uploads\/2022\/07\/Rzezby-w-kamieniu-300x225.jpg\" alt=\"Rze\u017aby w kamieniu\" width=\"300\" height=\"225\" srcset=\"https:\/\/pluskata.pl\/www\/wp-content\/uploads\/2022\/07\/Rzezby-w-kamieniu-300x225.jpg 300w, https:\/\/pluskata.pl\/www\/wp-content\/uploads\/2022\/07\/Rzezby-w-kamieniu-1024x768.jpg 1024w, https:\/\/pluskata.pl\/www\/wp-content\/uploads\/2022\/07\/Rzezby-w-kamieniu-768x576.jpg 768w, https:\/\/pluskata.pl\/www\/wp-content\/uploads\/2022\/07\/Rzezby-w-kamieniu-1536x1152.jpg 1536w, https:\/\/pluskata.pl\/www\/wp-content\/uploads\/2022\/07\/Rzezby-w-kamieniu-2048x1536.jpg 2048w, https:\/\/pluskata.pl\/www\/wp-content\/uploads\/2022\/07\/Rzezby-w-kamieniu-150x113.jpg 150w\" sizes=\"auto, (max-width: 300px) 100vw, 300px\" \/><\/a> <a href=\"https:\/\/pluskata.pl\/www\/pl\/rejsy-2022\/z-hawru-do-brestu-09-23-07-2022\/st-malo-krzyz\/\"><img loading=\"lazy\" decoding=\"async\" class=\"alignnone wp-image-2289 size-medium\" src=\"https:\/\/pluskata.pl\/www\/wp-content\/uploads\/2022\/07\/St-Malo-krzyz-300x225.jpg\" alt=\"St Malo krzyz\" width=\"300\" height=\"225\" srcset=\"https:\/\/pluskata.pl\/www\/wp-content\/uploads\/2022\/07\/St-Malo-krzyz-300x225.jpg 300w, https:\/\/pluskata.pl\/www\/wp-content\/uploads\/2022\/07\/St-Malo-krzyz-1024x768.jpg 1024w, https:\/\/pluskata.pl\/www\/wp-content\/uploads\/2022\/07\/St-Malo-krzyz-768x576.jpg 768w, https:\/\/pluskata.pl\/www\/wp-content\/uploads\/2022\/07\/St-Malo-krzyz-1536x1152.jpg 1536w, https:\/\/pluskata.pl\/www\/wp-content\/uploads\/2022\/07\/St-Malo-krzyz-2048x1536.jpg 2048w, https:\/\/pluskata.pl\/www\/wp-content\/uploads\/2022\/07\/St-Malo-krzyz-150x113.jpg 150w\" sizes=\"auto, (max-width: 300px) 100vw, 300px\" \/><\/a> <a href=\"https:\/\/pluskata.pl\/www\/pl\/rejsy-2022\/z-hawru-do-brestu-09-23-07-2022\/zaglowka\/\"><img loading=\"lazy\" decoding=\"async\" class=\"alignnone wp-image-2290 size-medium\" src=\"https:\/\/pluskata.pl\/www\/wp-content\/uploads\/2022\/07\/Zaglowka-300x221.jpg\" alt=\"Zaglowka\" width=\"300\" height=\"221\" srcset=\"https:\/\/pluskata.pl\/www\/wp-content\/uploads\/2022\/07\/Zaglowka-300x221.jpg 300w, https:\/\/pluskata.pl\/www\/wp-content\/uploads\/2022\/07\/Zaglowka-1024x754.jpg 1024w, https:\/\/pluskata.pl\/www\/wp-content\/uploads\/2022\/07\/Zaglowka-768x566.jpg 768w, https:\/\/pluskata.pl\/www\/wp-content\/uploads\/2022\/07\/Zaglowka-1536x1131.jpg 1536w, https:\/\/pluskata.pl\/www\/wp-content\/uploads\/2022\/07\/Zaglowka-150x110.jpg 150w, https:\/\/pluskata.pl\/www\/wp-content\/uploads\/2022\/07\/Zaglowka.jpg 1982w\" sizes=\"auto, (max-width: 300px) 100vw, 300px\" \/><\/a><br \/>\nWracamy autobusem do miasta (ko\u0144cowy przystanek jest przy starym mie\u015bcie) i idziemy na kolacj\u0119 do knajpy. Bardzo sympatyczna knajpa ko\u0142o mariny. Okazuje si\u0119, \u017ce kelner mia\u0142 kiedy\u015b dziewczyn\u0119 w Polsce, ale nie na tyle d\u0142ugo, \u017ceby nauczy\u0107 si\u0119 polskiego.<\/p>\n<p><strong>17-07-2022 niedziela Saint Quay<\/strong><br \/>\nPo \u015bniadaniu o 10:15 wychodzimy na wysokiej wodzie. Razem z nami wychodzi du\u017co jacht\u00f3w i prom. Pogoda jest \u015bliczna, temperatura 25\u00baC a wiatr 15kn pr\u0105d zgodny \u2013 idealnie. P\u0142yniemy z wiatrem. Orientujemy si\u0119, \u017ce b\u0119dziemy za wcze\u015bnie (na niskiej wodzie) \u2013 marina jest OK, ale trasa prowadzi przez obszary o g\u0142\u0119boko\u015bci 1,5m. Postanawiamy zwolni\u0107. Najpierw zrzucamy grota i p\u0142yniemy na samej genui. Troch\u0119 zwalniamy, ale jeszcze za ma\u0142o. Zwijamy genu\u0119 i zwalniamy do 3kn po wodzie na\u2026 szprycbudzie. :-). Do portu wchodzimy godzin\u0119 po niskiej wodzie. Wyp\u0142ywa naprzeciwko nas motor\u00f3wka z kapitanatu portu i pyta jak chcemy stan\u0105\u0107 \u2013 dziobem czy ruf\u0105 i z kt\u00f3rej strony ma by\u0107 Y-bom. Wybiera dla nas miejsce przy pomo\u015bcie wcale nie go\u015bcinnym i blisko toalet. Cumuje motor\u00f3wk\u0119, odbiera od nas cumy a nast\u0119pnie wr\u0119cza informacje o porcie, m\u00f3wi gdzie s\u0105 toalety i biuro oraz pyta si\u0119 czy b\u0119dziemy potrzebowa\u0107 pomocy przy odj\u0119ciu. Super obs\u0142uga. Biuro mariny to okienko w kontenerze, gdzie urz\u0119duje mi\u0142a pani. W cenie mariny wszystko opr\u00f3cz pralek.<\/p>\n<p><a href=\"https:\/\/pluskata.pl\/www\/pl\/rejsy-2022\/z-hawru-do-brestu-09-23-07-2022\/saint-quay\/\"><img loading=\"lazy\" decoding=\"async\" class=\"alignnone wp-image-2292 size-medium\" src=\"https:\/\/pluskata.pl\/www\/wp-content\/uploads\/2022\/07\/Saint-Quay-300x225.jpg\" alt=\"Saint Quay\" width=\"300\" height=\"225\" srcset=\"https:\/\/pluskata.pl\/www\/wp-content\/uploads\/2022\/07\/Saint-Quay-300x225.jpg 300w, https:\/\/pluskata.pl\/www\/wp-content\/uploads\/2022\/07\/Saint-Quay-1024x768.jpg 1024w, https:\/\/pluskata.pl\/www\/wp-content\/uploads\/2022\/07\/Saint-Quay-768x576.jpg 768w, https:\/\/pluskata.pl\/www\/wp-content\/uploads\/2022\/07\/Saint-Quay-1536x1152.jpg 1536w, https:\/\/pluskata.pl\/www\/wp-content\/uploads\/2022\/07\/Saint-Quay-2048x1536.jpg 2048w, https:\/\/pluskata.pl\/www\/wp-content\/uploads\/2022\/07\/Saint-Quay-150x113.jpg 150w\" sizes=\"auto, (max-width: 300px) 100vw, 300px\" \/><\/a><\/p>\n<p>Po ogarni\u0119ciu si\u0119 idziemy na spacer po mie\u015bcie, wchodzimy na \u201ewysp\u0119\u201d kt\u00f3ra najpierw jest p\u00f3\u0142wyspem, a jak wracamy to ju\u017c jest wysp\u0105. Odwiedzamy dwa punkty widokowe i wracamy na jacht na kolacj\u0119.<\/p>\n<p><strong>18-07-2022 poniedzia\u0142ek do Rostoff<\/strong><br \/>\nRano jemy \u015bniadanie i o 9:10 wychodzimy w morze. Jest ciep\u0142o, wychodzi s\u0142o\u0144ce a temperatura wody wynosi 21\u00baC. P\u0142yniemy po\u0142\u00f3wk\u0105 na 3 \u017caglach (genua, fok i grot) a pr\u0119dko\u015b\u0107 przekracza 8kn.<\/p>\n<p><a href=\"https:\/\/pluskata.pl\/www\/pl\/rejsy-2022\/z-hawru-do-brestu-09-23-07-2022\/trzy-zagle\/\"><img loading=\"lazy\" decoding=\"async\" class=\"alignnone wp-image-2294 size-medium\" src=\"https:\/\/pluskata.pl\/www\/wp-content\/uploads\/2022\/07\/Trzy-zagle-300x200.jpg\" alt=\"Trzy zagle\" width=\"300\" height=\"200\" srcset=\"https:\/\/pluskata.pl\/www\/wp-content\/uploads\/2022\/07\/Trzy-zagle-300x200.jpg 300w, https:\/\/pluskata.pl\/www\/wp-content\/uploads\/2022\/07\/Trzy-zagle-1024x683.jpg 1024w, https:\/\/pluskata.pl\/www\/wp-content\/uploads\/2022\/07\/Trzy-zagle-768x512.jpg 768w, https:\/\/pluskata.pl\/www\/wp-content\/uploads\/2022\/07\/Trzy-zagle-1536x1024.jpg 1536w, https:\/\/pluskata.pl\/www\/wp-content\/uploads\/2022\/07\/Trzy-zagle-2048x1365.jpg 2048w, https:\/\/pluskata.pl\/www\/wp-content\/uploads\/2022\/07\/Trzy-zagle-150x100.jpg 150w\" sizes=\"auto, (max-width: 300px) 100vw, 300px\" \/><\/a> <a href=\"https:\/\/pluskata.pl\/www\/pl\/rejsy-2022\/z-hawru-do-brestu-09-23-07-2022\/delfin\/\"><img loading=\"lazy\" decoding=\"async\" class=\"alignnone wp-image-2293 size-medium\" src=\"https:\/\/pluskata.pl\/www\/wp-content\/uploads\/2022\/07\/Delfin-300x188.jpg\" alt=\"Delfin\" width=\"300\" height=\"188\" srcset=\"https:\/\/pluskata.pl\/www\/wp-content\/uploads\/2022\/07\/Delfin-300x188.jpg 300w, https:\/\/pluskata.pl\/www\/wp-content\/uploads\/2022\/07\/Delfin-1024x641.jpg 1024w, https:\/\/pluskata.pl\/www\/wp-content\/uploads\/2022\/07\/Delfin-768x481.jpg 768w, https:\/\/pluskata.pl\/www\/wp-content\/uploads\/2022\/07\/Delfin-1536x961.jpg 1536w, https:\/\/pluskata.pl\/www\/wp-content\/uploads\/2022\/07\/Delfin-2048x1282.jpg 2048w, https:\/\/pluskata.pl\/www\/wp-content\/uploads\/2022\/07\/Delfin-150x94.jpg 150w\" sizes=\"auto, (max-width: 300px) 100vw, 300px\" \/><\/a> <a href=\"https:\/\/pluskata.pl\/www\/pl\/rejsy-2022\/z-hawru-do-brestu-09-23-07-2022\/fatamorgana\/\"><img loading=\"lazy\" decoding=\"async\" class=\"alignnone wp-image-2295 size-medium\" src=\"https:\/\/pluskata.pl\/www\/wp-content\/uploads\/2022\/07\/Fatamorgana-300x182.jpg\" alt=\"Fatamorgana\" width=\"300\" height=\"182\" srcset=\"https:\/\/pluskata.pl\/www\/wp-content\/uploads\/2022\/07\/Fatamorgana-300x182.jpg 300w, https:\/\/pluskata.pl\/www\/wp-content\/uploads\/2022\/07\/Fatamorgana-1024x622.jpg 1024w, https:\/\/pluskata.pl\/www\/wp-content\/uploads\/2022\/07\/Fatamorgana-768x467.jpg 768w, https:\/\/pluskata.pl\/www\/wp-content\/uploads\/2022\/07\/Fatamorgana-1536x933.jpg 1536w, https:\/\/pluskata.pl\/www\/wp-content\/uploads\/2022\/07\/Fatamorgana-2048x1245.jpg 2048w, https:\/\/pluskata.pl\/www\/wp-content\/uploads\/2022\/07\/Fatamorgana-150x91.jpg 150w\" sizes=\"auto, (max-width: 300px) 100vw, 300px\" \/><\/a><br \/>\nZdejmujemy szprycbud\u0119 a na jej miejsce zak\u0142adamy ma\u0142y daszek. P\u0142yniemy z pr\u0105dem, kt\u00f3ry osi\u0105ga czasami 4kn. Do tego wiatr 20kn wi\u0119c czasami p\u0142yniemy 11kn. Do Rostoff dop\u0142ywamy o 19:40. Port jest pe\u0142ny wi\u0119c obs\u0142uga stawia nas longside do katamarana na czole pomostu. Jeste\u015bmy 3 godziny przed wysok\u0105 wod\u0105 i jest silny pr\u0105d o czym informuj\u0105 tablice przy wej\u015bciu do portu.<br \/>\nW cenie mariny wszystko (opr\u00f3cz prania). Toalety s\u0105 na g\u0142\u00f3wnym pomo\u015bcie i przy biurze mariny. Dostajemy kart\u0119 z paskiem magnetycznym do otwierania drzwi. Do toalet na pomo\u015bcie nie jest potrzebna.<\/p>\n<p><strong>19-07-2022 wtorek Rostoff<\/strong><br \/>\nPo \u015bniadaniu i odczekaniu a\u017c przestanie pada\u0107 wyruszamy zwiedza\u0107 miasto. Do miasta je\u017adzi bezp\u0142atny autobus (co 15minut). Autobus jedzie naoko\u0142o miasta. Doje\u017cd\u017camy do placu Republiki i idziemy na spacer po mie\u015bcie. Star\u00f3wka ma kilka ulic. Wzd\u0142u\u017c ulic s\u0105 kamienne domy.<\/p>\n<p><a href=\"https:\/\/pluskata.pl\/www\/pl\/rejsy-2022\/z-hawru-do-brestu-09-23-07-2022\/roscoff-ulica\/\"><img loading=\"lazy\" decoding=\"async\" class=\"alignnone wp-image-2296 size-medium\" src=\"https:\/\/pluskata.pl\/www\/wp-content\/uploads\/2022\/07\/Roscoff-ulica-300x200.jpg\" alt=\"Roscoff ulica\" width=\"300\" height=\"200\" srcset=\"https:\/\/pluskata.pl\/www\/wp-content\/uploads\/2022\/07\/Roscoff-ulica-300x200.jpg 300w, https:\/\/pluskata.pl\/www\/wp-content\/uploads\/2022\/07\/Roscoff-ulica-1024x683.jpg 1024w, https:\/\/pluskata.pl\/www\/wp-content\/uploads\/2022\/07\/Roscoff-ulica-768x512.jpg 768w, https:\/\/pluskata.pl\/www\/wp-content\/uploads\/2022\/07\/Roscoff-ulica-1536x1024.jpg 1536w, https:\/\/pluskata.pl\/www\/wp-content\/uploads\/2022\/07\/Roscoff-ulica-2048x1365.jpg 2048w, https:\/\/pluskata.pl\/www\/wp-content\/uploads\/2022\/07\/Roscoff-ulica-150x100.jpg 150w\" sizes=\"auto, (max-width: 300px) 100vw, 300px\" \/><\/a> <a href=\"https:\/\/pluskata.pl\/www\/pl\/rejsy-2022\/z-hawru-do-brestu-09-23-07-2022\/roscoff\/\"><img loading=\"lazy\" decoding=\"async\" class=\"alignnone wp-image-2297 size-medium\" src=\"https:\/\/pluskata.pl\/www\/wp-content\/uploads\/2022\/07\/Roscoff-300x200.jpg\" alt=\"Roscoff\" width=\"300\" height=\"200\" srcset=\"https:\/\/pluskata.pl\/www\/wp-content\/uploads\/2022\/07\/Roscoff-300x200.jpg 300w, https:\/\/pluskata.pl\/www\/wp-content\/uploads\/2022\/07\/Roscoff-1024x683.jpg 1024w, https:\/\/pluskata.pl\/www\/wp-content\/uploads\/2022\/07\/Roscoff-768x512.jpg 768w, https:\/\/pluskata.pl\/www\/wp-content\/uploads\/2022\/07\/Roscoff-1536x1024.jpg 1536w, https:\/\/pluskata.pl\/www\/wp-content\/uploads\/2022\/07\/Roscoff-2048x1365.jpg 2048w, https:\/\/pluskata.pl\/www\/wp-content\/uploads\/2022\/07\/Roscoff-150x100.jpg 150w\" sizes=\"auto, (max-width: 300px) 100vw, 300px\" \/><\/a> <a href=\"https:\/\/pluskata.pl\/www\/pl\/rejsy-2022\/z-hawru-do-brestu-09-23-07-2022\/roscoff-ogrod\/\"><img loading=\"lazy\" decoding=\"async\" class=\"alignnone wp-image-2298 size-medium\" src=\"https:\/\/pluskata.pl\/www\/wp-content\/uploads\/2022\/07\/Roscoff-ogrod-300x225.jpg\" alt=\"Roscoff ogr\u00f3d\" width=\"300\" height=\"225\" srcset=\"https:\/\/pluskata.pl\/www\/wp-content\/uploads\/2022\/07\/Roscoff-ogrod-300x225.jpg 300w, https:\/\/pluskata.pl\/www\/wp-content\/uploads\/2022\/07\/Roscoff-ogrod-1024x768.jpg 1024w, https:\/\/pluskata.pl\/www\/wp-content\/uploads\/2022\/07\/Roscoff-ogrod-768x576.jpg 768w, https:\/\/pluskata.pl\/www\/wp-content\/uploads\/2022\/07\/Roscoff-ogrod-1536x1152.jpg 1536w, https:\/\/pluskata.pl\/www\/wp-content\/uploads\/2022\/07\/Roscoff-ogrod-2048x1536.jpg 2048w, https:\/\/pluskata.pl\/www\/wp-content\/uploads\/2022\/07\/Roscoff-ogrod-150x113.jpg 150w\" sizes=\"auto, (max-width: 300px) 100vw, 300px\" \/><\/a><\/p>\n<p>Chodzimy ulicami, zwiedzamy katedr\u0119 i jemy lody (pan sprzedawca ma \u017con\u0119 Polk\u0119, ale sam nie m\u00f3wi po polsku), potem idziemy na most donik\u0105d (na niskiej wodzie dochodzi do kardyna\u0142ki) a potem wst\u0119pujemy na nale\u015bniki. W knajpie spotykamy Szymona i Gosi\u0119. Wcze\u015bniej ko\u0144cz\u0105 je\u015b\u0107 i id\u0105 na spacer po mo\u015bcie, a wracaj\u0105c kupuj\u0105 ryb\u0119 na obiad. Na jacht wracamy autobusem. Ryba jest wy\u015bmienita. I szybko si\u0119 j\u0105 przyrz\u0105dza. Po obiedzie idziemy zwiedza\u0107 ogrody tropikalne ko\u0142o mariny (wst\u0119p 6\u20ac). Ogrody s\u0105 prze\u015bliczne. To de facto ogr\u00f3d botaniczny z wytyczon\u0105 tras\u0105 zwiedzania. Sp\u0119dzamy tam ponad godzin\u0119. Potem idziemy jeszcze na poblisk\u0105 pla\u017c\u0119 i podziwiamy marin\u0119 o zachodzie s\u0142o\u0144ca.<\/p>\n<p><strong>20-07-2022 \u015broda do Aber Wrac&#8217;H<\/strong><br \/>\nPo \u015bniadaniu i ogarni\u0119ciu jachtu wychodzimy o 10:15. Jest 1,5h przed wysok\u0105 wod\u0105. Jest zimno (ok15\u00baC) i p\u0142yniemy w\u015br\u00f3d ska\u0142 na silniku. Na niskiej wodzie by\u015bmy tamt\u0119dy nie przeszli.<br \/>\nPotem stawiamy \u017cagle i p\u0142yniemy bajdewindem, wi\u0119c nie do\u015b\u0107, \u017ce p\u0142yniemy w przechyle to jeszcze buja. Jest pochmurno, ale w zasadzie nie pada. Przez d\u0142u\u017cszy czas towarzysz\u0105 nam delfiny. Do Aber Wrac&#8217;H<br \/>\nWchodzimy o 19:15 i dostajemy miejsce longside do du\u017cej motor\u00f3wki. Od sympatycznej pani dostaj\u0119 list\u0119 marin, kt\u00f3re warto odwiedzi\u0107.<\/p>\n<p><strong>21-07-2022 czwartek Aber Wrac&#8217;H<\/strong><br \/>\nRano czekamy a\u017c statek do kt\u00f3rego jeste\u015bmy przycumowani wyp\u0142ynie, \u017ceby przestawi\u0107 si\u0119 na jego miejsce. Mieli wyp\u0142yn\u0105\u0107 ok 10 rano, ale jak nie wyp\u0142ywaj\u0105 do godziny 11 to pytamy si\u0119 o kt\u00f3rej planuj\u0105 wyp\u0142yn\u0105\u0107 i okazuje si\u0119, \u017ce zostaj\u0105 jeszcze jeden dzie\u0144, wi\u0119c idziemy na spacer po okolicy wzd\u0142u\u017c brzegu. Spacer ma ok 13 km, ale widoki s\u0105 przecudne, bia\u0142e pla\u017ce i b\u0142\u0119kitne morze.<\/p>\n<p><a href=\"https:\/\/pluskata.pl\/www\/pl\/rejsy-2022\/z-hawru-do-brestu-09-23-07-2022\/port\/\"><img loading=\"lazy\" decoding=\"async\" class=\"alignnone wp-image-2300 size-medium\" src=\"https:\/\/pluskata.pl\/www\/wp-content\/uploads\/2022\/07\/Port-300x200.jpg\" alt=\"Port\" width=\"300\" height=\"200\" srcset=\"https:\/\/pluskata.pl\/www\/wp-content\/uploads\/2022\/07\/Port-300x200.jpg 300w, https:\/\/pluskata.pl\/www\/wp-content\/uploads\/2022\/07\/Port-1024x684.jpg 1024w, https:\/\/pluskata.pl\/www\/wp-content\/uploads\/2022\/07\/Port-768x513.jpg 768w\" sizes=\"auto, (max-width: 300px) 100vw, 300px\" \/><\/a> <a href=\"https:\/\/pluskata.pl\/www\/pl\/rejsy-2022\/z-hawru-do-brestu-09-23-07-2022\/aber-okno\/\"><img loading=\"lazy\" decoding=\"async\" class=\"alignnone wp-image-2299 size-medium\" src=\"https:\/\/pluskata.pl\/www\/wp-content\/uploads\/2022\/07\/Aber-okno-300x200.jpg\" alt=\"Aber okno\" width=\"300\" height=\"200\" srcset=\"https:\/\/pluskata.pl\/www\/wp-content\/uploads\/2022\/07\/Aber-okno-300x200.jpg 300w, https:\/\/pluskata.pl\/www\/wp-content\/uploads\/2022\/07\/Aber-okno-1024x683.jpg 1024w, https:\/\/pluskata.pl\/www\/wp-content\/uploads\/2022\/07\/Aber-okno-768x512.jpg 768w, https:\/\/pluskata.pl\/www\/wp-content\/uploads\/2022\/07\/Aber-okno-1536x1024.jpg 1536w, https:\/\/pluskata.pl\/www\/wp-content\/uploads\/2022\/07\/Aber-okno-2048x1365.jpg 2048w, https:\/\/pluskata.pl\/www\/wp-content\/uploads\/2022\/07\/Aber-okno-150x100.jpg 150w\" sizes=\"auto, (max-width: 300px) 100vw, 300px\" \/><\/a> <a href=\"https:\/\/pluskata.pl\/www\/pl\/rejsy-2022\/z-hawru-do-brestu-09-23-07-2022\/plaza\/\"><img loading=\"lazy\" decoding=\"async\" class=\"alignnone wp-image-2301 size-medium\" src=\"https:\/\/pluskata.pl\/www\/wp-content\/uploads\/2022\/07\/Plaza-300x200.jpg\" alt=\"Pla\u017ca\" width=\"300\" height=\"200\" srcset=\"https:\/\/pluskata.pl\/www\/wp-content\/uploads\/2022\/07\/Plaza-300x200.jpg 300w, https:\/\/pluskata.pl\/www\/wp-content\/uploads\/2022\/07\/Plaza-1024x681.jpg 1024w, https:\/\/pluskata.pl\/www\/wp-content\/uploads\/2022\/07\/Plaza-768x511.jpg 768w, https:\/\/pluskata.pl\/www\/wp-content\/uploads\/2022\/07\/Plaza-1536x1022.jpg 1536w, https:\/\/pluskata.pl\/www\/wp-content\/uploads\/2022\/07\/Plaza-2048x1362.jpg 2048w, https:\/\/pluskata.pl\/www\/wp-content\/uploads\/2022\/07\/Plaza-150x100.jpg 150w\" sizes=\"auto, (max-width: 300px) 100vw, 300px\" \/><\/a> <a href=\"https:\/\/pluskata.pl\/www\/pl\/rejsy-2022\/z-hawru-do-brestu-09-23-07-2022\/aber-dom\/\"><img loading=\"lazy\" decoding=\"async\" class=\"alignnone wp-image-2302 size-medium\" src=\"https:\/\/pluskata.pl\/www\/wp-content\/uploads\/2022\/07\/Aber-dom-300x200.jpg\" alt=\"Aber dom\" width=\"300\" height=\"200\" srcset=\"https:\/\/pluskata.pl\/www\/wp-content\/uploads\/2022\/07\/Aber-dom-300x200.jpg 300w, https:\/\/pluskata.pl\/www\/wp-content\/uploads\/2022\/07\/Aber-dom-1024x683.jpg 1024w, https:\/\/pluskata.pl\/www\/wp-content\/uploads\/2022\/07\/Aber-dom-768x512.jpg 768w, https:\/\/pluskata.pl\/www\/wp-content\/uploads\/2022\/07\/Aber-dom-1536x1024.jpg 1536w, https:\/\/pluskata.pl\/www\/wp-content\/uploads\/2022\/07\/Aber-dom-2048x1365.jpg 2048w, https:\/\/pluskata.pl\/www\/wp-content\/uploads\/2022\/07\/Aber-dom-150x100.jpg 150w\" sizes=\"auto, (max-width: 300px) 100vw, 300px\" \/><\/a><\/p>\n<p>W mie\u015bcie robimy zakupy (tylko brakuj\u0105ce rzeczy) i idziemy do knajpki na nale\u015bniki. Jest troch\u0119 \u015bmieszmie, bo kelnerka zna tylko kilka s\u0142\u00f3w po angielsku, a karta jest po francusku. W ko\u0144cu udaje nam si\u0119 z\u0142o\u017cy\u0107 zam\u00f3wienie. Nale\u015bniki s\u0105 bardzo smaczne. Po powrocie ne jacht Dorota robi pizz\u0119 (4 r\u00f3\u017cne rodzaje). Super kolacja. Po kolacji Ewa z Szymonem id\u0105 jeszcze na wycieczk\u0119 na punkt widokowy (semafor) a reszta ogarnia jacht i idzie pod prysznic. Potem robimy jeszcze pranie i rozwieszamy w mesie i w suszarni.<\/p>\n<p><strong>22-07-2022 pi\u0105tek do Brtestu<\/strong><br \/>\nRano na \u015bniadanie owsianka. Okazuje si\u0119, \u017ce du\u017co rzeczy wysch\u0142o przez noc, ale nie wszystko, wi\u0119c wilgotne rzeczy rozk\u0142adamy w kabinach. Wychodzimy o 9:10. Przez zatok\u0119 p\u0142yniemy na silniku, a po mini\u0119ciu ostatniej kardyna\u0142ki stawiamy \u017cagle. P\u0142yniemy po\u0142\u00f3wk\u0105, wi\u0119c mimo przeciwnego pr\u0105du i tak wychodzi pr\u0119dko\u015b\u0107 po dnie 4,5kn.<\/p>\n<p><a href=\"https:\/\/pluskata.pl\/www\/pl\/rejsy-2022\/z-hawru-do-brestu-09-23-07-2022\/zeglarstwo-plazowe\/\"><img loading=\"lazy\" decoding=\"async\" class=\"alignnone wp-image-2304 size-medium\" src=\"https:\/\/pluskata.pl\/www\/wp-content\/uploads\/2022\/07\/Zeglarstwo-plazowe-300x225.jpg\" alt=\"\" width=\"300\" height=\"225\" srcset=\"https:\/\/pluskata.pl\/www\/wp-content\/uploads\/2022\/07\/Zeglarstwo-plazowe-300x225.jpg 300w, https:\/\/pluskata.pl\/www\/wp-content\/uploads\/2022\/07\/Zeglarstwo-plazowe-1024x768.jpg 1024w, https:\/\/pluskata.pl\/www\/wp-content\/uploads\/2022\/07\/Zeglarstwo-plazowe-768x576.jpg 768w, https:\/\/pluskata.pl\/www\/wp-content\/uploads\/2022\/07\/Zeglarstwo-plazowe-1536x1152.jpg 1536w, https:\/\/pluskata.pl\/www\/wp-content\/uploads\/2022\/07\/Zeglarstwo-plazowe-2048x1536.jpg 2048w, https:\/\/pluskata.pl\/www\/wp-content\/uploads\/2022\/07\/Zeglarstwo-plazowe-150x113.jpg 150w\" sizes=\"auto, (max-width: 300px) 100vw, 300px\" \/><\/a><\/p>\n<p>Na obiad jest gulasz z grzybami i kluski k\u0142adzione. Po zakr\u0119cie na po\u0142udnie wiatr s\u0142abnie, wi\u0119c decydujemy si\u0119 p\u0142yn\u0105\u0107 kr\u00f3tsz\u0105 drog\u0105 bli\u017cej l\u0105du, w\u0142\u0105czamy silnik. Po skr\u0119cie w zatok\u0119 do Brestu wiatr znowu wraca, wi\u0119c stawiamy genu\u0119.<br \/>\nDo portu wchodzimy przed 18. Pani z obs\u0142ugo portu na pontonie pokazuje nam miejsce w Y-bomach i pomaga zacumowa\u0107.<\/p>\n<p><strong>23-07-2022 Brest<\/strong><br \/>\nPo \u015bniadaniu idziemy zwiedza\u0107 miasto.<\/p>\n<p><a href=\"https:\/\/pluskata.pl\/www\/pl\/rejsy-2022\/z-hawru-do-brestu-09-23-07-2022\/brest-zamek\/\"><img loading=\"lazy\" decoding=\"async\" class=\"alignnone wp-image-2306 size-medium\" src=\"https:\/\/pluskata.pl\/www\/wp-content\/uploads\/2022\/07\/Brest-zamek-300x200.jpg\" alt=\"Brest zamek\" width=\"300\" height=\"200\" srcset=\"https:\/\/pluskata.pl\/www\/wp-content\/uploads\/2022\/07\/Brest-zamek-300x200.jpg 300w, https:\/\/pluskata.pl\/www\/wp-content\/uploads\/2022\/07\/Brest-zamek-1024x683.jpg 1024w, https:\/\/pluskata.pl\/www\/wp-content\/uploads\/2022\/07\/Brest-zamek-768x512.jpg 768w\" sizes=\"auto, (max-width: 300px) 100vw, 300px\" \/><\/a> <a href=\"https:\/\/pluskata.pl\/www\/pl\/rejsy-2022\/z-hawru-do-brestu-09-23-07-2022\/brest-ul-st-malo\/\"><img loading=\"lazy\" decoding=\"async\" class=\"alignnone wp-image-2307 size-medium\" src=\"https:\/\/pluskata.pl\/www\/wp-content\/uploads\/2022\/07\/Brest-ul-St-Malo-300x200.jpg\" alt=\"Brest ul St Malo\" width=\"300\" height=\"200\" srcset=\"https:\/\/pluskata.pl\/www\/wp-content\/uploads\/2022\/07\/Brest-ul-St-Malo-300x200.jpg 300w, https:\/\/pluskata.pl\/www\/wp-content\/uploads\/2022\/07\/Brest-ul-St-Malo-1024x683.jpg 1024w, https:\/\/pluskata.pl\/www\/wp-content\/uploads\/2022\/07\/Brest-ul-St-Malo-768x512.jpg 768w, https:\/\/pluskata.pl\/www\/wp-content\/uploads\/2022\/07\/Brest-ul-St-Malo-1536x1024.jpg 1536w, https:\/\/pluskata.pl\/www\/wp-content\/uploads\/2022\/07\/Brest-ul-St-Malo-2048x1365.jpg 2048w, https:\/\/pluskata.pl\/www\/wp-content\/uploads\/2022\/07\/Brest-ul-St-Malo-150x100.jpg 150w\" sizes=\"auto, (max-width: 300px) 100vw, 300px\" \/><\/a> <a href=\"https:\/\/pluskata.pl\/www\/pl\/rejsy-2022\/z-hawru-do-brestu-09-23-07-2022\/brest-most\/\"><img loading=\"lazy\" decoding=\"async\" class=\"alignnone wp-image-2308 size-medium\" src=\"https:\/\/pluskata.pl\/www\/wp-content\/uploads\/2022\/07\/Brest-most-300x200.jpg\" alt=\"Brest most\" width=\"300\" height=\"200\" srcset=\"https:\/\/pluskata.pl\/www\/wp-content\/uploads\/2022\/07\/Brest-most-300x200.jpg 300w, https:\/\/pluskata.pl\/www\/wp-content\/uploads\/2022\/07\/Brest-most-1024x683.jpg 1024w, https:\/\/pluskata.pl\/www\/wp-content\/uploads\/2022\/07\/Brest-most-768x512.jpg 768w, https:\/\/pluskata.pl\/www\/wp-content\/uploads\/2022\/07\/Brest-most-1536x1024.jpg 1536w, https:\/\/pluskata.pl\/www\/wp-content\/uploads\/2022\/07\/Brest-most-2048x1365.jpg 2048w, https:\/\/pluskata.pl\/www\/wp-content\/uploads\/2022\/07\/Brest-most-150x100.jpg 150w\" sizes=\"auto, (max-width: 300px) 100vw, 300px\" \/><\/a><\/p>\n<p>Ogl\u0105damy jeden z najwy\u017cszych most\u00f3w zwodzonych podnoszonych r\u00f3wnolegle do g\u00f3ry (25m), potem jedziemy kolejk\u0105 linow\u0105 na drug\u0105 stron\u0119 zatoki (bilet 1,6\u20ac\/osoba), Po drugiej stronie idziemy przez hal\u0119 kolejki ze sklepami i wystawami i skr\u0119camy w ulic\u0119 Saint Malo pe\u0142n\u0105 ro\u015blin i r\u00f3\u017cnych zakamark\u00f3w. Na koniec idziemy do muzeum morskiego w zamku. Przedstawia histori\u0119 odkry\u0107 morskich i to w oryginalnych wn\u0119trzach zamku.<br \/>\nPo powrocie jemy obiad (piecze\u0144 rzymska) i odprowadzamy Dorot\u0119 do autobusu.<\/p>\n<p><strong>24-07-2022 niedziela Brest<\/strong><br \/>\nKlar na jachcie, pakowanie, porz\u0105dki.<\/p>\n","protected":false},"excerpt":{"rendered":"<p>Teasa: La Havre &#8211; Chreburg &#8211; Gernsey &#8211; Jersey &#8211; St. Malo &#8211; Saint Quay &#8211; Rostoff &#8211; Aber Wrac&#8217;H &#8211; Brest Termin: 09-23.07.2022 Mile\/ godziny: 385Mm\/81h 9-07-2022 sobota do Chreburga Wychodzimy o 6:15. Odchodzimy w trzy osoby na decku. Na pocz\u0105tek wieje raczej s\u0142abo, ale z dobrego kierunku, Pogoda\u2026<\/p>\n<p class=\"continue-reading-button\"> <a class=\"continue-reading-link\" href=\"https:\/\/pluskata.pl\/www\/pl\/rejsy-2022\/z-hawru-do-brestu-09-23-07-2022\/\">Czytaj dalej\/Continue reading<i class=\"crycon-right-dir\"><\/i><\/a><\/p>\n","protected":false},"author":1,"featured_media":2223,"parent":1605,"menu_order":16,"comment_status":"closed","ping_status":"closed","template":"","meta":{"footnotes":""},"class_list":["post-2211","page","type-page","status-publish","has-post-thumbnail","hentry"],"yoast_head":"<!-- This site is optimized with the Yoast SEO plugin v27.5 - https:\/\/yoast.com\/product\/yoast-seo-wordpress\/ -->\n<title>Z Hawru do Brestu 09-23.07.2022 - Podr\u00f3\u017ce jachtem po \u015bwiecie<\/title>\n<meta name=\"robots\" content=\"index, follow, max-snippet:-1, max-image-preview:large, max-video-preview:-1\" \/>\n<link rel=\"canonical\" href=\"https:\/\/pluskata.pl\/www\/pl\/rejsy-2022\/z-hawru-do-brestu-09-23-07-2022\/\" \/>\n<meta property=\"og:locale\" content=\"pl_PL\" \/>\n<meta property=\"og:type\" content=\"article\" \/>\n<meta property=\"og:title\" content=\"Z Hawru do Brestu 09-23.07.2022 - Podr\u00f3\u017ce jachtem po \u015bwiecie\" \/>\n<meta property=\"og:description\" content=\"Teasa: La Havre &#8211; Chreburg &#8211; Gernsey &#8211; Jersey &#8211; St. Malo &#8211; Saint Quay &#8211; Rostoff &#8211; Aber Wrac&#8217;H &#8211; Brest Termin: 09-23.07.2022 Mile\/ godziny: 385Mm\/81h 9-07-2022 sobota do Chreburga Wychodzimy o 6:15. Odchodzimy w trzy osoby na decku. Na pocz\u0105tek wieje raczej s\u0142abo, ale z dobrego kierunku, Pogoda\u2026 Czytaj dalej\/Continue reading\" \/>\n<meta property=\"og:url\" content=\"https:\/\/pluskata.pl\/www\/pl\/rejsy-2022\/z-hawru-do-brestu-09-23-07-2022\/\" \/>\n<meta property=\"og:site_name\" content=\"Podr\u00f3\u017ce jachtem po \u015bwiecie\" \/>\n<meta property=\"article:publisher\" content=\"https:\/\/www.facebook.com\/pluskata\" \/>\n<meta property=\"article:modified_time\" content=\"2022-09-08T10:36:06+00:00\" \/>\n<meta property=\"og:image\" content=\"https:\/\/pluskata.pl\/www\/wp-content\/uploads\/2022\/07\/Hawr-Brest.jpg\" \/>\n\t<meta property=\"og:image:width\" content=\"1920\" \/>\n\t<meta property=\"og:image:height\" content=\"890\" \/>\n\t<meta property=\"og:image:type\" content=\"image\/jpeg\" \/>\n<meta name=\"twitter:card\" content=\"summary_large_image\" \/>\n<meta name=\"twitter:label1\" content=\"Szacowany czas czytania\" \/>\n\t<meta name=\"twitter:data1\" content=\"13 minut\" \/>\n<script type=\"application\/ld+json\" class=\"yoast-schema-graph\">{\"@context\":\"https:\\\/\\\/schema.org\",\"@graph\":[{\"@type\":\"WebPage\",\"@id\":\"https:\\\/\\\/pluskata.pl\\\/www\\\/pl\\\/rejsy-2022\\\/z-hawru-do-brestu-09-23-07-2022\\\/\",\"url\":\"https:\\\/\\\/pluskata.pl\\\/www\\\/pl\\\/rejsy-2022\\\/z-hawru-do-brestu-09-23-07-2022\\\/\",\"name\":\"Z Hawru do Brestu 09-23.07.2022 - Podr\u00f3\u017ce jachtem po \u015bwiecie\",\"isPartOf\":{\"@id\":\"https:\\\/\\\/pluskata.pl\\\/www\\\/#website\"},\"primaryImageOfPage\":{\"@id\":\"https:\\\/\\\/pluskata.pl\\\/www\\\/pl\\\/rejsy-2022\\\/z-hawru-do-brestu-09-23-07-2022\\\/#primaryimage\"},\"image\":{\"@id\":\"https:\\\/\\\/pluskata.pl\\\/www\\\/pl\\\/rejsy-2022\\\/z-hawru-do-brestu-09-23-07-2022\\\/#primaryimage\"},\"thumbnailUrl\":\"https:\\\/\\\/pluskata.pl\\\/www\\\/wp-content\\\/uploads\\\/2022\\\/07\\\/Hawr-Brest.jpg\",\"datePublished\":\"2022-07-25T12:48:12+00:00\",\"dateModified\":\"2022-09-08T10:36:06+00:00\",\"breadcrumb\":{\"@id\":\"https:\\\/\\\/pluskata.pl\\\/www\\\/pl\\\/rejsy-2022\\\/z-hawru-do-brestu-09-23-07-2022\\\/#breadcrumb\"},\"inLanguage\":\"pl-PL\",\"potentialAction\":[{\"@type\":\"ReadAction\",\"target\":[\"https:\\\/\\\/pluskata.pl\\\/www\\\/pl\\\/rejsy-2022\\\/z-hawru-do-brestu-09-23-07-2022\\\/\"]}]},{\"@type\":\"ImageObject\",\"inLanguage\":\"pl-PL\",\"@id\":\"https:\\\/\\\/pluskata.pl\\\/www\\\/pl\\\/rejsy-2022\\\/z-hawru-do-brestu-09-23-07-2022\\\/#primaryimage\",\"url\":\"https:\\\/\\\/pluskata.pl\\\/www\\\/wp-content\\\/uploads\\\/2022\\\/07\\\/Hawr-Brest.jpg\",\"contentUrl\":\"https:\\\/\\\/pluskata.pl\\\/www\\\/wp-content\\\/uploads\\\/2022\\\/07\\\/Hawr-Brest.jpg\",\"width\":1920,\"height\":890,\"caption\":\"Hawr Brest\"},{\"@type\":\"BreadcrumbList\",\"@id\":\"https:\\\/\\\/pluskata.pl\\\/www\\\/pl\\\/rejsy-2022\\\/z-hawru-do-brestu-09-23-07-2022\\\/#breadcrumb\",\"itemListElement\":[{\"@type\":\"ListItem\",\"position\":1,\"name\":\"Strona g\u0142\u00f3wna\",\"item\":\"https:\\\/\\\/pluskata.pl\\\/www\\\/pl\\\/aktualnosci\\\/\"},{\"@type\":\"ListItem\",\"position\":2,\"name\":\"Rejsy 2022\",\"item\":\"https:\\\/\\\/pluskata.pl\\\/www\\\/pl\\\/rejsy-2022\\\/\"},{\"@type\":\"ListItem\",\"position\":3,\"name\":\"Z Hawru do Brestu 09-23.07.2022\"}]},{\"@type\":\"WebSite\",\"@id\":\"https:\\\/\\\/pluskata.pl\\\/www\\\/#website\",\"url\":\"https:\\\/\\\/pluskata.pl\\\/www\\\/\",\"name\":\"Podr\u00f3\u017ce jachtem po \u015bwiecie\",\"description\":\"Zapraszamy do wsp\u00f3lnego \u017ceglowania\",\"publisher\":{\"@id\":\"https:\\\/\\\/pluskata.pl\\\/www\\\/#\\\/schema\\\/person\\\/15daea66397efafeded8883b67482cc0\"},\"potentialAction\":[{\"@type\":\"SearchAction\",\"target\":{\"@type\":\"EntryPoint\",\"urlTemplate\":\"https:\\\/\\\/pluskata.pl\\\/www\\\/?s={search_term_string}\"},\"query-input\":{\"@type\":\"PropertyValueSpecification\",\"valueRequired\":true,\"valueName\":\"search_term_string\"}}],\"inLanguage\":\"pl-PL\"},{\"@type\":[\"Person\",\"Organization\"],\"@id\":\"https:\\\/\\\/pluskata.pl\\\/www\\\/#\\\/schema\\\/person\\\/15daea66397efafeded8883b67482cc0\",\"name\":\"Pluskata\",\"image\":{\"@type\":\"ImageObject\",\"inLanguage\":\"pl-PL\",\"@id\":\"https:\\\/\\\/pluskata.pl\\\/www\\\/wp-content\\\/uploads\\\/2020\\\/12\\\/cropped-Logo-Pluskata_512.png\",\"url\":\"https:\\\/\\\/pluskata.pl\\\/www\\\/wp-content\\\/uploads\\\/2020\\\/12\\\/cropped-Logo-Pluskata_512.png\",\"contentUrl\":\"https:\\\/\\\/pluskata.pl\\\/www\\\/wp-content\\\/uploads\\\/2020\\\/12\\\/cropped-Logo-Pluskata_512.png\",\"width\":512,\"height\":512,\"caption\":\"Pluskata\"},\"logo\":{\"@id\":\"https:\\\/\\\/pluskata.pl\\\/www\\\/wp-content\\\/uploads\\\/2020\\\/12\\\/cropped-Logo-Pluskata_512.png\"},\"sameAs\":[\"http:\\\/\\\/www.pluskata.pl\",\"https:\\\/\\\/www.facebook.com\\\/pluskata\"]}]}<\/script>\n<!-- \/ Yoast SEO plugin. -->","yoast_head_json":{"title":"Z Hawru do Brestu 09-23.07.2022 - Podr\u00f3\u017ce jachtem po \u015bwiecie","robots":{"index":"index","follow":"follow","max-snippet":"max-snippet:-1","max-image-preview":"max-image-preview:large","max-video-preview":"max-video-preview:-1"},"canonical":"https:\/\/pluskata.pl\/www\/pl\/rejsy-2022\/z-hawru-do-brestu-09-23-07-2022\/","og_locale":"pl_PL","og_type":"article","og_title":"Z Hawru do Brestu 09-23.07.2022 - Podr\u00f3\u017ce jachtem po \u015bwiecie","og_description":"Teasa: La Havre &#8211; Chreburg &#8211; Gernsey &#8211; Jersey &#8211; St. Malo &#8211; Saint Quay &#8211; Rostoff &#8211; Aber Wrac&#8217;H &#8211; Brest Termin: 09-23.07.2022 Mile\/ godziny: 385Mm\/81h 9-07-2022 sobota do Chreburga Wychodzimy o 6:15. Odchodzimy w trzy osoby na decku. Na pocz\u0105tek wieje raczej s\u0142abo, ale z dobrego kierunku, Pogoda\u2026 Czytaj dalej\/Continue reading","og_url":"https:\/\/pluskata.pl\/www\/pl\/rejsy-2022\/z-hawru-do-brestu-09-23-07-2022\/","og_site_name":"Podr\u00f3\u017ce jachtem po \u015bwiecie","article_publisher":"https:\/\/www.facebook.com\/pluskata","article_modified_time":"2022-09-08T10:36:06+00:00","og_image":[{"width":1920,"height":890,"url":"https:\/\/pluskata.pl\/www\/wp-content\/uploads\/2022\/07\/Hawr-Brest.jpg","type":"image\/jpeg"}],"twitter_card":"summary_large_image","twitter_misc":{"Szacowany czas czytania":"13 minut"},"schema":{"@context":"https:\/\/schema.org","@graph":[{"@type":"WebPage","@id":"https:\/\/pluskata.pl\/www\/pl\/rejsy-2022\/z-hawru-do-brestu-09-23-07-2022\/","url":"https:\/\/pluskata.pl\/www\/pl\/rejsy-2022\/z-hawru-do-brestu-09-23-07-2022\/","name":"Z Hawru do Brestu 09-23.07.2022 - Podr\u00f3\u017ce jachtem po \u015bwiecie","isPartOf":{"@id":"https:\/\/pluskata.pl\/www\/#website"},"primaryImageOfPage":{"@id":"https:\/\/pluskata.pl\/www\/pl\/rejsy-2022\/z-hawru-do-brestu-09-23-07-2022\/#primaryimage"},"image":{"@id":"https:\/\/pluskata.pl\/www\/pl\/rejsy-2022\/z-hawru-do-brestu-09-23-07-2022\/#primaryimage"},"thumbnailUrl":"https:\/\/pluskata.pl\/www\/wp-content\/uploads\/2022\/07\/Hawr-Brest.jpg","datePublished":"2022-07-25T12:48:12+00:00","dateModified":"2022-09-08T10:36:06+00:00","breadcrumb":{"@id":"https:\/\/pluskata.pl\/www\/pl\/rejsy-2022\/z-hawru-do-brestu-09-23-07-2022\/#breadcrumb"},"inLanguage":"pl-PL","potentialAction":[{"@type":"ReadAction","target":["https:\/\/pluskata.pl\/www\/pl\/rejsy-2022\/z-hawru-do-brestu-09-23-07-2022\/"]}]},{"@type":"ImageObject","inLanguage":"pl-PL","@id":"https:\/\/pluskata.pl\/www\/pl\/rejsy-2022\/z-hawru-do-brestu-09-23-07-2022\/#primaryimage","url":"https:\/\/pluskata.pl\/www\/wp-content\/uploads\/2022\/07\/Hawr-Brest.jpg","contentUrl":"https:\/\/pluskata.pl\/www\/wp-content\/uploads\/2022\/07\/Hawr-Brest.jpg","width":1920,"height":890,"caption":"Hawr Brest"},{"@type":"BreadcrumbList","@id":"https:\/\/pluskata.pl\/www\/pl\/rejsy-2022\/z-hawru-do-brestu-09-23-07-2022\/#breadcrumb","itemListElement":[{"@type":"ListItem","position":1,"name":"Strona g\u0142\u00f3wna","item":"https:\/\/pluskata.pl\/www\/pl\/aktualnosci\/"},{"@type":"ListItem","position":2,"name":"Rejsy 2022","item":"https:\/\/pluskata.pl\/www\/pl\/rejsy-2022\/"},{"@type":"ListItem","position":3,"name":"Z Hawru do Brestu 09-23.07.2022"}]},{"@type":"WebSite","@id":"https:\/\/pluskata.pl\/www\/#website","url":"https:\/\/pluskata.pl\/www\/","name":"Podr\u00f3\u017ce jachtem po \u015bwiecie","description":"Zapraszamy do wsp\u00f3lnego \u017ceglowania","publisher":{"@id":"https:\/\/pluskata.pl\/www\/#\/schema\/person\/15daea66397efafeded8883b67482cc0"},"potentialAction":[{"@type":"SearchAction","target":{"@type":"EntryPoint","urlTemplate":"https:\/\/pluskata.pl\/www\/?s={search_term_string}"},"query-input":{"@type":"PropertyValueSpecification","valueRequired":true,"valueName":"search_term_string"}}],"inLanguage":"pl-PL"},{"@type":["Person","Organization"],"@id":"https:\/\/pluskata.pl\/www\/#\/schema\/person\/15daea66397efafeded8883b67482cc0","name":"Pluskata","image":{"@type":"ImageObject","inLanguage":"pl-PL","@id":"https:\/\/pluskata.pl\/www\/wp-content\/uploads\/2020\/12\/cropped-Logo-Pluskata_512.png","url":"https:\/\/pluskata.pl\/www\/wp-content\/uploads\/2020\/12\/cropped-Logo-Pluskata_512.png","contentUrl":"https:\/\/pluskata.pl\/www\/wp-content\/uploads\/2020\/12\/cropped-Logo-Pluskata_512.png","width":512,"height":512,"caption":"Pluskata"},"logo":{"@id":"https:\/\/pluskata.pl\/www\/wp-content\/uploads\/2020\/12\/cropped-Logo-Pluskata_512.png"},"sameAs":["http:\/\/www.pluskata.pl","https:\/\/www.facebook.com\/pluskata"]}]}},"_links":{"self":[{"href":"https:\/\/pluskata.pl\/www\/wp-json\/wp\/v2\/pages\/2211","targetHints":{"allow":["GET"]}}],"collection":[{"href":"https:\/\/pluskata.pl\/www\/wp-json\/wp\/v2\/pages"}],"about":[{"href":"https:\/\/pluskata.pl\/www\/wp-json\/wp\/v2\/types\/page"}],"author":[{"embeddable":true,"href":"https:\/\/pluskata.pl\/www\/wp-json\/wp\/v2\/users\/1"}],"replies":[{"embeddable":true,"href":"https:\/\/pluskata.pl\/www\/wp-json\/wp\/v2\/comments?post=2211"}],"version-history":[{"count":0,"href":"https:\/\/pluskata.pl\/www\/wp-json\/wp\/v2\/pages\/2211\/revisions"}],"up":[{"embeddable":true,"href":"https:\/\/pluskata.pl\/www\/wp-json\/wp\/v2\/pages\/1605"}],"wp:featuredmedia":[{"embeddable":true,"href":"https:\/\/pluskata.pl\/www\/wp-json\/wp\/v2\/media\/2223"}],"wp:attachment":[{"href":"https:\/\/pluskata.pl\/www\/wp-json\/wp\/v2\/media?parent=2211"}],"curies":[{"name":"wp","href":"https:\/\/api.w.org\/{rel}","templated":true}]}}