{"id":2071,"date":"2022-07-04T12:59:34","date_gmt":"2022-07-04T10:59:34","guid":{"rendered":"https:\/\/pluskata.pl\/www\/?page_id=2071"},"modified":"2022-09-08T12:28:32","modified_gmt":"2022-09-08T10:28:32","slug":"z-hagi-do-hawru-24-06-03-07-2022","status":"publish","type":"page","link":"https:\/\/pluskata.pl\/www\/pl\/rejsy-2022\/z-hagi-do-hawru-24-06-03-07-2022\/","title":{"rendered":"Z Hagi do Hawru 24.06-03.07.2022"},"content":{"rendered":"<p><a href=\"https:\/\/pluskata.pl\/www\/pl\/z-hagi-do-hawru-24-06-03-07-2022\/haga-hawr\/\"><img loading=\"lazy\" decoding=\"async\" class=\"alignnone wp-image-2079 size-medium\" src=\"https:\/\/pluskata.pl\/www\/wp-content\/uploads\/2022\/07\/Haga-Hawr-300x206.jpg\" alt=\"Z Hagi do Hawru\" width=\"300\" height=\"206\" srcset=\"https:\/\/pluskata.pl\/www\/wp-content\/uploads\/2022\/07\/Haga-Hawr-300x206.jpg 300w, https:\/\/pluskata.pl\/www\/wp-content\/uploads\/2022\/07\/Haga-Hawr-1024x702.jpg 1024w, https:\/\/pluskata.pl\/www\/wp-content\/uploads\/2022\/07\/Haga-Hawr-768x526.jpg 768w, https:\/\/pluskata.pl\/www\/wp-content\/uploads\/2022\/07\/Haga-Hawr-150x103.jpg 150w, https:\/\/pluskata.pl\/www\/wp-content\/uploads\/2022\/07\/Haga-Hawr.jpg 1328w\" sizes=\"auto, (max-width: 300px) 100vw, 300px\" \/><\/a><\/p>\n<p><strong><span lang=\"en-US\">Trasa:<\/span><\/strong><b> <\/b>Sheveningen \u2013 Osdenda \u2013 Boulogne sur mer \u2013 Dieppe \u2013 Hawr<br \/>\n<strong><span lang=\"en-US\">Termin:<\/span><\/strong> 24.06-03.07.2022<span lang=\"en-US\"><b><br \/>\n<\/b><\/span><strong><span lang=\"en-US\">Mile\/ godziny:<\/span><\/strong><b> <\/b><span lang=\"en-US\">316<\/span><span lang=\"en-US\">Mm\/<\/span><span lang=\"en-US\">70<\/span><span lang=\"en-US\">h<\/span><\/p>\n<p><strong>24-06-2022 pi\u0105tek Schveningen<\/strong><br \/>\nRano jedziemy rowerami po zakupy. Zabieramy przyczepk\u0119 (w\u00f3zek pla\u017cowy) i przywi\u0105zujemy go do roweru. Okazuje si\u0119, \u017ce Lidl, w kt\u00f3rym chcemy zrobi\u0107 zakupy spo\u017cywcze jest zaraz obok bazarku z warzywami i owocami. Za\u0142atwiamy obie rzeczy za jednym razem. Po zakupach i oczywi\u015bcie rozpakowaniu ich na jachcie idziemy na obiad na ryb\u0119 do knajpy po drugiej stronie basenu.<br \/>\nObiad jest smaczny. Ka\u017cdy bierze co\u015b innego. Wieczorem Tomek dorabia jeszcze pod\u015bwietlenie przycisk\u00f3w do o\u015bwietlenia pok\u0142adu i kompasu. D\u0142ugo jest jasno, wi\u0119c idziemy spa\u0107 o p\u00f3\u0142nocy.<\/p>\n<p><strong>25-06-2022 sobota do Ostendy<\/strong><br \/>\nO dziesi\u0105tej wychodzimy z portu. Pogoda jest ca\u0142kiem niez\u0142a, pochmurno, ale w miar\u0119 ciep\u0142o. Stawiamy genu\u0119 i grota. Przez pierwsze 2 godziny p\u0142yniemy z pr\u0105dem, wi\u0119c jest OK, a i wiatr jest ok 3B. Spotykamy delfiny i fok\u0119. Niestety ok godziny 12 pr\u0105d zmienia kierunek na przeciwny, a wiatr zdycha. Jemy obiad, kt\u00f3ry przezornie zosta\u0142 przygotowany poprzedniego dnia (bardzo smaczny). Pr\u00f3bujemy przy wietrze 5kn i przeciwnym pr\u0105dzie p\u0142yn\u0105\u0107 na \u017caglach, walczymy jakie\u015b 3 godziny, ale jak zaczynamy si\u0119 cofa\u0107 to poddajemy si\u0119 i w\u0142\u0105czamy silnik.<br \/>\nDochodzimy do podej\u015bcia do Rotterdamu. Na redzie stoj\u0105 ogromne kontenerowce. Maj\u0105 po 400m d\u0142ugo\u015bci i 60m szeroko\u015bci. Takie nie zmieszcz\u0105 si\u0119 na Ba\u0142tyku. Wywo\u0142uje nas Traffic Control i m\u00f3wi pomi\u0119dzy kt\u00f3rymi bojkami mamy przeci\u0105\u0107 tor wodny. Tak to wyliczyli, \u017ce w momencie przecinania toru nie ma w okolicy \u017cadnych statk\u00f3w. Po mini\u0119ciu toru wodnego Tomek zauwa\u017ca, \u017ce co\u015b nas goni \u2013 to kolejna foka z mord\u0105 nad wod\u0105. Niestety jak przynosz\u0119 aparat to ju\u017c jej nie ma i wi\u0119cej si\u0119 nie pokazuje. Zaczyna pada\u0107. Pada do ok 19:30, potem przestaje ale jest w dalszym ci\u0105gu pochmurno i ch\u0142odno. Po zmroku doje\u017cd\u017camy do ogromnej fermy wiatrak\u00f3w. Od ich \u015bwiate\u0142ek jest \u0142una na horyzoncie. Na noc zmieniamy genu\u0119 na foka.<\/p>\n<p><strong>26-06-2022 niedziela do Ostendy<\/strong><br \/>\nNad ranem w dalszym ci\u0105gu p\u0142yniemy wzd\u0142u\u017c ogromnego pola wiatrak\u00f3w \u2013 ma ok 20Mm d\u0142ugo\u015bci i rozci\u0105ga si\u0119 od Holandii do Belgii. Wieje 5B wi\u0119c refujemy grota. Przecinamy kolejne tory podej\u015bciowe i podchodzimy do wej\u015bcia do \u015bluzy do mariny. Wej\u015bcie do portu ma trzy \u015bwiat\u0142a czerwone bia\u0142e i zielone w r\u00f3\u017cnej konfiguracji. Czekaj\u0105c na otwarcie \u015bluzy jemy \u015bniadanie. \u015aluza do mariny Merkator jest 2-etapowa. Najpierw wp\u0142ywa si\u0119 do pierwszej \u015bluzy, \u015bluza ma podw\u00f3jne wrota, najpierw otwieraj\u0105 si\u0119 pierwsze, potem jedziemy jeszcze do g\u00f3ry i otwieraj\u0105 si\u0119 drugie, za \u015bluz\u0105 jest most zwodzony, za mostem kolejny post\u00f3j i zamyka si\u0119 jeden most zwodzony a otwiera drugi. W \u015bluzie dostajemy informacj\u0119 gdzie mamy stan\u0105\u0107 z kodami do toalet, planikiem mariny i innymi przydatnymi informacjami. Cumujemy na miejscu A-01. W cenie op\u0142aty za marin\u0119 jest pr\u0105d, woda, WC, prysznice. Pralki s\u0105 na monetki z instrukcja po belgijsku.<br \/>\nTomek wyprowadza na zewn\u0105trz anten\u0119 do Navtexa, wreszcie Navtex zaczyna odbiera\u0107 komunikaty i pod\u0142\u0105cza \u015bwiate\u0142ko do w\u0142\u0105cznika do wentylatora w kambuzie.<br \/>\nObiad jest warzywny, ale bardzo smaczny. Po obiedzie ma\u0142a drzemka i idziemy na spacer po mie\u015bcie.<\/p>\n<p><a href=\"https:\/\/pluskata.pl\/www\/pl\/rejsy-2022\/z-hagi-do-hawru-24-06-03-07-2022\/ostenda-ulica-1\/\"><img loading=\"lazy\" decoding=\"async\" class=\"alignnone wp-image-2137 size-medium\" src=\"https:\/\/pluskata.pl\/www\/wp-content\/uploads\/2022\/07\/Ostenda-ulica-1-300x169.jpg\" alt=\"Ostenda ulica\" width=\"300\" height=\"169\" srcset=\"https:\/\/pluskata.pl\/www\/wp-content\/uploads\/2022\/07\/Ostenda-ulica-1-300x169.jpg 300w, https:\/\/pluskata.pl\/www\/wp-content\/uploads\/2022\/07\/Ostenda-ulica-1-1024x576.jpg 1024w, https:\/\/pluskata.pl\/www\/wp-content\/uploads\/2022\/07\/Ostenda-ulica-1-768x432.jpg 768w, https:\/\/pluskata.pl\/www\/wp-content\/uploads\/2022\/07\/Ostenda-ulica-1-1536x864.jpg 1536w, https:\/\/pluskata.pl\/www\/wp-content\/uploads\/2022\/07\/Ostenda-ulica-1-150x84.jpg 150w, https:\/\/pluskata.pl\/www\/wp-content\/uploads\/2022\/07\/Ostenda-ulica-1.jpg 1920w\" sizes=\"auto, (max-width: 300px) 100vw, 300px\" \/><\/a> <a href=\"https:\/\/pluskata.pl\/www\/pl\/rejsy-2022\/z-hagi-do-hawru-24-06-03-07-2022\/ostenda-ulica\/\"><img loading=\"lazy\" decoding=\"async\" class=\"alignnone wp-image-2136 size-medium\" src=\"https:\/\/pluskata.pl\/www\/wp-content\/uploads\/2022\/07\/Ostenda-ulica-300x169.jpg\" alt=\"Ostenda ulica\" width=\"300\" height=\"169\" srcset=\"https:\/\/pluskata.pl\/www\/wp-content\/uploads\/2022\/07\/Ostenda-ulica-300x169.jpg 300w, https:\/\/pluskata.pl\/www\/wp-content\/uploads\/2022\/07\/Ostenda-ulica.jpg 1920w\" sizes=\"auto, (max-width: 300px) 100vw, 300px\" \/><\/a> <a href=\"https:\/\/pluskata.pl\/www\/pl\/rejsy-2022\/z-hagi-do-hawru-24-06-03-07-2022\/osttenda-kiosk\/\"><img loading=\"lazy\" decoding=\"async\" class=\"alignnone wp-image-2139 size-medium\" src=\"https:\/\/pluskata.pl\/www\/wp-content\/uploads\/2022\/07\/Osttenda-kiosk-300x169.jpg\" alt=\"Osttenda kiosk\" width=\"300\" height=\"169\" srcset=\"https:\/\/pluskata.pl\/www\/wp-content\/uploads\/2022\/07\/Osttenda-kiosk-300x169.jpg 300w, https:\/\/pluskata.pl\/www\/wp-content\/uploads\/2022\/07\/Osttenda-kiosk-1024x576.jpg 1024w, https:\/\/pluskata.pl\/www\/wp-content\/uploads\/2022\/07\/Osttenda-kiosk-768x432.jpg 768w, https:\/\/pluskata.pl\/www\/wp-content\/uploads\/2022\/07\/Osttenda-kiosk-1536x864.jpg 1536w, https:\/\/pluskata.pl\/www\/wp-content\/uploads\/2022\/07\/Osttenda-kiosk-150x84.jpg 150w, https:\/\/pluskata.pl\/www\/wp-content\/uploads\/2022\/07\/Osttenda-kiosk.jpg 1920w\" sizes=\"auto, (max-width: 300px) 100vw, 300px\" \/><\/a> <a href=\"https:\/\/pluskata.pl\/www\/pl\/rejsy-2022\/z-hagi-do-hawru-24-06-03-07-2022\/ostenda-dworzec\/\"><img loading=\"lazy\" decoding=\"async\" class=\"alignnone wp-image-2130 size-medium\" src=\"https:\/\/pluskata.pl\/www\/wp-content\/uploads\/2022\/07\/Ostenda-dworzec-300x169.jpg\" alt=\"Ostenda dworzec\" width=\"300\" height=\"169\" srcset=\"https:\/\/pluskata.pl\/www\/wp-content\/uploads\/2022\/07\/Ostenda-dworzec-300x169.jpg 300w, https:\/\/pluskata.pl\/www\/wp-content\/uploads\/2022\/07\/Ostenda-dworzec-1024x576.jpg 1024w, https:\/\/pluskata.pl\/www\/wp-content\/uploads\/2022\/07\/Ostenda-dworzec-768x432.jpg 768w, https:\/\/pluskata.pl\/www\/wp-content\/uploads\/2022\/07\/Ostenda-dworzec-1536x864.jpg 1536w, https:\/\/pluskata.pl\/www\/wp-content\/uploads\/2022\/07\/Ostenda-dworzec-150x84.jpg 150w, https:\/\/pluskata.pl\/www\/wp-content\/uploads\/2022\/07\/Ostenda-dworzec.jpg 1920w\" sizes=\"auto, (max-width: 300px) 100vw, 300px\" \/><\/a><\/p>\n<p>Centrum nie jest du\u017ce i opr\u00f3cz dw\u00f3ch ko\u015bcio\u0142\u00f3w ma\u0142o staro\u017cytne, za to pla\u017ca robi wra\u017cenie. Idziemy na molo, ogl\u0105damy \u201epomnik\u201d zrobiony z pogi\u0119tej i pomalowanej na czerwono blachy, zamkni\u0119ty targ rybny i wracamy na jacht. Na kolacj\u0119 zapiekanka z chorizo i sa\u0142atka z oliwkami. Pycha.<\/p>\n<p><strong>27-06-2022 poniedzia\u0142ek Ostenda<\/strong><br \/>\nW poniedzia\u0142ek wszystkie muzea s\u0105 pozamykane. Nici ze zwiedzania \u017caglowca Merkator w porcie, Fort Napoleona te\u017c jest zamkni\u0119ty, podobnie jak umocnienia z drugiej wojny \u015bwiatowej (podobno rozci\u0105gaj\u0105 si\u0119 a\u017c do Francji). Po \u015bniadaniu ogl\u0105damy z zewn\u0105trz \u017caglowiec (stoi w nast\u0119pnym basenie portowym), przekonujemy si\u0119, \u017ce targ rybny ma czynne tylko jedno stoisko i to marne, wi\u0119c wsiadamy na prom i przep\u0142ywamy do Fortu Napoleona (ju\u017c wiemy \u017ce jest zamkni\u0119ty).<\/p>\n<p><a href=\"https:\/\/pluskata.pl\/www\/pl\/rejsy-2022\/z-hagi-do-hawru-24-06-03-07-2022\/ostenda-marcator\/\"><img loading=\"lazy\" decoding=\"async\" class=\"alignnone wp-image-2132 size-medium\" src=\"https:\/\/pluskata.pl\/www\/wp-content\/uploads\/2022\/07\/Ostenda-Marcator-300x169.jpg\" alt=\"Ostenda Marcator\" width=\"300\" height=\"169\" srcset=\"https:\/\/pluskata.pl\/www\/wp-content\/uploads\/2022\/07\/Ostenda-Marcator-300x169.jpg 300w, https:\/\/pluskata.pl\/www\/wp-content\/uploads\/2022\/07\/Ostenda-Marcator-1024x576.jpg 1024w, https:\/\/pluskata.pl\/www\/wp-content\/uploads\/2022\/07\/Ostenda-Marcator-768x432.jpg 768w, https:\/\/pluskata.pl\/www\/wp-content\/uploads\/2022\/07\/Ostenda-Marcator-1536x864.jpg 1536w, https:\/\/pluskata.pl\/www\/wp-content\/uploads\/2022\/07\/Ostenda-Marcator-150x84.jpg 150w, https:\/\/pluskata.pl\/www\/wp-content\/uploads\/2022\/07\/Ostenda-Marcator.jpg 1920w\" sizes=\"auto, (max-width: 300px) 100vw, 300px\" \/><\/a> <a href=\"https:\/\/pluskata.pl\/www\/pl\/rejsy-2022\/z-hagi-do-hawru-24-06-03-07-2022\/ostenda-prom\/\"><img loading=\"lazy\" decoding=\"async\" class=\"alignnone wp-image-2134 size-medium\" src=\"https:\/\/pluskata.pl\/www\/wp-content\/uploads\/2022\/07\/Ostenda-prom-300x169.jpg\" alt=\"Ostenda prom\" width=\"300\" height=\"169\" srcset=\"https:\/\/pluskata.pl\/www\/wp-content\/uploads\/2022\/07\/Ostenda-prom-300x169.jpg 300w, https:\/\/pluskata.pl\/www\/wp-content\/uploads\/2022\/07\/Ostenda-prom-1024x576.jpg 1024w, https:\/\/pluskata.pl\/www\/wp-content\/uploads\/2022\/07\/Ostenda-prom-768x432.jpg 768w, https:\/\/pluskata.pl\/www\/wp-content\/uploads\/2022\/07\/Ostenda-prom-1536x864.jpg 1536w, https:\/\/pluskata.pl\/www\/wp-content\/uploads\/2022\/07\/Ostenda-prom-150x84.jpg 150w, https:\/\/pluskata.pl\/www\/wp-content\/uploads\/2022\/07\/Ostenda-prom.jpg 1920w\" sizes=\"auto, (max-width: 300px) 100vw, 300px\" \/><\/a> <a href=\"https:\/\/pluskata.pl\/www\/pl\/rejsy-2022\/z-hagi-do-hawru-24-06-03-07-2022\/ostenda-fort-napoleona\/\"><img loading=\"lazy\" decoding=\"async\" class=\"alignnone wp-image-2131 size-medium\" src=\"https:\/\/pluskata.pl\/www\/wp-content\/uploads\/2022\/07\/Ostenda-fort-Napoleona-300x169.jpg\" alt=\"Ostenda fort Napoleona\" width=\"300\" height=\"169\" srcset=\"https:\/\/pluskata.pl\/www\/wp-content\/uploads\/2022\/07\/Ostenda-fort-Napoleona-300x169.jpg 300w, https:\/\/pluskata.pl\/www\/wp-content\/uploads\/2022\/07\/Ostenda-fort-Napoleona-1024x576.jpg 1024w, https:\/\/pluskata.pl\/www\/wp-content\/uploads\/2022\/07\/Ostenda-fort-Napoleona-768x432.jpg 768w, https:\/\/pluskata.pl\/www\/wp-content\/uploads\/2022\/07\/Ostenda-fort-Napoleona-1536x864.jpg 1536w, https:\/\/pluskata.pl\/www\/wp-content\/uploads\/2022\/07\/Ostenda-fort-Napoleona-150x84.jpg 150w, https:\/\/pluskata.pl\/www\/wp-content\/uploads\/2022\/07\/Ostenda-fort-Napoleona.jpg 1920w\" sizes=\"auto, (max-width: 300px) 100vw, 300px\" \/><\/a> <a href=\"https:\/\/pluskata.pl\/www\/pl\/rejsy-2022\/z-hagi-do-hawru-24-06-03-07-2022\/ostenda-rzezba\/\"><img loading=\"lazy\" decoding=\"async\" class=\"alignnone wp-image-2135 size-medium\" src=\"https:\/\/pluskata.pl\/www\/wp-content\/uploads\/2022\/07\/Ostenda-rzezba-300x169.jpg\" alt=\"Ostenda rze\u017aba\" width=\"300\" height=\"169\" srcset=\"https:\/\/pluskata.pl\/www\/wp-content\/uploads\/2022\/07\/Ostenda-rzezba-300x169.jpg 300w, https:\/\/pluskata.pl\/www\/wp-content\/uploads\/2022\/07\/Ostenda-rzezba-1024x576.jpg 1024w, https:\/\/pluskata.pl\/www\/wp-content\/uploads\/2022\/07\/Ostenda-rzezba-768x432.jpg 768w, https:\/\/pluskata.pl\/www\/wp-content\/uploads\/2022\/07\/Ostenda-rzezba-1536x864.jpg 1536w, https:\/\/pluskata.pl\/www\/wp-content\/uploads\/2022\/07\/Ostenda-rzezba-150x84.jpg 150w, https:\/\/pluskata.pl\/www\/wp-content\/uploads\/2022\/07\/Ostenda-rzezba.jpg 1920w\" sizes=\"auto, (max-width: 300px) 100vw, 300px\" \/><\/a> <a href=\"https:\/\/pluskata.pl\/www\/pl\/rejsy-2022\/z-hagi-do-hawru-24-06-03-07-2022\/ostenda-plaza\/\"><img loading=\"lazy\" decoding=\"async\" class=\"alignnone wp-image-2133 size-medium\" src=\"https:\/\/pluskata.pl\/www\/wp-content\/uploads\/2022\/07\/Ostenda-plaza-300x169.jpg\" alt=\"Ostenda plaza\" width=\"300\" height=\"169\" srcset=\"https:\/\/pluskata.pl\/www\/wp-content\/uploads\/2022\/07\/Ostenda-plaza-300x169.jpg 300w, https:\/\/pluskata.pl\/www\/wp-content\/uploads\/2022\/07\/Ostenda-plaza-1024x576.jpg 1024w, https:\/\/pluskata.pl\/www\/wp-content\/uploads\/2022\/07\/Ostenda-plaza-768x432.jpg 768w, https:\/\/pluskata.pl\/www\/wp-content\/uploads\/2022\/07\/Ostenda-plaza-1536x864.jpg 1536w, https:\/\/pluskata.pl\/www\/wp-content\/uploads\/2022\/07\/Ostenda-plaza-150x84.jpg 150w, https:\/\/pluskata.pl\/www\/wp-content\/uploads\/2022\/07\/Ostenda-plaza.jpg 1920w\" sizes=\"auto, (max-width: 300px) 100vw, 300px\" \/><\/a> <a href=\"https:\/\/pluskata.pl\/www\/pl\/rejsy-2022\/z-hagi-do-hawru-24-06-03-07-2022\/ostenda-znak\/\"><img loading=\"lazy\" decoding=\"async\" class=\"alignnone wp-image-2138 size-medium\" src=\"https:\/\/pluskata.pl\/www\/wp-content\/uploads\/2022\/07\/Ostenda-znak-300x169.jpg\" alt=\"Ostenda znak\" width=\"300\" height=\"169\" srcset=\"https:\/\/pluskata.pl\/www\/wp-content\/uploads\/2022\/07\/Ostenda-znak-300x169.jpg 300w, https:\/\/pluskata.pl\/www\/wp-content\/uploads\/2022\/07\/Ostenda-znak-1024x576.jpg 1024w, https:\/\/pluskata.pl\/www\/wp-content\/uploads\/2022\/07\/Ostenda-znak-768x432.jpg 768w, https:\/\/pluskata.pl\/www\/wp-content\/uploads\/2022\/07\/Ostenda-znak-1536x864.jpg 1536w, https:\/\/pluskata.pl\/www\/wp-content\/uploads\/2022\/07\/Ostenda-znak-150x84.jpg 150w, https:\/\/pluskata.pl\/www\/wp-content\/uploads\/2022\/07\/Ostenda-znak.jpg 1920w\" sizes=\"auto, (max-width: 300px) 100vw, 300px\" \/><\/a><\/p>\n<p>Prom jest darmowy i przewozi zar\u00f3wno psy jak i rowery. Troch\u0119 zaczyna pada\u0107, wi\u0119c wycieczk\u0119 naoko\u0142o fortu robi\u0119 sama. Tomek jedzie na rowerze do sklep\u00f3w \u017ceglarskich w poszukiwaniu urwanego elementu od bimini i listwy odbojowej.<br \/>\nPo drodze wst\u0119pujemy na belgijskie frytki. Tomek wraca z nowymi okuciami do rurek bimini, a reszta idzie do sklepu po belgijsk\u0105 czekolad\u0119 i belgijskie piwo. Wieczorem robimy degustacj\u0119 4 rodzaj\u00f3w piw.<\/p>\n<p><strong>28-06-2022 wtorek do Boulogne sur mer<\/strong><br \/>\nRano wstajemy przed 7, jemy \u015bniadanie i o 8 wp\u0142ywamy do \u015bluzy. Woda w \u015bluzie opada z 7m do 3m, prawie ca\u0142a d\u0142ugo\u015b\u0107 sznurka do trzymania si\u0119. Opr\u00f3cz nas \u015bluzuj\u0119 si\u0119 jeszcze dwa jachty.<br \/>\nWychodzimy w morze. Przez 3 godziny mamy zgodny pr\u0105d i wiatr z dobrej strony, wi\u0119c p\u0142yniemy 6-7kn. Potem pr\u0105d si\u0119 zmienia na przeciwny w wiatr znika, wi\u0119c jak zaczynamy si\u0119 cofa\u0107 to w\u0142\u0105czamy silnik. Pogoda jest \u0142adna, wi\u0119c robimy pranie i ustawiamy suszark\u0119 na rufie \u2013 do wieczora wysycha.<br \/>\nJak tylko pr\u0105d s\u0142abnie znowu stawiamy \u017cagle, tym razem wieje od rufy, wi\u0119c p\u0142yniemy na samej genui. Przep\u0142ywamy przez ca\u0142e pole sieci g\u0142\u0119binowych \u2013 wida\u0107 na powierzchni tylko kolorowe kanistry. Jeden z nich p\u0142ywa nie przywi\u0105zany, wi\u0119c go \u0142owimy \u2013 wyrzucimy w porcie.<\/p>\n<p><a href=\"https:\/\/pluskata.pl\/www\/pl\/rejsy-2022\/z-hagi-do-hawru-24-06-03-07-2022\/klify-calais\/\"><img loading=\"lazy\" decoding=\"async\" class=\"alignnone wp-image-2129 size-medium\" src=\"https:\/\/pluskata.pl\/www\/wp-content\/uploads\/2022\/07\/Klify-Calais-300x169.jpg\" alt=\"Klify Calais\" width=\"300\" height=\"169\" srcset=\"https:\/\/pluskata.pl\/www\/wp-content\/uploads\/2022\/07\/Klify-Calais-300x169.jpg 300w, https:\/\/pluskata.pl\/www\/wp-content\/uploads\/2022\/07\/Klify-Calais-1024x576.jpg 1024w, https:\/\/pluskata.pl\/www\/wp-content\/uploads\/2022\/07\/Klify-Calais-768x432.jpg 768w, https:\/\/pluskata.pl\/www\/wp-content\/uploads\/2022\/07\/Klify-Calais-1536x864.jpg 1536w, https:\/\/pluskata.pl\/www\/wp-content\/uploads\/2022\/07\/Klify-Calais-150x84.jpg 150w, https:\/\/pluskata.pl\/www\/wp-content\/uploads\/2022\/07\/Klify-Calais.jpg 1920w\" sizes=\"auto, (max-width: 300px) 100vw, 300px\" \/><\/a> <a href=\"https:\/\/pluskata.pl\/www\/pl\/rejsy-2022\/z-hagi-do-hawru-24-06-03-07-2022\/boulogne-sur-mer-odplyw\/\"><img loading=\"lazy\" decoding=\"async\" class=\"alignnone wp-image-2105 size-medium\" src=\"https:\/\/pluskata.pl\/www\/wp-content\/uploads\/2022\/07\/Boulogne-sur-mer-odplyw-300x169.jpg\" alt=\"Boulogne sur mer odp\u0142yw\" width=\"300\" height=\"169\" srcset=\"https:\/\/pluskata.pl\/www\/wp-content\/uploads\/2022\/07\/Boulogne-sur-mer-odplyw-300x169.jpg 300w, https:\/\/pluskata.pl\/www\/wp-content\/uploads\/2022\/07\/Boulogne-sur-mer-odplyw-1024x576.jpg 1024w, https:\/\/pluskata.pl\/www\/wp-content\/uploads\/2022\/07\/Boulogne-sur-mer-odplyw-768x432.jpg 768w, https:\/\/pluskata.pl\/www\/wp-content\/uploads\/2022\/07\/Boulogne-sur-mer-odplyw-1536x864.jpg 1536w, https:\/\/pluskata.pl\/www\/wp-content\/uploads\/2022\/07\/Boulogne-sur-mer-odplyw-150x84.jpg 150w, https:\/\/pluskata.pl\/www\/wp-content\/uploads\/2022\/07\/Boulogne-sur-mer-odplyw.jpg 1920w\" sizes=\"auto, (max-width: 300px) 100vw, 300px\" \/><\/a><\/p>\n<p>Mijamy Dunkierk\u0119 i Calais. Jest du\u017cy ruch prom\u00f3w, ale wszystkie p\u0142yn\u0105 du\u017co szybciej od nas.<br \/>\nPrzep\u0142ywamy w najw\u0119\u017cszym miejscu Kana\u0142u La Manche (angielskiego) \u2013 wida\u0107 oba brzegi. Na brzegu francuskim za Calais s\u0105 pi\u0119kne klify. O 23 wchodzimy do Boulogne sur mer<\/p>\n<p><strong>29-06-2022 \u015broda Boulogne sur mer<\/strong><br \/>\nPrzed po\u0142udniem p\u0142acimy za marin\u0119 w cenie\\ woda, pr\u0105d, prysznice, WC. Pralki p\u0142atne dodatkowo 5\u20ac.<\/p>\n<p><a href=\"https:\/\/pluskata.pl\/www\/pl\/rejsy-2022\/z-hagi-do-hawru-24-06-03-07-2022\/boulogne-sur-mer-targ-rybny\/\"><img loading=\"lazy\" decoding=\"async\" class=\"alignnone wp-image-2107 size-medium\" src=\"https:\/\/pluskata.pl\/www\/wp-content\/uploads\/2022\/07\/Boulogne-sur-mer-targ-rybny-300x169.jpg\" alt=\"Boulogne sur mer targ rybn\" width=\"300\" height=\"169\" srcset=\"https:\/\/pluskata.pl\/www\/wp-content\/uploads\/2022\/07\/Boulogne-sur-mer-targ-rybny-300x169.jpg 300w, https:\/\/pluskata.pl\/www\/wp-content\/uploads\/2022\/07\/Boulogne-sur-mer-targ-rybny-1024x576.jpg 1024w, https:\/\/pluskata.pl\/www\/wp-content\/uploads\/2022\/07\/Boulogne-sur-mer-targ-rybny-768x432.jpg 768w, https:\/\/pluskata.pl\/www\/wp-content\/uploads\/2022\/07\/Boulogne-sur-mer-targ-rybny-1536x864.jpg 1536w, https:\/\/pluskata.pl\/www\/wp-content\/uploads\/2022\/07\/Boulogne-sur-mer-targ-rybny-150x84.jpg 150w, https:\/\/pluskata.pl\/www\/wp-content\/uploads\/2022\/07\/Boulogne-sur-mer-targ-rybny.jpg 1920w\" sizes=\"auto, (max-width: 300px) 100vw, 300px\" \/><\/a> <a href=\"https:\/\/pluskata.pl\/www\/pl\/rejsy-2022\/z-hagi-do-hawru-24-06-03-07-2022\/boulogne-sur-mer-ulica\/\"><img loading=\"lazy\" decoding=\"async\" class=\"alignnone wp-image-2108 size-medium\" src=\"https:\/\/pluskata.pl\/www\/wp-content\/uploads\/2022\/07\/Boulogne-sur-mer-ulica-300x169.jpg\" alt=\"Boulogne sur mer ulica\" width=\"300\" height=\"169\" srcset=\"https:\/\/pluskata.pl\/www\/wp-content\/uploads\/2022\/07\/Boulogne-sur-mer-ulica-300x169.jpg 300w, https:\/\/pluskata.pl\/www\/wp-content\/uploads\/2022\/07\/Boulogne-sur-mer-ulica-1024x576.jpg 1024w, https:\/\/pluskata.pl\/www\/wp-content\/uploads\/2022\/07\/Boulogne-sur-mer-ulica-768x432.jpg 768w, https:\/\/pluskata.pl\/www\/wp-content\/uploads\/2022\/07\/Boulogne-sur-mer-ulica-1536x864.jpg 1536w, https:\/\/pluskata.pl\/www\/wp-content\/uploads\/2022\/07\/Boulogne-sur-mer-ulica-150x84.jpg 150w, https:\/\/pluskata.pl\/www\/wp-content\/uploads\/2022\/07\/Boulogne-sur-mer-ulica.jpg 1920w\" sizes=\"auto, (max-width: 300px) 100vw, 300px\" \/><\/a> <a href=\"https:\/\/pluskata.pl\/www\/pl\/rejsy-2022\/z-hagi-do-hawru-24-06-03-07-2022\/boulogne-sur-mer-znak\/\"><img loading=\"lazy\" decoding=\"async\" class=\"alignnone wp-image-2109 size-medium\" src=\"https:\/\/pluskata.pl\/www\/wp-content\/uploads\/2022\/07\/Boulogne-sur-mer-znak-300x169.jpg\" alt=\"\" width=\"300\" height=\"169\" srcset=\"https:\/\/pluskata.pl\/www\/wp-content\/uploads\/2022\/07\/Boulogne-sur-mer-znak-300x169.jpg 300w, https:\/\/pluskata.pl\/www\/wp-content\/uploads\/2022\/07\/Boulogne-sur-mer-znak-1024x576.jpg 1024w, https:\/\/pluskata.pl\/www\/wp-content\/uploads\/2022\/07\/Boulogne-sur-mer-znak-768x432.jpg 768w, https:\/\/pluskata.pl\/www\/wp-content\/uploads\/2022\/07\/Boulogne-sur-mer-znak-1536x864.jpg 1536w, https:\/\/pluskata.pl\/www\/wp-content\/uploads\/2022\/07\/Boulogne-sur-mer-znak-150x84.jpg 150w, https:\/\/pluskata.pl\/www\/wp-content\/uploads\/2022\/07\/Boulogne-sur-mer-znak.jpg 1920w\" sizes=\"auto, (max-width: 300px) 100vw, 300px\" \/><\/a> <a href=\"https:\/\/pluskata.pl\/www\/pl\/rejsy-2022\/z-hagi-do-hawru-24-06-03-07-2022\/boulogne-sur-mer-starowka\/\"><img loading=\"lazy\" decoding=\"async\" class=\"alignnone wp-image-2106 size-medium\" src=\"https:\/\/pluskata.pl\/www\/wp-content\/uploads\/2022\/07\/Boulogne-sur-mer-starowka-300x169.jpg\" alt=\"Boulogne sur mer starowka\" width=\"300\" height=\"169\" srcset=\"https:\/\/pluskata.pl\/www\/wp-content\/uploads\/2022\/07\/Boulogne-sur-mer-starowka-300x169.jpg 300w, https:\/\/pluskata.pl\/www\/wp-content\/uploads\/2022\/07\/Boulogne-sur-mer-starowka-1024x576.jpg 1024w, https:\/\/pluskata.pl\/www\/wp-content\/uploads\/2022\/07\/Boulogne-sur-mer-starowka-768x432.jpg 768w, https:\/\/pluskata.pl\/www\/wp-content\/uploads\/2022\/07\/Boulogne-sur-mer-starowka-1536x864.jpg 1536w, https:\/\/pluskata.pl\/www\/wp-content\/uploads\/2022\/07\/Boulogne-sur-mer-starowka-150x84.jpg 150w, https:\/\/pluskata.pl\/www\/wp-content\/uploads\/2022\/07\/Boulogne-sur-mer-starowka.jpg 1920w\" sizes=\"auto, (max-width: 300px) 100vw, 300px\" \/><\/a>\u00a0 <a href=\"https:\/\/pluskata.pl\/www\/pl\/rejsy-2022\/z-hagi-do-hawru-24-06-03-07-2022\/boulogne-sur-mer-mural\/\"><img loading=\"lazy\" decoding=\"async\" class=\"alignnone wp-image-2104 size-medium\" src=\"https:\/\/pluskata.pl\/www\/wp-content\/uploads\/2022\/07\/Boulogne-sur-mer-mural-300x169.jpg\" alt=\"Boulogne sur mer mural\" width=\"300\" height=\"169\" srcset=\"https:\/\/pluskata.pl\/www\/wp-content\/uploads\/2022\/07\/Boulogne-sur-mer-mural-300x169.jpg 300w, https:\/\/pluskata.pl\/www\/wp-content\/uploads\/2022\/07\/Boulogne-sur-mer-mural-1024x576.jpg 1024w, https:\/\/pluskata.pl\/www\/wp-content\/uploads\/2022\/07\/Boulogne-sur-mer-mural-768x432.jpg 768w, https:\/\/pluskata.pl\/www\/wp-content\/uploads\/2022\/07\/Boulogne-sur-mer-mural-1536x864.jpg 1536w, https:\/\/pluskata.pl\/www\/wp-content\/uploads\/2022\/07\/Boulogne-sur-mer-mural-150x84.jpg 150w, https:\/\/pluskata.pl\/www\/wp-content\/uploads\/2022\/07\/Boulogne-sur-mer-mural.jpg 1920w\" sizes=\"auto, (max-width: 300px) 100vw, 300px\" \/><\/a> <a href=\"https:\/\/pluskata.pl\/www\/pl\/rejsy-2022\/z-hagi-do-hawru-24-06-03-07-2022\/boulogne-sur-mer-instrumenty1\/\"><img loading=\"lazy\" decoding=\"async\" class=\"alignnone wp-image-2101 size-medium\" src=\"https:\/\/pluskata.pl\/www\/wp-content\/uploads\/2022\/07\/Boulogne-sur-mer-instrumenty1-300x169.jpg\" alt=\"Boulogne sur mer instrumenty\" width=\"300\" height=\"169\" srcset=\"https:\/\/pluskata.pl\/www\/wp-content\/uploads\/2022\/07\/Boulogne-sur-mer-instrumenty1-300x169.jpg 300w, https:\/\/pluskata.pl\/www\/wp-content\/uploads\/2022\/07\/Boulogne-sur-mer-instrumenty1-1024x576.jpg 1024w, https:\/\/pluskata.pl\/www\/wp-content\/uploads\/2022\/07\/Boulogne-sur-mer-instrumenty1-768x432.jpg 768w, https:\/\/pluskata.pl\/www\/wp-content\/uploads\/2022\/07\/Boulogne-sur-mer-instrumenty1-1536x864.jpg 1536w, https:\/\/pluskata.pl\/www\/wp-content\/uploads\/2022\/07\/Boulogne-sur-mer-instrumenty1-150x84.jpg 150w, https:\/\/pluskata.pl\/www\/wp-content\/uploads\/2022\/07\/Boulogne-sur-mer-instrumenty1.jpg 1920w\" sizes=\"auto, (max-width: 300px) 100vw, 300px\" \/><\/a>\u00a0\u00a0<a href=\"https:\/\/pluskata.pl\/www\/pl\/rejsy-2022\/z-hagi-do-hawru-24-06-03-07-2022\/boulogne-sur-mer-kosciol1\/\"><img loading=\"lazy\" decoding=\"async\" class=\"alignnone wp-image-2103 size-medium\" src=\"https:\/\/pluskata.pl\/www\/wp-content\/uploads\/2022\/07\/Boulogne-sur-mer-kosciol1-300x169.jpg\" alt=\"Boulogne sur mer kosciol\" width=\"300\" height=\"169\" srcset=\"https:\/\/pluskata.pl\/www\/wp-content\/uploads\/2022\/07\/Boulogne-sur-mer-kosciol1-300x169.jpg 300w, https:\/\/pluskata.pl\/www\/wp-content\/uploads\/2022\/07\/Boulogne-sur-mer-kosciol1-1024x576.jpg 1024w, https:\/\/pluskata.pl\/www\/wp-content\/uploads\/2022\/07\/Boulogne-sur-mer-kosciol1-768x432.jpg 768w, https:\/\/pluskata.pl\/www\/wp-content\/uploads\/2022\/07\/Boulogne-sur-mer-kosciol1-1536x864.jpg 1536w, https:\/\/pluskata.pl\/www\/wp-content\/uploads\/2022\/07\/Boulogne-sur-mer-kosciol1-150x84.jpg 150w, https:\/\/pluskata.pl\/www\/wp-content\/uploads\/2022\/07\/Boulogne-sur-mer-kosciol1.jpg 1920w\" sizes=\"auto, (max-width: 300px) 100vw, 300px\" \/><\/a> <a href=\"https:\/\/pluskata.pl\/www\/pl\/rejsy-2022\/z-hagi-do-hawru-24-06-03-07-2022\/boulogne-sur-mer-kosciol\/\"><img loading=\"lazy\" decoding=\"async\" class=\"alignnone wp-image-2102 size-medium\" src=\"https:\/\/pluskata.pl\/www\/wp-content\/uploads\/2022\/07\/Boulogne-sur-mer-kosciol-300x169.jpg\" alt=\"Boulogne sur mer kosci\u00f3\u0142\" width=\"300\" height=\"169\" srcset=\"https:\/\/pluskata.pl\/www\/wp-content\/uploads\/2022\/07\/Boulogne-sur-mer-kosciol-300x169.jpg 300w, https:\/\/pluskata.pl\/www\/wp-content\/uploads\/2022\/07\/Boulogne-sur-mer-kosciol-1024x576.jpg 1024w, https:\/\/pluskata.pl\/www\/wp-content\/uploads\/2022\/07\/Boulogne-sur-mer-kosciol-768x432.jpg 768w, https:\/\/pluskata.pl\/www\/wp-content\/uploads\/2022\/07\/Boulogne-sur-mer-kosciol-1536x864.jpg 1536w, https:\/\/pluskata.pl\/www\/wp-content\/uploads\/2022\/07\/Boulogne-sur-mer-kosciol-150x84.jpg 150w, https:\/\/pluskata.pl\/www\/wp-content\/uploads\/2022\/07\/Boulogne-sur-mer-kosciol.jpg 1920w\" sizes=\"auto, (max-width: 300px) 100vw, 300px\" \/><\/a><\/p>\n<p>Dostajemy kart\u0119 dost\u0119pow\u0105 i ruszamy na miasto. Zaczynamy od zwiedzania oceanarium Nautica \u2013 jest spore, z akwariami, opisami, pokazem tresury lw\u00f3w morskich i pingwinami. W akwariach p\u0142ywaj\u0105 rekiny, p\u0142aszczki i du\u017co kolorowych rybek z raf koralowych. Zwiedzanie zajmuje nam ponad 3 godziny.<\/p>\n<p><a href=\"https:\/\/pluskata.pl\/www\/pl\/rejsy-2022\/z-hagi-do-hawru-24-06-03-07-2022\/boulogne-sur-mer-akwarium1\/\"><img loading=\"lazy\" decoding=\"async\" class=\"alignnone wp-image-2099 size-medium\" src=\"https:\/\/pluskata.pl\/www\/wp-content\/uploads\/2022\/07\/Boulogne-sur-mer-akwarium1-300x169.jpg\" alt=\"Boulogne sur mer akwarium\" width=\"300\" height=\"169\" srcset=\"https:\/\/pluskata.pl\/www\/wp-content\/uploads\/2022\/07\/Boulogne-sur-mer-akwarium1-300x169.jpg 300w, https:\/\/pluskata.pl\/www\/wp-content\/uploads\/2022\/07\/Boulogne-sur-mer-akwarium1-1024x576.jpg 1024w, https:\/\/pluskata.pl\/www\/wp-content\/uploads\/2022\/07\/Boulogne-sur-mer-akwarium1-768x432.jpg 768w, https:\/\/pluskata.pl\/www\/wp-content\/uploads\/2022\/07\/Boulogne-sur-mer-akwarium1-1536x864.jpg 1536w, https:\/\/pluskata.pl\/www\/wp-content\/uploads\/2022\/07\/Boulogne-sur-mer-akwarium1-150x84.jpg 150w, https:\/\/pluskata.pl\/www\/wp-content\/uploads\/2022\/07\/Boulogne-sur-mer-akwarium1.jpg 1920w\" sizes=\"auto, (max-width: 300px) 100vw, 300px\" \/><\/a> <a href=\"https:\/\/pluskata.pl\/www\/pl\/rejsy-2022\/z-hagi-do-hawru-24-06-03-07-2022\/boulogne-sur-mer-akwarium-pingwiny\/\"><img loading=\"lazy\" decoding=\"async\" class=\"alignnone wp-image-2098 size-medium\" src=\"https:\/\/pluskata.pl\/www\/wp-content\/uploads\/2022\/07\/Boulogne-sur-mer-akwarium-pingwiny-300x169.jpg\" alt=\"Boulogne sur mer akwarium pingwiny\" width=\"300\" height=\"169\" srcset=\"https:\/\/pluskata.pl\/www\/wp-content\/uploads\/2022\/07\/Boulogne-sur-mer-akwarium-pingwiny-300x169.jpg 300w, https:\/\/pluskata.pl\/www\/wp-content\/uploads\/2022\/07\/Boulogne-sur-mer-akwarium-pingwiny-1024x576.jpg 1024w, https:\/\/pluskata.pl\/www\/wp-content\/uploads\/2022\/07\/Boulogne-sur-mer-akwarium-pingwiny-768x432.jpg 768w, https:\/\/pluskata.pl\/www\/wp-content\/uploads\/2022\/07\/Boulogne-sur-mer-akwarium-pingwiny-1536x864.jpg 1536w, https:\/\/pluskata.pl\/www\/wp-content\/uploads\/2022\/07\/Boulogne-sur-mer-akwarium-pingwiny-150x84.jpg 150w, https:\/\/pluskata.pl\/www\/wp-content\/uploads\/2022\/07\/Boulogne-sur-mer-akwarium-pingwiny.jpg 1920w\" sizes=\"auto, (max-width: 300px) 100vw, 300px\" \/><\/a> <a href=\"https:\/\/pluskata.pl\/www\/pl\/rejsy-2022\/z-hagi-do-hawru-24-06-03-07-2022\/boulogne-sur-mer-akwarium-konik\/\"><img loading=\"lazy\" decoding=\"async\" class=\"alignnone wp-image-2097 size-medium\" src=\"https:\/\/pluskata.pl\/www\/wp-content\/uploads\/2022\/07\/Boulogne-sur-mer-akwarium-konik-300x169.jpg\" alt=\"Boulogne sur mer akwarium konik\" width=\"300\" height=\"169\" srcset=\"https:\/\/pluskata.pl\/www\/wp-content\/uploads\/2022\/07\/Boulogne-sur-mer-akwarium-konik-300x169.jpg 300w, https:\/\/pluskata.pl\/www\/wp-content\/uploads\/2022\/07\/Boulogne-sur-mer-akwarium-konik-1024x576.jpg 1024w, https:\/\/pluskata.pl\/www\/wp-content\/uploads\/2022\/07\/Boulogne-sur-mer-akwarium-konik-768x432.jpg 768w, https:\/\/pluskata.pl\/www\/wp-content\/uploads\/2022\/07\/Boulogne-sur-mer-akwarium-konik-1536x864.jpg 1536w, https:\/\/pluskata.pl\/www\/wp-content\/uploads\/2022\/07\/Boulogne-sur-mer-akwarium-konik-150x84.jpg 150w, https:\/\/pluskata.pl\/www\/wp-content\/uploads\/2022\/07\/Boulogne-sur-mer-akwarium-konik.jpg 1920w\" sizes=\"auto, (max-width: 300px) 100vw, 300px\" \/><\/a> <a href=\"https:\/\/pluskata.pl\/www\/pl\/rejsy-2022\/z-hagi-do-hawru-24-06-03-07-2022\/boulogne-sur-mer-akwarium-foka1\/\"><img loading=\"lazy\" decoding=\"async\" class=\"alignnone wp-image-2096 size-medium\" src=\"https:\/\/pluskata.pl\/www\/wp-content\/uploads\/2022\/07\/Boulogne-sur-mer-akwarium-foka1-300x169.jpg\" alt=\"Boulogne sur mer akwarium foka\" width=\"300\" height=\"169\" srcset=\"https:\/\/pluskata.pl\/www\/wp-content\/uploads\/2022\/07\/Boulogne-sur-mer-akwarium-foka1-300x169.jpg 300w, https:\/\/pluskata.pl\/www\/wp-content\/uploads\/2022\/07\/Boulogne-sur-mer-akwarium-foka1-1024x576.jpg 1024w, https:\/\/pluskata.pl\/www\/wp-content\/uploads\/2022\/07\/Boulogne-sur-mer-akwarium-foka1-768x432.jpg 768w, https:\/\/pluskata.pl\/www\/wp-content\/uploads\/2022\/07\/Boulogne-sur-mer-akwarium-foka1-1536x864.jpg 1536w, https:\/\/pluskata.pl\/www\/wp-content\/uploads\/2022\/07\/Boulogne-sur-mer-akwarium-foka1-150x84.jpg 150w, https:\/\/pluskata.pl\/www\/wp-content\/uploads\/2022\/07\/Boulogne-sur-mer-akwarium-foka1.jpg 1920w\" sizes=\"auto, (max-width: 300px) 100vw, 300px\" \/><\/a> <a href=\"https:\/\/pluskata.pl\/www\/pl\/rejsy-2022\/z-hagi-do-hawru-24-06-03-07-2022\/boulogne-sur-mer-akwarium-foka\/\"><img loading=\"lazy\" decoding=\"async\" class=\"alignnone wp-image-2095 size-medium\" src=\"https:\/\/pluskata.pl\/www\/wp-content\/uploads\/2022\/07\/Boulogne-sur-mer-akwarium-foka-300x169.jpg\" alt=\"Boulogne sur mer akwarium foka\" width=\"300\" height=\"169\" srcset=\"https:\/\/pluskata.pl\/www\/wp-content\/uploads\/2022\/07\/Boulogne-sur-mer-akwarium-foka-300x169.jpg 300w, https:\/\/pluskata.pl\/www\/wp-content\/uploads\/2022\/07\/Boulogne-sur-mer-akwarium-foka-1024x576.jpg 1024w, https:\/\/pluskata.pl\/www\/wp-content\/uploads\/2022\/07\/Boulogne-sur-mer-akwarium-foka-768x432.jpg 768w, https:\/\/pluskata.pl\/www\/wp-content\/uploads\/2022\/07\/Boulogne-sur-mer-akwarium-foka-1536x864.jpg 1536w, https:\/\/pluskata.pl\/www\/wp-content\/uploads\/2022\/07\/Boulogne-sur-mer-akwarium-foka-150x84.jpg 150w, https:\/\/pluskata.pl\/www\/wp-content\/uploads\/2022\/07\/Boulogne-sur-mer-akwarium-foka.jpg 1920w\" sizes=\"auto, (max-width: 300px) 100vw, 300px\" \/><\/a><\/p>\n<p>Wracamy na obiad na jacht (jest ju\u017c po 14, wi\u0119c wszystko ma sjest\u0119) a po kawie idziemy zwiedza\u0107 star\u00f3wk\u0119. Zaczyna pada\u0107, wi\u0119c wst\u0119pujemy do pubu na lampk\u0119 wina.<\/p>\n<p><strong>30-06-2022 czwartek Dieppe<\/strong><br \/>\nWychodzimy o 5:30 jeszcze przed \u015bniadaniem. Wieje 4-5B i do tego dok\u0142ada si\u0119 zgodny pr\u0105d \u2013 bajka. Refujemy \u017cagle, kiedy przechy\u0142 przekracza 20\u00ba. Po po\u0142udniu, jak tylko pr\u0105d robi si\u0119 przeciwny znika wiatr, wi\u0119c w\u0142\u0105czamy silnik. Po odkr\u0119ceniu si\u0119 pr\u0105du znowu stawiamy \u017cagle. Przed Dieppe zaczyna pada\u0107 deszcz. Do Dieppe wchodzimy w deszczu o 17:30. Najpierw cumujemy longside, ale przychodzi obs\u0142uga portu i prosi, \u017ceby\u015bmy si\u0119 przestawili na inne miejsce. Stajemy ruf\u0105 do pomostu. Po zacumowaniu przestaje pada\u0107 wi\u0119c idziemy na spacer po mie\u015bcie. Jest niska woda, wi\u0119c do miasta jest naprawd\u0119 wysoko. Miasto jest urocze.<\/p>\n<p><a href=\"https:\/\/pluskata.pl\/www\/pl\/rejsy-2022\/z-hagi-do-hawru-24-06-03-07-2022\/dieppe-ulica\/\"><img loading=\"lazy\" decoding=\"async\" class=\"alignnone wp-image-2114 size-medium\" src=\"https:\/\/pluskata.pl\/www\/wp-content\/uploads\/2022\/07\/Dieppe-ulica-300x169.jpg\" alt=\"Dieppe ulica\" width=\"300\" height=\"169\" srcset=\"https:\/\/pluskata.pl\/www\/wp-content\/uploads\/2022\/07\/Dieppe-ulica-300x169.jpg 300w, https:\/\/pluskata.pl\/www\/wp-content\/uploads\/2022\/07\/Dieppe-ulica-1024x576.jpg 1024w, https:\/\/pluskata.pl\/www\/wp-content\/uploads\/2022\/07\/Dieppe-ulica-768x432.jpg 768w, https:\/\/pluskata.pl\/www\/wp-content\/uploads\/2022\/07\/Dieppe-ulica-1536x864.jpg 1536w, https:\/\/pluskata.pl\/www\/wp-content\/uploads\/2022\/07\/Dieppe-ulica-150x84.jpg 150w, https:\/\/pluskata.pl\/www\/wp-content\/uploads\/2022\/07\/Dieppe-ulica.jpg 1920w\" sizes=\"auto, (max-width: 300px) 100vw, 300px\" \/><\/a> <a href=\"https:\/\/pluskata.pl\/www\/pl\/rejsy-2022\/z-hagi-do-hawru-24-06-03-07-2022\/dieppe-rondo\/\"><img loading=\"lazy\" decoding=\"async\" class=\"alignnone wp-image-2113 size-medium\" src=\"https:\/\/pluskata.pl\/www\/wp-content\/uploads\/2022\/07\/Dieppe-rondo-300x169.jpg\" alt=\"Dieppe rondo\" width=\"300\" height=\"169\" srcset=\"https:\/\/pluskata.pl\/www\/wp-content\/uploads\/2022\/07\/Dieppe-rondo-300x169.jpg 300w, https:\/\/pluskata.pl\/www\/wp-content\/uploads\/2022\/07\/Dieppe-rondo-1024x576.jpg 1024w, https:\/\/pluskata.pl\/www\/wp-content\/uploads\/2022\/07\/Dieppe-rondo-768x432.jpg 768w, https:\/\/pluskata.pl\/www\/wp-content\/uploads\/2022\/07\/Dieppe-rondo-1536x864.jpg 1536w, https:\/\/pluskata.pl\/www\/wp-content\/uploads\/2022\/07\/Dieppe-rondo-150x84.jpg 150w, https:\/\/pluskata.pl\/www\/wp-content\/uploads\/2022\/07\/Dieppe-rondo.jpg 1920w\" sizes=\"auto, (max-width: 300px) 100vw, 300px\" \/><\/a> <a href=\"https:\/\/pluskata.pl\/www\/pl\/rejsy-2022\/z-hagi-do-hawru-24-06-03-07-2022\/dieppe-marina\/\"><img loading=\"lazy\" decoding=\"async\" class=\"alignnone wp-image-2112 size-medium\" src=\"https:\/\/pluskata.pl\/www\/wp-content\/uploads\/2022\/07\/Dieppe-marina-300x169.jpg\" alt=\"Dieppe marina\" width=\"300\" height=\"169\" srcset=\"https:\/\/pluskata.pl\/www\/wp-content\/uploads\/2022\/07\/Dieppe-marina-300x169.jpg 300w, https:\/\/pluskata.pl\/www\/wp-content\/uploads\/2022\/07\/Dieppe-marina-1024x576.jpg 1024w, https:\/\/pluskata.pl\/www\/wp-content\/uploads\/2022\/07\/Dieppe-marina-768x432.jpg 768w, https:\/\/pluskata.pl\/www\/wp-content\/uploads\/2022\/07\/Dieppe-marina-1536x864.jpg 1536w, https:\/\/pluskata.pl\/www\/wp-content\/uploads\/2022\/07\/Dieppe-marina-150x84.jpg 150w, https:\/\/pluskata.pl\/www\/wp-content\/uploads\/2022\/07\/Dieppe-marina.jpg 1920w\" sizes=\"auto, (max-width: 300px) 100vw, 300px\" \/><\/a> <a href=\"https:\/\/pluskata.pl\/www\/pl\/rejsy-2022\/z-hagi-do-hawru-24-06-03-07-2022\/dieppe-jedzenie\/\"><img loading=\"lazy\" decoding=\"async\" class=\"alignnone wp-image-2111 size-medium\" src=\"https:\/\/pluskata.pl\/www\/wp-content\/uploads\/2022\/07\/Dieppe-jedzenie-300x169.jpg\" alt=\"Dieppe jedzenie\" width=\"300\" height=\"169\" srcset=\"https:\/\/pluskata.pl\/www\/wp-content\/uploads\/2022\/07\/Dieppe-jedzenie-300x169.jpg 300w, https:\/\/pluskata.pl\/www\/wp-content\/uploads\/2022\/07\/Dieppe-jedzenie-1024x576.jpg 1024w, https:\/\/pluskata.pl\/www\/wp-content\/uploads\/2022\/07\/Dieppe-jedzenie-768x432.jpg 768w, https:\/\/pluskata.pl\/www\/wp-content\/uploads\/2022\/07\/Dieppe-jedzenie-1536x864.jpg 1536w, https:\/\/pluskata.pl\/www\/wp-content\/uploads\/2022\/07\/Dieppe-jedzenie-150x84.jpg 150w, https:\/\/pluskata.pl\/www\/wp-content\/uploads\/2022\/07\/Dieppe-jedzenie.jpg 1920w\" sizes=\"auto, (max-width: 300px) 100vw, 300px\" \/><\/a><\/p>\n<p>Stare domy i ko\u015bcio\u0142y, w\u0105skie uliczki. Na kolekcj\u0119 wst\u0119pujemy do knajpy wybranej w google wg opinii. Jest smacznie i du\u017co.<br \/>\nZamawiamy r\u00f3\u017cne rzeczy, ale najwi\u0119kszym powodzeniem cieszy si\u0119 menu \u2013 s\u0105 3 grupy i z ka\u017cdej grupy (przystawka, danie g\u0142\u00f3wne i deser) mo\u017cna wypra\u0107 po jednym daniu (do wyboru jest ok 6).<\/p>\n<p><strong>1-07-2022 pi\u0105tek do Hawru<\/strong><br \/>\nZ Dieppe wychodzimy o 9:30. Wieje 4B, tyle, ale z po\u0142udniowego zachodu, wi\u0119c dok\u0142adnie z kierunku, gdzie chcemy p\u0142yn\u0105\u0107. Chocia\u017c pr\u0105d jest w dobrym kierunku. Robimy d\u0142ugi hals w morze, a\u017c do toru wodnego. Ruch na torze jest mniejszy ni\u017c przy Calais. Po zwrocie zauwa\u017camy bia\u0142y odbijacz. Oczywi\u015bcie p\u0142yniemy w jego kierunku. Dop\u0142ywamy na odleg\u0142o\u015b\u0107 ok 5 metr\u00f3w i w tym momencie odbijacz rozwija skrzyd\u0142a i odlatuje \u2013 pe\u0142ne zaskoczenie, to by\u0142a \u015bpi\u0105ca mewa.<\/p>\n<p><a href=\"https:\/\/pluskata.pl\/www\/pl\/rejsy-2022\/z-hagi-do-hawru-24-06-03-07-2022\/do-hawru\/\"><img loading=\"lazy\" decoding=\"async\" class=\"alignnone wp-image-2115 size-medium\" src=\"https:\/\/pluskata.pl\/www\/wp-content\/uploads\/2022\/07\/Do-Hawru-300x169.jpg\" alt=\"\" width=\"300\" height=\"169\" srcset=\"https:\/\/pluskata.pl\/www\/wp-content\/uploads\/2022\/07\/Do-Hawru-300x169.jpg 300w, https:\/\/pluskata.pl\/www\/wp-content\/uploads\/2022\/07\/Do-Hawru-1024x576.jpg 1024w, https:\/\/pluskata.pl\/www\/wp-content\/uploads\/2022\/07\/Do-Hawru-768x432.jpg 768w, https:\/\/pluskata.pl\/www\/wp-content\/uploads\/2022\/07\/Do-Hawru-1536x864.jpg 1536w, https:\/\/pluskata.pl\/www\/wp-content\/uploads\/2022\/07\/Do-Hawru-150x84.jpg 150w, https:\/\/pluskata.pl\/www\/wp-content\/uploads\/2022\/07\/Do-Hawru.jpg 1920w\" sizes=\"auto, (max-width: 300px) 100vw, 300px\" \/><\/a><br \/>\nO godzinie 21 wiatr tradycyjnie s\u0142abnie, a pr\u0105d zmienia si\u0119 na przeciwny. W\u0142\u0105czamy silnik.<br \/>\nW Hawrze cumujemy o 4:30 nad ranem. Z trasy 55Mm wysz\u0142o 87Mm (tak si\u0119 p\u0142ywa na \u017caglach przy przeciwnym wietrze).<\/p>\n<p><strong>2-07-2022 Hawr<\/strong><br \/>\nRano p\u0142ac\u0119 z marin\u0119, dostaj\u0119 kart\u0119 do wszystkiego (pr\u0105d, woda, toalety, bramki wej\u015bciowe do mariny). Na karcie jest przedplacona godzina w\u0142\u0105czenia zaworu wody \u2013 4x15minut (niezale\u017cnie czy woda leci czy nie), jaka\u015b ilo\u015b\u0107 pr\u0105du \u2013 nikt nie wie jaka \ud83d\ude41 , pani w biurze powiedzia\u0142a, \u017ce jak si\u0119 sko\u0144czy to przyj\u015b\u0107 do niej to uzupe\u0142ni. Po \u015bniadaniu ruszamy na miasto.<\/p>\n<p><a href=\"https:\/\/pluskata.pl\/www\/pl\/rejsy-2022\/z-hagi-do-hawru-24-06-03-07-2022\/hawr-plac\/\"><img loading=\"lazy\" decoding=\"async\" class=\"alignnone wp-image-2125 size-medium\" src=\"https:\/\/pluskata.pl\/www\/wp-content\/uploads\/2022\/07\/Hawr-plac-300x169.jpg\" alt=\"Hawr plac\" width=\"300\" height=\"169\" srcset=\"https:\/\/pluskata.pl\/www\/wp-content\/uploads\/2022\/07\/Hawr-plac-300x169.jpg 300w, https:\/\/pluskata.pl\/www\/wp-content\/uploads\/2022\/07\/Hawr-plac-1024x576.jpg 1024w, https:\/\/pluskata.pl\/www\/wp-content\/uploads\/2022\/07\/Hawr-plac-768x432.jpg 768w, https:\/\/pluskata.pl\/www\/wp-content\/uploads\/2022\/07\/Hawr-plac-1536x864.jpg 1536w, https:\/\/pluskata.pl\/www\/wp-content\/uploads\/2022\/07\/Hawr-plac-150x84.jpg 150w, https:\/\/pluskata.pl\/www\/wp-content\/uploads\/2022\/07\/Hawr-plac.jpg 1920w\" sizes=\"auto, (max-width: 300px) 100vw, 300px\" \/><\/a> <a href=\"https:\/\/pluskata.pl\/www\/pl\/rejsy-2022\/z-hagi-do-hawru-24-06-03-07-2022\/hawr-wzgorze\/\"><img loading=\"lazy\" decoding=\"async\" class=\"alignnone wp-image-2127 size-medium\" src=\"https:\/\/pluskata.pl\/www\/wp-content\/uploads\/2022\/07\/Hawr-wzgorze-300x169.jpg\" alt=\"Hawr wzgorze\" width=\"300\" height=\"169\" srcset=\"https:\/\/pluskata.pl\/www\/wp-content\/uploads\/2022\/07\/Hawr-wzgorze-300x169.jpg 300w, https:\/\/pluskata.pl\/www\/wp-content\/uploads\/2022\/07\/Hawr-wzgorze-1024x576.jpg 1024w, https:\/\/pluskata.pl\/www\/wp-content\/uploads\/2022\/07\/Hawr-wzgorze-768x432.jpg 768w, https:\/\/pluskata.pl\/www\/wp-content\/uploads\/2022\/07\/Hawr-wzgorze-1536x864.jpg 1536w, https:\/\/pluskata.pl\/www\/wp-content\/uploads\/2022\/07\/Hawr-wzgorze-150x84.jpg 150w, https:\/\/pluskata.pl\/www\/wp-content\/uploads\/2022\/07\/Hawr-wzgorze.jpg 1920w\" sizes=\"auto, (max-width: 300px) 100vw, 300px\" \/><\/a> <a href=\"https:\/\/pluskata.pl\/www\/pl\/rejsy-2022\/z-hagi-do-hawru-24-06-03-07-2022\/hawr-ogrod\/\"><img loading=\"lazy\" decoding=\"async\" class=\"alignnone wp-image-2123 size-medium\" src=\"https:\/\/pluskata.pl\/www\/wp-content\/uploads\/2022\/07\/Hawr-ogrod-300x169.jpg\" alt=\"Hawr ogrod\" width=\"300\" height=\"169\" srcset=\"https:\/\/pluskata.pl\/www\/wp-content\/uploads\/2022\/07\/Hawr-ogrod-300x169.jpg 300w, https:\/\/pluskata.pl\/www\/wp-content\/uploads\/2022\/07\/Hawr-ogrod-1024x576.jpg 1024w, https:\/\/pluskata.pl\/www\/wp-content\/uploads\/2022\/07\/Hawr-ogrod-768x432.jpg 768w, https:\/\/pluskata.pl\/www\/wp-content\/uploads\/2022\/07\/Hawr-ogrod-1536x864.jpg 1536w, https:\/\/pluskata.pl\/www\/wp-content\/uploads\/2022\/07\/Hawr-ogrod-150x84.jpg 150w, https:\/\/pluskata.pl\/www\/wp-content\/uploads\/2022\/07\/Hawr-ogrod.jpg 1920w\" sizes=\"auto, (max-width: 300px) 100vw, 300px\" \/><\/a> <a href=\"https:\/\/pluskata.pl\/www\/pl\/rejsy-2022\/z-hagi-do-hawru-24-06-03-07-2022\/hawr-dom1\/\"><img loading=\"lazy\" decoding=\"async\" class=\"alignnone wp-image-2121 size-medium\" src=\"https:\/\/pluskata.pl\/www\/wp-content\/uploads\/2022\/07\/Hawr-dom1-300x169.jpg\" alt=\"Hawr dom\" width=\"300\" height=\"169\" srcset=\"https:\/\/pluskata.pl\/www\/wp-content\/uploads\/2022\/07\/Hawr-dom1-300x169.jpg 300w, https:\/\/pluskata.pl\/www\/wp-content\/uploads\/2022\/07\/Hawr-dom1-1024x576.jpg 1024w, https:\/\/pluskata.pl\/www\/wp-content\/uploads\/2022\/07\/Hawr-dom1-768x432.jpg 768w, https:\/\/pluskata.pl\/www\/wp-content\/uploads\/2022\/07\/Hawr-dom1-1536x864.jpg 1536w, https:\/\/pluskata.pl\/www\/wp-content\/uploads\/2022\/07\/Hawr-dom1-150x84.jpg 150w, https:\/\/pluskata.pl\/www\/wp-content\/uploads\/2022\/07\/Hawr-dom1.jpg 1920w\" sizes=\"auto, (max-width: 300px) 100vw, 300px\" \/><\/a> <a href=\"https:\/\/pluskata.pl\/www\/pl\/rejsy-2022\/z-hagi-do-hawru-24-06-03-07-2022\/hawr-dom\/\"><img loading=\"lazy\" decoding=\"async\" class=\"alignnone wp-image-2120 size-medium\" src=\"https:\/\/pluskata.pl\/www\/wp-content\/uploads\/2022\/07\/Hawr-dom-300x169.jpg\" alt=\"Hawr dom\" width=\"300\" height=\"169\" srcset=\"https:\/\/pluskata.pl\/www\/wp-content\/uploads\/2022\/07\/Hawr-dom-300x169.jpg 300w, https:\/\/pluskata.pl\/www\/wp-content\/uploads\/2022\/07\/Hawr-dom-1024x576.jpg 1024w, https:\/\/pluskata.pl\/www\/wp-content\/uploads\/2022\/07\/Hawr-dom-768x432.jpg 768w, https:\/\/pluskata.pl\/www\/wp-content\/uploads\/2022\/07\/Hawr-dom-1536x864.jpg 1536w, https:\/\/pluskata.pl\/www\/wp-content\/uploads\/2022\/07\/Hawr-dom-150x84.jpg 150w, https:\/\/pluskata.pl\/www\/wp-content\/uploads\/2022\/07\/Hawr-dom.jpg 1920w\" sizes=\"auto, (max-width: 300px) 100vw, 300px\" \/><\/a> <a href=\"https:\/\/pluskata.pl\/www\/pl\/rejsy-2022\/z-hagi-do-hawru-24-06-03-07-2022\/hawr-panorama\/\"><img loading=\"lazy\" decoding=\"async\" class=\"alignnone wp-image-2124 size-medium\" src=\"https:\/\/pluskata.pl\/www\/wp-content\/uploads\/2022\/07\/Hawr-panorama-300x169.jpg\" alt=\"Hawr panorama\" width=\"300\" height=\"169\" srcset=\"https:\/\/pluskata.pl\/www\/wp-content\/uploads\/2022\/07\/Hawr-panorama-300x169.jpg 300w, https:\/\/pluskata.pl\/www\/wp-content\/uploads\/2022\/07\/Hawr-panorama-1024x576.jpg 1024w, https:\/\/pluskata.pl\/www\/wp-content\/uploads\/2022\/07\/Hawr-panorama-768x432.jpg 768w, https:\/\/pluskata.pl\/www\/wp-content\/uploads\/2022\/07\/Hawr-panorama-1536x864.jpg 1536w, https:\/\/pluskata.pl\/www\/wp-content\/uploads\/2022\/07\/Hawr-panorama-150x84.jpg 150w, https:\/\/pluskata.pl\/www\/wp-content\/uploads\/2022\/07\/Hawr-panorama.jpg 1920w\" sizes=\"auto, (max-width: 300px) 100vw, 300px\" \/><\/a> <a href=\"https:\/\/pluskata.pl\/www\/pl\/rejsy-2022\/z-hagi-do-hawru-24-06-03-07-2022\/hawr-marina\/\"><img loading=\"lazy\" decoding=\"async\" class=\"alignnone wp-image-2122 size-medium\" src=\"https:\/\/pluskata.pl\/www\/wp-content\/uploads\/2022\/07\/Hawr-marina-300x169.jpg\" alt=\"Hawr marina\" width=\"300\" height=\"169\" srcset=\"https:\/\/pluskata.pl\/www\/wp-content\/uploads\/2022\/07\/Hawr-marina-300x169.jpg 300w, https:\/\/pluskata.pl\/www\/wp-content\/uploads\/2022\/07\/Hawr-marina-1024x576.jpg 1024w, https:\/\/pluskata.pl\/www\/wp-content\/uploads\/2022\/07\/Hawr-marina-768x432.jpg 768w, https:\/\/pluskata.pl\/www\/wp-content\/uploads\/2022\/07\/Hawr-marina-1536x864.jpg 1536w, https:\/\/pluskata.pl\/www\/wp-content\/uploads\/2022\/07\/Hawr-marina-150x84.jpg 150w, https:\/\/pluskata.pl\/www\/wp-content\/uploads\/2022\/07\/Hawr-marina.jpg 1920w\" sizes=\"auto, (max-width: 300px) 100vw, 300px\" \/><\/a> <a href=\"https:\/\/pluskata.pl\/www\/pl\/rejsy-2022\/z-hagi-do-hawru-24-06-03-07-2022\/hawr-pomnik\/\"><img loading=\"lazy\" decoding=\"async\" class=\"alignnone wp-image-2126 size-medium\" src=\"https:\/\/pluskata.pl\/www\/wp-content\/uploads\/2022\/07\/Hawr-pomnik-300x169.jpg\" alt=\"Hawr pomnik\" width=\"300\" height=\"169\" srcset=\"https:\/\/pluskata.pl\/www\/wp-content\/uploads\/2022\/07\/Hawr-pomnik-300x169.jpg 300w, https:\/\/pluskata.pl\/www\/wp-content\/uploads\/2022\/07\/Hawr-pomnik-1024x576.jpg 1024w, https:\/\/pluskata.pl\/www\/wp-content\/uploads\/2022\/07\/Hawr-pomnik-768x432.jpg 768w, https:\/\/pluskata.pl\/www\/wp-content\/uploads\/2022\/07\/Hawr-pomnik-1536x864.jpg 1536w, https:\/\/pluskata.pl\/www\/wp-content\/uploads\/2022\/07\/Hawr-pomnik-150x84.jpg 150w, https:\/\/pluskata.pl\/www\/wp-content\/uploads\/2022\/07\/Hawr-pomnik.jpg 1920w\" sizes=\"auto, (max-width: 300px) 100vw, 300px\" \/><\/a>\u00a0 <a href=\"https:\/\/pluskata.pl\/www\/pl\/rejsy-2022\/z-hagi-do-hawru-24-06-03-07-2022\/haga-kosciol-wnetrze\/\"><img loading=\"lazy\" decoding=\"async\" class=\"alignnone wp-image-2118 size-medium\" src=\"https:\/\/pluskata.pl\/www\/wp-content\/uploads\/2022\/07\/Haga-kosciol-wnetrze-300x169.jpg\" alt=\"\" width=\"300\" height=\"169\" srcset=\"https:\/\/pluskata.pl\/www\/wp-content\/uploads\/2022\/07\/Haga-kosciol-wnetrze-300x169.jpg 300w, https:\/\/pluskata.pl\/www\/wp-content\/uploads\/2022\/07\/Haga-kosciol-wnetrze-1024x576.jpg 1024w, https:\/\/pluskata.pl\/www\/wp-content\/uploads\/2022\/07\/Haga-kosciol-wnetrze-768x432.jpg 768w, https:\/\/pluskata.pl\/www\/wp-content\/uploads\/2022\/07\/Haga-kosciol-wnetrze.jpg 1920w\" sizes=\"auto, (max-width: 300px) 100vw, 300px\" \/><\/a> <a href=\"https:\/\/pluskata.pl\/www\/pl\/rejsy-2022\/z-hagi-do-hawru-24-06-03-07-2022\/haga-katedra\/\"><img loading=\"lazy\" decoding=\"async\" class=\"alignnone wp-image-2116 size-medium\" src=\"https:\/\/pluskata.pl\/www\/wp-content\/uploads\/2022\/07\/Haga-katedra-300x169.jpg\" alt=\"\" width=\"300\" height=\"169\" srcset=\"https:\/\/pluskata.pl\/www\/wp-content\/uploads\/2022\/07\/Haga-katedra-300x169.jpg 300w, https:\/\/pluskata.pl\/www\/wp-content\/uploads\/2022\/07\/Haga-katedra-1024x576.jpg 1024w, https:\/\/pluskata.pl\/www\/wp-content\/uploads\/2022\/07\/Haga-katedra-768x432.jpg 768w, https:\/\/pluskata.pl\/www\/wp-content\/uploads\/2022\/07\/Haga-katedra-1536x864.jpg 1536w, https:\/\/pluskata.pl\/www\/wp-content\/uploads\/2022\/07\/Haga-katedra-150x84.jpg 150w, https:\/\/pluskata.pl\/www\/wp-content\/uploads\/2022\/07\/Haga-katedra.jpg 1920w\" sizes=\"auto, (max-width: 300px) 100vw, 300px\" \/><\/a><\/p>\n<p>Zwiedzamy co\u015b co przewodnik t\u0142umaczy jako \u201ewisz\u0105ce ogrody\u201d (Les Jardins Suspendus) a w rzeczywisto\u015bci to ogr\u00f3d botaniczny g\u0142\u00f3wnie ro\u015blin tropikalnych w szklarniach ale nie tylko i du\u017cy o\u015brodek do\u015bwiadczalny badaj\u0105cy ro\u015bliny na ca\u0142ym \u015bwiecie. Ogr\u00f3d jest na wzg\u00f3rzu za miastem (ok 25min na piechot\u0119). Potem schodzimy na d\u00f3\u0142 przez ogr\u00f3d \u015bw. Rocha i zwiedzamy ko\u015bci\u00f3\u0142 \u015bw. J\u00f3zefa \u2013 z zewn\u0105trz betonowa budowla, a w \u015brodku wn\u0119trze mieni si\u0119 kolorami \u2013 \u015bwiat\u0142o wpadaj\u0105ce przez witra\u017ce w \u015bcianach i suficie odbija si\u0119 w ca\u0142ym ko\u015bciele, \u0142awki dla wiernych ustawione s\u0105 naoko\u0142o o\u0142tarza. Zupe\u0142nie inny ko\u015bci\u00f3\u0142 i\u017c te do kt\u00f3rych jeste\u015bmy przyzwyczajeni. Kolejny przystanek to hala targowa, ale bardziej jak nasza Polna ni\u017c zwyk\u0142y bazarek. Sta\u0142e zabudowane stoiska, a i ceny raczej wysokie. Idziemy dalej \u2013 kolejny punkt trasy to katedra Notre-Dame. Zabytkowa katedra z XVI w. Znajduje si\u0119 na Li\u015bcie \u015awiatowego Dziedzictwa UNESCO, jednak zar\u00f3wno fasada jak i wn\u0119trze nie zachwyca. Potem ju\u017c tylko Muzeum Sztuki Nowoczesnej MuMa \u2013 akurat jest wystawa malarstwa po\u015bwi\u0119cona wiatrowi \u2013 warto obejrze\u0107. Mamy na to 20 minut (zamykaj\u0105 o 19).<br \/>\nOdwiedzamy stacj\u0119 benzynow\u0105 (paliwo w stacji kosztuje tyle co w marinie) i wracamy na jacht.<\/p>\n","protected":false},"excerpt":{"rendered":"<p>Trasa: Sheveningen \u2013 Osdenda \u2013 Boulogne sur mer \u2013 Dieppe \u2013 Hawr Termin: 24.06-03.07.2022 Mile\/ godziny: 316Mm\/70h 24-06-2022 pi\u0105tek Schveningen Rano jedziemy rowerami po zakupy. Zabieramy przyczepk\u0119 (w\u00f3zek pla\u017cowy) i przywi\u0105zujemy go do roweru. Okazuje si\u0119, \u017ce Lidl, w kt\u00f3rym chcemy zrobi\u0107 zakupy spo\u017cywcze jest zaraz obok bazarku z warzywami\u2026<\/p>\n<p class=\"continue-reading-button\"> <a class=\"continue-reading-link\" href=\"https:\/\/pluskata.pl\/www\/pl\/rejsy-2022\/z-hagi-do-hawru-24-06-03-07-2022\/\">Czytaj dalej\/Continue reading<i class=\"crycon-right-dir\"><\/i><\/a><\/p>\n","protected":false},"author":1,"featured_media":2079,"parent":1605,"menu_order":17,"comment_status":"closed","ping_status":"closed","template":"","meta":{"footnotes":""},"class_list":["post-2071","page","type-page","status-publish","has-post-thumbnail","hentry"],"yoast_head":"<!-- This site is optimized with the Yoast SEO plugin v27.5 - https:\/\/yoast.com\/product\/yoast-seo-wordpress\/ -->\n<title>Z Hagi do Hawru 24.06-03.07.2022 - Podr\u00f3\u017ce jachtem po \u015bwiecie<\/title>\n<meta name=\"robots\" content=\"index, follow, max-snippet:-1, max-image-preview:large, max-video-preview:-1\" \/>\n<link rel=\"canonical\" href=\"https:\/\/pluskata.pl\/www\/pl\/rejsy-2022\/z-hagi-do-hawru-24-06-03-07-2022\/\" \/>\n<meta property=\"og:locale\" content=\"pl_PL\" \/>\n<meta property=\"og:type\" content=\"article\" \/>\n<meta property=\"og:title\" content=\"Z Hagi do Hawru 24.06-03.07.2022 - Podr\u00f3\u017ce jachtem po \u015bwiecie\" \/>\n<meta property=\"og:description\" content=\"Trasa: Sheveningen \u2013 Osdenda \u2013 Boulogne sur mer \u2013 Dieppe \u2013 Hawr Termin: 24.06-03.07.2022 Mile\/ godziny: 316Mm\/70h 24-06-2022 pi\u0105tek Schveningen Rano jedziemy rowerami po zakupy. Zabieramy przyczepk\u0119 (w\u00f3zek pla\u017cowy) i przywi\u0105zujemy go do roweru. Okazuje si\u0119, \u017ce Lidl, w kt\u00f3rym chcemy zrobi\u0107 zakupy spo\u017cywcze jest zaraz obok bazarku z warzywami\u2026 Czytaj dalej\/Continue reading\" \/>\n<meta property=\"og:url\" content=\"https:\/\/pluskata.pl\/www\/pl\/rejsy-2022\/z-hagi-do-hawru-24-06-03-07-2022\/\" \/>\n<meta property=\"og:site_name\" content=\"Podr\u00f3\u017ce jachtem po \u015bwiecie\" \/>\n<meta property=\"article:publisher\" content=\"https:\/\/www.facebook.com\/pluskata\" \/>\n<meta property=\"article:modified_time\" content=\"2022-09-08T10:28:32+00:00\" \/>\n<meta property=\"og:image\" content=\"https:\/\/pluskata.pl\/www\/wp-content\/uploads\/2022\/07\/Haga-Hawr.jpg\" \/>\n\t<meta property=\"og:image:width\" content=\"1328\" \/>\n\t<meta property=\"og:image:height\" content=\"910\" \/>\n\t<meta property=\"og:image:type\" content=\"image\/jpeg\" \/>\n<meta name=\"twitter:card\" content=\"summary_large_image\" \/>\n<meta name=\"twitter:label1\" content=\"Szacowany czas czytania\" \/>\n\t<meta name=\"twitter:data1\" content=\"8 minut\" \/>\n<script type=\"application\/ld+json\" class=\"yoast-schema-graph\">{\"@context\":\"https:\\\/\\\/schema.org\",\"@graph\":[{\"@type\":\"WebPage\",\"@id\":\"https:\\\/\\\/pluskata.pl\\\/www\\\/pl\\\/rejsy-2022\\\/z-hagi-do-hawru-24-06-03-07-2022\\\/\",\"url\":\"https:\\\/\\\/pluskata.pl\\\/www\\\/pl\\\/rejsy-2022\\\/z-hagi-do-hawru-24-06-03-07-2022\\\/\",\"name\":\"Z Hagi do Hawru 24.06-03.07.2022 - Podr\u00f3\u017ce jachtem po \u015bwiecie\",\"isPartOf\":{\"@id\":\"https:\\\/\\\/pluskata.pl\\\/www\\\/#website\"},\"primaryImageOfPage\":{\"@id\":\"https:\\\/\\\/pluskata.pl\\\/www\\\/pl\\\/rejsy-2022\\\/z-hagi-do-hawru-24-06-03-07-2022\\\/#primaryimage\"},\"image\":{\"@id\":\"https:\\\/\\\/pluskata.pl\\\/www\\\/pl\\\/rejsy-2022\\\/z-hagi-do-hawru-24-06-03-07-2022\\\/#primaryimage\"},\"thumbnailUrl\":\"https:\\\/\\\/pluskata.pl\\\/www\\\/wp-content\\\/uploads\\\/2022\\\/07\\\/Haga-Hawr.jpg\",\"datePublished\":\"2022-07-04T10:59:34+00:00\",\"dateModified\":\"2022-09-08T10:28:32+00:00\",\"breadcrumb\":{\"@id\":\"https:\\\/\\\/pluskata.pl\\\/www\\\/pl\\\/rejsy-2022\\\/z-hagi-do-hawru-24-06-03-07-2022\\\/#breadcrumb\"},\"inLanguage\":\"pl-PL\",\"potentialAction\":[{\"@type\":\"ReadAction\",\"target\":[\"https:\\\/\\\/pluskata.pl\\\/www\\\/pl\\\/rejsy-2022\\\/z-hagi-do-hawru-24-06-03-07-2022\\\/\"]}]},{\"@type\":\"ImageObject\",\"inLanguage\":\"pl-PL\",\"@id\":\"https:\\\/\\\/pluskata.pl\\\/www\\\/pl\\\/rejsy-2022\\\/z-hagi-do-hawru-24-06-03-07-2022\\\/#primaryimage\",\"url\":\"https:\\\/\\\/pluskata.pl\\\/www\\\/wp-content\\\/uploads\\\/2022\\\/07\\\/Haga-Hawr.jpg\",\"contentUrl\":\"https:\\\/\\\/pluskata.pl\\\/www\\\/wp-content\\\/uploads\\\/2022\\\/07\\\/Haga-Hawr.jpg\",\"width\":1328,\"height\":910,\"caption\":\"Z Hagi do Hawru\"},{\"@type\":\"BreadcrumbList\",\"@id\":\"https:\\\/\\\/pluskata.pl\\\/www\\\/pl\\\/rejsy-2022\\\/z-hagi-do-hawru-24-06-03-07-2022\\\/#breadcrumb\",\"itemListElement\":[{\"@type\":\"ListItem\",\"position\":1,\"name\":\"Strona g\u0142\u00f3wna\",\"item\":\"https:\\\/\\\/pluskata.pl\\\/www\\\/pl\\\/aktualnosci\\\/\"},{\"@type\":\"ListItem\",\"position\":2,\"name\":\"Rejsy 2022\",\"item\":\"https:\\\/\\\/pluskata.pl\\\/www\\\/pl\\\/rejsy-2022\\\/\"},{\"@type\":\"ListItem\",\"position\":3,\"name\":\"Z Hagi do Hawru 24.06-03.07.2022\"}]},{\"@type\":\"WebSite\",\"@id\":\"https:\\\/\\\/pluskata.pl\\\/www\\\/#website\",\"url\":\"https:\\\/\\\/pluskata.pl\\\/www\\\/\",\"name\":\"Podr\u00f3\u017ce jachtem po \u015bwiecie\",\"description\":\"Zapraszamy do wsp\u00f3lnego \u017ceglowania\",\"publisher\":{\"@id\":\"https:\\\/\\\/pluskata.pl\\\/www\\\/#\\\/schema\\\/person\\\/15daea66397efafeded8883b67482cc0\"},\"potentialAction\":[{\"@type\":\"SearchAction\",\"target\":{\"@type\":\"EntryPoint\",\"urlTemplate\":\"https:\\\/\\\/pluskata.pl\\\/www\\\/?s={search_term_string}\"},\"query-input\":{\"@type\":\"PropertyValueSpecification\",\"valueRequired\":true,\"valueName\":\"search_term_string\"}}],\"inLanguage\":\"pl-PL\"},{\"@type\":[\"Person\",\"Organization\"],\"@id\":\"https:\\\/\\\/pluskata.pl\\\/www\\\/#\\\/schema\\\/person\\\/15daea66397efafeded8883b67482cc0\",\"name\":\"Pluskata\",\"image\":{\"@type\":\"ImageObject\",\"inLanguage\":\"pl-PL\",\"@id\":\"https:\\\/\\\/pluskata.pl\\\/www\\\/wp-content\\\/uploads\\\/2020\\\/12\\\/cropped-Logo-Pluskata_512.png\",\"url\":\"https:\\\/\\\/pluskata.pl\\\/www\\\/wp-content\\\/uploads\\\/2020\\\/12\\\/cropped-Logo-Pluskata_512.png\",\"contentUrl\":\"https:\\\/\\\/pluskata.pl\\\/www\\\/wp-content\\\/uploads\\\/2020\\\/12\\\/cropped-Logo-Pluskata_512.png\",\"width\":512,\"height\":512,\"caption\":\"Pluskata\"},\"logo\":{\"@id\":\"https:\\\/\\\/pluskata.pl\\\/www\\\/wp-content\\\/uploads\\\/2020\\\/12\\\/cropped-Logo-Pluskata_512.png\"},\"sameAs\":[\"http:\\\/\\\/www.pluskata.pl\",\"https:\\\/\\\/www.facebook.com\\\/pluskata\"]}]}<\/script>\n<!-- \/ Yoast SEO plugin. -->","yoast_head_json":{"title":"Z Hagi do Hawru 24.06-03.07.2022 - Podr\u00f3\u017ce jachtem po \u015bwiecie","robots":{"index":"index","follow":"follow","max-snippet":"max-snippet:-1","max-image-preview":"max-image-preview:large","max-video-preview":"max-video-preview:-1"},"canonical":"https:\/\/pluskata.pl\/www\/pl\/rejsy-2022\/z-hagi-do-hawru-24-06-03-07-2022\/","og_locale":"pl_PL","og_type":"article","og_title":"Z Hagi do Hawru 24.06-03.07.2022 - Podr\u00f3\u017ce jachtem po \u015bwiecie","og_description":"Trasa: Sheveningen \u2013 Osdenda \u2013 Boulogne sur mer \u2013 Dieppe \u2013 Hawr Termin: 24.06-03.07.2022 Mile\/ godziny: 316Mm\/70h 24-06-2022 pi\u0105tek Schveningen Rano jedziemy rowerami po zakupy. Zabieramy przyczepk\u0119 (w\u00f3zek pla\u017cowy) i przywi\u0105zujemy go do roweru. Okazuje si\u0119, \u017ce Lidl, w kt\u00f3rym chcemy zrobi\u0107 zakupy spo\u017cywcze jest zaraz obok bazarku z warzywami\u2026 Czytaj dalej\/Continue reading","og_url":"https:\/\/pluskata.pl\/www\/pl\/rejsy-2022\/z-hagi-do-hawru-24-06-03-07-2022\/","og_site_name":"Podr\u00f3\u017ce jachtem po \u015bwiecie","article_publisher":"https:\/\/www.facebook.com\/pluskata","article_modified_time":"2022-09-08T10:28:32+00:00","og_image":[{"width":1328,"height":910,"url":"https:\/\/pluskata.pl\/www\/wp-content\/uploads\/2022\/07\/Haga-Hawr.jpg","type":"image\/jpeg"}],"twitter_card":"summary_large_image","twitter_misc":{"Szacowany czas czytania":"8 minut"},"schema":{"@context":"https:\/\/schema.org","@graph":[{"@type":"WebPage","@id":"https:\/\/pluskata.pl\/www\/pl\/rejsy-2022\/z-hagi-do-hawru-24-06-03-07-2022\/","url":"https:\/\/pluskata.pl\/www\/pl\/rejsy-2022\/z-hagi-do-hawru-24-06-03-07-2022\/","name":"Z Hagi do Hawru 24.06-03.07.2022 - Podr\u00f3\u017ce jachtem po \u015bwiecie","isPartOf":{"@id":"https:\/\/pluskata.pl\/www\/#website"},"primaryImageOfPage":{"@id":"https:\/\/pluskata.pl\/www\/pl\/rejsy-2022\/z-hagi-do-hawru-24-06-03-07-2022\/#primaryimage"},"image":{"@id":"https:\/\/pluskata.pl\/www\/pl\/rejsy-2022\/z-hagi-do-hawru-24-06-03-07-2022\/#primaryimage"},"thumbnailUrl":"https:\/\/pluskata.pl\/www\/wp-content\/uploads\/2022\/07\/Haga-Hawr.jpg","datePublished":"2022-07-04T10:59:34+00:00","dateModified":"2022-09-08T10:28:32+00:00","breadcrumb":{"@id":"https:\/\/pluskata.pl\/www\/pl\/rejsy-2022\/z-hagi-do-hawru-24-06-03-07-2022\/#breadcrumb"},"inLanguage":"pl-PL","potentialAction":[{"@type":"ReadAction","target":["https:\/\/pluskata.pl\/www\/pl\/rejsy-2022\/z-hagi-do-hawru-24-06-03-07-2022\/"]}]},{"@type":"ImageObject","inLanguage":"pl-PL","@id":"https:\/\/pluskata.pl\/www\/pl\/rejsy-2022\/z-hagi-do-hawru-24-06-03-07-2022\/#primaryimage","url":"https:\/\/pluskata.pl\/www\/wp-content\/uploads\/2022\/07\/Haga-Hawr.jpg","contentUrl":"https:\/\/pluskata.pl\/www\/wp-content\/uploads\/2022\/07\/Haga-Hawr.jpg","width":1328,"height":910,"caption":"Z Hagi do Hawru"},{"@type":"BreadcrumbList","@id":"https:\/\/pluskata.pl\/www\/pl\/rejsy-2022\/z-hagi-do-hawru-24-06-03-07-2022\/#breadcrumb","itemListElement":[{"@type":"ListItem","position":1,"name":"Strona g\u0142\u00f3wna","item":"https:\/\/pluskata.pl\/www\/pl\/aktualnosci\/"},{"@type":"ListItem","position":2,"name":"Rejsy 2022","item":"https:\/\/pluskata.pl\/www\/pl\/rejsy-2022\/"},{"@type":"ListItem","position":3,"name":"Z Hagi do Hawru 24.06-03.07.2022"}]},{"@type":"WebSite","@id":"https:\/\/pluskata.pl\/www\/#website","url":"https:\/\/pluskata.pl\/www\/","name":"Podr\u00f3\u017ce jachtem po \u015bwiecie","description":"Zapraszamy do wsp\u00f3lnego \u017ceglowania","publisher":{"@id":"https:\/\/pluskata.pl\/www\/#\/schema\/person\/15daea66397efafeded8883b67482cc0"},"potentialAction":[{"@type":"SearchAction","target":{"@type":"EntryPoint","urlTemplate":"https:\/\/pluskata.pl\/www\/?s={search_term_string}"},"query-input":{"@type":"PropertyValueSpecification","valueRequired":true,"valueName":"search_term_string"}}],"inLanguage":"pl-PL"},{"@type":["Person","Organization"],"@id":"https:\/\/pluskata.pl\/www\/#\/schema\/person\/15daea66397efafeded8883b67482cc0","name":"Pluskata","image":{"@type":"ImageObject","inLanguage":"pl-PL","@id":"https:\/\/pluskata.pl\/www\/wp-content\/uploads\/2020\/12\/cropped-Logo-Pluskata_512.png","url":"https:\/\/pluskata.pl\/www\/wp-content\/uploads\/2020\/12\/cropped-Logo-Pluskata_512.png","contentUrl":"https:\/\/pluskata.pl\/www\/wp-content\/uploads\/2020\/12\/cropped-Logo-Pluskata_512.png","width":512,"height":512,"caption":"Pluskata"},"logo":{"@id":"https:\/\/pluskata.pl\/www\/wp-content\/uploads\/2020\/12\/cropped-Logo-Pluskata_512.png"},"sameAs":["http:\/\/www.pluskata.pl","https:\/\/www.facebook.com\/pluskata"]}]}},"_links":{"self":[{"href":"https:\/\/pluskata.pl\/www\/wp-json\/wp\/v2\/pages\/2071","targetHints":{"allow":["GET"]}}],"collection":[{"href":"https:\/\/pluskata.pl\/www\/wp-json\/wp\/v2\/pages"}],"about":[{"href":"https:\/\/pluskata.pl\/www\/wp-json\/wp\/v2\/types\/page"}],"author":[{"embeddable":true,"href":"https:\/\/pluskata.pl\/www\/wp-json\/wp\/v2\/users\/1"}],"replies":[{"embeddable":true,"href":"https:\/\/pluskata.pl\/www\/wp-json\/wp\/v2\/comments?post=2071"}],"version-history":[{"count":0,"href":"https:\/\/pluskata.pl\/www\/wp-json\/wp\/v2\/pages\/2071\/revisions"}],"up":[{"embeddable":true,"href":"https:\/\/pluskata.pl\/www\/wp-json\/wp\/v2\/pages\/1605"}],"wp:featuredmedia":[{"embeddable":true,"href":"https:\/\/pluskata.pl\/www\/wp-json\/wp\/v2\/media\/2079"}],"wp:attachment":[{"href":"https:\/\/pluskata.pl\/www\/wp-json\/wp\/v2\/media?parent=2071"}],"curies":[{"name":"wp","href":"https:\/\/api.w.org\/{rel}","templated":true}]}}