{"id":1726,"date":"2022-05-22T21:00:50","date_gmt":"2022-05-22T19:00:50","guid":{"rendered":"https:\/\/pluskata.pl\/www\/?page_id=1726"},"modified":"2022-07-05T14:14:10","modified_gmt":"2022-07-05T12:14:10","slug":"ze-swinoujscia-do-kilonii-13-22-05-2022","status":"publish","type":"page","link":"https:\/\/pluskata.pl\/www\/pl\/rejsy-2022\/ze-swinoujscia-do-kilonii-13-22-05-2022\/","title":{"rendered":"Ze \u015awinouj\u015bcia do Kilonii 13-22.05.2022"},"content":{"rendered":"<p><img loading=\"lazy\" decoding=\"async\" class=\"alignnone size-medium wp-image-1803\" src=\"https:\/\/pluskata.pl\/www\/wp-content\/uploads\/2022\/05\/SwinoujscieKilonia-300x105.jpg\" alt=\"\u015awinouj\u015bcie-Kilonia\" width=\"300\" height=\"105\" srcset=\"https:\/\/pluskata.pl\/www\/wp-content\/uploads\/2022\/05\/SwinoujscieKilonia-300x105.jpg 300w, https:\/\/pluskata.pl\/www\/wp-content\/uploads\/2022\/05\/SwinoujscieKilonia-1024x357.jpg 1024w, https:\/\/pluskata.pl\/www\/wp-content\/uploads\/2022\/05\/SwinoujscieKilonia-768x268.jpg 768w, https:\/\/pluskata.pl\/www\/wp-content\/uploads\/2022\/05\/SwinoujscieKilonia-1536x536.jpg 1536w, https:\/\/pluskata.pl\/www\/wp-content\/uploads\/2022\/05\/SwinoujscieKilonia-150x52.jpg 150w, https:\/\/pluskata.pl\/www\/wp-content\/uploads\/2022\/05\/SwinoujscieKilonia-1150x400.jpg 1150w, https:\/\/pluskata.pl\/www\/wp-content\/uploads\/2022\/05\/SwinoujscieKilonia.jpg 1606w\" sizes=\"auto, (max-width: 300px) 100vw, 300px\" \/><\/p>\n<p><strong>Trasa:<\/strong> \u015awinouj\u015bcie &#8211; Penem\u00fcnde &#8211; Stralsund &#8211; Warnem\u00fcde\/Rostock &#8211; Wismar &#8211; Burgstaaken &#8211; Kilonia<br \/>\n<strong>Termin:<\/strong> 13-22.05.2022<br \/>\n<strong>Mile\/godziny:<\/strong> 276Mm\/56h<\/p>\n<p><strong>14-05-2022 sobota Penem\u00fcnde<\/strong><br \/>\nWstajemy o 6, ale troch\u0119 si\u0119 zbieramy i wychodzimy o 07:30, te\u017c dobrze. Opuszczamy Polsk\u0119 jachtem na kilkana\u015bcie lat. Dziwne uczucie. Wieje 4-5B z zachodu. P\u0142yniemy na zarefowanym foku i grocie 7,5 w\u0119z\u0142a. O 12 wchodzimy w tor podej\u015bciowy do Penem\u00fcnde.<\/p>\n<p><a href=\"https:\/\/pluskata.pl\/www\/pl\/rejsy-2022\/ze-swinoujscia-do-kilonii-13-22-05-2022\/do-penemunde\/\"><img loading=\"lazy\" decoding=\"async\" class=\"alignnone wp-image-1734 size-medium\" src=\"https:\/\/pluskata.pl\/www\/wp-content\/uploads\/2022\/05\/Do-penemunde-300x225.jpg\" alt=\"Do Penemunde\" width=\"300\" height=\"225\" srcset=\"https:\/\/pluskata.pl\/www\/wp-content\/uploads\/2022\/05\/Do-penemunde-300x225.jpg 300w, https:\/\/pluskata.pl\/www\/wp-content\/uploads\/2022\/05\/Do-penemunde-1024x768.jpg 1024w, https:\/\/pluskata.pl\/www\/wp-content\/uploads\/2022\/05\/Do-penemunde-768x576.jpg 768w, https:\/\/pluskata.pl\/www\/wp-content\/uploads\/2022\/05\/Do-penemunde-1536x1152.jpg 1536w, https:\/\/pluskata.pl\/www\/wp-content\/uploads\/2022\/05\/Do-penemunde-2048x1536.jpg 2048w, https:\/\/pluskata.pl\/www\/wp-content\/uploads\/2022\/05\/Do-penemunde-150x113.jpg 150w\" sizes=\"auto, (max-width: 300px) 100vw, 300px\" \/><\/a><\/p>\n<p>P\u0142yniemy na silniku \u2013 po obu stronach jest p\u0142ytko. O 14 wchodzimy do mariny Regattaverein w Penem\u00fcnde. Do mariny wchodzi si\u0119 pomi\u0119dzy dwoma dalbami. Marina jest malutka. Jachty staj\u0105 dziobem do kei i ruf\u0105 do dalb. Dalby s\u0105 w\u0105skie i nie mie\u015bcimy si\u0119 mi\u0119dzy nimi. Stajemy longside przy zewn\u0119trznej kei.<br \/>\nZa marin\u0119 p\u0142aci si\u0119 w hangarze hafenmajstra . W tym samym hangarze s\u0105 toalety z innym kodem dla kobiet a innym dla m\u0119\u017cczyzn. Ogarniamy si\u0119 i ruszamy do muzeum w fabryce produkcji rakiet V1 i V2.<\/p>\n<p><a href=\"https:\/\/pluskata.pl\/www\/pl\/rejsy-2022\/ze-swinoujscia-do-kilonii-13-22-05-2022\/penemunde1\/\"><img loading=\"lazy\" decoding=\"async\" class=\"alignnone wp-image-1739 size-medium\" src=\"https:\/\/pluskata.pl\/www\/wp-content\/uploads\/2022\/05\/Penemunde1-300x200.jpg\" alt=\"Penemunde\" width=\"300\" height=\"200\" srcset=\"https:\/\/pluskata.pl\/www\/wp-content\/uploads\/2022\/05\/Penemunde1-300x200.jpg 300w, https:\/\/pluskata.pl\/www\/wp-content\/uploads\/2022\/05\/Penemunde1-1024x683.jpg 1024w, https:\/\/pluskata.pl\/www\/wp-content\/uploads\/2022\/05\/Penemunde1-768x512.jpg 768w, https:\/\/pluskata.pl\/www\/wp-content\/uploads\/2022\/05\/Penemunde1-1536x1024.jpg 1536w, https:\/\/pluskata.pl\/www\/wp-content\/uploads\/2022\/05\/Penemunde1-2048x1365.jpg 2048w, https:\/\/pluskata.pl\/www\/wp-content\/uploads\/2022\/05\/Penemunde1-150x100.jpg 150w\" sizes=\"auto, (max-width: 300px) 100vw, 300px\" \/><\/a><\/p>\n<p>Z ogromnego terenu zosta\u0142a mo\u017ce 1\/20 budynk\u00f3w. Wst\u0119p kosztuje 10\u20ac od osoby + 1\u20ac za wjazd na taras widokowy. W jednym z budynk\u00f3w jest wystawa z filmami i opisami produkcji i test\u00f3w rakiet \u2013 nazywa\u0142y si\u0119 agregat 4 czyli V2.<\/p>\n<p><a href=\"https:\/\/pluskata.pl\/www\/pl\/rejsy-2022\/ze-swinoujscia-do-kilonii-13-22-05-2022\/penemunde\/\"><img loading=\"lazy\" decoding=\"async\" class=\"alignnone wp-image-1738 size-medium\" src=\"https:\/\/pluskata.pl\/www\/wp-content\/uploads\/2022\/05\/Penemunde-300x200.jpg\" alt=\"Penemunde V1\" width=\"300\" height=\"200\" srcset=\"https:\/\/pluskata.pl\/www\/wp-content\/uploads\/2022\/05\/Penemunde-300x200.jpg 300w, https:\/\/pluskata.pl\/www\/wp-content\/uploads\/2022\/05\/Penemunde-1024x682.jpg 1024w, https:\/\/pluskata.pl\/www\/wp-content\/uploads\/2022\/05\/Penemunde-768x512.jpg 768w, https:\/\/pluskata.pl\/www\/wp-content\/uploads\/2022\/05\/Penemunde-1536x1024.jpg 1536w\" sizes=\"auto, (max-width: 300px) 100vw, 300px\" \/><\/a><br \/>\nV1 wygl\u0105da\u0142a jak ma\u0142y samolocik, a V2 jak prawdziwa rakieta. Wystawa ma du\u017co opis\u00f3w \u2013 cz\u0119\u015b\u0107 nawet po polsku, troch\u0119 zdj\u0119\u0107 i film\u00f3w i troch\u0119 ma\u0142ych eksponat\u00f3w. W kolejnym budynku jest elektrownia zasilaj\u0105ca wszystkie zak\u0142ady. Tam zosta\u0142y maszyny, przewody, hale. Wygl\u0105da i pachnie jak cz\u0119\u015b\u0107 fabryki. Na g\u00f3rze w jednej z hal jest sala koncertowa. Znajdujemy wind\u0119 i wje\u017cd\u017camy na taras widokowy. Z g\u00f3ry wida\u0107 maszty jacht\u00f3w \u2013 nasz jest najwy\u017cszy.<br \/>\nPo zwiedzaniu idziemy na obiad, a potem na jacht.<\/p>\n<p><strong>15-05-2022 niedziela Stralsund<\/strong><br \/>\nPo \u015bniadaniu o 9:15 wychodzimy na Zatok\u0119 Greisfswaldzk\u0105 w kierunku Stralsundu. Tor wodny jest kr\u0119ty i w\u0105ski, wi\u0119c p\u0142yniemy na silniku, a tam gdzie da\u0142oby si\u0119 postawi\u0107 \u017cagle wieje od dziobu, wi\u0119c znowu nie mo\u017cemy postawi\u0107 \u017cagli (sk\u0105d ten wiatr wie dok\u0105d p\u0142yniemy?).<\/p>\n<p><a href=\"https:\/\/pluskata.pl\/www\/pl\/rejsy-2022\/ze-swinoujscia-do-kilonii-13-22-05-2022\/do-stralsund\/\"><img loading=\"lazy\" decoding=\"async\" class=\"alignnone wp-image-1735 size-medium\" src=\"https:\/\/pluskata.pl\/www\/wp-content\/uploads\/2022\/05\/Do-stralsund-300x225.jpg\" alt=\"Do Stralsundu\" width=\"300\" height=\"225\" srcset=\"https:\/\/pluskata.pl\/www\/wp-content\/uploads\/2022\/05\/Do-stralsund-300x225.jpg 300w, https:\/\/pluskata.pl\/www\/wp-content\/uploads\/2022\/05\/Do-stralsund-1024x768.jpg 1024w, https:\/\/pluskata.pl\/www\/wp-content\/uploads\/2022\/05\/Do-stralsund-768x576.jpg 768w, https:\/\/pluskata.pl\/www\/wp-content\/uploads\/2022\/05\/Do-stralsund-1536x1152.jpg 1536w, https:\/\/pluskata.pl\/www\/wp-content\/uploads\/2022\/05\/Do-stralsund-2048x1535.jpg 2048w, https:\/\/pluskata.pl\/www\/wp-content\/uploads\/2022\/05\/Do-stralsund-150x112.jpg 150w\" sizes=\"auto, (max-width: 300px) 100vw, 300px\" \/><\/a>\u00a0 <a href=\"https:\/\/pluskata.pl\/www\/pl\/rejsy-2022\/ze-swinoujscia-do-kilonii-13-22-05-2022\/stralsund-odejscie\/\"><img loading=\"lazy\" decoding=\"async\" class=\"alignnone wp-image-1750 size-medium\" src=\"https:\/\/pluskata.pl\/www\/wp-content\/uploads\/2022\/05\/Stralsund-odejscie-300x180.jpg\" alt=\"Stralsund widok z morza\" width=\"300\" height=\"180\" srcset=\"https:\/\/pluskata.pl\/www\/wp-content\/uploads\/2022\/05\/Stralsund-odejscie-300x180.jpg 300w, https:\/\/pluskata.pl\/www\/wp-content\/uploads\/2022\/05\/Stralsund-odejscie-1024x613.jpg 1024w, https:\/\/pluskata.pl\/www\/wp-content\/uploads\/2022\/05\/Stralsund-odejscie-768x460.jpg 768w, https:\/\/pluskata.pl\/www\/wp-content\/uploads\/2022\/05\/Stralsund-odejscie-1536x919.jpg 1536w, https:\/\/pluskata.pl\/www\/wp-content\/uploads\/2022\/05\/Stralsund-odejscie-2048x1226.jpg 2048w, https:\/\/pluskata.pl\/www\/wp-content\/uploads\/2022\/05\/Stralsund-odejscie-250x150.jpg 250w, https:\/\/pluskata.pl\/www\/wp-content\/uploads\/2022\/05\/Stralsund-odejscie-150x90.jpg 150w\" sizes=\"auto, (max-width: 300px) 100vw, 300px\" \/><\/a><\/p>\n<p>Spieszymy si\u0119 , \u017ceby zd\u0105\u017cy\u0107 na otwarcie mostu o 15:20. Nast\u0119pne otwarcie o 17:20. Gotujemy obiad na wodzie, a poniewa\u017c dop\u0142ywamy ok 30 minut przed otwarciem mostu, wi\u0119c cumujemy do dalb i jemy obiad. Pyszny kurczak z makaronem.<\/p>\n<p><a href=\"https:\/\/pluskata.pl\/www\/pl\/rejsy-2022\/ze-swinoujscia-do-kilonii-13-22-05-2022\/most-stralsund\/\"><img loading=\"lazy\" decoding=\"async\" class=\"alignnone wp-image-1737 size-medium\" src=\"https:\/\/pluskata.pl\/www\/wp-content\/uploads\/2022\/05\/Most-Stralsund-300x225.jpg\" alt=\"Most Stralsund\" width=\"300\" height=\"225\" srcset=\"https:\/\/pluskata.pl\/www\/wp-content\/uploads\/2022\/05\/Most-Stralsund-300x225.jpg 300w, https:\/\/pluskata.pl\/www\/wp-content\/uploads\/2022\/05\/Most-Stralsund-1024x767.jpg 1024w, https:\/\/pluskata.pl\/www\/wp-content\/uploads\/2022\/05\/Most-Stralsund-768x575.jpg 768w, https:\/\/pluskata.pl\/www\/wp-content\/uploads\/2022\/05\/Most-Stralsund-1536x1151.jpg 1536w, https:\/\/pluskata.pl\/www\/wp-content\/uploads\/2022\/05\/Most-Stralsund-2048x1535.jpg 2048w, https:\/\/pluskata.pl\/www\/wp-content\/uploads\/2022\/05\/Most-Stralsund-150x112.jpg 150w\" sizes=\"auto, (max-width: 300px) 100vw, 300px\" \/><\/a><\/p>\n<p>Przep\u0142ywamy pod mostami (ten drugi ma 40m wysoko\u015bci i nie jest zwodzony) i cumujemy w marinie. Zaraz po zacumowaniu przychodzi do nas hafenmajster i pobiera op\u0142at\u0119, dziwi si\u0119, \u017ce chcemy wyj\u015b\u0107 jeszcze tego samego dnia, wi\u0119c dostajemy zni\u017ck\u0119 na post\u00f3j &#8211; nie ma w cenniku postoju na kilka godzin. Po kr\u00f3tkim klarze na jachcie idziemy zwiedza\u0107 miasto.<\/p>\n<p><a href=\"https:\/\/pluskata.pl\/www\/pl\/rejsy-2022\/ze-swinoujscia-do-kilonii-13-22-05-2022\/stralsund-oceanarum\/\"><img loading=\"lazy\" decoding=\"async\" class=\"alignnone wp-image-1749 size-medium\" src=\"https:\/\/pluskata.pl\/www\/wp-content\/uploads\/2022\/05\/Stralsund-Oceanarum-300x225.jpg\" alt=\"Stralsund Oceanatum\" width=\"300\" height=\"225\" srcset=\"https:\/\/pluskata.pl\/www\/wp-content\/uploads\/2022\/05\/Stralsund-Oceanarum-300x225.jpg 300w, https:\/\/pluskata.pl\/www\/wp-content\/uploads\/2022\/05\/Stralsund-Oceanarum-1024x768.jpg 1024w, https:\/\/pluskata.pl\/www\/wp-content\/uploads\/2022\/05\/Stralsund-Oceanarum-768x576.jpg 768w, https:\/\/pluskata.pl\/www\/wp-content\/uploads\/2022\/05\/Stralsund-Oceanarum-1536x1152.jpg 1536w, https:\/\/pluskata.pl\/www\/wp-content\/uploads\/2022\/05\/Stralsund-Oceanarum-2048x1536.jpg 2048w, https:\/\/pluskata.pl\/www\/wp-content\/uploads\/2022\/05\/Stralsund-Oceanarum-150x113.jpg 150w\" sizes=\"auto, (max-width: 300px) 100vw, 300px\" \/><\/a>\u00a0 <a href=\"https:\/\/pluskata.pl\/www\/pl\/rejsy-2022\/ze-swinoujscia-do-kilonii-13-22-05-2022\/stralsund-knajpa\/\"><img loading=\"lazy\" decoding=\"async\" class=\"alignnone wp-image-1748 size-medium\" src=\"https:\/\/pluskata.pl\/www\/wp-content\/uploads\/2022\/05\/Stralsund-knajpa-300x225.jpg\" alt=\"Stralsund knajpa\" width=\"300\" height=\"225\" srcset=\"https:\/\/pluskata.pl\/www\/wp-content\/uploads\/2022\/05\/Stralsund-knajpa-300x225.jpg 300w, https:\/\/pluskata.pl\/www\/wp-content\/uploads\/2022\/05\/Stralsund-knajpa-1024x768.jpg 1024w, https:\/\/pluskata.pl\/www\/wp-content\/uploads\/2022\/05\/Stralsund-knajpa-768x576.jpg 768w, https:\/\/pluskata.pl\/www\/wp-content\/uploads\/2022\/05\/Stralsund-knajpa-1536x1152.jpg 1536w, https:\/\/pluskata.pl\/www\/wp-content\/uploads\/2022\/05\/Stralsund-knajpa-2048x1536.jpg 2048w, https:\/\/pluskata.pl\/www\/wp-content\/uploads\/2022\/05\/Stralsund-knajpa-150x113.jpg 150w\" sizes=\"auto, (max-width: 300px) 100vw, 300px\" \/><\/a>\u00a0 <a href=\"https:\/\/pluskata.pl\/www\/pl\/rejsy-2022\/ze-swinoujscia-do-kilonii-13-22-05-2022\/stralsund-gorsfock\/\"><img loading=\"lazy\" decoding=\"async\" class=\"alignnone wp-image-1747 size-medium\" src=\"https:\/\/pluskata.pl\/www\/wp-content\/uploads\/2022\/05\/Stralsund-Gorsfock-300x225.jpg\" alt=\"Stralsund Gorsfock\" width=\"300\" height=\"225\" srcset=\"https:\/\/pluskata.pl\/www\/wp-content\/uploads\/2022\/05\/Stralsund-Gorsfock-300x225.jpg 300w, https:\/\/pluskata.pl\/www\/wp-content\/uploads\/2022\/05\/Stralsund-Gorsfock-1024x767.jpg 1024w, https:\/\/pluskata.pl\/www\/wp-content\/uploads\/2022\/05\/Stralsund-Gorsfock-768x575.jpg 768w, https:\/\/pluskata.pl\/www\/wp-content\/uploads\/2022\/05\/Stralsund-Gorsfock-1536x1151.jpg 1536w, https:\/\/pluskata.pl\/www\/wp-content\/uploads\/2022\/05\/Stralsund-Gorsfock-2048x1535.jpg 2048w, https:\/\/pluskata.pl\/www\/wp-content\/uploads\/2022\/05\/Stralsund-Gorsfock-150x112.jpg 150w\" sizes=\"auto, (max-width: 300px) 100vw, 300px\" \/><\/a><\/p>\n<p>W planie Ratusz, Rynek Starego miasta i Gorsh Fok (stary \u017caglowiec). Realizujemy plan zwiedzania w 100% wi\u0119c w nagrod\u0119 wst\u0119pujemy na lody i po 2,5 godziny wracamy ja jacht. O 19:10 wychodzimy w morze. P\u0142yniemy w\u0105skim kana\u0142em, po drodze wida\u0107 chodz\u0105ce po piaszczystych \u0142achach ptaki, ca\u0142a zatoka to rezerwat ptak\u00f3w. Wychodzimy na otwarte morze, ale wiatr osi\u0105ga pr\u0119dko\u015b\u0107 3kn, wi\u0119c troch\u0119 za ma\u0142o na postawienie \u017cagli.<\/p>\n<p><strong>16-05-2022 poniedzia\u0142ek Warnem\u00fcde<\/strong><br \/>\nNad ranem jeszcze przed wschodem s\u0142o\u0144ca ogl\u0105damy za\u0107mienie ksi\u0119\u017cyca. Potem przed podej\u015bciem do Warnem\u00fcnde p\u0142ynie z nami foka.<\/p>\n<p><a href=\"https:\/\/pluskata.pl\/www\/pl\/rejsy-2022\/ze-swinoujscia-do-kilonii-13-22-05-2022\/zacmienie-ksiezyca\/\"><img loading=\"lazy\" decoding=\"async\" class=\"alignnone wp-image-1769 size-medium\" src=\"https:\/\/pluskata.pl\/www\/wp-content\/uploads\/2022\/05\/Zacmienie-ksiezyca-300x200.jpg\" alt=\"Zacmienie ksiezyca\" width=\"300\" height=\"200\" srcset=\"https:\/\/pluskata.pl\/www\/wp-content\/uploads\/2022\/05\/Zacmienie-ksiezyca-300x200.jpg 300w, https:\/\/pluskata.pl\/www\/wp-content\/uploads\/2022\/05\/Zacmienie-ksiezyca-1024x682.jpg 1024w, https:\/\/pluskata.pl\/www\/wp-content\/uploads\/2022\/05\/Zacmienie-ksiezyca-768x512.jpg 768w, https:\/\/pluskata.pl\/www\/wp-content\/uploads\/2022\/05\/Zacmienie-ksiezyca-1536x1024.jpg 1536w\" sizes=\"auto, (max-width: 300px) 100vw, 300px\" \/><\/a>\u00a0 <a href=\"https:\/\/pluskata.pl\/www\/pl\/rejsy-2022\/ze-swinoujscia-do-kilonii-13-22-05-2022\/wschod-slonca\/\"><img loading=\"lazy\" decoding=\"async\" class=\"alignnone wp-image-1768 size-medium\" src=\"https:\/\/pluskata.pl\/www\/wp-content\/uploads\/2022\/05\/Wschod-slonca-300x200.jpg\" alt=\"Wsch\u00f3d s\u0142o\u0144ca\" width=\"300\" height=\"200\" srcset=\"https:\/\/pluskata.pl\/www\/wp-content\/uploads\/2022\/05\/Wschod-slonca-300x200.jpg 300w, https:\/\/pluskata.pl\/www\/wp-content\/uploads\/2022\/05\/Wschod-slonca-1024x683.jpg 1024w, https:\/\/pluskata.pl\/www\/wp-content\/uploads\/2022\/05\/Wschod-slonca-768x512.jpg 768w, https:\/\/pluskata.pl\/www\/wp-content\/uploads\/2022\/05\/Wschod-slonca-1536x1024.jpg 1536w, https:\/\/pluskata.pl\/www\/wp-content\/uploads\/2022\/05\/Wschod-slonca-2048x1365.jpg 2048w, https:\/\/pluskata.pl\/www\/wp-content\/uploads\/2022\/05\/Wschod-slonca-150x100.jpg 150w\" sizes=\"auto, (max-width: 300px) 100vw, 300px\" \/><\/a><\/p>\n<p>O 9:20 dop\u0142ywamy do Warnem\u00fcnde i cumujemy w marinie Alter Strom na rzece. Najpierw pr\u00f3bujemy wjecha\u0107 w dalby, ale dalby nawet nie dochodz\u0105 do want, wi\u0119c si\u0119 wycofujemy i stajemy longside bli\u017cej wej\u015bcia do portu. Jaki\u015b mi\u0142y cz\u0142owiek odbiera od nas cumy. Hafenmajster po \u015bci\u0105gni\u0119ciu go telefonem pojawia si\u0119 w baraku, kt\u00f3ry jest tymczasowym biurem. W cenie postoju pr\u0105d i woda, dost\u0119p do toalet i prysznic\u00f3w z ciep\u0142\u0105 wod\u0105. Mo\u017cna p\u0142aci\u0107 kart\u0105.<\/p>\n<p><a href=\"https:\/\/pluskata.pl\/www\/pl\/rejsy-2022\/ze-swinoujscia-do-kilonii-13-22-05-2022\/warnemunde-biuro\/\"><img loading=\"lazy\" decoding=\"async\" class=\"alignnone wp-image-1755 size-medium\" src=\"https:\/\/pluskata.pl\/www\/wp-content\/uploads\/2022\/05\/Warnemunde-biuro-300x200.jpg\" alt=\"Warnemunde biuro\" width=\"300\" height=\"200\" srcset=\"https:\/\/pluskata.pl\/www\/wp-content\/uploads\/2022\/05\/Warnemunde-biuro-300x200.jpg 300w, https:\/\/pluskata.pl\/www\/wp-content\/uploads\/2022\/05\/Warnemunde-biuro-1024x682.jpg 1024w, https:\/\/pluskata.pl\/www\/wp-content\/uploads\/2022\/05\/Warnemunde-biuro-768x512.jpg 768w, https:\/\/pluskata.pl\/www\/wp-content\/uploads\/2022\/05\/Warnemunde-biuro-1536x1023.jpg 1536w\" sizes=\"auto, (max-width: 300px) 100vw, 300px\" \/><\/a>\u00a0 <a href=\"https:\/\/pluskata.pl\/www\/pl\/rejsy-2022\/ze-swinoujscia-do-kilonii-13-22-05-2022\/warnemunde\/\"><img loading=\"lazy\" decoding=\"async\" class=\"alignnone wp-image-1754 size-medium\" src=\"https:\/\/pluskata.pl\/www\/wp-content\/uploads\/2022\/05\/Warnemunde-300x200.jpg\" alt=\"Warnemunde\" width=\"300\" height=\"200\" srcset=\"https:\/\/pluskata.pl\/www\/wp-content\/uploads\/2022\/05\/Warnemunde-300x200.jpg 300w, https:\/\/pluskata.pl\/www\/wp-content\/uploads\/2022\/05\/Warnemunde-1024x682.jpg 1024w, https:\/\/pluskata.pl\/www\/wp-content\/uploads\/2022\/05\/Warnemunde-768x512.jpg 768w, https:\/\/pluskata.pl\/www\/wp-content\/uploads\/2022\/05\/Warnemunde-1536x1023.jpg 1536w, https:\/\/pluskata.pl\/www\/wp-content\/uploads\/2022\/05\/Warnemunde-2048x1365.jpg 2048w, https:\/\/pluskata.pl\/www\/wp-content\/uploads\/2022\/05\/Warnemunde-150x100.jpg 150w\" sizes=\"auto, (max-width: 300px) 100vw, 300px\" \/><\/a>\u00a0 <a href=\"https:\/\/pluskata.pl\/www\/pl\/rejsy-2022\/ze-swinoujscia-do-kilonii-13-22-05-2022\/warnemunde-statek-wycieczkowy\/\"><img loading=\"lazy\" decoding=\"async\" class=\"alignnone wp-image-1757 size-medium\" src=\"https:\/\/pluskata.pl\/www\/wp-content\/uploads\/2022\/05\/Warnemunde-statek-wycieczkowy-300x200.jpg\" alt=\"Warnemunde statek wycieczkowy\" width=\"300\" height=\"200\" srcset=\"https:\/\/pluskata.pl\/www\/wp-content\/uploads\/2022\/05\/Warnemunde-statek-wycieczkowy-300x200.jpg 300w, https:\/\/pluskata.pl\/www\/wp-content\/uploads\/2022\/05\/Warnemunde-statek-wycieczkowy-1024x684.jpg 1024w, https:\/\/pluskata.pl\/www\/wp-content\/uploads\/2022\/05\/Warnemunde-statek-wycieczkowy-768x513.jpg 768w, https:\/\/pluskata.pl\/www\/wp-content\/uploads\/2022\/05\/Warnemunde-statek-wycieczkowy-1536x1026.jpg 1536w\" sizes=\"auto, (max-width: 300px) 100vw, 300px\" \/><\/a>\u00a0 <a href=\"https:\/\/pluskata.pl\/www\/pl\/rejsy-2022\/ze-swinoujscia-do-kilonii-13-22-05-2022\/mewa\/\"><img loading=\"lazy\" decoding=\"async\" class=\"alignnone wp-image-1736 size-medium\" src=\"https:\/\/pluskata.pl\/www\/wp-content\/uploads\/2022\/05\/Mewa-300x200.jpg\" alt=\"Mewa\" width=\"300\" height=\"200\" srcset=\"https:\/\/pluskata.pl\/www\/wp-content\/uploads\/2022\/05\/Mewa-300x200.jpg 300w, https:\/\/pluskata.pl\/www\/wp-content\/uploads\/2022\/05\/Mewa-1024x683.jpg 1024w, https:\/\/pluskata.pl\/www\/wp-content\/uploads\/2022\/05\/Mewa-768x512.jpg 768w, https:\/\/pluskata.pl\/www\/wp-content\/uploads\/2022\/05\/Mewa-1536x1024.jpg 1536w\" sizes=\"auto, (max-width: 300px) 100vw, 300px\" \/><\/a><br \/>\nRuszamy do Rostocku S-banem. Wszystko to strefa Rostock, bilet z 1 przesiadk\u0105 kosztuje 2,4\u20ac. S-ban z okazji remontu mostu nie doje\u017cd\u017ca do centrum, wi\u0119c musimy przesi\u0105\u015b\u0107 si\u0119 w tramwaj. Jest poniedzia\u0142ek, wi\u0119c wszystkie muzea s\u0105 pozamykane. W komunikacji i w miejscach zwi\u0105zanych z medycyn\u0105 (przychodnie, apteki itp.) obowi\u0105zuje nakaz noszenia maseczek, ale nie musz\u0105 by\u0107 FFP2. Na li\u015bcie do zwiedzenia jest Stare Miasto, Plac Uniwersytecki, mury obronne, ratusz, ko\u015bci\u00f3\u0142 mariacki z zegarem astronomicznym.<\/p>\n<p><a href=\"https:\/\/pluskata.pl\/www\/pl\/rejsy-2022\/ze-swinoujscia-do-kilonii-13-22-05-2022\/rostock-uniwersytet\/\"><img loading=\"lazy\" decoding=\"async\" class=\"alignnone wp-image-1744 size-medium\" src=\"https:\/\/pluskata.pl\/www\/wp-content\/uploads\/2022\/05\/Rostock-uniwersytet-300x200.jpg\" alt=\"Rostock uniwersytet\" width=\"300\" height=\"200\" srcset=\"https:\/\/pluskata.pl\/www\/wp-content\/uploads\/2022\/05\/Rostock-uniwersytet-300x200.jpg 300w, https:\/\/pluskata.pl\/www\/wp-content\/uploads\/2022\/05\/Rostock-uniwersytet-1024x683.jpg 1024w, https:\/\/pluskata.pl\/www\/wp-content\/uploads\/2022\/05\/Rostock-uniwersytet-768x512.jpg 768w, https:\/\/pluskata.pl\/www\/wp-content\/uploads\/2022\/05\/Rostock-uniwersytet-1536x1025.jpg 1536w\" sizes=\"auto, (max-width: 300px) 100vw, 300px\" \/><\/a>\u00a0 <a href=\"https:\/\/pluskata.pl\/www\/pl\/rejsy-2022\/ze-swinoujscia-do-kilonii-13-22-05-2022\/rostock-fontanna\/\"><img loading=\"lazy\" decoding=\"async\" class=\"alignnone wp-image-1741 size-medium\" src=\"https:\/\/pluskata.pl\/www\/wp-content\/uploads\/2022\/05\/Rostock-fontanna-300x200.jpg\" alt=\"Rostock fontanna\" width=\"300\" height=\"200\" srcset=\"https:\/\/pluskata.pl\/www\/wp-content\/uploads\/2022\/05\/Rostock-fontanna-300x200.jpg 300w, https:\/\/pluskata.pl\/www\/wp-content\/uploads\/2022\/05\/Rostock-fontanna-1024x683.jpg 1024w, https:\/\/pluskata.pl\/www\/wp-content\/uploads\/2022\/05\/Rostock-fontanna-768x512.jpg 768w, https:\/\/pluskata.pl\/www\/wp-content\/uploads\/2022\/05\/Rostock-fontanna-1536x1024.jpg 1536w, https:\/\/pluskata.pl\/www\/wp-content\/uploads\/2022\/05\/Rostock-fontanna-2048x1365.jpg 2048w, https:\/\/pluskata.pl\/www\/wp-content\/uploads\/2022\/05\/Rostock-fontanna-150x100.jpg 150w\" sizes=\"auto, (max-width: 300px) 100vw, 300px\" \/><\/a>\u00a0 <a href=\"https:\/\/pluskata.pl\/www\/pl\/rejsy-2022\/ze-swinoujscia-do-kilonii-13-22-05-2022\/rostock-ratusz\/\"><img loading=\"lazy\" decoding=\"async\" class=\"alignnone wp-image-1743 size-medium\" src=\"https:\/\/pluskata.pl\/www\/wp-content\/uploads\/2022\/05\/Rostock-ratusz-300x200.jpg\" alt=\"Rostock ratusz\" width=\"300\" height=\"200\" srcset=\"https:\/\/pluskata.pl\/www\/wp-content\/uploads\/2022\/05\/Rostock-ratusz-300x200.jpg 300w, https:\/\/pluskata.pl\/www\/wp-content\/uploads\/2022\/05\/Rostock-ratusz-1024x682.jpg 1024w, https:\/\/pluskata.pl\/www\/wp-content\/uploads\/2022\/05\/Rostock-ratusz-768x511.jpg 768w, https:\/\/pluskata.pl\/www\/wp-content\/uploads\/2022\/05\/Rostock-ratusz-1536x1023.jpg 1536w, https:\/\/pluskata.pl\/www\/wp-content\/uploads\/2022\/05\/Rostock-ratusz-2048x1364.jpg 2048w, https:\/\/pluskata.pl\/www\/wp-content\/uploads\/2022\/05\/Rostock-ratusz-150x100.jpg 150w\" sizes=\"auto, (max-width: 300px) 100vw, 300px\" \/><\/a>\u00a0 <a href=\"https:\/\/pluskata.pl\/www\/pl\/rejsy-2022\/ze-swinoujscia-do-kilonii-13-22-05-2022\/rostock-kosciol\/\"><img loading=\"lazy\" decoding=\"async\" class=\"alignnone wp-image-1742 size-medium\" src=\"https:\/\/pluskata.pl\/www\/wp-content\/uploads\/2022\/05\/Rostock-kosciol-300x200.jpg\" alt=\"Rostock ko\u015bci\u00f3\u0142\" width=\"300\" height=\"200\" srcset=\"https:\/\/pluskata.pl\/www\/wp-content\/uploads\/2022\/05\/Rostock-kosciol-300x200.jpg 300w, https:\/\/pluskata.pl\/www\/wp-content\/uploads\/2022\/05\/Rostock-kosciol-1024x683.jpg 1024w, https:\/\/pluskata.pl\/www\/wp-content\/uploads\/2022\/05\/Rostock-kosciol-768x513.jpg 768w, https:\/\/pluskata.pl\/www\/wp-content\/uploads\/2022\/05\/Rostock-kosciol-1536x1025.jpg 1536w\" sizes=\"auto, (max-width: 300px) 100vw, 300px\" \/><\/a>\u00a0 <a href=\"https:\/\/pluskata.pl\/www\/pl\/rejsy-2022\/ze-swinoujscia-do-kilonii-13-22-05-2022\/rostock-ambona\/\"><img loading=\"lazy\" decoding=\"async\" class=\"alignnone wp-image-1740 size-medium\" src=\"https:\/\/pluskata.pl\/www\/wp-content\/uploads\/2022\/05\/Rostock-ambona-300x200.jpg\" alt=\"Rostock ambona\" width=\"300\" height=\"200\" srcset=\"https:\/\/pluskata.pl\/www\/wp-content\/uploads\/2022\/05\/Rostock-ambona-300x200.jpg 300w, https:\/\/pluskata.pl\/www\/wp-content\/uploads\/2022\/05\/Rostock-ambona-1024x682.jpg 1024w, https:\/\/pluskata.pl\/www\/wp-content\/uploads\/2022\/05\/Rostock-ambona-768x512.jpg 768w, https:\/\/pluskata.pl\/www\/wp-content\/uploads\/2022\/05\/Rostock-ambona-1536x1023.jpg 1536w\" sizes=\"auto, (max-width: 300px) 100vw, 300px\" \/><\/a>\u00a0 <a href=\"https:\/\/pluskata.pl\/www\/pl\/rejsy-2022\/ze-swinoujscia-do-kilonii-13-22-05-2022\/rostock-zegar\/\"><img loading=\"lazy\" decoding=\"async\" class=\"alignnone wp-image-1745 size-medium\" src=\"https:\/\/pluskata.pl\/www\/wp-content\/uploads\/2022\/05\/Rostock-zegar-300x200.jpg\" alt=\"Rostock zegar\" width=\"300\" height=\"200\" srcset=\"https:\/\/pluskata.pl\/www\/wp-content\/uploads\/2022\/05\/Rostock-zegar-300x200.jpg 300w, https:\/\/pluskata.pl\/www\/wp-content\/uploads\/2022\/05\/Rostock-zegar-1024x683.jpg 1024w, https:\/\/pluskata.pl\/www\/wp-content\/uploads\/2022\/05\/Rostock-zegar-768x512.jpg 768w, https:\/\/pluskata.pl\/www\/wp-content\/uploads\/2022\/05\/Rostock-zegar-1536x1024.jpg 1536w, https:\/\/pluskata.pl\/www\/wp-content\/uploads\/2022\/05\/Rostock-zegar-2048x1365.jpg 2048w, https:\/\/pluskata.pl\/www\/wp-content\/uploads\/2022\/05\/Rostock-zegar-150x100.jpg 150w\" sizes=\"auto, (max-width: 300px) 100vw, 300px\" \/><\/a><br \/>\nW Warnem\u00fcnde tradycyjnie idziemy na lody i wracamy na jacht na kaw\u0119 i drzemk\u0119. Oko\u0142o 17 wychodzimy na spacer po mie\u015bcie, idziemy na pla\u017c\u0119, ogl\u0105damy latarni\u0119 morsk\u0105 (niestety tylko z zewn\u0105trz, bo jeste\u015bmy ju\u017c za p\u00f3\u017ano na wej\u015bcie do \u015brodka) i podziwiamy bardzo sympatyczn\u0105 miejscowo\u015b\u0107 letniskow\u0105 (teraz to dzielnica Rostocku).<\/p>\n<p><strong>17-05-2022 wtorek Wismar<br \/>\n<\/strong><br \/>\nWstajemy przed 8 rano, tankujemy wod\u0119, a potem idziemy na \u015bniadanie do pobliskiej \u201e\u015bniadaniowni\u201d (ko\u0142o latarni morskiej). Bierzemy \u015bniadanie ameryka\u0144skie czyli jajecznic\u0119 na boczku, bu\u0142eczk\u0119 i nale\u015bniki z syropem klonowym, i \u015bniadanie de-lux czyli 2 tosty z jajkami sadzonymi z bekonem, do tego sa\u0142atka. Wszyscy bior\u0105 te\u017c kaw\u0119.<\/p>\n<p><a href=\"https:\/\/pluskata.pl\/www\/pl\/rejsy-2022\/ze-swinoujscia-do-kilonii-13-22-05-2022\/sniadanie\/\"><img loading=\"lazy\" decoding=\"async\" class=\"alignnone wp-image-1746 size-medium\" src=\"https:\/\/pluskata.pl\/www\/wp-content\/uploads\/2022\/05\/Sniadanie-300x200.jpg\" alt=\"\u015aniadanie\" width=\"300\" height=\"200\" srcset=\"https:\/\/pluskata.pl\/www\/wp-content\/uploads\/2022\/05\/Sniadanie-300x200.jpg 300w, https:\/\/pluskata.pl\/www\/wp-content\/uploads\/2022\/05\/Sniadanie-1024x683.jpg 1024w, https:\/\/pluskata.pl\/www\/wp-content\/uploads\/2022\/05\/Sniadanie-768x512.jpg 768w\" sizes=\"auto, (max-width: 300px) 100vw, 300px\" \/><\/a>\u00a0 <a href=\"https:\/\/pluskata.pl\/www\/pl\/rejsy-2022\/ze-swinoujscia-do-kilonii-13-22-05-2022\/warnemunde-latarnia\/\"><img loading=\"lazy\" decoding=\"async\" class=\"alignnone wp-image-1756 size-medium\" src=\"https:\/\/pluskata.pl\/www\/wp-content\/uploads\/2022\/05\/Warnemunde-latarnia-300x200.jpg\" alt=\"Warnemunde latarnia\" width=\"300\" height=\"200\" srcset=\"https:\/\/pluskata.pl\/www\/wp-content\/uploads\/2022\/05\/Warnemunde-latarnia-300x200.jpg 300w, https:\/\/pluskata.pl\/www\/wp-content\/uploads\/2022\/05\/Warnemunde-latarnia-1024x682.jpg 1024w, https:\/\/pluskata.pl\/www\/wp-content\/uploads\/2022\/05\/Warnemunde-latarnia-768x512.jpg 768w, https:\/\/pluskata.pl\/www\/wp-content\/uploads\/2022\/05\/Warnemunde-latarnia-1536x1023.jpg 1536w, https:\/\/pluskata.pl\/www\/wp-content\/uploads\/2022\/05\/Warnemunde-latarnia-2048x1364.jpg 2048w, https:\/\/pluskata.pl\/www\/wp-content\/uploads\/2022\/05\/Warnemunde-latarnia-150x100.jpg 150w\" sizes=\"auto, (max-width: 300px) 100vw, 300px\" \/><\/a><br \/>\nPo \u015bniadaniu wchodzimy do latarni morskiej (mo\u017cna j\u0105 ju\u017c zwiedza\u0107 10-19, ale ostatnie wej\u015bcie 18:30) Cena biletu 2\u20ac osoba. Przy kasie spotykamy sympatycznego pana, kt\u00f3ry jest b\u0105d\u017a by\u0142 kapitanem statk\u00f3w wycieczkowych. Z latarni rozci\u0105ga si\u0119 pi\u0119kny widok na port i okolice. Schodzimy na d\u00f3\u0142, kr\u00f3tkie ogarni\u0119cie i o 11:40 wyp\u0142ywamy. Wieje 2-3B z NE wi\u0119c p\u0142yniemy baksztagiem z pr\u0119dko\u015bci\u0105 6,5kn. Obiad jemy na wodzie \u2013 szpecle (lane kluski z sosem i pieczarkami). Po obiedzie kawa. Oko\u0142o 17 dop\u0142ywamy do zatoki wismarskiej i wiatr si\u0119 ko\u0144czy, wi\u0119c ostatni odcinek p\u0142yniemy na silniku. Do Wismaru dop\u0142ywamy o 19:20 do mariny Westhafen. Hafenmajster jest codziennie od 9 do 10. Za marin\u0119 mo\u017cna zap\u0142aci\u0107 wk\u0142adaj\u0105c pieni\u0105dze do odpowiedniej koperty i wrzucaj\u0105c do skrzynki poza godzinami pracy Hafenmajstra. W kopercie jest cennik i miejsce na nazw\u0119 jachtu.<\/p>\n<p><strong>18-05-2022 \u015broda Wismar<\/strong><br \/>\nPo \u015bniadaniu p\u0142ac\u0119 za marin\u0119 &#8211; w op\u0142acie jest pr\u0105d i woda, prysznic dodatkowo p\u0142atny 0,5\u20ac. Potem idziemy zwiedza\u0107 Wismar wg planiku kt\u00f3ry dosta\u0142am w biurze mariny.<br \/>\nOgl\u0105damy stare miasto, 3 ko\u015bcio\u0142y, studni\u0119, most \u015bwi\u0144, bram\u0119 wodn\u0105, \u015bliczne uliczki.<\/p>\n<p><img loading=\"lazy\" decoding=\"async\" class=\"alignnone size-medium wp-image-1758\" src=\"https:\/\/pluskata.pl\/www\/wp-content\/uploads\/2022\/05\/Wismar-300x200.jpg\" alt=\"Wismar\" width=\"300\" height=\"200\" srcset=\"https:\/\/pluskata.pl\/www\/wp-content\/uploads\/2022\/05\/Wismar-300x200.jpg 300w, https:\/\/pluskata.pl\/www\/wp-content\/uploads\/2022\/05\/Wismar-1024x683.jpg 1024w, https:\/\/pluskata.pl\/www\/wp-content\/uploads\/2022\/05\/Wismar-768x512.jpg 768w, https:\/\/pluskata.pl\/www\/wp-content\/uploads\/2022\/05\/Wismar-1536x1024.jpg 1536w, https:\/\/pluskata.pl\/www\/wp-content\/uploads\/2022\/05\/Wismar-2048x1365.jpg 2048w, https:\/\/pluskata.pl\/www\/wp-content\/uploads\/2022\/05\/Wismar-150x100.jpg 150w\" sizes=\"auto, (max-width: 300px) 100vw, 300px\" \/>\u00a0 <img loading=\"lazy\" decoding=\"async\" class=\"alignnone size-medium wp-image-1759\" src=\"https:\/\/pluskata.pl\/www\/wp-content\/uploads\/2022\/05\/Wismar-1-300x200.jpg\" alt=\"Wismar\" width=\"300\" height=\"200\" srcset=\"https:\/\/pluskata.pl\/www\/wp-content\/uploads\/2022\/05\/Wismar-1-300x200.jpg 300w, https:\/\/pluskata.pl\/www\/wp-content\/uploads\/2022\/05\/Wismar-1-1024x682.jpg 1024w, https:\/\/pluskata.pl\/www\/wp-content\/uploads\/2022\/05\/Wismar-1-768x512.jpg 768w\" sizes=\"auto, (max-width: 300px) 100vw, 300px\" \/>\u00a0 <img loading=\"lazy\" decoding=\"async\" class=\"alignnone size-medium wp-image-1760\" src=\"https:\/\/pluskata.pl\/www\/wp-content\/uploads\/2022\/05\/Wismar-brama-wodna-300x200.jpg\" alt=\"Wismar brama wodna\" width=\"300\" height=\"200\" srcset=\"https:\/\/pluskata.pl\/www\/wp-content\/uploads\/2022\/05\/Wismar-brama-wodna-300x200.jpg 300w, https:\/\/pluskata.pl\/www\/wp-content\/uploads\/2022\/05\/Wismar-brama-wodna-1024x682.jpg 1024w, https:\/\/pluskata.pl\/www\/wp-content\/uploads\/2022\/05\/Wismar-brama-wodna-768x512.jpg 768w, https:\/\/pluskata.pl\/www\/wp-content\/uploads\/2022\/05\/Wismar-brama-wodna-1536x1023.jpg 1536w, https:\/\/pluskata.pl\/www\/wp-content\/uploads\/2022\/05\/Wismar-brama-wodna-2048x1365.jpg 2048w, https:\/\/pluskata.pl\/www\/wp-content\/uploads\/2022\/05\/Wismar-brama-wodna-150x100.jpg 150w\" sizes=\"auto, (max-width: 300px) 100vw, 300px\" \/>\u00a0 <img loading=\"lazy\" decoding=\"async\" class=\"alignnone size-medium wp-image-1766\" src=\"https:\/\/pluskata.pl\/www\/wp-content\/uploads\/2022\/05\/Wismar-rynek-300x200.jpg\" alt=\"Wismar rynek\" width=\"300\" height=\"200\" srcset=\"https:\/\/pluskata.pl\/www\/wp-content\/uploads\/2022\/05\/Wismar-rynek-300x200.jpg 300w, https:\/\/pluskata.pl\/www\/wp-content\/uploads\/2022\/05\/Wismar-rynek-1024x683.jpg 1024w, https:\/\/pluskata.pl\/www\/wp-content\/uploads\/2022\/05\/Wismar-rynek-768x512.jpg 768w, https:\/\/pluskata.pl\/www\/wp-content\/uploads\/2022\/05\/Wismar-rynek-1536x1024.jpg 1536w, https:\/\/pluskata.pl\/www\/wp-content\/uploads\/2022\/05\/Wismar-rynek-2048x1365.jpg 2048w, https:\/\/pluskata.pl\/www\/wp-content\/uploads\/2022\/05\/Wismar-rynek-150x100.jpg 150w\" sizes=\"auto, (max-width: 300px) 100vw, 300px\" \/>\u00a0 <img loading=\"lazy\" decoding=\"async\" class=\"alignnone size-medium wp-image-1761\" src=\"https:\/\/pluskata.pl\/www\/wp-content\/uploads\/2022\/05\/Wismar-fontanna-300x200.jpg\" alt=\"Wismar fontanna\" width=\"300\" height=\"200\" srcset=\"https:\/\/pluskata.pl\/www\/wp-content\/uploads\/2022\/05\/Wismar-fontanna-300x200.jpg 300w, https:\/\/pluskata.pl\/www\/wp-content\/uploads\/2022\/05\/Wismar-fontanna-1024x681.jpg 1024w, https:\/\/pluskata.pl\/www\/wp-content\/uploads\/2022\/05\/Wismar-fontanna-768x511.jpg 768w, https:\/\/pluskata.pl\/www\/wp-content\/uploads\/2022\/05\/Wismar-fontanna-1536x1022.jpg 1536w\" sizes=\"auto, (max-width: 300px) 100vw, 300px\" \/>\u00a0 <img loading=\"lazy\" decoding=\"async\" class=\"alignnone size-medium wp-image-1764\" src=\"https:\/\/pluskata.pl\/www\/wp-content\/uploads\/2022\/05\/Wismar-kosciol-sw-Mikolaja-300x200.jpg\" alt=\"Wismar ko\u015bcio\u0142 \u015bw Miko\u0142aja\" width=\"300\" height=\"200\" srcset=\"https:\/\/pluskata.pl\/www\/wp-content\/uploads\/2022\/05\/Wismar-kosciol-sw-Mikolaja-300x200.jpg 300w, https:\/\/pluskata.pl\/www\/wp-content\/uploads\/2022\/05\/Wismar-kosciol-sw-Mikolaja-1024x683.jpg 1024w, https:\/\/pluskata.pl\/www\/wp-content\/uploads\/2022\/05\/Wismar-kosciol-sw-Mikolaja-768x512.jpg 768w, https:\/\/pluskata.pl\/www\/wp-content\/uploads\/2022\/05\/Wismar-kosciol-sw-Mikolaja-1536x1024.jpg 1536w, https:\/\/pluskata.pl\/www\/wp-content\/uploads\/2022\/05\/Wismar-kosciol-sw-Mikolaja-2048x1365.jpg 2048w, https:\/\/pluskata.pl\/www\/wp-content\/uploads\/2022\/05\/Wismar-kosciol-sw-Mikolaja-150x100.jpg 150w\" sizes=\"auto, (max-width: 300px) 100vw, 300px\" \/>\u00a0 <img loading=\"lazy\" decoding=\"async\" class=\"alignnone size-medium wp-image-1762\" src=\"https:\/\/pluskata.pl\/www\/wp-content\/uploads\/2022\/05\/Wismar-koncert-300x200.jpg\" alt=\"Wismar koncert\" width=\"300\" height=\"200\" srcset=\"https:\/\/pluskata.pl\/www\/wp-content\/uploads\/2022\/05\/Wismar-koncert-300x200.jpg 300w, https:\/\/pluskata.pl\/www\/wp-content\/uploads\/2022\/05\/Wismar-koncert-1024x682.jpg 1024w, https:\/\/pluskata.pl\/www\/wp-content\/uploads\/2022\/05\/Wismar-koncert-768x512.jpg 768w, https:\/\/pluskata.pl\/www\/wp-content\/uploads\/2022\/05\/Wismar-koncert-1536x1023.jpg 1536w, https:\/\/pluskata.pl\/www\/wp-content\/uploads\/2022\/05\/Wismar-koncert-2048x1365.jpg 2048w, https:\/\/pluskata.pl\/www\/wp-content\/uploads\/2022\/05\/Wismar-koncert-150x100.jpg 150w\" sizes=\"auto, (max-width: 300px) 100vw, 300px\" \/><\/p>\n<p>Wst\u0119pujemy na loty do lodziarni tej co wczoraj i wracamy na jacht.<br \/>\nW jachcie jest ciep\u0142o, wi\u0119c Tomek montuje nawiew do okienka \u2013 dzia\u0142a genialnie.<\/p>\n<p><strong>19-05-2022 czwartek Burgstaaken<\/strong><br \/>\nWychodzimy o 9:05 oczywi\u015bcie po \u015bniadaniu i kawie. Z Wismaru razem z nami rusza 5 jacht\u00f3w \u2013 najpierw p\u0142yniemy razem przez Zatok\u0119 Wismarsk\u0105, a potem rozje\u017cd\u017camy si\u0119 po Zatoce Meklemburskiej. P\u0142yniemy baksztagiem po g\u0142adkiej wodzie, wi\u0119c przy wietrze 10kn mamy pr\u0119dko\u015b\u0107 4,5kn. \u015awieci s\u0142oneczko, na zewn\u0105trz jest 24 stopnie \u2013 temperatura prawie idealna.<br \/>\nOko\u0142o 15 wiatr zdycha i ju\u017c na silniku wchodzimy do Burgstaaken. Mie\u015bcimy si\u0119 tylko longside od czo\u0142a pomostu. To nowy pomost, pr\u0105d na nim b\u0119dzie za kilka dni (ale na szcz\u0119\u015bcie nie potrzebujemy). W cenie mariny WC i prysznice z ciep\u0142\u0105 wod\u0105. Mo\u017cna p\u0142aci\u0107 tylko got\u00f3wk\u0105. Hafenmajster urz\u0119duje w baraku \u2013 jak to na budowie po po\u0142udniu do 20. Idziemy na spacer po marinie. Po drugiej stronie portu stoi U-boot i statek SAR, kt\u00f3ry mo\u017cna zwiedza\u0107 (do 17), niestety ju\u017c jest za p\u00f3\u017ano.<\/p>\n<p><img loading=\"lazy\" decoding=\"async\" class=\"alignnone size-medium wp-image-1733\" src=\"https:\/\/pluskata.pl\/www\/wp-content\/uploads\/2022\/05\/Brugstaaken-300x225.jpg\" alt=\"Brugstaaken\" width=\"300\" height=\"225\" srcset=\"https:\/\/pluskata.pl\/www\/wp-content\/uploads\/2022\/05\/Brugstaaken-300x225.jpg 300w, https:\/\/pluskata.pl\/www\/wp-content\/uploads\/2022\/05\/Brugstaaken-1024x768.jpg 1024w, https:\/\/pluskata.pl\/www\/wp-content\/uploads\/2022\/05\/Brugstaaken-768x576.jpg 768w, https:\/\/pluskata.pl\/www\/wp-content\/uploads\/2022\/05\/Brugstaaken-1536x1152.jpg 1536w, https:\/\/pluskata.pl\/www\/wp-content\/uploads\/2022\/05\/Brugstaaken-2048x1537.jpg 2048w, https:\/\/pluskata.pl\/www\/wp-content\/uploads\/2022\/05\/Brugstaaken-150x113.jpg 150w\" sizes=\"auto, (max-width: 300px) 100vw, 300px\" \/><br \/>\nWracaj\u0105c wst\u0119pujemy na piwo i sa\u0142atk\u0119 do knajpy portowej, oczywi\u015bcie pracuj\u0105 w niej Polacy :-).<\/p>\n<p><strong>20-05-2022 pi\u0105tek<\/strong><br \/>\nWstajemy o 6:00 szybkie \u015bniadanie i wychodzimy \u2013 mamy do op\u0142yni\u0119cia ca\u0142\u0105 wysp\u0119 Fehrman \u2013 niestety most Fehmarnsund jest dla nas za niski. Wieje 4B z dobrego kierunku, wi\u0119c p\u0142yniemy 6-7kn.<br \/>\nTradycyjnie ok 15 wiatr si\u0119 ko\u0144czy wi\u0119c p\u0142yniemy na silniku, na szcz\u0119\u015bcie ju\u017c w Zatoce Kilo\u0144skiej znowu mo\u017cemy postawi\u0107 \u017cagle.<br \/>\nW Kilonii parkujemy w Sporthafen Kiel w basenie dla du\u017cych jacht\u00f3w.<\/p>\n<p><strong>21-05-2022 Kilonia<\/strong><br \/>\nBiuro mariny jest czynne od 8:00 do 18:00 z przerw\u0105 13:00-14:00. Kosztuje 26\u20ac za dob\u0119, w tym pr\u0105d, woda i WC. Do prysznica jest \u017ceton za 1\u20ac.<br \/>\nW promocji 6 dzie\u0144 stania jest za darmo. Okazuje si\u0119, \u017ce miejsce, w kt\u00f3rym stan\u0119li\u015bmy jest zarezerwowane, wi\u0119c przestawiamy si\u0119 na inne do pierwszego basenu. Jest mniej os\u0142oni\u0119ty, ale widok \u0142adniejszy.<\/p>\n","protected":false},"excerpt":{"rendered":"<p>Trasa: \u015awinouj\u015bcie &#8211; Penem\u00fcnde &#8211; Stralsund &#8211; Warnem\u00fcde\/Rostock &#8211; Wismar &#8211; Burgstaaken &#8211; Kilonia Termin: 13-22.05.2022 Mile\/godziny: 276Mm\/56h 14-05-2022 sobota Penem\u00fcnde Wstajemy o 6, ale troch\u0119 si\u0119 zbieramy i wychodzimy o 07:30, te\u017c dobrze. Opuszczamy Polsk\u0119 jachtem na kilkana\u015bcie lat. Dziwne uczucie. Wieje 4-5B z zachodu. P\u0142yniemy na zarefowanym foku\u2026<\/p>\n<p class=\"continue-reading-button\"> <a class=\"continue-reading-link\" href=\"https:\/\/pluskata.pl\/www\/pl\/rejsy-2022\/ze-swinoujscia-do-kilonii-13-22-05-2022\/\">Czytaj dalej\/Continue reading<i class=\"crycon-right-dir\"><\/i><\/a><\/p>\n","protected":false},"author":1,"featured_media":1803,"parent":1605,"menu_order":19,"comment_status":"closed","ping_status":"closed","template":"","meta":{"footnotes":""},"class_list":["post-1726","page","type-page","status-publish","has-post-thumbnail","hentry"],"yoast_head":"<!-- This site is optimized with the Yoast SEO plugin v27.5 - https:\/\/yoast.com\/product\/yoast-seo-wordpress\/ -->\n<title>Ze \u015awinouj\u015bcia do Kilonii 13-22.05.2022 - Podr\u00f3\u017ce jachtem po \u015bwiecie<\/title>\n<meta name=\"robots\" content=\"index, follow, max-snippet:-1, max-image-preview:large, max-video-preview:-1\" \/>\n<link rel=\"canonical\" href=\"https:\/\/pluskata.pl\/www\/pl\/rejsy-2022\/ze-swinoujscia-do-kilonii-13-22-05-2022\/\" \/>\n<meta property=\"og:locale\" content=\"pl_PL\" \/>\n<meta property=\"og:type\" content=\"article\" \/>\n<meta property=\"og:title\" content=\"Ze \u015awinouj\u015bcia do Kilonii 13-22.05.2022 - Podr\u00f3\u017ce jachtem po \u015bwiecie\" \/>\n<meta property=\"og:description\" content=\"Trasa: \u015awinouj\u015bcie &#8211; Penem\u00fcnde &#8211; Stralsund &#8211; Warnem\u00fcde\/Rostock &#8211; Wismar &#8211; Burgstaaken &#8211; Kilonia Termin: 13-22.05.2022 Mile\/godziny: 276Mm\/56h 14-05-2022 sobota Penem\u00fcnde Wstajemy o 6, ale troch\u0119 si\u0119 zbieramy i wychodzimy o 07:30, te\u017c dobrze. Opuszczamy Polsk\u0119 jachtem na kilkana\u015bcie lat. Dziwne uczucie. Wieje 4-5B z zachodu. P\u0142yniemy na zarefowanym foku\u2026 Czytaj dalej\/Continue reading\" \/>\n<meta property=\"og:url\" content=\"https:\/\/pluskata.pl\/www\/pl\/rejsy-2022\/ze-swinoujscia-do-kilonii-13-22-05-2022\/\" \/>\n<meta property=\"og:site_name\" content=\"Podr\u00f3\u017ce jachtem po \u015bwiecie\" \/>\n<meta property=\"article:publisher\" content=\"https:\/\/www.facebook.com\/pluskata\" \/>\n<meta property=\"article:modified_time\" content=\"2022-07-05T12:14:10+00:00\" \/>\n<meta property=\"og:image\" content=\"https:\/\/pluskata.pl\/www\/wp-content\/uploads\/2022\/05\/SwinoujscieKilonia.jpg\" \/>\n\t<meta property=\"og:image:width\" content=\"1606\" \/>\n\t<meta property=\"og:image:height\" content=\"560\" \/>\n\t<meta property=\"og:image:type\" content=\"image\/jpeg\" \/>\n<meta name=\"twitter:card\" content=\"summary_large_image\" \/>\n<meta name=\"twitter:label1\" content=\"Szacowany czas czytania\" \/>\n\t<meta name=\"twitter:data1\" content=\"7 minut\" \/>\n<script type=\"application\/ld+json\" class=\"yoast-schema-graph\">{\"@context\":\"https:\\\/\\\/schema.org\",\"@graph\":[{\"@type\":\"WebPage\",\"@id\":\"https:\\\/\\\/pluskata.pl\\\/www\\\/pl\\\/rejsy-2022\\\/ze-swinoujscia-do-kilonii-13-22-05-2022\\\/\",\"url\":\"https:\\\/\\\/pluskata.pl\\\/www\\\/pl\\\/rejsy-2022\\\/ze-swinoujscia-do-kilonii-13-22-05-2022\\\/\",\"name\":\"Ze \u015awinouj\u015bcia do Kilonii 13-22.05.2022 - Podr\u00f3\u017ce jachtem po \u015bwiecie\",\"isPartOf\":{\"@id\":\"https:\\\/\\\/pluskata.pl\\\/www\\\/#website\"},\"primaryImageOfPage\":{\"@id\":\"https:\\\/\\\/pluskata.pl\\\/www\\\/pl\\\/rejsy-2022\\\/ze-swinoujscia-do-kilonii-13-22-05-2022\\\/#primaryimage\"},\"image\":{\"@id\":\"https:\\\/\\\/pluskata.pl\\\/www\\\/pl\\\/rejsy-2022\\\/ze-swinoujscia-do-kilonii-13-22-05-2022\\\/#primaryimage\"},\"thumbnailUrl\":\"https:\\\/\\\/pluskata.pl\\\/www\\\/wp-content\\\/uploads\\\/2022\\\/05\\\/SwinoujscieKilonia.jpg\",\"datePublished\":\"2022-05-22T19:00:50+00:00\",\"dateModified\":\"2022-07-05T12:14:10+00:00\",\"breadcrumb\":{\"@id\":\"https:\\\/\\\/pluskata.pl\\\/www\\\/pl\\\/rejsy-2022\\\/ze-swinoujscia-do-kilonii-13-22-05-2022\\\/#breadcrumb\"},\"inLanguage\":\"pl-PL\",\"potentialAction\":[{\"@type\":\"ReadAction\",\"target\":[\"https:\\\/\\\/pluskata.pl\\\/www\\\/pl\\\/rejsy-2022\\\/ze-swinoujscia-do-kilonii-13-22-05-2022\\\/\"]}]},{\"@type\":\"ImageObject\",\"inLanguage\":\"pl-PL\",\"@id\":\"https:\\\/\\\/pluskata.pl\\\/www\\\/pl\\\/rejsy-2022\\\/ze-swinoujscia-do-kilonii-13-22-05-2022\\\/#primaryimage\",\"url\":\"https:\\\/\\\/pluskata.pl\\\/www\\\/wp-content\\\/uploads\\\/2022\\\/05\\\/SwinoujscieKilonia.jpg\",\"contentUrl\":\"https:\\\/\\\/pluskata.pl\\\/www\\\/wp-content\\\/uploads\\\/2022\\\/05\\\/SwinoujscieKilonia.jpg\",\"width\":1606,\"height\":560,\"caption\":\"\u015awinouj\u015bcie-Kilonia\"},{\"@type\":\"BreadcrumbList\",\"@id\":\"https:\\\/\\\/pluskata.pl\\\/www\\\/pl\\\/rejsy-2022\\\/ze-swinoujscia-do-kilonii-13-22-05-2022\\\/#breadcrumb\",\"itemListElement\":[{\"@type\":\"ListItem\",\"position\":1,\"name\":\"Strona g\u0142\u00f3wna\",\"item\":\"https:\\\/\\\/pluskata.pl\\\/www\\\/pl\\\/aktualnosci\\\/\"},{\"@type\":\"ListItem\",\"position\":2,\"name\":\"Rejsy 2022\",\"item\":\"https:\\\/\\\/pluskata.pl\\\/www\\\/pl\\\/rejsy-2022\\\/\"},{\"@type\":\"ListItem\",\"position\":3,\"name\":\"Ze \u015awinouj\u015bcia do Kilonii 13-22.05.2022\"}]},{\"@type\":\"WebSite\",\"@id\":\"https:\\\/\\\/pluskata.pl\\\/www\\\/#website\",\"url\":\"https:\\\/\\\/pluskata.pl\\\/www\\\/\",\"name\":\"Podr\u00f3\u017ce jachtem po \u015bwiecie\",\"description\":\"Zapraszamy do wsp\u00f3lnego \u017ceglowania\",\"publisher\":{\"@id\":\"https:\\\/\\\/pluskata.pl\\\/www\\\/#\\\/schema\\\/person\\\/15daea66397efafeded8883b67482cc0\"},\"potentialAction\":[{\"@type\":\"SearchAction\",\"target\":{\"@type\":\"EntryPoint\",\"urlTemplate\":\"https:\\\/\\\/pluskata.pl\\\/www\\\/?s={search_term_string}\"},\"query-input\":{\"@type\":\"PropertyValueSpecification\",\"valueRequired\":true,\"valueName\":\"search_term_string\"}}],\"inLanguage\":\"pl-PL\"},{\"@type\":[\"Person\",\"Organization\"],\"@id\":\"https:\\\/\\\/pluskata.pl\\\/www\\\/#\\\/schema\\\/person\\\/15daea66397efafeded8883b67482cc0\",\"name\":\"Pluskata\",\"image\":{\"@type\":\"ImageObject\",\"inLanguage\":\"pl-PL\",\"@id\":\"https:\\\/\\\/pluskata.pl\\\/www\\\/wp-content\\\/uploads\\\/2020\\\/12\\\/cropped-Logo-Pluskata_512.png\",\"url\":\"https:\\\/\\\/pluskata.pl\\\/www\\\/wp-content\\\/uploads\\\/2020\\\/12\\\/cropped-Logo-Pluskata_512.png\",\"contentUrl\":\"https:\\\/\\\/pluskata.pl\\\/www\\\/wp-content\\\/uploads\\\/2020\\\/12\\\/cropped-Logo-Pluskata_512.png\",\"width\":512,\"height\":512,\"caption\":\"Pluskata\"},\"logo\":{\"@id\":\"https:\\\/\\\/pluskata.pl\\\/www\\\/wp-content\\\/uploads\\\/2020\\\/12\\\/cropped-Logo-Pluskata_512.png\"},\"sameAs\":[\"http:\\\/\\\/www.pluskata.pl\",\"https:\\\/\\\/www.facebook.com\\\/pluskata\"]}]}<\/script>\n<!-- \/ Yoast SEO plugin. -->","yoast_head_json":{"title":"Ze \u015awinouj\u015bcia do Kilonii 13-22.05.2022 - Podr\u00f3\u017ce jachtem po \u015bwiecie","robots":{"index":"index","follow":"follow","max-snippet":"max-snippet:-1","max-image-preview":"max-image-preview:large","max-video-preview":"max-video-preview:-1"},"canonical":"https:\/\/pluskata.pl\/www\/pl\/rejsy-2022\/ze-swinoujscia-do-kilonii-13-22-05-2022\/","og_locale":"pl_PL","og_type":"article","og_title":"Ze \u015awinouj\u015bcia do Kilonii 13-22.05.2022 - Podr\u00f3\u017ce jachtem po \u015bwiecie","og_description":"Trasa: \u015awinouj\u015bcie &#8211; Penem\u00fcnde &#8211; Stralsund &#8211; Warnem\u00fcde\/Rostock &#8211; Wismar &#8211; Burgstaaken &#8211; Kilonia Termin: 13-22.05.2022 Mile\/godziny: 276Mm\/56h 14-05-2022 sobota Penem\u00fcnde Wstajemy o 6, ale troch\u0119 si\u0119 zbieramy i wychodzimy o 07:30, te\u017c dobrze. Opuszczamy Polsk\u0119 jachtem na kilkana\u015bcie lat. Dziwne uczucie. Wieje 4-5B z zachodu. P\u0142yniemy na zarefowanym foku\u2026 Czytaj dalej\/Continue reading","og_url":"https:\/\/pluskata.pl\/www\/pl\/rejsy-2022\/ze-swinoujscia-do-kilonii-13-22-05-2022\/","og_site_name":"Podr\u00f3\u017ce jachtem po \u015bwiecie","article_publisher":"https:\/\/www.facebook.com\/pluskata","article_modified_time":"2022-07-05T12:14:10+00:00","og_image":[{"width":1606,"height":560,"url":"https:\/\/pluskata.pl\/www\/wp-content\/uploads\/2022\/05\/SwinoujscieKilonia.jpg","type":"image\/jpeg"}],"twitter_card":"summary_large_image","twitter_misc":{"Szacowany czas czytania":"7 minut"},"schema":{"@context":"https:\/\/schema.org","@graph":[{"@type":"WebPage","@id":"https:\/\/pluskata.pl\/www\/pl\/rejsy-2022\/ze-swinoujscia-do-kilonii-13-22-05-2022\/","url":"https:\/\/pluskata.pl\/www\/pl\/rejsy-2022\/ze-swinoujscia-do-kilonii-13-22-05-2022\/","name":"Ze \u015awinouj\u015bcia do Kilonii 13-22.05.2022 - Podr\u00f3\u017ce jachtem po \u015bwiecie","isPartOf":{"@id":"https:\/\/pluskata.pl\/www\/#website"},"primaryImageOfPage":{"@id":"https:\/\/pluskata.pl\/www\/pl\/rejsy-2022\/ze-swinoujscia-do-kilonii-13-22-05-2022\/#primaryimage"},"image":{"@id":"https:\/\/pluskata.pl\/www\/pl\/rejsy-2022\/ze-swinoujscia-do-kilonii-13-22-05-2022\/#primaryimage"},"thumbnailUrl":"https:\/\/pluskata.pl\/www\/wp-content\/uploads\/2022\/05\/SwinoujscieKilonia.jpg","datePublished":"2022-05-22T19:00:50+00:00","dateModified":"2022-07-05T12:14:10+00:00","breadcrumb":{"@id":"https:\/\/pluskata.pl\/www\/pl\/rejsy-2022\/ze-swinoujscia-do-kilonii-13-22-05-2022\/#breadcrumb"},"inLanguage":"pl-PL","potentialAction":[{"@type":"ReadAction","target":["https:\/\/pluskata.pl\/www\/pl\/rejsy-2022\/ze-swinoujscia-do-kilonii-13-22-05-2022\/"]}]},{"@type":"ImageObject","inLanguage":"pl-PL","@id":"https:\/\/pluskata.pl\/www\/pl\/rejsy-2022\/ze-swinoujscia-do-kilonii-13-22-05-2022\/#primaryimage","url":"https:\/\/pluskata.pl\/www\/wp-content\/uploads\/2022\/05\/SwinoujscieKilonia.jpg","contentUrl":"https:\/\/pluskata.pl\/www\/wp-content\/uploads\/2022\/05\/SwinoujscieKilonia.jpg","width":1606,"height":560,"caption":"\u015awinouj\u015bcie-Kilonia"},{"@type":"BreadcrumbList","@id":"https:\/\/pluskata.pl\/www\/pl\/rejsy-2022\/ze-swinoujscia-do-kilonii-13-22-05-2022\/#breadcrumb","itemListElement":[{"@type":"ListItem","position":1,"name":"Strona g\u0142\u00f3wna","item":"https:\/\/pluskata.pl\/www\/pl\/aktualnosci\/"},{"@type":"ListItem","position":2,"name":"Rejsy 2022","item":"https:\/\/pluskata.pl\/www\/pl\/rejsy-2022\/"},{"@type":"ListItem","position":3,"name":"Ze \u015awinouj\u015bcia do Kilonii 13-22.05.2022"}]},{"@type":"WebSite","@id":"https:\/\/pluskata.pl\/www\/#website","url":"https:\/\/pluskata.pl\/www\/","name":"Podr\u00f3\u017ce jachtem po \u015bwiecie","description":"Zapraszamy do wsp\u00f3lnego \u017ceglowania","publisher":{"@id":"https:\/\/pluskata.pl\/www\/#\/schema\/person\/15daea66397efafeded8883b67482cc0"},"potentialAction":[{"@type":"SearchAction","target":{"@type":"EntryPoint","urlTemplate":"https:\/\/pluskata.pl\/www\/?s={search_term_string}"},"query-input":{"@type":"PropertyValueSpecification","valueRequired":true,"valueName":"search_term_string"}}],"inLanguage":"pl-PL"},{"@type":["Person","Organization"],"@id":"https:\/\/pluskata.pl\/www\/#\/schema\/person\/15daea66397efafeded8883b67482cc0","name":"Pluskata","image":{"@type":"ImageObject","inLanguage":"pl-PL","@id":"https:\/\/pluskata.pl\/www\/wp-content\/uploads\/2020\/12\/cropped-Logo-Pluskata_512.png","url":"https:\/\/pluskata.pl\/www\/wp-content\/uploads\/2020\/12\/cropped-Logo-Pluskata_512.png","contentUrl":"https:\/\/pluskata.pl\/www\/wp-content\/uploads\/2020\/12\/cropped-Logo-Pluskata_512.png","width":512,"height":512,"caption":"Pluskata"},"logo":{"@id":"https:\/\/pluskata.pl\/www\/wp-content\/uploads\/2020\/12\/cropped-Logo-Pluskata_512.png"},"sameAs":["http:\/\/www.pluskata.pl","https:\/\/www.facebook.com\/pluskata"]}]}},"_links":{"self":[{"href":"https:\/\/pluskata.pl\/www\/wp-json\/wp\/v2\/pages\/1726","targetHints":{"allow":["GET"]}}],"collection":[{"href":"https:\/\/pluskata.pl\/www\/wp-json\/wp\/v2\/pages"}],"about":[{"href":"https:\/\/pluskata.pl\/www\/wp-json\/wp\/v2\/types\/page"}],"author":[{"embeddable":true,"href":"https:\/\/pluskata.pl\/www\/wp-json\/wp\/v2\/users\/1"}],"replies":[{"embeddable":true,"href":"https:\/\/pluskata.pl\/www\/wp-json\/wp\/v2\/comments?post=1726"}],"version-history":[{"count":0,"href":"https:\/\/pluskata.pl\/www\/wp-json\/wp\/v2\/pages\/1726\/revisions"}],"up":[{"embeddable":true,"href":"https:\/\/pluskata.pl\/www\/wp-json\/wp\/v2\/pages\/1605"}],"wp:featuredmedia":[{"embeddable":true,"href":"https:\/\/pluskata.pl\/www\/wp-json\/wp\/v2\/media\/1803"}],"wp:attachment":[{"href":"https:\/\/pluskata.pl\/www\/wp-json\/wp\/v2\/media?parent=1726"}],"curies":[{"name":"wp","href":"https:\/\/api.w.org\/{rel}","templated":true}]}}