{"id":1613,"date":"2022-05-07T19:36:14","date_gmt":"2022-05-07T17:36:14","guid":{"rendered":"https:\/\/pluskata.pl\/www\/?page_id=1613"},"modified":"2022-12-21T09:13:59","modified_gmt":"2022-12-21T08:13:59","slug":"z-gdanska-do-swinoujscia-29-04-07-05-2022","status":"publish","type":"page","link":"https:\/\/pluskata.pl\/www\/pl\/rejsy-2022\/z-gdanska-do-swinoujscia-29-04-07-05-2022\/","title":{"rendered":"Z Gda\u0144ska do \u015awinouj\u015bcia  29.04-07.05.2022"},"content":{"rendered":"<p><a href=\"https:\/\/pluskata.pl\/www\/wp-content\/uploads\/2022\/05\/Gdansk-Swinoujscie_300.jpg\"><img loading=\"lazy\" decoding=\"async\" class=\"alignnone wp-image-1691 size-medium\" src=\"https:\/\/pluskata.pl\/www\/wp-content\/uploads\/2022\/05\/Gdansk-Swinoujscie_300-300x138.jpg\" alt=\"Trasa Gda\u0144sk-\u015awinouj\u015bcie\" width=\"300\" height=\"138\" srcset=\"https:\/\/pluskata.pl\/www\/wp-content\/uploads\/2022\/05\/Gdansk-Swinoujscie_300-300x138.jpg 300w, https:\/\/pluskata.pl\/www\/wp-content\/uploads\/2022\/05\/Gdansk-Swinoujscie_300-1024x473.jpg 1024w, https:\/\/pluskata.pl\/www\/wp-content\/uploads\/2022\/05\/Gdansk-Swinoujscie_300-768x355.jpg 768w, https:\/\/pluskata.pl\/www\/wp-content\/uploads\/2022\/05\/Gdansk-Swinoujscie_300-150x69.jpg 150w, https:\/\/pluskata.pl\/www\/wp-content\/uploads\/2022\/05\/Gdansk-Swinoujscie_300.jpg 1029w\" sizes=\"auto, (max-width: 300px) 100vw, 300px\" \/><\/a><\/p>\n<p><strong>Trasa:<\/strong> Gda\u0144sk &#8211; W\u0142adys\u0142awowo Nexo- Ko\u0142obrzeg -\u015awinouj\u015bcie<br \/>\n<strong>Termin:<\/strong> 29.04-07.05.2022<br \/>\n<strong>Mile\/godziny:<\/strong> 390Mm\/95h<\/p>\n<p><strong>30-04-2022 sobota W\u0142adys\u0142awowo<\/strong><br \/>\nWyruszamy w rejs dooko\u0142a \u015bwiata. Zd\u0105\u017camy na otwarcie k\u0142adki o godzinie 9.<br \/>\nMachamy na po\u017cegnanie c\u00f3rce i ruszamy w \u015bwiat.<\/p>\n<p><a href=\"https:\/\/pluskata.pl\/www\/pl\/rejsy-2022\/z-gdanska-do-swinoujscia-29-04-07-05-2022\/1-dscn0818\/\"><img loading=\"lazy\" decoding=\"async\" class=\"alignnone wp-image-1644 size-medium\" src=\"https:\/\/pluskata.pl\/www\/wp-content\/uploads\/2022\/05\/1-DSCN0818-300x225.jpg\" alt=\"Wyprzedzamy Bonawentur\u0119\" width=\"300\" height=\"225\" srcset=\"https:\/\/pluskata.pl\/www\/wp-content\/uploads\/2022\/05\/1-DSCN0818-300x225.jpg 300w, https:\/\/pluskata.pl\/www\/wp-content\/uploads\/2022\/05\/1-DSCN0818-1024x768.jpg 1024w, https:\/\/pluskata.pl\/www\/wp-content\/uploads\/2022\/05\/1-DSCN0818-768x576.jpg 768w, https:\/\/pluskata.pl\/www\/wp-content\/uploads\/2022\/05\/1-DSCN0818-1536x1152.jpg 1536w, https:\/\/pluskata.pl\/www\/wp-content\/uploads\/2022\/05\/1-DSCN0818-2048x1537.jpg 2048w, https:\/\/pluskata.pl\/www\/wp-content\/uploads\/2022\/05\/1-DSCN0818-150x113.jpg 150w\" sizes=\"auto, (max-width: 300px) 100vw, 300px\" \/><\/a><\/p>\n<p>Na zatoce jest \u015bliczne s\u0142oneczko i wieje ok 2B a my p\u0142yniemy z pr\u0119dko\u015bci\u0105 6 w\u0119z\u0142\u00f3w.<\/p>\n<p><a href=\"https:\/\/pluskata.pl\/www\/pl\/rejsy-2022\/z-gdanska-do-swinoujscia-29-04-07-05-2022\/wladyslawowo\/\"><img loading=\"lazy\" decoding=\"async\" class=\"alignnone wp-image-1619 size-medium\" src=\"https:\/\/pluskata.pl\/www\/wp-content\/uploads\/2022\/05\/Wladyslawowo-300x225.jpg\" alt=\"Wladyslawowo\" width=\"300\" height=\"225\" srcset=\"https:\/\/pluskata.pl\/www\/wp-content\/uploads\/2022\/05\/Wladyslawowo-300x225.jpg 300w, https:\/\/pluskata.pl\/www\/wp-content\/uploads\/2022\/05\/Wladyslawowo-1024x768.jpg 1024w, https:\/\/pluskata.pl\/www\/wp-content\/uploads\/2022\/05\/Wladyslawowo-768x576.jpg 768w, https:\/\/pluskata.pl\/www\/wp-content\/uploads\/2022\/05\/Wladyslawowo-1536x1151.jpg 1536w, https:\/\/pluskata.pl\/www\/wp-content\/uploads\/2022\/05\/Wladyslawowo-2048x1535.jpg 2048w, https:\/\/pluskata.pl\/www\/wp-content\/uploads\/2022\/05\/Wladyslawowo-150x112.jpg 150w\" sizes=\"auto, (max-width: 300px) 100vw, 300px\" \/><\/a><\/p>\n<p>Do W\u0142adys\u0142awowa wchodzimy ok 1720. Cumujemy longside przed Y-bomami. Zaraz po zacumowaniu pojawia si\u0119 sympatyczny cz\u0142owiek do pobierania op\u0142at. W cenie jest pr\u0105d i woda.<br \/>\nWieczorem idziemy na spacer po W\u0142adys\u0142awowie, uzupe\u0142niamy zakupy spo\u017cywcze, wst\u0119pujemy na zapiekanki i wracamy na jacht.<\/p>\n<p><strong>1-05-2022 niedziela<\/strong><br \/>\nPo porannej kawie z bu\u0142eczkami ma\u015blanymi o 0850 wyp\u0142ywamy w kierunku Bornholmu.<\/p>\n<p><a href=\"https:\/\/pluskata.pl\/www\/pl\/rejsy-2022\/z-gdanska-do-swinoujscia-29-04-07-05-2022\/nabornholm\/\"><img loading=\"lazy\" decoding=\"async\" class=\"alignnone wp-image-1625 size-medium\" src=\"https:\/\/pluskata.pl\/www\/wp-content\/uploads\/2022\/05\/NaBornholm-158x300.jpg\" alt=\"Do Bornholmu\" width=\"158\" height=\"300\" srcset=\"https:\/\/pluskata.pl\/www\/wp-content\/uploads\/2022\/05\/NaBornholm-158x300.jpg 158w, https:\/\/pluskata.pl\/www\/wp-content\/uploads\/2022\/05\/NaBornholm-539x1024.jpg 539w, https:\/\/pluskata.pl\/www\/wp-content\/uploads\/2022\/05\/NaBornholm-768x1458.jpg 768w, https:\/\/pluskata.pl\/www\/wp-content\/uploads\/2022\/05\/NaBornholm-809x1536.jpg 809w, https:\/\/pluskata.pl\/www\/wp-content\/uploads\/2022\/05\/NaBornholm-1079x2048.jpg 1079w, https:\/\/pluskata.pl\/www\/wp-content\/uploads\/2022\/05\/NaBornholm-79x150.jpg 79w, https:\/\/pluskata.pl\/www\/wp-content\/uploads\/2022\/05\/NaBornholm.jpg 1305w\" sizes=\"auto, (max-width: 158px) 100vw, 158px\" \/><\/a>\u00a0 <a href=\"https:\/\/pluskata.pl\/www\/pl\/rejsy-2022\/z-gdanska-do-swinoujscia-29-04-07-05-2022\/2-dscn0822\/\"><img loading=\"lazy\" decoding=\"async\" class=\"alignnone wp-image-1643 size-medium\" src=\"https:\/\/pluskata.pl\/www\/wp-content\/uploads\/2022\/05\/2-DSCN0822-300x225.jpg\" alt=\"Zach\u00f3d s\u0142o\u0144ca\" width=\"300\" height=\"225\" srcset=\"https:\/\/pluskata.pl\/www\/wp-content\/uploads\/2022\/05\/2-DSCN0822-300x225.jpg 300w, https:\/\/pluskata.pl\/www\/wp-content\/uploads\/2022\/05\/2-DSCN0822-1024x768.jpg 1024w, https:\/\/pluskata.pl\/www\/wp-content\/uploads\/2022\/05\/2-DSCN0822-768x576.jpg 768w, https:\/\/pluskata.pl\/www\/wp-content\/uploads\/2022\/05\/2-DSCN0822-1536x1152.jpg 1536w, https:\/\/pluskata.pl\/www\/wp-content\/uploads\/2022\/05\/2-DSCN0822-2048x1536.jpg 2048w, https:\/\/pluskata.pl\/www\/wp-content\/uploads\/2022\/05\/2-DSCN0822-150x112.jpg 150w\" sizes=\"auto, (max-width: 300px) 100vw, 300px\" \/><\/a><br \/>\nWieje 1-2B z NW potem N. P\u0142yniemy 4 w\u0119z\u0142y przy wietrze 6 w\u0119z\u0142\u00f3w na grocie i genui.<br \/>\nPo wyj\u015bciu jemy \u015bniadanie. Pogoda jest s\u0142oneczna, ale jest zimno ok 7\u00baC. Wszyscy ubieraj\u0105 si\u0119 ciep\u0142o i snujemy opowie\u015bci w kokpicie.<br \/>\nPo objedzie pod\u0142\u0105czamy panele s\u0142oneczne. Mimo zachodz\u0105cego s\u0142o\u0144ca \u0142aduj\u0105 pr\u0105dem 1A.<br \/>\nWieczynem wiatr troch\u0119 s\u0142abnie i przez noc przep\u0142ywamy 29Mm. Dobowy przebieg to 60Mm ze \u015bredni\u0105 pr\u0119dko\u015bci\u0105 4,3 w\u0119z\u0142a.<\/p>\n<p><strong>2-05-2022 poniedzia\u0142ek &#8211; Nexo<\/strong><br \/>\nRano \u201erozwiewa si\u0119\u201d do 8 w\u0119z\u0142\u00f3w (to taka s\u0142aba 3B), mo\u017ce jest w dalszym ci\u0105gu g\u0142adkie, wi\u0119c jedziemy prawie 5 w\u0119z\u0142\u00f3w, a panele \u0142aduj\u0105 nam banki gospodarczy i nawigacyjny pr\u0105dem po 12A.<br \/>\nCa\u0142y dzie\u0144 jest \u015bliczna pogoda, ale w dalszym ci\u0105gu zimno. P\u0142yniemy do Nexo. Dop\u0142ywamy po godzinie 20 wi\u0119c wszystko jest ju\u017c zamkni\u0119te. Harbour office nie dzia\u0142a, a za marin\u0119 p\u0142aci si\u0119 w sklepie czynnym od 9 do 1730.<\/p>\n<p><a href=\"https:\/\/pluskata.pl\/www\/pl\/rejsy-2022\/z-gdanska-do-swinoujscia-29-04-07-05-2022\/2-kotnexo\/\"><img loading=\"lazy\" decoding=\"async\" class=\"alignnone wp-image-1641 size-medium\" src=\"https:\/\/pluskata.pl\/www\/wp-content\/uploads\/2022\/05\/2-KotNexo-300x292.jpg\" alt=\"Kot\" width=\"300\" height=\"292\" srcset=\"https:\/\/pluskata.pl\/www\/wp-content\/uploads\/2022\/05\/2-KotNexo-300x292.jpg 300w, https:\/\/pluskata.pl\/www\/wp-content\/uploads\/2022\/05\/2-KotNexo-1024x996.jpg 1024w, https:\/\/pluskata.pl\/www\/wp-content\/uploads\/2022\/05\/2-KotNexo-768x747.jpg 768w, https:\/\/pluskata.pl\/www\/wp-content\/uploads\/2022\/05\/2-KotNexo-150x146.jpg 150w, https:\/\/pluskata.pl\/www\/wp-content\/uploads\/2022\/05\/2-KotNexo.jpg 1488w\" sizes=\"auto, (max-width: 300px) 100vw, 300px\" \/><\/a><\/p>\n<p>Wieczorem idziemy jeszcze na spacer po miasteczku. Razem z nami w\u0119druje czarny kot, kt\u00f3ry wchodzi na jacht i ogl\u0105da go od zewn\u0105trz a potem zagl\u0105da w r\u00f3\u017cne k\u0105ty.<\/p>\n<p><strong>3-05-2022 wtorek Nexo<\/strong><br \/>\nRano idziemy do sklepu i p\u0142acimy za marin\u0119, dostajemy kod do wifi i kart\u0119 do prysznicy i pr\u0105du.<\/p>\n<p><a href=\"https:\/\/pluskata.pl\/www\/pl\/rejsy-2022\/z-gdanska-do-swinoujscia-29-04-07-05-2022\/2-dscn0858\/\"><img loading=\"lazy\" decoding=\"async\" class=\"alignnone wp-image-1642 size-medium\" src=\"https:\/\/pluskata.pl\/www\/wp-content\/uploads\/2022\/05\/2-DSCN0858-300x225.jpg\" alt=\"Nexo cmentarz\" width=\"300\" height=\"225\" srcset=\"https:\/\/pluskata.pl\/www\/wp-content\/uploads\/2022\/05\/2-DSCN0858-300x225.jpg 300w, https:\/\/pluskata.pl\/www\/wp-content\/uploads\/2022\/05\/2-DSCN0858-1024x768.jpg 1024w, https:\/\/pluskata.pl\/www\/wp-content\/uploads\/2022\/05\/2-DSCN0858-768x576.jpg 768w, https:\/\/pluskata.pl\/www\/wp-content\/uploads\/2022\/05\/2-DSCN0858-1536x1152.jpg 1536w, https:\/\/pluskata.pl\/www\/wp-content\/uploads\/2022\/05\/2-DSCN0858-2048x1535.jpg 2048w, https:\/\/pluskata.pl\/www\/wp-content\/uploads\/2022\/05\/2-DSCN0858-150x112.jpg 150w\" sizes=\"auto, (max-width: 300px) 100vw, 300px\" \/><\/a> <a href=\"https:\/\/pluskata.pl\/www\/pl\/rejsy-2022\/z-gdanska-do-swinoujscia-29-04-07-05-2022\/nexo\/\"><img loading=\"lazy\" decoding=\"async\" class=\"alignnone wp-image-1624 size-medium\" src=\"https:\/\/pluskata.pl\/www\/wp-content\/uploads\/2022\/05\/Nexo-300x225.jpg\" alt=\"Nexo wodowanie\" width=\"300\" height=\"225\" srcset=\"https:\/\/pluskata.pl\/www\/wp-content\/uploads\/2022\/05\/Nexo-300x225.jpg 300w, https:\/\/pluskata.pl\/www\/wp-content\/uploads\/2022\/05\/Nexo-1024x768.jpg 1024w, https:\/\/pluskata.pl\/www\/wp-content\/uploads\/2022\/05\/Nexo-768x576.jpg 768w, https:\/\/pluskata.pl\/www\/wp-content\/uploads\/2022\/05\/Nexo-1536x1152.jpg 1536w, https:\/\/pluskata.pl\/www\/wp-content\/uploads\/2022\/05\/Nexo-2048x1536.jpg 2048w, https:\/\/pluskata.pl\/www\/wp-content\/uploads\/2022\/05\/Nexo-150x113.jpg 150w\" sizes=\"auto, (max-width: 300px) 100vw, 300px\" \/><\/a>\u00a0 <a href=\"https:\/\/pluskata.pl\/www\/pl\/rejsy-2022\/z-gdanska-do-swinoujscia-29-04-07-05-2022\/dscn0907\/\"><img loading=\"lazy\" decoding=\"async\" class=\"alignnone wp-image-1636 size-medium\" src=\"https:\/\/pluskata.pl\/www\/wp-content\/uploads\/2022\/05\/DSCN0907-300x225.jpg\" alt=\"Nexo\" width=\"300\" height=\"225\" srcset=\"https:\/\/pluskata.pl\/www\/wp-content\/uploads\/2022\/05\/DSCN0907-300x225.jpg 300w, https:\/\/pluskata.pl\/www\/wp-content\/uploads\/2022\/05\/DSCN0907-1024x769.jpg 1024w, https:\/\/pluskata.pl\/www\/wp-content\/uploads\/2022\/05\/DSCN0907-768x576.jpg 768w, https:\/\/pluskata.pl\/www\/wp-content\/uploads\/2022\/05\/DSCN0907-1536x1153.jpg 1536w, https:\/\/pluskata.pl\/www\/wp-content\/uploads\/2022\/05\/DSCN0907-2048x1537.jpg 2048w, https:\/\/pluskata.pl\/www\/wp-content\/uploads\/2022\/05\/DSCN0907-150x113.jpg 150w\" sizes=\"auto, (max-width: 300px) 100vw, 300px\" \/><\/a>\u00a0 <a href=\"https:\/\/pluskata.pl\/www\/pl\/rejsy-2022\/z-gdanska-do-swinoujscia-29-04-07-05-2022\/dscn0863\/\"><img loading=\"lazy\" decoding=\"async\" class=\"alignnone wp-image-1640 size-medium\" src=\"https:\/\/pluskata.pl\/www\/wp-content\/uploads\/2022\/05\/DSCN0863-300x225.jpg\" alt=\"Nexo\" width=\"300\" height=\"225\" srcset=\"https:\/\/pluskata.pl\/www\/wp-content\/uploads\/2022\/05\/DSCN0863-300x225.jpg 300w, https:\/\/pluskata.pl\/www\/wp-content\/uploads\/2022\/05\/DSCN0863-1024x769.jpg 1024w, https:\/\/pluskata.pl\/www\/wp-content\/uploads\/2022\/05\/DSCN0863-768x577.jpg 768w, https:\/\/pluskata.pl\/www\/wp-content\/uploads\/2022\/05\/DSCN0863-1536x1154.jpg 1536w, https:\/\/pluskata.pl\/www\/wp-content\/uploads\/2022\/05\/DSCN0863-2048x1538.jpg 2048w, https:\/\/pluskata.pl\/www\/wp-content\/uploads\/2022\/05\/DSCN0863-150x113.jpg 150w\" sizes=\"auto, (max-width: 300px) 100vw, 300px\" \/><\/a><br \/>\nPo wyk\u0105paniu si\u0119 pod prysznicem ruszamy na wycieczk\u0119 po mie\u015bcie. Nexo jest wyludnione, wi\u0119kszo\u015b\u0107 miejsc jest zamkni\u0119ta (\u0142\u0105cznie z informacj\u0119 turystyczn\u0105 i parkiem motyli), zwiedzamy ko\u015bci\u00f3\u0142 z cmentarzem \u2013 jedyn\u0105 czynn\u0105 atrakcj\u0119 w tym mie\u015bcie, a potem wsiadamy we autobus i jedziemy do Svaneke.<\/p>\n<p><a href=\"https:\/\/pluskata.pl\/www\/pl\/rejsy-2022\/z-gdanska-do-swinoujscia-29-04-07-05-2022\/dscn0883\/\"><img loading=\"lazy\" decoding=\"async\" class=\"alignnone wp-image-1639 size-medium\" src=\"https:\/\/pluskata.pl\/www\/wp-content\/uploads\/2022\/05\/DSCN0883-300x225.jpg\" alt=\"Svaneke\" width=\"300\" height=\"225\" srcset=\"https:\/\/pluskata.pl\/www\/wp-content\/uploads\/2022\/05\/DSCN0883-300x225.jpg 300w, https:\/\/pluskata.pl\/www\/wp-content\/uploads\/2022\/05\/DSCN0883-1024x768.jpg 1024w, https:\/\/pluskata.pl\/www\/wp-content\/uploads\/2022\/05\/DSCN0883-768x576.jpg 768w, https:\/\/pluskata.pl\/www\/wp-content\/uploads\/2022\/05\/DSCN0883-1536x1152.jpg 1536w, https:\/\/pluskata.pl\/www\/wp-content\/uploads\/2022\/05\/DSCN0883-2048x1535.jpg 2048w, https:\/\/pluskata.pl\/www\/wp-content\/uploads\/2022\/05\/DSCN0883-150x112.jpg 150w\" sizes=\"auto, (max-width: 300px) 100vw, 300px\" \/><\/a>\u00a0\u00a0<a href=\"https:\/\/pluskata.pl\/www\/pl\/rejsy-2022\/z-gdanska-do-swinoujscia-29-04-07-05-2022\/svaneke\/\"><img loading=\"lazy\" decoding=\"async\" class=\"alignnone wp-image-1621 size-medium\" src=\"https:\/\/pluskata.pl\/www\/wp-content\/uploads\/2022\/05\/Svaneke-300x225.jpg\" alt=\"Svaneke przed sezonem\" width=\"300\" height=\"225\" srcset=\"https:\/\/pluskata.pl\/www\/wp-content\/uploads\/2022\/05\/Svaneke-300x225.jpg 300w, https:\/\/pluskata.pl\/www\/wp-content\/uploads\/2022\/05\/Svaneke-1024x768.jpg 1024w, https:\/\/pluskata.pl\/www\/wp-content\/uploads\/2022\/05\/Svaneke-768x576.jpg 768w, https:\/\/pluskata.pl\/www\/wp-content\/uploads\/2022\/05\/Svaneke-1536x1152.jpg 1536w, https:\/\/pluskata.pl\/www\/wp-content\/uploads\/2022\/05\/Svaneke-2048x1536.jpg 2048w, https:\/\/pluskata.pl\/www\/wp-content\/uploads\/2022\/05\/Svaneke-150x113.jpg 150w\" sizes=\"auto, (max-width: 300px) 100vw, 300px\" \/><\/a>\u00a0 <a href=\"https:\/\/pluskata.pl\/www\/pl\/rejsy-2022\/z-gdanska-do-swinoujscia-29-04-07-05-2022\/wedzarniasvaneke\/\"><img loading=\"lazy\" decoding=\"async\" class=\"alignnone wp-image-1620 size-medium\" src=\"https:\/\/pluskata.pl\/www\/wp-content\/uploads\/2022\/05\/WedzarniaSvaneke-300x225.jpg\" alt=\"W\u0119dzarnia Svaneke\" width=\"300\" height=\"225\" srcset=\"https:\/\/pluskata.pl\/www\/wp-content\/uploads\/2022\/05\/WedzarniaSvaneke-300x225.jpg 300w, https:\/\/pluskata.pl\/www\/wp-content\/uploads\/2022\/05\/WedzarniaSvaneke-1024x768.jpg 1024w, https:\/\/pluskata.pl\/www\/wp-content\/uploads\/2022\/05\/WedzarniaSvaneke-768x576.jpg 768w, https:\/\/pluskata.pl\/www\/wp-content\/uploads\/2022\/05\/WedzarniaSvaneke-1536x1153.jpg 1536w, https:\/\/pluskata.pl\/www\/wp-content\/uploads\/2022\/05\/WedzarniaSvaneke-2048x1537.jpg 2048w, https:\/\/pluskata.pl\/www\/wp-content\/uploads\/2022\/05\/WedzarniaSvaneke-150x113.jpg 150w\" sizes=\"auto, (max-width: 300px) 100vw, 300px\" \/><\/a>\u00a0 <a href=\"https:\/\/pluskata.pl\/www\/pl\/rejsy-2022\/z-gdanska-do-swinoujscia-29-04-07-05-2022\/obiadsvaneke\/\"><img loading=\"lazy\" decoding=\"async\" class=\"alignnone wp-image-1623 size-medium\" src=\"https:\/\/pluskata.pl\/www\/wp-content\/uploads\/2022\/05\/ObiadSvaneke-300x225.jpg\" alt=\"Obiad Svaneke\" width=\"300\" height=\"225\" srcset=\"https:\/\/pluskata.pl\/www\/wp-content\/uploads\/2022\/05\/ObiadSvaneke-300x225.jpg 300w, https:\/\/pluskata.pl\/www\/wp-content\/uploads\/2022\/05\/ObiadSvaneke-1024x768.jpg 1024w, https:\/\/pluskata.pl\/www\/wp-content\/uploads\/2022\/05\/ObiadSvaneke-768x576.jpg 768w, https:\/\/pluskata.pl\/www\/wp-content\/uploads\/2022\/05\/ObiadSvaneke-1536x1152.jpg 1536w, https:\/\/pluskata.pl\/www\/wp-content\/uploads\/2022\/05\/ObiadSvaneke-2048x1536.jpg 2048w, https:\/\/pluskata.pl\/www\/wp-content\/uploads\/2022\/05\/ObiadSvaneke-150x113.jpg 150w\" sizes=\"auto, (max-width: 300px) 100vw, 300px\" \/><\/a><\/p>\n<p>Tam jemy rybk\u0119 prosto z w\u0119dzarni. Potem jeszcze kr\u00f3tka wycieczka do pobliskiego wiatraka i wyruszamy autobusem z powrotem do Nexo.<\/p>\n<p><a href=\"https:\/\/pluskata.pl\/www\/pl\/rejsy-2022\/z-gdanska-do-swinoujscia-29-04-07-05-2022\/dscn0911\/\"><img loading=\"lazy\" decoding=\"async\" class=\"alignnone wp-image-1635 size-medium\" src=\"https:\/\/pluskata.pl\/www\/wp-content\/uploads\/2022\/05\/DSCN0911-300x225.jpg\" alt=\"Nexo\" width=\"300\" height=\"225\" srcset=\"https:\/\/pluskata.pl\/www\/wp-content\/uploads\/2022\/05\/DSCN0911-300x225.jpg 300w, https:\/\/pluskata.pl\/www\/wp-content\/uploads\/2022\/05\/DSCN0911-1024x768.jpg 1024w, https:\/\/pluskata.pl\/www\/wp-content\/uploads\/2022\/05\/DSCN0911-768x576.jpg 768w, https:\/\/pluskata.pl\/www\/wp-content\/uploads\/2022\/05\/DSCN0911-1536x1152.jpg 1536w, https:\/\/pluskata.pl\/www\/wp-content\/uploads\/2022\/05\/DSCN0911-2048x1536.jpg 2048w, https:\/\/pluskata.pl\/www\/wp-content\/uploads\/2022\/05\/DSCN0911-150x113.jpg 150w\" sizes=\"auto, (max-width: 300px) 100vw, 300px\" \/><\/a>\u00a0 <a href=\"https:\/\/pluskata.pl\/www\/pl\/rejsy-2022\/z-gdanska-do-swinoujscia-29-04-07-05-2022\/dscn0921\/\"><img loading=\"lazy\" decoding=\"async\" class=\"alignnone wp-image-1634 size-medium\" src=\"https:\/\/pluskata.pl\/www\/wp-content\/uploads\/2022\/05\/DSCN0921-300x225.jpg\" alt=\"Nexo fontanna\" width=\"300\" height=\"225\" srcset=\"https:\/\/pluskata.pl\/www\/wp-content\/uploads\/2022\/05\/DSCN0921-300x225.jpg 300w, https:\/\/pluskata.pl\/www\/wp-content\/uploads\/2022\/05\/DSCN0921-1024x768.jpg 1024w, https:\/\/pluskata.pl\/www\/wp-content\/uploads\/2022\/05\/DSCN0921-768x576.jpg 768w, https:\/\/pluskata.pl\/www\/wp-content\/uploads\/2022\/05\/DSCN0921-1536x1152.jpg 1536w, https:\/\/pluskata.pl\/www\/wp-content\/uploads\/2022\/05\/DSCN0921-2048x1536.jpg 2048w, https:\/\/pluskata.pl\/www\/wp-content\/uploads\/2022\/05\/DSCN0921-150x113.jpg 150w\" sizes=\"auto, (max-width: 300px) 100vw, 300px\" \/><\/a><\/p>\n<p>Wieczorem robimy zakupy i o 19 wychodzimy w morze w kierunku Ko\u0142obrzegu.<\/p>\n<p><strong>4-05-2022 \u015broda Ko\u0142obrzeg <\/strong><br \/>\nW nocy wieje 1-2B, ale w miar\u0119 z dobrego kierunku. Do Ko\u0142obrzegu wp\u0142ywamy przed 12. Idziemy zwiedza\u0107 muzeum morskie (2 okr\u0119ty wojenne, do kt\u00f3rych mo\u017cna wej\u015b\u0107 i du\u017co wyposa\u017cenia (armaty, torpedy, stare kutry i jeden jacht).<\/p>\n<p><a href=\"https:\/\/pluskata.pl\/www\/pl\/rejsy-2022\/z-gdanska-do-swinoujscia-29-04-07-05-2022\/dsc_1139\/\"><img loading=\"lazy\" decoding=\"async\" class=\"alignnone wp-image-1633 size-medium\" src=\"https:\/\/pluskata.pl\/www\/wp-content\/uploads\/2022\/05\/DSC_1139-300x200.jpg\" alt=\"Ko\u0142obrzeg\" width=\"300\" height=\"200\" srcset=\"https:\/\/pluskata.pl\/www\/wp-content\/uploads\/2022\/05\/DSC_1139-300x200.jpg 300w, https:\/\/pluskata.pl\/www\/wp-content\/uploads\/2022\/05\/DSC_1139-1024x683.jpg 1024w, https:\/\/pluskata.pl\/www\/wp-content\/uploads\/2022\/05\/DSC_1139-768x512.jpg 768w\" sizes=\"auto, (max-width: 300px) 100vw, 300px\" \/><\/a>\u00a0 <a href=\"https:\/\/pluskata.pl\/www\/pl\/rejsy-2022\/z-gdanska-do-swinoujscia-29-04-07-05-2022\/dsc_1153\/\"><img loading=\"lazy\" decoding=\"async\" class=\"alignnone wp-image-1632 size-medium\" src=\"https:\/\/pluskata.pl\/www\/wp-content\/uploads\/2022\/05\/DSC_1153-300x200.jpg\" alt=\"Ko\u0142obrzeg muzeum morskie\" width=\"300\" height=\"200\" srcset=\"https:\/\/pluskata.pl\/www\/wp-content\/uploads\/2022\/05\/DSC_1153-300x200.jpg 300w, https:\/\/pluskata.pl\/www\/wp-content\/uploads\/2022\/05\/DSC_1153-1024x683.jpg 1024w, https:\/\/pluskata.pl\/www\/wp-content\/uploads\/2022\/05\/DSC_1153-768x512.jpg 768w, https:\/\/pluskata.pl\/www\/wp-content\/uploads\/2022\/05\/DSC_1153-1536x1024.jpg 1536w, https:\/\/pluskata.pl\/www\/wp-content\/uploads\/2022\/05\/DSC_1153-2048x1365.jpg 2048w, https:\/\/pluskata.pl\/www\/wp-content\/uploads\/2022\/05\/DSC_1153-150x100.jpg 150w\" sizes=\"auto, (max-width: 300px) 100vw, 300px\" \/><\/a>\u00a0 <a href=\"https:\/\/pluskata.pl\/www\/pl\/rejsy-2022\/z-gdanska-do-swinoujscia-29-04-07-05-2022\/dsc_1156\/\"><img loading=\"lazy\" decoding=\"async\" class=\"alignnone wp-image-1631 size-medium\" src=\"https:\/\/pluskata.pl\/www\/wp-content\/uploads\/2022\/05\/DSC_1156-300x200.jpg\" alt=\"Ko\u0142obrzeg muzeum morskie\" width=\"300\" height=\"200\" srcset=\"https:\/\/pluskata.pl\/www\/wp-content\/uploads\/2022\/05\/DSC_1156-300x200.jpg 300w, https:\/\/pluskata.pl\/www\/wp-content\/uploads\/2022\/05\/DSC_1156-1024x683.jpg 1024w, https:\/\/pluskata.pl\/www\/wp-content\/uploads\/2022\/05\/DSC_1156-768x512.jpg 768w\" sizes=\"auto, (max-width: 300px) 100vw, 300px\" \/><\/a>\u00a0 <a href=\"https:\/\/pluskata.pl\/www\/pl\/rejsy-2022\/z-gdanska-do-swinoujscia-29-04-07-05-2022\/kolobrzeg\/\"><img loading=\"lazy\" decoding=\"async\" class=\"alignnone wp-image-1626 size-medium\" src=\"https:\/\/pluskata.pl\/www\/wp-content\/uploads\/2022\/05\/Kolobrzeg-281x300.jpg\" alt=\"Kolobrzeg\" width=\"281\" height=\"300\" srcset=\"https:\/\/pluskata.pl\/www\/wp-content\/uploads\/2022\/05\/Kolobrzeg-281x300.jpg 281w, https:\/\/pluskata.pl\/www\/wp-content\/uploads\/2022\/05\/Kolobrzeg-958x1024.jpg 958w, https:\/\/pluskata.pl\/www\/wp-content\/uploads\/2022\/05\/Kolobrzeg-768x821.jpg 768w, https:\/\/pluskata.pl\/www\/wp-content\/uploads\/2022\/05\/Kolobrzeg-1437x1536.jpg 1437w, https:\/\/pluskata.pl\/www\/wp-content\/uploads\/2022\/05\/Kolobrzeg-140x150.jpg 140w, https:\/\/pluskata.pl\/www\/wp-content\/uploads\/2022\/05\/Kolobrzeg.jpg 1508w\" sizes=\"auto, (max-width: 281px) 100vw, 281px\" \/><\/a><\/p>\n<p>Potem wracamy na jacht i wsp\u00f3lnie idziemy na obiad do Barki (knajpa wylosowana z internetu) . Trafiamy na stolik 7 osobowy z rezerwacj\u0105 za 45 minut, wi\u0119c szybko zjadamy danie firmowe (dorsz z frytkami). Jedzenie jest smaczne, \u015bwie\u017ce i szybko podane. Po powrocie na jacht pijemy kaw\u0119, gadamy i robimy zakupy w pobliskiej Biedronce.<\/p>\n<p><strong>5-05-2022 czwartek<\/strong><br \/>\nWychodzimy po \u015bniadaniu. Troch\u0119 kropi deszcz i marnie wieje.<br \/>\nO 13 jemy \u201ebrunch\u201d \u2013 sa\u0142atka z kurczaka, szpinaku, kuskus, pomidor\u00f3w a do tego grzanka z czosnkiem. Ok 14 rozpogadza si\u0119 i wychodzi s\u0142o\u0144ce. Na obiad jemy pierogi z cebulk\u0105, a po obiedzie obowi\u0105zkowa kawa. Na kolacj\u0119 s\u0105 grzanki z w\u0119dlin\u0105 i serem. Wieje 2-3B z w wiar\u0119 sensownego kierunku. Przez VHF wywo\u0142uje nas Szymon na Hultaja, w\u0142a\u015bnie wyruszyli i p\u0142yn\u0105 non-stop do Plymuth.<\/p>\n<p><strong>6-05-2022 pi\u0105tek \u015awinouj\u015bcie<\/strong><br \/>\nNoc jest \u015bliczna, niebo pe\u0142ne gwiazd. W nocy robimy zwrot i zaczynamy p\u0142yn\u0105\u0107 w kierunku Rugii. Rano podp\u0142ywamy bli\u017cej klif\u00f3w, wszyscy wyci\u0105gaj\u0105 aparaty fotograficzne oraz telefony i klify maj\u0105 wspania\u0142\u0105 sesj\u0119 zdj\u0119ciow\u0105 .<\/p>\n<p><a href=\"https:\/\/pluskata.pl\/www\/pl\/rejsy-2022\/z-gdanska-do-swinoujscia-29-04-07-05-2022\/rugia\/\"><img loading=\"lazy\" decoding=\"async\" class=\"alignnone wp-image-1622 size-medium\" src=\"https:\/\/pluskata.pl\/www\/wp-content\/uploads\/2022\/05\/Rugia-300x225.jpg\" alt=\"Rugia\" width=\"300\" height=\"225\" srcset=\"https:\/\/pluskata.pl\/www\/wp-content\/uploads\/2022\/05\/Rugia-300x225.jpg 300w, https:\/\/pluskata.pl\/www\/wp-content\/uploads\/2022\/05\/Rugia-768x576.jpg 768w, https:\/\/pluskata.pl\/www\/wp-content\/uploads\/2022\/05\/Rugia-150x113.jpg 150w, https:\/\/pluskata.pl\/www\/wp-content\/uploads\/2022\/05\/Rugia.jpg 1024w\" sizes=\"auto, (max-width: 300px) 100vw, 300px\" \/><\/a>\u00a0 <a href=\"https:\/\/pluskata.pl\/www\/pl\/rejsy-2022\/z-gdanska-do-swinoujscia-29-04-07-05-2022\/dsc_1187\/\"><img loading=\"lazy\" decoding=\"async\" class=\"alignnone wp-image-1630 size-medium\" src=\"https:\/\/pluskata.pl\/www\/wp-content\/uploads\/2022\/05\/DSC_1187-300x200.jpg\" alt=\"Klify Rugia\" width=\"300\" height=\"200\" srcset=\"https:\/\/pluskata.pl\/www\/wp-content\/uploads\/2022\/05\/DSC_1187-300x200.jpg 300w, https:\/\/pluskata.pl\/www\/wp-content\/uploads\/2022\/05\/DSC_1187-1024x682.jpg 1024w, https:\/\/pluskata.pl\/www\/wp-content\/uploads\/2022\/05\/DSC_1187-768x512.jpg 768w, https:\/\/pluskata.pl\/www\/wp-content\/uploads\/2022\/05\/DSC_1187-1536x1024.jpg 1536w, https:\/\/pluskata.pl\/www\/wp-content\/uploads\/2022\/05\/DSC_1187-2048x1365.jpg 2048w, https:\/\/pluskata.pl\/www\/wp-content\/uploads\/2022\/05\/DSC_1187-150x100.jpg 150w\" sizes=\"auto, (max-width: 300px) 100vw, 300px\" \/><\/a>\u00a0 <a href=\"https:\/\/pluskata.pl\/www\/pl\/rejsy-2022\/z-gdanska-do-swinoujscia-29-04-07-05-2022\/dsc_1189\/\"><img loading=\"lazy\" decoding=\"async\" class=\"alignnone wp-image-1629 size-medium\" src=\"https:\/\/pluskata.pl\/www\/wp-content\/uploads\/2022\/05\/DSC_1189-300x200.jpg\" alt=\"Greifswalder Oie\" width=\"300\" height=\"200\" srcset=\"https:\/\/pluskata.pl\/www\/wp-content\/uploads\/2022\/05\/DSC_1189-300x200.jpg 300w, https:\/\/pluskata.pl\/www\/wp-content\/uploads\/2022\/05\/DSC_1189-1024x682.jpg 1024w, https:\/\/pluskata.pl\/www\/wp-content\/uploads\/2022\/05\/DSC_1189-768x512.jpg 768w, https:\/\/pluskata.pl\/www\/wp-content\/uploads\/2022\/05\/DSC_1189-1536x1023.jpg 1536w, https:\/\/pluskata.pl\/www\/wp-content\/uploads\/2022\/05\/DSC_1189-2048x1364.jpg 2048w, https:\/\/pluskata.pl\/www\/wp-content\/uploads\/2022\/05\/DSC_1189-150x100.jpg 150w\" sizes=\"auto, (max-width: 300px) 100vw, 300px\" \/><\/a><\/p>\n<p>Po sesji zdj\u0119ciowej obiad- pierogi, sma\u017cona kie\u0142basa z cebulk\u0105 i chleb. Wiatr zdycha, wi\u0119c po pr\u00f3bie p\u0142yni\u0119cia na 2 sztakslach z grotem lub bez, w ko\u0144cu zrzucamy \u017cagle i w\u0142\u0105czamy silnik. Przed nami 4 godziny na silniku&#8230;<\/p>\n<p><a href=\"https:\/\/pluskata.pl\/www\/pl\/rejsy-2022\/z-gdanska-do-swinoujscia-29-04-07-05-2022\/img-20220507-wa0001\/\"><img loading=\"lazy\" decoding=\"async\" class=\"alignnone wp-image-1627 size-medium\" src=\"https:\/\/pluskata.pl\/www\/wp-content\/uploads\/2022\/05\/IMG-20220507-WA0001-300x225.jpg\" alt=\"Podej\u015bcie \u015awinouj\u015bcie\" width=\"300\" height=\"225\" srcset=\"https:\/\/pluskata.pl\/www\/wp-content\/uploads\/2022\/05\/IMG-20220507-WA0001-300x225.jpg 300w, https:\/\/pluskata.pl\/www\/wp-content\/uploads\/2022\/05\/IMG-20220507-WA0001-1024x768.jpg 1024w, https:\/\/pluskata.pl\/www\/wp-content\/uploads\/2022\/05\/IMG-20220507-WA0001-768x576.jpg 768w, https:\/\/pluskata.pl\/www\/wp-content\/uploads\/2022\/05\/IMG-20220507-WA0001-1536x1152.jpg 1536w, https:\/\/pluskata.pl\/www\/wp-content\/uploads\/2022\/05\/IMG-20220507-WA0001-150x113.jpg 150w, https:\/\/pluskata.pl\/www\/wp-content\/uploads\/2022\/05\/IMG-20220507-WA0001.jpg 1600w\" sizes=\"auto, (max-width: 300px) 100vw, 300px\" \/><\/a><br \/>\nW \u015awinouj\u015bciu cumujemy o 2030. Drobne zakupy spo\u017cywcze, po\u017cegnalny bal kapita\u0144ski i nast\u0119pnego dnia koniec rejsu.<\/p>\n<p><a href=\"https:\/\/pluskata.pl\/www\/pl\/rejsy-2022\/ze-swinoujscia-do-kilonii-13-22-05-2022\/swinoujscie1\/\"><img loading=\"lazy\" decoding=\"async\" class=\"alignnone wp-image-1753 size-medium\" src=\"https:\/\/pluskata.pl\/www\/wp-content\/uploads\/2022\/05\/Swinoujscie1-225x300.jpg\" alt=\"\u015awinouj\u015bcie marina\" width=\"225\" height=\"300\" srcset=\"https:\/\/pluskata.pl\/www\/wp-content\/uploads\/2022\/05\/Swinoujscie1-225x300.jpg 225w, https:\/\/pluskata.pl\/www\/wp-content\/uploads\/2022\/05\/Swinoujscie1-768x1024.jpg 768w, https:\/\/pluskata.pl\/www\/wp-content\/uploads\/2022\/05\/Swinoujscie1-1152x1536.jpg 1152w, https:\/\/pluskata.pl\/www\/wp-content\/uploads\/2022\/05\/Swinoujscie1-1536x2048.jpg 1536w, https:\/\/pluskata.pl\/www\/wp-content\/uploads\/2022\/05\/Swinoujscie1-113x150.jpg 113w, https:\/\/pluskata.pl\/www\/wp-content\/uploads\/2022\/05\/Swinoujscie1-scaled.jpg 1920w\" sizes=\"auto, (max-width: 225px) 100vw, 225px\" \/><\/a>\u00a0 <a href=\"https:\/\/pluskata.pl\/www\/pl\/rejsy-2022\/ze-swinoujscia-do-kilonii-13-22-05-2022\/swinoujscie\/\"><img loading=\"lazy\" decoding=\"async\" class=\"alignnone wp-image-1752 size-medium\" src=\"https:\/\/pluskata.pl\/www\/wp-content\/uploads\/2022\/05\/Swinoujscie-300x225.jpg\" alt=\"\u015awinouj\u015bcie\" width=\"300\" height=\"225\" srcset=\"https:\/\/pluskata.pl\/www\/wp-content\/uploads\/2022\/05\/Swinoujscie-300x225.jpg 300w, https:\/\/pluskata.pl\/www\/wp-content\/uploads\/2022\/05\/Swinoujscie-1024x768.jpg 1024w, https:\/\/pluskata.pl\/www\/wp-content\/uploads\/2022\/05\/Swinoujscie-768x576.jpg 768w, https:\/\/pluskata.pl\/www\/wp-content\/uploads\/2022\/05\/Swinoujscie-1536x1152.jpg 1536w, https:\/\/pluskata.pl\/www\/wp-content\/uploads\/2022\/05\/Swinoujscie-2048x1536.jpg 2048w, https:\/\/pluskata.pl\/www\/wp-content\/uploads\/2022\/05\/Swinoujscie-150x113.jpg 150w\" sizes=\"auto, (max-width: 300px) 100vw, 300px\" \/><\/a><\/p>\n","protected":false},"excerpt":{"rendered":"<p>Trasa: Gda\u0144sk &#8211; W\u0142adys\u0142awowo Nexo- Ko\u0142obrzeg -\u015awinouj\u015bcie Termin: 29.04-07.05.2022 Mile\/godziny: 390Mm\/95h 30-04-2022 sobota W\u0142adys\u0142awowo Wyruszamy w rejs dooko\u0142a \u015bwiata. Zd\u0105\u017camy na otwarcie k\u0142adki o godzinie 9. Machamy na po\u017cegnanie c\u00f3rce i ruszamy w \u015bwiat. Na zatoce jest \u015bliczne s\u0142oneczko i wieje ok 2B a my p\u0142yniemy z pr\u0119dko\u015bci\u0105 6 w\u0119z\u0142\u00f3w.\u2026<\/p>\n<p class=\"continue-reading-button\"> <a class=\"continue-reading-link\" href=\"https:\/\/pluskata.pl\/www\/pl\/rejsy-2022\/z-gdanska-do-swinoujscia-29-04-07-05-2022\/\">Czytaj dalej\/Continue reading<i class=\"crycon-right-dir\"><\/i><\/a><\/p>\n","protected":false},"author":1,"featured_media":1691,"parent":1605,"menu_order":20,"comment_status":"closed","ping_status":"closed","template":"","meta":{"footnotes":""},"class_list":["post-1613","page","type-page","status-publish","has-post-thumbnail","hentry"],"yoast_head":"<!-- This site is optimized with the Yoast SEO plugin v27.5 - https:\/\/yoast.com\/product\/yoast-seo-wordpress\/ -->\n<title>Z Gda\u0144ska do \u015awinouj\u015bcia 29.04-07.05.2022 - Podr\u00f3\u017ce jachtem po \u015bwiecie<\/title>\n<meta name=\"robots\" content=\"index, follow, max-snippet:-1, max-image-preview:large, max-video-preview:-1\" \/>\n<link rel=\"canonical\" href=\"https:\/\/pluskata.pl\/www\/pl\/rejsy-2022\/z-gdanska-do-swinoujscia-29-04-07-05-2022\/\" \/>\n<meta property=\"og:locale\" content=\"pl_PL\" \/>\n<meta property=\"og:type\" content=\"article\" \/>\n<meta property=\"og:title\" content=\"Z Gda\u0144ska do \u015awinouj\u015bcia 29.04-07.05.2022 - Podr\u00f3\u017ce jachtem po \u015bwiecie\" \/>\n<meta property=\"og:description\" content=\"Trasa: Gda\u0144sk &#8211; W\u0142adys\u0142awowo Nexo- Ko\u0142obrzeg -\u015awinouj\u015bcie Termin: 29.04-07.05.2022 Mile\/godziny: 390Mm\/95h 30-04-2022 sobota W\u0142adys\u0142awowo Wyruszamy w rejs dooko\u0142a \u015bwiata. Zd\u0105\u017camy na otwarcie k\u0142adki o godzinie 9. Machamy na po\u017cegnanie c\u00f3rce i ruszamy w \u015bwiat. Na zatoce jest \u015bliczne s\u0142oneczko i wieje ok 2B a my p\u0142yniemy z pr\u0119dko\u015bci\u0105 6 w\u0119z\u0142\u00f3w.\u2026 Czytaj dalej\/Continue reading\" \/>\n<meta property=\"og:url\" content=\"https:\/\/pluskata.pl\/www\/pl\/rejsy-2022\/z-gdanska-do-swinoujscia-29-04-07-05-2022\/\" \/>\n<meta property=\"og:site_name\" content=\"Podr\u00f3\u017ce jachtem po \u015bwiecie\" \/>\n<meta property=\"article:publisher\" content=\"https:\/\/www.facebook.com\/pluskata\" \/>\n<meta property=\"article:modified_time\" content=\"2022-12-21T08:13:59+00:00\" \/>\n<meta property=\"og:image\" content=\"https:\/\/pluskata.pl\/www\/wp-content\/uploads\/2022\/05\/Gdansk-Swinoujscie_300.jpg\" \/>\n\t<meta property=\"og:image:width\" content=\"1029\" \/>\n\t<meta property=\"og:image:height\" content=\"475\" \/>\n\t<meta property=\"og:image:type\" content=\"image\/jpeg\" \/>\n<meta name=\"twitter:card\" content=\"summary_large_image\" \/>\n<meta name=\"twitter:label1\" content=\"Szacowany czas czytania\" \/>\n\t<meta name=\"twitter:data1\" content=\"4 minuty\" \/>\n<script type=\"application\/ld+json\" class=\"yoast-schema-graph\">{\"@context\":\"https:\\\/\\\/schema.org\",\"@graph\":[{\"@type\":\"WebPage\",\"@id\":\"https:\\\/\\\/pluskata.pl\\\/www\\\/pl\\\/rejsy-2022\\\/z-gdanska-do-swinoujscia-29-04-07-05-2022\\\/\",\"url\":\"https:\\\/\\\/pluskata.pl\\\/www\\\/pl\\\/rejsy-2022\\\/z-gdanska-do-swinoujscia-29-04-07-05-2022\\\/\",\"name\":\"Z Gda\u0144ska do \u015awinouj\u015bcia 29.04-07.05.2022 - Podr\u00f3\u017ce jachtem po \u015bwiecie\",\"isPartOf\":{\"@id\":\"https:\\\/\\\/pluskata.pl\\\/www\\\/#website\"},\"primaryImageOfPage\":{\"@id\":\"https:\\\/\\\/pluskata.pl\\\/www\\\/pl\\\/rejsy-2022\\\/z-gdanska-do-swinoujscia-29-04-07-05-2022\\\/#primaryimage\"},\"image\":{\"@id\":\"https:\\\/\\\/pluskata.pl\\\/www\\\/pl\\\/rejsy-2022\\\/z-gdanska-do-swinoujscia-29-04-07-05-2022\\\/#primaryimage\"},\"thumbnailUrl\":\"https:\\\/\\\/pluskata.pl\\\/www\\\/wp-content\\\/uploads\\\/2022\\\/05\\\/Gdansk-Swinoujscie_300.jpg\",\"datePublished\":\"2022-05-07T17:36:14+00:00\",\"dateModified\":\"2022-12-21T08:13:59+00:00\",\"breadcrumb\":{\"@id\":\"https:\\\/\\\/pluskata.pl\\\/www\\\/pl\\\/rejsy-2022\\\/z-gdanska-do-swinoujscia-29-04-07-05-2022\\\/#breadcrumb\"},\"inLanguage\":\"pl-PL\",\"potentialAction\":[{\"@type\":\"ReadAction\",\"target\":[\"https:\\\/\\\/pluskata.pl\\\/www\\\/pl\\\/rejsy-2022\\\/z-gdanska-do-swinoujscia-29-04-07-05-2022\\\/\"]}]},{\"@type\":\"ImageObject\",\"inLanguage\":\"pl-PL\",\"@id\":\"https:\\\/\\\/pluskata.pl\\\/www\\\/pl\\\/rejsy-2022\\\/z-gdanska-do-swinoujscia-29-04-07-05-2022\\\/#primaryimage\",\"url\":\"https:\\\/\\\/pluskata.pl\\\/www\\\/wp-content\\\/uploads\\\/2022\\\/05\\\/Gdansk-Swinoujscie_300.jpg\",\"contentUrl\":\"https:\\\/\\\/pluskata.pl\\\/www\\\/wp-content\\\/uploads\\\/2022\\\/05\\\/Gdansk-Swinoujscie_300.jpg\",\"width\":1029,\"height\":475,\"caption\":\"Trasa Gda\u0144sk-\u015awinoujscie\"},{\"@type\":\"BreadcrumbList\",\"@id\":\"https:\\\/\\\/pluskata.pl\\\/www\\\/pl\\\/rejsy-2022\\\/z-gdanska-do-swinoujscia-29-04-07-05-2022\\\/#breadcrumb\",\"itemListElement\":[{\"@type\":\"ListItem\",\"position\":1,\"name\":\"Strona g\u0142\u00f3wna\",\"item\":\"https:\\\/\\\/pluskata.pl\\\/www\\\/pl\\\/aktualnosci\\\/\"},{\"@type\":\"ListItem\",\"position\":2,\"name\":\"Rejsy 2022\",\"item\":\"https:\\\/\\\/pluskata.pl\\\/www\\\/pl\\\/rejsy-2022\\\/\"},{\"@type\":\"ListItem\",\"position\":3,\"name\":\"Z Gda\u0144ska do \u015awinouj\u015bcia 29.04-07.05.2022\"}]},{\"@type\":\"WebSite\",\"@id\":\"https:\\\/\\\/pluskata.pl\\\/www\\\/#website\",\"url\":\"https:\\\/\\\/pluskata.pl\\\/www\\\/\",\"name\":\"Podr\u00f3\u017ce jachtem po \u015bwiecie\",\"description\":\"Zapraszamy do wsp\u00f3lnego \u017ceglowania\",\"publisher\":{\"@id\":\"https:\\\/\\\/pluskata.pl\\\/www\\\/#\\\/schema\\\/person\\\/15daea66397efafeded8883b67482cc0\"},\"potentialAction\":[{\"@type\":\"SearchAction\",\"target\":{\"@type\":\"EntryPoint\",\"urlTemplate\":\"https:\\\/\\\/pluskata.pl\\\/www\\\/?s={search_term_string}\"},\"query-input\":{\"@type\":\"PropertyValueSpecification\",\"valueRequired\":true,\"valueName\":\"search_term_string\"}}],\"inLanguage\":\"pl-PL\"},{\"@type\":[\"Person\",\"Organization\"],\"@id\":\"https:\\\/\\\/pluskata.pl\\\/www\\\/#\\\/schema\\\/person\\\/15daea66397efafeded8883b67482cc0\",\"name\":\"Pluskata\",\"image\":{\"@type\":\"ImageObject\",\"inLanguage\":\"pl-PL\",\"@id\":\"https:\\\/\\\/pluskata.pl\\\/www\\\/wp-content\\\/uploads\\\/2020\\\/12\\\/cropped-Logo-Pluskata_512.png\",\"url\":\"https:\\\/\\\/pluskata.pl\\\/www\\\/wp-content\\\/uploads\\\/2020\\\/12\\\/cropped-Logo-Pluskata_512.png\",\"contentUrl\":\"https:\\\/\\\/pluskata.pl\\\/www\\\/wp-content\\\/uploads\\\/2020\\\/12\\\/cropped-Logo-Pluskata_512.png\",\"width\":512,\"height\":512,\"caption\":\"Pluskata\"},\"logo\":{\"@id\":\"https:\\\/\\\/pluskata.pl\\\/www\\\/wp-content\\\/uploads\\\/2020\\\/12\\\/cropped-Logo-Pluskata_512.png\"},\"sameAs\":[\"http:\\\/\\\/www.pluskata.pl\",\"https:\\\/\\\/www.facebook.com\\\/pluskata\"]}]}<\/script>\n<!-- \/ Yoast SEO plugin. -->","yoast_head_json":{"title":"Z Gda\u0144ska do \u015awinouj\u015bcia 29.04-07.05.2022 - Podr\u00f3\u017ce jachtem po \u015bwiecie","robots":{"index":"index","follow":"follow","max-snippet":"max-snippet:-1","max-image-preview":"max-image-preview:large","max-video-preview":"max-video-preview:-1"},"canonical":"https:\/\/pluskata.pl\/www\/pl\/rejsy-2022\/z-gdanska-do-swinoujscia-29-04-07-05-2022\/","og_locale":"pl_PL","og_type":"article","og_title":"Z Gda\u0144ska do \u015awinouj\u015bcia 29.04-07.05.2022 - Podr\u00f3\u017ce jachtem po \u015bwiecie","og_description":"Trasa: Gda\u0144sk &#8211; W\u0142adys\u0142awowo Nexo- Ko\u0142obrzeg -\u015awinouj\u015bcie Termin: 29.04-07.05.2022 Mile\/godziny: 390Mm\/95h 30-04-2022 sobota W\u0142adys\u0142awowo Wyruszamy w rejs dooko\u0142a \u015bwiata. Zd\u0105\u017camy na otwarcie k\u0142adki o godzinie 9. Machamy na po\u017cegnanie c\u00f3rce i ruszamy w \u015bwiat. Na zatoce jest \u015bliczne s\u0142oneczko i wieje ok 2B a my p\u0142yniemy z pr\u0119dko\u015bci\u0105 6 w\u0119z\u0142\u00f3w.\u2026 Czytaj dalej\/Continue reading","og_url":"https:\/\/pluskata.pl\/www\/pl\/rejsy-2022\/z-gdanska-do-swinoujscia-29-04-07-05-2022\/","og_site_name":"Podr\u00f3\u017ce jachtem po \u015bwiecie","article_publisher":"https:\/\/www.facebook.com\/pluskata","article_modified_time":"2022-12-21T08:13:59+00:00","og_image":[{"width":1029,"height":475,"url":"https:\/\/pluskata.pl\/www\/wp-content\/uploads\/2022\/05\/Gdansk-Swinoujscie_300.jpg","type":"image\/jpeg"}],"twitter_card":"summary_large_image","twitter_misc":{"Szacowany czas czytania":"4 minuty"},"schema":{"@context":"https:\/\/schema.org","@graph":[{"@type":"WebPage","@id":"https:\/\/pluskata.pl\/www\/pl\/rejsy-2022\/z-gdanska-do-swinoujscia-29-04-07-05-2022\/","url":"https:\/\/pluskata.pl\/www\/pl\/rejsy-2022\/z-gdanska-do-swinoujscia-29-04-07-05-2022\/","name":"Z Gda\u0144ska do \u015awinouj\u015bcia 29.04-07.05.2022 - Podr\u00f3\u017ce jachtem po \u015bwiecie","isPartOf":{"@id":"https:\/\/pluskata.pl\/www\/#website"},"primaryImageOfPage":{"@id":"https:\/\/pluskata.pl\/www\/pl\/rejsy-2022\/z-gdanska-do-swinoujscia-29-04-07-05-2022\/#primaryimage"},"image":{"@id":"https:\/\/pluskata.pl\/www\/pl\/rejsy-2022\/z-gdanska-do-swinoujscia-29-04-07-05-2022\/#primaryimage"},"thumbnailUrl":"https:\/\/pluskata.pl\/www\/wp-content\/uploads\/2022\/05\/Gdansk-Swinoujscie_300.jpg","datePublished":"2022-05-07T17:36:14+00:00","dateModified":"2022-12-21T08:13:59+00:00","breadcrumb":{"@id":"https:\/\/pluskata.pl\/www\/pl\/rejsy-2022\/z-gdanska-do-swinoujscia-29-04-07-05-2022\/#breadcrumb"},"inLanguage":"pl-PL","potentialAction":[{"@type":"ReadAction","target":["https:\/\/pluskata.pl\/www\/pl\/rejsy-2022\/z-gdanska-do-swinoujscia-29-04-07-05-2022\/"]}]},{"@type":"ImageObject","inLanguage":"pl-PL","@id":"https:\/\/pluskata.pl\/www\/pl\/rejsy-2022\/z-gdanska-do-swinoujscia-29-04-07-05-2022\/#primaryimage","url":"https:\/\/pluskata.pl\/www\/wp-content\/uploads\/2022\/05\/Gdansk-Swinoujscie_300.jpg","contentUrl":"https:\/\/pluskata.pl\/www\/wp-content\/uploads\/2022\/05\/Gdansk-Swinoujscie_300.jpg","width":1029,"height":475,"caption":"Trasa Gda\u0144sk-\u015awinoujscie"},{"@type":"BreadcrumbList","@id":"https:\/\/pluskata.pl\/www\/pl\/rejsy-2022\/z-gdanska-do-swinoujscia-29-04-07-05-2022\/#breadcrumb","itemListElement":[{"@type":"ListItem","position":1,"name":"Strona g\u0142\u00f3wna","item":"https:\/\/pluskata.pl\/www\/pl\/aktualnosci\/"},{"@type":"ListItem","position":2,"name":"Rejsy 2022","item":"https:\/\/pluskata.pl\/www\/pl\/rejsy-2022\/"},{"@type":"ListItem","position":3,"name":"Z Gda\u0144ska do \u015awinouj\u015bcia 29.04-07.05.2022"}]},{"@type":"WebSite","@id":"https:\/\/pluskata.pl\/www\/#website","url":"https:\/\/pluskata.pl\/www\/","name":"Podr\u00f3\u017ce jachtem po \u015bwiecie","description":"Zapraszamy do wsp\u00f3lnego \u017ceglowania","publisher":{"@id":"https:\/\/pluskata.pl\/www\/#\/schema\/person\/15daea66397efafeded8883b67482cc0"},"potentialAction":[{"@type":"SearchAction","target":{"@type":"EntryPoint","urlTemplate":"https:\/\/pluskata.pl\/www\/?s={search_term_string}"},"query-input":{"@type":"PropertyValueSpecification","valueRequired":true,"valueName":"search_term_string"}}],"inLanguage":"pl-PL"},{"@type":["Person","Organization"],"@id":"https:\/\/pluskata.pl\/www\/#\/schema\/person\/15daea66397efafeded8883b67482cc0","name":"Pluskata","image":{"@type":"ImageObject","inLanguage":"pl-PL","@id":"https:\/\/pluskata.pl\/www\/wp-content\/uploads\/2020\/12\/cropped-Logo-Pluskata_512.png","url":"https:\/\/pluskata.pl\/www\/wp-content\/uploads\/2020\/12\/cropped-Logo-Pluskata_512.png","contentUrl":"https:\/\/pluskata.pl\/www\/wp-content\/uploads\/2020\/12\/cropped-Logo-Pluskata_512.png","width":512,"height":512,"caption":"Pluskata"},"logo":{"@id":"https:\/\/pluskata.pl\/www\/wp-content\/uploads\/2020\/12\/cropped-Logo-Pluskata_512.png"},"sameAs":["http:\/\/www.pluskata.pl","https:\/\/www.facebook.com\/pluskata"]}]}},"_links":{"self":[{"href":"https:\/\/pluskata.pl\/www\/wp-json\/wp\/v2\/pages\/1613","targetHints":{"allow":["GET"]}}],"collection":[{"href":"https:\/\/pluskata.pl\/www\/wp-json\/wp\/v2\/pages"}],"about":[{"href":"https:\/\/pluskata.pl\/www\/wp-json\/wp\/v2\/types\/page"}],"author":[{"embeddable":true,"href":"https:\/\/pluskata.pl\/www\/wp-json\/wp\/v2\/users\/1"}],"replies":[{"embeddable":true,"href":"https:\/\/pluskata.pl\/www\/wp-json\/wp\/v2\/comments?post=1613"}],"version-history":[{"count":0,"href":"https:\/\/pluskata.pl\/www\/wp-json\/wp\/v2\/pages\/1613\/revisions"}],"up":[{"embeddable":true,"href":"https:\/\/pluskata.pl\/www\/wp-json\/wp\/v2\/pages\/1605"}],"wp:featuredmedia":[{"embeddable":true,"href":"https:\/\/pluskata.pl\/www\/wp-json\/wp\/v2\/media\/1691"}],"wp:attachment":[{"href":"https:\/\/pluskata.pl\/www\/wp-json\/wp\/v2\/media?parent=1613"}],"curies":[{"name":"wp","href":"https:\/\/api.w.org\/{rel}","templated":true}]}}