{"id":1609,"date":"2022-05-07T19:26:20","date_gmt":"2022-05-07T17:26:20","guid":{"rendered":"https:\/\/pluskata.pl\/www\/?page_id=1609"},"modified":"2022-12-14T20:12:52","modified_gmt":"2022-12-14T19:12:52","slug":"crusies-2022","status":"publish","type":"page","link":"https:\/\/pluskata.pl\/www\/en\/crusies-2022\/","title":{"rendered":"Crusies 2022"},"content":{"rendered":"<p><a href=\"https:\/\/pluskata.pl\/www\/en\/crusies-2022\/trasy-2022_14-2\/\"><img loading=\"lazy\" decoding=\"async\" class=\"alignnone wp-image-3432 size-large\" src=\"https:\/\/pluskata.pl\/www\/wp-content\/uploads\/2022\/12\/Trasy-2022_14-1024x845.jpg\" alt=\"Routes 2022\" width=\"1024\" height=\"845\" srcset=\"https:\/\/pluskata.pl\/www\/wp-content\/uploads\/2022\/12\/Trasy-2022_14-1024x845.jpg 1024w, https:\/\/pluskata.pl\/www\/wp-content\/uploads\/2022\/12\/Trasy-2022_14-300x248.jpg 300w, https:\/\/pluskata.pl\/www\/wp-content\/uploads\/2022\/12\/Trasy-2022_14-768x634.jpg 768w, https:\/\/pluskata.pl\/www\/wp-content\/uploads\/2022\/12\/Trasy-2022_14-1536x1268.jpg 1536w, https:\/\/pluskata.pl\/www\/wp-content\/uploads\/2022\/12\/Trasy-2022_14-2048x1691.jpg 2048w, https:\/\/pluskata.pl\/www\/wp-content\/uploads\/2022\/12\/Trasy-2022_14-150x124.jpg 150w\" sizes=\"auto, (max-width: 1024px) 100vw, 1024px\" \/><\/a><\/p>\n<div id=\"ccchildpages-1\" class=\"ccchildpages ccflex onecol simple ccclearfix\"><div class=\"ccchildpage  ccodd ccpage-count-1 ccpage-id-3435 ccpage-from-tenerife-to-gran-canaria-25-11-4-12-2022 ccpage-has-parent ccpage-pid-1609 ccpage-parent-crusies-2022\"><h3 class=\"ccpage_title ccpage_linked_title\" title=\"From Tenerife to Gran Canaria 25.11 \u2013 4.12.2022\"><a class=\"ccpage_title_link\" href=\"https:\/\/pluskata.pl\/www\/en\/crusies-2022\/from-tenerife-to-gran-canaria-25-11-4-12-2022\/\" title=\"From Tenerife to Gran Canaria 25.11 \u2013 4.12.2022\">From Tenerife to Gran Canaria 25.11 \u2013 4.12.2022<\/a><\/h3><a class=\"ccpage_linked_thumb\" href=\"https:\/\/pluskata.pl\/www\/en\/crusies-2022\/from-tenerife-to-gran-canaria-25-11-4-12-2022\/\" title=\"From Tenerife to Gran Canaria 25.11 \u2013 4.12.2022\"><a href=\"https:\/\/pluskata.pl\/www\/en\/crusies-2022\/from-tenerife-to-gran-canaria-25-11-4-12-2022\/\" title=\"From Tenerife to Gran Canaria 25.11 \u2013 4.12.2022\"><img loading=\"lazy\" decoding=\"async\" width=\"300\" height=\"166\" src=\"https:\/\/pluskata.pl\/www\/wp-content\/uploads\/2022\/12\/Teneryfa-Gran-Canaria-300x166.jpg\" class=\"cc-child-pages-thumb wp-post-image\" alt=\"From Tenerife to Gran Canaria 25.11 \u2013 4.12.2022\" title=\"From Tenerife to Gran Canaria 25.11 \u2013 4.12.2022\" srcset=\"https:\/\/pluskata.pl\/www\/wp-content\/uploads\/2022\/12\/Teneryfa-Gran-Canaria-300x166.jpg 300w, https:\/\/pluskata.pl\/www\/wp-content\/uploads\/2022\/12\/Teneryfa-Gran-Canaria-1024x568.jpg 1024w, https:\/\/pluskata.pl\/www\/wp-content\/uploads\/2022\/12\/Teneryfa-Gran-Canaria-768x426.jpg 768w, https:\/\/pluskata.pl\/www\/wp-content\/uploads\/2022\/12\/Teneryfa-Gran-Canaria-1536x852.jpg 1536w, https:\/\/pluskata.pl\/www\/wp-content\/uploads\/2022\/12\/Teneryfa-Gran-Canaria-2048x1136.jpg 2048w, https:\/\/pluskata.pl\/www\/wp-content\/uploads\/2022\/12\/Teneryfa-Gran-Canaria-150x83.jpg 150w\" sizes=\"auto, (max-width: 300px) 100vw, 300px\" \/><\/a><\/a><div class=\"ccpages_excerpt\">Route:\u00a0San Miguel-La Gomera-Santa Cruz de La Palma-Santa Cruz de Tenerife-Las Palmas Dates: 25.11 \u2013 4.12.2022 Miles\/ hours:\u00a0273Mm\/64h 24-11-2022 Thursday In the afternoon, part of the crew arrives in a rental car....<\/div><p class=\"ccpages_more\"><a href=\"https:\/\/pluskata.pl\/www\/en\/crusies-2022\/from-tenerife-to-gran-canaria-25-11-4-12-2022\/\"  title=\"More...\">More...<\/a><\/p><\/div><div class=\"ccchildpage  cceven ccpage-count-2 ccpage-id-3324 ccpage-from-madera-to-tenerife-22-29-10-2022 ccpage-has-parent ccpage-pid-1609 ccpage-parent-crusies-2022\"><h3 class=\"ccpage_title ccpage_linked_title\" title=\"From Madera to Tenerife 22-29.10.2022\"><a class=\"ccpage_title_link\" href=\"https:\/\/pluskata.pl\/www\/en\/crusies-2022\/from-madera-to-tenerife-22-29-10-2022\/\" title=\"From Madera to Tenerife 22-29.10.2022\">From Madera to Tenerife 22-29.10.2022<\/a><\/h3><a class=\"ccpage_linked_thumb\" href=\"https:\/\/pluskata.pl\/www\/en\/crusies-2022\/from-madera-to-tenerife-22-29-10-2022\/\" title=\"From Madera to Tenerife 22-29.10.2022\"><a href=\"https:\/\/pluskata.pl\/www\/en\/crusies-2022\/from-madera-to-tenerife-22-29-10-2022\/\" title=\"From Madera to Tenerife 22-29.10.2022\"><img loading=\"lazy\" decoding=\"async\" width=\"300\" height=\"206\" src=\"https:\/\/pluskata.pl\/www\/wp-content\/uploads\/2022\/11\/MaderaTeneryfa-300x206.jpg\" class=\"cc-child-pages-thumb wp-post-image\" alt=\"From Madera to Tenerife 22-29.10.2022\" title=\"From Madera to Tenerife 22-29.10.2022\" srcset=\"https:\/\/pluskata.pl\/www\/wp-content\/uploads\/2022\/11\/MaderaTeneryfa-300x206.jpg 300w, https:\/\/pluskata.pl\/www\/wp-content\/uploads\/2022\/11\/MaderaTeneryfa-1024x703.jpg 1024w, https:\/\/pluskata.pl\/www\/wp-content\/uploads\/2022\/11\/MaderaTeneryfa-768x528.jpg 768w, https:\/\/pluskata.pl\/www\/wp-content\/uploads\/2022\/11\/MaderaTeneryfa-1536x1055.jpg 1536w, https:\/\/pluskata.pl\/www\/wp-content\/uploads\/2022\/11\/MaderaTeneryfa-2048x1407.jpg 2048w, https:\/\/pluskata.pl\/www\/wp-content\/uploads\/2022\/11\/MaderaTeneryfa-150x103.jpg 150w\" sizes=\"auto, (max-width: 300px) 100vw, 300px\" \/><\/a><\/a><div class=\"ccpages_excerpt\">Route: Funchal - Selvagen Grande, Santa Cruz, Guimar, La Galera - San Miguel Dates: 22-29.10.2022 Miles \/ hours: 341Nm \/ 82h 22-10-2022 Saturday Funchal In the morning, the middle yacht departs...<\/div><p class=\"ccpages_more\"><a href=\"https:\/\/pluskata.pl\/www\/en\/crusies-2022\/from-madera-to-tenerife-22-29-10-2022\/\"  title=\"More...\">More...<\/a><\/p><\/div><div class=\"ccchildpage  ccodd ccpage-count-3 ccpage-id-3206 ccpage-from-lisbon-to-madeira-30-09-8-10-2022 ccpage-has-parent ccpage-pid-1609 ccpage-parent-crusies-2022\"><h3 class=\"ccpage_title ccpage_linked_title\" title=\"From Lisbon to Madeira 30.09-8.10.2022\"><a class=\"ccpage_title_link\" href=\"https:\/\/pluskata.pl\/www\/en\/crusies-2022\/from-lisbon-to-madeira-30-09-8-10-2022\/\" title=\"From Lisbon to Madeira 30.09-8.10.2022\">From Lisbon to Madeira 30.09-8.10.2022<\/a><\/h3><a class=\"ccpage_linked_thumb\" href=\"https:\/\/pluskata.pl\/www\/en\/crusies-2022\/from-lisbon-to-madeira-30-09-8-10-2022\/\" title=\"From Lisbon to Madeira 30.09-8.10.2022\"><a href=\"https:\/\/pluskata.pl\/www\/en\/crusies-2022\/from-lisbon-to-madeira-30-09-8-10-2022\/\" title=\"From Lisbon to Madeira 30.09-8.10.2022\"><img loading=\"lazy\" decoding=\"async\" width=\"300\" height=\"259\" src=\"https:\/\/pluskata.pl\/www\/wp-content\/uploads\/2022\/10\/Cascais-Madera-300x259.jpg\" class=\"cc-child-pages-thumb wp-post-image\" alt=\"From Lisbon to Madeira 30.09-8.10.2022\" title=\"From Lisbon to Madeira 30.09-8.10.2022\" srcset=\"https:\/\/pluskata.pl\/www\/wp-content\/uploads\/2022\/10\/Cascais-Madera-300x259.jpg 300w, https:\/\/pluskata.pl\/www\/wp-content\/uploads\/2022\/10\/Cascais-Madera-1024x886.jpg 1024w, https:\/\/pluskata.pl\/www\/wp-content\/uploads\/2022\/10\/Cascais-Madera-768x664.jpg 768w, https:\/\/pluskata.pl\/www\/wp-content\/uploads\/2022\/10\/Cascais-Madera-1536x1328.jpg 1536w, https:\/\/pluskata.pl\/www\/wp-content\/uploads\/2022\/10\/Cascais-Madera-150x130.jpg 150w, https:\/\/pluskata.pl\/www\/wp-content\/uploads\/2022\/10\/Cascais-Madera.jpg 1908w\" sizes=\"auto, (max-width: 300px) 100vw, 300px\" \/><\/a><\/a><div class=\"ccpages_excerpt\">Route: Cascais \u2013 Porto Santo \u2013\u00a0 Funchal Date: 30.09-8.10.2022 Miles\/ hours: 529Mm\/115h 30-10-2022 Friday Cascai In the morning, some of the crew go sightseeing around the city. Cascais is a summer...<\/div><p class=\"ccpages_more\"><a href=\"https:\/\/pluskata.pl\/www\/en\/crusies-2022\/from-lisbon-to-madeira-30-09-8-10-2022\/\"  title=\"More...\">More...<\/a><\/p><\/div><div class=\"ccchildpage  cceven ccpage-count-4 ccpage-id-2979 ccpage-from-coruna-to-lisbon-12-25-09-2022 ccpage-has-parent ccpage-pid-1609 ccpage-parent-crusies-2022\"><h3 class=\"ccpage_title ccpage_linked_title\" title=\"From Coruna to Lisbon 12- 25.09.2022\"><a class=\"ccpage_title_link\" href=\"https:\/\/pluskata.pl\/www\/en\/crusies-2022\/from-coruna-to-lisbon-12-25-09-2022\/\" title=\"From Coruna to Lisbon 12- 25.09.2022\">From Coruna to Lisbon 12- 25.09.2022<\/a><\/h3><a class=\"ccpage_linked_thumb\" href=\"https:\/\/pluskata.pl\/www\/en\/crusies-2022\/from-coruna-to-lisbon-12-25-09-2022\/\" title=\"From Coruna to Lisbon 12- 25.09.2022\"><a href=\"https:\/\/pluskata.pl\/www\/en\/crusies-2022\/from-coruna-to-lisbon-12-25-09-2022\/\" title=\"From Coruna to Lisbon 12- 25.09.2022\"><img loading=\"lazy\" decoding=\"async\" width=\"300\" height=\"257\" src=\"https:\/\/pluskata.pl\/www\/wp-content\/uploads\/2022\/09\/A-Coruna-Lizbona-300x257.png\" class=\"cc-child-pages-thumb wp-post-image\" alt=\"From Coruna to Lisbon 12- 25.09.2022\" title=\"From Coruna to Lisbon 12- 25.09.2022\" srcset=\"https:\/\/pluskata.pl\/www\/wp-content\/uploads\/2022\/09\/A-Coruna-Lizbona-300x257.png 300w, https:\/\/pluskata.pl\/www\/wp-content\/uploads\/2022\/09\/A-Coruna-Lizbona-1024x879.png 1024w, https:\/\/pluskata.pl\/www\/wp-content\/uploads\/2022\/09\/A-Coruna-Lizbona-768x659.png 768w, https:\/\/pluskata.pl\/www\/wp-content\/uploads\/2022\/09\/A-Coruna-Lizbona-150x129.png 150w, https:\/\/pluskata.pl\/www\/wp-content\/uploads\/2022\/09\/A-Coruna-Lizbona.png 1099w\" sizes=\"auto, (max-width: 300px) 100vw, 300px\" \/><\/a><\/a><div class=\"ccpages_excerpt\">Route: A Coruna - Muxia - Muros - Baiona - Porto - Figueria da Foz - Nazare - Peniche - Lizbona Date: 12-25.09.2022 Miles\/ hours: 425Mm\/95h 12-09-2022 Monday A Coruna In...<\/div><p class=\"ccpages_more\"><a href=\"https:\/\/pluskata.pl\/www\/en\/crusies-2022\/from-coruna-to-lisbon-12-25-09-2022\/\"  title=\"More...\">More...<\/a><\/p><\/div><div class=\"ccchildpage  ccodd ccpage-count-5 ccpage-id-2635 ccpage-from-bilbao-to-a-coruna-26-08-04-09-2022 ccpage-has-parent ccpage-pid-1609 ccpage-parent-crusies-2022\"><h3 class=\"ccpage_title ccpage_linked_title\" title=\"From Bilbao to A Coruna 26.08-04.09.2022\"><a class=\"ccpage_title_link\" href=\"https:\/\/pluskata.pl\/www\/en\/crusies-2022\/from-bilbao-to-a-coruna-26-08-04-09-2022\/\" title=\"From Bilbao to A Coruna 26.08-04.09.2022\">From Bilbao to A Coruna 26.08-04.09.2022<\/a><\/h3><a class=\"ccpage_linked_thumb\" href=\"https:\/\/pluskata.pl\/www\/en\/crusies-2022\/from-bilbao-to-a-coruna-26-08-04-09-2022\/\" title=\"From Bilbao to A Coruna 26.08-04.09.2022\"><a href=\"https:\/\/pluskata.pl\/www\/en\/crusies-2022\/from-bilbao-to-a-coruna-26-08-04-09-2022\/\" title=\"From Bilbao to A Coruna 26.08-04.09.2022\"><img loading=\"lazy\" decoding=\"async\" width=\"300\" height=\"135\" src=\"https:\/\/pluskata.pl\/www\/wp-content\/uploads\/2022\/09\/Bilbao-A-Coruna-300x135.jpg\" class=\"cc-child-pages-thumb wp-post-image\" alt=\"From Bilbao to A Coruna 26.08-04.09.2022\" title=\"From Bilbao to A Coruna 26.08-04.09.2022\" srcset=\"https:\/\/pluskata.pl\/www\/wp-content\/uploads\/2022\/09\/Bilbao-A-Coruna-300x135.jpg 300w, https:\/\/pluskata.pl\/www\/wp-content\/uploads\/2022\/09\/Bilbao-A-Coruna-1024x462.jpg 1024w, https:\/\/pluskata.pl\/www\/wp-content\/uploads\/2022\/09\/Bilbao-A-Coruna-768x347.jpg 768w, https:\/\/pluskata.pl\/www\/wp-content\/uploads\/2022\/09\/Bilbao-A-Coruna-1536x694.jpg 1536w, https:\/\/pluskata.pl\/www\/wp-content\/uploads\/2022\/09\/Bilbao-A-Coruna-2048x925.jpg 2048w, https:\/\/pluskata.pl\/www\/wp-content\/uploads\/2022\/09\/Bilbao-A-Coruna-150x68.jpg 150w\" sizes=\"auto, (max-width: 300px) 100vw, 300px\" \/><\/a><\/a><div class=\"ccpages_excerpt\">Route: Bilbao - Santander - Gijon - Ribadeo - Cedeira - A Coruna Date: 25.04-04.09.2022 Miles \/ hours:\u00a0320Mm\/66h 25-08-2022 Thursday, Bilbao In the evening we go to Bilbao for the fireworks...<\/div><p class=\"ccpages_more\"><a href=\"https:\/\/pluskata.pl\/www\/en\/crusies-2022\/from-bilbao-to-a-coruna-26-08-04-09-2022\/\"  title=\"More...\">More...<\/a><\/p><\/div><div class=\"ccchildpage  cceven ccpage-count-6 ccpage-id-2498 ccpage-from-la-rochelle-to-bilbao-12-21-08-2022 ccpage-has-parent ccpage-pid-1609 ccpage-parent-crusies-2022\"><h3 class=\"ccpage_title ccpage_linked_title\" title=\"From La Rochelle to Bilbao 12-21.08.2022\"><a class=\"ccpage_title_link\" href=\"https:\/\/pluskata.pl\/www\/en\/crusies-2022\/from-la-rochelle-to-bilbao-12-21-08-2022\/\" title=\"From La Rochelle to Bilbao 12-21.08.2022\">From La Rochelle to Bilbao 12-21.08.2022<\/a><\/h3><a class=\"ccpage_linked_thumb\" href=\"https:\/\/pluskata.pl\/www\/en\/crusies-2022\/from-la-rochelle-to-bilbao-12-21-08-2022\/\" title=\"From La Rochelle to Bilbao 12-21.08.2022\"><a href=\"https:\/\/pluskata.pl\/www\/en\/crusies-2022\/from-la-rochelle-to-bilbao-12-21-08-2022\/\" title=\"From La Rochelle to Bilbao 12-21.08.2022\"><img loading=\"lazy\" decoding=\"async\" width=\"300\" height=\"230\" src=\"https:\/\/pluskata.pl\/www\/wp-content\/uploads\/2022\/08\/La-Rochelle-Bilbao-300x230.jpg\" class=\"cc-child-pages-thumb wp-post-image\" alt=\"From La Rochelle to Bilbao 12-21.08.2022\" title=\"From La Rochelle to Bilbao 12-21.08.2022\" srcset=\"https:\/\/pluskata.pl\/www\/wp-content\/uploads\/2022\/08\/La-Rochelle-Bilbao-300x230.jpg 300w, https:\/\/pluskata.pl\/www\/wp-content\/uploads\/2022\/08\/La-Rochelle-Bilbao-1024x786.jpg 1024w, https:\/\/pluskata.pl\/www\/wp-content\/uploads\/2022\/08\/La-Rochelle-Bilbao-768x590.jpg 768w, https:\/\/pluskata.pl\/www\/wp-content\/uploads\/2022\/08\/La-Rochelle-Bilbao-1536x1179.jpg 1536w, https:\/\/pluskata.pl\/www\/wp-content\/uploads\/2022\/08\/La-Rochelle-Bilbao-150x115.jpg 150w, https:\/\/pluskata.pl\/www\/wp-content\/uploads\/2022\/08\/La-Rochelle-Bilbao.jpg 1920w\" sizes=\"auto, (max-width: 300px) 100vw, 300px\" \/><\/a><\/a><div class=\"ccpages_excerpt\">Route: La Rochelle - Royan - Capberton - Anglet - Getaria - Bilbao Date: 12-21.08.2022 Miles \/ hours: 303Mm\/57h 13-08-2022 Saturday to Royan We get up at 6 am, drink coffee...<\/div><p class=\"ccpages_more\"><a href=\"https:\/\/pluskata.pl\/www\/en\/crusies-2022\/from-la-rochelle-to-bilbao-12-21-08-2022\/\"  title=\"More...\">More...<\/a><\/p><\/div><div class=\"ccchildpage  ccodd ccpage-count-7 ccpage-id-2411 ccpage-from-brest-to-la-rochelle-29-07-07-08-2022 ccpage-has-parent ccpage-pid-1609 ccpage-parent-crusies-2022\"><h3 class=\"ccpage_title ccpage_linked_title\" title=\"From Brest to La Rochelle 29.07-07.08.2022\"><a class=\"ccpage_title_link\" href=\"https:\/\/pluskata.pl\/www\/en\/crusies-2022\/from-brest-to-la-rochelle-29-07-07-08-2022\/\" title=\"From Brest to La Rochelle 29.07-07.08.2022\">From Brest to La Rochelle 29.07-07.08.2022<\/a><\/h3><a class=\"ccpage_linked_thumb\" href=\"https:\/\/pluskata.pl\/www\/en\/crusies-2022\/from-brest-to-la-rochelle-29-07-07-08-2022\/\" title=\"From Brest to La Rochelle 29.07-07.08.2022\"><a href=\"https:\/\/pluskata.pl\/www\/en\/crusies-2022\/from-brest-to-la-rochelle-29-07-07-08-2022\/\" title=\"From Brest to La Rochelle 29.07-07.08.2022\"><img loading=\"lazy\" decoding=\"async\" width=\"300\" height=\"231\" src=\"https:\/\/pluskata.pl\/www\/wp-content\/uploads\/2022\/08\/Brest-La-Rochelle-300x231.jpg\" class=\"cc-child-pages-thumb wp-post-image\" alt=\"From Brest to La Rochelle 29.07-07.08.2022\" title=\"From Brest to La Rochelle 29.07-07.08.2022\" srcset=\"https:\/\/pluskata.pl\/www\/wp-content\/uploads\/2022\/08\/Brest-La-Rochelle-300x231.jpg 300w, https:\/\/pluskata.pl\/www\/wp-content\/uploads\/2022\/08\/Brest-La-Rochelle-1024x789.jpg 1024w, https:\/\/pluskata.pl\/www\/wp-content\/uploads\/2022\/08\/Brest-La-Rochelle-768x592.jpg 768w, https:\/\/pluskata.pl\/www\/wp-content\/uploads\/2022\/08\/Brest-La-Rochelle-150x116.jpg 150w, https:\/\/pluskata.pl\/www\/wp-content\/uploads\/2022\/08\/Brest-La-Rochelle.jpg 1078w\" sizes=\"auto, (max-width: 300px) 100vw, 300px\" \/><\/a><\/a><div class=\"ccpages_excerpt\">Route: Brest - Loctudy - Lorient - Pornichet - Joinville - La Rochelle Date: 29.07-07.08.2022 Miles \/ hours: 301Mm\/64h 29-07-2022 Friday Brest A new crew is coming. Together, we make a...<\/div><p class=\"ccpages_more\"><a href=\"https:\/\/pluskata.pl\/www\/en\/crusies-2022\/from-brest-to-la-rochelle-29-07-07-08-2022\/\"  title=\"More...\">More...<\/a><\/p><\/div><div class=\"ccchildpage  cceven ccpage-count-8 ccpage-id-2219 ccpage-from-le-havre-to-brest-09-23-07-2022 ccpage-has-parent ccpage-pid-1609 ccpage-parent-crusies-2022\"><h3 class=\"ccpage_title ccpage_linked_title\" title=\"From Le Havre to Brest 09-23.07.2022\"><a class=\"ccpage_title_link\" href=\"https:\/\/pluskata.pl\/www\/en\/crusies-2022\/from-le-havre-to-brest-09-23-07-2022\/\" title=\"From Le Havre to Brest 09-23.07.2022\">From Le Havre to Brest 09-23.07.2022<\/a><\/h3><a class=\"ccpage_linked_thumb\" href=\"https:\/\/pluskata.pl\/www\/en\/crusies-2022\/from-le-havre-to-brest-09-23-07-2022\/\" title=\"From Le Havre to Brest 09-23.07.2022\"><a href=\"https:\/\/pluskata.pl\/www\/en\/crusies-2022\/from-le-havre-to-brest-09-23-07-2022\/\" title=\"From Le Havre to Brest 09-23.07.2022\"><img loading=\"lazy\" decoding=\"async\" width=\"300\" height=\"139\" src=\"https:\/\/pluskata.pl\/www\/wp-content\/uploads\/2022\/07\/Hawr-Brest-300x139.jpg\" class=\"cc-child-pages-thumb wp-post-image\" alt=\"From Le Havre to Brest 09-23.07.2022\" title=\"From Le Havre to Brest 09-23.07.2022\" srcset=\"https:\/\/pluskata.pl\/www\/wp-content\/uploads\/2022\/07\/Hawr-Brest-300x139.jpg 300w, https:\/\/pluskata.pl\/www\/wp-content\/uploads\/2022\/07\/Hawr-Brest-1024x475.jpg 1024w, https:\/\/pluskata.pl\/www\/wp-content\/uploads\/2022\/07\/Hawr-Brest-768x356.jpg 768w, https:\/\/pluskata.pl\/www\/wp-content\/uploads\/2022\/07\/Hawr-Brest-1536x712.jpg 1536w, https:\/\/pluskata.pl\/www\/wp-content\/uploads\/2022\/07\/Hawr-Brest-150x70.jpg 150w, https:\/\/pluskata.pl\/www\/wp-content\/uploads\/2022\/07\/Hawr-Brest.jpg 1920w\" sizes=\"auto, (max-width: 300px) 100vw, 300px\" \/><\/a><\/a><div class=\"ccpages_excerpt\">Route: La Havre - Chreburg - Gernsey - Jersey - St. Malo - Saint Quay - Rostoff - Aber Wrac'H - Brest Date: 09-23.07.2022 Miles \/ hours: 385Mm\/81h 9-07-2022 Saturday to...<\/div><p class=\"ccpages_more\"><a href=\"https:\/\/pluskata.pl\/www\/en\/crusies-2022\/from-le-havre-to-brest-09-23-07-2022\/\"  title=\"More...\">More...<\/a><\/p><\/div><div class=\"ccchildpage  ccodd ccpage-count-9 ccpage-id-2074 ccpage-from-hague-to-la-havre-24-06-03-07-2022 ccpage-has-parent ccpage-pid-1609 ccpage-parent-crusies-2022\"><h3 class=\"ccpage_title ccpage_linked_title\" title=\"From Hague to La Havre 24.06-03.07.2022\"><a class=\"ccpage_title_link\" href=\"https:\/\/pluskata.pl\/www\/en\/crusies-2022\/from-hague-to-la-havre-24-06-03-07-2022\/\" title=\"From Hague to La Havre 24.06-03.07.2022\">From Hague to La Havre 24.06-03.07.2022<\/a><\/h3><a class=\"ccpage_linked_thumb\" href=\"https:\/\/pluskata.pl\/www\/en\/crusies-2022\/from-hague-to-la-havre-24-06-03-07-2022\/\" title=\"From Hague to La Havre 24.06-03.07.2022\"><a href=\"https:\/\/pluskata.pl\/www\/en\/crusies-2022\/from-hague-to-la-havre-24-06-03-07-2022\/\" title=\"From Hague to La Havre 24.06-03.07.2022\"><img loading=\"lazy\" decoding=\"async\" width=\"300\" height=\"206\" src=\"https:\/\/pluskata.pl\/www\/wp-content\/uploads\/2022\/07\/Haga-Hawr-300x206.jpg\" class=\"cc-child-pages-thumb wp-post-image\" alt=\"From Hague to La Havre 24.06-03.07.2022\" title=\"From Hague to La Havre 24.06-03.07.2022\" srcset=\"https:\/\/pluskata.pl\/www\/wp-content\/uploads\/2022\/07\/Haga-Hawr-300x206.jpg 300w, https:\/\/pluskata.pl\/www\/wp-content\/uploads\/2022\/07\/Haga-Hawr-1024x702.jpg 1024w, https:\/\/pluskata.pl\/www\/wp-content\/uploads\/2022\/07\/Haga-Hawr-768x526.jpg 768w, https:\/\/pluskata.pl\/www\/wp-content\/uploads\/2022\/07\/Haga-Hawr-150x103.jpg 150w, https:\/\/pluskata.pl\/www\/wp-content\/uploads\/2022\/07\/Haga-Hawr.jpg 1328w\" sizes=\"auto, (max-width: 300px) 100vw, 300px\" \/><\/a><\/a><div class=\"ccpages_excerpt\">Route: Sheveningen - Osdend - Boulogne sur mer - Dieppe - La Havre Date: 24.06-03.07.2022 Miles \/ hours: 316Mm\/70h 24-06-2022 Friday Schveningen In the morning we go shopping by bike. We...<\/div><p class=\"ccpages_more\"><a href=\"https:\/\/pluskata.pl\/www\/en\/crusies-2022\/from-hague-to-la-havre-24-06-03-07-2022\/\"  title=\"More...\">More...<\/a><\/p><\/div><div class=\"ccchildpage  cceven ccpage-count-10 ccpage-id-1908 ccpage-from-kiel-to-hague ccpage-has-parent ccpage-pid-1609 ccpage-parent-crusies-2022\"><h3 class=\"ccpage_title ccpage_linked_title\" title=\"From Kiel to Hague 04-18.06.2022\"><a class=\"ccpage_title_link\" href=\"https:\/\/pluskata.pl\/www\/en\/crusies-2022\/from-kiel-to-hague\/\" title=\"From Kiel to Hague 04-18.06.2022\">From Kiel to Hague 04-18.06.2022<\/a><\/h3><a class=\"ccpage_linked_thumb\" href=\"https:\/\/pluskata.pl\/www\/en\/crusies-2022\/from-kiel-to-hague\/\" title=\"From Kiel to Hague 04-18.06.2022\"><a href=\"https:\/\/pluskata.pl\/www\/en\/crusies-2022\/from-kiel-to-hague\/\" title=\"From Kiel to Hague 04-18.06.2022\"><img loading=\"lazy\" decoding=\"async\" width=\"300\" height=\"207\" src=\"https:\/\/pluskata.pl\/www\/wp-content\/uploads\/2022\/06\/KiloniaHaga-300x207.jpg\" class=\"cc-child-pages-thumb wp-post-image\" alt=\"From Kiel to Hague 04-18.06.2022\" title=\"From Kiel to Hague 04-18.06.2022\" srcset=\"https:\/\/pluskata.pl\/www\/wp-content\/uploads\/2022\/06\/KiloniaHaga-300x207.jpg 300w, https:\/\/pluskata.pl\/www\/wp-content\/uploads\/2022\/06\/KiloniaHaga-1024x708.jpg 1024w, https:\/\/pluskata.pl\/www\/wp-content\/uploads\/2022\/06\/KiloniaHaga-768x531.jpg 768w, https:\/\/pluskata.pl\/www\/wp-content\/uploads\/2022\/06\/KiloniaHaga-150x104.jpg 150w, https:\/\/pluskata.pl\/www\/wp-content\/uploads\/2022\/06\/KiloniaHaga.jpg 1234w\" sizes=\"auto, (max-width: 300px) 100vw, 300px\" \/><\/a><\/a><div class=\"ccpages_excerpt\">Route: Kiel-Brunsb\u00fcttel-Helgoland-Norderney-Borkum-Den Helder-Ijmuiden-Sheveningen Date: 04-18.06.2022 Miles \/ hours:\u00a0408Mm\/85h 4-06-2022 Saturday Kiel Canal We get up at 6am, take a breakfast and sail to the canal entrance. We arrive at the waiting...<\/div><p class=\"ccpages_more\"><a href=\"https:\/\/pluskata.pl\/www\/en\/crusies-2022\/from-kiel-to-hague\/\"  title=\"More...\">More...<\/a><\/p><\/div><div class=\"ccchildpage  ccodd ccpage-count-11 ccpage-id-1731 ccpage-from-swinoujscie-do-kiel-13-22-05-2022 ccpage-has-parent ccpage-pid-1609 ccpage-parent-crusies-2022\"><h3 class=\"ccpage_title ccpage_linked_title\" title=\"From \u015awinouj\u015bcie do Kiel 13-22.05.2022\"><a class=\"ccpage_title_link\" href=\"https:\/\/pluskata.pl\/www\/en\/crusies-2022\/from-swinoujscie-do-kiel-13-22-05-2022\/\" title=\"From \u015awinouj\u015bcie do Kiel 13-22.05.2022\">From \u015awinouj\u015bcie do Kiel 13-22.05.2022<\/a><\/h3><a class=\"ccpage_linked_thumb\" href=\"https:\/\/pluskata.pl\/www\/en\/crusies-2022\/from-swinoujscie-do-kiel-13-22-05-2022\/\" title=\"From \u015awinouj\u015bcie do Kiel 13-22.05.2022\"><a href=\"https:\/\/pluskata.pl\/www\/en\/crusies-2022\/from-swinoujscie-do-kiel-13-22-05-2022\/\" title=\"From \u015awinouj\u015bcie do Kiel 13-22.05.2022\"><img loading=\"lazy\" decoding=\"async\" width=\"300\" height=\"105\" src=\"https:\/\/pluskata.pl\/www\/wp-content\/uploads\/2022\/05\/SwinoujscieKilonia-300x105.jpg\" class=\"cc-child-pages-thumb wp-post-image\" alt=\"From \u015awinouj\u015bcie do Kiel 13-22.05.2022\" title=\"From \u015awinouj\u015bcie do Kiel 13-22.05.2022\" srcset=\"https:\/\/pluskata.pl\/www\/wp-content\/uploads\/2022\/05\/SwinoujscieKilonia-300x105.jpg 300w, https:\/\/pluskata.pl\/www\/wp-content\/uploads\/2022\/05\/SwinoujscieKilonia-1024x357.jpg 1024w, https:\/\/pluskata.pl\/www\/wp-content\/uploads\/2022\/05\/SwinoujscieKilonia-768x268.jpg 768w, https:\/\/pluskata.pl\/www\/wp-content\/uploads\/2022\/05\/SwinoujscieKilonia-1536x536.jpg 1536w, https:\/\/pluskata.pl\/www\/wp-content\/uploads\/2022\/05\/SwinoujscieKilonia-150x52.jpg 150w, https:\/\/pluskata.pl\/www\/wp-content\/uploads\/2022\/05\/SwinoujscieKilonia-1150x400.jpg 1150w, https:\/\/pluskata.pl\/www\/wp-content\/uploads\/2022\/05\/SwinoujscieKilonia.jpg 1606w\" sizes=\"auto, (max-width: 300px) 100vw, 300px\" \/><\/a><\/a><div class=\"ccpages_excerpt\">Route: \u015awinouj\u015bcie - Penem\u00fcnde - Stralsund - Warnem\u00fcde\/Rostock - Wismar - Burgstaaken - Kilonia Date: 13-22.05.2022 Miles \/ hours:\u00a0276Mm\/56h 14-05-2022 Saturday Penem\u00fcnde We get up at 6, but we do a...<\/div><p class=\"ccpages_more\"><a href=\"https:\/\/pluskata.pl\/www\/en\/crusies-2022\/from-swinoujscie-do-kiel-13-22-05-2022\/\"  title=\"More...\">More...<\/a><\/p><\/div><div class=\"ccchildpage  cceven ccpage-count-12 ccpage-id-1617 ccpage-from-gdansk-to-swinoujscie-29-04-07-05-2022 ccpage-has-parent ccpage-pid-1609 ccpage-parent-crusies-2022\"><h3 class=\"ccpage_title ccpage_linked_title\" title=\"From Gda\u0144sk to \u015awinoujscie 29.04-07.05.2022\"><a class=\"ccpage_title_link\" href=\"https:\/\/pluskata.pl\/www\/en\/crusies-2022\/from-gdansk-to-swinoujscie-29-04-07-05-2022\/\" title=\"From Gda\u0144sk to \u015awinoujscie 29.04-07.05.2022\">From Gda\u0144sk to \u015awinoujscie 29.04-07.05.2022<\/a><\/h3><a class=\"ccpage_linked_thumb\" href=\"https:\/\/pluskata.pl\/www\/en\/crusies-2022\/from-gdansk-to-swinoujscie-29-04-07-05-2022\/\" title=\"From Gda\u0144sk to \u015awinoujscie 29.04-07.05.2022\"><a href=\"https:\/\/pluskata.pl\/www\/en\/crusies-2022\/from-gdansk-to-swinoujscie-29-04-07-05-2022\/\" title=\"From Gda\u0144sk to \u015awinoujscie 29.04-07.05.2022\"><img loading=\"lazy\" decoding=\"async\" width=\"300\" height=\"138\" src=\"https:\/\/pluskata.pl\/www\/wp-content\/uploads\/2022\/05\/Gdansk-Swinoujscie_300-300x138.jpg\" class=\"cc-child-pages-thumb wp-post-image\" alt=\"From Gda\u0144sk to \u015awinoujscie 29.04-07.05.2022\" title=\"From Gda\u0144sk to \u015awinoujscie 29.04-07.05.2022\" srcset=\"https:\/\/pluskata.pl\/www\/wp-content\/uploads\/2022\/05\/Gdansk-Swinoujscie_300-300x138.jpg 300w, https:\/\/pluskata.pl\/www\/wp-content\/uploads\/2022\/05\/Gdansk-Swinoujscie_300-1024x473.jpg 1024w, https:\/\/pluskata.pl\/www\/wp-content\/uploads\/2022\/05\/Gdansk-Swinoujscie_300-768x355.jpg 768w, https:\/\/pluskata.pl\/www\/wp-content\/uploads\/2022\/05\/Gdansk-Swinoujscie_300-150x69.jpg 150w, https:\/\/pluskata.pl\/www\/wp-content\/uploads\/2022\/05\/Gdansk-Swinoujscie_300.jpg 1029w\" sizes=\"auto, (max-width: 300px) 100vw, 300px\" \/><\/a><\/a><div class=\"ccpages_excerpt\">Route: Gda\u0144sk - W\u0142adys\u0142awowo Nexo- Ko\u0142obrzeg -\u015bwinouj\u015bcie Date: 29.04-07.05.2022 Miles \/ hours: 390Mm\/95h 30-04-2022 Saturday, W\u0142adys\u0142awowo We are setting sails for a cruise around the world. We are heading for the...<\/div><p class=\"ccpages_more\"><a href=\"https:\/\/pluskata.pl\/www\/en\/crusies-2022\/from-gdansk-to-swinoujscie-29-04-07-05-2022\/\"  title=\"More...\">More...<\/a><\/p><\/div><\/div>\n","protected":false},"excerpt":{"rendered":"<p class=\"continue-reading-button\"> <a class=\"continue-reading-link\" href=\"https:\/\/pluskata.pl\/www\/en\/crusies-2022\/from-gdansk-to-swinoujscie-29-04-07-05-2022\/\">Czytaj dalej\/Continue reading<i class=\"crycon-right-dir\"><\/i><\/a><\/p>\n","protected":false},"author":1,"featured_media":0,"parent":0,"menu_order":0,"comment_status":"closed","ping_status":"closed","template":"","meta":{"footnotes":""},"class_list":["post-1609","page","type-page","status-publish","hentry"],"yoast_head":"<!-- This site is optimized with the Yoast SEO plugin v27.5 - https:\/\/yoast.com\/product\/yoast-seo-wordpress\/ -->\n<title>Crusies 2022 - Podr\u00f3\u017ce jachtem po \u015bwiecie<\/title>\n<meta name=\"robots\" content=\"index, follow, max-snippet:-1, max-image-preview:large, max-video-preview:-1\" \/>\n<link rel=\"canonical\" href=\"https:\/\/pluskata.pl\/www\/en\/crusies-2022\/\" \/>\n<meta property=\"og:locale\" content=\"pl_PL\" \/>\n<meta property=\"og:type\" content=\"article\" \/>\n<meta property=\"og:title\" content=\"Crusies 2022 - Podr\u00f3\u017ce jachtem po \u015bwiecie\" \/>\n<meta property=\"og:description\" content=\"Czytaj dalej\/Continue reading\" \/>\n<meta property=\"og:url\" content=\"https:\/\/pluskata.pl\/www\/en\/crusies-2022\/\" \/>\n<meta property=\"og:site_name\" content=\"Podr\u00f3\u017ce jachtem po \u015bwiecie\" \/>\n<meta property=\"article:publisher\" content=\"https:\/\/www.facebook.com\/pluskata\" \/>\n<meta property=\"article:modified_time\" content=\"2022-12-14T19:12:52+00:00\" \/>\n<meta property=\"og:image\" content=\"https:\/\/pluskata.pl\/www\/wp-content\/uploads\/2022\/12\/Trasy-2022_14-1024x845.jpg\" \/>\n<meta name=\"twitter:card\" content=\"summary_large_image\" \/>\n<script type=\"application\/ld+json\" class=\"yoast-schema-graph\">{\"@context\":\"https:\\\/\\\/schema.org\",\"@graph\":[{\"@type\":\"WebPage\",\"@id\":\"https:\\\/\\\/pluskata.pl\\\/www\\\/en\\\/crusies-2022\\\/\",\"url\":\"https:\\\/\\\/pluskata.pl\\\/www\\\/en\\\/crusies-2022\\\/\",\"name\":\"Crusies 2022 - Podr\u00f3\u017ce jachtem po \u015bwiecie\",\"isPartOf\":{\"@id\":\"https:\\\/\\\/pluskata.pl\\\/www\\\/#website\"},\"primaryImageOfPage\":{\"@id\":\"https:\\\/\\\/pluskata.pl\\\/www\\\/en\\\/crusies-2022\\\/#primaryimage\"},\"image\":{\"@id\":\"https:\\\/\\\/pluskata.pl\\\/www\\\/en\\\/crusies-2022\\\/#primaryimage\"},\"thumbnailUrl\":\"https:\\\/\\\/pluskata.pl\\\/www\\\/wp-content\\\/uploads\\\/2022\\\/12\\\/Trasy-2022_14-1024x845.jpg\",\"datePublished\":\"2022-05-07T17:26:20+00:00\",\"dateModified\":\"2022-12-14T19:12:52+00:00\",\"breadcrumb\":{\"@id\":\"https:\\\/\\\/pluskata.pl\\\/www\\\/en\\\/crusies-2022\\\/#breadcrumb\"},\"inLanguage\":\"pl-PL\",\"potentialAction\":[{\"@type\":\"ReadAction\",\"target\":[\"https:\\\/\\\/pluskata.pl\\\/www\\\/en\\\/crusies-2022\\\/\"]}]},{\"@type\":\"ImageObject\",\"inLanguage\":\"pl-PL\",\"@id\":\"https:\\\/\\\/pluskata.pl\\\/www\\\/en\\\/crusies-2022\\\/#primaryimage\",\"url\":\"https:\\\/\\\/pluskata.pl\\\/www\\\/wp-content\\\/uploads\\\/2022\\\/12\\\/Trasy-2022_14-scaled.jpg\",\"contentUrl\":\"https:\\\/\\\/pluskata.pl\\\/www\\\/wp-content\\\/uploads\\\/2022\\\/12\\\/Trasy-2022_14-scaled.jpg\",\"width\":2560,\"height\":2113,\"caption\":\"Trasy 2022\"},{\"@type\":\"BreadcrumbList\",\"@id\":\"https:\\\/\\\/pluskata.pl\\\/www\\\/en\\\/crusies-2022\\\/#breadcrumb\",\"itemListElement\":[{\"@type\":\"ListItem\",\"position\":1,\"name\":\"Strona g\u0142\u00f3wna\",\"item\":\"https:\\\/\\\/pluskata.pl\\\/www\\\/pl\\\/aktualnosci\\\/\"},{\"@type\":\"ListItem\",\"position\":2,\"name\":\"Crusies 2022\"}]},{\"@type\":\"WebSite\",\"@id\":\"https:\\\/\\\/pluskata.pl\\\/www\\\/#website\",\"url\":\"https:\\\/\\\/pluskata.pl\\\/www\\\/\",\"name\":\"Podr\u00f3\u017ce jachtem po \u015bwiecie\",\"description\":\"Zapraszamy do wsp\u00f3lnego \u017ceglowania\",\"publisher\":{\"@id\":\"https:\\\/\\\/pluskata.pl\\\/www\\\/#\\\/schema\\\/person\\\/15daea66397efafeded8883b67482cc0\"},\"potentialAction\":[{\"@type\":\"SearchAction\",\"target\":{\"@type\":\"EntryPoint\",\"urlTemplate\":\"https:\\\/\\\/pluskata.pl\\\/www\\\/?s={search_term_string}\"},\"query-input\":{\"@type\":\"PropertyValueSpecification\",\"valueRequired\":true,\"valueName\":\"search_term_string\"}}],\"inLanguage\":\"pl-PL\"},{\"@type\":[\"Person\",\"Organization\"],\"@id\":\"https:\\\/\\\/pluskata.pl\\\/www\\\/#\\\/schema\\\/person\\\/15daea66397efafeded8883b67482cc0\",\"name\":\"Pluskata\",\"image\":{\"@type\":\"ImageObject\",\"inLanguage\":\"pl-PL\",\"@id\":\"https:\\\/\\\/pluskata.pl\\\/www\\\/wp-content\\\/uploads\\\/2020\\\/12\\\/cropped-Logo-Pluskata_512.png\",\"url\":\"https:\\\/\\\/pluskata.pl\\\/www\\\/wp-content\\\/uploads\\\/2020\\\/12\\\/cropped-Logo-Pluskata_512.png\",\"contentUrl\":\"https:\\\/\\\/pluskata.pl\\\/www\\\/wp-content\\\/uploads\\\/2020\\\/12\\\/cropped-Logo-Pluskata_512.png\",\"width\":512,\"height\":512,\"caption\":\"Pluskata\"},\"logo\":{\"@id\":\"https:\\\/\\\/pluskata.pl\\\/www\\\/wp-content\\\/uploads\\\/2020\\\/12\\\/cropped-Logo-Pluskata_512.png\"},\"sameAs\":[\"http:\\\/\\\/www.pluskata.pl\",\"https:\\\/\\\/www.facebook.com\\\/pluskata\"]}]}<\/script>\n<!-- \/ Yoast SEO plugin. -->","yoast_head_json":{"title":"Crusies 2022 - Podr\u00f3\u017ce jachtem po \u015bwiecie","robots":{"index":"index","follow":"follow","max-snippet":"max-snippet:-1","max-image-preview":"max-image-preview:large","max-video-preview":"max-video-preview:-1"},"canonical":"https:\/\/pluskata.pl\/www\/en\/crusies-2022\/","og_locale":"pl_PL","og_type":"article","og_title":"Crusies 2022 - Podr\u00f3\u017ce jachtem po \u015bwiecie","og_description":"Czytaj dalej\/Continue reading","og_url":"https:\/\/pluskata.pl\/www\/en\/crusies-2022\/","og_site_name":"Podr\u00f3\u017ce jachtem po \u015bwiecie","article_publisher":"https:\/\/www.facebook.com\/pluskata","article_modified_time":"2022-12-14T19:12:52+00:00","og_image":[{"url":"https:\/\/pluskata.pl\/www\/wp-content\/uploads\/2022\/12\/Trasy-2022_14-1024x845.jpg","type":"","width":"","height":""}],"twitter_card":"summary_large_image","schema":{"@context":"https:\/\/schema.org","@graph":[{"@type":"WebPage","@id":"https:\/\/pluskata.pl\/www\/en\/crusies-2022\/","url":"https:\/\/pluskata.pl\/www\/en\/crusies-2022\/","name":"Crusies 2022 - Podr\u00f3\u017ce jachtem po \u015bwiecie","isPartOf":{"@id":"https:\/\/pluskata.pl\/www\/#website"},"primaryImageOfPage":{"@id":"https:\/\/pluskata.pl\/www\/en\/crusies-2022\/#primaryimage"},"image":{"@id":"https:\/\/pluskata.pl\/www\/en\/crusies-2022\/#primaryimage"},"thumbnailUrl":"https:\/\/pluskata.pl\/www\/wp-content\/uploads\/2022\/12\/Trasy-2022_14-1024x845.jpg","datePublished":"2022-05-07T17:26:20+00:00","dateModified":"2022-12-14T19:12:52+00:00","breadcrumb":{"@id":"https:\/\/pluskata.pl\/www\/en\/crusies-2022\/#breadcrumb"},"inLanguage":"pl-PL","potentialAction":[{"@type":"ReadAction","target":["https:\/\/pluskata.pl\/www\/en\/crusies-2022\/"]}]},{"@type":"ImageObject","inLanguage":"pl-PL","@id":"https:\/\/pluskata.pl\/www\/en\/crusies-2022\/#primaryimage","url":"https:\/\/pluskata.pl\/www\/wp-content\/uploads\/2022\/12\/Trasy-2022_14-scaled.jpg","contentUrl":"https:\/\/pluskata.pl\/www\/wp-content\/uploads\/2022\/12\/Trasy-2022_14-scaled.jpg","width":2560,"height":2113,"caption":"Trasy 2022"},{"@type":"BreadcrumbList","@id":"https:\/\/pluskata.pl\/www\/en\/crusies-2022\/#breadcrumb","itemListElement":[{"@type":"ListItem","position":1,"name":"Strona g\u0142\u00f3wna","item":"https:\/\/pluskata.pl\/www\/pl\/aktualnosci\/"},{"@type":"ListItem","position":2,"name":"Crusies 2022"}]},{"@type":"WebSite","@id":"https:\/\/pluskata.pl\/www\/#website","url":"https:\/\/pluskata.pl\/www\/","name":"Podr\u00f3\u017ce jachtem po \u015bwiecie","description":"Zapraszamy do wsp\u00f3lnego \u017ceglowania","publisher":{"@id":"https:\/\/pluskata.pl\/www\/#\/schema\/person\/15daea66397efafeded8883b67482cc0"},"potentialAction":[{"@type":"SearchAction","target":{"@type":"EntryPoint","urlTemplate":"https:\/\/pluskata.pl\/www\/?s={search_term_string}"},"query-input":{"@type":"PropertyValueSpecification","valueRequired":true,"valueName":"search_term_string"}}],"inLanguage":"pl-PL"},{"@type":["Person","Organization"],"@id":"https:\/\/pluskata.pl\/www\/#\/schema\/person\/15daea66397efafeded8883b67482cc0","name":"Pluskata","image":{"@type":"ImageObject","inLanguage":"pl-PL","@id":"https:\/\/pluskata.pl\/www\/wp-content\/uploads\/2020\/12\/cropped-Logo-Pluskata_512.png","url":"https:\/\/pluskata.pl\/www\/wp-content\/uploads\/2020\/12\/cropped-Logo-Pluskata_512.png","contentUrl":"https:\/\/pluskata.pl\/www\/wp-content\/uploads\/2020\/12\/cropped-Logo-Pluskata_512.png","width":512,"height":512,"caption":"Pluskata"},"logo":{"@id":"https:\/\/pluskata.pl\/www\/wp-content\/uploads\/2020\/12\/cropped-Logo-Pluskata_512.png"},"sameAs":["http:\/\/www.pluskata.pl","https:\/\/www.facebook.com\/pluskata"]}]}},"_links":{"self":[{"href":"https:\/\/pluskata.pl\/www\/wp-json\/wp\/v2\/pages\/1609","targetHints":{"allow":["GET"]}}],"collection":[{"href":"https:\/\/pluskata.pl\/www\/wp-json\/wp\/v2\/pages"}],"about":[{"href":"https:\/\/pluskata.pl\/www\/wp-json\/wp\/v2\/types\/page"}],"author":[{"embeddable":true,"href":"https:\/\/pluskata.pl\/www\/wp-json\/wp\/v2\/users\/1"}],"replies":[{"embeddable":true,"href":"https:\/\/pluskata.pl\/www\/wp-json\/wp\/v2\/comments?post=1609"}],"version-history":[{"count":0,"href":"https:\/\/pluskata.pl\/www\/wp-json\/wp\/v2\/pages\/1609\/revisions"}],"wp:attachment":[{"href":"https:\/\/pluskata.pl\/www\/wp-json\/wp\/v2\/media?parent=1609"}],"curies":[{"name":"wp","href":"https:\/\/api.w.org\/{rel}","templated":true}]}}