{"id":1605,"date":"2022-05-07T19:22:29","date_gmt":"2022-05-07T17:22:29","guid":{"rendered":"https:\/\/pluskata.pl\/www\/?page_id=1605"},"modified":"2023-02-06T16:54:29","modified_gmt":"2023-02-06T15:54:29","slug":"rejsy-2022","status":"publish","type":"page","link":"https:\/\/pluskata.pl\/www\/pl\/rejsy-2022\/","title":{"rendered":"Rejsy 2022"},"content":{"rendered":"<p><a href=\"https:\/\/pluskata.pl\/www\/pl\/rejsy-2022\/trasy-2022_14\/\"><img loading=\"lazy\" decoding=\"async\" class=\"alignnone wp-image-3429 size-large\" src=\"https:\/\/pluskata.pl\/www\/wp-content\/uploads\/2022\/12\/Trasy-2022_14-1024x845.jpg\" alt=\"Trasy 2022\" width=\"1024\" height=\"845\" srcset=\"https:\/\/pluskata.pl\/www\/wp-content\/uploads\/2022\/12\/Trasy-2022_14-1024x845.jpg 1024w, https:\/\/pluskata.pl\/www\/wp-content\/uploads\/2022\/12\/Trasy-2022_14-300x248.jpg 300w, https:\/\/pluskata.pl\/www\/wp-content\/uploads\/2022\/12\/Trasy-2022_14-768x634.jpg 768w, https:\/\/pluskata.pl\/www\/wp-content\/uploads\/2022\/12\/Trasy-2022_14-1536x1268.jpg 1536w, https:\/\/pluskata.pl\/www\/wp-content\/uploads\/2022\/12\/Trasy-2022_14-2048x1691.jpg 2048w, https:\/\/pluskata.pl\/www\/wp-content\/uploads\/2022\/12\/Trasy-2022_14-150x124.jpg 150w\" sizes=\"auto, (max-width: 1024px) 100vw, 1024px\" \/><\/a><\/p>\n<div id=\"ccchildpages-1\" class=\"ccchildpages ccflex onecol simple ccclearfix\"><div class=\"ccchildpage  ccodd ccpage-count-1 ccpage-id-3426 ccpage-z-teneryfy-na-gran-canarie-25-11-4-12-2022 ccpage-has-parent ccpage-pid-1605 ccpage-parent-rejsy-2022\"><h3 class=\"ccpage_title ccpage_linked_title\" title=\"Z Teneryfy na Gran Canari\u0119 25.11 \u2013 4.12.2022\"><a class=\"ccpage_title_link\" href=\"https:\/\/pluskata.pl\/www\/pl\/rejsy-2022\/z-teneryfy-na-gran-canarie-25-11-4-12-2022\/\" title=\"Z Teneryfy na Gran Canari\u0119 25.11 \u2013 4.12.2022\">Z Teneryfy na Gran Canari\u0119 25.11 \u2013 4.12.2022<\/a><\/h3><a class=\"ccpage_linked_thumb\" href=\"https:\/\/pluskata.pl\/www\/pl\/rejsy-2022\/z-teneryfy-na-gran-canarie-25-11-4-12-2022\/\" title=\"Z Teneryfy na Gran Canari\u0119 25.11 \u2013 4.12.2022\"><a href=\"https:\/\/pluskata.pl\/www\/pl\/rejsy-2022\/z-teneryfy-na-gran-canarie-25-11-4-12-2022\/\" title=\"Z Teneryfy na Gran Canari\u0119 25.11 \u2013 4.12.2022\"><img loading=\"lazy\" decoding=\"async\" width=\"300\" height=\"166\" src=\"https:\/\/pluskata.pl\/www\/wp-content\/uploads\/2022\/12\/Teneryfa-Gran-Canaria-300x166.jpg\" class=\"cc-child-pages-thumb wp-post-image\" alt=\"Z Teneryfy na Gran Canari\u0119 25.11 \u2013 4.12.2022\" title=\"Z Teneryfy na Gran Canari\u0119 25.11 \u2013 4.12.2022\" srcset=\"https:\/\/pluskata.pl\/www\/wp-content\/uploads\/2022\/12\/Teneryfa-Gran-Canaria-300x166.jpg 300w, https:\/\/pluskata.pl\/www\/wp-content\/uploads\/2022\/12\/Teneryfa-Gran-Canaria-1024x568.jpg 1024w, https:\/\/pluskata.pl\/www\/wp-content\/uploads\/2022\/12\/Teneryfa-Gran-Canaria-768x426.jpg 768w, https:\/\/pluskata.pl\/www\/wp-content\/uploads\/2022\/12\/Teneryfa-Gran-Canaria-1536x852.jpg 1536w, https:\/\/pluskata.pl\/www\/wp-content\/uploads\/2022\/12\/Teneryfa-Gran-Canaria-2048x1136.jpg 2048w, https:\/\/pluskata.pl\/www\/wp-content\/uploads\/2022\/12\/Teneryfa-Gran-Canaria-150x83.jpg 150w\" sizes=\"auto, (max-width: 300px) 100vw, 300px\" \/><\/a><\/a><div class=\"ccpages_excerpt\">Trasa:\u00a0San Miguel-La Gomera-Santa Cruz de La Palma-Santa Cruz de Tenerife-Las Palmas Termin: 25.11 \u2013 4.12.2022 Mile\/ godziny:\u00a0273Mm\/64h 24-11-2022 czwartek Po po\u0142udniu przyje\u017cd\u017ca cz\u0119\u015b\u0107 za\u0142ogi wypo\u017cyczonym samochodem. Wieczorem jedziemy zrobi\u0107 zakupy do HiperDino....<\/div><p class=\"ccpages_more\"><a href=\"https:\/\/pluskata.pl\/www\/pl\/rejsy-2022\/z-teneryfy-na-gran-canarie-25-11-4-12-2022\/\"  title=\"Wi\u0119cej...\">Wi\u0119cej...<\/a><\/p><\/div><div class=\"ccchildpage  cceven ccpage-count-2 ccpage-id-3321 ccpage-z-madery-na-teneryfe-22-29-10-2022 ccpage-has-parent ccpage-pid-1605 ccpage-parent-rejsy-2022\"><h3 class=\"ccpage_title ccpage_linked_title\" title=\"Z Madery na Teneryf\u0119 22-29.10.2022\"><a class=\"ccpage_title_link\" href=\"https:\/\/pluskata.pl\/www\/pl\/rejsy-2022\/z-madery-na-teneryfe-22-29-10-2022\/\" title=\"Z Madery na Teneryf\u0119 22-29.10.2022\">Z Madery na Teneryf\u0119 22-29.10.2022<\/a><\/h3><a class=\"ccpage_linked_thumb\" href=\"https:\/\/pluskata.pl\/www\/pl\/rejsy-2022\/z-madery-na-teneryfe-22-29-10-2022\/\" title=\"Z Madery na Teneryf\u0119 22-29.10.2022\"><a href=\"https:\/\/pluskata.pl\/www\/pl\/rejsy-2022\/z-madery-na-teneryfe-22-29-10-2022\/\" title=\"Z Madery na Teneryf\u0119 22-29.10.2022\"><img loading=\"lazy\" decoding=\"async\" width=\"300\" height=\"206\" src=\"https:\/\/pluskata.pl\/www\/wp-content\/uploads\/2022\/11\/MaderaTeneryfa-300x206.jpg\" class=\"cc-child-pages-thumb wp-post-image\" alt=\"Z Madery na Teneryf\u0119 22-29.10.2022\" title=\"Z Madery na Teneryf\u0119 22-29.10.2022\" srcset=\"https:\/\/pluskata.pl\/www\/wp-content\/uploads\/2022\/11\/MaderaTeneryfa-300x206.jpg 300w, https:\/\/pluskata.pl\/www\/wp-content\/uploads\/2022\/11\/MaderaTeneryfa-1024x703.jpg 1024w, https:\/\/pluskata.pl\/www\/wp-content\/uploads\/2022\/11\/MaderaTeneryfa-768x528.jpg 768w, https:\/\/pluskata.pl\/www\/wp-content\/uploads\/2022\/11\/MaderaTeneryfa-1536x1055.jpg 1536w, https:\/\/pluskata.pl\/www\/wp-content\/uploads\/2022\/11\/MaderaTeneryfa-2048x1407.jpg 2048w, https:\/\/pluskata.pl\/www\/wp-content\/uploads\/2022\/11\/MaderaTeneryfa-150x103.jpg 150w\" sizes=\"auto, (max-width: 300px) 100vw, 300px\" \/><\/a><\/a><div class=\"ccpages_excerpt\">Trasa: Funchal - Selvagen Grande, Santa Cruz, Guimar, La Galera \u2013 San Miguel Termin: 22-29.10.2022 Mile\/ godziny: 341Mm\/82h 22-10-2022 sobota Funchal Rano \u015brodkowy jacht z tratwy odp\u0142ywa, a my zamieniamy si\u0119 na...<\/div><p class=\"ccpages_more\"><a href=\"https:\/\/pluskata.pl\/www\/pl\/rejsy-2022\/z-madery-na-teneryfe-22-29-10-2022\/\"  title=\"Wi\u0119cej...\">Wi\u0119cej...<\/a><\/p><\/div><div class=\"ccchildpage  ccodd ccpage-count-3 ccpage-id-3200 ccpage-z-lizbony-na-madere-30-09-8-10-2022 ccpage-has-parent ccpage-pid-1605 ccpage-parent-rejsy-2022\"><h3 class=\"ccpage_title ccpage_linked_title\" title=\"Z Lizbony na Mader\u0119 30.09-8.10.2022\"><a class=\"ccpage_title_link\" href=\"https:\/\/pluskata.pl\/www\/pl\/rejsy-2022\/z-lizbony-na-madere-30-09-8-10-2022\/\" title=\"Z Lizbony na Mader\u0119 30.09-8.10.2022\">Z Lizbony na Mader\u0119 30.09-8.10.2022<\/a><\/h3><a class=\"ccpage_linked_thumb\" href=\"https:\/\/pluskata.pl\/www\/pl\/rejsy-2022\/z-lizbony-na-madere-30-09-8-10-2022\/\" title=\"Z Lizbony na Mader\u0119 30.09-8.10.2022\"><a href=\"https:\/\/pluskata.pl\/www\/pl\/rejsy-2022\/z-lizbony-na-madere-30-09-8-10-2022\/\" title=\"Z Lizbony na Mader\u0119 30.09-8.10.2022\"><img loading=\"lazy\" decoding=\"async\" width=\"300\" height=\"259\" src=\"https:\/\/pluskata.pl\/www\/wp-content\/uploads\/2022\/10\/Cascais-Madera-300x259.jpg\" class=\"cc-child-pages-thumb wp-post-image\" alt=\"Z Lizbony na Mader\u0119 30.09-8.10.2022\" title=\"Z Lizbony na Mader\u0119 30.09-8.10.2022\" srcset=\"https:\/\/pluskata.pl\/www\/wp-content\/uploads\/2022\/10\/Cascais-Madera-300x259.jpg 300w, https:\/\/pluskata.pl\/www\/wp-content\/uploads\/2022\/10\/Cascais-Madera-1024x886.jpg 1024w, https:\/\/pluskata.pl\/www\/wp-content\/uploads\/2022\/10\/Cascais-Madera-768x664.jpg 768w, https:\/\/pluskata.pl\/www\/wp-content\/uploads\/2022\/10\/Cascais-Madera-1536x1328.jpg 1536w, https:\/\/pluskata.pl\/www\/wp-content\/uploads\/2022\/10\/Cascais-Madera-150x130.jpg 150w, https:\/\/pluskata.pl\/www\/wp-content\/uploads\/2022\/10\/Cascais-Madera.jpg 1908w\" sizes=\"auto, (max-width: 300px) 100vw, 300px\" \/><\/a><\/a><div class=\"ccpages_excerpt\">Trasa: Cascais - Porto Santo -\u00a0 Funchal Termin: 30.09-8.10.2022 Mile\/ godziny: 529Mm\/115h 12-09-2022 poniedzia\u0142ek A Coruna 30-09-2022 pi\u0105tek Cascai Rano cz\u0119\u015b\u0107 za\u0142ogi idzie zwiedza\u0107 miasto. Cascais to miasto letniskowe, pe\u0142no w nim...<\/div><p class=\"ccpages_more\"><a href=\"https:\/\/pluskata.pl\/www\/pl\/rejsy-2022\/z-lizbony-na-madere-30-09-8-10-2022\/\"  title=\"Wi\u0119cej...\">Wi\u0119cej...<\/a><\/p><\/div><div class=\"ccchildpage  cceven ccpage-count-4 ccpage-id-2975 ccpage-a-coruna-lizbona-12-25-09-2022 ccpage-has-parent ccpage-pid-1605 ccpage-parent-rejsy-2022\"><h3 class=\"ccpage_title ccpage_linked_title\" title=\"A Coruna &#8211; Lizbona 12- 25.09.2022\"><a class=\"ccpage_title_link\" href=\"https:\/\/pluskata.pl\/www\/pl\/rejsy-2022\/a-coruna-lizbona-12-25-09-2022\/\" title=\"A Coruna &#8211; Lizbona 12- 25.09.2022\">A Coruna &#8211; Lizbona 12- 25.09.2022<\/a><\/h3><a class=\"ccpage_linked_thumb\" href=\"https:\/\/pluskata.pl\/www\/pl\/rejsy-2022\/a-coruna-lizbona-12-25-09-2022\/\" title=\"A Coruna &#8211; Lizbona 12- 25.09.2022\"><a href=\"https:\/\/pluskata.pl\/www\/pl\/rejsy-2022\/a-coruna-lizbona-12-25-09-2022\/\" title=\"A Coruna - Lizbona 12- 25.09.2022\"><img loading=\"lazy\" decoding=\"async\" width=\"300\" height=\"257\" src=\"https:\/\/pluskata.pl\/www\/wp-content\/uploads\/2022\/09\/A-Coruna-Lizbona-300x257.png\" class=\"cc-child-pages-thumb wp-post-image\" alt=\"A Coruna &#8211; Lizbona 12- 25.09.2022\" title=\"A Coruna &#8211; Lizbona 12- 25.09.2022\" srcset=\"https:\/\/pluskata.pl\/www\/wp-content\/uploads\/2022\/09\/A-Coruna-Lizbona-300x257.png 300w, https:\/\/pluskata.pl\/www\/wp-content\/uploads\/2022\/09\/A-Coruna-Lizbona-1024x879.png 1024w, https:\/\/pluskata.pl\/www\/wp-content\/uploads\/2022\/09\/A-Coruna-Lizbona-768x659.png 768w, https:\/\/pluskata.pl\/www\/wp-content\/uploads\/2022\/09\/A-Coruna-Lizbona-150x129.png 150w, https:\/\/pluskata.pl\/www\/wp-content\/uploads\/2022\/09\/A-Coruna-Lizbona.png 1099w\" sizes=\"auto, (max-width: 300px) 100vw, 300px\" \/><\/a><\/a><div class=\"ccpages_excerpt\">Trasa: A Coruna - Muxia - Muros - Baiona - Porto - Figueria da Foz - Nazare - Peniche - Lizbona Termin: 12-25.09.2022 Mile\/ godziny: 425Mm\/95h 12-09-2022 poniedzia\u0142ek A Coruna Rano robimy...<\/div><p class=\"ccpages_more\"><a href=\"https:\/\/pluskata.pl\/www\/pl\/rejsy-2022\/a-coruna-lizbona-12-25-09-2022\/\"  title=\"Wi\u0119cej...\">Wi\u0119cej...<\/a><\/p><\/div><div class=\"ccchildpage  ccodd ccpage-count-5 ccpage-id-2606 ccpage-z-bilbao-do-a-coruna-26-08-04-09-2022 ccpage-has-parent ccpage-pid-1605 ccpage-parent-rejsy-2022\"><h3 class=\"ccpage_title ccpage_linked_title\" title=\"Z Bilbao do A Coruna 26.08-04.09.2022\"><a class=\"ccpage_title_link\" href=\"https:\/\/pluskata.pl\/www\/pl\/rejsy-2022\/z-bilbao-do-a-coruna-26-08-04-09-2022\/\" title=\"Z Bilbao do A Coruna 26.08-04.09.2022\">Z Bilbao do A Coruna 26.08-04.09.2022<\/a><\/h3><a class=\"ccpage_linked_thumb\" href=\"https:\/\/pluskata.pl\/www\/pl\/rejsy-2022\/z-bilbao-do-a-coruna-26-08-04-09-2022\/\" title=\"Z Bilbao do A Coruna 26.08-04.09.2022\"><a href=\"https:\/\/pluskata.pl\/www\/pl\/rejsy-2022\/z-bilbao-do-a-coruna-26-08-04-09-2022\/\" title=\"Z Bilbao do A Coruna 26.08-04.09.2022\"><img loading=\"lazy\" decoding=\"async\" width=\"300\" height=\"135\" src=\"https:\/\/pluskata.pl\/www\/wp-content\/uploads\/2022\/09\/Bilbao-A-Coruna-300x135.jpg\" class=\"cc-child-pages-thumb wp-post-image\" alt=\"Z Bilbao do A Coruna 26.08-04.09.2022\" title=\"Z Bilbao do A Coruna 26.08-04.09.2022\" srcset=\"https:\/\/pluskata.pl\/www\/wp-content\/uploads\/2022\/09\/Bilbao-A-Coruna-300x135.jpg 300w, https:\/\/pluskata.pl\/www\/wp-content\/uploads\/2022\/09\/Bilbao-A-Coruna-1024x462.jpg 1024w, https:\/\/pluskata.pl\/www\/wp-content\/uploads\/2022\/09\/Bilbao-A-Coruna-768x347.jpg 768w, https:\/\/pluskata.pl\/www\/wp-content\/uploads\/2022\/09\/Bilbao-A-Coruna-1536x694.jpg 1536w, https:\/\/pluskata.pl\/www\/wp-content\/uploads\/2022\/09\/Bilbao-A-Coruna-2048x925.jpg 2048w, https:\/\/pluskata.pl\/www\/wp-content\/uploads\/2022\/09\/Bilbao-A-Coruna-150x68.jpg 150w\" sizes=\"auto, (max-width: 300px) 100vw, 300px\" \/><\/a><\/a><div class=\"ccpages_excerpt\">Trasa: Bilbao - Santander - Gijon - Ribadeo - Cedeira - A Coruna Termin: 25.04-04.09.2022 Mile \/ godziny:\u00a0320Mm\/66h 25-08-2022 czwartek Bilbao Wieczorem jedziemy do Bilbao na pokaz sztucznych ogni. Mamy kart\u0119 Baric...<\/div><p class=\"ccpages_more\"><a href=\"https:\/\/pluskata.pl\/www\/pl\/rejsy-2022\/z-bilbao-do-a-coruna-26-08-04-09-2022\/\"  title=\"Wi\u0119cej...\">Wi\u0119cej...<\/a><\/p><\/div><div class=\"ccchildpage  cceven ccpage-count-6 ccpage-id-2488 ccpage-z-la-rochelle-do-bilbao-12-21-08-2022 ccpage-has-parent ccpage-pid-1605 ccpage-parent-rejsy-2022\"><h3 class=\"ccpage_title ccpage_linked_title\" title=\"Z La Rochelle do Bilbao 12-21.08.2022\"><a class=\"ccpage_title_link\" href=\"https:\/\/pluskata.pl\/www\/pl\/rejsy-2022\/z-la-rochelle-do-bilbao-12-21-08-2022\/\" title=\"Z La Rochelle do Bilbao 12-21.08.2022\">Z La Rochelle do Bilbao 12-21.08.2022<\/a><\/h3><a class=\"ccpage_linked_thumb\" href=\"https:\/\/pluskata.pl\/www\/pl\/rejsy-2022\/z-la-rochelle-do-bilbao-12-21-08-2022\/\" title=\"Z La Rochelle do Bilbao 12-21.08.2022\"><a href=\"https:\/\/pluskata.pl\/www\/pl\/rejsy-2022\/z-la-rochelle-do-bilbao-12-21-08-2022\/\" title=\"Z La Rochelle do Bilbao 12-21.08.2022\"><img loading=\"lazy\" decoding=\"async\" width=\"300\" height=\"230\" src=\"https:\/\/pluskata.pl\/www\/wp-content\/uploads\/2022\/08\/La-Rochelle-Bilbao-300x230.jpg\" class=\"cc-child-pages-thumb wp-post-image\" alt=\"Z La Rochelle do Bilbao 12-21.08.2022\" title=\"Z La Rochelle do Bilbao 12-21.08.2022\" srcset=\"https:\/\/pluskata.pl\/www\/wp-content\/uploads\/2022\/08\/La-Rochelle-Bilbao-300x230.jpg 300w, https:\/\/pluskata.pl\/www\/wp-content\/uploads\/2022\/08\/La-Rochelle-Bilbao-1024x786.jpg 1024w, https:\/\/pluskata.pl\/www\/wp-content\/uploads\/2022\/08\/La-Rochelle-Bilbao-768x590.jpg 768w, https:\/\/pluskata.pl\/www\/wp-content\/uploads\/2022\/08\/La-Rochelle-Bilbao-1536x1179.jpg 1536w, https:\/\/pluskata.pl\/www\/wp-content\/uploads\/2022\/08\/La-Rochelle-Bilbao-150x115.jpg 150w, https:\/\/pluskata.pl\/www\/wp-content\/uploads\/2022\/08\/La-Rochelle-Bilbao.jpg 1920w\" sizes=\"auto, (max-width: 300px) 100vw, 300px\" \/><\/a><\/a><div class=\"ccpages_excerpt\">Trasa: La Rochelle - Royan - Capberton - Anglet - Getaria - Bilbao Termin: 12-21.08.2022 Mile \/ godziny: 303Mm\/57h 13-08-2022 sobota do Royan Wstajemy o 6 rano, pijemy kaw\u0119 i przestawiamy si\u0119...<\/div><p class=\"ccpages_more\"><a href=\"https:\/\/pluskata.pl\/www\/pl\/rejsy-2022\/z-la-rochelle-do-bilbao-12-21-08-2022\/\"  title=\"Wi\u0119cej...\">Wi\u0119cej...<\/a><\/p><\/div><div class=\"ccchildpage  ccodd ccpage-count-7 ccpage-id-2407 ccpage-z-brestu-do-la-rochelle-29-07-07-08-2022 ccpage-has-parent ccpage-pid-1605 ccpage-parent-rejsy-2022\"><h3 class=\"ccpage_title ccpage_linked_title\" title=\"Z Brestu do La Rochelle 29.07-07.08.2022\"><a class=\"ccpage_title_link\" href=\"https:\/\/pluskata.pl\/www\/pl\/rejsy-2022\/z-brestu-do-la-rochelle-29-07-07-08-2022\/\" title=\"Z Brestu do La Rochelle 29.07-07.08.2022\">Z Brestu do La Rochelle 29.07-07.08.2022<\/a><\/h3><a class=\"ccpage_linked_thumb\" href=\"https:\/\/pluskata.pl\/www\/pl\/rejsy-2022\/z-brestu-do-la-rochelle-29-07-07-08-2022\/\" title=\"Z Brestu do La Rochelle 29.07-07.08.2022\"><a href=\"https:\/\/pluskata.pl\/www\/pl\/rejsy-2022\/z-brestu-do-la-rochelle-29-07-07-08-2022\/\" title=\"Z Brestu do La Rochelle 29.07-07.08.2022\"><img loading=\"lazy\" decoding=\"async\" width=\"300\" height=\"231\" src=\"https:\/\/pluskata.pl\/www\/wp-content\/uploads\/2022\/08\/Brest-La-Rochelle-300x231.jpg\" class=\"cc-child-pages-thumb wp-post-image\" alt=\"Z Brestu do La Rochelle 29.07-07.08.2022\" title=\"Z Brestu do La Rochelle 29.07-07.08.2022\" srcset=\"https:\/\/pluskata.pl\/www\/wp-content\/uploads\/2022\/08\/Brest-La-Rochelle-300x231.jpg 300w, https:\/\/pluskata.pl\/www\/wp-content\/uploads\/2022\/08\/Brest-La-Rochelle-1024x789.jpg 1024w, https:\/\/pluskata.pl\/www\/wp-content\/uploads\/2022\/08\/Brest-La-Rochelle-768x592.jpg 768w, https:\/\/pluskata.pl\/www\/wp-content\/uploads\/2022\/08\/Brest-La-Rochelle-150x116.jpg 150w, https:\/\/pluskata.pl\/www\/wp-content\/uploads\/2022\/08\/Brest-La-Rochelle.jpg 1078w\" sizes=\"auto, (max-width: 300px) 100vw, 300px\" \/><\/a><\/a><div class=\"ccpages_excerpt\">Trasa: Brest - Loctudy - Lorient - Pornichet - Joinville - La Rochelle Daty: 29.07-07.08.2022 Mile \/ godziny: 301Mm\/64h 29-07-2022 pi\u0105tek Brest Przyje\u017cd\u017ca nowa za\u0142oga. Wsp\u00f3lnie uzgadniamy list\u0119 zakupow\u0105, bierzemy dwa w\u00f3zki...<\/div><p class=\"ccpages_more\"><a href=\"https:\/\/pluskata.pl\/www\/pl\/rejsy-2022\/z-brestu-do-la-rochelle-29-07-07-08-2022\/\"  title=\"Wi\u0119cej...\">Wi\u0119cej...<\/a><\/p><\/div><div class=\"ccchildpage  cceven ccpage-count-8 ccpage-id-2211 ccpage-z-hawru-do-brestu-09-23-07-2022 ccpage-has-parent ccpage-pid-1605 ccpage-parent-rejsy-2022\"><h3 class=\"ccpage_title ccpage_linked_title\" title=\"Z Hawru do Brestu 09-23.07.2022\"><a class=\"ccpage_title_link\" href=\"https:\/\/pluskata.pl\/www\/pl\/rejsy-2022\/z-hawru-do-brestu-09-23-07-2022\/\" title=\"Z Hawru do Brestu 09-23.07.2022\">Z Hawru do Brestu 09-23.07.2022<\/a><\/h3><a class=\"ccpage_linked_thumb\" href=\"https:\/\/pluskata.pl\/www\/pl\/rejsy-2022\/z-hawru-do-brestu-09-23-07-2022\/\" title=\"Z Hawru do Brestu 09-23.07.2022\"><a href=\"https:\/\/pluskata.pl\/www\/pl\/rejsy-2022\/z-hawru-do-brestu-09-23-07-2022\/\" title=\"Z Hawru do Brestu 09-23.07.2022\"><img loading=\"lazy\" decoding=\"async\" width=\"300\" height=\"139\" src=\"https:\/\/pluskata.pl\/www\/wp-content\/uploads\/2022\/07\/Hawr-Brest-300x139.jpg\" class=\"cc-child-pages-thumb wp-post-image\" alt=\"Z Hawru do Brestu 09-23.07.2022\" title=\"Z Hawru do Brestu 09-23.07.2022\" srcset=\"https:\/\/pluskata.pl\/www\/wp-content\/uploads\/2022\/07\/Hawr-Brest-300x139.jpg 300w, https:\/\/pluskata.pl\/www\/wp-content\/uploads\/2022\/07\/Hawr-Brest-1024x475.jpg 1024w, https:\/\/pluskata.pl\/www\/wp-content\/uploads\/2022\/07\/Hawr-Brest-768x356.jpg 768w, https:\/\/pluskata.pl\/www\/wp-content\/uploads\/2022\/07\/Hawr-Brest-1536x712.jpg 1536w, https:\/\/pluskata.pl\/www\/wp-content\/uploads\/2022\/07\/Hawr-Brest-150x70.jpg 150w, https:\/\/pluskata.pl\/www\/wp-content\/uploads\/2022\/07\/Hawr-Brest.jpg 1920w\" sizes=\"auto, (max-width: 300px) 100vw, 300px\" \/><\/a><\/a><div class=\"ccpages_excerpt\">Teasa: La Havre - Chreburg - Gernsey - Jersey - St. Malo - Saint Quay - Rostoff - Aber Wrac'H - Brest Termin: 09-23.07.2022 Mile\/ godziny: 385Mm\/81h 9-07-2022 sobota do Chreburga Wychodzimy...<\/div><p class=\"ccpages_more\"><a href=\"https:\/\/pluskata.pl\/www\/pl\/rejsy-2022\/z-hawru-do-brestu-09-23-07-2022\/\"  title=\"Wi\u0119cej...\">Wi\u0119cej...<\/a><\/p><\/div><div class=\"ccchildpage  ccodd ccpage-count-9 ccpage-id-2071 ccpage-z-hagi-do-hawru-24-06-03-07-2022 ccpage-has-parent ccpage-pid-1605 ccpage-parent-rejsy-2022\"><h3 class=\"ccpage_title ccpage_linked_title\" title=\"Z Hagi do Hawru 24.06-03.07.2022\"><a class=\"ccpage_title_link\" href=\"https:\/\/pluskata.pl\/www\/pl\/rejsy-2022\/z-hagi-do-hawru-24-06-03-07-2022\/\" title=\"Z Hagi do Hawru 24.06-03.07.2022\">Z Hagi do Hawru 24.06-03.07.2022<\/a><\/h3><a class=\"ccpage_linked_thumb\" href=\"https:\/\/pluskata.pl\/www\/pl\/rejsy-2022\/z-hagi-do-hawru-24-06-03-07-2022\/\" title=\"Z Hagi do Hawru 24.06-03.07.2022\"><a href=\"https:\/\/pluskata.pl\/www\/pl\/rejsy-2022\/z-hagi-do-hawru-24-06-03-07-2022\/\" title=\"Z Hagi do Hawru 24.06-03.07.2022\"><img loading=\"lazy\" decoding=\"async\" width=\"300\" height=\"206\" src=\"https:\/\/pluskata.pl\/www\/wp-content\/uploads\/2022\/07\/Haga-Hawr-300x206.jpg\" class=\"cc-child-pages-thumb wp-post-image\" alt=\"Z Hagi do Hawru 24.06-03.07.2022\" title=\"Z Hagi do Hawru 24.06-03.07.2022\" srcset=\"https:\/\/pluskata.pl\/www\/wp-content\/uploads\/2022\/07\/Haga-Hawr-300x206.jpg 300w, https:\/\/pluskata.pl\/www\/wp-content\/uploads\/2022\/07\/Haga-Hawr-1024x702.jpg 1024w, https:\/\/pluskata.pl\/www\/wp-content\/uploads\/2022\/07\/Haga-Hawr-768x526.jpg 768w, https:\/\/pluskata.pl\/www\/wp-content\/uploads\/2022\/07\/Haga-Hawr-150x103.jpg 150w, https:\/\/pluskata.pl\/www\/wp-content\/uploads\/2022\/07\/Haga-Hawr.jpg 1328w\" sizes=\"auto, (max-width: 300px) 100vw, 300px\" \/><\/a><\/a><div class=\"ccpages_excerpt\">Trasa: Sheveningen \u2013 Osdenda \u2013 Boulogne sur mer \u2013 Dieppe \u2013 Hawr Termin: 24.06-03.07.2022 Mile\/ godziny: 316Mm\/70h 24-06-2022 pi\u0105tek Schveningen Rano jedziemy rowerami po zakupy. Zabieramy przyczepk\u0119 (w\u00f3zek pla\u017cowy) i przywi\u0105zujemy go...<\/div><p class=\"ccpages_more\"><a href=\"https:\/\/pluskata.pl\/www\/pl\/rejsy-2022\/z-hagi-do-hawru-24-06-03-07-2022\/\"  title=\"Wi\u0119cej...\">Wi\u0119cej...<\/a><\/p><\/div><div class=\"ccchildpage  cceven ccpage-count-10 ccpage-id-1905 ccpage-z-kilonii-do-hagi-04-18-06-2022 ccpage-has-parent ccpage-pid-1605 ccpage-parent-rejsy-2022\"><h3 class=\"ccpage_title ccpage_linked_title\" title=\"Z Kilonii do Hagi 04-18.06.2022\"><a class=\"ccpage_title_link\" href=\"https:\/\/pluskata.pl\/www\/pl\/rejsy-2022\/z-kilonii-do-hagi-04-18-06-2022\/\" title=\"Z Kilonii do Hagi 04-18.06.2022\">Z Kilonii do Hagi 04-18.06.2022<\/a><\/h3><a class=\"ccpage_linked_thumb\" href=\"https:\/\/pluskata.pl\/www\/pl\/rejsy-2022\/z-kilonii-do-hagi-04-18-06-2022\/\" title=\"Z Kilonii do Hagi 04-18.06.2022\"><a href=\"https:\/\/pluskata.pl\/www\/pl\/rejsy-2022\/z-kilonii-do-hagi-04-18-06-2022\/\" title=\"Z Kilonii do Hagi 04-18.06.2022\"><img loading=\"lazy\" decoding=\"async\" width=\"300\" height=\"207\" src=\"https:\/\/pluskata.pl\/www\/wp-content\/uploads\/2022\/06\/KiloniaHaga-300x207.jpg\" class=\"cc-child-pages-thumb wp-post-image\" alt=\"Z Kilonii do Hagi 04-18.06.2022\" title=\"Z Kilonii do Hagi 04-18.06.2022\" srcset=\"https:\/\/pluskata.pl\/www\/wp-content\/uploads\/2022\/06\/KiloniaHaga-300x207.jpg 300w, https:\/\/pluskata.pl\/www\/wp-content\/uploads\/2022\/06\/KiloniaHaga-1024x708.jpg 1024w, https:\/\/pluskata.pl\/www\/wp-content\/uploads\/2022\/06\/KiloniaHaga-768x531.jpg 768w, https:\/\/pluskata.pl\/www\/wp-content\/uploads\/2022\/06\/KiloniaHaga-150x104.jpg 150w, https:\/\/pluskata.pl\/www\/wp-content\/uploads\/2022\/06\/KiloniaHaga.jpg 1234w\" sizes=\"auto, (max-width: 300px) 100vw, 300px\" \/><\/a><\/a><div class=\"ccpages_excerpt\">Trasa: Kilonia-Brunsb\u00fcttel-Helgoland-Norderney-Borkum-Den Helder-Ijmuiden-Sheveningen Termin: 04-18.06.2022 Mile \/ godziny:\u00a0408Mm\/85h 4-06-2022 sobota Kana\u0142 Kilo\u0144ski Wstajemy o 6 rano, jemy \u015bniadanie i wyruszamy w kierunku wej\u015bcia do kana\u0142u. Do strefy oczekiwania dop\u0142ywamy o 7:40. Na...<\/div><p class=\"ccpages_more\"><a href=\"https:\/\/pluskata.pl\/www\/pl\/rejsy-2022\/z-kilonii-do-hagi-04-18-06-2022\/\"  title=\"Wi\u0119cej...\">Wi\u0119cej...<\/a><\/p><\/div><div class=\"ccchildpage  ccodd ccpage-count-11 ccpage-id-1726 ccpage-ze-swinoujscia-do-kilonii-13-22-05-2022 ccpage-has-parent ccpage-pid-1605 ccpage-parent-rejsy-2022\"><h3 class=\"ccpage_title ccpage_linked_title\" title=\"Ze \u015awinouj\u015bcia do Kilonii 13-22.05.2022\"><a class=\"ccpage_title_link\" href=\"https:\/\/pluskata.pl\/www\/pl\/rejsy-2022\/ze-swinoujscia-do-kilonii-13-22-05-2022\/\" title=\"Ze \u015awinouj\u015bcia do Kilonii 13-22.05.2022\">Ze \u015awinouj\u015bcia do Kilonii 13-22.05.2022<\/a><\/h3><a class=\"ccpage_linked_thumb\" href=\"https:\/\/pluskata.pl\/www\/pl\/rejsy-2022\/ze-swinoujscia-do-kilonii-13-22-05-2022\/\" title=\"Ze \u015awinouj\u015bcia do Kilonii 13-22.05.2022\"><a href=\"https:\/\/pluskata.pl\/www\/pl\/rejsy-2022\/ze-swinoujscia-do-kilonii-13-22-05-2022\/\" title=\"Ze \u015awinouj\u015bcia do Kilonii 13-22.05.2022\"><img loading=\"lazy\" decoding=\"async\" width=\"300\" height=\"105\" src=\"https:\/\/pluskata.pl\/www\/wp-content\/uploads\/2022\/05\/SwinoujscieKilonia-300x105.jpg\" class=\"cc-child-pages-thumb wp-post-image\" alt=\"Ze \u015awinouj\u015bcia do Kilonii 13-22.05.2022\" title=\"Ze \u015awinouj\u015bcia do Kilonii 13-22.05.2022\" srcset=\"https:\/\/pluskata.pl\/www\/wp-content\/uploads\/2022\/05\/SwinoujscieKilonia-300x105.jpg 300w, https:\/\/pluskata.pl\/www\/wp-content\/uploads\/2022\/05\/SwinoujscieKilonia-1024x357.jpg 1024w, https:\/\/pluskata.pl\/www\/wp-content\/uploads\/2022\/05\/SwinoujscieKilonia-768x268.jpg 768w, https:\/\/pluskata.pl\/www\/wp-content\/uploads\/2022\/05\/SwinoujscieKilonia-1536x536.jpg 1536w, https:\/\/pluskata.pl\/www\/wp-content\/uploads\/2022\/05\/SwinoujscieKilonia-150x52.jpg 150w, https:\/\/pluskata.pl\/www\/wp-content\/uploads\/2022\/05\/SwinoujscieKilonia-1150x400.jpg 1150w, https:\/\/pluskata.pl\/www\/wp-content\/uploads\/2022\/05\/SwinoujscieKilonia.jpg 1606w\" sizes=\"auto, (max-width: 300px) 100vw, 300px\" \/><\/a><\/a><div class=\"ccpages_excerpt\">Trasa: \u015awinouj\u015bcie - Penem\u00fcnde - Stralsund - Warnem\u00fcde\/Rostock - Wismar - Burgstaaken - Kilonia Termin: 13-22.05.2022 Mile\/godziny: 276Mm\/56h 14-05-2022 sobota Penem\u00fcnde Wstajemy o 6, ale troch\u0119 si\u0119 zbieramy i wychodzimy o 07:30,...<\/div><p class=\"ccpages_more\"><a href=\"https:\/\/pluskata.pl\/www\/pl\/rejsy-2022\/ze-swinoujscia-do-kilonii-13-22-05-2022\/\"  title=\"Wi\u0119cej...\">Wi\u0119cej...<\/a><\/p><\/div><div class=\"ccchildpage  cceven ccpage-count-12 ccpage-id-1613 ccpage-z-gdanska-do-swinoujscia-29-04-07-05-2022 ccpage-has-parent ccpage-pid-1605 ccpage-parent-rejsy-2022\"><h3 class=\"ccpage_title ccpage_linked_title\" title=\"Z Gda\u0144ska do \u015awinouj\u015bcia  29.04-07.05.2022\"><a class=\"ccpage_title_link\" href=\"https:\/\/pluskata.pl\/www\/pl\/rejsy-2022\/z-gdanska-do-swinoujscia-29-04-07-05-2022\/\" title=\"Z Gda\u0144ska do \u015awinouj\u015bcia  29.04-07.05.2022\">Z Gda\u0144ska do \u015awinouj\u015bcia  29.04-07.05.2022<\/a><\/h3><a class=\"ccpage_linked_thumb\" href=\"https:\/\/pluskata.pl\/www\/pl\/rejsy-2022\/z-gdanska-do-swinoujscia-29-04-07-05-2022\/\" title=\"Z Gda\u0144ska do \u015awinouj\u015bcia 29.04-07.05.2022\"><a href=\"https:\/\/pluskata.pl\/www\/pl\/rejsy-2022\/z-gdanska-do-swinoujscia-29-04-07-05-2022\/\" title=\"Z Gda\u0144ska do \u015awinouj\u015bcia  29.04-07.05.2022\"><img loading=\"lazy\" decoding=\"async\" width=\"300\" height=\"138\" src=\"https:\/\/pluskata.pl\/www\/wp-content\/uploads\/2022\/05\/Gdansk-Swinoujscie_300-300x138.jpg\" class=\"cc-child-pages-thumb wp-post-image\" alt=\"Z Gda\u0144ska do \u015awinouj\u015bcia  29.04-07.05.2022\" title=\"Z Gda\u0144ska do \u015awinouj\u015bcia  29.04-07.05.2022\" srcset=\"https:\/\/pluskata.pl\/www\/wp-content\/uploads\/2022\/05\/Gdansk-Swinoujscie_300-300x138.jpg 300w, https:\/\/pluskata.pl\/www\/wp-content\/uploads\/2022\/05\/Gdansk-Swinoujscie_300-1024x473.jpg 1024w, https:\/\/pluskata.pl\/www\/wp-content\/uploads\/2022\/05\/Gdansk-Swinoujscie_300-768x355.jpg 768w, https:\/\/pluskata.pl\/www\/wp-content\/uploads\/2022\/05\/Gdansk-Swinoujscie_300-150x69.jpg 150w, https:\/\/pluskata.pl\/www\/wp-content\/uploads\/2022\/05\/Gdansk-Swinoujscie_300.jpg 1029w\" sizes=\"auto, (max-width: 300px) 100vw, 300px\" \/><\/a><\/a><div class=\"ccpages_excerpt\">Trasa: Gda\u0144sk - W\u0142adys\u0142awowo Nexo- Ko\u0142obrzeg -\u015awinouj\u015bcie Termin: 29.04-07.05.2022 Mile\/godziny: 390Mm\/95h 30-04-2022 sobota W\u0142adys\u0142awowo Wyruszamy w rejs dooko\u0142a \u015bwiata. Zd\u0105\u017camy na otwarcie k\u0142adki o godzinie 9. Machamy na po\u017cegnanie c\u00f3rce i ruszamy...<\/div><p class=\"ccpages_more\"><a href=\"https:\/\/pluskata.pl\/www\/pl\/rejsy-2022\/z-gdanska-do-swinoujscia-29-04-07-05-2022\/\"  title=\"Wi\u0119cej...\">Wi\u0119cej...<\/a><\/p><\/div><\/div>\n","protected":false},"excerpt":{"rendered":"<p class=\"continue-reading-button\"> <a class=\"continue-reading-link\" href=\"https:\/\/pluskata.pl\/www\/pl\/rejsy-2022\/z-gdanska-do-swinoujscia-29-04-07-05-2022\/\">Czytaj dalej\/Continue reading<i class=\"crycon-right-dir\"><\/i><\/a><\/p>\n","protected":false},"author":1,"featured_media":0,"parent":0,"menu_order":3,"comment_status":"closed","ping_status":"closed","template":"","meta":{"footnotes":""},"class_list":["post-1605","page","type-page","status-publish","hentry"],"yoast_head":"<!-- This site is optimized with the Yoast SEO plugin v27.5 - https:\/\/yoast.com\/product\/yoast-seo-wordpress\/ -->\n<title>Rejsy 2022 - Podr\u00f3\u017ce jachtem po \u015bwiecie<\/title>\n<meta name=\"robots\" content=\"index, follow, max-snippet:-1, max-image-preview:large, max-video-preview:-1\" \/>\n<link rel=\"canonical\" href=\"https:\/\/pluskata.pl\/www\/pl\/rejsy-2022\/\" \/>\n<meta property=\"og:locale\" content=\"pl_PL\" \/>\n<meta property=\"og:type\" content=\"article\" \/>\n<meta property=\"og:title\" content=\"Rejsy 2022 - Podr\u00f3\u017ce jachtem po \u015bwiecie\" \/>\n<meta property=\"og:description\" content=\"Czytaj dalej\/Continue reading\" \/>\n<meta property=\"og:url\" content=\"https:\/\/pluskata.pl\/www\/pl\/rejsy-2022\/\" \/>\n<meta property=\"og:site_name\" content=\"Podr\u00f3\u017ce jachtem po \u015bwiecie\" \/>\n<meta property=\"article:publisher\" content=\"https:\/\/www.facebook.com\/pluskata\" \/>\n<meta property=\"article:modified_time\" content=\"2023-02-06T15:54:29+00:00\" \/>\n<meta property=\"og:image\" content=\"https:\/\/pluskata.pl\/www\/wp-content\/uploads\/2022\/12\/Trasy-2022_14-1024x845.jpg\" \/>\n<meta name=\"twitter:card\" content=\"summary_large_image\" \/>\n<script type=\"application\/ld+json\" class=\"yoast-schema-graph\">{\"@context\":\"https:\\\/\\\/schema.org\",\"@graph\":[{\"@type\":\"WebPage\",\"@id\":\"https:\\\/\\\/pluskata.pl\\\/www\\\/pl\\\/rejsy-2022\\\/\",\"url\":\"https:\\\/\\\/pluskata.pl\\\/www\\\/pl\\\/rejsy-2022\\\/\",\"name\":\"Rejsy 2022 - Podr\u00f3\u017ce jachtem po \u015bwiecie\",\"isPartOf\":{\"@id\":\"https:\\\/\\\/pluskata.pl\\\/www\\\/#website\"},\"primaryImageOfPage\":{\"@id\":\"https:\\\/\\\/pluskata.pl\\\/www\\\/pl\\\/rejsy-2022\\\/#primaryimage\"},\"image\":{\"@id\":\"https:\\\/\\\/pluskata.pl\\\/www\\\/pl\\\/rejsy-2022\\\/#primaryimage\"},\"thumbnailUrl\":\"https:\\\/\\\/pluskata.pl\\\/www\\\/wp-content\\\/uploads\\\/2022\\\/12\\\/Trasy-2022_14-1024x845.jpg\",\"datePublished\":\"2022-05-07T17:22:29+00:00\",\"dateModified\":\"2023-02-06T15:54:29+00:00\",\"breadcrumb\":{\"@id\":\"https:\\\/\\\/pluskata.pl\\\/www\\\/pl\\\/rejsy-2022\\\/#breadcrumb\"},\"inLanguage\":\"pl-PL\",\"potentialAction\":[{\"@type\":\"ReadAction\",\"target\":[\"https:\\\/\\\/pluskata.pl\\\/www\\\/pl\\\/rejsy-2022\\\/\"]}]},{\"@type\":\"ImageObject\",\"inLanguage\":\"pl-PL\",\"@id\":\"https:\\\/\\\/pluskata.pl\\\/www\\\/pl\\\/rejsy-2022\\\/#primaryimage\",\"url\":\"https:\\\/\\\/pluskata.pl\\\/www\\\/wp-content\\\/uploads\\\/2022\\\/12\\\/Trasy-2022_14-scaled.jpg\",\"contentUrl\":\"https:\\\/\\\/pluskata.pl\\\/www\\\/wp-content\\\/uploads\\\/2022\\\/12\\\/Trasy-2022_14-scaled.jpg\",\"width\":2560,\"height\":2113,\"caption\":\"Trasy 2022\"},{\"@type\":\"BreadcrumbList\",\"@id\":\"https:\\\/\\\/pluskata.pl\\\/www\\\/pl\\\/rejsy-2022\\\/#breadcrumb\",\"itemListElement\":[{\"@type\":\"ListItem\",\"position\":1,\"name\":\"Strona g\u0142\u00f3wna\",\"item\":\"https:\\\/\\\/pluskata.pl\\\/www\\\/pl\\\/aktualnosci\\\/\"},{\"@type\":\"ListItem\",\"position\":2,\"name\":\"Rejsy 2022\"}]},{\"@type\":\"WebSite\",\"@id\":\"https:\\\/\\\/pluskata.pl\\\/www\\\/#website\",\"url\":\"https:\\\/\\\/pluskata.pl\\\/www\\\/\",\"name\":\"Podr\u00f3\u017ce jachtem po \u015bwiecie\",\"description\":\"Zapraszamy do wsp\u00f3lnego \u017ceglowania\",\"publisher\":{\"@id\":\"https:\\\/\\\/pluskata.pl\\\/www\\\/#\\\/schema\\\/person\\\/15daea66397efafeded8883b67482cc0\"},\"potentialAction\":[{\"@type\":\"SearchAction\",\"target\":{\"@type\":\"EntryPoint\",\"urlTemplate\":\"https:\\\/\\\/pluskata.pl\\\/www\\\/?s={search_term_string}\"},\"query-input\":{\"@type\":\"PropertyValueSpecification\",\"valueRequired\":true,\"valueName\":\"search_term_string\"}}],\"inLanguage\":\"pl-PL\"},{\"@type\":[\"Person\",\"Organization\"],\"@id\":\"https:\\\/\\\/pluskata.pl\\\/www\\\/#\\\/schema\\\/person\\\/15daea66397efafeded8883b67482cc0\",\"name\":\"Pluskata\",\"image\":{\"@type\":\"ImageObject\",\"inLanguage\":\"pl-PL\",\"@id\":\"https:\\\/\\\/pluskata.pl\\\/www\\\/wp-content\\\/uploads\\\/2020\\\/12\\\/cropped-Logo-Pluskata_512.png\",\"url\":\"https:\\\/\\\/pluskata.pl\\\/www\\\/wp-content\\\/uploads\\\/2020\\\/12\\\/cropped-Logo-Pluskata_512.png\",\"contentUrl\":\"https:\\\/\\\/pluskata.pl\\\/www\\\/wp-content\\\/uploads\\\/2020\\\/12\\\/cropped-Logo-Pluskata_512.png\",\"width\":512,\"height\":512,\"caption\":\"Pluskata\"},\"logo\":{\"@id\":\"https:\\\/\\\/pluskata.pl\\\/www\\\/wp-content\\\/uploads\\\/2020\\\/12\\\/cropped-Logo-Pluskata_512.png\"},\"sameAs\":[\"http:\\\/\\\/www.pluskata.pl\",\"https:\\\/\\\/www.facebook.com\\\/pluskata\"]}]}<\/script>\n<!-- \/ Yoast SEO plugin. -->","yoast_head_json":{"title":"Rejsy 2022 - Podr\u00f3\u017ce jachtem po \u015bwiecie","robots":{"index":"index","follow":"follow","max-snippet":"max-snippet:-1","max-image-preview":"max-image-preview:large","max-video-preview":"max-video-preview:-1"},"canonical":"https:\/\/pluskata.pl\/www\/pl\/rejsy-2022\/","og_locale":"pl_PL","og_type":"article","og_title":"Rejsy 2022 - Podr\u00f3\u017ce jachtem po \u015bwiecie","og_description":"Czytaj dalej\/Continue reading","og_url":"https:\/\/pluskata.pl\/www\/pl\/rejsy-2022\/","og_site_name":"Podr\u00f3\u017ce jachtem po \u015bwiecie","article_publisher":"https:\/\/www.facebook.com\/pluskata","article_modified_time":"2023-02-06T15:54:29+00:00","og_image":[{"url":"https:\/\/pluskata.pl\/www\/wp-content\/uploads\/2022\/12\/Trasy-2022_14-1024x845.jpg","type":"","width":"","height":""}],"twitter_card":"summary_large_image","schema":{"@context":"https:\/\/schema.org","@graph":[{"@type":"WebPage","@id":"https:\/\/pluskata.pl\/www\/pl\/rejsy-2022\/","url":"https:\/\/pluskata.pl\/www\/pl\/rejsy-2022\/","name":"Rejsy 2022 - Podr\u00f3\u017ce jachtem po \u015bwiecie","isPartOf":{"@id":"https:\/\/pluskata.pl\/www\/#website"},"primaryImageOfPage":{"@id":"https:\/\/pluskata.pl\/www\/pl\/rejsy-2022\/#primaryimage"},"image":{"@id":"https:\/\/pluskata.pl\/www\/pl\/rejsy-2022\/#primaryimage"},"thumbnailUrl":"https:\/\/pluskata.pl\/www\/wp-content\/uploads\/2022\/12\/Trasy-2022_14-1024x845.jpg","datePublished":"2022-05-07T17:22:29+00:00","dateModified":"2023-02-06T15:54:29+00:00","breadcrumb":{"@id":"https:\/\/pluskata.pl\/www\/pl\/rejsy-2022\/#breadcrumb"},"inLanguage":"pl-PL","potentialAction":[{"@type":"ReadAction","target":["https:\/\/pluskata.pl\/www\/pl\/rejsy-2022\/"]}]},{"@type":"ImageObject","inLanguage":"pl-PL","@id":"https:\/\/pluskata.pl\/www\/pl\/rejsy-2022\/#primaryimage","url":"https:\/\/pluskata.pl\/www\/wp-content\/uploads\/2022\/12\/Trasy-2022_14-scaled.jpg","contentUrl":"https:\/\/pluskata.pl\/www\/wp-content\/uploads\/2022\/12\/Trasy-2022_14-scaled.jpg","width":2560,"height":2113,"caption":"Trasy 2022"},{"@type":"BreadcrumbList","@id":"https:\/\/pluskata.pl\/www\/pl\/rejsy-2022\/#breadcrumb","itemListElement":[{"@type":"ListItem","position":1,"name":"Strona g\u0142\u00f3wna","item":"https:\/\/pluskata.pl\/www\/pl\/aktualnosci\/"},{"@type":"ListItem","position":2,"name":"Rejsy 2022"}]},{"@type":"WebSite","@id":"https:\/\/pluskata.pl\/www\/#website","url":"https:\/\/pluskata.pl\/www\/","name":"Podr\u00f3\u017ce jachtem po \u015bwiecie","description":"Zapraszamy do wsp\u00f3lnego \u017ceglowania","publisher":{"@id":"https:\/\/pluskata.pl\/www\/#\/schema\/person\/15daea66397efafeded8883b67482cc0"},"potentialAction":[{"@type":"SearchAction","target":{"@type":"EntryPoint","urlTemplate":"https:\/\/pluskata.pl\/www\/?s={search_term_string}"},"query-input":{"@type":"PropertyValueSpecification","valueRequired":true,"valueName":"search_term_string"}}],"inLanguage":"pl-PL"},{"@type":["Person","Organization"],"@id":"https:\/\/pluskata.pl\/www\/#\/schema\/person\/15daea66397efafeded8883b67482cc0","name":"Pluskata","image":{"@type":"ImageObject","inLanguage":"pl-PL","@id":"https:\/\/pluskata.pl\/www\/wp-content\/uploads\/2020\/12\/cropped-Logo-Pluskata_512.png","url":"https:\/\/pluskata.pl\/www\/wp-content\/uploads\/2020\/12\/cropped-Logo-Pluskata_512.png","contentUrl":"https:\/\/pluskata.pl\/www\/wp-content\/uploads\/2020\/12\/cropped-Logo-Pluskata_512.png","width":512,"height":512,"caption":"Pluskata"},"logo":{"@id":"https:\/\/pluskata.pl\/www\/wp-content\/uploads\/2020\/12\/cropped-Logo-Pluskata_512.png"},"sameAs":["http:\/\/www.pluskata.pl","https:\/\/www.facebook.com\/pluskata"]}]}},"_links":{"self":[{"href":"https:\/\/pluskata.pl\/www\/wp-json\/wp\/v2\/pages\/1605","targetHints":{"allow":["GET"]}}],"collection":[{"href":"https:\/\/pluskata.pl\/www\/wp-json\/wp\/v2\/pages"}],"about":[{"href":"https:\/\/pluskata.pl\/www\/wp-json\/wp\/v2\/types\/page"}],"author":[{"embeddable":true,"href":"https:\/\/pluskata.pl\/www\/wp-json\/wp\/v2\/users\/1"}],"replies":[{"embeddable":true,"href":"https:\/\/pluskata.pl\/www\/wp-json\/wp\/v2\/comments?post=1605"}],"version-history":[{"count":0,"href":"https:\/\/pluskata.pl\/www\/wp-json\/wp\/v2\/pages\/1605\/revisions"}],"wp:attachment":[{"href":"https:\/\/pluskata.pl\/www\/wp-json\/wp\/v2\/media?parent=1605"}],"curies":[{"name":"wp","href":"https:\/\/api.w.org\/{rel}","templated":true}]}}